{"id":989,"date":"2022-05-27T13:35:03","date_gmt":"2022-05-27T13:35:03","guid":{"rendered":"https:\/\/feelcaboverde.com\/?page_id=989"},"modified":"2023-04-13T19:28:09","modified_gmt":"2023-04-13T19:28:09","slug":"drones-em-cabo-verde","status":"publish","type":"page","link":"https:\/\/feelcaboverde.com\/it\/drones-em-cabo-verde\/","title":{"rendered":"Drones em Cabo Verde (regras e regulamentos)"},"content":{"rendered":"<div data-elementor-type=\"wp-page\" data-elementor-id=\"989\" class=\"elementor elementor-989\">\n\t\t\t\t\t\t\t\t\t<section data-particle_enable=\"false\" data-particle-mobile-disabled=\"false\" class=\"elementor-section elementor-top-section elementor-element elementor-element-43b54aea elementor-section-boxed elementor-section-height-default elementor-section-height-default\" data-id=\"43b54aea\" data-element_type=\"section\">\n\t\t\t\t\t\t<div class=\"elementor-container elementor-column-gap-default\">\n\t\t\t\t\t<div class=\"elementor-column elementor-col-100 elementor-top-column elementor-element elementor-element-6e42e8a5\" data-id=\"6e42e8a5\" data-element_type=\"column\">\n\t\t\t<div class=\"elementor-widget-wrap elementor-element-populated\">\n\t\t\t\t\t\t\t\t<div class=\"elementor-element elementor-element-56626ddb elementor-widget elementor-widget-text-editor\" data-id=\"56626ddb\" data-element_type=\"widget\" data-widget_type=\"text-editor.default\">\n\t\t\t\t<div class=\"elementor-widget-container\">\n\t\t\t<style>\/*! elementor - v3.7.1 - 14-08-2022 *\/\n.elementor-widget-text-editor.elementor-drop-cap-view-stacked .elementor-drop-cap{background-color:#818a91;color:#fff}.elementor-widget-text-editor.elementor-drop-cap-view-framed .elementor-drop-cap{color:#818a91;border:3px solid;background-color:transparent}.elementor-widget-text-editor:not(.elementor-drop-cap-view-default) .elementor-drop-cap{margin-top:8px}.elementor-widget-text-editor:not(.elementor-drop-cap-view-default) .elementor-drop-cap-letter{width:1em;height:1em}.elementor-widget-text-editor .elementor-drop-cap{float:left;text-align:center;line-height:1;font-size:50px}.elementor-widget-text-editor .elementor-drop-cap-letter{display:inline-block}<\/style>\t\t\t\t<h3>Drones em Cabo Verde<\/h3>\n<p><span style=\"color: var( --e-global-color-text ); font-family: var( --e-global-typography-text-font-family ), Sans-serif; font-weight: var( --e-global-typography-text-font-weight ); text-align: var(--text-align); font-size: 1rem;\">De acordo com a autoridade nacional&nbsp;<\/span><a style=\"font-family: var( --e-global-typography-text-font-family ), Sans-serif; font-weight: var( --e-global-typography-text-font-weight ); text-align: var(--text-align); font-size: 1rem; background-color: #ffffff;\" href=\"https:\/\/www.aac.cv\/artigos\/drones\" rel=\"nofollow noopener\" target=\"_blank\">Ag\u00eancia de Avia\u00e7\u00e3o Civil<\/a><span style=\"color: var( --e-global-color-text ); font-family: var( --e-global-typography-text-font-family ), Sans-serif; font-weight: var( --e-global-typography-text-font-weight ); text-align: var(--text-align); font-size: 1rem;\">&nbsp;(AAC), o<\/span>&nbsp;uso de drones em Cabo Verde \u00e9 legal, desde que respeitadas as seguintes regras<span style=\"color: var( --e-global-color-text ); font-family: var( --e-global-typography-text-font-family ), Sans-serif; font-weight: var( --e-global-typography-text-font-weight ); text-align: var(--text-align); font-size: 1rem;\">:<\/span><\/p>\n<ul>\n<li>O uso do drone ocorre fora das \u00e1reas sujeitas a restri\u00e7\u00f5es;<\/li>\n<li>A uma altitude igual ou inferior a 120 metros (400 p\u00e9s) acima da superf\u00edcie;<\/li>\n<li>O operador deve estar no local (dentro de 100 metros) e com controlo direto sobre o drone;<\/li>\n<li>Com boas condi\u00e7\u00f5es de visibilidade;<\/li>\n<li style=\"font-size: 16px;\">N\u00e3o \u00e9 permitida a opera\u00e7\u00e3o de drones a menos de 2.000 metros de qualquer <a href=\"https:\/\/feelcaboverde.com\/it\/aeroportos-de-cabo-verde\/\">aeroporto<\/a> ou zona de pouso, e nos trajetos de voo das aeronaves.<\/li>\n<\/ul>\n<div>&nbsp;<\/div>\n<div><span style=\"background-color: transparent; color: var( --e-global-color-text ); font-family: var( --e-global-typography-text-font-family ), Sans-serif; font-weight: var( --e-global-typography-text-font-weight ); text-align: var(--text-align);\">Caso pretenda voar acima de 120 metros ou em locais com restri\u00e7\u00f5es, deve baixar e preencher<\/span><span style=\"background-color: transparent; color: var( --e-global-color-text ); font-family: var( --e-global-typography-text-font-family ), Sans-serif; font-weight: var( --e-global-typography-text-font-weight ); text-align: var(--text-align);\">&nbsp;um formul\u00e1rio (<\/span><a style=\"font-family: var( --e-global-typography-text-font-family ), Sans-serif; font-weight: var( --e-global-typography-text-font-weight ); text-align: var(--text-align); font-size: 1rem; background-color: #ffffff;\" href=\"https:\/\/aac.cv\/documentos\/formulario-de-servidao-aeronautica\" target=\"_blank\" rel=\"nofollow noopener\">formul\u00e1rio de servid\u00e3o aeron\u00e1utica<\/a><span style=\"background-color: transparent; color: var( --e-global-color-text ); font-family: var( --e-global-typography-text-font-family ), Sans-serif; font-weight: var( --e-global-typography-text-font-weight ); text-align: var(--text-align); font-size: 1rem;\">) que deve ser enviado \u00e0 ag\u00eancia pelo menos 10 dias antes de iniciar as opera\u00e7\u00f5es.<\/span><\/div>\n<div>&nbsp;<\/div>\n<h3>Condi\u00e7\u00f5es adicionais para voos com drones em Cabo Verde<\/h3>\n<div>\n<ul>\n<li>O operador \u00e9 respons\u00e1vel pela opera\u00e7\u00e3o segura do drone, mantendo a dist\u00e2ncia de quaisquer aeronaves e propriedades.<\/li>\n<li><span style=\"background-color: transparent; color: var( --e-global-color-text ); font-family: var( --e-global-typography-text-font-family ), Sans-serif; font-weight: var( --e-global-typography-text-font-weight ); text-align: var(--text-align);\">O operador deve dar prioridade de passagem \u00e0s aeronaves e afastar-se das mesmas sempre que, por qualquer raz\u00e3o, as aeronaves estejam excecionalmente a voar a uma altitude pr\u00f3xima do drone.<\/span><\/li>\n<li>O piloto deve manter o seu drone sempre \u00e0 vista e com luzes de identifica\u00e7\u00e3o ligadas;<\/li>\n<li>Deve seguir as instru\u00e7\u00f5es do fabricante e garantir o bom estado do equipamento;<\/li>\n<li><span style=\"background-color: transparent; color: var( --e-global-color-text ); font-family: var( --e-global-typography-text-font-family ), Sans-serif; font-weight: var( --e-global-typography-text-font-weight ); text-align: var(--text-align);\">O piloto de drone \u00e9 respons\u00e1vel por cada voo realizado.<\/span><\/li>\n<\/ul>\n<div>&nbsp;<\/div>\n<div>Para mais informa\u00e7\u00f5es sobre o uso de drones no pa\u00eds, consulte a <a href=\"https:\/\/www.aac.cv\/artigos\/drones\" rel=\"nofollow noopener\" target=\"_blank\">p\u00e1gina oficial da Ag\u00eancia de Avia\u00e7\u00e3o Civil<\/a> ou contacte-a diretamente <span style=\"color: var( --e-global-color-text ); font-family: var( --e-global-typography-text-font-family ), Sans-serif; font-weight: var( --e-global-typography-text-font-weight ); text-align: var(--text-align); font-size: 1rem;\">atrav\u00e9s do email&nbsp;<\/span><u style=\"color: var( --e-global-color-text ); font-family: var( --e-global-typography-text-font-family ), Sans-serif; font-weight: var( --e-global-typography-text-font-weight ); text-align: var(--text-align); font-size: 1rem;\">info@aac.cv<\/u><span style=\"color: var( --e-global-color-text ); font-family: var( --e-global-typography-text-font-family ), Sans-serif; font-weight: var( --e-global-typography-text-font-weight ); text-align: var(--text-align); font-size: 1rem;\"> ou telefone&nbsp;+238 260 34 30.&nbsp;<\/span><\/div>\n<div>&nbsp;<\/div>\n<h3>Regras gerais de transporte de drones<\/h3>\n<div>Idealmente, todos os drones devem ser transportados na bagagem de m\u00e3o, considerando que o pre\u00e7o de drones \u00e9 elevado, e muitas vezes superior ao limete de reembolso das companhias a\u00e9reas por perda.&nbsp;<\/div>\n<div>&nbsp;<\/div>\n<div>De acordo com a <a href=\"https:\/\/www.icao.int\/secretariat\/legal\/Pages\/2019_Revised_Limits_of_Liability_Under_the_Montreal_Convention_1999.aspx\" rel=\"nofollow noopener\" target=\"_blank\">atualiza\u00e7\u00e3o da&nbsp;<\/a><span style=\"color: var( --e-global-color-text ); font-family: var( --e-global-typography-text-font-family ), Sans-serif; font-weight: var( --e-global-typography-text-font-weight ); text-align: var(--text-align); font-size: 1rem;\"><a href=\"https:\/\/www.icao.int\/secretariat\/legal\/Pages\/2019_Revised_Limits_of_Liability_Under_the_Montreal_Convention_1999.aspx\" rel=\"nofollow noopener\" target=\"_blank\">Conven\u00e7\u00e3o de Montreal<\/a>, as companhias a\u00e9reas s\u00e3o respons\u00e1veis por perdas de at\u00e9 cerca de 1288 d\u00f3lares (<\/span><span style=\"color: var( --e-global-color-text ); font-family: var( --e-global-typography-text-font-family ), Sans-serif; font-weight: var( --e-global-typography-text-font-weight ); text-align: var(--text-align); font-size: 1rem;\">US$), conhecido como&nbsp;<\/span><span style=\"text-align: var(--text-align);\">Direitos de Saque Especiais (DSE) ou&nbsp;<\/span><span style=\"text-align: var(--text-align);\">Special Drawing Rights (SDR).&nbsp;<\/span><span style=\"color: var( --e-global-color-text ); font-family: var( --e-global-typography-text-font-family ), Sans-serif; font-size: 1rem; font-weight: var( --e-global-typography-text-font-weight ); text-align: var(--text-align);\">Considerando que durante viagens internacionais, principalmente se tiver voos com conex\u00f5es, a bagagem pode ser perdida, extraviada e at\u00e9 roubada, evite despachar o seu drone na bagagem de por\u00e3o.&nbsp;<\/span><\/div>\n<div><span style=\"color: var( --e-global-color-text ); font-family: var( --e-global-typography-text-font-family ), Sans-serif; font-size: 1rem; font-weight: var( --e-global-typography-text-font-weight ); text-align: var(--text-align);\">&nbsp;<\/span><\/div>\n<div><span style=\"color: var( --e-global-color-text ); font-family: var( --e-global-typography-text-font-family ), Sans-serif; font-size: 1rem; font-weight: var( --e-global-typography-text-font-weight ); text-align: var(--text-align);\">Se n\u00e3o puder trazer o drone na bagagem de m\u00e3o, e&nbsp; principalmente se o mesmo valer mais que&nbsp;<\/span><span style=\"color: var( --e-global-color-text ); font-family: var( --e-global-typography-text-font-family ), Sans-serif; font-weight: var( --e-global-typography-text-font-weight ); text-align: var(--text-align); font-size: 1rem;\">1288 d\u00f3lares (o valor aproximado de DSE m\u00e1ximo que as companhias a\u00e9reas t\u00eam responsabilidade de pagar em caso de perdas), considere<\/span><span style=\"color: var( --e-global-color-text ); font-family: var( --e-global-typography-text-font-family ), Sans-serif; font-size: 1rem; font-weight: var( --e-global-typography-text-font-weight ); text-align: var(--text-align);\">&nbsp;o envio por empresas como&nbsp;<\/span><span style=\"color: var( --e-global-color-text ); font-family: var( --e-global-typography-text-font-family ), Sans-serif; font-weight: var( --e-global-typography-text-font-weight ); text-align: var(--text-align); font-size: 1rem;\">Fedex,&nbsp;<\/span><span style=\"color: var( --e-global-color-text ); font-family: var( --e-global-typography-text-font-family ), Sans-serif; font-size: 1rem; font-weight: var( --e-global-typography-text-font-weight ); text-align: var(--text-align);\">DHL ou UPS. Conv\u00e9m ainda que o envio tenha seguro para danos ou perda.<\/span><\/div>\n<div>&nbsp;<\/div>\n<div>\n<div>As baterias de drones devem ser transportadas de acordo com as regulamenta\u00e7\u00f5es da IATA (Associa\u00e7\u00e3o Internacional de Transporte A\u00e9reo) e das companhias a\u00e9reas. Geralmente, as baterias de l\u00edtio dos drones s\u00e3o consideradas baterias de \u00edon de l\u00edtio, que s\u00e3o consideradas perigosas e precisam ser manuseadas com cuidado.<\/div>\n<div>&nbsp;<\/div>\n<div>As baterias de drones devem ser transportadas na bagagem de m\u00e3o e nunca na bagagem despachada, s\u00e3o consideradas &#8220;mercadorias perigosas&#8221; pelas companhias a\u00e9reas e as regras de seguran\u00e7a s\u00e3o extremamente rigorosas para evitar poss\u00edveis riscos de inc\u00eandio. Elas devem ser removidas do drone e armazenadas em embalagens individuais que protejam os terminais das baterias contra curto-circuito, como por exemplo essa <a href=\"https:\/\/www.amazon.com\/dp\/B07BPFHGHZ\/ref=as_li_ss_tl?_encoding=UTF8&amp;me=&amp;linkCode=sl1&amp;tag=uavsystemsint-20&amp;linkId=6d07065a0e4fb8c27f714c64f61ee112\" rel=\"nofollow noopener\" target=\"_blank\">Bolsa para Bateria Lipo<\/a>.<\/div>\n<div>&nbsp;<\/div>\n<div>Al\u00e9m disso, as baterias de drones devem ter uma carga de energia limitada a 30% a 50% de sua capacidade total, pois as baterias completamente carregadas ou descarregadas podem causar problemas de seguran\u00e7a. \u00c9 importante verificar as regulamenta\u00e7\u00f5es espec\u00edficas da companhia a\u00e9rea e da IATA antes de viajar com um drone e suas baterias.&nbsp;<\/div>\n<div>&nbsp;<\/div>\n<h3>Transporte de drones em Cabo Verde<\/h3>\n<div>Ap\u00f3s pesquisa e contacto com a companhia a\u00e9rea operando atualmente em Cabo Verde, n\u00e3o encontramos nenhuma regula\u00e7\u00e3o espec\u00edfica em rela\u00e7\u00e3o ao transporte de drones em Cabo Verde.<\/div>\n<div>&nbsp;<\/div>\n<div>Da nossa experi\u00eancia pessoal, quando viajamos de avi\u00e3o entre as ilhas, sempre levamos os drones em bagagem de m\u00e3o. Para os equipamentos volumosos que n\u00e3o caibam no compartimento de bagagem de m\u00e3os, normalmente fazemos um pedido de transporte de bagagem de m\u00e3o volumosa<span style=\"color: var( --e-global-color-text ); font-family: var( --e-global-typography-text-font-family ), Sans-serif; font-weight: var( --e-global-typography-text-font-weight ); text-align: var(--text-align); font-size: 1rem;\">&nbsp;<\/span><span style=\"color: var( --e-global-color-text ); font-family: var( --e-global-typography-text-font-family ), Sans-serif; font-weight: var( --e-global-typography-text-font-weight ); text-align: var(--text-align); font-size: 1rem;\">durante o checkin<\/span><span style=\"color: var( --e-global-color-text ); font-family: var( --e-global-typography-text-font-family ), Sans-serif; font-weight: var( --e-global-typography-text-font-weight ); text-align: var(--text-align); font-size: 1rem;\">. Nesse caso, \u00e9 colocado uma etiqueta especial na bagagem e voc\u00ea deve entreg\u00e1-la \u00e0 tripula\u00e7\u00e3o de cabine que a colocar\u00e1 em um local espec\u00edfico.&nbsp;<\/span><\/div>\n<div><span style=\"color: var( --e-global-color-text ); font-family: var( --e-global-typography-text-font-family ), Sans-serif; font-weight: var( --e-global-typography-text-font-weight ); text-align: var(--text-align); font-size: 1rem;\">&nbsp;<\/span><\/div>\n<div><span style=\"color: var( --e-global-color-text ); font-family: var( --e-global-typography-text-font-family ), Sans-serif; font-weight: var( --e-global-typography-text-font-weight ); text-align: var(--text-align); font-size: 1rem;\">Tenha em aten\u00e7\u00e3o que ainda assim o volume do seu equipamento pode ser maior ao permitido para transporte na cabine, pelo que deve sempre contactar a companhia antes de viajar, se tiver d\u00favidas. Pode contactar a Best Fly Cabo Verde atrav\u00e9s do email&nbsp;<\/span><span style=\"color: var( --e-global-color-text ); font-family: var( --e-global-typography-text-font-family ), Sans-serif; font-weight: var( --e-global-typography-text-font-weight ); text-align: var(--text-align); font-size: 1rem;\"><u>commercial@cvconnectservices.com<\/u>, telefone&nbsp;<\/span><span style=\"color: var( --e-global-color-text ); font-family: var( --e-global-typography-text-font-family ), Sans-serif; font-weight: var( --e-global-typography-text-font-weight ); text-align: var(--text-align); font-size: 1rem;\">&nbsp;+238 350 05 60 (se estiver ligando de Cabo Verde) ou<\/span><span style=\"color: var( --e-global-color-text ); font-family: var( --e-global-typography-text-font-family ), Sans-serif; font-weight: var( --e-global-typography-text-font-weight ); text-align: var(--text-align); font-size: 1rem;\">&nbsp;+351 295 401 517&nbsp;<\/span><span style=\"color: var( --e-global-color-text ); font-family: var( --e-global-typography-text-font-family ), Sans-serif; font-weight: var( --e-global-typography-text-font-weight ); text-align: var(--text-align); font-size: 1rem;\">(se estiver ligando de Portugal).<\/span><\/div>\n<div><span style=\"color: var( --e-global-color-text ); font-family: var( --e-global-typography-text-font-family ), Sans-serif; font-weight: var( --e-global-typography-text-font-weight ); text-align: var(--text-align); font-size: 1rem;\">&nbsp;<\/span><\/div>\n<div><span style=\"color: var( --e-global-color-text ); font-family: var( --e-global-typography-text-font-family ), Sans-serif; font-weight: var( --e-global-typography-text-font-weight ); text-align: var(--text-align); font-size: 1rem;\">Para viagens de barco, n\u00f3s sempre colocamos os nossos equipamentos por perto e n\u00e3o no local de bagagens gerais, para evitar extravio ou perda. Para informa\u00e7\u00f5es sobre rotas de barco e regula\u00e7\u00f5es, pode contactar a companhia <a href=\"https:\/\/www.cvinterilhas.cv\/home\" rel=\"nofollow noopener\" target=\"_blank\">Cabo Verde Interilhas<\/a> atrav\u00e9s do email&nbsp;<\/span><span style=\"text-align: var(--text-align);\"><u>info@cvinterilhas.cv<\/u> ou telefone&nbsp;<\/span><span style=\"text-align: var(--text-align);\">+238 350 0330.&nbsp;<\/span><\/div>\n<div style=\"color: var( --e-global-color-text ); font-family: var( --e-global-typography-text-font-family ), Sans-serif; font-size: 1rem; font-weight: var( --e-global-typography-text-font-weight );\">&nbsp;<\/div>\n<h3 style=\"color: var( --e-global-color-text ); font-family: var( --e-global-typography-text-font-family ), Sans-serif; font-size: 1rem;\"><b>Conclus\u00e3o<\/b><span style=\"font-weight: var( --e-global-typography-text-font-weight );\">&nbsp;<\/span><\/h3>\n<div>Em suma, o uso de drones em Cabo Verde \u00e9 uma atividade emocionante e repleta de possibilidades, mas \u00e9 importante que os operadores estejam cientes das regras e regulamentos locais para garantir a seguran\u00e7a e evitar problemas. Al\u00e9m disso, \u00e9 importante respeitar as contraindica\u00e7\u00f5es de voos com drone, como voar em \u00e1reas restritas ou em condi\u00e7\u00f5es clim\u00e1ticas adversas. Se voc\u00ea estiver planejando viajar com seu drone, lembre-se de seguir as regras de transporte de baterias e equipamentos. Para obter mais informa\u00e7\u00f5es sobre a regulamenta\u00e7\u00e3o de drones em Cabo Verde, entre em contato com a Ag\u00eancia de Avia\u00e7\u00e3o Civil ou com outras autoridades locais relevantes.&nbsp;<\/div>\n<div>&nbsp;<\/div>\n<div>&nbsp;<\/div>\n<div>Aqui algumas imagens de v\u00eddeo filmadas com drone pelo nosso colaborador Daf Spencer.<\/div>\n<div>&nbsp;<\/div>\n<div>&nbsp;<\/div>\n<p><\/p>\n<\/div>\n<div>&nbsp;<i><u>Disclaimer<\/u><\/i>: as informa\u00e7\u00f5es contidas nessa p\u00e1gina resultam de extensa pesquisa e de nossa experi\u00eancia pessoal. Entretanto, os regulamentos podem ser s\u00e3o atualizados pelas entidades, e \u00e9 responsabilidade do viajante certificar-se das atualiza\u00e7\u00f5es junto as devidas institui\u00e7\u00f5es.&nbsp;&nbsp;<\/div>\n<\/div>\t\t\t\t\t\t<\/div>\n\t\t\t\t<\/div>\n\t\t\t\t\t<\/div>\n\t\t<\/div>\n\t\t\t\t\t\t\t<\/div>\n\t\t<\/section>\n\t\t\t\t\t\t\t<\/div>","protected":false},"excerpt":{"rendered":"<p>Drones em Cabo Verde (regras e regulamentos) De acordo com a autoridade nacional\u00a0Ag\u00eancia de Avia\u00e7\u00e3o Civil\u00a0(AAC), o\u00a0uso de drones em Cabo Verde \u00e9 legal, desde que respeitadas as seguintes regras: O uso do drone ocorre fora das \u00e1reas sujeitas a restri\u00e7\u00f5es; A uma altitude igual ou inferior a 120 metros (400 p\u00e9s) acima da superf\u00edcie; [&hellip;]<\/p>","protected":false},"author":1,"featured_media":0,"parent":0,"menu_order":0,"comment_status":"closed","ping_status":"closed","template":"","meta":{"footnotes":""},"categories":[],"tags":[],"class_list":["post-989","page","type-page","status-publish","hentry"],"_links":{"self":[{"href":"https:\/\/feelcaboverde.com\/it\/wp-json\/wp\/v2\/pages\/989","targetHints":{"allow":["GET"]}}],"collection":[{"href":"https:\/\/feelcaboverde.com\/it\/wp-json\/wp\/v2\/pages"}],"about":[{"href":"https:\/\/feelcaboverde.com\/it\/wp-json\/wp\/v2\/types\/page"}],"author":[{"embeddable":true,"href":"https:\/\/feelcaboverde.com\/it\/wp-json\/wp\/v2\/users\/1"}],"replies":[{"embeddable":true,"href":"https:\/\/feelcaboverde.com\/it\/wp-json\/wp\/v2\/comments?post=989"}],"version-history":[{"count":60,"href":"https:\/\/feelcaboverde.com\/it\/wp-json\/wp\/v2\/pages\/989\/revisions"}],"predecessor-version":[{"id":4814,"href":"https:\/\/feelcaboverde.com\/it\/wp-json\/wp\/v2\/pages\/989\/revisions\/4814"}],"wp:attachment":[{"href":"https:\/\/feelcaboverde.com\/it\/wp-json\/wp\/v2\/media?parent=989"}],"wp:term":[{"taxonomy":"category","embeddable":true,"href":"https:\/\/feelcaboverde.com\/it\/wp-json\/wp\/v2\/categories?post=989"},{"taxonomy":"post_tag","embeddable":true,"href":"https:\/\/feelcaboverde.com\/it\/wp-json\/wp\/v2\/tags?post=989"}],"curies":[{"name":"wp","href":"https:\/\/api.w.org\/{rel}","templated":true}]}}