{"id":285,"date":"2021-08-17T01:04:14","date_gmt":"2021-08-17T01:04:14","guid":{"rendered":"https:\/\/feelcaboverde.com\/?page_id=285"},"modified":"2023-04-13T19:19:37","modified_gmt":"2023-04-13T19:19:37","slug":"historia-de-cabo-verde","status":"publish","type":"page","link":"https:\/\/feelcaboverde.com\/it\/historia-de-cabo-verde\/","title":{"rendered":"Hist\u00f3ria de Cabo Verde"},"content":{"rendered":"<div data-elementor-type=\"wp-page\" data-elementor-id=\"285\" class=\"elementor elementor-285\">\n\t\t\t\t\t\t\t<div class=\"elementor-element elementor-element-5828926 e-container--column e-container\" data-id=\"5828926\" data-element_type=\"container\">\t\t\t\t<div class=\"elementor-element elementor-element-507114b elementor-widget elementor-widget-heading\" data-id=\"507114b\" data-element_type=\"widget\" data-widget_type=\"heading.default\">\n\t\t\t\t<div class=\"elementor-widget-container\">\n\t\t\t<style>\/*! elementor - v3.7.1 - 14-08-2022 *\/\n.elementor-heading-title{padding:0;margin:0;line-height:1}.elementor-widget-heading .elementor-heading-title[class*=elementor-size-]>a{color:inherit;font-size:inherit;line-height:inherit}.elementor-widget-heading .elementor-heading-title.elementor-size-small{font-size:15px}.elementor-widget-heading .elementor-heading-title.elementor-size-medium{font-size:19px}.elementor-widget-heading .elementor-heading-title.elementor-size-large{font-size:29px}.elementor-widget-heading .elementor-heading-title.elementor-size-xl{font-size:39px}.elementor-widget-heading .elementor-heading-title.elementor-size-xxl{font-size:59px}<\/style><h2 class=\"elementor-heading-title elementor-size-xl\">Marcos hist\u00f3ricos de Cabo Verde <\/h2>\t\t<\/div>\n\t\t\t\t<\/div>\n\t\t\t\t<div class=\"elementor-element elementor-element-cb008b8 elementor-widget elementor-widget-text-editor\" data-id=\"cb008b8\" data-element_type=\"widget\" data-widget_type=\"text-editor.default\">\n\t\t\t\t<div class=\"elementor-widget-container\">\n\t\t\t<style>\/*! elementor - v3.7.1 - 14-08-2022 *\/\n.elementor-widget-text-editor.elementor-drop-cap-view-stacked .elementor-drop-cap{background-color:#818a91;color:#fff}.elementor-widget-text-editor.elementor-drop-cap-view-framed .elementor-drop-cap{color:#818a91;border:3px solid;background-color:transparent}.elementor-widget-text-editor:not(.elementor-drop-cap-view-default) .elementor-drop-cap{margin-top:8px}.elementor-widget-text-editor:not(.elementor-drop-cap-view-default) .elementor-drop-cap-letter{width:1em;height:1em}.elementor-widget-text-editor .elementor-drop-cap{float:left;text-align:center;line-height:1;font-size:50px}.elementor-widget-text-editor .elementor-drop-cap-letter{display:inline-block}<\/style>\t\t\t\t<h3>Cabo Verde da descoberta \u00e0 independ\u00eancia<\/h3><ul><li><strong>1460<\/strong>: as ilhas de Cabo Verde foram <a href=\"https:\/\/www.governo.cv\/o-arquipelago\/historia\/\" rel=\"nofollow noopener\" target=\"_blank\">descobertas<\/a> por navegadores portugueses.<\/li><li><strong>1462<\/strong>: inicia-se o povoamento de Cabo Verde, sendo <a href=\"https:\/\/feelcaboverde.com\/it\/cidade-velha\/\">Santiago<\/a> a primeira ilha a ser povoada.<\/li><li><strong>1869<\/strong>: aboli\u00e7\u00e3o da escravatura em todos os territ\u00f3rios portugueses, incluindo Cabo Verde.<\/li><li><strong>1956, 19 de setembro<\/strong>: Am\u00edlcar Cabral co-funda o <a href=\"https:\/\/www.tchiweka.org\/documento-textual\/0016000054\" rel=\"nofollow noopener\" target=\"_blank\">Partido Africano da Independ\u00eancia<\/a> (PAI), posteriormente designado Partido Africano para a Independ\u00eancia da Guin\u00e9 e Cabo Verde (PAIGC), lutando contra o colonialismo e iniciando o caminho para a independ\u00eancia.<\/li><li><strong>1962, mar\u00e7o<\/strong>: in\u00edcio da <a href=\"https:\/\/paigc.gw\/historia\/\" rel=\"nofollow noopener\" target=\"_blank\">luta armada na Guin\u00e9 Bissau<\/a> contra a ocupa\u00e7\u00e3o portuguesa, com cabo-verdianos se juntando \u00e0 luta.<\/li><li><strong>1973, 20 de janeiro<\/strong>: Am\u00edlcar Cabral \u00e9 assassinado em Conacri <a href=\"https:\/\/muse.jhu.edu\/article\/17219\" rel=\"nofollow noopener\" target=\"_blank\">por membros do PAIGC<\/a> em alegada conspira\u00e7\u00e3o armada pelos servi\u00e7os secretos portugueses.<\/li><li><strong>1974, 19 de dezembro<\/strong>: assinado um acordo entre o PAIGC e Portugal, instaurando-se um <a href=\"https:\/\/www.governo.cv\/o-arquipelago\/historia\/\" rel=\"nofollow noopener\" target=\"_blank\">governo<\/a> de transi\u00e7\u00e3o em Cabo Verde.<\/li><li><b>1975, 30 de junho<\/b><span style=\"font-weight: 400;\">: elegeu-se a <\/span><a href=\"https:\/\/portais.parlamento.cv\/historia-an\/1974-VIIILegislatura.php\" rel=\"nofollow noopener\" target=\"_blank\"><span style=\"font-weight: 400;\">Assembleia Nacional Popular<\/span><\/a><span style=\"font-weight: 400;\"> (ANP), constitu\u00edda por 56 deputados. <\/span><\/li><\/ul><h3>\u00a0<\/h3><h3>Cabo Verde no P\u00f3s-independ\u00eancia<\/h3><ul><li><strong>1975, 5 de julho<\/strong>: Cabo Verde torna-se um estado independente. A <a href=\"https:\/\/portais.parlamento.cv\/constituicao\/historia.php\" rel=\"nofollow noopener\" target=\"_blank\">proclama\u00e7\u00e3o solene da Independ\u00eancia<\/a> de Cabo Verde acontece a 5\/07\/1975.<\/li><li><strong>1975, 5 de julho<\/strong>: Aristides Pereira \u00e9 eleito como primeiro Presidente da Rep\u00fablica e Pedro Pires como primeiro chefe de Governo do pa\u00eds, no regime ent\u00e3o unipartid\u00e1rio. Aristides Pereira viria a ser reeleito presidente em 1981 e 1986.<\/li><li><strong>1977, 16 de mar\u00e7o<\/strong>: Cabo Verde adere \u00e0 Comunidade Econ\u00f3mica dos Estados da \u00c1frica Ocidental (<a href=\"https:\/\/ecowas.int\/sobre-a-cedeao\/?lang=pt-pt#:~:text=Cabo%20Verde%20aderiu%20%C3%A0%20uni%C3%A3o,ades%C3%A3o%20em%20agosto%20de%202017.\" rel=\"nofollow noopener\" target=\"_blank\">CEDEAO<\/a>).<\/li><li><strong>1980, 5 de setembro<\/strong>: aprova\u00e7\u00e3o da <a href=\"https:\/\/portais.parlamento.cv\/constituicao\/arquivos\/CRCVConstitui%C3%A7%C3%A3o%20da%20Rep%C3%BAblica%20de%20Cabo%20Verde.pdf\" rel=\"nofollow noopener\" target=\"_blank\">primeira Constitui\u00e7\u00e3o da Rep\u00fablica de Cabo Verde<\/a>.\u00a0<\/li><li><p><b>1980, 14 de novembro:<\/b><span style=\"font-weight: 400;\"> golpe militar na Guin\u00e9-Bissau, liderado pelo ent\u00e3o primeiro-ministro Jo\u00e3o Bernardo Vieira. Cabo Verde abandona planos de unidade com a Guin\u00e9-Bissau.<\/span><\/p><\/li><li><p><b style=\"background-color: transparent; color: var( --e-global-color-text ); font-family: var( --e-global-typography-text-font-family ), Sans-serif;\">1981<\/b><span style=\"background-color: transparent; color: var( --e-global-color-text ); font-family: var( --e-global-typography-text-font-family ), Sans-serif;\">: o PAIGC \u00e9 substitu\u00eddo pelo Partido Africano para a Independ\u00eancia de Cabo Verde (PAICV), que se torna o \u00fanico partido do pa\u00eds.<\/span><\/p><\/li><li><strong>1981<\/strong>: o PAIGC \u00e9 substitu\u00eddo pelo Partido Africano para a Independ\u00eancia de Cabo Verde (PAICV), que se torna o \u00fanico partido do pa\u00eds.<\/li><li><b>1990, 25 de janeiro<\/b><span style=\"font-weight: 400;\">: o Papa Jo\u00e3o Paulo II visitou Cabo Verde, iniciando na ilha do Sal e seguindo para as ilhas de Santiago e S\u00e3o Vicente, pela primeira vez na hist\u00f3ria do pa\u00eds. <\/span><\/li><li><strong>1990, 28 de setembro<\/strong>: revis\u00e3o da Constitui\u00e7\u00e3o e consagra\u00e7\u00e3o da transi\u00e7\u00e3o constitucional, determinando o fim do regime de partido \u00fanico, e instituindo o princ\u00edpio de separa\u00e7\u00e3o e interdepend\u00eancia dos poderes.<\/li><li><strong>1991, 13 de janeiro<\/strong>: decorrem as primeiras elei\u00e7\u00f5es multipartid\u00e1rias livres em Cabo Verde e o MpD liderado por Carlos Veiga venceu com cerca de <a href=\"https:\/\/expressodasilhas.cv\/politica\/2021\/10\/09\/as-sete-eleicoes-presidenciais-de-cabo-verde\/76944\" rel=\"nofollow noopener\" target=\"_blank\">70% dos votos<\/a>.<\/li><li><strong>1991, 17 de fevereiro<\/strong>: Ant\u00f3nio Mascarenhas Monteiro, apoiado pelo MpD, vence e torna-se o primeiro Presidente da Rep\u00fablica de Cabo Verde eleito em elei\u00e7\u00f5es multipartid\u00e1rias.<\/li><li><strong>1992, 4 de setembro<\/strong>: <span style=\"font-weight: 400;\">promulgada a nova Constitui\u00e7\u00e3o da Rep\u00fablica, com mudan\u00e7as significativas como a substitui\u00e7\u00e3o de <a href=\"https:\/\/feelcaboverde.com\/it\/simbolos-nacionais-de-cabo-verde\/\">s\u00edmbolos nacionais<\/a>, a redu\u00e7\u00e3o dos poderes do Presidente da Rep\u00fablica, e o princ\u00edpio de separa\u00e7\u00e3o e interdepend\u00eancia dos poderes legislativo, executivo e judicial. A nova Constitui\u00e7\u00e3o da Rep\u00fablica entrou em vigor a 25 de Setembro do mesmo ano.<\/span><\/li><li><strong>1995, 2 de abril<\/strong>: erup\u00e7\u00e3o do vulc\u00e3o do Fogo, com dura\u00e7\u00e3o de cerca de um m\u00eas, destruindo centenas de casas e de culturas.<\/li><li><strong>1996, 18 de fevereiro<\/strong>: Ant\u00f3nio Mascarenhas Monteiro \u00e9 o \u00fanico candidato e \u00e9 reeleito presidente da rep\u00fablica em vota\u00e7\u00e3o n\u00e3o competitiva: apenas as op\u00e7\u00f5es \u201cA Favor\u201d e \u201cContra\u201d. Nas elei\u00e7\u00f5es parlamentares do mesmo ano, vence o Movimento para a Democracia (MPD), que conquista a maioria dos lugares.<\/li><li><strong>1996, 17 de julho<\/strong>: criada a <a href=\"https:\/\/www.cplp.org\/Default.aspx?ID=3869\" rel=\"nofollow noopener\" target=\"_blank\">Comunidade dos Pa\u00edses de L\u00edngua Portuguesa<\/a> (CPLP), a qual Cabo Verde integra.<\/li><\/ul><h3>\u00a0<\/h3><h3>Cabo Verde no Novo Mil\u00e9nio<\/h3><ul><li><strong>2001, 25 de fevereiro<\/strong>: Pedro Pires \u00e9 eleito Presidente da Rep\u00fablica pelo Partido Africano para a Independ\u00eancia de Cabo Verde (PAICV), abrindo caminho para o retorno do partido ao poder.<\/li><li><strong>2006, 22 de janeiro<\/strong>: o PAICV, liderado pelo primeiro-ministro Jos\u00e9 Maria das Neves, venceu as elei\u00e7\u00f5es legislativas.<\/li><li><b>2006, 12 de fevereiro<\/b>: Pedro Pires \u00e9 reeleito Presidente da Rep\u00fablica em disputa contra Carlos Veiga do MPD.<\/li><li><strong>2007,18 de dezembro<\/strong>: o <a href=\"https:\/\/www.wto.org\/english\/thewto_e\/acc_e\/a1_capvert_e.htm\" rel=\"nofollow noopener\" target=\"_blank\">Conselho Geral<\/a> da Organiza\u00e7\u00e3o Mundial do Com\u00e9rcio (OMC) aprova a ades\u00e3o de Cabo Verde \u00e0 organiza\u00e7\u00e3o.<\/li><li><strong>2007, 21 de dezembro<\/strong>: Cabo Verde deixa a lista dos Pa\u00edses menos Desenvolvidos ap\u00f3s atender aos tr\u00eas crit\u00e9rios para eleva\u00e7\u00e3o \u00e0 categoria de Pa\u00eds de Desenvolvimento M\u00e9dio: PIB per capita; \u00edndice de desenvolvimento humano (IDH) e \u00cdndice de Vulnerabilidade Econ\u00f3mica (IVE).<\/li><li><strong>2008, 1 de janeiro<\/strong>: Cabo Verde passa oficialmente a integrar a lista de Pa\u00edses de Desenvolvimento M\u00e9dio, tornando-se apenas o segundo pa\u00eds na hist\u00f3ria a graduar-se da categoria de Pa\u00eds Menos desenvolvido, ap\u00f3s a Botswana em 1994.<\/li><li><strong>2008, 23 de julho<\/strong>: Cabo Verde tornou-se o <a href=\"https:\/\/www.wto.org\/english\/thewto_e\/countries_e\/cape_verde_e.htm\" rel=\"nofollow noopener\" target=\"_blank\">153\u00ba Estado<\/a> membro da Organiza\u00e7\u00e3o Mundial do Com\u00e9rcio.<\/li><li>2011, 6 de fevereiro: PAICV vence as elei\u00e7\u00f5es parlamentares e o l\u00edder do partido, Jos\u00e9 Maria Neves, consagra-se o Primeiro Ministro do pa\u00eds.<\/li><li><strong>2009<\/strong>: a Cidade Velha, antiga Ribeira Grande de Santiago e primeira de Cabo Verde, \u00e9 reconhecida como Patrim\u00f3nio Mundial da UNESCO.<\/li><li><b>2011, 6 de fevereiro<\/b><span style=\"font-weight: 400;\">: PAICV vence as <\/span><a href=\"https:\/\/pt.wikipedia.org\/wiki\/Elei%C3%A7%C3%B5es_parlamentares_de_Cabo_Verde_de_2011\" rel=\"nofollow noopener\" target=\"_blank\"><span style=\"font-weight: 400;\">elei\u00e7\u00f5es parlamentares<\/span><\/a><span style=\"font-weight: 400;\"> e o l\u00edder do partido, Jos\u00e9 Maria Neves, consagra-se o Primeiro Ministro do pa\u00eds.<\/span><\/li><li><strong style=\"color: var( --e-global-color-text ); font-family: var( --e-global-typography-text-font-family ), Sans-serif; font-size: 1rem;\">2011, 22 de agosto<\/strong><span style=\"color: var( --e-global-color-text ); font-family: var( --e-global-typography-text-font-family ), Sans-serif; font-weight: var( --e-global-typography-text-font-weight ); font-size: 1rem;\">: Jorge Carlos Fonseca, do MpD, \u00e9 eleito Presidente da Rep\u00fablica<\/span><\/li><li><strong>2011, 17 de dezembro<\/strong>: morre Ces\u00e1ria \u00c9vora, cantora cabo-verdiana de grande expoente. Declarados dois dias de luto em homenagem \u00e0 rainha da morna cabo-verdiana.<\/li><li><b>2013, 24 de outubro<\/b><b>: <\/b><span style=\"font-weight: 400;\">Cabo Verde solicita \u00e0 <\/span><a href=\"https:\/\/www.un.org\/en\/about-us\/member-states\/cabo-verde\" rel=\"nofollow noopener\" target=\"_blank\"><span style=\"font-weight: 400;\">Organiza\u00e7\u00e3o das Na\u00e7\u00f5es Unidas<\/span><\/a><span style=\"font-weight: 400;\"> que o seu nome n\u00e3o seja traduzido para \u201cCape Verde\u201d, mantendo o nome oficial em portugu\u00eas.<\/span><\/li><li><strong>2014, 23 de novembro<\/strong>: o vulc\u00e3o do Fogo entra em erup\u00e7\u00e3o ap\u00f3s 19 anos adormecido, provocando grande destrui\u00e7\u00e3o material. A atividade vulc\u00e2nica cessou a 8 de fevereiro, depois de ocorridos <a href=\"https:\/\/periodicoseletronicos.ufma.br\/index.php\/rpcsoc\/article\/view\/5140\" rel=\"nofollow noopener\" target=\"_blank\">77 dias de erup\u00e7\u00e3o<\/a>, com a destrui\u00e7\u00e3o das localidades de Portela, Bangaeira e Ilh\u00e9u de Losna.<\/li><li><strong>2016, 2 de outubro<\/strong>: Jorge Carlos Fonseca, do MPD, \u00e9 reeleito Presidente da Rep\u00fablica<\/li><li><strong>2016, 20 de Mar\u00e7o<\/strong>: Movimento para a Democracia (MpD) vence as elei\u00e7\u00f5es parlamentares, o l\u00edder Ulisses Correia e Silva torna-se Primeiro Ministro de Cabo Verde.<\/li><li><p><b>2020, 28 de mar\u00e7o<\/b><span style=\"font-weight: 400;\">: o presidente da rep\u00fablica Jorge Carlos Fonseca declara estado de emerg\u00eancia em Cabo Verde devido \u00e0 epidemia do coronav\u00edrus.\u00a0<\/span><\/p><\/li><li><strong>2021, 18 de abril<\/strong>: o MpD, liderado por Ulisses Correia e Silva, vence as elei\u00e7\u00f5es parlamentares e esse permanece como Primeiro Ministro.<\/li><li><strong>2021, 17 de outubro<\/strong>: Jos\u00e9 Maria Neves do PAICV \u00e9 Presidente da Rep\u00fablica na primeira volta, com 51% dos votos.<\/li><\/ul><div>\u00a0<\/div><div>\u00a0<\/div>\t\t\t\t\t\t<\/div>\n\t\t\t\t<\/div>\n\t\t\t\t<div class=\"elementor-element elementor-element-e703389 elementor-widget elementor-widget-heading\" data-id=\"e703389\" data-element_type=\"widget\" data-widget_type=\"heading.default\">\n\t\t\t\t<div class=\"elementor-widget-container\">\n\t\t\t<h2 class=\"elementor-heading-title elementor-size-default\">Hist\u00f3ria de Cabo Verde pelas Eras<\/h2>\t\t<\/div>\n\t\t\t\t<\/div>\n\t\t\t\t<div class=\"elementor-element elementor-element-b02be05 elementor-widget elementor-widget-text-editor\" data-id=\"b02be05\" data-element_type=\"widget\" data-widget_type=\"text-editor.default\">\n\t\t\t\t<div class=\"elementor-widget-container\">\n\t\t\t\t\t\t\t<h3>O Descobrimento de Cabo Verde<\/h3><p><span style=\"font-weight: 400;\">A descoberta de Cabo Verde \u00e9 objeto de discuss\u00e3o entre autores. Por muito tempo admitiu-se que o arquip\u00e9lago havia sido descoberto pelo mercador genov\u00eas Lu\u00eds Cadamosto. Contudo, investiga\u00e7\u00f5es realizadas no s\u00e9culo XIX demonstraram que Cadamosto n\u00e3o descobriu nenhuma das ilhas do arquip\u00e9lago.<\/span><\/p><p><span style=\"font-weight: 400;\">A conclus\u00e3o que Cadamosto n\u00e3o descobriu Cabo Verde derivou das contradi\u00e7\u00f5es e incoer\u00eancias das suas narrativas. Por exemplo, o genov\u00eas relatou que na ilha de Santiago\u00a0 \u201cachou um rio de \u00e1gua doce &#8211; rio grande no qual podia entrar \u00e0 vontade um navio de setenta e cinco toneladas; ao longo desse rio encontraram os seus homens pequenas lagoas de sal branqu\u00edssimo e belo (&#8230;)\u201d. Entretanto, nem na ilha de Santiago e nem em qualquer outra ilha de Cabo Verde existe cole\u00e7\u00e3o de \u00e1gua com essas caracter\u00edsticas.<\/span><\/p><p><span style=\"font-weight: 400;\">Outras contradi\u00e7\u00f5es da narrativa de Cadamosto podem ser lidas na obra <a href=\"http:\/\/www.portaldoconhecimento.gov.cv\/bitstream\/10961\/2252\/1\/Cadernos%20Coloniais%20-%20Origens%20da%20Coloniza%C3%A7%C3%A3o%20de%20Cabo%20Verde%20por%20Sim%C3%A3o%20Barros.pdf\" rel=\"nofollow noopener\" target=\"_blank\">Origens da Col\u00f3nia de Cabo Verde<\/a>, de Sim\u00e3o Barros.<\/span><\/p><p><span style=\"font-weight: 400;\">Cabo Verde ter\u00e1 sido descoberto em 1460 pelo navegador portugu\u00eas Diogo Gomes e pelo genov\u00eas Ant\u00f3nio da Noli, enquanto a servi\u00e7o do Infante Dom Henrique, tamb\u00e9m conhecido como <\/span><i><span style=\"font-weight: 400;\">Prince Henry, the navigator<\/span><\/i><span style=\"font-weight: 400;\">.<\/span><\/p><p><span style=\"font-weight: 400;\">As ilhas de Sotavento ter\u00e3o sido as primeiras ilhas do arquip\u00e9lago a serem descobertas. Santiago, Maio e Fogo foram descobertos no dia 1 de Maio de 1460. Boavista seria descoberta a 3 de maio do mesmo ano.\u00a0<\/span><\/p><p><span style=\"font-weight: 400;\">A data exata do descobrimento das outras ilhas n\u00e3o \u00e9 conhecida ao certo, mas acredita-se que tenha sido entre maio de 1460 e 1462, j\u00e1 que na carta de doa\u00e7\u00e3o passada por Dom Afonso V em 19 de setembro de 1462, em Portugal, j\u00e1 menciona todas as ilhas.<\/span><\/p><h3>\u00a0<\/h3><h3>Cabo Verde e as quest\u00f5es pr\u00e9-descobrimento<\/h3><p><span style=\"font-weight: 400;\">Outra quest\u00e3o de debate hist\u00f3rico refere-se \u00e0 saber se as ilhas j\u00e1 eram habitadas quando descobertas pelos navegadores.<\/span><\/p><p><span style=\"font-weight: 400;\">Alguns historiadores defendem que Cabo Verde teria sido ocupado pelos b\u00e9rberes mauritanos antes da chegada dos portugueses. Essa teoria baseia-se no fato de terem sido encontradas nas ilhas de Santo Ant\u00e3o e S\u00e3o Nicolau desenhos e inscri\u00e7\u00f5es rupestres que representam caracteres de escrita r\u00fanica ou fen\u00edcia, para uns, e b\u00e9rberes para outros.\u00a0<\/span><\/p><p><span style=\"font-weight: 400;\">Os que sustentam que os portugueses teriam sido os primeiros a pisar em Cabo Verde argumentam que a pobreza animal e vegetal do arquip\u00e9lago n\u00e3o permitiria ao homem sobreviver, o que s\u00f3 se tornou poss\u00edvel ap\u00f3s a introdu\u00e7\u00e3o de plantas e animais nas ilhas.\u00a0<\/span><\/p><p><span style=\"font-weight: 400;\">Pelo exposto, conclui-se que as ilhas de Cabo Verde eram desabitadas quando descobertas mas, j\u00e1 tinham sido visitadas anteriormente pelos berberes mauritanos pelo menos. Esses, entretanto, n\u00e3o se fixaram.\u00a0<\/span><\/p><p><span style=\"font-weight: 400;\">\u00a0<\/span><\/p><h3>O Povoamento de Cabo Verde<\/h3><p><span style=\"font-weight: 400;\">Como as ilhas de Cabo Verde n\u00e3o eram habitadas quando foram descobertas pelos navegadores portugueses, foi necess\u00e1rio povo\u00e1-las. O povoamento de Cabo Verde pode ser caracterizado, de acordo com o ritmo e a import\u00e2ncia, em <\/span><b>cinco per\u00edodos distintos<\/b><span style=\"font-weight: 400;\">.\u00a0<\/span><\/p><p><span style=\"font-weight: 400;\">\u00a0<\/span><\/p><ul><li><h4>Primeiro per\u00edodo do povoamento de Cabo Verde<\/h4><\/li><\/ul><p><span style=\"font-weight: 400;\">Decorreu de 1461, chegada dos primeiros povoadores, at\u00e9 1495, ano em que as ilhas voltaram para a coroa.\u00a0<\/span><\/p><p><span style=\"font-weight: 400;\">Ap\u00f3s o descobrimento, Dom Afonso V doou as ilhas ao Infante Dom Fernando, que logo iniciou o processo de coloniza\u00e7\u00e3o. Dom Fernando mandou o genov\u00eas Ant\u00f3nio da Noli, um dos descobridores, como capit\u00e3o\u2013donat\u00e1rio para a ilha de Santiago. Esse tinha na sua companhia alguns criados de D. Fernando e alguns casais de Algarves, que ter\u00e3o constitu\u00eddo os primeiros povoadores de Cabo Verde.\u00a0<\/span><\/p><p><span style=\"font-weight: 400;\">Devido a aridez do solo e do clima, Ant\u00f3nio da Noli decidiu trazer negros escravisados do continente africano para se dedicarem \u00e0 agricultura. Da Serra Leoa e da Guin\u00e9 Bissau foram trazidos casais de jalofos, felupes, pap\u00e9is e balantas, que originaram os primeiros negros cabo-verdianos.<\/span><\/p><p><span style=\"font-weight: 400;\">Entretanto, as caracter\u00edsticas das ilhas n\u00e3o atra\u00edam muito os colonos portugueses, o que dificultou a tarefa de Ant\u00f3nio da Noli. Para atrair colonos ao arquip\u00e9lago, D. Afonso V, em 1466, concedeu a todos os que se estabelecessem em Cabo Verde o com\u00e9rcio exclusivo e resgate de escravos da Guin\u00e9.\u00a0<\/span><\/p><p><span style=\"font-weight: 400;\">A estrat\u00e9gia de D. Afonso V surtiu efeito. Uma corrente migrat\u00f3ria em busca de fortuna rumou a Cabo Verde. Como consequ\u00eancia, estabeleceu-se entre o porto de Ribeira Grande e \u00c1frica o transporte de mercadoria e de negros escravisados. Assim ocorreu o primeiro povoamento est\u00e1vel em <\/span><a href=\"https:\/\/feelcaboverde.com\/it\/cidade-velha\/\"><span style=\"font-weight: 400;\">Ribeira Grande<\/span><\/a><span style=\"font-weight: 400;\">.<\/span><\/p><p><span style=\"font-weight: 400;\">Com a morte de Dom Fernando, as ilhas passaram para o irm\u00e3o D. Manuel. Esse dividiu a ilha de Santiago em duas capitanias. A capitania do norte foi doada a Diogo Afonso e come\u00e7ou a desenvolver-se em torno da povoa\u00e7\u00e3o de Alcatraz (Praia Baixo). A do sul, onde se situa a Ribeira Grande, foi doada a Jorge Correia. A coloniza\u00e7\u00e3o continuou a bom ritmo, tendo-se introduzido ent\u00e3o alguns animais dom\u00e9sticos, cana de a\u00e7\u00facar, algod\u00e3o e \u00e1rvores frut\u00edferas.<\/span><\/p><p><span style=\"font-weight: 400;\">No fim do s\u00e9culo XV teve in\u00edcio o povoamento da ilha do Fogo, com criados do Infante D. Fernando e negros de Santiago. A popula\u00e7\u00e3o das ilhas come\u00e7ou a aumentar rapidamente.\u00a0<\/span><\/p><p><span style=\"font-weight: 400;\">As ilhas do Maio e Boavista, nesse per\u00edodo, n\u00e3o foram concedidas a donat\u00e1rios para povoamento. Ao inv\u00e9s disso, foram destinadas \u00e0 cria\u00e7\u00e3o de animais dom\u00e9sticos. Essa atividade viria a se tornar uma das maiores fontes de rendimento da col\u00f3nia.\u00a0<\/span><\/p><p><span style=\"font-weight: 400;\">No primeiro per\u00edodo, a coroa portuguesa pouco interv\u00e9m no processo de coloniza\u00e7\u00e3o.<\/span><\/p><p><span style=\"font-weight: 400;\">\u00a0<\/span><\/p><ul><li><h4>Segundo per\u00edodo do povoamento de Cabo Verde<\/h4><\/li><\/ul><p><span style=\"font-weight: 400;\">Decorreu de 1495, ano em que as ilhas voltaram para a coroa, at\u00e9 \u00e0 usurpa\u00e7\u00e3o filipina, em 1580.\u00a0\u00a0<\/span><\/p><p><span style=\"font-weight: 400;\">No segundo per\u00edodo, como retorno das ilhas voltaram \u00e0 coroa portuguesa,\u00a0 iniciou-se o sistema de arrendamento dos direitos no arquip\u00e9lago, com concess\u00e3o de grandes poderes aos arrendat\u00e1rios.\u00a0<\/span><\/p><p><span style=\"font-weight: 400;\">Teve in\u00edcio uma nova fase de desenvolvimento econ\u00f3mico, social, e populacional das Ilhas.\u00a0 Houve um aumento consider\u00e1vel da popula\u00e7\u00e3o. Os arrendat\u00e1rios atra\u00edram o com\u00e9rcio estrangeiro. Ribeira Grande tornou-se um centro comercial importante e populoso. A prosperidade e a riqueza da Ribeira Grande come\u00e7ou a despertar com a cobi\u00e7a dos estrangeiros o que viria a resultar posteriormente em saqueadas \u00e0 povoa\u00e7\u00e3o.<\/span><\/p><p><span style=\"font-weight: 400;\">Por outro lado, a capitania do norte &#8211; a povoa\u00e7\u00e3o de Alcatraz, come\u00e7ou a entrar em decad\u00eancia, tendo sido suprimida em 1505. Isso resultou no desenvolvimento r\u00e1pido da povoa\u00e7\u00e3o do porto de Praia de Santa Maria, a atual capital.\u00a0<\/span><\/p><p><span style=\"font-weight: 400;\">Com a chegada do s\u00e9culo XV, a coroa come\u00e7ou a preocupar-se com o povoamento das outras ilhas. Para atrair povoadores \u00e0s ilhas ent\u00e3o inabitadas, os monarcas concederam as mesmas regalias que tinham os habitantes de Santiago e Fogo a quem as fosse habitar. Ou seja, esses gozavam dos mesmos benef\u00edcios comerciais na Guin\u00e9.\u00a0<\/span><\/p><p><span style=\"font-weight: 400;\">A ilha de S\u00e3o Nicolau foi doada aos condes de Portalegre, que ali introduziram muitos escravos.\u00a0<\/span><\/p><p><span style=\"font-weight: 400;\">As ilhas do Maio e Boavista, importantes pelo seu papel na cria\u00e7\u00e3o de gado, passaram a exigir gente que cuidasse dos animais. Nessa altura,\u00a0 a produ\u00e7\u00e3o de manteiga e da carne salgada (chacina) e a produ\u00e7\u00e3o de couro tiveram grande desenvolvimento.\u00a0<\/span><\/p><p><span style=\"font-weight: 400;\">Aparecem nesse per\u00edodo os primeiros mesti\u00e7os, resultante dos colonos com as negras trazidas do continente africano.<\/span><\/p><p><span style=\"font-weight: 400;\">\u00c0 semelhan\u00e7a do per\u00edodo anterior, o povoamento durante o segundo per\u00edodo limitou-se \u00e0s \u00e1reas litor\u00e2neas. Esbo\u00e7ava-se, entretanto, uma tentativa de centraliza\u00e7\u00e3o. At\u00e9 ent\u00e3o, cada ilha representava uma capitania. A partir de 1530, o arquip\u00e9lago passou a ser governado por capit\u00e3es-mores residentes em Santiago.\u00a0<\/span><\/p><p><span style=\"font-weight: 400;\">\u00a0<\/span><\/p><ul><li><h4>Terceiro per\u00edodo do povoamento de Cabo Verde<\/h4><\/li><\/ul><p><span style=\"font-weight: 400;\">Decorreu de 1580 \u00e0 Restaura\u00e7\u00e3o.<\/span><\/p><p><span style=\"font-weight: 400;\">A col\u00f3nia passou a viver em constante estado de inquieta\u00e7\u00e3o em decorr\u00eancia da falta de seguran\u00e7a. Ribeira Grande sofreu v\u00e1rios saques, os mais importantes foram os dos ingleses, em 1582 e 1595.\u00a0\u00a0<\/span><\/p><p><span style=\"font-weight: 400;\">Os ataques ocorriam tamb\u00e9m em alto mar, o que prejudicou grandemente o com\u00e9rcio nos territ\u00f3rios da Guin\u00e9, que eram o principal atrativo para os colonos. Para protegerem seus bens, muitos retornaram \u00e0 Portugal. A coloniza\u00e7\u00e3o branca diminui consideravelmente.<\/span><\/p><p><span style=\"font-weight: 400;\">Por outro lado, os ataques piratas contribu\u00edram para o povoamento do interior da ilha de Santiago. Os negros que ainda viviam no llitoral, sob a amea\u00e7a dos ataques piratas, fugiram para o interior, econdendo-se nas montanhas at\u00e9 que o retorno \u00e0s suas moradias antigas fosse seguro.<\/span><\/p><p><span style=\"font-weight: 400;\">Apesar dos saques piratas, a Ribeira Grande continuava a crescer.\u00a0<\/span><\/p><p><span style=\"font-weight: 400;\">Em 1596 a ilha de Santo Ant\u00e3o \u00e9 doada ao Conde de Santa Cruz. Teve in\u00edcio ent\u00e3o o povoamento regular de Santo Ant\u00e3o, com a introdu\u00e7\u00e3o de grande n\u00famero de escravos.\u00a0<\/span><\/p><p><span style=\"font-weight: 400;\">Para as ilhas do Maio e da Boavista, que n\u00e3o eram vistas como ilhas agr\u00edcolas, foram enviados pastores e ca\u00e7adores para trabalharem com o gado.\u00a0<\/span><\/p><p><span style=\"font-weight: 400;\">Em 1592, o arquip\u00e9lago de Cabo Verde passou a constituir um governo geral.<\/span><\/p><p><span style=\"font-weight: 400;\">\u00a0<\/span><\/p><ul><li><h4>Quarto per\u00edodo do povoamento de Cabo Verde<\/h4><\/li><\/ul><p><span style=\"font-weight: 400;\">Teve lugar de 1640 \u00e0 passagem da capital do arquip\u00e9lago para a cidade da Praia, em 1769.\u00a0<\/span><\/p><p><span style=\"font-weight: 400;\">As ilhas vivem um per\u00edodo de paz. Dom Jo\u00e3o IV manda edificar fortes e muni-las a fim de impedir novos ataques piratas.\u00a0<\/span><\/p><p><span style=\"font-weight: 400;\">Novas tentativas da coroa de recapturar a emigra\u00e7\u00e3o para as ilhas fracassaram. Os colonos preferiam o Brasil. Como alternativa, enviaram os \u201cdegredados\u201d para suprir a coloniza\u00e7\u00e3o branca. A importa\u00e7\u00e3o de negros escravisados continuou, mas com menor intensidade.\u00a0<\/span><\/p><p><span style=\"font-weight: 400;\">A Ribeira Grande come\u00e7ou a entrar em decad\u00eancia. Muitos habitantes haviam abandonado a povoa\u00e7\u00e3o. O com\u00e9rcio dirigiu-se para a vila da Praia. A ideia de mudar a capital para a Praia, que havia surgido nos finais do s\u00e9culo XVI, come\u00e7ou a concretizar-se.<\/span><\/p><p><span style=\"font-weight: 400;\">Em 6 de fevereiro de 1652, D. Jo\u00e3o IV decretou uma de medidas para acelerar o processo de mudan\u00e7a de capital. Destaca-se entre elas: fortifica\u00e7\u00e3o da vila; que nela morassem o bispo o governador; reedifica\u00e7\u00e3o das casas deca\u00eddas; centraliza\u00e7\u00e3o do despacho de cargas no porto da Praia, etc.\u00a0<\/span><\/p><p><span style=\"font-weight: 400;\">O \u00eaxodo de Ribeira Grande acentua a sua decad\u00eancia. Em 1712, cors\u00e1rios franceses sob o comando de Jacques Cassard saquearam boa parte de sua riqueza.\u00a0 Em 1763, uma grande inunda\u00e7\u00e3o matou muitas pessoas e destruiu grande parte das habita\u00e7\u00f5es e edif\u00edcios. Os navios que antes ali atracavam, deixaram de frequentar o porto.<\/span><\/p><p><span style=\"font-weight: 400;\">N\u00e3o obstante, a transfer\u00eancia da capital de Ribeira Grande para Santiago s\u00f3 viria a ocorrer em 1770, depois de o Marqu\u00eas de Pombal decretar a mudan\u00e7a. Nesse ano, a popula\u00e7\u00e3o de Cabo Verde era estimada em 80.000 habitantes.<\/span><\/p><p><span style=\"font-weight: 400;\">Em 1732, as povoa\u00e7\u00f5es de Ribeira da Brava, em S\u00e3o Nicolau, e Ribeira Grande, em Santo Ant\u00e3o, foram elevadas \u00e0 categoria de vilas, com constitui\u00e7\u00e3o de c\u00e2maras e outras autoridades.\u00a0<\/span><\/p><p><span style=\"font-weight: 400;\">\u00a0<\/span><\/p><ul><li><h4>Quinto per\u00edodo do povoamento de Cabo Verde<\/h4><\/li><\/ul><p><span style=\"font-weight: 400;\">Decorreu a partir de 1769.\u00a0<\/span><\/p><p><span style=\"font-weight: 400;\">A mudan\u00e7a da capital instilou uma nova din\u00e2mica no arquip\u00e9lago. As outras ilhas passaram a ser alvo de cuidados tamb\u00e9m.<\/span><\/p><p><span style=\"font-weight: 400;\">Em 1781 ordenou-se o povoamento das ilhas inabitadas com habitantes das outras ilhas. Na tentativa de povoar S\u00e3o Vicente, o governo determinou em 1795 que se deslocassem 20 casais do Fogo para S\u00e3o Vicente com o objetivo de iniciar o povoamento desta ilha. Formou-se na costa ocidental da ilha uma pequena povoa\u00e7\u00e3o, que viria a originar posteriormente a cidade do Mindelo.\u00a0<\/span><\/p><p><span style=\"font-weight: 400;\">Em 1801 teve in\u00edcio o povoamento de Santa Luzia, com o envio de colonos e um padre \u00e0 ilha. Entretanto, as condi\u00e7\u00f5es clim\u00e1ticas adversas da ilha n\u00e3o propiciaram o povoamento e os colonos acabaram por abandonar a ilha.<\/span><\/p><p><span style=\"font-weight: 400;\">Na ilha do Sal, o povoamento iniciou em torno do Portinho, atual porto de Santa Maria. Outros povoados foram surgindo pelo interior da ilha, dando origem a Pedra de Lume e Palmeira.<\/span><\/p><p><span style=\"font-weight: 400;\">Em 1858 a ent\u00e3o vila da Praia foi elevada \u00e0 categoria de cidade.\u00a0<\/span><\/p><p><span style=\"font-weight: 400;\">A coloniza\u00e7\u00e3o branca continuou a basear-se nos &#8220;degredados&#8221; que eram enviados \u00e0s ilhas para cumprir pena. A emigra\u00e7\u00e3o negra continuou em ritmo mais lento, e s\u00f3 veio a parar ap\u00f3s a extin\u00e7\u00e3o do tr\u00e1fico de escravos.\u00a0<\/span><\/p><p><span style=\"font-weight: 400;\">\u00a0<\/span><\/p><h3>Cabo Verde sob o regime colonial portugu\u00eas<\/h3><p><span style=\"font-weight: 400;\">O arquip\u00e9lago de Cabo Verde permaneceu sob o regime colonial portugu\u00eas por cerca de 500 anos, de 1462 quando se iniciou o povoamento das ilhas at\u00e9 \u00e0 independ\u00eancia, em 1975.\u00a0<\/span><\/p><p><span style=\"font-weight: 400;\">A explora\u00e7\u00e3o econ\u00f4mica foi um dos pilares da domina\u00e7\u00e3o colonial portuguesa em Cabo Verde. As ilhas eram utilizadas como entreposto comercial de escravos africanos, que eram transportados para as Am\u00e9ricas para trabalhar nas planta\u00e7\u00f5es de cana-de-a\u00e7\u00facar.\u00a0<\/span><\/p><p><span style=\"font-weight: 400;\">O arquip\u00e9lago enfrentou muitos desafios sob o regime colonial. Dentre eles as v\u00e1rias secas, causadoras de mortandades da ordem das dezenas de milhares de habitantes. Destacam-se a seca de 1770 que dizimou cerca de 32.000 habitantes e a de 1831, que levou a \u00f3bito aproximadamente 30.000 habitantes.\u00a0<\/span><\/p><p><span style=\"font-weight: 400;\">De igual modo, as epidemias n\u00e3o poupavam as popula\u00e7\u00f5es, das quais a de c\u00f3lera, em 1856, que dizimou aldeias inteiras em S\u00e3o Nicolau e n\u00e3o poupou outras ilhas.\u00a0<\/span><\/p><p><span style=\"font-weight: 400;\">A segunda metade do s\u00e9culo XIX foi particularmente desafiante. A d\u00e9cada de 1840 viu o decl\u00ednio acentuado do com\u00e9rcio transatl\u00e2ntico de escravos. O fim do com\u00e9rcio de escravos fez com que o arquip\u00e9lago perdesse a sua import\u00e2ncia estrat\u00e9gica para a metr\u00f3pole.\u00a0<\/span><\/p><p><span style=\"font-weight: 400;\">Portugal deixou de fornecer suprimentos e materiais suficientes aos habitantes de Cabo Verde. A incapacidade das ilhas de produzir alimentos suficientes para sua popula\u00e7\u00e3o, aliada \u00e0 falta de infraestrutura sanit\u00e1ria e de acesso a cuidados m\u00e9dicos adequados contribuiu para as altas taxas de mortalidade devido a doen\u00e7as infecciosas e secas.<\/span><\/p><p><span style=\"font-weight: 400;\">O jugo colonial e as consequentes desigualdades sociais deram origem a v\u00e1rias <\/span><a href=\"https:\/\/www.teses.usp.br\/teses\/disponiveis\/8\/8138\/tde-04022011-093931\/publico\/2010_EduardoAdilsonCamiloPereira.pdf\" rel=\"nofollow noopener\" target=\"_blank\"><span style=\"font-weight: 400;\">revoltas<\/span><\/a><span style=\"font-weight: 400;\">, das quais se destaca a Revolta dos Engenhos (1822), a Revolta de Achada Falc\u00e3o (1841) e a Revolta de Ribeir\u00e3o Manuel (1910).<\/span><\/p><p><span style=\"font-weight: 400;\">Apesar das dificuldades, a popula\u00e7\u00e3o do arquip\u00e9lago continuou a crescer, a tal ponto que o crescimento demogr\u00e1fico n\u00e3o mais carecia da introdu\u00e7\u00e3o de imigrantes. O movimento migrat\u00f3rio inverteria o fluxo. Ou seja, os cabo-verdianos que passaram a emigrar para outras paragens, \u00e0 procura de melhores condi\u00e7\u00f5es. A emigra\u00e7\u00e3o em baleeiros americanos no s\u00e9culo XIX constitui um dos principais movimentos migrat\u00f3rios da hist\u00f3ria das ilhas.<\/span><\/p><p><span style=\"font-weight: 400;\">O cariz aventureiro do cabo-verdiano \u00e9 latente na popula\u00e7\u00e3o at\u00e9 hoje, em parte decorrente das limita\u00e7\u00f5es existentes no arquip\u00e9lago.\u00a0<\/span><\/p><p><span style=\"font-weight: 400;\">\u00a0<\/span><\/p><h3>Cabo Verde na luta pela independ\u00eancia\u00a0<\/h3><p><span style=\"font-weight: 400;\">Durante o per\u00edodo colonial, os cabo-verdianos enfrentaram v\u00e1rias dificuldades, incluindo a escraviza\u00e7\u00e3o de muitos de seus cidad\u00e3os e a opress\u00e3o pol\u00edtica e econ\u00f3mica por parte das autoridades portuguesas. As dificuldades do povoamento, as revoltas contra o dom\u00ednio colonial e o fortalecimento de uma identidade cabo-verdiana propiciaram o surgimento do movimento nacionalista de liberta\u00e7\u00e3o.\u00a0<\/span><\/p><p><span style=\"font-weight: 400;\">A independ\u00eancia de Cabo Verde, entretanto, n\u00e3o viria a ser imediata. Antes, foi um processo gradual que envolveu a luta pela liberta\u00e7\u00e3o pol\u00edtica e a afirma\u00e7\u00e3o da identidade nacional.<\/span><\/p><p><span style=\"font-weight: 400;\">Um marco importante no processo de independ\u00eancia de Cabo Verde foi a cria\u00e7\u00e3o do Partido Africano da Independ\u00eancia da Guin\u00e9 e Cabo Verde (PAIGC) em 1956 por Am\u00edlcar Cabral, filho de cabo-verdianos residente na Guin\u00e9 Bissau. O objetivo do partido era unificar as col\u00f3nias portuguesas da Guin\u00e9 e Cabo Verde e lutar pela independ\u00eancia de ambas. Cabral defendia que isso permitiria a Cabo Verde lutar por sua pr\u00f3pria independ\u00eancia e impediria que a col\u00f3nia permanecesse sob o controle portugu\u00eas.\u00a0<\/span><\/p><p><span style=\"font-weight: 400;\">A estrat\u00e9gia inicial do partido foi pedir a retirada pac\u00edfica das tropas portuguesas da col\u00f3nia de Guin\u00e9. Como esta via pac\u00edfica n\u00e3o teve sucesso, o PAIGC viria a mudar de t\u00e1tica, passando a utilizar medidas mais violentas para conseguir independ\u00eancia. A luta armada contra a ocupa\u00e7\u00e3o portuguesa come\u00e7ou em <\/span><a href=\"https:\/\/paigc.gw\/historia\/\" rel=\"nofollow noopener\" target=\"_blank\"><span style=\"font-weight: 400;\">mar\u00e7o de 1962<\/span><\/a><span style=\"font-weight: 400;\">, quando o PAIGC lan\u00e7ou a sua primeira campanha de guerrilha na Guin\u00e9-Bissau.\u00a0<\/span><\/p><p><span style=\"font-weight: 400;\">Nos anos seguintes, a luta pela independ\u00eancia se intensificou, com o PAIGC aumentando sua presen\u00e7a em Cabo Verde e a mobiliza\u00e7\u00e3o do povo com vista aos ideais de liberdade. Entretanto, em nenhum momento ocorreu luta armada em Cabo Verde. Alguns estudiosos defendem que a aus\u00eancia de conflitos armados em Cabo Verde contribuiu para o sucesso posterior do pa\u00eds em estabelecer um regime democr\u00e1tico.<\/span><\/p><p><span style=\"font-weight: 400;\">A 13 de janeiro de 1973, Am\u00edlcar Cabral foi assassinado em Conacri. Apesar da sua morte, os ideais de luta e independ\u00eancia permaneceram. A independ\u00eancia da Guin\u00e9 viria a ser declarada unilateralmente em 24 de setembro de 1973.\u00a0<\/span><\/p><p><span style=\"font-weight: 400;\">Em 1974, a Revolu\u00e7\u00e3o dos Cravos em Portugal abriu caminho para a independ\u00eancia das ilhas. As reivindica\u00e7\u00f5es do partido para a independ\u00eancia e a agita\u00e7\u00e3o generalizada for\u00e7aram o governo portugu\u00eas, at\u00e9 ent\u00e3o relutante, a negociar os termos da independ\u00eancia de Cabo Verde. A 19 de Dezembro de 1974 foi assinado um acordo entre o PAIGC e Portugal, instaurando-se um <\/span><a href=\"https:\/\/www.governo.cv\/o-arquipelago\/historia\/\" rel=\"nofollow noopener\" target=\"_blank\"><span style=\"font-weight: 400;\">governo <\/span><\/a><span style=\"font-weight: 400;\">de transi\u00e7\u00e3o em Cabo Verde.\u00a0<\/span><\/p><p><span style=\"font-weight: 400;\">O governo de transi\u00e7\u00e3o preparou as elei\u00e7\u00f5es para uma Assembleia Nacional Popular que em <\/span><b>5 de julho de 1975 proclamou oficialmente a independ\u00eancia de Cabo Verde<\/b><span style=\"font-weight: 400;\">. Aristides Pereira \u00e9 eleito como primeiro Presidente da Rep\u00fablica e Pedro Pires como primeiro chefe de Governo do pa\u00eds, no regime ent\u00e3o unipartid\u00e1rio.\u00a0<\/span><\/p><p><span style=\"font-weight: 400;\">\u00a0<\/span><\/p><h3>Cabo Verde ap\u00f3s a independ\u00eancia\u00a0<\/h3><p><span style=\"font-weight: 400;\">Ap\u00f3s a independ\u00eancia, Cabo Verde realizou elei\u00e7\u00f5es nacionais que elegeram uma assembleia nacional em 30 de junho de 1975. Devido \u00e0 sua posi\u00e7\u00e3o geogr\u00e1fica como um estado insular no meio do Oceano Atl\u00e2ntico, a assembl\u00e9ia nacional declarou o pa\u00eds neutro na Guerra Fria. Cabo Verde manteve boas rela\u00e7\u00f5es tanto com os EUA quanto com a Uni\u00e3o Sovi\u00e9tica durante todo o per\u00edodo da Guerra Fria, evitando qualquer presen\u00e7a militar estrangeira como afirma\u00e7\u00e3o da sua neutralidade.<\/span><\/p><p><span style=\"font-weight: 400;\">Com o golpe de estado na Guin\u00e9 Bissau em 1980, Cabo Verde abandonou planos de unidade com a Guin\u00e9-Bissau. O PAIGC \u00e9 substitu\u00eddo pelo Partido Africano para a Independ\u00eancia de Cabo Verde (PAICV), que se tornou ent\u00e3o o \u00fanico partido cabo-verdiano.\u00a0<\/span><\/p><p><span style=\"font-weight: 400;\">As elei\u00e7\u00f5es parlamentares continuaram e, Aristides Pereira foi reeleito Presidente da Rep\u00fablica em 1981 e 1986. Ap\u00f3s essas \u00faltimas elei\u00e7\u00f5es, a press\u00e3o aumentou a favor de elei\u00e7\u00f5es multipartid\u00e1rias.<\/span><\/p><p><span style=\"font-weight: 400;\">Em janeiro de 1991, foram realizadas as primeiras elei\u00e7\u00f5es parlamentares multipartid\u00e1rias em Cabo Verde. O Movimento para a Democracia (MpD), constitu\u00eddo em parte por dissidentes do PAICV, venceu as elei\u00e7\u00f5es e obteve maioria no parlamento. Carlos Veiga foi eleito primeiro-ministro pelo parlamento e, mais tarde naquele ano, o candidato apoiado pelo MpD, Ant\u00f3nio Mascarenhas Monteiro, venceu as elei\u00e7\u00f5es presidenciais. Desde ent\u00e3o, t\u00eam decorrido elei\u00e7\u00f5es multipartid\u00e1rias, com transfer\u00eancia pac\u00edfica de poder.\u00a0<\/span><\/p><p><span style=\"font-weight: 400;\">Em termos de pol\u00edtica externa, Cabo Verde tem mantido rela\u00e7\u00f5es amistosas com uma s\u00e9rie de pa\u00edses, incluindo Portugal, Brasil, Estados Unidos e v\u00e1rios pa\u00edses africanos. O pa\u00eds tamb\u00e9m tem sido um defensor ativo da integra\u00e7\u00e3o regional na \u00c1frica Ocidental e tem trabalhado em estreita colabora\u00e7\u00e3o com a Comunidade Econ\u00f3mica dos Estados da \u00c1frica Ocidental (CEDEAO).<\/span><\/p><p><span style=\"font-weight: 400;\">A independ\u00eancia n\u00e3o foi a solu\u00e7\u00e3o para todos os problemas de Cabo Verde. O pa\u00eds enfrenta muitos desafios, incluindo uma escassez de recursos naturais, um clima \u00e1rido e uma economia ainda dependente da ajuda externa. Entretanto, a estabilidade pol\u00edtica do pa\u00eds, ajudou a criar um ambiente prop\u00edcio para o desenvolvimento econ\u00f3<\/span><span style=\"color: var( --e-global-color-text ); font-family: var( --e-global-typography-text-font-family ), Sans-serif; text-align: var(--text-align); font-size: 1rem;\">mico. A partir dos anos 90, Cabo Verde come\u00e7ou a experimentar um crescimento econ\u00f4mico constante, impulsionado pelo turismo e pela ind\u00fastria de servi\u00e7os.<\/span><\/p><p><span style=\"font-weight: 400;\">Em suma, desde sua independ\u00eancia em 1975, Cabo Verde tem percorrido um longo caminho, apesar dos desafios. De um pequeno arquip\u00e9lago no meio do Oceano Atl\u00e2ntico, o pa\u00eds se transformou em uma democracia est\u00e1vel e em um exemplo de sucesso econ\u00f3mico na \u00c1frica. Cabo Verde continua a enfrentar desafios, \u00e9 verdade, mas a sua hist\u00f3ria de sucesso \u00e9 um testemunho do potencial humano e da resili\u00eancia do povo cabo-verdiano.<\/span><\/p>\t\t\t\t\t\t<\/div>\n\t\t\t\t<\/div>\n\t\t<\/div>\t\t\t\t\t<\/div>","protected":false},"excerpt":{"rendered":"<p>Marcos hist\u00f3ricos de Cabo Verde Cabo Verde da descoberta \u00e0 independ\u00eancia 1460: as ilhas de Cabo Verde foram descobertas por navegadores portugueses. 1462: inicia-se o povoamento de Cabo Verde, sendo Santiago a primeira ilha a ser povoada. 1869: aboli\u00e7\u00e3o da escravatura em todos os territ\u00f3rios portugueses, incluindo Cabo Verde. 1956, 19 de setembro: Am\u00edlcar Cabral [&hellip;]<\/p>","protected":false},"author":1,"featured_media":0,"parent":0,"menu_order":0,"comment_status":"closed","ping_status":"closed","template":"","meta":{"footnotes":""},"categories":[],"tags":[],"class_list":["post-285","page","type-page","status-publish","hentry"],"_links":{"self":[{"href":"https:\/\/feelcaboverde.com\/it\/wp-json\/wp\/v2\/pages\/285","targetHints":{"allow":["GET"]}}],"collection":[{"href":"https:\/\/feelcaboverde.com\/it\/wp-json\/wp\/v2\/pages"}],"about":[{"href":"https:\/\/feelcaboverde.com\/it\/wp-json\/wp\/v2\/types\/page"}],"author":[{"embeddable":true,"href":"https:\/\/feelcaboverde.com\/it\/wp-json\/wp\/v2\/users\/1"}],"replies":[{"embeddable":true,"href":"https:\/\/feelcaboverde.com\/it\/wp-json\/wp\/v2\/comments?post=285"}],"version-history":[{"count":97,"href":"https:\/\/feelcaboverde.com\/it\/wp-json\/wp\/v2\/pages\/285\/revisions"}],"predecessor-version":[{"id":4803,"href":"https:\/\/feelcaboverde.com\/it\/wp-json\/wp\/v2\/pages\/285\/revisions\/4803"}],"wp:attachment":[{"href":"https:\/\/feelcaboverde.com\/it\/wp-json\/wp\/v2\/media?parent=285"}],"wp:term":[{"taxonomy":"category","embeddable":true,"href":"https:\/\/feelcaboverde.com\/it\/wp-json\/wp\/v2\/categories?post=285"},{"taxonomy":"post_tag","embeddable":true,"href":"https:\/\/feelcaboverde.com\/it\/wp-json\/wp\/v2\/tags?post=285"}],"curies":[{"name":"wp","href":"https:\/\/api.w.org\/{rel}","templated":true}]}}