{"id":2023,"date":"2022-09-29T12:39:23","date_gmt":"2022-09-29T12:39:23","guid":{"rendered":"https:\/\/feelcaboverde.com\/?page_id=2023"},"modified":"2023-04-03T22:47:24","modified_gmt":"2023-04-03T22:47:24","slug":"simbolos-nacionais-de-cabo-verde","status":"publish","type":"page","link":"https:\/\/feelcaboverde.com\/it\/simbolos-nacionais-de-cabo-verde\/","title":{"rendered":"S\u00edmbolos Nacionais de Cabo Verde"},"content":{"rendered":"<div data-elementor-type=\"wp-page\" data-elementor-id=\"2023\" class=\"elementor elementor-2023\">\n\t\t\t\t\t\t\t<div class=\"elementor-element elementor-element-7a76645 e-container--column e-container\" data-id=\"7a76645\" data-element_type=\"container\">\t\t\t\t<div class=\"elementor-element elementor-element-284c0c7 elementor-widget elementor-widget-text-editor\" data-id=\"284c0c7\" data-element_type=\"widget\" data-widget_type=\"text-editor.default\">\n\t\t\t\t<div class=\"elementor-widget-container\">\n\t\t\t<style>\/*! elementor - v3.7.1 - 14-08-2022 *\/\n.elementor-widget-text-editor.elementor-drop-cap-view-stacked .elementor-drop-cap{background-color:#818a91;color:#fff}.elementor-widget-text-editor.elementor-drop-cap-view-framed .elementor-drop-cap{color:#818a91;border:3px solid;background-color:transparent}.elementor-widget-text-editor:not(.elementor-drop-cap-view-default) .elementor-drop-cap{margin-top:8px}.elementor-widget-text-editor:not(.elementor-drop-cap-view-default) .elementor-drop-cap-letter{width:1em;height:1em}.elementor-widget-text-editor .elementor-drop-cap{float:left;text-align:center;line-height:1;font-size:50px}.elementor-widget-text-editor .elementor-drop-cap-letter{display:inline-block}<\/style>\t\t\t\t<p><span style=\"font-weight: 400;\">Quando da revis\u00e3o constitucional de Cabo Verde para instaurar o multipartidarismo em 1992, foram criados novos s\u00edmbolos nacionais.<\/span><\/p><p><span style=\"font-weight: 400;\">A Constitui\u00e7\u00e3o da Rep\u00fablica Cabo Verde estabelece no seu Artigo 8\u00ba como os s\u00edmbolos da soberania nacional:\u00a0<\/span><\/p><ul><li><span style=\"font-weight: 400;\">\u00a0A Bandeira;<\/span><\/li><li><span style=\"font-weight: 400;\">O Hino;<\/span><\/li><li><span style=\"font-weight: 400;\">As Armas Nacionais.\u00a0<\/span><\/li><\/ul><p><span style=\"font-weight: 400;\"><br \/>Como s\u00edmbolos da Rep\u00fablica de Cabo Verde representam a independ\u00eancia, a unidade e a integridade do Pa\u00eds.\u00a0<\/span><\/p><h3><b>\u00a0<\/b><\/h3><h3><b>1. A Bandeira Nacional de Cabo Verde<\/b><\/h3><p><span style=\"font-weight: 400;\">A atual Bandeira de Cabo Verde foi adotada oficialmente em 1992 ap\u00f3s a revis\u00e3o constitucional. Da independ\u00eancia em 1975 at\u00e9 1992, a bandeira de Cabo Verde partilhava as mesmas da de Guin\u00e9-Bissau, diferenciando-se apenas por alguns s\u00edmbolos.<\/span><\/p><figure style=\"width: 354px\" class=\"wp-caption aligncenter\"><a href=\"http:\/\/feelcaboverde.com\/wp-content\/uploads\/2022\/09\/03.png\"><img decoding=\"async\" src=\"http:\/\/feelcaboverde.com\/wp-content\/uploads\/2022\/09\/03-300x179.png\" alt=\"National Flag of Cape Verde\" width=\"354\" height=\"211\" \/><\/a><figcaption class=\"wp-caption-text\">Bandeira Nacional de Cabo Verde<\/figcaption><\/figure><h5><strong>Descri\u00e7\u00e3o oficial da Bandeira\u00a0Nacional\u00a0de Cabo Verde<\/strong><\/h5><table width=\"602\"><tbody><tr><td width=\"602\"><p>A Bandeira \u00e9 constitu\u00edda por cinco ret\u00e2ngulos dispostos no sentido do comprimento e sobrepostos:<\/p><p>a) Os ret\u00e2ngulos superior e inferior s\u00e3o de cor azul, ocupando o superior uma superf\u00edcie igual a metade da Bandeira e o inferior um quarto;<\/p><p>b) Separando os dois ret\u00e2ngulos azuis, existem tr\u00eas faixas, cada uma com a superf\u00edcie igual a um duod\u00e9cimo da \u00e1rea da Bandeira;<\/p><p>c) As faixas adjacentes aos ret\u00e2ngulos azuis s\u00e3o de cor branca e a que fica entre estas \u00e9 de cor vermelha;<\/p><p>d) Sobre os cinco ret\u00e2ngulos, dez estrelas amarelas de cinco pontas, com o v\u00e9rtice superior na posi\u00e7\u00e3o dos noventa graus, definem um c\u00edrculo cujo centro se situa na intersec\u00e7\u00e3o da mediana do segundo quarto vertical a contar da esquerda com a mediana do segundo quarto horizontal a contar do bordo inferior. A estrela mais pr\u00f3xima deste bordo est\u00e1 inscrita numa circunfer\u00eancia invis\u00edvel cujo centro fica sobre a mediana da faixa azul inferior.<\/p><\/td><\/tr><\/tbody><\/table><p><strong>\u00a0<\/strong><\/p><h5><strong>Simbolismo da Bandeira Nacional\u00a0de Cabo Verde<\/strong><\/h5><ul><li>Faixas azuis: predominantes na bandeira, representam o mar e o c\u00e9u.<\/li><li>Estrelas amarelas: simbolizam as dez ilhas do arquip\u00e9lago, dispostas em c\u00edrculo, sinal de uni\u00e3o.<\/li><li>Duas faixas brancas e uma vermelha: referem-se \u00e0 trajet\u00f3ria na constru\u00e7\u00e3o do pa\u00eds. O branco simboliza a paz que se quer, e o vermelho o esfor\u00e7o e a luta do povo.<\/li><li>O azul, o branco, o vermelho e o amarelo s\u00e3o considerados as cores nacionais de Cabo Verde.<\/li><\/ul><p><strong>\u00a0<\/strong><\/p><h3><strong>2. Hino Nacional de Cabo Verde<\/strong><\/h3><figure style=\"width: 800px\" class=\"wp-caption aligncenter\"><a href=\"http:\/\/feelcaboverde.com\/wp-content\/uploads\/2022\/09\/04.png\"><img decoding=\"async\" src=\"http:\/\/feelcaboverde.com\/wp-content\/uploads\/2022\/09\/04-1024x685.png\" alt=\"Cape Verde National Anthem\" width=\"800\" height=\"535\" \/><\/a><figcaption class=\"wp-caption-text\">\u00a0 \u00a0 \u00a0 \u00a0Pauta do Hino Nacional de Cabo Verde<\/figcaption><\/figure><p>O <strong>C\u00e2ntico da Liberdade<\/strong> \u00e9 o Hino Nacional de Cabo Verde, e foi adotado oficialmente em 1996.<\/p><p>O Hino est\u00e1 dividido em 3 estrofes, sendo duas quadras e uma nona.<\/p><figure style=\"width: 800px\" class=\"wp-caption aligncenter\"><a href=\"http:\/\/feelcaboverde.com\/wp-content\/uploads\/2022\/09\/unnamed-file.jpg\"><img decoding=\"async\" src=\"http:\/\/feelcaboverde.com\/wp-content\/uploads\/2022\/09\/unnamed-file-1024x978.jpg\" alt=\"Cape Verde national anthem\" width=\"800\" height=\"764\" \/><\/a><figcaption class=\"wp-caption-text\">Hino nacional de Cabo Verde<\/figcaption><\/figure><p><strong>\u00a0<\/strong><\/p><h3><strong>3. O Bras\u00e3o de Armas de Cabo Verde<\/strong><\/h3><p>\u00a0<\/p><p><a href=\"http:\/\/feelcaboverde.com\/wp-content\/uploads\/2022\/09\/07.png\"><img decoding=\"async\" src=\"http:\/\/feelcaboverde.com\/wp-content\/uploads\/2022\/09\/07-300x300.png\" alt=\"Coat of Arms of Cape Verde\" width=\"324\" height=\"324\" \/><\/a><\/p><p><strong>\u00a0<\/strong><\/p><h5><strong>Descri\u00e7\u00e3o oficial do Bras\u00e3o de Armas de Cabo Verde<\/strong><\/h5><p>As Armas Nacionais reflectem uma composi\u00e7\u00e3o radial que apresenta, do centro para a periferia, os seguintes elementos:<\/p><p>a) Um tri\u00e2ngulo equil\u00e1tero de cor azul sobre o qual se inscreve um facho de cor branca;<\/p><p>b) Uma circunfer\u00eancia limitando um espa\u00e7o no qual se inscreve, a partir do \u00e2ngulo esquerdo e at\u00e9 o direito do tri\u00e2ngulo, as palavras \u201cREP\u00daBLICA DE CABO VERDE\u201d;<\/p><p>c) Tr\u00eas segmentos de recta de cor azul paralelos \u00e0 base do tri\u00e2ngulo, limitados pela primeira circunfer\u00eancia;<\/p><p>d) Uma segunda circunfer\u00eancia;<\/p><p>e) Um prumo de cor amarela, alinhado com o v\u00e9rtice do tri\u00e2ngulo equil\u00e1tero, sobreposto \u00e0s duas circunfer\u00eancias na sua parte superior;<\/p><p>f) Tr\u00eas elos de cor amarela ocupando a base da composi\u00e7\u00e3o, seguidos de duas palmas de cor verde e dez estrelas de cinco pontas de cor amarela dispostas simetricamente em dois grupos de cinco.<\/p><h5><strong>\u00a0<\/strong><\/h5><h5><strong>Simbolismo do Bras\u00e3o de Armas de <\/strong><a href=\"https:\/\/www.governo.cv\/o-arquipelago\/simbolos\/armas-da-republica\/\" rel=\"nofollow noopener\" target=\"_blank\"><strong>Cabo Verde<\/strong><\/a><\/h5><ul><li><strong>O prumo<\/strong>: simboliza verticalidade e retid\u00e3o as quais constituem a \u201cchave ab\u00f3bada\u201d da Constitui\u00e7\u00e3o Cabo-verdiana.<\/li><li><strong>O tri\u00e2ngulo equil\u00e1tero<\/strong>: representa a unidade, igualdade de direitos civis reconhecidos ao Povo pelo sistema democr\u00e1tico.<\/li><li><strong>O archote<\/strong>: retrata a liberdade conquistada ap\u00f3s muitos anos de sacrif\u00edcio, tortura e luta contra os opressores.<\/li><li><strong>O mar<\/strong>: simboliza nostalgia; bra\u00e7o de \u00e1gua que envolve as ilhas; inspira\u00e7\u00e3o dos poetas; sustento do povo; territ\u00f3rio do pa\u00eds.<\/li><li><strong>As palmas<\/strong>: representam a vit\u00f3ria conquistada na luta pela independ\u00eancia nacional, objetivo que animou o Povo e foi o seu sustent\u00e1culo moral na caminhada dif\u00edcil dos per\u00edodos de seca.<\/li><li><strong>As estrelas<\/strong>: simbolizam as dez ilhas que formam o arquip\u00e9lago de Cabo Verde.<\/li><\/ul><p><strong>\u00a0<\/strong><\/p><p><strong>\u00a0<\/strong><\/p><p><strong>Fontes<\/strong>:<\/p><p><a href=\"https:\/\/www.governo.cv\/\" rel=\"nofollow noopener\" target=\"_blank\">Governo de Cabo Verde<\/a>, S\u00edmbolos da Rep\u00fablica de Cabo Verde<\/p><p><a href=\"https:\/\/portais.parlamento.cv\/SimbolosNacionais\/\" rel=\"nofollow noopener\" target=\"_blank\">Assembleia Nacional<\/a>, S\u00edmbolos da Rep\u00fablica de Cabo Verde<\/p><p><a href=\"http:\/\/www.ministeriopublico.cv\/index.php\/component\/jdownloads\/send\/8-ministerio-publico-na-jurisdicao-junto-dotrinunal-constitucinal\/246-simbolos-nacionais?option=com_jdownloads\" rel=\"nofollow noopener\" target=\"_blank\">Boletim Oficial<\/a> N\u00ba16, I S\u00e9rie, 21 de abril de 2008<\/p><p><a href=\"https:\/\/portais.parlamento.cv\/Constituicao\/arquivos\/CR_CV.pdf\" rel=\"nofollow noopener\" target=\"_blank\">Constitui\u00e7\u00e3o <\/a>da Rep\u00fablica de Cabo Verde<\/p>\t\t\t\t\t\t<\/div>\n\t\t\t\t<\/div>\n\t\t<\/div><div class=\"elementor-element elementor-element-180b3df e-container--column e-container\" data-id=\"180b3df\" data-element_type=\"container\">\t\t<\/div>\t\t\t\t\t<\/div>","protected":false},"excerpt":{"rendered":"<p>S\u00edmbolos Nacionais de Cabo Verde Quando da revis\u00e3o constitucional de Cabo Verde para instaurar o multipartidarismo em 1992, foram criados novos s\u00edmbolos nacionais. A Constitui\u00e7\u00e3o da Rep\u00fablica Cabo Verde estabelece no seu Artigo 8\u00ba como os s\u00edmbolos da soberania nacional: \u00a0A Bandeira; O Hino; As Armas Nacionais. Como s\u00edmbolos da Rep\u00fablica de Cabo Verde representam [&hellip;]<\/p>","protected":false},"author":1,"featured_media":0,"parent":0,"menu_order":0,"comment_status":"closed","ping_status":"closed","template":"","meta":{"footnotes":""},"categories":[],"tags":[],"class_list":["post-2023","page","type-page","status-publish","hentry"],"_links":{"self":[{"href":"https:\/\/feelcaboverde.com\/it\/wp-json\/wp\/v2\/pages\/2023","targetHints":{"allow":["GET"]}}],"collection":[{"href":"https:\/\/feelcaboverde.com\/it\/wp-json\/wp\/v2\/pages"}],"about":[{"href":"https:\/\/feelcaboverde.com\/it\/wp-json\/wp\/v2\/types\/page"}],"author":[{"embeddable":true,"href":"https:\/\/feelcaboverde.com\/it\/wp-json\/wp\/v2\/users\/1"}],"replies":[{"embeddable":true,"href":"https:\/\/feelcaboverde.com\/it\/wp-json\/wp\/v2\/comments?post=2023"}],"version-history":[{"count":36,"href":"https:\/\/feelcaboverde.com\/it\/wp-json\/wp\/v2\/pages\/2023\/revisions"}],"predecessor-version":[{"id":4546,"href":"https:\/\/feelcaboverde.com\/it\/wp-json\/wp\/v2\/pages\/2023\/revisions\/4546"}],"wp:attachment":[{"href":"https:\/\/feelcaboverde.com\/it\/wp-json\/wp\/v2\/media?parent=2023"}],"wp:term":[{"taxonomy":"category","embeddable":true,"href":"https:\/\/feelcaboverde.com\/it\/wp-json\/wp\/v2\/categories?post=2023"},{"taxonomy":"post_tag","embeddable":true,"href":"https:\/\/feelcaboverde.com\/it\/wp-json\/wp\/v2\/tags?post=2023"}],"curies":[{"name":"wp","href":"https:\/\/api.w.org\/{rel}","templated":true}]}}