{"id":1961,"date":"2022-09-29T11:48:42","date_gmt":"2022-09-29T11:48:42","guid":{"rendered":"https:\/\/feelcaboverde.com\/?page_id=1961"},"modified":"2023-04-02T16:37:49","modified_gmt":"2023-04-02T16:37:49","slug":"geografia-e-geologia-de-cabo-verde","status":"publish","type":"page","link":"https:\/\/feelcaboverde.com\/it\/geografia-e-geologia-de-cabo-verde\/","title":{"rendered":"Geografia e Geologia de Cabo Verde"},"content":{"rendered":"<div data-elementor-type=\"wp-page\" data-elementor-id=\"1961\" class=\"elementor elementor-1961\">\n\t\t\t\t\t\t\t<div class=\"elementor-element elementor-element-7a76645 e-container--column e-container\" data-id=\"7a76645\" data-element_type=\"container\">\t\t\t\t<div class=\"elementor-element elementor-element-7c477fc elementor-widget elementor-widget-heading\" data-id=\"7c477fc\" data-element_type=\"widget\" data-widget_type=\"heading.default\">\n\t\t\t\t<div class=\"elementor-widget-container\">\n\t\t\t<style>\/*! elementor - v3.7.1 - 14-08-2022 *\/\n.elementor-heading-title{padding:0;margin:0;line-height:1}.elementor-widget-heading .elementor-heading-title[class*=elementor-size-]>a{color:inherit;font-size:inherit;line-height:inherit}.elementor-widget-heading .elementor-heading-title.elementor-size-small{font-size:15px}.elementor-widget-heading .elementor-heading-title.elementor-size-medium{font-size:19px}.elementor-widget-heading .elementor-heading-title.elementor-size-large{font-size:29px}.elementor-widget-heading .elementor-heading-title.elementor-size-xl{font-size:39px}.elementor-widget-heading .elementor-heading-title.elementor-size-xxl{font-size:59px}<\/style><h2 class=\"elementor-heading-title elementor-size-default\">1 - Localiza\u00e7\u00e3o Geogr\u00e1fica de Cabo Verde<\/h2>\t\t<\/div>\n\t\t\t\t<\/div>\n\t\t\t\t<div class=\"elementor-element elementor-element-284c0c7 elementor-widget elementor-widget-text-editor\" data-id=\"284c0c7\" data-element_type=\"widget\" data-widget_type=\"text-editor.default\">\n\t\t\t\t<div class=\"elementor-widget-container\">\n\t\t\t<style>\/*! elementor - v3.7.1 - 14-08-2022 *\/\n.elementor-widget-text-editor.elementor-drop-cap-view-stacked .elementor-drop-cap{background-color:#818a91;color:#fff}.elementor-widget-text-editor.elementor-drop-cap-view-framed .elementor-drop-cap{color:#818a91;border:3px solid;background-color:transparent}.elementor-widget-text-editor:not(.elementor-drop-cap-view-default) .elementor-drop-cap{margin-top:8px}.elementor-widget-text-editor:not(.elementor-drop-cap-view-default) .elementor-drop-cap-letter{width:1em;height:1em}.elementor-widget-text-editor .elementor-drop-cap{float:left;text-align:center;line-height:1;font-size:50px}.elementor-widget-text-editor .elementor-drop-cap-letter{display:inline-block}<\/style>\t\t\t\t<p><span style=\"font-weight: 400;\">Cabo Verde \u00e9 um pequeno estado insular localizado no Atl\u00e2ntico Norte, a aproximadamente 455 km (282 milhas) da costa ocidental africana.<\/span><\/p><p><span style=\"font-weight: 400;\">Situa-se entre o Equador e o Tr\u00f3pico de C\u00e2ncer, mais precisamente entre os paralelos 14\u00ba 23&#8242; e 17\u00ba 12&#8242; de latitude Norte e os meridianos 22\u00ba 40&#8242; e 25\u00ba 22&#8242; a Oeste de Greenwich.\u00a0<\/span><\/p><p><span style=\"font-weight: 400;\">O arquip\u00e9lago de Cabo Verde \u00e9 constitu\u00eddo por 10 ilhas (sendo uma delas inabitada) e 16 ilh\u00e9us (5 principais e 9 menores). A \u00e1rea geogr\u00e1fica terrestre total do pa\u00eds \u00e9 de aproximadamente 4033 km<\/span><span style=\"font-weight: 400;\">2<\/span><span style=\"font-weight: 400;\">.<\/span><\/p><figure id=\"attachment_1985\" aria-describedby=\"caption-attachment-1985\" style=\"width: 1379px\" class=\"wp-caption alignnone\"><img decoding=\"async\" class=\"wp-image-1985 size-full\" src=\"http:\/\/feelcaboverde.com\/wp-content\/uploads\/2022\/09\/01.png\" alt=\"cape verde location on the map\" width=\"1379\" height=\"975\" srcset=\"https:\/\/feelcaboverde.com\/wp-content\/uploads\/2022\/09\/01.png 1379w, https:\/\/feelcaboverde.com\/wp-content\/uploads\/2022\/09\/01-300x212.png 300w, https:\/\/feelcaboverde.com\/wp-content\/uploads\/2022\/09\/01-1024x724.png 1024w, https:\/\/feelcaboverde.com\/wp-content\/uploads\/2022\/09\/01-768x543.png 768w\" sizes=\"(max-width: 1379px) 100vw, 1379px\" \/><figcaption id=\"caption-attachment-1985\" class=\"wp-caption-text\">Mapa e localiza\u00e7\u00e3o geogr\u00e1fica de Cabo Verde<\/figcaption><\/figure>\t\t\t\t\t\t<\/div>\n\t\t\t\t<\/div>\n\t\t<\/div><div class=\"elementor-element elementor-element-d760dd7 e-container--column e-container\" data-id=\"d760dd7\" data-element_type=\"container\">\t\t\t\t<div class=\"elementor-element elementor-element-70cf0f4 elementor-widget elementor-widget-heading\" data-id=\"70cf0f4\" data-element_type=\"widget\" data-widget_type=\"heading.default\">\n\t\t\t\t<div class=\"elementor-widget-container\">\n\t\t\t<h2 class=\"elementor-heading-title elementor-size-default\">2 - Estrutura territorial de Cabo Verde<\/h2>\t\t<\/div>\n\t\t\t\t<\/div>\n\t\t\t\t<div class=\"elementor-element elementor-element-6e71b19 elementor-widget elementor-widget-text-editor\" data-id=\"6e71b19\" data-element_type=\"widget\" data-widget_type=\"text-editor.default\">\n\t\t\t\t<div class=\"elementor-widget-container\">\n\t\t\t\t\t\t\t<p>Cabo Verde \u00e9 constitu\u00eddo por dez ilhas (Santo Ant\u00e3o, S\u00e3o Vicente, Santa Luzia, S\u00e3o Nicolau, Sal, Boa Vista, Maio, Santiago, Fogo e Brava) e v\u00e1rips ilh\u00e9us.<\/p><p>As ilhas est\u00e3o agrupadas em dois conjuntos: as ilhas de Barlavento, a norte, e as ilhas de Sotavento, a sul.<\/p><p>Cabo Verde tamb\u00e9m \u00e9 dividido em 22 munic\u00edpios, cada um com uma administra\u00e7\u00e3o pr\u00f3pria e respons\u00e1vel por diferentes \u00e1reas, como educa\u00e7\u00e3o, sa\u00fade e infraestrutura.<\/p><p>A cidade da Praia \u00e9 a capital do pa\u00eds e est\u00e1 localizada na ilha de Santiago, a maior e mais populosa do arquip\u00e9lago.\u00a0<\/p><p><b>\u00a0<\/b><\/p><p><b style=\"color: var( --e-global-color-text ); font-family: var( --e-global-typography-text-font-family ), Sans-serif; font-size: 1rem;\">Ilhas de Cabo Verde\u00a0<\/b><\/p><p><span style=\"font-weight: 400;\">As ilhas de Cabo Verde dividem-se em dois grupos de acordo com a dire\u00e7\u00e3o do vento: ilhas do Barlavento (de onde sopra o vento) e do Sotavento (o lado oposto ao vento, ou para onde ele \u00e9 direcionado).\u00a0<\/span><\/p><p><span style=\"font-weight: 400;\">As ilhas do Barlavento situam-se mais a norte e incluem Santo Ant\u00e3o, S\u00e3o Vicente, S\u00e3o Nicolau, Santa Luzia, Sal e Boavista. As de Sotavento localizam-se ao sul, e pertencem a esse grupo as ilhas do Maio, Santiago, Fogo e Brava<\/span><span style=\"font-weight: 400;\">.<\/span><\/p><p>\u00a0<\/p><h4><b>Ilh\u00e9us <\/b><b style=\"color: var( --e-global-color-text ); font-family: var( --e-global-typography-text-font-family ), Sans-serif; font-size: 1rem;\">de Cabo Verde\u00a0<\/b><\/h4><p><span style=\"font-weight: 400;\">Cabo Verde possui ainda 16 ilh\u00e9us complementares, sendo os principais o ilh\u00e9u Branco, o Raso, o Lu\u00eds Carneiro, o Grande e o Ilh\u00e9u de Cima. Todos os ilh\u00e9us s\u00e3o inabitados.<\/span><\/p><p><span style=\"font-weight: 400;\">O quadro seguinte demonstra a distribui\u00e7\u00e3o geogr\u00e1fica dos principais ilh\u00e9us de Cabo Verde.\u00a0<\/span><\/p>\t\t\t\t\t\t<\/div>\n\t\t\t\t<\/div>\n\t\t<\/div><div class=\"elementor-element elementor-element-6e66140 e-container--column e-container\" data-id=\"6e66140\" data-element_type=\"container\">\t\t\t\t<div class=\"elementor-element elementor-element-1f6246e elementor-widget elementor-widget-text-editor\" data-id=\"1f6246e\" data-element_type=\"widget\" data-widget_type=\"text-editor.default\">\n\t\t\t\t<div class=\"elementor-widget-container\">\n\t\t\t\t\t\t\t<table width=\"685\"><tbody><tr><td width=\"171\"><strong>Grupo geogr\u00e1fico<\/strong><\/td><td width=\"170\"><strong>Nome<\/strong><\/td><td width=\"172\"><strong>\u00c1rea geogr\u00e1fica (km<sup>2<\/sup>)<\/strong><\/td><td width=\"172\"><strong>Localiza\u00e7\u00e3o<\/strong><\/td><\/tr><tr><td rowspan=\"7\" width=\"171\">Barlavento<\/td><td width=\"170\">Ilh\u00e9u dos P\u00e1ssaros<\/td><td width=\"172\">&#8211;<\/td><td width=\"172\">Entre S\u00e3o Vicente e Santo Ant\u00e3o<\/td><\/tr><tr><td width=\"170\">Ilh\u00e9u Branco<\/td><td width=\"172\">3<\/td><td rowspan=\"2\" width=\"172\">Entre Santa Luzia e S\u00e3o Nicolau<\/td><\/tr><tr><td width=\"170\">Ilh\u00e9u Raso<\/td><td width=\"172\">7<\/td><\/tr><tr><td width=\"170\">Ilh\u00e9u Rabo de Junco<\/td><td width=\"172\">&#8211;<\/td><td width=\"172\">Zona costeira do Sal<\/td><\/tr><tr><td width=\"170\">Ilh\u00e9u Sal Rei<\/td><td width=\"172\">&#8211;<\/td><td rowspan=\"3\" width=\"172\">Zona costeira da Boavista<\/td><\/tr><tr><td width=\"170\">Ilh\u00e9u Curral Velho<\/td><td width=\"172\">&#8211;<\/td><\/tr><tr><td width=\"170\">Ilh\u00e9u Baluarte<\/td><td width=\"172\">&#8211;<\/td><\/tr><tr><td rowspan=\"9\" width=\"171\">Sotavento<\/td><td width=\"170\">Ilh\u00e9u de Santa Maria<\/td><td width=\"172\">&#8211;<\/td><td width=\"172\">Zona costeira da cidade da Praia, Santiago<\/td><\/tr><tr><td width=\"170\">Ilh\u00e9u de Areia<\/td><td width=\"172\">&#8211;<\/td><td rowspan=\"8\" width=\"172\">Zona costeira da Brava<\/td><\/tr><tr><td width=\"170\">Ilh\u00e9u Grande<\/td><td width=\"172\">2<\/td><\/tr><tr><td width=\"170\">Ilh\u00e9u Rombo<\/td><td width=\"172\">&#8211;<\/td><\/tr><tr><td width=\"170\">Ilh\u00e9u de Baixo<\/td><td width=\"172\">&#8211;<\/td><\/tr><tr><td width=\"170\">Ilh\u00e9u de Cima<\/td><td width=\"172\">1.15<\/td><\/tr><tr><td width=\"170\">Ilh\u00e9u do Rei<\/td><td width=\"172\">&#8211;<\/td><\/tr><tr><td width=\"170\">Ilh\u00e9u Lu\u00eds Carneiro<\/td><td width=\"172\">0.22<\/td><\/tr><tr><td width=\"170\">Ilh\u00e9u Sapado<\/td><td width=\"172\">&#8211;<\/td><\/tr><\/tbody><\/table>\t\t\t\t\t\t<\/div>\n\t\t\t\t<\/div>\n\t\t<\/div><div class=\"elementor-element elementor-element-f593f6d e-container--column e-container\" data-id=\"f593f6d\" data-element_type=\"container\">\t\t\t\t<div class=\"elementor-element elementor-element-b9c31ab elementor-widget elementor-widget-heading\" data-id=\"b9c31ab\" data-element_type=\"widget\" data-widget_type=\"heading.default\">\n\t\t\t\t<div class=\"elementor-widget-container\">\n\t\t\t<h2 class=\"elementor-heading-title elementor-size-default\">Divis\u00e3o Administrativa de Cabo Verde\n<\/h2>\t\t<\/div>\n\t\t\t\t<\/div>\n\t\t\t\t<div class=\"elementor-element elementor-element-2f22ccc elementor-widget elementor-widget-text-editor\" data-id=\"2f22ccc\" data-element_type=\"widget\" data-widget_type=\"text-editor.default\">\n\t\t\t\t<div class=\"elementor-widget-container\">\n\t\t\t\t\t\t\t<p><span style=\"font-weight: 400;\">Em termos de divis\u00e3o administrativa, cada ilha \u00e9 dividida em concelhos ou munic\u00edpios. <\/span><b>Cabo Verde possui ao todo dez ilhas, 22 concelhos ou munic\u00edpios, 24 cidades e 32 freguesias<\/b><span style=\"font-weight: 400;\">.\u00a0\u00a0<\/span><\/p><p><span style=\"font-weight: 400;\">A tabela abaixo ilustra a divis\u00e3o de Cabo Verde segundo ilhas, concelhos e cidades de acordo com a atualiza\u00e7\u00e3o de 2010 (B.O n.\u00ba 32 \u2013 I S\u00e9rie [Lei n\u00ba 77\/VII\/2010]) e a popula\u00e7\u00e3o segundo o <\/span><a href=\"https:\/\/ine.cv\/noticias\/ine-apresenta-os-resultados-definitivos-do-v-recenseamento-geral-da-populacao-habitacao-rgph-2021\/\" rel=\"nofollow noopener\" target=\"_blank\"><span style=\"font-weight: 400;\">recenseamento geral da habita\u00e7\u00e3o e popula\u00e7\u00e3o<\/span><\/a><span style=\"font-weight: 400;\">, de 2021.<\/span><\/p>\t\t\t\t\t\t<\/div>\n\t\t\t\t<\/div>\n\t\t<\/div><div class=\"elementor-element elementor-element-915f8c1 e-container--column e-container\" data-id=\"915f8c1\" data-element_type=\"container\">\t\t\t\t<div class=\"elementor-element elementor-element-168f5b5 elementor-widget elementor-widget-text-editor\" data-id=\"168f5b5\" data-element_type=\"widget\" data-widget_type=\"text-editor.default\">\n\t\t\t\t<div class=\"elementor-widget-container\">\n\t\t\t\t\t\t\t<table width=\"671\"><tbody><tr><td width=\"85\"><p><strong>Grupo <\/strong><\/p><\/td><td width=\"94\"><p><strong>Ilha<\/strong><\/p><\/td><td width=\"95\"><p><strong>\u00c1rea geogr\u00e1fica (km<sup>2<\/sup>)<\/strong><\/p><\/td><td width=\"85\"><p><strong>Popula\u00e7\u00e3o (Censo 2021)<\/strong><\/p><\/td><td width=\"104\"><p><strong>Concelhos<\/strong><\/p><\/td><td width=\"94\"><p><strong>Cidades<\/strong><\/p><\/td><td width=\"113\"><p><strong>Freguesias por concelho<\/strong><\/p><\/td><\/tr><tr><td rowspan=\"11\" width=\"85\"><p>Barlavento<\/p><\/td><td rowspan=\"4\" width=\"94\"><p>Santo Ant\u00e3o<\/p><\/td><td rowspan=\"4\" width=\"95\"><p>785<\/p><\/td><td rowspan=\"4\" width=\"85\"><p>36 950<\/p><\/td><td width=\"104\"><p>Paul<\/p><\/td><td width=\"94\"><p>As Pombas<\/p><\/td><td width=\"113\"><p>Santo Ant\u00f3nio das Pombas<\/p><\/td><\/tr><tr><td width=\"104\"><p>Porto Novo<\/p><\/td><td width=\"94\"><p>Porto Novo<\/p><\/td><td width=\"113\"><p>&#8211; S\u00e3o Jo\u00e3o Baptista<\/p><p>&#8211; Santo Andr\u00e9<\/p><\/td><\/tr><tr><td rowspan=\"2\" width=\"104\"><p>Ribeira Grande<\/p><\/td><td width=\"94\"><p>Ponta do Sol<\/p><\/td><td rowspan=\"2\" width=\"113\"><p>&#8211; Nossa Senhora do Livramento<\/p><p>&#8211; Nossa Senhora do Ros\u00e1rio<\/p><p>&#8211; Santo Crucifixo<\/p><p>&#8211; S\u00e3o Pedro Ap\u00f3stolo<\/p><\/td><\/tr><tr><td width=\"94\"><p>Povoa\u00e7\u00e3o<\/p><\/td><\/tr><tr><td width=\"94\"><p>S\u00e3o Vicente<\/p><\/td><td width=\"95\"><p>227<\/p><\/td><td width=\"85\"><p>75 845<\/p><\/td><td width=\"104\"><p>S\u00e3o Vicente<\/p><\/td><td width=\"94\"><p>Mindelo<\/p><\/td><td width=\"113\"><p>Nossa Senhora da Luz<\/p><\/td><\/tr><tr><td width=\"94\"><p>Santa Luzia<\/p><\/td><td width=\"95\"><p>35<\/p><\/td><td width=\"85\"><p>0<\/p><\/td><td width=\"104\"><p>&#8211;<\/p><\/td><td width=\"94\"><p>&#8211;<\/p><\/td><td width=\"113\"><p>&#8211;<\/p><\/td><\/tr><tr><td rowspan=\"2\" width=\"94\"><p>S\u00e3o Nicolau<\/p><\/td><td rowspan=\"2\" width=\"95\"><p>343<\/p><\/td><td rowspan=\"2\" width=\"85\"><p>12 306<\/p><\/td><td width=\"104\"><p>Ribeira Brava<\/p><\/td><td width=\"94\"><p>Ribeira Brava<\/p><\/td><td width=\"113\"><p>&#8211; Nossa Senhora da Lapa<\/p><p>&#8211; Nossa Senhora do Ros\u00e1rio<\/p><\/td><\/tr><tr><td width=\"104\"><p>Tarrafal de S. Nicolau<\/p><\/td><td width=\"94\"><p>Tarrafal de S. Nicolau<\/p><\/td><td width=\"113\"><p>S\u00e3o Francisco<\/p><\/td><\/tr><tr><td rowspan=\"2\" width=\"94\"><p>Sal<\/p><\/td><td rowspan=\"2\" width=\"95\"><p>220<\/p><\/td><td rowspan=\"2\" width=\"85\"><p>33 615<\/p><\/td><td rowspan=\"2\" width=\"104\"><p>Sal<\/p><\/td><td width=\"94\"><p>Espargos<\/p><\/td><td rowspan=\"2\" width=\"113\"><p>Nossa Senhora das Dores<\/p><\/td><\/tr><tr><td width=\"94\"><p>Santa Maria<\/p><\/td><\/tr><tr><td width=\"94\"><p>Boa Vista<\/p><\/td><td width=\"95\"><p>631<\/p><\/td><td width=\"85\"><p>12 798<\/p><\/td><td width=\"104\"><p>Boavista<\/p><\/td><td width=\"94\"><p>Sal Rei<\/p><\/td><td width=\"113\"><p>&#8211; Santa Isabel<\/p><p>&#8211; S\u00e3o Jo\u00e3o Baptista<\/p><\/td><\/tr><tr><td rowspan=\"14\" width=\"85\"><p>Sotavento<\/p><\/td><td width=\"94\"><p>Maio<\/p><\/td><td width=\"95\"><p>275<\/p><\/td><td width=\"85\"><p>6 330<\/p><\/td><td width=\"104\"><p>Maio<\/p><\/td><td width=\"94\"><p>Porto Ingl\u00eas<\/p><\/td><td width=\"113\"><p>Nossa Senhora da Luz<\/p><\/td><\/tr><tr><td rowspan=\"9\" width=\"94\"><p>Santiago<\/p><\/td><td rowspan=\"9\" width=\"95\"><p>991<\/p><\/td><td rowspan=\"9\" width=\"85\"><p>273 988<\/p><\/td><td width=\"104\"><p>Tarrafal<\/p><\/td><td width=\"94\"><p>Tarrafal<\/p><\/td><td width=\"113\"><p>Santo Amaro Abade<\/p><\/td><\/tr><tr><td width=\"104\"><p>Santa Catarina<\/p><\/td><td width=\"94\"><p>Assomada<\/p><\/td><td width=\"113\"><p>Santa Catarina<\/p><\/td><\/tr><tr><td width=\"104\"><p>Santa Cruz<\/p><\/td><td width=\"94\"><p>Pedra Badejo<\/p><\/td><td width=\"113\"><p>Santiago Maior<\/p><\/td><\/tr><tr><td width=\"104\"><p>Praia<\/p><\/td><td width=\"94\"><p>Praia<\/p><\/td><td width=\"113\"><p>Nossa Senhora da Gra\u00e7a<\/p><\/td><\/tr><tr><td width=\"104\"><p>S\u00e3o Domingos<\/p><\/td><td width=\"94\"><p>V\u00e1rzea da Igreja<\/p><\/td><td width=\"113\"><p>&#8211; Nossa Senhora da Luz<\/p><p>&#8211; S\u00e3o Nicolau Tolentino<\/p><\/td><\/tr><tr><td width=\"104\"><p>S\u00e3o Miguel<\/p><\/td><td width=\"94\"><p>Calheta de S\u00e3o Miguel<\/p><\/td><td width=\"113\"><p>S\u00e3o Miguel Arcanjo<\/p><\/td><\/tr><tr><td width=\"104\"><p>S\u00e3o Salvador do Mundo<\/p><\/td><td width=\"94\"><p>Achada Igreja<\/p><\/td><td width=\"113\"><p>S\u00e3o Salvador do Mundo<\/p><\/td><\/tr><tr><td width=\"104\"><p>S\u00e3o Louren\u00e7o dos \u00d3rg\u00e3os<\/p><\/td><td width=\"94\"><p>Jo\u00e3o Teves<\/p><\/td><td width=\"113\"><p>S\u00e3o Louren\u00e7o dos \u00d3rg\u00e3os<\/p><\/td><\/tr><tr><td width=\"104\"><p>Ribeira Grande de Santiago<\/p><\/td><td width=\"94\"><p>Cidade Velha<\/p><\/td><td width=\"113\"><p>&#8211; Sant\u00edssimo Nome de Jesus<\/p><p>&#8211; S\u00e3o Jo\u00e3o Baptista<\/p><\/td><\/tr><tr><td rowspan=\"3\" width=\"94\"><p>Fogo<\/p><\/td><td rowspan=\"3\" width=\"95\"><p>476<\/p><\/td><td rowspan=\"3\" width=\"85\"><p>33 754<\/p><\/td><td width=\"104\"><p>Mosteiros<\/p><\/td><td width=\"94\"><p>Mosteiros<\/p><\/td><td width=\"113\"><p>Nossa Senhora da Ajuda<\/p><\/td><\/tr><tr><td width=\"104\"><p>S\u00e3o Filipe<\/p><\/td><td width=\"94\"><p>S\u00e3o Filipe<\/p><\/td><td width=\"113\"><p>&#8211; S\u00e3o Louren\u00e7o<\/p><p>&#8211; Nossa Senhora da Concei\u00e7\u00e3o<\/p><\/td><\/tr><tr><td width=\"104\"><p>Santa Catarina do Fogo<\/p><\/td><td width=\"94\"><p>Santa Catarina do Fogo<\/p><\/td><td width=\"113\"><p>Santa Catarina do Fogo<\/p><\/td><\/tr><tr><td width=\"94\"><p>Brava<\/p><\/td><td width=\"95\"><p>63<\/p><\/td><td width=\"85\"><p>5 647<\/p><\/td><td width=\"104\"><p>Brava<\/p><\/td><td width=\"94\"><p>Nova Sintra<\/p><\/td><td width=\"113\"><p>&#8211; S\u00e3o Jo\u00e3o Baptista<\/p><p>&#8211; Nossa Senhora do Monte<\/p><\/td><\/tr><tr><td width=\"85\"><p><strong>Total<\/strong><\/p><\/td><td width=\"94\"><p><strong>10<\/strong><strong> ilhas<\/strong><\/p><\/td><td width=\"95\"><p><strong>4033 km<sup>2<\/sup><\/strong><\/p><\/td><td width=\"85\"><p><strong>491 233 habitantes<\/strong><\/p><\/td><td width=\"104\"><p><strong>22 concelhos<\/strong><\/p><\/td><td width=\"94\"><p><strong>24 cidades<\/strong><\/p><\/td><td width=\"113\"><p><strong>32 freguesias<\/strong><\/p><\/td><\/tr><\/tbody><\/table>\t\t\t\t\t\t<\/div>\n\t\t\t\t<\/div>\n\t\t<\/div><div class=\"elementor-element elementor-element-71828b0 e-container--column e-container\" data-id=\"71828b0\" data-element_type=\"container\">\t\t\t\t<div class=\"elementor-element elementor-element-1485c78 elementor-widget elementor-widget-heading\" data-id=\"1485c78\" data-element_type=\"widget\" data-widget_type=\"heading.default\">\n\t\t\t\t<div class=\"elementor-widget-container\">\n\t\t\t<h2 class=\"elementor-heading-title elementor-size-default\">Geologia e Geomorfologia das Ilhas de Cabo Verde<\/h2>\t\t<\/div>\n\t\t\t\t<\/div>\n\t\t\t\t<div class=\"elementor-element elementor-element-4e04625 elementor-widget elementor-widget-text-editor\" data-id=\"4e04625\" data-element_type=\"widget\" data-widget_type=\"text-editor.default\">\n\t\t\t\t<div class=\"elementor-widget-container\">\n\t\t\t\t\t\t\t<p>As ilhas de Cabo Verde s\u00e3o de origem vulc\u00e2nica, tendo sido formadas pelo ac\u00famulo de rochas resultantes de erup\u00e7\u00f5es sobre as plataformas submarinas. Essas rochas se ergueram de uma profundidade de aproximadamente 3000 metros do fundo do mar, a partir de uma grande eleva\u00e7\u00e3o topogr\u00e1fica denominada Crista de Cabo Verde.<\/p>\n<p>A atividade vulc\u00e2nica no arquip\u00e9lago resulta de um <em>hotspot<\/em>, isto \u00e9, de uma regi\u00e3o do manto da terra onde colunas de magma quente sobem atrav\u00e9s da crusta terrestre e entram em erup\u00e7\u00e3o no fundo do mar.<\/p><p><br><\/p>\n<p><\/p>\n<h5><strong>Recursos geol\u00f3gicos de Cabo Verde <\/strong><\/h5>\n<p>Os recursos geol\u00f3gicos de Cabo Verde incluem principalmente rochas b\u00e1sicas com predom\u00ednio de rochas bas\u00e1lticas, rochas fonotraqu\u00edticas e produtos pirocl\u00e1sticos (bombas, lapili, areias e tufos).&nbsp;<\/p>\n<p>Em todo o arquip\u00e9lago encontram-se rochas sedimentares (areia, aluvi\u00f5es, cascalheiras da praia, dep\u00f3sitos de enxurrada e dep\u00f3sitos de vertente), com maior incid\u00eancia na ilha do Maio, onde aparecem argilas, margas, calc\u00e1rios jur\u00e1ssicos e cret\u00e1cicos. Ressalta-se que a percentagem de rochas sedimentares \u00e9 superior \u00e0 de rochas magm\u00e1ticas na ilha do Maio, contrariamente \u00e0s demais.<\/p>\n<p>Os solos de Cabo Verde s\u00e3o geralmente pouco profundos, pobres em mat\u00e9ria org\u00e2nica, pouco diferenciados e rochosos. Possuem como substrato as rochas vulc\u00e2nicas (80% basalto) e rochas sedimentares.<\/p>\n<p>Somente 10% das terras emersas do territ\u00f3rio s\u00e3o potencialmente ar\u00e1veis\/cultiv\u00e1veis (cerca de 40.000 ha). Isso constitui um dos principais fatores de vulnerabilidade do pa\u00eds, j\u00e1 que a maioria do que se consome \u00e9 importado.<\/p><p><br><\/p>\n<p><\/p>\n<h5><strong>Topografia e relevo das ilhas de Cabo Verde <\/strong><\/h5>\n<p>Apesar da origem vulc\u00e2nica comum, as ilhas de Cabo Verde variam em rela\u00e7\u00e3o ao relevo e topografia. Em termos topogr\u00e1ficos, as ilhas podem ser divididas em dois grupos:<\/p>\n<ul>\n<li>Ilhas planas: constitu\u00eddas por um grupo de ilhas de relevo suave, com apenas alguns picos baixos dispersos; inclui-se nesse grupo as ilhas do Maio, Boa Vista, Sal e Santa Luzia.<\/li>\n<li>Ilhas montanhosas: caracterizadas por um relevo acentuado e acidentado, muitas vezes com impressionantes fal\u00e9sias, desfiladeiros, e encostas \u00edngremes.<\/li>\n<\/ul>\n<p>Fazem parte deste grupo as ilhas de Santo Ant\u00e3o, S\u00e3o Nicolau, Santiago, Fogo e Brava.<\/p>\n<p>A ilha de S\u00e3o Vicente ocupa uma posi\u00e7\u00e3o intermedi\u00e1ria entre esses dois grupos, tanto no que diz respeito \u00e0 topografia como ao relevo.<\/p>\n<p>Com exce\u00e7\u00e3o das ilhas mais planas (Santa Luzia, Sal, Boavista e Maio), o relevo do arquip\u00e9lago \u00e9 consideravelmente acidentado. As paisagens variam muito entre as ilhas, sendo poss\u00edvel encontrar desde praias quilom\u00e9tricas (como a praia de Santa M\u00f3nica, na ilha da Boavista), a extensas salinas (nas ilhas do Sal e do Maio), fal\u00e9sias deslumbrantes (principalmente em Santo Ant\u00e3o, S\u00e3o Nicolau e Brava) e at\u00e9 um vulc\u00e3o ativo, na ilha do Fogo.<\/p><p><br><\/p>\n<p><\/p>\n<h5><strong>Pontos mais altos de Cabo Verde <\/strong><\/h5>\n<p>A tabela seguinte sintetiza os pontos mais altos de Cabo Verde, a localiza\u00e7\u00e3o e respetivas altitudes.<\/p>\n<table width=\"602\">\n<tbody>\n<tr>\n<td width=\"201\">\n<p><strong>Pontos altos de Cabo Verde<\/strong><\/p>\n<\/td>\n<td width=\"201\">\n<p><strong>Ilha<\/strong><\/p>\n<\/td>\n<td width=\"201\">\n<p><strong>Altitude acima n\u00edvel do mar (metros)<\/strong><\/p>\n<\/td>\n<\/tr>\n<tr>\n<td width=\"201\">\n<p>Pico do Fogo<\/p>\n<\/td>\n<td width=\"201\">\n<p>Fogo<\/p>\n<\/td>\n<td width=\"201\">\n<p>2829<\/p>\n<\/td>\n<\/tr>\n<tr>\n<td width=\"201\">\n<p>Topo de Coroa<\/p>\n<\/td>\n<td width=\"201\">\n<p>Santo Ant\u00e3o<\/p>\n<\/td>\n<td width=\"201\">\n<p>1979<\/p>\n<\/td>\n<\/tr>\n<tr>\n<td width=\"201\">\n<p>Pico da Cruz<\/p>\n<\/td>\n<td width=\"201\">\n<p>Santo Ant\u00e3o<\/p>\n<\/td>\n<td width=\"201\">\n<p>1585<\/p>\n<\/td>\n<\/tr>\n<tr>\n<td width=\"201\">\n<p>Pico d\u2019Ant\u00f3nia<\/p>\n<\/td>\n<td width=\"201\">\n<p>Santiago<\/p>\n<\/td>\n<td width=\"201\">\n<p>1394<\/p>\n<\/td>\n<\/tr>\n<tr>\n<td width=\"201\">\n<p>Monte Gordo<\/p>\n<\/td>\n<td width=\"201\">\n<p>S\u00e3o Nicolau<\/p>\n<\/td>\n<td width=\"201\">\n<p>1312<\/p>\n<\/td>\n<\/tr>\n<tr>\n<td width=\"201\">\n<p>Serra Malagueta<\/p>\n<\/td>\n<td width=\"201\">\n<p>Santiago<\/p>\n<\/td>\n<td width=\"201\">\n<p>1064<\/p>\n<\/td>\n<\/tr>\n<tr>\n<td width=\"201\">\n<p>Monte Fontainhas<\/p>\n<\/td>\n<td width=\"201\">\n<p>Brava<\/p>\n<\/td>\n<td width=\"201\">\n<p>976<\/p>\n<\/td>\n<\/tr>\n<tr>\n<td width=\"201\">\n<p>Monte Verde<\/p>\n<\/td>\n<td width=\"201\">\n<p>S\u00e3o Vicente<\/p>\n<\/td>\n<td width=\"201\">\n<p>750<\/p>\n<\/td>\n<\/tr>\n<tr>\n<td width=\"201\">\n<p>Monte Penoso<\/p>\n<\/td>\n<td width=\"201\">\n<p>Maio<\/p>\n<\/td>\n<td width=\"201\">\n<p>431<\/p>\n<\/td>\n<\/tr>\n<tr>\n<td width=\"201\">\n<p>Topona<\/p>\n<\/td>\n<td width=\"201\">\n<p>Santa Luzia<\/p>\n<\/td>\n<td width=\"201\">\n<p>397<\/p>\n<\/td>\n<\/tr>\n<tr>\n<td width=\"201\">\n<p>Monte Est\u00e2ncia<\/p>\n<\/td>\n<td width=\"201\">\n<p>Boavista<\/p>\n<\/td>\n<td width=\"201\">\n<p>387<\/p>\n<\/td>\n<\/tr>\n<tr>\n<td width=\"201\">\n<p>Monte Grande<\/p>\n<\/td>\n<td width=\"201\">\n<p>Sal<\/p>\n<\/td>\n<td width=\"201\">\n<p>252<\/p>\n<\/td>\n<\/tr>\n<\/tbody>\n<\/table>\n<p>O <strong>ponto mais alto de Cabo Verde \u00e9 o Pico do Fogo<\/strong>, com uma altitude de 2829 metros acima do n\u00edvel do mar.<\/p><p><br><\/p>\n<p><\/p>\n<h5><strong>Idade das ilhas de Cabo Verde<\/strong><\/h5>\n<p>Embora a idade das ilhas n\u00e3o seja muito clara e consensual, estima-se que as ilhas do Sal, Maio e Boavista sejam as ilhas mais antigas. Em decorr\u00eancia da forte eros\u00e3o pelo vento ao longo do tempo, essas ilhas s\u00e3o muito arenosas e planas.<\/p>\n<p>Por outro lado, as ilhas de aspeto mais &#8220;enrugado&#8221; e rochoso s\u00e3o mais recentes, estimando-se que as ilhas do Fogo e Brava sejam as mais jovens do arquip\u00e9lago.<\/p>\n<p>A figura seguinte ilustra a idade aproximada das ilhas de Cabo Verde.<\/p>\n<figure id=\"attachment_2000\" aria-describedby=\"caption-attachment-2000\" style=\"width: 1379px\" class=\"wp-caption alignnone\"><img decoding=\"async\" src=\"http:\/\/feelcaboverde.com\/wp-content\/uploads\/2022\/09\/02.png\" alt=\"Cape Verde islands age map\" width=\"1379\" height=\"975\"><figcaption id=\"caption-attachment-2000\" class=\"wp-caption-text\">Mapa de idade das ilhas de Cabo Verde<\/figcaption><\/figure>\n<p><strong>&nbsp;<\/strong><\/p>\n<h5><strong>Atividade vulc\u00e2nica em Cabo Verde<\/strong><\/h5>\n<p>Apesar da origem vulc\u00e2nica e de uma certa atividade vulc\u00e2nica latente em todo o arquip\u00e9lago, esta \u00e9 maioritariamente impercet\u00edvel. A \u00faltima erup\u00e7\u00e3o vulc\u00e2nica no pa\u00eds ocorreu em 2014, sem perdas humanas.<\/p>\n<p>Geralmente, entre os sinais premonit\u00f3rios de atividade vulc\u00e2nica e a explos\u00e3o do magma para a superf\u00edcie pode decorrer semanas a meses, o que permite que a\u00e7\u00f5es de prote\u00e7\u00e3o sejam conduzidas.<\/p>\n<p>O Instituto Nacional de Meteorologia e Geof\u00edsica de Cabo Verde possui 18 <a href=\"https:\/\/www.inmg.gov.cv\/index.php\/servicos\/geofisica\" rel=\"nofollow noopener\" target=\"_blank\">esta\u00e7\u00f5es sismom\u00e9tricas<\/a> distribu\u00eddas pelo arquip\u00e9lago que monitoram qualquer atividade vulc\u00e2nica nas ilhas. A ilha do Fogo conta ainda com tr\u00eas esta\u00e7\u00f5es inclinom\u00e9tricas que possibilitam acompanhar a deforma\u00e7\u00e3o do solo produzidas por intrus\u00f5es magm\u00e1ticas, como forma de monitoriza\u00e7\u00e3o complementar do vulc\u00e3o do Fogo. Essas medidas visam garantir que medidas de seguran\u00e7a sejam tomadas atempadamente em caso de atividade vulc\u00e2nica relevante.<\/p>\n<p><\/p>\n<h5><b><br><\/b><\/h5><h5><b>Conclus\u00e3o<\/b><\/h5>\n<p>Cabo Verde apresenta uma diversidade geol\u00f3gica not\u00f3ria, com paisagens impressionantes que v\u00e3o desde montanhas \u00edngremes at\u00e9 praias de areia branca e \u00e1guas cristalinas. Essa diversidade oferece \u00f3timas opc\u00f5es de aventuras pelas ilhas.<\/p>\n<p>Caso esteja interessado em saber mais sobre o t\u00f3pico ou quiser ajuda para explorar o melhor que Cabo Verde tem a oferecer, entre em contato conosco.<\/p>\n<p><\/p>\t\t\t\t\t\t<\/div>\n\t\t\t\t<\/div>\n\t\t<\/div>\t\t\t\t\t<\/div>","protected":false},"excerpt":{"rendered":"<p>1 &#8211; Localiza\u00e7\u00e3o Geogr\u00e1fica de Cabo Verde Cabo Verde \u00e9 um pequeno estado insular localizado no Atl\u00e2ntico Norte, a aproximadamente 455 km (282 milhas) da costa ocidental africana. Situa-se entre o Equador e o Tr\u00f3pico de C\u00e2ncer, mais precisamente entre os paralelos 14\u00ba 23&#8242; e 17\u00ba 12&#8242; de latitude Norte e os meridianos 22\u00ba 40&#8242; [&hellip;]<\/p>","protected":false},"author":1,"featured_media":0,"parent":0,"menu_order":0,"comment_status":"closed","ping_status":"closed","template":"","meta":{"footnotes":""},"categories":[],"tags":[],"class_list":["post-1961","page","type-page","status-publish","hentry"],"_links":{"self":[{"href":"https:\/\/feelcaboverde.com\/it\/wp-json\/wp\/v2\/pages\/1961","targetHints":{"allow":["GET"]}}],"collection":[{"href":"https:\/\/feelcaboverde.com\/it\/wp-json\/wp\/v2\/pages"}],"about":[{"href":"https:\/\/feelcaboverde.com\/it\/wp-json\/wp\/v2\/types\/page"}],"author":[{"embeddable":true,"href":"https:\/\/feelcaboverde.com\/it\/wp-json\/wp\/v2\/users\/1"}],"replies":[{"embeddable":true,"href":"https:\/\/feelcaboverde.com\/it\/wp-json\/wp\/v2\/comments?post=1961"}],"version-history":[{"count":70,"href":"https:\/\/feelcaboverde.com\/it\/wp-json\/wp\/v2\/pages\/1961\/revisions"}],"predecessor-version":[{"id":4327,"href":"https:\/\/feelcaboverde.com\/it\/wp-json\/wp\/v2\/pages\/1961\/revisions\/4327"}],"wp:attachment":[{"href":"https:\/\/feelcaboverde.com\/it\/wp-json\/wp\/v2\/media?parent=1961"}],"wp:term":[{"taxonomy":"category","embeddable":true,"href":"https:\/\/feelcaboverde.com\/it\/wp-json\/wp\/v2\/categories?post=1961"},{"taxonomy":"post_tag","embeddable":true,"href":"https:\/\/feelcaboverde.com\/it\/wp-json\/wp\/v2\/tags?post=1961"}],"curies":[{"name":"wp","href":"https:\/\/api.w.org\/{rel}","templated":true}]}}