{"id":1935,"date":"2022-09-29T11:29:49","date_gmt":"2022-09-29T11:29:49","guid":{"rendered":"https:\/\/feelcaboverde.com\/?page_id=1935"},"modified":"2023-04-13T19:23:38","modified_gmt":"2023-04-13T19:23:38","slug":"cabo-verde","status":"publish","type":"page","link":"https:\/\/feelcaboverde.com\/it\/cabo-verde\/","title":{"rendered":"Cabo Verde"},"content":{"rendered":"<div data-elementor-type=\"wp-page\" data-elementor-id=\"1935\" class=\"elementor elementor-1935\">\n\t\t\t\t\t\t\t<div class=\"elementor-element elementor-element-7a76645 e-container--row e-container\" data-id=\"7a76645\" data-element_type=\"container\">\t\t\t\t<div class=\"elementor-element elementor-element-284c0c7 elementor-widget elementor-widget-text-editor\" data-id=\"284c0c7\" data-element_type=\"widget\" data-widget_type=\"text-editor.default\">\n\t\t\t\t<div class=\"elementor-widget-container\">\n\t\t\t<style>\/*! elementor - v3.7.1 - 14-08-2022 *\/\n.elementor-widget-text-editor.elementor-drop-cap-view-stacked .elementor-drop-cap{background-color:#818a91;color:#fff}.elementor-widget-text-editor.elementor-drop-cap-view-framed .elementor-drop-cap{color:#818a91;border:3px solid;background-color:transparent}.elementor-widget-text-editor:not(.elementor-drop-cap-view-default) .elementor-drop-cap{margin-top:8px}.elementor-widget-text-editor:not(.elementor-drop-cap-view-default) .elementor-drop-cap-letter{width:1em;height:1em}.elementor-widget-text-editor .elementor-drop-cap{float:left;text-align:center;line-height:1;font-size:50px}.elementor-widget-text-editor .elementor-drop-cap-letter{display:inline-block}<\/style>\t\t\t\t<p><span style=\"color: var( --e-global-color-text ); font-family: var( --e-global-typography-text-font-family ), Sans-serif; font-size: 1rem;\">Rec\u00f4ndito no oceano atl\u00e2ntico e guardado pela costa ocidental africana encontra-se Cabo Verde, um arquip\u00e9lago de dez ilhas ocupando uma pequena superf\u00edcie terrestre de aproximadamente 4.033 km<\/span><span style=\"color: var( --e-global-color-text ); font-family: var( --e-global-typography-text-font-family ), Sans-serif; font-size: 1rem;\">2<\/span><span style=\"color: var( --e-global-color-text ); font-family: var( --e-global-typography-text-font-family ), Sans-serif; font-size: 1rem;\">.<\/span><\/p><p><span style=\"font-weight: 400;\">Com uma popula\u00e7\u00e3o residente de apenas 491.233 habitantes, os \u201cDez Gr\u00e3ozinhos de Terra\u201d possuem um patrim\u00f3nio geogr\u00e1fico, hist\u00f3rico e cultural riqu\u00edssimo.\u00a0<\/span><\/p><p><span style=\"font-weight: 400;\">Cada ilha exibe um car\u00e1ter \u00fanico e distinto das demais, e combinam-se perfeitamente originando esse mosaico de <\/span><i><span style=\"font-weight: 400;\">Morabeza<\/span><\/i><span style=\"font-weight: 400;\"> que n\u00f3s cabo-verdianos tanto estimamos.<\/span><\/p><p><span style=\"font-weight: 400;\">Embora s\u00f3 recentemente o arquip\u00e9lago venha ganhando maior popularidade como destino tur\u00edstico, a verdade \u00e9 que, como dizia a nossa diva Ces\u00e1ria \u00c9vora, \u201cCabo Verde nunca saiu de moda\u201d. E quem por aqui passa leva sempre no cora\u00e7\u00e3o um pouco de <\/span><i><span style=\"font-weight: 400;\">sodade,<\/span><\/i><span style=\"font-weight: 400;\"> e na bagagem uma <\/span><i><span style=\"font-weight: 400;\">inkmenda d\u2019terra<\/span><\/i><span style=\"font-weight: 400;\"> (encomendas tradicionais).<\/span><\/p><p><span style=\"font-weight: 400;\">Do que est\u00e1 \u00e0 espera para descobrir esta p\u00e9rola do Atl\u00e2ntico?\u00a0<\/span><\/p><p><span style=\"font-weight: 400;\">Paisagens ecl\u00e9ticas, praias deslumbrantes, sol abundante, tradi\u00e7\u00f5es multifacetadas, gentes alegres e acolhedoras, e uma atmosfera calorosa aguardam-lhe. Venha conhecer e sentir Cabo Verde! <\/span><\/p>\t\t\t\t\t\t<\/div>\n\t\t\t\t<\/div>\n\t\t<\/div><div class=\"elementor-element elementor-element-b57fcba e-container--row e-container\" data-id=\"b57fcba\" data-element_type=\"container\">\t\t<div class=\"elementor-element elementor-element-02bb19f e-container--column e-container\" data-id=\"02bb19f\" data-element_type=\"container\" data-settings=\"{&quot;background_background&quot;:&quot;classic&quot;}\">\t\t\t\t<div class=\"elementor-element elementor-element-a5de719 elementor-view-stacked elementor-shape-circle elementor-mobile-position-top elementor-vertical-align-top elementor-widget elementor-widget-icon-box\" data-id=\"a5de719\" data-element_type=\"widget\" data-widget_type=\"icon-box.default\">\n\t\t\t\t<div class=\"elementor-widget-container\">\n\t\t\t<link rel=\"stylesheet\" href=\"https:\/\/feelcaboverde.com\/wp-content\/plugins\/elementor\/assets\/css\/widget-icon-box.min.css\">\t\t<div class=\"elementor-icon-box-wrapper\">\n\t\t\t\t\t\t<div class=\"elementor-icon-box-icon\">\n\t\t\t\t<a class=\"elementor-icon elementor-animation-\" href=\"https:\/\/feelcaboverde.com\/it\/historia\/\">\n\t\t\t\t<svg aria-hidden=\"true\" class=\"e-font-icon-svg e-fas-university\"><use xlink:href=\"#fas-university\" \/><\/svg>\t\t\t\t<\/a>\n\t\t\t<\/div>\n\t\t\t\t\t\t<div class=\"elementor-icon-box-content\">\n\t\t\t\t<h3 class=\"elementor-icon-box-title\">\n\t\t\t\t\t<a href=\"https:\/\/feelcaboverde.com\/it\/historia\/\" >\n\t\t\t\t\t\tHist\u00f3ria\t\t\t\t\t<\/a>\n\t\t\t\t<\/h3>\n\t\t\t\t\t\t\t<\/div>\n\t\t<\/div>\n\t\t\t\t<\/div>\n\t\t\t\t<\/div>\n\t\t<\/div><div class=\"elementor-element elementor-element-68ca3db e-container--column e-container\" data-id=\"68ca3db\" data-element_type=\"container\" data-settings=\"{&quot;background_background&quot;:&quot;classic&quot;}\">\t\t\t\t<div class=\"elementor-element elementor-element-2c8e961 elementor-view-stacked elementor-shape-circle elementor-mobile-position-top elementor-vertical-align-top elementor-widget elementor-widget-icon-box\" data-id=\"2c8e961\" data-element_type=\"widget\" data-widget_type=\"icon-box.default\">\n\t\t\t\t<div class=\"elementor-widget-container\">\n\t\t\t\t\t<div class=\"elementor-icon-box-wrapper\">\n\t\t\t\t\t\t<div class=\"elementor-icon-box-icon\">\n\t\t\t\t<a class=\"elementor-icon elementor-animation-\" href=\"https:\/\/feelcaboverde.com\/it\/geografia-e-geologia\/\">\n\t\t\t\t<svg aria-hidden=\"true\" class=\"e-font-icon-svg e-fas-map-marked-alt\"><use xlink:href=\"#fas-map-marked-alt\" \/><\/svg>\t\t\t\t<\/a>\n\t\t\t<\/div>\n\t\t\t\t\t\t<div class=\"elementor-icon-box-content\">\n\t\t\t\t<h3 class=\"elementor-icon-box-title\">\n\t\t\t\t\t<a href=\"https:\/\/feelcaboverde.com\/it\/geografia-e-geologia\/\" >\n\t\t\t\t\t\tGeografia e Geologia\t\t\t\t\t<\/a>\n\t\t\t\t<\/h3>\n\t\t\t\t\t\t\t<\/div>\n\t\t<\/div>\n\t\t\t\t<\/div>\n\t\t\t\t<\/div>\n\t\t<\/div><div class=\"elementor-element elementor-element-4d67f44 e-container--column e-container\" data-id=\"4d67f44\" data-element_type=\"container\" data-settings=\"{&quot;background_background&quot;:&quot;classic&quot;}\">\t\t\t\t<div class=\"elementor-element elementor-element-e7133ae elementor-view-stacked elementor-shape-circle elementor-mobile-position-top elementor-vertical-align-top elementor-widget elementor-widget-icon-box\" data-id=\"e7133ae\" data-element_type=\"widget\" data-widget_type=\"icon-box.default\">\n\t\t\t\t<div class=\"elementor-widget-container\">\n\t\t\t\t\t<div class=\"elementor-icon-box-wrapper\">\n\t\t\t\t\t\t<div class=\"elementor-icon-box-icon\">\n\t\t\t\t<a class=\"elementor-icon elementor-animation-\" href=\"https:\/\/feelcaboverde.com\/it\/simbolos-nacionais\/\">\n\t\t\t\t<svg aria-hidden=\"true\" class=\"e-font-icon-svg e-fas-flag\"><use xlink:href=\"#fas-flag\" \/><\/svg>\t\t\t\t<\/a>\n\t\t\t<\/div>\n\t\t\t\t\t\t<div class=\"elementor-icon-box-content\">\n\t\t\t\t<h3 class=\"elementor-icon-box-title\">\n\t\t\t\t\t<a href=\"https:\/\/feelcaboverde.com\/it\/simbolos-nacionais\/\" >\n\t\t\t\t\t\tS\u00edmbolos Nacionais\t\t\t\t\t<\/a>\n\t\t\t\t<\/h3>\n\t\t\t\t\t\t\t<\/div>\n\t\t<\/div>\n\t\t\t\t<\/div>\n\t\t\t\t<\/div>\n\t\t<\/div><\/div>\t\t\t\t\t<\/div>","protected":false},"excerpt":{"rendered":"<p>Rec\u00f4ndito no oceano atl\u00e2ntico e guardado pela costa ocidental africana encontra-se Cabo Verde, um arquip\u00e9lago de dez ilhas ocupando uma pequena superf\u00edcie terrestre de aproximadamente 4.033 km2. Com uma popula\u00e7\u00e3o residente de apenas 491.233 habitantes, os \u201cDez Gr\u00e3ozinhos de Terra\u201d possuem um patrim\u00f3nio geogr\u00e1fico, hist\u00f3rico e cultural riqu\u00edssimo.\u00a0 Cada ilha exibe um car\u00e1ter \u00fanico e [&hellip;]<\/p>","protected":false},"author":1,"featured_media":0,"parent":0,"menu_order":0,"comment_status":"closed","ping_status":"closed","template":"","meta":{"footnotes":""},"categories":[],"tags":[],"class_list":["post-1935","page","type-page","status-publish","hentry"],"_links":{"self":[{"href":"https:\/\/feelcaboverde.com\/it\/wp-json\/wp\/v2\/pages\/1935","targetHints":{"allow":["GET"]}}],"collection":[{"href":"https:\/\/feelcaboverde.com\/it\/wp-json\/wp\/v2\/pages"}],"about":[{"href":"https:\/\/feelcaboverde.com\/it\/wp-json\/wp\/v2\/types\/page"}],"author":[{"embeddable":true,"href":"https:\/\/feelcaboverde.com\/it\/wp-json\/wp\/v2\/users\/1"}],"replies":[{"embeddable":true,"href":"https:\/\/feelcaboverde.com\/it\/wp-json\/wp\/v2\/comments?post=1935"}],"version-history":[{"count":35,"href":"https:\/\/feelcaboverde.com\/it\/wp-json\/wp\/v2\/pages\/1935\/revisions"}],"predecessor-version":[{"id":4806,"href":"https:\/\/feelcaboverde.com\/it\/wp-json\/wp\/v2\/pages\/1935\/revisions\/4806"}],"wp:attachment":[{"href":"https:\/\/feelcaboverde.com\/it\/wp-json\/wp\/v2\/media?parent=1935"}],"wp:term":[{"taxonomy":"category","embeddable":true,"href":"https:\/\/feelcaboverde.com\/it\/wp-json\/wp\/v2\/categories?post=1935"},{"taxonomy":"post_tag","embeddable":true,"href":"https:\/\/feelcaboverde.com\/it\/wp-json\/wp\/v2\/tags?post=1935"}],"curies":[{"name":"wp","href":"https:\/\/api.w.org\/{rel}","templated":true}]}}