{"id":1078,"date":"2022-05-27T13:56:11","date_gmt":"2022-05-27T13:56:11","guid":{"rendered":"https:\/\/feelcaboverde.com\/?page_id=1078"},"modified":"2024-10-06T23:16:04","modified_gmt":"2024-10-06T23:16:04","slug":"mosquitos-malaria","status":"publish","type":"page","link":"https:\/\/feelcaboverde.com\/it\/mosquitos-malaria\/","title":{"rendered":"Mosquitos &#038; Mal\u00e1ria"},"content":{"rendered":"<div data-elementor-type=\"wp-page\" data-elementor-id=\"1078\" class=\"elementor elementor-1078\">\n\t\t\t\t\t\t\t\t\t<section data-particle_enable=\"false\" data-particle-mobile-disabled=\"false\" class=\"elementor-section elementor-top-section elementor-element elementor-element-43b54aea elementor-section-boxed elementor-section-height-default elementor-section-height-default\" data-id=\"43b54aea\" data-element_type=\"section\">\n\t\t\t\t\t\t<div class=\"elementor-container elementor-column-gap-default\">\n\t\t\t\t\t<div class=\"elementor-column elementor-col-100 elementor-top-column elementor-element elementor-element-6e42e8a5\" data-id=\"6e42e8a5\" data-element_type=\"column\">\n\t\t\t<div class=\"elementor-widget-wrap elementor-element-populated\">\n\t\t\t\t\t\t\t\t<div class=\"elementor-element elementor-element-56626ddb elementor-widget elementor-widget-text-editor\" data-id=\"56626ddb\" data-element_type=\"widget\" data-widget_type=\"text-editor.default\">\n\t\t\t\t<div class=\"elementor-widget-container\">\n\t\t\t<style>\/*! elementor - v3.7.1 - 14-08-2022 *\/\n.elementor-widget-text-editor.elementor-drop-cap-view-stacked .elementor-drop-cap{background-color:#818a91;color:#fff}.elementor-widget-text-editor.elementor-drop-cap-view-framed .elementor-drop-cap{color:#818a91;border:3px solid;background-color:transparent}.elementor-widget-text-editor:not(.elementor-drop-cap-view-default) .elementor-drop-cap{margin-top:8px}.elementor-widget-text-editor:not(.elementor-drop-cap-view-default) .elementor-drop-cap-letter{width:1em;height:1em}.elementor-widget-text-editor .elementor-drop-cap{float:left;text-align:center;line-height:1;font-size:50px}.elementor-widget-text-editor .elementor-drop-cap-letter{display:inline-block}<\/style>\t\t\t\t<h2>Mosquitos em Cabo Verde<\/h2><p><span style=\"font-weight: 400;\">Devido ao seu clima subtropical, existem mosquitos em Cabo Verde. A concentra\u00e7\u00e3o tende a ser mais not\u00e1vel nos meses de julho a dezembro.<\/span><\/p><p><span style=\"font-weight: 400;\">N\u00e3o \u00e9 exigido nenhuma medica\u00e7\u00e3o ou vacina profil\u00e1tica contra doen\u00e7as transmitidas por mosquitos para entrada em Cabo Verde, tendo em conta a situa\u00e7\u00e3o sanit\u00e1ria e epidemiol\u00f3gica local. Entretanto, os viajantes devem verificar se as autoridades sanit\u00e1rias do seu pa\u00eds de origem recomendam ou exigem alguma medida sanit\u00e1ria espec\u00edfica.<\/span><\/p><p><span style=\"font-weight: 400;\">De forma geral, recomenda-se o uso de repelentes contra picadas de insetos.<\/span><\/p><p><span style=\"font-weight: 400;\">\u00a0<\/span><\/p><h3>Mal\u00e1ria ou Paludismo em Cabo Verde<\/h3><p><span style=\"font-weight: 400;\">A mal\u00e1ria ou paludismo \u00e9 uma doen\u00e7a infecciosa febril aguda causada pelo protozo\u00e1rio Plasmodium e\u00a0 transmitida atrav\u00e9s da picada de f\u00eameas do mosquito Anopheles. Os Anopheles normalmente picam durante a noite (do anoitecer ao amanhecer).<\/span><\/p><p><span style=\"font-weight: 400;\">A transmiss\u00e3o da mal\u00e1ria em Cabo Verde nos \u00faltimos anos tem sido baixa e irregular. A exce\u00e7\u00e3o do surto de 2017, os casos s\u00e3o importados na sua maioria ou totalidade. <\/span><b>Desde 2019, todos os casos de mal\u00e1ria diagnosticados em Cabo Verde foram importados<\/b><span style=\"font-weight: 400;\"> (pessoas vindo infetadas\u00a0 de outros pa\u00edses).<\/span><\/p><p><span style=\"font-weight: 400;\">Tabela: Paludismo\/ Mal\u00e1ria em Cabo Verde (casos importados e aut\u00f3ctones\/ locais), 2012 a 2019<\/span><\/p><table><tbody><tr><td><p><b>Ano<\/b><\/p><\/td><td><p><b>Popula\u00e7\u00e3o<\/b><\/p><\/td><td><p><b>Casos (importados e locais)<\/b><\/p><\/td><td><p><b>Incid\u00eancia (por 100.000)<\/b><\/p><\/td><td><p><b>\u00d3bitos<\/b><\/p><\/td><td><p><b>Taxa mortalidade (por 100.000)<\/b><\/p><\/td><td><p><b>Taxa de letalidade (%)<\/b><\/p><\/td><\/tr><tr><td><p><b>2012<\/b><\/p><\/td><td><p><span style=\"font-weight: 400;\">505.983<\/span><\/p><\/td><td><p><span style=\"font-weight: 400;\">36<\/span><\/p><\/td><td><p><span style=\"font-weight: 400;\">7,1<\/span><\/p><\/td><td><p><span style=\"font-weight: 400;\">1<\/span><\/p><\/td><td><p><span style=\"font-weight: 400;\">0,2<\/span><\/p><\/td><td><p><span style=\"font-weight: 400;\">2,8<\/span><\/p><\/td><\/tr><tr><td><p><b>2013<\/b><\/p><\/td><td><p><span style=\"font-weight: 400;\">512.173<\/span><\/p><\/td><td><p><span style=\"font-weight: 400;\">46<\/span><\/p><\/td><td><p><span style=\"font-weight: 400;\">9,0<\/span><\/p><\/td><td><p><span style=\"font-weight: 400;\">0<\/span><\/p><\/td><td><p><span style=\"font-weight: 400;\">0,0<\/span><\/p><\/td><td><p><span style=\"font-weight: 400;\">0,0<\/span><\/p><\/td><\/tr><tr><td><p><b>2014<\/b><\/p><\/td><td><p><span style=\"font-weight: 400;\">518.467<\/span><\/p><\/td><td><p><span style=\"font-weight: 400;\">46<\/span><\/p><\/td><td><p><span style=\"font-weight: 400;\">8,9<\/span><\/p><\/td><td><p><span style=\"font-weight: 400;\">1<\/span><\/p><\/td><td><p><span style=\"font-weight: 400;\">0,2<\/span><\/p><\/td><td><p><span style=\"font-weight: 400;\">2,2<\/span><\/p><\/td><\/tr><tr><td><p><b>2015<\/b><\/p><\/td><td><p><span style=\"font-weight: 400;\">524.833<\/span><\/p><\/td><td><p><span style=\"font-weight: 400;\">27<\/span><\/p><\/td><td><p><span style=\"font-weight: 400;\">5,1<\/span><\/p><\/td><td><p><span style=\"font-weight: 400;\">0<\/span><\/p><\/td><td><p><span style=\"font-weight: 400;\">0,0<\/span><\/p><\/td><td><p><span style=\"font-weight: 400;\">0,0<\/span><\/p><\/td><\/tr><tr><td><p><b>2016<\/b><\/p><\/td><td><p><span style=\"font-weight: 400;\">531.239<\/span><\/p><\/td><td><p><span style=\"font-weight: 400;\">75<\/span><\/p><\/td><td><p><span style=\"font-weight: 400;\">14,1<\/span><\/p><\/td><td><p><span style=\"font-weight: 400;\">2<\/span><\/p><\/td><td><p><span style=\"font-weight: 400;\">0,4<\/span><\/p><\/td><td><p><span style=\"font-weight: 400;\">2,7<\/span><\/p><\/td><\/tr><tr><td><p><b>2017<\/b><\/p><\/td><td><p><span style=\"font-weight: 400;\">537.661<\/span><\/p><\/td><td><p><span style=\"font-weight: 400;\">446<\/span><\/p><\/td><td><p><span style=\"font-weight: 400;\">83,0<\/span><\/p><\/td><td><p><span style=\"font-weight: 400;\">2<\/span><\/p><\/td><td><p><span style=\"font-weight: 400;\">0,4<\/span><\/p><\/td><td><p><span style=\"font-weight: 400;\">0,4<\/span><\/p><\/td><\/tr><tr><td><p><b>2018<\/b><\/p><\/td><td><p><span style=\"font-weight: 400;\">544.081<\/span><\/p><\/td><td><p><span style=\"font-weight: 400;\">21<\/span><\/p><\/td><td><p><span style=\"font-weight: 400;\">3,7<\/span><\/p><\/td><td><p><span style=\"font-weight: 400;\">0<\/span><\/p><\/td><td><p><span style=\"font-weight: 400;\">0,0<\/span><\/p><\/td><td><p><span style=\"font-weight: 400;\">0,0<\/span><\/p><\/td><\/tr><tr><td><p><b>2019<\/b><\/p><\/td><td><p><span style=\"font-weight: 400;\">550.483<\/span><\/p><\/td><td><p><span style=\"font-weight: 400;\">39<\/span><\/p><\/td><td><p><span style=\"font-weight: 400;\">7,1<\/span><\/p><\/td><td><p><span style=\"font-weight: 400;\">0<\/span><\/p><\/td><td><p><span style=\"font-weight: 400;\">0,0<\/span><\/p><\/td><td><p><span style=\"font-weight: 400;\">0,0<\/span><\/p><\/td><\/tr><\/tbody><\/table><p><span style=\"font-weight: 400;\">Fonte: <\/span><a href=\"https:\/\/www.minsaude.gov.cv\/index.php\/documentosite\/-1\" rel=\"nofollow noopener\" target=\"_blank\"><span style=\"font-weight: 400;\">Relat\u00f3rio Estat\u00edstico<\/span><\/a><span style=\"font-weight: 400;\"> do Minist\u00e9rio da Sa\u00fade de Cabo Verde (2019)<\/span><\/p><p><span style=\"font-weight: 400;\">Com o foco na elimina\u00e7\u00e3o da mal\u00e1ria, Cabo Verde apostou fortemente em in\u00fameras pesquisas e a\u00e7\u00f5es preventivas como campanhas anuais de pulveriza\u00e7\u00e3o interna, controle regular de larvas de vetores, controle da mal\u00e1ria nos pontos de entrada (aeroportos e portos), saneamento ambiental e sensibiliza\u00e7\u00e3o da popula\u00e7\u00e3o.\u00a0<\/span><\/p><p><b>Em janeiro de 2024, a <a href=\"https:\/\/www.who.int\/news\/item\/12-01-2024-who-certifies-cabo-verde-as-malaria-free--marking-a-historic-milestone-in-the-fight-against-malaria\" rel=\"nofollow noopener\" target=\"_blank\">Organiza\u00e7\u00e3o Mundial da Sa\u00fade certificou Cabo Verde como pa\u00eds livre de Mal\u00e1ria<\/a><\/b>.<\/p><p><span style=\"font-weight: 400;\">Entretanto, devido \u00e0 localiza\u00e7\u00e3o geogr\u00e1fica e a liga\u00e7\u00e3o com outros pa\u00edses, Cabo Verde mant\u00e9m-se suscet\u00edvel \u00e0 reintrodu\u00e7\u00e3o da doen\u00e7a, pelo que devem ser mantidas medidas de prote\u00e7\u00e3o individual contra mosquitos.<\/span><\/p><p><span style=\"font-weight: 400;\">\u00a0<\/span><\/p><h3><span style=\"color: inherit; font-family: inherit; font-size: 1.75rem; text-align: var(--text-align);\">Dengue em Cabo Verde<\/span><\/h3><p>A dengue \u00e9 uma doen\u00e7a viral transmitida por mosquitos, especialmente o Aedes aegypti. Em Cabo Verde, o risco de dengue tem aumentado desde <a href=\"https:\/\/www.governo.cv\/ministerio-da-saude-confirma-2-casos-confirmados-de-dengue-no-pais\/\" rel=\"nofollow noopener\" target=\"_blank\">novembro de 2023<\/a>, com surtos registrados em algumas ilhas, principalmente Santiago, Fogo e Brava. Este cen\u00e1rio preocupa tanto as autoridades locais quanto os viajantes.<\/p><p>\u00a0<\/p><h4>Situa\u00e7\u00e3o Atual da Dengue em Cabo Verde<\/h4><p>Em novembro de 2023, Cabo Verde notificou a ocorr\u00eancia de casos de doen\u00e7as no pa\u00eds ap\u00f3s v\u00e1rios anos sem casos aut\u00f3ctones.\u00a0<\/p><p>Posteriormente, o Governo de Cabo Verde declarou, atrav\u00e9s da <a href=\"https:\/\/www.governo.cv\/dengue-governo-decide-avancar-com-a-declaracao-de-situacao-de-contingencia\/\" rel=\"nofollow noopener\" target=\"_blank\">Resolu\u00e7\u00e3o n.\u00ba 58\/2024, uma situa\u00e7\u00e3o de Conting\u00eancia em todo o pa\u00eds<\/a>. Essa decis\u00e3o foi tomada em 2 de outubro de 2024 com vig\u00eancia inicial at\u00e9 dezembro de 2024, em Conselho de Ministros, como resposta ao agravamento do potencial de risco de aumento de casos de dengue, exacerbado pelas chuvas.<\/p><p>As autoridades de sa\u00fade t\u00eam monitorado a situa\u00e7\u00e3o de perto e alertado a popula\u00e7\u00e3o sobre os riscos da doen\u00e7a. A dengue pode causar sintomas como febre alta e dores no corpo. Na maioria dos casos, a doen\u00e7a \u00e9 leve, mas \u00e9 importante buscar aten\u00e7\u00e3o m\u00e9dica se os sintomas se agravarem pelo risco de dengue hemorr\u00e1gica.<\/p><p>\u00a0<\/p><h4>Esfor\u00e7os para Conten\u00e7\u00e3o do Surto de Dengue em Cabo Verde<\/h4><p>As entidades de sa\u00fade p\u00fablica t\u00eam implementado diversas medidas para conter a propaga\u00e7\u00e3o da dengue. Estas incluem:<\/p><ol><li><p><strong>Campanhas de Sensibiliza\u00e7\u00e3o<\/strong>: A popula\u00e7\u00e3o est\u00e1 sendo informada sobre os sintomas da dengue e as formas de preven\u00e7\u00e3o, como eliminar locais de reprodu\u00e7\u00e3o do mosquito, como \u00e1gua parada.<\/p><\/li><li><p><strong>A\u00e7\u00f5es de Controle de Vetores<\/strong>: Est\u00e3o sendo realizadas campanhas de pulveriza\u00e7\u00e3o em \u00e1reas afetadas para reduzir a popula\u00e7\u00e3o de mosquitos. Isso inclui a inspe\u00e7\u00e3o regular de casas e espa\u00e7os p\u00fablicos para identificar e eliminar criadouros.<\/p><\/li><li><p><strong>Fortalecimento do Sistema de Sa\u00fade<\/strong>: O governo est\u00e1 mobilizando recursos para garantir que os servi\u00e7os de sa\u00fade estejam preparados para atender casos de dengue, com \u00eanfase em diagn\u00f3sticos r\u00e1pidos e tratamentos adequados.<\/p><\/li><\/ol><h4>\u00a0<\/h4><h4>Medidas de Preven\u00e7\u00e3o contra Dengue<\/h4><p>Se voc\u00ea planeja viajar para Cabo Verde, \u00e9 importante tomar algumas precau\u00e7\u00f5es:<\/p><ul><li><p><strong>Use Repelentes<\/strong>: Aplique repelente em \u00e1reas expostas da pele, especialmente ao amanhecer e ao entardecer, quando os mosquitos est\u00e3o mais ativos.<\/p><\/li><li><p><strong>Vestu\u00e1rio Adequado<\/strong>: Opte por roupas de mangas longas e cal\u00e7as, principalmente em \u00e1reas onde h\u00e1 relatos de surtos.<\/p><\/li><li><p><strong>Evite \u00c1gua Parada<\/strong>: Cuidado com locais que acumulam \u00e1gua, como vasos de plantas, pneus e recipientes. Informe \u00e0s autoridades se voc\u00ea encontrar \u00e1reas com \u00e1gua parada que possam servir de criadouros.<\/p><\/li><\/ul><h3>\u00a0<\/h3><h3>Perguntas frequentes<\/h3><ul><li aria-level=\"1\"><b>Qual o risco de contrair mal\u00e1ria em Cabo Verde?<\/b><\/li><\/ul><p><span style=\"font-weight: 400;\">Baseado em estat\u00edsticas recentes, o risco de contrair mal\u00e1ria em Cabo Verde \u00e9 muito baixo.\u00a0<\/span><\/p><p><span style=\"font-weight: 400;\">Apesar da aus\u00eancia recente de casos, devido \u00e0 presen\u00e7a do mosquito vetor em algumas ilhas e da mobilidade de pessoas com pa\u00edses vizinhos, medidas preventivas como o uso de repelentes \u00e9 recomend\u00e1vel, principalmente durante a noite (hor\u00e1rio de picada do mosquito Anopheles).<\/span><\/p><ul><li aria-level=\"1\"><b>Quais ilhas de Cabo Verde tem Mal\u00e1ria?<\/b><\/li><\/ul><p><span style=\"font-weight: 400;\">Desde 2018, n\u00e3o se registaram casos locais de mal\u00e1ria em nenhuma das ilhas de Cabo Verde. Apesar de existir no pa\u00eds o mosquito vetor, esse s\u00f3 pode transmitir a mal\u00e1ria se antes picar algu\u00e9m infetado com o parasita causador da doen\u00e7a.\u00a0<\/span><\/p><p><span style=\"font-weight: 400;\">O mosquito vetor Anopheles Gambiae est\u00e1 presente em 7 das 9 ilhas habitadas, com exce\u00e7\u00e3o do Sal e da Brava. Nos \u00faltimos anos, a transmiss\u00e3o local restringiu-se \u00e0 Santiago (Praia, 2018) e Boavista (Jo\u00e3o Galego, 2015).\u00a0<\/span><\/p><ul><li aria-level=\"1\"><b>Preciso tomar medica\u00e7\u00e3o profil\u00e1tica ou vacina contra mal\u00e1ria antes de viajar para Cabo Verde?<\/b><\/li><\/ul><p><span style=\"font-weight: 400;\">Devido \u00e0 baixa incid\u00eancia da doen\u00e7a no pa\u00eds, Cabo Verde n\u00e3o exige <a href=\"https:\/\/feelcaboverde.com\/it\/servicos-de-saude-em-cabo-verde\/\">medica\u00e7\u00e3o profil\u00e1tica<\/a> ou vacina contra mal\u00e1ria para entrar no territ\u00f3rio. Entretanto, os viajantes devem verificar se o seu pa\u00eds de origem recomenda ou exige alguma medida sanit\u00e1ria espec\u00edfica.\u00a0<\/span><span style=\"color: var( --e-global-color-text ); font-family: var( --e-global-typography-text-font-family ), Sans-serif; text-align: var(--text-align); font-size: 1rem;\">\u00c9 aconselh\u00e1vel seguir medidas contra picadas de mosquitos como o uso de repelentes.\u00a0<\/span><\/p><ul><li><strong style=\"color: var( --e-global-color-text ); font-family: var( --e-global-typography-text-font-family ), Sans-serif; text-align: var(--text-align); font-size: 1rem;\">Quais ilhas de Cabo Verde est\u00e3o mais afetadas pela dengue em 2024?<\/strong><\/li><\/ul><p>Os surtos t\u00eam sido mais notados em Santiago, Fogo e Brava, mas a situa\u00e7\u00e3o pode mudar, portanto, \u00e9 aconselh\u00e1vel verificar atualiza\u00e7\u00f5es.<\/p><ul><li><strong>Como posso me proteger da dengue durante a viagem a Cabo Verde?<\/strong><\/li><\/ul><p>Use repelentes, vista roupas de mangas longas e evite \u00e1gua parada para minimizar o risco de picadas de mosquito.<\/p><ul><li><strong style=\"color: var( --e-global-color-text ); font-family: var( --e-global-typography-text-font-family ), Sans-serif; text-align: var(--text-align); font-size: 1rem;\">O que fazer se eu apresentar sintomas de dengue em Cabo Verde?<\/strong><\/li><\/ul><p>Se voc\u00ea sentir sintomas da dengue, busque assist\u00eancia m\u00e9dica imediatamente para receber orienta\u00e7\u00f5es e tratamento adequados.<\/p><ul><li><b>Onde encontrar informa\u00e7\u00f5es atualizadas sobre a Dengue em Cabo Verde?<\/b><\/li><\/ul><p>Para informa\u00e7\u00f5es atualizadas sobre a<b>\u00a0<\/b><span style=\"color: var( --e-global-color-text ); font-family: var( --e-global-typography-text-font-family ), Sans-serif; font-weight: var( --e-global-typography-text-font-weight ); text-align: var(--text-align); font-size: 1rem;\">\u00a0Dengue em Cabo Verde atrav\u00e9s da<\/span><span style=\"color: var( --e-global-color-text ); font-family: var( --e-global-typography-text-font-family ), Sans-serif; font-weight: var( --e-global-typography-text-font-weight ); text-align: var(--text-align); font-size: 1rem;\">\u00a0<\/span><a style=\"font-family: var( --e-global-typography-text-font-family ), Sans-serif; font-weight: var( --e-global-typography-text-font-weight ); text-align: var(--text-align); font-size: 1rem; background-color: #ffffff;\" href=\"https:\/\/www.facebook.com\/ministeriosaude\" rel=\"nofollow noopener\" target=\"_blank\">p\u00e1gina oficial do Minist\u00e9rio da Sa\u00fade<\/a>\u00a0no facebook, na <a href=\"https:\/\/insp.gov.cv\/boletim-da-dengue\/\" rel=\"nofollow noopener\" target=\"_blank\">p\u00e1gina do Instituto Nacional de Sa\u00fade P\u00fablica<\/a> de Cabo Verde.\u00a0<\/p><p>\u00a0<\/p><p><b>Fontes<\/b><span style=\"font-weight: 400;\">:<\/span><\/p><ol><li><span style=\"font-weight: 400;\"> DePina, A. J., Andrade, A. J. B., Dia, A. K., Moreira, A., Faye, O., &amp; Seck, I. (2018). Achievement of malaria pre-elimination in Cape Verde according to the data collected from 2010 to 2016. <\/span><a href=\"https:\/\/malariajournal.biomedcentral.com\/articles\/10.1186\/s12936-018-2376-4\" rel=\"nofollow noopener\" target=\"_blank\"><span style=\"font-weight: 400;\">Malaria journal<\/span><\/a><span style=\"font-weight: 400;\">, 17(1), 1-12.<\/span><\/li><\/ol><ol start=\"3\"><li><span style=\"font-weight: 400;\"> Minist\u00e9rio da Sa\u00fade e da Seguran\u00e7a Social. Relat\u00f3rio T\u00e9cnico Revis\u00e3o P\u00f3s A\u00e7\u00e3o da resposta \u00e0 epidemia de paludismo, Outubro 2018<\/span><\/li><\/ol><ol start=\"4\"><li><span style=\"font-weight: 400;\"> Rumo \u00e0 Elimina\u00e7\u00e3o Do Paludismo Em Cabo Verde | OMS | Escrit\u00f3rio Regional Para a \u00c1frica, available from <\/span><a href=\"https:\/\/www.afro.who.int\/pt\/news\/rumo-eliminacao-do-paludismo-em-cabo-verde\" rel=\"nofollow noopener\" target=\"_blank\"><span style=\"font-weight: 400;\">www.afro.who.int\u00a0<\/span><\/a><\/li><li><span style=\"background-color: transparent; color: var( --e-global-color-text ); font-family: var( --e-global-typography-text-font-family ), Sans-serif; font-weight: var( --e-global-typography-text-font-weight ); text-align: var(--text-align);\">Boletim Oficial n\u00ba 92, I S\u00e9rie, 2 de outubro de 2024: Resolu\u00e7\u00e3o n.\u00ba 85\/2024 do Conselho de Ministros; available from\u00a0<\/span><a style=\"font-family: var( --e-global-typography-text-font-family ), Sans-serif; font-weight: var( --e-global-typography-text-font-weight ); text-align: var(--text-align);\" href=\"https:\/\/kiosk.incv.cv\/1.1.92.5991\/\" rel=\"nofollow noopener\" target=\"_blank\">https:\/\/kiosk.incv.cv\/1.1.92.5991\/\u00a0<\/a><\/li><\/ol>\t\t\t\t\t\t<\/div>\n\t\t\t\t<\/div>\n\t\t\t\t\t<\/div>\n\t\t<\/div>\n\t\t\t\t\t\t\t<\/div>\n\t\t<\/section>\n\t\t\t\t\t\t\t<\/div>","protected":false},"excerpt":{"rendered":"<p>Mosquitos em Cabo Verde Devido ao seu clima subtropical, existem mosquitos em Cabo Verde. A concentra\u00e7\u00e3o tende a ser mais not\u00e1vel nos meses de julho a dezembro. N\u00e3o \u00e9 exigido nenhuma medica\u00e7\u00e3o ou vacina profil\u00e1tica contra doen\u00e7as transmitidas por mosquitos para entrada em Cabo Verde, tendo em conta a situa\u00e7\u00e3o sanit\u00e1ria e epidemiol\u00f3gica local. Entretanto, [&hellip;]<\/p>","protected":false},"author":1,"featured_media":0,"parent":0,"menu_order":0,"comment_status":"closed","ping_status":"closed","template":"","meta":{"footnotes":""},"categories":[],"tags":[],"class_list":["post-1078","page","type-page","status-publish","hentry"],"_links":{"self":[{"href":"https:\/\/feelcaboverde.com\/it\/wp-json\/wp\/v2\/pages\/1078","targetHints":{"allow":["GET"]}}],"collection":[{"href":"https:\/\/feelcaboverde.com\/it\/wp-json\/wp\/v2\/pages"}],"about":[{"href":"https:\/\/feelcaboverde.com\/it\/wp-json\/wp\/v2\/types\/page"}],"author":[{"embeddable":true,"href":"https:\/\/feelcaboverde.com\/it\/wp-json\/wp\/v2\/users\/1"}],"replies":[{"embeddable":true,"href":"https:\/\/feelcaboverde.com\/it\/wp-json\/wp\/v2\/comments?post=1078"}],"version-history":[{"count":49,"href":"https:\/\/feelcaboverde.com\/it\/wp-json\/wp\/v2\/pages\/1078\/revisions"}],"predecessor-version":[{"id":5024,"href":"https:\/\/feelcaboverde.com\/it\/wp-json\/wp\/v2\/pages\/1078\/revisions\/5024"}],"wp:attachment":[{"href":"https:\/\/feelcaboverde.com\/it\/wp-json\/wp\/v2\/media?parent=1078"}],"wp:term":[{"taxonomy":"category","embeddable":true,"href":"https:\/\/feelcaboverde.com\/it\/wp-json\/wp\/v2\/categories?post=1078"},{"taxonomy":"post_tag","embeddable":true,"href":"https:\/\/feelcaboverde.com\/it\/wp-json\/wp\/v2\/tags?post=1078"}],"curies":[{"name":"wp","href":"https:\/\/api.w.org\/{rel}","templated":true}]}}