{"id":1013,"date":"2022-05-27T13:39:47","date_gmt":"2022-05-27T13:39:47","guid":{"rendered":"https:\/\/feelcaboverde.com\/?page_id=1013"},"modified":"2023-04-02T13:52:30","modified_gmt":"2023-04-02T13:52:30","slug":"fumar-cigarros","status":"publish","type":"page","link":"https:\/\/feelcaboverde.com\/it\/fumar-cigarros\/","title":{"rendered":"Fumar Cigarros"},"content":{"rendered":"<div data-elementor-type=\"wp-page\" data-elementor-id=\"1013\" class=\"elementor elementor-1013\">\n\t\t\t\t\t\t\t\t\t<section data-particle_enable=\"false\" data-particle-mobile-disabled=\"false\" class=\"elementor-section elementor-top-section elementor-element elementor-element-43b54aea elementor-section-boxed elementor-section-height-default elementor-section-height-default\" data-id=\"43b54aea\" data-element_type=\"section\">\n\t\t\t\t\t\t<div class=\"elementor-container elementor-column-gap-default\">\n\t\t\t\t\t<div class=\"elementor-column elementor-col-100 elementor-top-column elementor-element elementor-element-6e42e8a5\" data-id=\"6e42e8a5\" data-element_type=\"column\">\n\t\t\t<div class=\"elementor-widget-wrap elementor-element-populated\">\n\t\t\t\t\t\t\t\t<div class=\"elementor-element elementor-element-56626ddb elementor-widget elementor-widget-text-editor\" data-id=\"56626ddb\" data-element_type=\"widget\" data-widget_type=\"text-editor.default\">\n\t\t\t\t<div class=\"elementor-widget-container\">\n\t\t\t<style>\/*! elementor - v3.7.1 - 14-08-2022 *\/\n.elementor-widget-text-editor.elementor-drop-cap-view-stacked .elementor-drop-cap{background-color:#818a91;color:#fff}.elementor-widget-text-editor.elementor-drop-cap-view-framed .elementor-drop-cap{color:#818a91;border:3px solid;background-color:transparent}.elementor-widget-text-editor:not(.elementor-drop-cap-view-default) .elementor-drop-cap{margin-top:8px}.elementor-widget-text-editor:not(.elementor-drop-cap-view-default) .elementor-drop-cap-letter{width:1em;height:1em}.elementor-widget-text-editor .elementor-drop-cap{float:left;text-align:center;line-height:1;font-size:50px}.elementor-widget-text-editor .elementor-drop-cap-letter{display:inline-block}<\/style>\t\t\t\t<h3>Tabagismo em Cabo Verde<\/h3><p><span style=\"color: var( --e-global-color-text ); font-family: var( --e-global-typography-text-font-family ), Sans-serif; font-weight: var( --e-global-typography-text-font-weight ); text-align: var(--text-align); font-size: 1rem;\">O tabagismo em Cabo Verde constitui ainda um probelna de sa\u00fade p\u00fablica importante visto que o tabaco \u00e9 a segunda droga l\u00edcita mais consumida no pa\u00eds, atr\u00e1s apenas do \u00e1lcool. O tabagismo constitui ainda\u00a0um dos principais fatores de risco para as doen\u00e7as cr\u00f3nicas n\u00e3o transmiss\u00edveis em Cabo Verde. Tais fatos contribuiram para a atualiza\u00e7\u00e3o recente das leis tab\u00e1gicas em Cabo verde.\u00a0<\/span><\/p><h3>\u00a0<\/h3><h3>Regras para o uso de tabaco em Cabo Verde (<a href=\"https:\/\/www.ccad.cv\/site\/index.php\/publicacao\/category\/5-bo-drogas\" rel=\"nofollow noopener\" target=\"_blank\">Lei n\u00ba 8\/X\/2022<\/a>)<\/h3><p>O uso de tabaco em Cabo Verde \u00e9 legal. Entretanto, algumas regras devem ser respeitadas principalmente no que concerne aos locais onde \u00e9 proibido fumar.<\/p><p style=\"padding-left: 40px;\"><span style=\"background-color: transparent; color: var( --e-global-color-text ); font-family: var( --e-global-typography-text-font-family ), Sans-serif; font-weight: var( --e-global-typography-text-font-weight ); text-align: var(--text-align);\"><strong>1.<\/strong> \u00c9 <\/span><b style=\"background-color: transparent; color: var( --e-global-color-text ); font-family: var( --e-global-typography-text-font-family ), Sans-serif; text-align: var(--text-align);\">proibido o uso de produtos do tabaco e dispositivos\u00a0<span style=\"color: var( --e-global-color-text ); font-family: var( --e-global-typography-text-font-family ), Sans-serif; text-align: var(--text-align); font-size: 1rem;\">eletr\u00f3nicos em todos os locais fechados ou semifechados\u00a0<\/span>e em transportes p\u00fablicos<\/b><span style=\"background-color: transparent; color: var( --e-global-color-text ); font-family: var( --e-global-typography-text-font-family ), Sans-serif; font-weight: var( --e-global-typography-text-font-weight ); text-align: var(--text-align);\">, mormente:<\/span><\/p><p style=\"padding-left: 40px;\">a) Nos locais onde estejam instalados \u00f3rg\u00e3os de soberania, <span style=\"color: var( --e-global-color-text ); font-family: var( --e-global-typography-text-font-family ), Sans-serif; font-weight: var( --e-global-typography-text-font-weight ); text-align: var(--text-align); font-size: 1rem;\">servi\u00e7os e organismos da Administra\u00e7\u00e3o P\u00fablica\u00a0<\/span><span style=\"color: var( --e-global-color-text ); font-family: var( --e-global-typography-text-font-family ), Sans-serif; font-weight: var( --e-global-typography-text-font-weight ); text-align: var(--text-align); font-size: 1rem;\">e pessoas coletivas p\u00fablicas;<\/span><\/p><p style=\"padding-left: 40px;\">b) Nos estabelecimentos onde sejam prestados\u00a0<span style=\"color: var( --e-global-color-text ); font-family: var( --e-global-typography-text-font-family ), Sans-serif; font-weight: var( --e-global-typography-text-font-weight ); text-align: var(--text-align); font-size: 1rem;\">cuidados de sa\u00fade, nomeadamente hospitais,\u00a0<\/span><span style=\"color: var( --e-global-color-text ); font-family: var( --e-global-typography-text-font-family ), Sans-serif; font-weight: var( --e-global-typography-text-font-weight ); text-align: var(--text-align); font-size: 1rem;\">regi\u00f5es sanit\u00e1rias, cl\u00ednicas, centros, postos\u00a0<\/span>e delegacias de sa\u00fade, consult\u00f3rios m\u00e9dicos, <span style=\"color: var( --e-global-color-text ); font-family: var( --e-global-typography-text-font-family ), Sans-serif; font-weight: var( --e-global-typography-text-font-weight ); text-align: var(--text-align); font-size: 1rem;\">laborat\u00f3rios cl\u00ednicos, farm\u00e1cias e similares;<\/span><\/p><p style=\"padding-left: 40px;\">c) Nos locais destinados a menores de dezoito anos, <span style=\"color: var( --e-global-color-text ); font-family: var( --e-global-typography-text-font-family ), Sans-serif; font-weight: var( --e-global-typography-text-font-weight ); text-align: var(--text-align); font-size: 1rem;\">nomeadamente creches e jardins infantis, lares\u00a0<\/span><span style=\"color: var( --e-global-color-text ); font-family: var( --e-global-typography-text-font-family ), Sans-serif; font-weight: var( --e-global-typography-text-font-weight ); text-align: var(--text-align); font-size: 1rem;\">de inf\u00e2ncia e juventude, centros de juventude, <\/span><span style=\"color: var( --e-global-color-text ); font-family: var( --e-global-typography-text-font-family ), Sans-serif; font-weight: var( --e-global-typography-text-font-weight ); text-align: var(--text-align); font-size: 1rem;\">de ocupa\u00e7\u00e3o de tempos livres, col\u00f3nias e campos\u00a0<\/span><span style=\"color: var( --e-global-color-text ); font-family: var( --e-global-typography-text-font-family ), Sans-serif; font-weight: var( --e-global-typography-text-font-weight ); text-align: var(--text-align); font-size: 1rem;\">de f\u00e9rias e similares;<\/span><\/p><p style=\"padding-left: 40px;\">d) Nos lares e outras institui\u00e7\u00f5es que acolham pessoas <span style=\"color: var( --e-global-color-text ); font-family: var( --e-global-typography-text-font-family ), Sans-serif; font-weight: var( --e-global-typography-text-font-weight ); text-align: var(--text-align); font-size: 1rem;\">idosas ou com defici\u00eancia ou incapacidade;<\/span><\/p><p style=\"padding-left: 40px;\">e) Nos estabelecimentos de ensino, independentemente <span style=\"color: var( --e-global-color-text ); font-family: var( --e-global-typography-text-font-family ), Sans-serif; font-weight: var( --e-global-typography-text-font-weight ); text-align: var(--text-align); font-size: 1rem;\">da idade dos alunos e do grau de escolaridade,\u00a0<\/span><span style=\"color: var( --e-global-color-text ); font-family: var( --e-global-typography-text-font-family ), Sans-serif; font-weight: var( --e-global-typography-text-font-weight ); text-align: var(--text-align); font-size: 1rem;\">e nos centros de forma\u00e7\u00e3o profissional;<\/span><\/p><p style=\"padding-left: 40px;\">f) Nos museus, nos centros culturais, nos arquivos\u00a0<span style=\"color: var( --e-global-color-text ); font-family: var( --e-global-typography-text-font-family ), Sans-serif; font-weight: var( --e-global-typography-text-font-weight ); text-align: var(--text-align); font-size: 1rem;\">e nas bibliotecas, nas salas de confer\u00eancia, de\u00a0<\/span><span style=\"color: var( --e-global-color-text ); font-family: var( --e-global-typography-text-font-family ), Sans-serif; font-weight: var( --e-global-typography-text-font-weight ); text-align: var(--text-align); font-size: 1rem;\">leitura, de reuni\u00e3o e de exposi\u00e7\u00e3o;<\/span><\/p><p style=\"padding-left: 40px;\">g) Nos cinemas, teatros, salas e recintos de espet\u00e1culos\u00a0<span style=\"color: var( --e-global-color-text ); font-family: var( --e-global-typography-text-font-family ), Sans-serif; font-weight: var( --e-global-typography-text-font-weight ); text-align: var(--text-align); font-size: 1rem;\">e noutros locais destinados \u00e0 difus\u00e3o das artes\u00a0<\/span><span style=\"color: var( --e-global-color-text ); font-family: var( --e-global-typography-text-font-family ), Sans-serif; font-weight: var( --e-global-typography-text-font-weight ); text-align: var(--text-align); font-size: 1rem;\">e do espet\u00e1culo;<\/span><\/p><p style=\"padding-left: 40px;\">h) Nos estabelecimentos de divers\u00e3o noturna, <span style=\"color: var( --e-global-color-text ); font-family: var( --e-global-typography-text-font-family ), Sans-serif; font-weight: var( --e-global-typography-text-font-weight ); text-align: var(--text-align); font-size: 1rem;\">nomeadamente, boates, discotecas e similares;<\/span><\/p><p style=\"padding-left: 40px;\">i) Nos recintos de divers\u00e3o, nos casinos, bingos, salas\u00a0<span style=\"color: var( --e-global-color-text ); font-family: var( --e-global-typography-text-font-family ), Sans-serif; font-weight: var( --e-global-typography-text-font-weight ); text-align: var(--text-align); font-size: 1rem;\">de jogos e outros tipos de recintos destinados a\u00a0<\/span><span style=\"color: var( --e-global-color-text ); font-family: var( --e-global-typography-text-font-family ), Sans-serif; font-weight: var( --e-global-typography-text-font-weight ); text-align: var(--text-align); font-size: 1rem;\">espet\u00e1culos de natureza n\u00e3o art\u00edstica;<\/span><\/p><p style=\"padding-left: 40px;\">j) Nas zonas de instala\u00e7\u00f5es desportivas, est\u00e1dios, <span style=\"color: var( --e-global-color-text ); font-family: var( --e-global-typography-text-font-family ), Sans-serif; font-weight: var( --e-global-typography-text-font-weight ); text-align: var(--text-align); font-size: 1rem;\">gin\u00e1sios e similares;<\/span><\/p><p style=\"padding-left: 40px;\">k) Nos recintos de feiras e exposi\u00e7\u00f5es, desde que <span style=\"color: var( --e-global-color-text ); font-family: var( --e-global-typography-text-font-family ), Sans-serif; font-weight: var( --e-global-typography-text-font-weight ); text-align: var(--text-align); font-size: 1rem;\">fechados ou semifechados;<\/span><\/p><p style=\"padding-left: 40px;\">l) Nos estabelecimentos comerciais de venda ao p\u00fablico, <span style=\"color: var( --e-global-color-text ); font-family: var( --e-global-typography-text-font-family ), Sans-serif; font-weight: var( --e-global-typography-text-font-weight ); text-align: var(--text-align); font-size: 1rem;\">fechados ou semifechados, nos estabelecimentos<\/span><\/p><p style=\"padding-left: 40px;\">onde se exploram m\u00e1quinas de divers\u00e3o e jogos\u00a0<span style=\"color: var( --e-global-color-text ); font-family: var( --e-global-typography-text-font-family ), Sans-serif; font-weight: var( --e-global-typography-text-font-weight ); text-align: var(--text-align); font-size: 1rem;\">em v\u00eddeo, jogos de bilhar e cibercaf\u00e9s;<\/span><\/p><p style=\"padding-left: 40px;\">m) Nos espa\u00e7os comuns dos hot\u00e9is, residenciais e\u00a0<span style=\"color: var( --e-global-color-text ); font-family: var( --e-global-typography-text-font-family ), Sans-serif; font-weight: var( --e-global-typography-text-font-weight ); text-align: var(--text-align); font-size: 1rem;\">outros empreendimentos tur\u00edsticos onde sejam\u00a0<\/span><span style=\"color: var( --e-global-color-text ); font-family: var( --e-global-typography-text-font-family ), Sans-serif; font-weight: var( --e-global-typography-text-font-weight ); text-align: var(--text-align); font-size: 1rem;\">prestados servi\u00e7os de alojamento;<\/span><\/p><p style=\"padding-left: 40px;\">n) Nos restaurantes, bares e outros estabelecimentos\u00a0<span style=\"color: var( --e-global-color-text ); font-family: var( --e-global-typography-text-font-family ), Sans-serif; font-weight: var( --e-global-typography-text-font-weight ); text-align: var(--text-align); font-size: 1rem;\">de restaura\u00e7\u00e3o ou de bebidas, fechados ou\u00a0<\/span><span style=\"color: var( --e-global-color-text ); font-family: var( --e-global-typography-text-font-family ), Sans-serif; font-weight: var( --e-global-typography-text-font-weight ); text-align: var(--text-align); font-size: 1rem;\">semifechados, incluindo os que possuam salas\u00a0<\/span><span style=\"color: var( --e-global-color-text ); font-family: var( --e-global-typography-text-font-family ), Sans-serif; font-weight: var( --e-global-typography-text-font-weight ); text-align: var(--text-align); font-size: 1rem;\">ou espa\u00e7os destinados \u00e0 dan\u00e7a;<\/span><\/p><p style=\"padding-left: 40px;\">o) Nas cantinas, nos refeit\u00f3rios e nos bares de entidades <span style=\"color: var( --e-global-color-text ); font-family: var( --e-global-typography-text-font-family ), Sans-serif; font-weight: var( --e-global-typography-text-font-weight ); text-align: var(--text-align); font-size: 1rem;\">p\u00fablicas e privadas afetas, exclusivamente, ao\u00a0<\/span><span style=\"color: var( --e-global-color-text ); font-family: var( --e-global-typography-text-font-family ), Sans-serif; font-weight: var( --e-global-typography-text-font-weight ); text-align: var(--text-align); font-size: 1rem;\">respetivo pessoal;<\/span><\/p><p style=\"padding-left: 40px;\">p) Nas \u00e1reas de servi\u00e7o e postos de abastecimento\u00a0<span style=\"color: var( --e-global-color-text ); font-family: var( --e-global-typography-text-font-family ), Sans-serif; font-weight: var( --e-global-typography-text-font-weight ); text-align: var(--text-align); font-size: 1rem;\">de combust\u00edveis;<\/span><\/p><p style=\"padding-left: 40px;\">q) Nos aeroportos e nas gares mar\u00edtimas;<\/p><p style=\"padding-left: 40px;\">r) Nos abrigos e terminais cobertos para ve\u00edculos de <span style=\"color: var( --e-global-color-text ); font-family: var( --e-global-typography-text-font-family ), Sans-serif; font-weight: var( --e-global-typography-text-font-weight ); text-align: var(--text-align); font-size: 1rem;\">transporte coletivo de passageiros e nos parques\u00a0<\/span><span style=\"color: var( --e-global-color-text ); font-family: var( --e-global-typography-text-font-family ), Sans-serif; font-weight: var( --e-global-typography-text-font-weight ); text-align: var(--text-align); font-size: 1rem;\">de estacionamento cobertos;<\/span><\/p><p style=\"padding-left: 40px;\">s) Nos elevadores e similares e nos espa\u00e7os comuns\u00a0<span style=\"color: var( --e-global-color-text ); font-family: var( --e-global-typography-text-font-family ), Sans-serif; font-weight: var( --e-global-typography-text-font-weight ); text-align: var(--text-align); font-size: 1rem;\">dos condom\u00ednios;<\/span><\/p><p style=\"padding-left: 40px;\">t) Nos recintos das redes de levantamento autom\u00e1tico\u00a0<span style=\"color: var( --e-global-color-text ); font-family: var( --e-global-typography-text-font-family ), Sans-serif; font-weight: var( --e-global-typography-text-font-weight ); text-align: var(--text-align); font-size: 1rem;\">de dinheiro;<\/span><\/p><p style=\"padding-left: 40px;\"><strong>\u00a0<\/strong><strong style=\"color: var( --e-global-color-text ); font-family: var( --e-global-typography-text-font-family ), Sans-serif; text-align: var(--text-align); font-size: 1rem;\">2.<\/strong><span style=\"color: var( --e-global-color-text ); font-family: var( --e-global-typography-text-font-family ), Sans-serif; font-weight: var( --e-global-typography-text-font-weight ); text-align: var(--text-align); font-size: 1rem;\"> Com a exce\u00e7\u00e3o das al\u00edneas a), b), c), e) j), p), r), s), t), u) e v), podem ser criados espa\u00e7os reservados a fumadores, devidamente assinalados.<\/span><\/p><p style=\"padding-left: 40px;\"><strong>3.<\/strong> O acesso aos espa\u00e7os referidos no n\u00famero anterior\u00a0\u00e9 destinado a maiores de 18 anos.\u00a0<span style=\"color: var( --e-global-color-text ); font-family: var( --e-global-typography-text-font-family ), Sans-serif; font-weight: var( --e-global-typography-text-font-weight ); text-align: var(--text-align); font-size: 1rem;\">(&#8230;)<\/span><\/p><p style=\"padding-left: 40px;\"><strong>5.<\/strong> \u00c9 proibido fumar a menos de (3m) tr\u00eas metros de dist\u00e2ncia dos espa\u00e7os p\u00fablicos e privados fechados, bem como ao redor do per\u00edmetro dos espa\u00e7os p\u00fablicos e privados semifechados.<\/p><p style=\"padding-left: 40px;\"><strong>6.<\/strong> \u00c9 proibido fumar dentro dos ve\u00edculos particulares, quando transportem os menores de dezoito anos.\u00a0<span style=\"color: var( --e-global-color-text ); font-family: var( --e-global-typography-text-font-family ), Sans-serif; font-weight: var( --e-global-typography-text-font-weight ); text-align: var(--text-align); font-size: 1rem;\">(&#8230;)<\/span><\/p><p style=\"padding-left: 40px;\"><strong>8.<\/strong> O <b>disposto nos n\u00fameros anteriores \u00e9 aplic\u00e1vel \u00e0\u00a0utiliza\u00e7\u00e3o de dispositivos eletr\u00f3nicos<\/b>, com ou sem nicotina,\u00a0\u00e0 utiliza\u00e7\u00e3o do cachimbo de \u00e1gua ou narguil\u00e9, aos produtos\u00a0\u00e0 base de plantas para fumar, bem como, \u00e0 utiliza\u00e7\u00e3o de\u00a0novos produtos do tabaco sem combust\u00e3o, que produzam\u00a0aeross\u00f3is, vapores, gases ou part\u00edculas inal\u00e1veis.<\/p><p style=\"padding-left: 40px;\"><strong>9.<\/strong> \u00c9 <b>proibido fumar nos Parques Naturais<\/b>.<\/p><p>A <b>puni\u00e7\u00e3o para quem violar a proibi\u00e7\u00e3o de fumar nos locais designados em Cabo Verde \u00e9 de 3.000\u00a0escudos<\/b>\u00a0(aproximadamente 30 euros) <b>a 5.000\u00a0escudos <\/b>(aproximadamente 50 euros).<\/p><h3>\u00a0<\/h3><h3>Cigarros eletr\u00f3nicos\u00a0<\/h3><div><p>Sobre os cigarros eletr\u00f3nicos em Cabo Verde, a nova lei tab\u00e1gica (no cap\u00edtulo II, artigo 3\u00ba, al\u00ednea 11) determina o seguinte:<\/p><p style=\"padding-left: 40px;\"><span style=\"background-color: transparent; color: var( --e-global-color-text ); font-family: var( --e-global-typography-text-font-family ), Sans-serif; font-weight: var( --e-global-typography-text-font-weight ); text-align: var(--text-align);\"><strong>11.<\/strong> \u00c9 proibido a fabrico, a importa\u00e7\u00e3o, a venda, a\u00a0<\/span><span style=\"background-color: transparent; font-size: 1rem; color: var( --e-global-color-text ); font-family: var( --e-global-typography-text-font-family ), Sans-serif; font-weight: var( --e-global-typography-text-font-weight ); text-align: var(--text-align);\">propaganda e o fornecimento de dispositivos eletr\u00f3nicos\u00a0<\/span><span style=\"background-color: transparent; font-size: 1rem; color: var( --e-global-color-text ); font-family: var( --e-global-typography-text-font-family ), Sans-serif; font-weight: var( --e-global-typography-text-font-weight ); text-align: var(--text-align);\">em todo o territ\u00f3rio nacional.<\/span><\/p><\/div><h3>\u00a0<\/h3><h3>Estat\u00edsticas do tabagismo em Cabo Verde<\/h3><p><span style=\"color: var( --e-global-color-text ); font-family: var( --e-global-typography-text-font-family ), Sans-serif; font-weight: var( --e-global-typography-text-font-weight ); text-align: var(--text-align); font-size: 1rem;\">As estat\u00edsticas recentes sobre o tabagismo no pa\u00eds (<\/span><a style=\"font-family: var( --e-global-typography-text-font-family ), Sans-serif; font-weight: var( --e-global-typography-text-font-weight ); text-align: var(--text-align); background-color: #ffffff; font-size: 1rem;\" href=\"https:\/\/observatoriotabaco.cv\/dados-de-tabagismo\/\" rel=\"nofollow noopener\" target=\"_blank\">II Inqu\u00e9rito Nacional sobre os Fatores de Risco das Doen\u00e7as n\u00e3o transmiss\u00edveis<\/a><span style=\"color: var( --e-global-color-text ); font-family: var( --e-global-typography-text-font-family ), Sans-serif; font-weight: var( --e-global-typography-text-font-weight ); text-align: var(--text-align); font-size: 1rem;\"> &#8211; IDNT II) revelam que:<\/span><\/p><ul><li><span style=\"color: var( --e-global-color-text ); font-family: var( --e-global-typography-text-font-family ), Sans-serif; font-weight: var( --e-global-typography-text-font-weight ); text-align: var(--text-align); font-size: 1rem;\">Em Cabo Verde, a preval\u00eancia do uso do tabaco nos adultos usu\u00e1rios atuais de \u00e9 de 12,5%. Essa preval\u00eancia \u00e9 maior nos homens (18,3%) do que nas mulheres (6,5%). <\/span><\/li><li><span style=\"color: var( --e-global-color-text ); font-family: var( --e-global-typography-text-font-family ), Sans-serif; font-weight: var( --e-global-typography-text-font-weight ); text-align: var(--text-align); font-size: 1rem;\">A faixa et\u00e1ria com a maior preval\u00eancia do uso de tabaco \u00e9 a de 60 a 69 anos, tanto nos homens\u00a0(22,8%), como nas mulheres (20,3%).<\/span><\/li><li>A preval\u00eancia do uso do tabaco nos usu\u00e1rios atuais aumenta com a idade a partir dos 30 anos,<br \/>tanto no grupo dos homens como no das mulheres.<\/li><li>A n\u00edvel nacional, a preval\u00eancia do uso do tabaco nos usu\u00e1rios di\u00e1rios \u00e9 de 7,1%.\u00a0 Nos homens essa preval\u00eancia \u00e9 maior (10,3%) do que nas mulheres (3,8%).<\/li><li>A preval\u00eancia de tabaco nos usu\u00e1rios di\u00e1rios parece claramente aumentar com a idade em\u00a0ambos os sexos, atingindo o m\u00e1ximo no grupo de 60 a 69 anos tanto entre os homens (19,9%)\u00a0como entre as mulheres (16,7%).<\/li><li>Em Cabo Verde, 4,9% da popula\u00e7\u00e3o adulta fuma diariamente, sendo 8,4% nos homens e 1,3%\u00a0nas mulheres (Gr\u00e1fico 2.2-4). No grupo et\u00e1rio de 60 a 69 anos h\u00e1 maior preval\u00eancia de\u00a0fumadores di\u00e1rios, aproximadamente 7,3%, sendo que esta preval\u00eancia \u00e9 de 12,3% nos homens\u00a0e 3,6% nas mulheres.<\/li><li>A preval\u00eancia de fumadores atuais que n\u00e3o fumam diariamente \u00e9 de 4,7%, sendo maior nos\u00a0homens (7,3%) do que nas mulheres (1,9%).<\/li><li>A idade m\u00e9dia do in\u00edcio do fumo do tabaco entre os fumadores\u00a0di\u00e1rios \u00e9 de 18,9 anos. Para os homens a idade m\u00e9dia \u00e9 de 19,0\u00a0anos e para as mulheres \u00e9 de 18,4 anos.\u00a0<\/li><li>A dura\u00e7\u00e3o m\u00e9dia do tempo do fumo, entre os fumadores atuais\u00a0\u00e9 de 21,6 anos, sendo 20,6 para os homens e 28,1 para as\u00a0mulheres.<\/li><li>A dura\u00e7\u00e3o m\u00e9dia do tempo do fumo parece aumentar com a idade, sendo 7,7 anos entre os\u00a0fumadores com idade compreendida entre 18 e 29 anos e atinge 46,5 anos, entre os de 60 a 69\u00a0anos.<\/li><li>Em Cabo Verde, a percentagem da popula\u00e7\u00e3o exposta ao fumo em casa, nos \u00faltimos 30 dias, \u00e9\u00a0de 13,8%.<\/li><\/ul><p><span style=\"color: var( --e-global-color-text ); font-family: var( --e-global-typography-text-font-family ), Sans-serif; font-weight: var( --e-global-typography-text-font-weight ); text-align: var(--text-align); font-size: 1rem;\">\u00a0<\/span><\/p><h3>Conclus\u00e3o<\/h3><p>Em resumo, as leis tab\u00e1gicas de Cabo Verde pro\u00edbem o consumo de tabaco em locais p\u00fablicos fechados, locais de trabalho, em transportes p\u00fablicos. Al\u00e9m disso, \u00e9 proibido vender e fornecer tabaco para menores de idade, bem como fazer publicidade de tabaco. Os turistas e visitantes devem respeitar essas leis, contribuindo para a promo\u00e7\u00e3o da sa\u00fade p\u00fablica no pa\u00eds.<\/p><p>\u00a0<\/p><p><strong>Refer\u00eancias:\u00a0<\/strong><\/p><ul><li><a href=\"http:\/\/www.fogo.cv\/index.php\/cultura\/282-as-festas-do-primeiro-de-maio-nho-s-filipe\" rel=\"nofollow noopener\" target=\"_blank\">Lei n\u00ba 8\/X\/2022<\/a>, que define regime geral de preven\u00e7\u00e3o e controlo do tabagismo em Cabo Verde.\u00a0<\/li><li><a href=\"https:\/\/observatoriotabaco.cv\/dados-de-tabagismo\/\" rel=\"nofollow noopener\" target=\"_blank\">II Inqu\u00e9rito Nacional sobre os Fatores de Risco das Doen\u00e7as n\u00e3o transmiss\u00edveis<\/a> &#8211; IDNT II, 2020.\u00a0<\/li><\/ul>\t\t\t\t\t\t<\/div>\n\t\t\t\t<\/div>\n\t\t\t\t\t<\/div>\n\t\t<\/div>\n\t\t\t\t\t\t\t<\/div>\n\t\t<\/section>\n\t\t\t\t\t\t\t<\/div>","protected":false},"excerpt":{"rendered":"<p>Tabagismo em Cabo Verde O tabagismo em Cabo Verde constitui ainda um probelna de sa\u00fade p\u00fablica importante visto que o tabaco \u00e9 a segunda droga l\u00edcita mais consumida no pa\u00eds, atr\u00e1s apenas do \u00e1lcool. O tabagismo constitui ainda\u00a0um dos principais fatores de risco para as doen\u00e7as cr\u00f3nicas n\u00e3o transmiss\u00edveis em Cabo Verde. Tais fatos contribuiram [&hellip;]<\/p>","protected":false},"author":1,"featured_media":0,"parent":0,"menu_order":0,"comment_status":"closed","ping_status":"closed","template":"","meta":{"footnotes":""},"categories":[],"tags":[],"class_list":["post-1013","page","type-page","status-publish","hentry"],"_links":{"self":[{"href":"https:\/\/feelcaboverde.com\/it\/wp-json\/wp\/v2\/pages\/1013","targetHints":{"allow":["GET"]}}],"collection":[{"href":"https:\/\/feelcaboverde.com\/it\/wp-json\/wp\/v2\/pages"}],"about":[{"href":"https:\/\/feelcaboverde.com\/it\/wp-json\/wp\/v2\/types\/page"}],"author":[{"embeddable":true,"href":"https:\/\/feelcaboverde.com\/it\/wp-json\/wp\/v2\/users\/1"}],"replies":[{"embeddable":true,"href":"https:\/\/feelcaboverde.com\/it\/wp-json\/wp\/v2\/comments?post=1013"}],"version-history":[{"count":28,"href":"https:\/\/feelcaboverde.com\/it\/wp-json\/wp\/v2\/pages\/1013\/revisions"}],"predecessor-version":[{"id":4286,"href":"https:\/\/feelcaboverde.com\/it\/wp-json\/wp\/v2\/pages\/1013\/revisions\/4286"}],"wp:attachment":[{"href":"https:\/\/feelcaboverde.com\/it\/wp-json\/wp\/v2\/media?parent=1013"}],"wp:term":[{"taxonomy":"category","embeddable":true,"href":"https:\/\/feelcaboverde.com\/it\/wp-json\/wp\/v2\/categories?post=1013"},{"taxonomy":"post_tag","embeddable":true,"href":"https:\/\/feelcaboverde.com\/it\/wp-json\/wp\/v2\/tags?post=1013"}],"curies":[{"name":"wp","href":"https:\/\/api.w.org\/{rel}","templated":true}]}}