{"id":989,"date":"2022-05-27T13:35:03","date_gmt":"2022-05-27T13:35:03","guid":{"rendered":"https:\/\/feelcaboverde.com\/?page_id=989"},"modified":"2023-04-13T19:28:09","modified_gmt":"2023-04-13T19:28:09","slug":"drones-em-cabo-verde","status":"publish","type":"page","link":"https:\/\/feelcaboverde.com\/fr\/drones-au-cap-vert\/","title":{"rendered":"Drones au Cap-Vert (r\u00e8gles et r\u00e9glementations)"},"content":{"rendered":"<div data-elementor-type=\"wp-page\" data-elementor-id=\"989\" class=\"elementor elementor-989\">\n\t\t\t\t\t\t\t\t\t<section data-particle_enable=\"false\" data-particle-mobile-disabled=\"false\" class=\"elementor-section elementor-top-section elementor-element elementor-element-43b54aea elementor-section-boxed elementor-section-height-default elementor-section-height-default\" data-id=\"43b54aea\" data-element_type=\"section\">\n\t\t\t\t\t\t<div class=\"elementor-container elementor-column-gap-default\">\n\t\t\t\t\t<div class=\"elementor-column elementor-col-100 elementor-top-column elementor-element elementor-element-6e42e8a5\" data-id=\"6e42e8a5\" data-element_type=\"column\">\n\t\t\t<div class=\"elementor-widget-wrap elementor-element-populated\">\n\t\t\t\t\t\t\t\t<div class=\"elementor-element elementor-element-56626ddb elementor-widget elementor-widget-text-editor\" data-id=\"56626ddb\" data-element_type=\"widget\" data-widget_type=\"text-editor.default\">\n\t\t\t\t<div class=\"elementor-widget-container\">\n\t\t\t<style>\/*! elementor - v3.7.1 - 14-08-2022 *\/\n.elementor-widget-text-editor.elementor-drop-cap-view-stacked .elementor-drop-cap{background-color:#818a91;color:#fff}.elementor-widget-text-editor.elementor-drop-cap-view-framed .elementor-drop-cap{color:#818a91;border:3px solid;background-color:transparent}.elementor-widget-text-editor:not(.elementor-drop-cap-view-default) .elementor-drop-cap{margin-top:8px}.elementor-widget-text-editor:not(.elementor-drop-cap-view-default) .elementor-drop-cap-letter{width:1em;height:1em}.elementor-widget-text-editor .elementor-drop-cap{float:left;text-align:center;line-height:1;font-size:50px}.elementor-widget-text-editor .elementor-drop-cap-letter{display:inline-block}<\/style>\t\t\t\t<h3>Drones au Cap-Vert<\/h3>\n<p><span style=\"color: var( --e-global-color-text ); font-family: var( --e-global-typography-text-font-family ), Sans-serif; font-weight: var( --e-global-typography-text-font-weight ); text-align: var(--text-align); font-size: 1rem;\">Selon l'autorit\u00e9 nationale&nbsp;<\/span><a style=\"font-family: var( --e-global-typography-text-font-family ), Sans-serif; font-weight: var( --e-global-typography-text-font-weight ); text-align: var(--text-align); font-size: 1rem; background-color: #ffffff;\" href=\"https:\/\/www.aac.cv\/artigos\/drones\" rel=\"nofollow noopener\" target=\"_blank\">Agence de l'aviation civile<\/a><span style=\"color: var( --e-global-color-text ); font-family: var( --e-global-typography-text-font-family ), Sans-serif; font-weight: var( --e-global-typography-text-font-weight ); text-align: var(--text-align); font-size: 1rem;\">&nbsp;(AAC), la<\/span>&nbsp;L'utilisation de drones au Cap-Vert est l\u00e9gale, \u00e0 condition que les r\u00e8gles suivantes soient respect\u00e9es<span style=\"color: var( --e-global-color-text ); font-family: var( --e-global-typography-text-font-family ), Sans-serif; font-weight: var( --e-global-typography-text-font-weight ); text-align: var(--text-align); font-size: 1rem;\">:<\/span><\/p>\n<ul>\n<li>L'utilisation des drones se fait en dehors des zones r\u00e9glement\u00e9es ;<\/li>\n<li>A une altitude de 120 m\u00e8tres (400 pieds) ou moins au-dessus de la surface ;<\/li>\n<li>L'op\u00e9rateur doit \u00eatre sur place (\u00e0 moins de 100 m\u00e8tres) et contr\u00f4ler directement le drone ;<\/li>\n<li>Bonnes conditions de visibilit\u00e9 ;<\/li>\n<li style=\"font-size: 16px;\">L'utilisation de drones n'est pas autoris\u00e9e \u00e0 moins de 2 000 m\u00e8tres de toute <a href=\"https:\/\/feelcaboverde.com\/fr\/aeroports-du-cap-vert\/\">a\u00e9roport<\/a> ou d'atterrissage, et sur les trajectoires de vol des a\u00e9ronefs.<\/li>\n<\/ul>\n<div>&nbsp;<\/div>\n<div><span style=\"background-color: transparent; color: var( --e-global-color-text ); font-family: var( --e-global-typography-text-font-family ), Sans-serif; font-weight: var( --e-global-typography-text-font-weight ); text-align: var(--text-align);\">Si vous souhaitez voler au-dessus de 120 m\u00e8tres ou dans des endroits soumis \u00e0 des restrictions, vous devez t\u00e9l\u00e9charger et remplir le formulaire suivant<\/span><span style=\"background-color: transparent; color: var( --e-global-color-text ); font-family: var( --e-global-typography-text-font-family ), Sans-serif; font-weight: var( --e-global-typography-text-font-weight ); text-align: var(--text-align);\">&nbsp;un formulaire (<\/span><a style=\"font-family: var( --e-global-typography-text-font-family ), Sans-serif; font-weight: var( --e-global-typography-text-font-weight ); text-align: var(--text-align); font-size: 1rem; background-color: #ffffff;\" href=\"https:\/\/aac.cv\/documentos\/formulario-de-servidao-aeronautica\" target=\"_blank\" rel=\"nofollow noopener\">formulaire de servitude a\u00e9ronautique<\/a><span style=\"background-color: transparent; color: var( --e-global-color-text ); font-family: var( --e-global-typography-text-font-family ), Sans-serif; font-weight: var( --e-global-typography-text-font-weight ); text-align: var(--text-align); font-size: 1rem;\">) qui doit \u00eatre envoy\u00e9 \u00e0 l'agence au moins 10 jours avant le d\u00e9but des op\u00e9rations.<\/span><\/div>\n<div>&nbsp;<\/div>\n<h3>Conditions suppl\u00e9mentaires pour les vols de drones au Cap-Vert<\/h3>\n<div>\n<ul>\n<li>L'op\u00e9rateur est responsable de la s\u00e9curit\u00e9 de l'utilisation du drone, qui doit rester \u00e0 distance de tout a\u00e9ronef et de toute propri\u00e9t\u00e9.<\/li>\n<li><span style=\"background-color: transparent; color: var( --e-global-color-text ); font-family: var( --e-global-typography-text-font-family ), Sans-serif; font-weight: var( --e-global-typography-text-font-weight ); text-align: var(--text-align);\">L'op\u00e9rateur doit donner la priorit\u00e9 aux a\u00e9ronefs qui passent et s'en \u00e9loigner lorsque, pour quelque raison que ce soit, des a\u00e9ronefs volent exceptionnellement \u00e0 une altitude proche du drone.<\/span><\/li>\n<li>Les pilotes doivent garder leur drone en vue \u00e0 tout moment et garder ses lumi\u00e8res d'identification allum\u00e9es ;<\/li>\n<li>Vous devez suivre les instructions du fabricant et vous assurer que l'\u00e9quipement est en bon \u00e9tat ;<\/li>\n<li><span style=\"background-color: transparent; color: var( --e-global-color-text ); font-family: var( --e-global-typography-text-font-family ), Sans-serif; font-weight: var( --e-global-typography-text-font-weight ); text-align: var(--text-align);\">Le pilote du drone est responsable de chaque vol effectu\u00e9.<\/span><\/li>\n<\/ul>\n<div>&nbsp;<\/div>\n<div>Pour plus d'informations sur l'utilisation des drones dans le pays, consultez le site web de la Commission europ\u00e9enne. <a href=\"https:\/\/www.aac.cv\/artigos\/drones\" rel=\"nofollow noopener\" target=\"_blank\">Site officiel de l'Agence de l'aviation civile<\/a> ou la contacter directement <span style=\"color: var( --e-global-color-text ); font-family: var( --e-global-typography-text-font-family ), Sans-serif; font-weight: var( --e-global-typography-text-font-weight ); text-align: var(--text-align); font-size: 1rem;\">par courriel&nbsp;<\/span><u style=\"color: var( --e-global-color-text ); font-family: var( --e-global-typography-text-font-family ), Sans-serif; font-weight: var( --e-global-typography-text-font-weight ); text-align: var(--text-align); font-size: 1rem;\">info@aac.cv<\/u><span style=\"color: var( --e-global-color-text ); font-family: var( --e-global-typography-text-font-family ), Sans-serif; font-weight: var( --e-global-typography-text-font-weight ); text-align: var(--text-align); font-size: 1rem;\"> ou appelez le +238 260 34 30.&nbsp;<\/span><\/div>\n<div>&nbsp;<\/div>\n<h3>R\u00e8gles g\u00e9n\u00e9rales pour le transport des drones<\/h3>\n<div>Id\u00e9alement, tous les drones devraient \u00eatre transport\u00e9s dans un bagage \u00e0 main, \u00e9tant donn\u00e9 que le prix des drones est \u00e9lev\u00e9, et souvent sup\u00e9rieur \u00e0 la limite de remboursement des compagnies a\u00e9riennes en cas de perte.&nbsp;<\/div>\n<div>&nbsp;<\/div>\n<div>Selon le <a href=\"https:\/\/www.icao.int\/secretariat\/legal\/Pages\/2019_Revised_Limits_of_Liability_Under_the_Montreal_Convention_1999.aspx\" rel=\"nofollow noopener\" target=\"_blank\">mise \u00e0 jour&nbsp;<\/a><span style=\"color: var( --e-global-color-text ); font-family: var( --e-global-typography-text-font-family ), Sans-serif; font-weight: var( --e-global-typography-text-font-weight ); text-align: var(--text-align); font-size: 1rem;\"><a href=\"https:\/\/www.icao.int\/secretariat\/legal\/Pages\/2019_Revised_Limits_of_Liability_Under_the_Montreal_Convention_1999.aspx\" rel=\"nofollow noopener\" target=\"_blank\">Convention de Montr\u00e9al<\/a>les compagnies a\u00e9riennes sont responsables de pertes allant jusqu'\u00e0 1288 dollars (<\/span><span style=\"color: var( --e-global-color-text ); font-family: var( --e-global-typography-text-font-family ), Sans-serif; font-weight: var( --e-global-typography-text-font-weight ); text-align: var(--text-align); font-size: 1rem;\">US$), connu sous le nom de&nbsp;<\/span><span style=\"text-align: var(--text-align);\">Droits de tirage sp\u00e9ciaux (DTS) ou&nbsp;<\/span><span style=\"text-align: var(--text-align);\">Droits de tirage sp\u00e9ciaux (DTS).&nbsp;<\/span><span style=\"color: var( --e-global-color-text ); font-family: var( --e-global-typography-text-font-family ), Sans-serif; font-size: 1rem; font-weight: var( --e-global-typography-text-font-weight ); text-align: var(--text-align);\">\u00c9tant donn\u00e9 que les bagages peuvent \u00eatre perdus, \u00e9gar\u00e9s ou m\u00eame vol\u00e9s lors de voyages internationaux, en particulier sur les vols avec correspondances, \u00e9vitez d'enregistrer votre drone dans vos bagages de soute.&nbsp;<\/span><\/div>\n<div><span style=\"color: var( --e-global-color-text ); font-family: var( --e-global-typography-text-font-family ), Sans-serif; font-size: 1rem; font-weight: var( --e-global-typography-text-font-weight ); text-align: var(--text-align);\">&nbsp;<\/span><\/div>\n<div><span style=\"color: var( --e-global-color-text ); font-family: var( --e-global-typography-text-font-family ), Sans-serif; font-size: 1rem; font-weight: var( --e-global-typography-text-font-weight ); text-align: var(--text-align);\">Si vous ne pouvez pas emporter le drone dans votre bagage \u00e0 main, et surtout s'il vaut plus de&nbsp;<\/span><span style=\"color: var( --e-global-color-text ); font-family: var( --e-global-typography-text-font-family ), Sans-serif; font-weight: var( --e-global-typography-text-font-weight ); text-align: var(--text-align); font-size: 1rem;\">1288 dollars (montant approximatif du DTS maximum que les compagnies a\u00e9riennes sont tenues de payer en cas de pertes), consid\u00e9rer<\/span><span style=\"color: var( --e-global-color-text ); font-family: var( --e-global-typography-text-font-family ), Sans-serif; font-size: 1rem; font-weight: var( --e-global-typography-text-font-weight ); text-align: var(--text-align);\">&nbsp;envoi par des entreprises telles que&nbsp;<\/span><span style=\"color: var( --e-global-color-text ); font-family: var( --e-global-typography-text-font-family ), Sans-serif; font-weight: var( --e-global-typography-text-font-weight ); text-align: var(--text-align); font-size: 1rem;\">Fedex,&nbsp;<\/span><span style=\"color: var( --e-global-color-text ); font-family: var( --e-global-typography-text-font-family ), Sans-serif; font-size: 1rem; font-weight: var( --e-global-typography-text-font-weight ); text-align: var(--text-align);\">DHL ou UPS. Il est \u00e9galement important que l'envoi soit assur\u00e9 en cas de dommage ou de perte.<\/span><\/div>\n<div>&nbsp;<\/div>\n<div>\n<div>Les batteries de drones doivent \u00eatre transport\u00e9es conform\u00e9ment aux r\u00e9glementations de l'IATA (Association internationale du transport a\u00e9rien) et des compagnies a\u00e9riennes. En g\u00e9n\u00e9ral, les batteries au lithium des drones sont consid\u00e9r\u00e9es comme des batteries lithium-ion, qui sont consid\u00e9r\u00e9es comme dangereuses et doivent \u00eatre manipul\u00e9es avec pr\u00e9caution.<\/div>\n<div>&nbsp;<\/div>\n<div>Les batteries des drones doivent \u00eatre transport\u00e9es dans les bagages \u00e0 main et jamais dans les bagages enregistr\u00e9s, car elles sont consid\u00e9r\u00e9es comme des \"marchandises dangereuses\" par les compagnies a\u00e9riennes et les r\u00e8gles de s\u00e9curit\u00e9 sont extr\u00eamement strictes afin d'\u00e9viter tout risque d'incendie. Elles doivent \u00eatre retir\u00e9es du drone et stock\u00e9es dans un emballage individuel qui prot\u00e8ge les bornes de la batterie contre les courts-circuits, comme celui-ci. <a href=\"https:\/\/www.amazon.com\/dp\/B07BPFHGHZ\/ref=as_li_ss_tl?_encoding=UTF8&amp;me=&amp;linkCode=sl1&amp;tag=uavsystemsint-20&amp;linkId=6d07065a0e4fb8c27f714c64f61ee112\" rel=\"nofollow noopener\" target=\"_blank\">Bo\u00eetier de batterie Lipo<\/a>.<\/div>\n<div>&nbsp;<\/div>\n<div>En outre, les batteries de drone doivent avoir une charge \u00e9nerg\u00e9tique limit\u00e9e \u00e0 30% \u00e0 50% de leur capacit\u00e9 totale, car des batteries compl\u00e8tement charg\u00e9es ou d\u00e9charg\u00e9es peuvent poser des probl\u00e8mes de s\u00e9curit\u00e9. Il est important de v\u00e9rifier les r\u00e9glementations sp\u00e9cifiques des compagnies a\u00e9riennes et de l'IATA avant de voyager avec un drone et ses batteries.&nbsp;<\/div>\n<div>&nbsp;<\/div>\n<h3>Transport de drones au Cap-Vert<\/h3>\n<div>Apr\u00e8s avoir effectu\u00e9 des recherches et contact\u00e9 la compagnie a\u00e9rienne op\u00e9rant actuellement au Cap-Vert, nous n'avons trouv\u00e9 aucune r\u00e9glementation sp\u00e9cifique concernant le transport de drones au Cap-Vert.<\/div>\n<div>&nbsp;<\/div>\n<div>D'apr\u00e8s notre exp\u00e9rience personnelle, lorsque nous voyageons en avion entre les \u00eeles, nous transportons toujours nos drones dans un bagage \u00e0 main. Pour les \u00e9quipements volumineux qui ne rentrent pas dans le compartiment des bagages \u00e0 main, nous faisons g\u00e9n\u00e9ralement une demande de transport de bagages \u00e0 main volumineux.<span style=\"color: var( --e-global-color-text ); font-family: var( --e-global-typography-text-font-family ), Sans-serif; font-weight: var( --e-global-typography-text-font-weight ); text-align: var(--text-align); font-size: 1rem;\">&nbsp;<\/span><span style=\"color: var( --e-global-color-text ); font-family: var( --e-global-typography-text-font-family ), Sans-serif; font-weight: var( --e-global-typography-text-font-weight ); text-align: var(--text-align); font-size: 1rem;\">lors de l'enregistrement<\/span><span style=\"color: var( --e-global-color-text ); font-family: var( --e-global-typography-text-font-family ), Sans-serif; font-weight: var( --e-global-typography-text-font-weight ); text-align: var(--text-align); font-size: 1rem;\">. Dans ce cas, une \u00e9tiquette sp\u00e9ciale est appos\u00e9e sur le bagage et vous devez la remettre au personnel de cabine qui la placera \u00e0 un endroit sp\u00e9cifique.&nbsp;<\/span><\/div>\n<div><span style=\"color: var( --e-global-color-text ); font-family: var( --e-global-typography-text-font-family ), Sans-serif; font-weight: var( --e-global-typography-text-font-weight ); text-align: var(--text-align); font-size: 1rem;\">&nbsp;<\/span><\/div>\n<div><span style=\"color: var( --e-global-color-text ); font-family: var( --e-global-typography-text-font-family ), Sans-serif; font-weight: var( --e-global-typography-text-font-weight ); text-align: var(--text-align); font-size: 1rem;\">Veuillez noter que le volume de votre \u00e9quipement peut toujours \u00eatre sup\u00e9rieur \u00e0 celui autoris\u00e9 pour le transport en cabine, vous devez donc toujours contacter la compagnie avant le voyage si vous avez des doutes. Vous pouvez contacter Best Fly Cabo Verde \u00e0 l'adresse suivante&nbsp;<\/span><span style=\"color: var( --e-global-color-text ); font-family: var( --e-global-typography-text-font-family ), Sans-serif; font-weight: var( --e-global-typography-text-font-weight ); text-align: var(--text-align); font-size: 1rem;\"><u>commercial@cvconnectservices.com<\/u>, t\u00e9l\u00e9phone&nbsp;<\/span><span style=\"color: var( --e-global-color-text ); font-family: var( --e-global-typography-text-font-family ), Sans-serif; font-weight: var( --e-global-typography-text-font-weight ); text-align: var(--text-align); font-size: 1rem;\">&nbsp;+238 350 05 60 (si vous appelez du Cap-Vert) ou<\/span><span style=\"color: var( --e-global-color-text ); font-family: var( --e-global-typography-text-font-family ), Sans-serif; font-weight: var( --e-global-typography-text-font-weight ); text-align: var(--text-align); font-size: 1rem;\">&nbsp;+351 295 401 517&nbsp;<\/span><span style=\"color: var( --e-global-color-text ); font-family: var( --e-global-typography-text-font-family ), Sans-serif; font-weight: var( --e-global-typography-text-font-weight ); text-align: var(--text-align); font-size: 1rem;\">(si vous appelez du Portugal).<\/span><\/div>\n<div><span style=\"color: var( --e-global-color-text ); font-family: var( --e-global-typography-text-font-family ), Sans-serif; font-weight: var( --e-global-typography-text-font-weight ); text-align: var(--text-align); font-size: 1rem;\">&nbsp;<\/span><\/div>\n<div><span style=\"color: var( --e-global-color-text ); font-family: var( --e-global-typography-text-font-family ), Sans-serif; font-weight: var( --e-global-typography-text-font-weight ); text-align: var(--text-align); font-size: 1rem;\">Pour les voyages en bateau, nous pla\u00e7ons toujours notre \u00e9quipement \u00e0 proximit\u00e9 et non dans la zone g\u00e9n\u00e9rale des bagages, afin d'\u00e9viter les pertes ou les \u00e9garements. Pour obtenir des informations sur les itin\u00e9raires et les r\u00e9glementations concernant les bateaux, vous pouvez contacter la compagnie <a href=\"https:\/\/www.cvinterilhas.cv\/home\" rel=\"nofollow noopener\" target=\"_blank\">Cap Vert Inter-\u00eeles<\/a> par courriel&nbsp;<\/span><span style=\"text-align: var(--text-align);\"><u>info@cvinterilhas.cv<\/u> ou par t\u00e9l\u00e9phone&nbsp;<\/span><span style=\"text-align: var(--text-align);\">+238 350 0330.&nbsp;<\/span><\/div>\n<div style=\"color: var( --e-global-color-text ); font-family: var( --e-global-typography-text-font-family ), Sans-serif; font-size: 1rem; font-weight: var( --e-global-typography-text-font-weight );\">&nbsp;<\/div>\n<h3 style=\"color: var( --e-global-color-text ); font-family: var( --e-global-typography-text-font-family ), Sans-serif; font-size: 1rem;\"><b>Conclusion<\/b><span style=\"font-weight: var( --e-global-typography-text-font-weight );\">&nbsp;<\/span><\/h3>\n<div>En r\u00e9sum\u00e9, l'utilisation de drones au Cap-Vert est une activit\u00e9 passionnante et pleine de possibilit\u00e9s, mais il est important que les op\u00e9rateurs connaissent les r\u00e8gles et r\u00e9glementations locales pour garantir la s\u00e9curit\u00e9 et \u00e9viter les probl\u00e8mes. En outre, il est important de respecter les contre-indications des vols de drones, telles que le vol dans des zones restreintes ou dans des conditions m\u00e9t\u00e9orologiques d\u00e9favorables. Si vous pr\u00e9voyez de voyager avec votre drone, n'oubliez pas de respecter les r\u00e8gles relatives au transport des batteries et de l'\u00e9quipement. Pour plus d'informations sur la r\u00e9glementation relative aux drones au Cap-Vert, veuillez contacter l'Agence de l'aviation civile ou d'autres autorit\u00e9s locales comp\u00e9tentes.&nbsp;<\/div>\n<div>&nbsp;<\/div>\n<div>&nbsp;<\/div>\n<div>Voici quelques images vid\u00e9o film\u00e9es avec un drone par notre collaborateur Daf Spencer.<\/div>\n<div>&nbsp;<\/div>\n<div>&nbsp;<\/div>\n<p><\/p>\n<\/div>\n<div>&nbsp;<i><u>Clause de non-responsabilit\u00e9<\/u><\/i>Les informations contenues dans cette page sont le r\u00e9sultat de recherches approfondies et de notre exp\u00e9rience personnelle. Toutefois, la r\u00e9glementation peut \u00eatre mise \u00e0 jour par les autorit\u00e9s et il incombe au voyageur de se renseigner aupr\u00e8s des institutions comp\u00e9tentes.&nbsp;&nbsp;<\/div>\n<\/div>\t\t\t\t\t\t<\/div>\n\t\t\t\t<\/div>\n\t\t\t\t\t<\/div>\n\t\t<\/div>\n\t\t\t\t\t\t\t<\/div>\n\t\t<\/section>\n\t\t\t\t\t\t\t<\/div>","protected":false},"excerpt":{"rendered":"<p>Drones au Cap-Vert (r\u00e8gles et r\u00e9glementations) Selon l'autorit\u00e9 nationale Civil Aviation Agency (AAC), l'utilisation de drones au Cap-Vert est l\u00e9gale, \u00e0 condition que les r\u00e8gles suivantes soient respect\u00e9es : L'utilisation du drone a lieu en dehors des zones soumises \u00e0 des restrictions ; \u00c0 une altitude de 120 m\u00e8tres (400 pieds) ou moins au-dessus de la surface ; [...]<\/p>","protected":false},"author":1,"featured_media":0,"parent":0,"menu_order":0,"comment_status":"closed","ping_status":"closed","template":"","meta":{"footnotes":""},"categories":[],"tags":[],"class_list":["post-989","page","type-page","status-publish","hentry"],"_links":{"self":[{"href":"https:\/\/feelcaboverde.com\/fr\/wp-json\/wp\/v2\/pages\/989","targetHints":{"allow":["GET"]}}],"collection":[{"href":"https:\/\/feelcaboverde.com\/fr\/wp-json\/wp\/v2\/pages"}],"about":[{"href":"https:\/\/feelcaboverde.com\/fr\/wp-json\/wp\/v2\/types\/page"}],"author":[{"embeddable":true,"href":"https:\/\/feelcaboverde.com\/fr\/wp-json\/wp\/v2\/users\/1"}],"replies":[{"embeddable":true,"href":"https:\/\/feelcaboverde.com\/fr\/wp-json\/wp\/v2\/comments?post=989"}],"version-history":[{"count":60,"href":"https:\/\/feelcaboverde.com\/fr\/wp-json\/wp\/v2\/pages\/989\/revisions"}],"predecessor-version":[{"id":4814,"href":"https:\/\/feelcaboverde.com\/fr\/wp-json\/wp\/v2\/pages\/989\/revisions\/4814"}],"wp:attachment":[{"href":"https:\/\/feelcaboverde.com\/fr\/wp-json\/wp\/v2\/media?parent=989"}],"wp:term":[{"taxonomy":"category","embeddable":true,"href":"https:\/\/feelcaboverde.com\/fr\/wp-json\/wp\/v2\/categories?post=989"},{"taxonomy":"post_tag","embeddable":true,"href":"https:\/\/feelcaboverde.com\/fr\/wp-json\/wp\/v2\/tags?post=989"}],"curies":[{"name":"wp","href":"https:\/\/api.w.org\/{rel}","templated":true}]}}