{"id":3770,"date":"2023-01-20T10:13:41","date_gmt":"2023-01-20T10:13:41","guid":{"rendered":"https:\/\/feelcaboverde.com\/?page_id=3770"},"modified":"2023-03-16T23:17:59","modified_gmt":"2023-03-16T23:17:59","slug":"cidade-velha","status":"publish","type":"page","link":"https:\/\/feelcaboverde.com\/fr\/vieille-ville\/","title":{"rendered":"Vieille ville : d\u00e9couvrez le joyau historique du Cap-Vert"},"content":{"rendered":"<div data-elementor-type=\"wp-page\" data-elementor-id=\"3770\" class=\"elementor elementor-3770\">\n\t\t\t\t\t\t\t\t\t<section data-particle_enable=\"false\" data-particle-mobile-disabled=\"false\" class=\"elementor-section elementor-top-section elementor-element elementor-element-247a35de elementor-section-content-middle elementor-reverse-mobile elementor-section-boxed elementor-section-height-default elementor-section-height-default\" data-id=\"247a35de\" data-element_type=\"section\" data-settings=\"{&quot;background_background&quot;:&quot;classic&quot;}\">\n\t\t\t\t\t\t<div class=\"elementor-container elementor-column-gap-no\">\n\t\t\t\t\t<div class=\"elementor-column elementor-col-50 elementor-top-column elementor-element elementor-element-1c80e8b0\" data-id=\"1c80e8b0\" data-element_type=\"column\">\n\t\t\t<div class=\"elementor-widget-wrap elementor-element-populated\">\n\t\t\t\t\t\t\t\t<div class=\"elementor-element elementor-element-41e88ec2 elementor-widget elementor-widget-heading\" data-id=\"41e88ec2\" data-element_type=\"widget\" data-widget_type=\"heading.default\">\n\t\t\t\t<div class=\"elementor-widget-container\">\n\t\t\t<style>\/*! elementor - v3.7.1 - 14-08-2022 *\/\n.elementor-heading-title{padding:0;margin:0;line-height:1}.elementor-widget-heading .elementor-heading-title[class*=elementor-size-]>a{color:inherit;font-size:inherit;line-height:inherit}.elementor-widget-heading .elementor-heading-title.elementor-size-small{font-size:15px}.elementor-widget-heading .elementor-heading-title.elementor-size-medium{font-size:19px}.elementor-widget-heading .elementor-heading-title.elementor-size-large{font-size:29px}.elementor-widget-heading .elementor-heading-title.elementor-size-xl{font-size:39px}.elementor-widget-heading .elementor-heading-title.elementor-size-xxl{font-size:59px}<\/style><h3 class=\"elementor-heading-title elementor-size-medium\">Berceau du Cap-Vert<\/h3>\t\t<\/div>\n\t\t\t\t<\/div>\n\t\t\t\t<div class=\"elementor-element elementor-element-6ff8751d elementor-widget elementor-widget-text-editor\" data-id=\"6ff8751d\" data-element_type=\"widget\" data-widget_type=\"text-editor.default\">\n\t\t\t\t<div class=\"elementor-widget-container\">\n\t\t\t<style>\/*! elementor - v3.7.1 - 14-08-2022 *\/\n.elementor-widget-text-editor.elementor-drop-cap-view-stacked .elementor-drop-cap{background-color:#818a91;color:#fff}.elementor-widget-text-editor.elementor-drop-cap-view-framed .elementor-drop-cap{color:#818a91;border:3px solid;background-color:transparent}.elementor-widget-text-editor:not(.elementor-drop-cap-view-default) .elementor-drop-cap{margin-top:8px}.elementor-widget-text-editor:not(.elementor-drop-cap-view-default) .elementor-drop-cap-letter{width:1em;height:1em}.elementor-widget-text-editor .elementor-drop-cap{float:left;text-align:center;line-height:1;font-size:50px}.elementor-widget-text-editor .elementor-drop-cap-letter{display:inline-block}<\/style>\t\t\t\t<p><span style=\"font-weight: 400;\">Cidade Velha, \u00e9galement connue sous le nom de Ribeira Grande de Santiago, est une petite ville situ\u00e9e sur l'\u00eele de Santiago au Cap-Vert, \u00e0 environ 15 kilom\u00e8tres de la capitale, Praia.<\/span><\/p><p><span style=\"font-weight: 400;\">\u00a0Elle est consid\u00e9r\u00e9e comme la plus ancienne colonie du pays, ayant \u00e9t\u00e9 fond\u00e9e en 1462 par des explorateurs portugais. En fait, Cidade Velha a \u00e9t\u00e9 le premier \u00e9tablissement europ\u00e9en sous les tropiques.<\/span><\/p>\t\t\t\t\t\t<\/div>\n\t\t\t\t<\/div>\n\t\t\t\t\t<\/div>\n\t\t<\/div>\n\t\t\t\t<div class=\"elementor-column elementor-col-50 elementor-top-column elementor-element elementor-element-39e50ee8\" data-id=\"39e50ee8\" data-element_type=\"column\">\n\t\t\t<div class=\"elementor-widget-wrap elementor-element-populated\">\n\t\t\t\t\t\t\t\t<div class=\"elementor-element elementor-element-7eb7d33b elementor-widget elementor-widget-image\" data-id=\"7eb7d33b\" data-element_type=\"widget\" data-widget_type=\"image.default\">\n\t\t\t\t<div class=\"elementor-widget-container\">\n\t\t\t<style>\/*! elementor - v3.7.1 - 14-08-2022 *\/\n.elementor-widget-image{text-align:center}.elementor-widget-image a{display:inline-block}.elementor-widget-image a img[src$=\".svg\"]{width:48px}.elementor-widget-image img{vertical-align:middle;display:inline-block}<\/style>\t\t\t\t\t\t\t\t\t<figure class=\"wp-caption\">\n\t\t\t\t\t\t\t\t\t\t<img decoding=\"async\" width=\"2560\" height=\"1707\" src=\"https:\/\/feelcaboverde.com\/wp-content\/uploads\/2022\/09\/1.-Cidade-Velha-Ribeira-Grande-Santiago-scaled.jpg\" class=\"attachment-full size-full\" alt=\"\" srcset=\"https:\/\/feelcaboverde.com\/wp-content\/uploads\/2022\/09\/1.-Cidade-Velha-Ribeira-Grande-Santiago-scaled.jpg 2560w, https:\/\/feelcaboverde.com\/wp-content\/uploads\/2022\/09\/1.-Cidade-Velha-Ribeira-Grande-Santiago-300x200.jpg 300w, https:\/\/feelcaboverde.com\/wp-content\/uploads\/2022\/09\/1.-Cidade-Velha-Ribeira-Grande-Santiago-1024x683.jpg 1024w, https:\/\/feelcaboverde.com\/wp-content\/uploads\/2022\/09\/1.-Cidade-Velha-Ribeira-Grande-Santiago-768x512.jpg 768w, https:\/\/feelcaboverde.com\/wp-content\/uploads\/2022\/09\/1.-Cidade-Velha-Ribeira-Grande-Santiago-1536x1024.jpg 1536w, https:\/\/feelcaboverde.com\/wp-content\/uploads\/2022\/09\/1.-Cidade-Velha-Ribeira-Grande-Santiago-2048x1365.jpg 2048w\" sizes=\"(max-width: 2560px) 100vw, 2560px\" \/>\t\t\t\t\t\t\t\t\t\t\t<figcaption class=\"widget-image-caption wp-caption-text\">Banana Street, Old Town<\/figcaption>\n\t\t\t\t\t\t\t\t\t\t<\/figure>\n\t\t\t\t\t\t\t\t\t<\/div>\n\t\t\t\t<\/div>\n\t\t\t\t\t<\/div>\n\t\t<\/div>\n\t\t\t\t\t\t\t<\/div>\n\t\t<\/section>\n\t\t\t\t<section data-particle_enable=\"false\" data-particle-mobile-disabled=\"false\" class=\"elementor-section elementor-top-section elementor-element elementor-element-ed0b5b2 elementor-section-content-middle elementor-reverse-mobile elementor-section-boxed elementor-section-height-default elementor-section-height-default\" data-id=\"ed0b5b2\" data-element_type=\"section\">\n\t\t\t\t\t\t<div class=\"elementor-container elementor-column-gap-no\">\n\t\t\t\t\t<div class=\"elementor-column elementor-col-50 elementor-top-column elementor-element elementor-element-5df5368\" data-id=\"5df5368\" data-element_type=\"column\">\n\t\t\t<div class=\"elementor-widget-wrap elementor-element-populated\">\n\t\t\t\t\t\t\t\t<div class=\"elementor-element elementor-element-f81906a elementor-widget elementor-widget-image\" data-id=\"f81906a\" data-element_type=\"widget\" data-widget_type=\"image.default\">\n\t\t\t\t<div class=\"elementor-widget-container\">\n\t\t\t\t\t\t\t\t\t\t\t\t<figure class=\"wp-caption\">\n\t\t\t\t\t\t\t\t\t\t<img decoding=\"async\" width=\"800\" height=\"933\" src=\"https:\/\/feelcaboverde.com\/wp-content\/uploads\/2023\/01\/HUGO6831-1-878x1024.jpg\" class=\"attachment-large size-large\" alt=\"\" srcset=\"https:\/\/feelcaboverde.com\/wp-content\/uploads\/2023\/01\/HUGO6831-1-878x1024.jpg 878w, https:\/\/feelcaboverde.com\/wp-content\/uploads\/2023\/01\/HUGO6831-1-257x300.jpg 257w, https:\/\/feelcaboverde.com\/wp-content\/uploads\/2023\/01\/HUGO6831-1-768x896.jpg 768w, https:\/\/feelcaboverde.com\/wp-content\/uploads\/2023\/01\/HUGO6831-1-10x12.jpg 10w, https:\/\/feelcaboverde.com\/wp-content\/uploads\/2023\/01\/HUGO6831-1.jpg 1271w\" sizes=\"(max-width: 800px) 100vw, 800px\" \/>\t\t\t\t\t\t\t\t\t\t\t<figcaption class=\"widget-image-caption wp-caption-text\">Coucher de soleil \u00e0 Pelourinho, vieille ville<\/figcaption>\n\t\t\t\t\t\t\t\t\t\t<\/figure>\n\t\t\t\t\t\t\t\t\t<\/div>\n\t\t\t\t<\/div>\n\t\t\t\t\t<\/div>\n\t\t<\/div>\n\t\t\t\t<div class=\"elementor-column elementor-col-50 elementor-top-column elementor-element elementor-element-7cda6c0\" data-id=\"7cda6c0\" data-element_type=\"column\">\n\t\t\t<div class=\"elementor-widget-wrap elementor-element-populated\">\n\t\t\t\t\t\t\t\t<div class=\"elementor-element elementor-element-9f0d235 elementor-widget elementor-widget-heading\" data-id=\"9f0d235\" data-element_type=\"widget\" data-widget_type=\"heading.default\">\n\t\t\t\t<div class=\"elementor-widget-container\">\n\t\t\t<h3 class=\"elementor-heading-title elementor-size-medium\">Le premier jet de l'histoire <\/h3>\t\t<\/div>\n\t\t\t\t<\/div>\n\t\t\t\t<div class=\"elementor-element elementor-element-71ad364 elementor-widget elementor-widget-text-editor\" data-id=\"71ad364\" data-element_type=\"widget\" data-widget_type=\"text-editor.default\">\n\t\t\t\t<div class=\"elementor-widget-container\">\n\t\t\t\t\t\t\t<p><span style=\"font-weight: 400;\">L'histoire de la ville est \u00e9troitement li\u00e9e \u00e0 l'esclavage transatlantique, car elle \u00e9tait autrefois un port important pour l'exportation d'esclaves africains.<\/span><\/p><p><span style=\"font-weight: 400;\">Le Pelourinho, un grand pilier de pierre construit sur la place principale de la ville, est un symbole de l'histoire brutale de l'esclavage transatlantique et de son r\u00f4le dans le d\u00e9veloppement de Cidade Velha. Il servait \u00e0 la lecture publique des actes de la municipalit\u00e9, au commerce des esclaves et des produits de la terre, et surtout \u00e0 la r\u00e9pression des infractions commises par les esclaves rebelles.<\/span><\/p><p><span style=\"font-weight: 400;\">Le d\u00e9but de la colonisation \u00e0 Cidade Velha a \u00e9galement \u00e9t\u00e9 rendu possible par la disponibilit\u00e9 de sols fertiles et d'eau. Au fur et \u00e0 mesure que la communaut\u00e9 s'est d\u00e9velopp\u00e9e, diverses structures ont \u00e9t\u00e9 construites \u00e0 des fins militaires, religieuses et civiles, concentr\u00e9es dans une zone urbaine compacte qui conserve encore aujourd'hui une grande partie de sa structure d'origine.<\/span><\/p>\t\t\t\t\t\t<\/div>\n\t\t\t\t<\/div>\n\t\t\t\t\t<\/div>\n\t\t<\/div>\n\t\t\t\t\t\t\t<\/div>\n\t\t<\/section>\n\t\t\t\t<section data-particle_enable=\"false\" data-particle-mobile-disabled=\"false\" class=\"elementor-section elementor-top-section elementor-element elementor-element-8ed9401 elementor-section-content-middle elementor-reverse-mobile elementor-section-boxed elementor-section-height-default elementor-section-height-default\" data-id=\"8ed9401\" data-element_type=\"section\">\n\t\t\t\t\t\t<div class=\"elementor-container elementor-column-gap-no\">\n\t\t\t\t\t<div class=\"elementor-column elementor-col-50 elementor-top-column elementor-element elementor-element-6b8afd3\" data-id=\"6b8afd3\" data-element_type=\"column\">\n\t\t\t<div class=\"elementor-widget-wrap elementor-element-populated\">\n\t\t\t\t\t\t\t\t<div class=\"elementor-element elementor-element-debaec7 elementor-widget elementor-widget-heading\" data-id=\"debaec7\" data-element_type=\"widget\" data-widget_type=\"heading.default\">\n\t\t\t\t<div class=\"elementor-widget-container\">\n\t\t\t<h3 class=\"elementor-heading-title elementor-size-medium\">Marques de l'h\u00e9ritage colonial<\/h3>\t\t<\/div>\n\t\t\t\t<\/div>\n\t\t\t\t<div class=\"elementor-element elementor-element-3992a51 elementor-widget elementor-widget-text-editor\" data-id=\"3992a51\" data-element_type=\"widget\" data-widget_type=\"text-editor.default\">\n\t\t\t\t<div class=\"elementor-widget-container\">\n\t\t\t\t\t\t\t<p><span style=\"font-weight: 400;\">De nombreux b\u00e2timents de la ville, dont le fort de S\u00e3o Filipe, ont \u00e9t\u00e9 construits en recourant au travail forc\u00e9.<\/span><\/p><p><span style=\"font-weight: 400;\">\u00a0Le fort a \u00e9t\u00e9 construit pour prot\u00e9ger le port des attaques de pirates et constitue l'un des sites les plus remarquables de la ville. Il a \u00e9t\u00e9 strat\u00e9giquement construit sur l'un des points les plus \u00e9lev\u00e9s de la vieille ville, surplombant la ville et l'oc\u00e9an Atlantique.\u00a0<\/span><\/p><p><span style=\"font-weight: 400;\">Sa situation privil\u00e9gi\u00e9e offre des vues \u00e0 360\u00ba sur les environs et des couchers de soleil incroyables.<\/span><\/p>\t\t\t\t\t\t<\/div>\n\t\t\t\t<\/div>\n\t\t\t\t\t<\/div>\n\t\t<\/div>\n\t\t\t\t<div class=\"elementor-column elementor-col-50 elementor-top-column elementor-element elementor-element-db231e7\" data-id=\"db231e7\" data-element_type=\"column\">\n\t\t\t<div class=\"elementor-widget-wrap elementor-element-populated\">\n\t\t\t\t\t\t\t\t<div class=\"elementor-element elementor-element-941e21c elementor-widget elementor-widget-image\" data-id=\"941e21c\" data-element_type=\"widget\" data-widget_type=\"image.default\">\n\t\t\t\t<div class=\"elementor-widget-container\">\n\t\t\t\t\t\t\t\t\t\t\t\t<figure class=\"wp-caption\">\n\t\t\t\t\t\t\t\t\t\t<img decoding=\"async\" width=\"2560\" height=\"1440\" src=\"https:\/\/feelcaboverde.com\/wp-content\/uploads\/2023\/01\/DJI_0081-scaled.jpg\" class=\"attachment-full size-full\" alt=\"\" srcset=\"https:\/\/feelcaboverde.com\/wp-content\/uploads\/2023\/01\/DJI_0081-scaled.jpg 2560w, https:\/\/feelcaboverde.com\/wp-content\/uploads\/2023\/01\/DJI_0081-300x169.jpg 300w, https:\/\/feelcaboverde.com\/wp-content\/uploads\/2023\/01\/DJI_0081-1024x576.jpg 1024w, https:\/\/feelcaboverde.com\/wp-content\/uploads\/2023\/01\/DJI_0081-768x432.jpg 768w, https:\/\/feelcaboverde.com\/wp-content\/uploads\/2023\/01\/DJI_0081-1536x864.jpg 1536w, https:\/\/feelcaboverde.com\/wp-content\/uploads\/2023\/01\/DJI_0081-2048x1152.jpg 2048w, https:\/\/feelcaboverde.com\/wp-content\/uploads\/2023\/01\/DJI_0081-18x10.jpg 18w\" sizes=\"(max-width: 2560px) 100vw, 2560px\" \/>\t\t\t\t\t\t\t\t\t\t\t<figcaption class=\"widget-image-caption wp-caption-text\">Fort St Philippe, vieille ville<\/figcaption>\n\t\t\t\t\t\t\t\t\t\t<\/figure>\n\t\t\t\t\t\t\t\t\t<\/div>\n\t\t\t\t<\/div>\n\t\t\t\t\t<\/div>\n\t\t<\/div>\n\t\t\t\t\t\t\t<\/div>\n\t\t<\/section>\n\t\t\t\t<section data-particle_enable=\"false\" data-particle-mobile-disabled=\"false\" class=\"elementor-section elementor-top-section elementor-element elementor-element-d6a0529 elementor-section-content-middle elementor-reverse-mobile elementor-section-boxed elementor-section-height-default elementor-section-height-default\" data-id=\"d6a0529\" data-element_type=\"section\">\n\t\t\t\t\t\t<div class=\"elementor-container elementor-column-gap-no\">\n\t\t\t\t\t<div class=\"elementor-column elementor-col-50 elementor-top-column elementor-element elementor-element-82fd480\" data-id=\"82fd480\" data-element_type=\"column\">\n\t\t\t<div class=\"elementor-widget-wrap elementor-element-populated\">\n\t\t\t\t\t\t\t\t<div class=\"elementor-element elementor-element-1669cc7 elementor-widget elementor-widget-image\" data-id=\"1669cc7\" data-element_type=\"widget\" data-widget_type=\"image.default\">\n\t\t\t\t<div class=\"elementor-widget-container\">\n\t\t\t\t\t\t\t\t\t\t\t\t<figure class=\"wp-caption\">\n\t\t\t\t\t\t\t\t\t\t<img decoding=\"async\" width=\"800\" height=\"598\" src=\"https:\/\/feelcaboverde.com\/wp-content\/uploads\/2023\/01\/IMG_0405-copy-1024x765.jpg\" class=\"attachment-large size-large\" alt=\"\" srcset=\"https:\/\/feelcaboverde.com\/wp-content\/uploads\/2023\/01\/IMG_0405-copy-1024x765.jpg 1024w, https:\/\/feelcaboverde.com\/wp-content\/uploads\/2023\/01\/IMG_0405-copy-300x224.jpg 300w, https:\/\/feelcaboverde.com\/wp-content\/uploads\/2023\/01\/IMG_0405-copy-768x574.jpg 768w, https:\/\/feelcaboverde.com\/wp-content\/uploads\/2023\/01\/IMG_0405-copy-1536x1147.jpg 1536w, https:\/\/feelcaboverde.com\/wp-content\/uploads\/2023\/01\/IMG_0405-copy-2048x1529.jpg 2048w, https:\/\/feelcaboverde.com\/wp-content\/uploads\/2023\/01\/IMG_0405-copy-16x12.jpg 16w\" sizes=\"(max-width: 800px) 100vw, 800px\" \/>\t\t\t\t\t\t\t\t\t\t\t<figcaption class=\"widget-image-caption wp-caption-text\">\u00c9glise Notre-Dame du Rosaire, Old Town<\/figcaption>\n\t\t\t\t\t\t\t\t\t\t<\/figure>\n\t\t\t\t\t\t\t\t\t<\/div>\n\t\t\t\t<\/div>\n\t\t\t\t\t<\/div>\n\t\t<\/div>\n\t\t\t\t<div class=\"elementor-column elementor-col-50 elementor-top-column elementor-element elementor-element-a75d348\" data-id=\"a75d348\" data-element_type=\"column\">\n\t\t\t<div class=\"elementor-widget-wrap elementor-element-populated\">\n\t\t\t\t\t\t\t\t<div class=\"elementor-element elementor-element-3a1f6bf elementor-widget elementor-widget-heading\" data-id=\"3a1f6bf\" data-element_type=\"widget\" data-widget_type=\"heading.default\">\n\t\t\t\t<div class=\"elementor-widget-container\">\n\t\t\t<h3 class=\"elementor-heading-title elementor-size-medium\">Des b\u00e2timents intemporels<\/h3>\t\t<\/div>\n\t\t\t\t<\/div>\n\t\t\t\t<div class=\"elementor-element elementor-element-895d3a2 elementor-widget elementor-widget-text-editor\" data-id=\"895d3a2\" data-element_type=\"widget\" data-widget_type=\"text-editor.default\">\n\t\t\t\t<div class=\"elementor-widget-container\">\n\t\t\t\t\t\t\t<p><span style=\"font-weight: 400;\">Cidade Velha abrite \u00e9galement plusieurs \u00e9glises qui refl\u00e8tent le patrimoine de la ville. La plus c\u00e9l\u00e8bre d'entre elles est l'\u00e9glise Notre-Dame du Rosaire, une belle structure datant du d\u00e9but du XVe si\u00e8cle (construite vers 1495).<\/span><\/p><p>\u00a0<\/p>\t\t\t\t\t\t<\/div>\n\t\t\t\t<\/div>\n\t\t\t\t\t<\/div>\n\t\t<\/div>\n\t\t\t\t\t\t\t<\/div>\n\t\t<\/section>\n\t\t\t\t<section data-particle_enable=\"false\" data-particle-mobile-disabled=\"false\" class=\"elementor-section elementor-top-section elementor-element elementor-element-440beab elementor-section-content-middle elementor-reverse-mobile elementor-section-boxed elementor-section-height-default elementor-section-height-default\" data-id=\"440beab\" data-element_type=\"section\">\n\t\t\t\t\t\t<div class=\"elementor-container elementor-column-gap-no\">\n\t\t\t\t\t<div class=\"elementor-column elementor-col-50 elementor-top-column elementor-element elementor-element-b6d072b\" data-id=\"b6d072b\" data-element_type=\"column\">\n\t\t\t<div class=\"elementor-widget-wrap elementor-element-populated\">\n\t\t\t\t\t\t\t\t<div class=\"elementor-element elementor-element-3e09019 elementor-widget elementor-widget-heading\" data-id=\"3e09019\" data-element_type=\"widget\" data-widget_type=\"heading.default\">\n\t\t\t\t<div class=\"elementor-widget-container\">\n\t\t\t<h3 class=\"elementor-heading-title elementor-size-medium\">Site du patrimoine mondial de l'UNESCO<\/h3>\t\t<\/div>\n\t\t\t\t<\/div>\n\t\t\t\t<div class=\"elementor-element elementor-element-617921d elementor-widget elementor-widget-text-editor\" data-id=\"617921d\" data-element_type=\"widget\" data-widget_type=\"text-editor.default\">\n\t\t\t\t<div class=\"elementor-widget-container\">\n\t\t\t\t\t\t\t<p><span style=\"font-weight: 400;\">Depuis 2009, Cidade Velha est <\/span><a href=\"https:\/\/whc.unesco.org\/en\/statesparties\/cv\" rel=\"nofollow noopener\" target=\"_blank\"><span style=\"font-weight: 400;\">Site du patrimoine mondial de l'UNESCO<\/span><\/a><span style=\"font-weight: 400;\">en reconnaissance de son importance historique et culturelle.<\/span><\/p>\t\t\t\t\t\t<\/div>\n\t\t\t\t<\/div>\n\t\t\t\t\t<\/div>\n\t\t<\/div>\n\t\t\t\t<div class=\"elementor-column elementor-col-50 elementor-top-column elementor-element elementor-element-c335a73\" data-id=\"c335a73\" data-element_type=\"column\">\n\t\t\t<div class=\"elementor-widget-wrap elementor-element-populated\">\n\t\t\t\t\t\t\t\t<div class=\"elementor-element elementor-element-1058e1e elementor-widget elementor-widget-image\" data-id=\"1058e1e\" data-element_type=\"widget\" data-widget_type=\"image.default\">\n\t\t\t\t<div class=\"elementor-widget-container\">\n\t\t\t\t\t\t\t\t\t\t\t\t<figure class=\"wp-caption\">\n\t\t\t\t\t\t\t\t\t\t<img decoding=\"async\" width=\"2560\" height=\"1743\" src=\"https:\/\/feelcaboverde.com\/wp-content\/uploads\/2023\/01\/IMG_0441-1-scaled.jpg\" class=\"attachment-full size-full\" alt=\"\" srcset=\"https:\/\/feelcaboverde.com\/wp-content\/uploads\/2023\/01\/IMG_0441-1-scaled.jpg 2560w, https:\/\/feelcaboverde.com\/wp-content\/uploads\/2023\/01\/IMG_0441-1-300x204.jpg 300w, https:\/\/feelcaboverde.com\/wp-content\/uploads\/2023\/01\/IMG_0441-1-1024x697.jpg 1024w, https:\/\/feelcaboverde.com\/wp-content\/uploads\/2023\/01\/IMG_0441-1-768x523.jpg 768w, https:\/\/feelcaboverde.com\/wp-content\/uploads\/2023\/01\/IMG_0441-1-1536x1046.jpg 1536w, https:\/\/feelcaboverde.com\/wp-content\/uploads\/2023\/01\/IMG_0441-1-2048x1394.jpg 2048w, https:\/\/feelcaboverde.com\/wp-content\/uploads\/2023\/01\/IMG_0441-1-18x12.jpg 18w\" sizes=\"(max-width: 2560px) 100vw, 2560px\" \/>\t\t\t\t\t\t\t\t\t\t\t<figcaption class=\"widget-image-caption wp-caption-text\">Ruines de la cath\u00e9drale de Ribeira Grande de Santiago<\/figcaption>\n\t\t\t\t\t\t\t\t\t\t<\/figure>\n\t\t\t\t\t\t\t\t\t<\/div>\n\t\t\t\t<\/div>\n\t\t\t\t\t<\/div>\n\t\t<\/div>\n\t\t\t\t\t\t\t<\/div>\n\t\t<\/section>\n\t\t<div class=\"elementor-element elementor-element-6de1518 e-container--column e-container\" data-id=\"6de1518\" data-element_type=\"container\">\t\t\t\t<div class=\"elementor-element elementor-element-d66b8df elementor-widget elementor-widget-text-editor\" data-id=\"d66b8df\" data-element_type=\"widget\" data-widget_type=\"text-editor.default\">\n\t\t\t\t<div class=\"elementor-widget-container\">\n\t\t\t\t\t\t\t<p><span style=\"font-weight: 400;\">Cidade Velha est l'endroit id\u00e9al pour se d\u00e9tendre et s'impr\u00e9gner de l'essence du Cap-Vert. <strong>C'est une destination incontournable pour tous ceux qui veulent d\u00e9couvrir un excellent m\u00e9lange d'histoire, de culture et de beaux paysages.<\/strong><\/span><\/p><p>Vous souhaitez en savoir plus sur la vieille ville ou faire une visite historique de cette ville idyllique ? Prenez contact avec nous.<\/p>\t\t\t\t\t\t<\/div>\n\t\t\t\t<\/div>\n\t\t<\/div>\t\t\t\t\t<\/div>","protected":false},"excerpt":{"rendered":"<p>Berceau du Cap-Vert Cidade Velha, \u00e9galement connue sous le nom de Ribeira Grande de Santiago, est une petite ville situ\u00e9e sur l'\u00eele de Santiago au Cap-Vert, \u00e0 environ 15 kilom\u00e8tres de la capitale, Praia. Elle est consid\u00e9r\u00e9e comme la plus ancienne agglom\u00e9ration du pays, ayant \u00e9t\u00e9 fond\u00e9e en 1462 par des explorateurs portugais. En fait, Cidade Velha a \u00e9t\u00e9 la premi\u00e8re [...]<\/p>","protected":false},"author":1,"featured_media":0,"parent":0,"menu_order":0,"comment_status":"closed","ping_status":"closed","template":"","meta":{"footnotes":""},"categories":[],"tags":[],"class_list":["post-3770","page","type-page","status-publish","hentry"],"_links":{"self":[{"href":"https:\/\/feelcaboverde.com\/fr\/wp-json\/wp\/v2\/pages\/3770","targetHints":{"allow":["GET"]}}],"collection":[{"href":"https:\/\/feelcaboverde.com\/fr\/wp-json\/wp\/v2\/pages"}],"about":[{"href":"https:\/\/feelcaboverde.com\/fr\/wp-json\/wp\/v2\/types\/page"}],"author":[{"embeddable":true,"href":"https:\/\/feelcaboverde.com\/fr\/wp-json\/wp\/v2\/users\/1"}],"replies":[{"embeddable":true,"href":"https:\/\/feelcaboverde.com\/fr\/wp-json\/wp\/v2\/comments?post=3770"}],"version-history":[{"count":32,"href":"https:\/\/feelcaboverde.com\/fr\/wp-json\/wp\/v2\/pages\/3770\/revisions"}],"predecessor-version":[{"id":4056,"href":"https:\/\/feelcaboverde.com\/fr\/wp-json\/wp\/v2\/pages\/3770\/revisions\/4056"}],"wp:attachment":[{"href":"https:\/\/feelcaboverde.com\/fr\/wp-json\/wp\/v2\/media?parent=3770"}],"wp:term":[{"taxonomy":"category","embeddable":true,"href":"https:\/\/feelcaboverde.com\/fr\/wp-json\/wp\/v2\/categories?post=3770"},{"taxonomy":"post_tag","embeddable":true,"href":"https:\/\/feelcaboverde.com\/fr\/wp-json\/wp\/v2\/tags?post=3770"}],"curies":[{"name":"wp","href":"https:\/\/api.w.org\/{rel}","templated":true}]}}