{"id":3181,"date":"2022-11-30T10:28:56","date_gmt":"2022-11-30T10:28:56","guid":{"rendered":"https:\/\/feelcaboverde.com\/?page_id=3181"},"modified":"2023-04-02T20:36:45","modified_gmt":"2023-04-02T20:36:45","slug":"salinas-de-pedra-de-lume-ilha-do-sal","status":"publish","type":"page","link":"https:\/\/feelcaboverde.com\/fr\/salines-de-pedra-de-lume-ile-du-sal\/","title":{"rendered":"Salinas de Pedra de Lume - \u00cele de Sal"},"content":{"rendered":"<div data-elementor-type=\"wp-page\" data-elementor-id=\"3181\" class=\"elementor elementor-3181\">\n\t\t\t\t\t\t\t\t\t<section data-particle_enable=\"false\" data-particle-mobile-disabled=\"false\" class=\"elementor-section elementor-top-section elementor-element elementor-element-7d82efc1 elementor-section-boxed elementor-section-height-default elementor-section-height-default\" data-id=\"7d82efc1\" data-element_type=\"section\">\n\t\t\t\t\t\t<div class=\"elementor-container elementor-column-gap-default\">\n\t\t\t\t\t<div class=\"elementor-column elementor-col-100 elementor-top-column elementor-element elementor-element-6e6df1f9\" data-id=\"6e6df1f9\" data-element_type=\"column\">\n\t\t\t<div class=\"elementor-widget-wrap elementor-element-populated\">\n\t\t\t\t\t\t\t\t<div class=\"elementor-element elementor-element-7a23810c elementor-widget elementor-widget-text-editor\" data-id=\"7a23810c\" data-element_type=\"widget\" data-widget_type=\"text-editor.default\">\n\t\t\t\t<div class=\"elementor-widget-container\">\n\t\t\t<style>\/*! elementor - v3.7.1 - 14-08-2022 *\/\n.elementor-widget-text-editor.elementor-drop-cap-view-stacked .elementor-drop-cap{background-color:#818a91;color:#fff}.elementor-widget-text-editor.elementor-drop-cap-view-framed .elementor-drop-cap{color:#818a91;border:3px solid;background-color:transparent}.elementor-widget-text-editor:not(.elementor-drop-cap-view-default) .elementor-drop-cap{margin-top:8px}.elementor-widget-text-editor:not(.elementor-drop-cap-view-default) .elementor-drop-cap-letter{width:1em;height:1em}.elementor-widget-text-editor .elementor-drop-cap{float:left;text-align:center;line-height:1;font-size:50px}.elementor-widget-text-editor .elementor-drop-cap-letter{display:inline-block}<\/style>\t\t\t\t<h3>Salinas de Pedra de Lume - localisation<\/h3><p>Les Salinas de Pedra de Lume sont un ensemble de marais salants de l'\u00eele de Sal, situ\u00e9s dans le crat\u00e8re d'un volcan \u00e9teint, \u00e0 1100 m\u00e8tres de la mer. Le point le plus \u00e9lev\u00e9, le bord, se trouve \u00e0 39 m\u00e8tres au-dessus du niveau de la mer, tandis que le point le plus bas, la base du crat\u00e8re, se trouve en dessous du niveau de la mer. Salinas occupe une superficie totale d'environ 40 hectares.<\/p><p>Class\u00e9e au patrimoine national et faisant partie des 7 merveilles naturelles du Cap-Vert, Salinas de Pedra de Lume est une \u00e9tape incontournable pour tous ceux qui visitent l'\u00eele de Sal.<\/p><p><img decoding=\"async\" src=\"http:\/\/feelcaboverde.com\/wp-content\/uploads\/2022\/11\/01.jpg\" alt=\"\" width=\"2048\" height=\"1536\" \/><\/p><p>\u00a0<\/p><h3 style=\"font-family: Helvetica, sans-serif; color: #000000;\">Salinas de Pedra de Lume - histoire<\/h3><p>Autrefois, le c\u00f4t\u00e9 nord du crat\u00e8re \u00e9tait en contact avec la mer par des canaux naturels. L'eau de mer s'est infiltr\u00e9e dans le crat\u00e8re et, apr\u00e8s \u00e9vaporation, a laiss\u00e9 un d\u00e9p\u00f4t de sel gemme estim\u00e9 \u00e0 plus de cinquante millions de tonnes (IPC).<\/p><p>L'exploitation du sel, qui a donn\u00e9 son nom \u00e0 l'\u00eele, a commenc\u00e9 \u00e0 la fin du XVIIe si\u00e8cle et a jou\u00e9 un r\u00f4le crucial dans l'occupation et le d\u00e9veloppement de l'\u00eele. \u00c0 l'apog\u00e9e de l'industrie du sel, l'\u00eele exportait plus de 30 000 tonnes par an.<\/p><p>\u00c0 la fin du XIXe si\u00e8cle, l'industrie du sel a connu un fort d\u00e9clin, en grande partie \u00e0 cause des mesures restrictives impos\u00e9es par le Br\u00e9sil, principal importateur de sel du Cap-Vert.<\/p><p>Les ann\u00e9es 1920 ont marqu\u00e9 l'essor de l'industrie du sel sur l'\u00eele, avec l'installation de la soci\u00e9t\u00e9 fran\u00e7aise Salins du Cap Vert. L'installation d'un t\u00e9l\u00e9ph\u00e9rique de 1100 m\u00e8tres reliant les marais salants aux zones de navigation allait changer \u00e0 jamais l'histoire et le paysage de Pedra de Lume.<\/p><p><img decoding=\"async\" src=\"http:\/\/feelcaboverde.com\/wp-content\/uploads\/2022\/11\/02-1.jpg\" alt=\"\" width=\"2048\" height=\"1536\" \/><\/p><p>Pouvant transporter jusqu'\u00e0 25 tonnes de sel par heure, le t\u00e9l\u00e9ph\u00e9rique a remplac\u00e9 le transport du sel effectu\u00e9 auparavant par des animaux et a stimul\u00e9 l'exploitation du sel sur l'\u00eele. En outre, un tunnel a \u00e9t\u00e9 ouvert dans la paroi du volcan, ce qui a permis d'am\u00e9liorer l'acc\u00e8s aux marais salants. Les principaux march\u00e9s d'importation de sel du Cap-Vert sont devenus les colonies fran\u00e7aises et belges d'Afrique.<\/p><p>Au cours de la seconde moiti\u00e9 du 20e si\u00e8cle, un nouveau contexte mondial d'(in)disponibilit\u00e9 du march\u00e9 allait consid\u00e9rablement modifier l'histoire de l'industrie nationale du sel. Les changements de politique commerciale de l'un des principaux importateurs de sel national de l'\u00e9poque, la R\u00e9publique d\u00e9mocratique du Congo, apr\u00e8s l'ind\u00e9pendance de ce pays au d\u00e9but des ann\u00e9es 1960, ont \u00e9t\u00e9 particuli\u00e8rement importants.<\/p><p>Avec l'augmentation de l'exploitation et de la disponibilit\u00e9 du sel dans d'autres pays, l'exploitation de cet \u00e9l\u00e9ment sur l'\u00eele de Sal a fortement diminu\u00e9. Il existe actuellement une petite exploitation de sel sur l'\u00eele, qui est principalement utilis\u00e9e pour fabriquer des produits cosm\u00e9tiques et th\u00e9rapeutiques.<\/p><p>\u00c0 la fin du XXe si\u00e8cle, l'\u00eele de Sal a de nouveau \u00e9merg\u00e9 sur la sc\u00e8ne mondiale, d\u00e9sormais en tant que destination touristique. La Pedra de Lume, alors r\u00e9habilit\u00e9e, est devenue l'une des principales attractions touristiques de l'\u00eele.<\/p><h3><strong>\u00a0<\/strong><\/h3><h3><strong>Que faire \u00e0 Salinas de Pedra de Lume ?<\/strong><\/h3><p><strong>1. La randonn\u00e9e<\/strong><\/p><p>Les Salinas de Pedra de Lume sont un passage oblig\u00e9 pour tous ceux qui visitent l'\u00eele de Sal. La beaut\u00e9 du paysage est in\u00e9gal\u00e9e dans l'archipel et m\u00e9rite que l'on s'y attarde.<\/p><p>Avant de p\u00e9n\u00e9trer dans les salines, vous pouvez faire le tour du crat\u00e8re.<\/p><p>A l'entr\u00e9e du crat\u00e8re, une grotte m\u00e8ne \u00e0 une s\u00e9rie de lits de sel multicolores, \u00e0 travers lesquels on peut se promener et appr\u00e9cier les mosa\u00efques polychromes des marais salants.<\/p><p><img decoding=\"async\" src=\"http:\/\/feelcaboverde.com\/wp-content\/uploads\/2022\/11\/03.jpg\" alt=\"\" width=\"2048\" height=\"1536\" \/><\/p><p>Vous pouvez \u00e9galement descendre en t\u00e9l\u00e9ph\u00e9rique jusqu'au village de p\u00eacheurs de Pedra de Lume, o\u00f9 se trouvent encore des ruines et des monuments de l'\u00e8re industrielle.<\/p><p><img decoding=\"async\" src=\"http:\/\/feelcaboverde.com\/wp-content\/uploads\/2022\/11\/04.png\" alt=\"\" width=\"1200\" height=\"900\" \/><\/p><p><strong>2. Bains th\u00e9rapeutiques<\/strong><\/p><p>Le long des salines se trouvent des lacs peu profonds, de moins d'un m\u00e8tre de profondeur, dont la concentration en sel est 27 fois sup\u00e9rieure \u00e0 celle de l'eau de mer. La forte concentration en sel permet de flotter facilement dans l'eau.<\/p><p>En outre, les min\u00e9raux contenus dans l'eau sal\u00e9e ont un effet relaxant sur le corps et un effet exfoliant sur la peau, ce qui incite de nombreuses personnes \u00e0 rechercher l'endroit \u00e0 des fins th\u00e9rapeutiques.<\/p><p>Salinas de Pedra de Lume est un authentique spa en plein air. N'oubliez pas d'apporter votre maillot de bain pour profiter au maximum de l'exp\u00e9rience.<\/p><p>\u00a0<\/p><h3><strong>Comment se rendre aux Salinas de Pedra de Lume ?<\/strong><\/h3><p>Salinas de Pedra de Lume est situ\u00e9 au nord-est de l'\u00eele de Sal, \u00e0 environ 6 kilom\u00e8tres du centre d'Espargos, la capitale de l'\u00eele, et \u00e0 environ 25 kilom\u00e8tres de Santa Maria.<\/p><p>Depuis Espargos, les plus aventureux peuvent choisir de marcher jusqu'aux marais salants ; le trajet dure environ une heure et demie. Vous pouvez \u00e9galement vous y rendre en quad, en taxi ou par votre propre moyen de transport.\u00a0<\/p><p>Les options de transport \u00e0 partir de Santa Maria sont les m\u00eames. Si vous choisissez de prendre un taxi ou de louer un moyen de transport, il est pr\u00e9f\u00e9rable de se mettre d'accord sur le prix et le temps d'attente avant de prendre le moyen de transport pour retourner en ville.<\/p><h3><strong>Combien co\u00fbte l'entr\u00e9e aux Salinas de Pedra de Lume ?<\/strong><\/h3><p>L'entr\u00e9e aux salines de Pedra de Lume est gratuite pour les citoyens portugais et environ 5 euros pour les \u00e9trangers. Le prix comprend l'acc\u00e8s \u00e0 la baignade dans les \u00e9tangs sal\u00e9s.<\/p><p>\u00a0<\/p><h3><strong>Conseils sur les salines de Pedra de Lume<\/strong><\/h3><ul><li>\u00c9vitez de mettre de l'eau sal\u00e9e dans vos yeux. La forte concentration de sels dans l'eau peut \u00eatre abrasive pour la conjonctive de l'\u0153il.<\/li><li>Les heures d'ouverture de Salinas de Pedra de Lume sont g\u00e9n\u00e9ralement de 09h00 \u00e0 17h45 tous les jours.<\/li><li>Le meilleur moment pour visiter les salines est g\u00e9n\u00e9ralement en d\u00e9but ou en fin de journ\u00e9e, lorsque le soleil est moins intense et que l'affluence est moindre. Essayez toutefois d'y aller lorsque le temps est encore ensoleill\u00e9, car c'est \u00e0 ce moment-l\u00e0 que les couleurs des salines ressortent le mieux.<\/li><li>Si possible, \u00e9vitez les heures de la mi-journ\u00e9e, lorsque le soleil est tr\u00e8s intense et que le nombre de visiteurs tend \u00e0 \u00eatre plus \u00e9lev\u00e9.<\/li><li>Il y a des douches d'eau douce sur le site o\u00f9 vous pouvez vous \"laver du sel\" apr\u00e8s avoir fait trempette dans les salines avant de partir.<\/li><li>Il y a un petit restaurant dans les marais salants o\u00f9 vous pouvez acheter des snacks et des boissons.<\/li><\/ul><p><strong>\u00a0<\/strong><\/p><h3><strong>Curiosit\u00e9s sur les salines de Pedra de Lume<\/strong><\/h3><ul><li>Afin de pr\u00e9server la nature et la valeur culturelle historique du site, Salinas de Pedra de Lume a \u00e9t\u00e9 class\u00e9e comme r\u00e9serve naturelle prot\u00e9g\u00e9e par le d\u00e9cret-loi 3\/2003 du 24 f\u00e9vrier.<\/li><li>Salinas de Pedra de Lume a \u00e9galement \u00e9t\u00e9 class\u00e9e comme site du patrimoine naturel, historique et culturel national par la r\u00e9solution 21\/2012 du 24 avril.<\/li><li>En d\u00e9cembre 2013, Salinas de Pedra de Lume a \u00e9t\u00e9 \u00e9lue l'une des 7 merveilles du Cap-Vert dans la cat\u00e9gorie \"Baies, criques, anses et zones humides de toute taille\".<\/li><li>Salinas de Pedra de Lume fait partie de l'aire de r\u00e9partition de la <a href=\"https:\/\/whc.unesco.org\/en\/tentativelists\/?action=listtentative&amp;state=cv&amp;order=states\" rel=\"nofollow noopener\" target=\"_blank\">Liste indicative du Cap-Vert pour l'UNESCO<\/a>et aspire donc \u00e0 \u00eatre reconnu comme un site du patrimoine mondial.<\/li><\/ul><p><strong>\u00a0<\/strong><\/p><p><strong>Sources :<\/strong><\/p><p>Salinas de Pedra Lume : patrimoine national et l'une des 7 merveilles naturelles du Cap-Vert. Disponible \u00e0 l'adresse suivante <a href=\"https:\/\/www.agendacultural.cv\/index.php?paginas=54&amp;id_cod=16\" rel=\"nofollow noopener\" target=\"_blank\">L'agenda culturel du Cap-Vert<\/a><\/p><p>Monuments et sites : Salines de Pedra de Lume, patrimoine national. Disponible \u00e0 l'adresse suivante <a href=\"https:\/\/ipc.cv\/monumento-e-sitio\/salinas-de-pedra-de-lume-patrimonio-nacional\/\" rel=\"nofollow noopener\" target=\"_blank\">Institut du patrimoine culturel<\/a><\/p>\t\t\t\t\t\t<\/div>\n\t\t\t\t<\/div>\n\t\t\t\t\t<\/div>\n\t\t<\/div>\n\t\t\t\t\t\t\t<\/div>\n\t\t<\/section>\n\t\t\t\t\t\t\t<\/div>","protected":false},"excerpt":{"rendered":"<p>Salinas de Pedra de Lume - situation Les Salinas de Pedra de Lume sont un ensemble de marais salants de l'\u00eele de Sal, situ\u00e9s dans le crat\u00e8re d'un volcan \u00e9teint, \u00e0 1100 m\u00e8tres de la mer. Le point le plus \u00e9lev\u00e9, le bord, se trouve \u00e0 39 m\u00e8tres au-dessus du niveau de la mer, tandis que le point le plus bas, [...]<\/p>","protected":false},"author":1,"featured_media":0,"parent":0,"menu_order":0,"comment_status":"closed","ping_status":"closed","template":"","meta":{"footnotes":""},"categories":[21],"tags":[],"class_list":["post-3181","page","type-page","status-publish","hentry","category-7-maravilhas"],"_links":{"self":[{"href":"https:\/\/feelcaboverde.com\/fr\/wp-json\/wp\/v2\/pages\/3181","targetHints":{"allow":["GET"]}}],"collection":[{"href":"https:\/\/feelcaboverde.com\/fr\/wp-json\/wp\/v2\/pages"}],"about":[{"href":"https:\/\/feelcaboverde.com\/fr\/wp-json\/wp\/v2\/types\/page"}],"author":[{"embeddable":true,"href":"https:\/\/feelcaboverde.com\/fr\/wp-json\/wp\/v2\/users\/1"}],"replies":[{"embeddable":true,"href":"https:\/\/feelcaboverde.com\/fr\/wp-json\/wp\/v2\/comments?post=3181"}],"version-history":[{"count":18,"href":"https:\/\/feelcaboverde.com\/fr\/wp-json\/wp\/v2\/pages\/3181\/revisions"}],"predecessor-version":[{"id":4494,"href":"https:\/\/feelcaboverde.com\/fr\/wp-json\/wp\/v2\/pages\/3181\/revisions\/4494"}],"wp:attachment":[{"href":"https:\/\/feelcaboverde.com\/fr\/wp-json\/wp\/v2\/media?parent=3181"}],"wp:term":[{"taxonomy":"category","embeddable":true,"href":"https:\/\/feelcaboverde.com\/fr\/wp-json\/wp\/v2\/categories?post=3181"},{"taxonomy":"post_tag","embeddable":true,"href":"https:\/\/feelcaboverde.com\/fr\/wp-json\/wp\/v2\/tags?post=3181"}],"curies":[{"name":"wp","href":"https:\/\/api.w.org\/{rel}","templated":true}]}}