{"id":3149,"date":"2022-11-30T09:45:51","date_gmt":"2022-11-30T09:45:51","guid":{"rendered":"https:\/\/feelcaboverde.com\/?page_id=3149"},"modified":"2023-03-16T23:53:59","modified_gmt":"2023-03-16T23:53:59","slug":"deserto-de-viana-ilha-da-boavista","status":"publish","type":"page","link":"https:\/\/feelcaboverde.com\/fr\/desert-de-viana-ile-de-boavista\/","title":{"rendered":"D\u00e9sert de Viana - \u00cele de Boavista"},"content":{"rendered":"<div data-elementor-type=\"wp-page\" data-elementor-id=\"3149\" class=\"elementor elementor-3149\">\n\t\t\t\t\t\t\t\t\t<section data-particle_enable=\"false\" data-particle-mobile-disabled=\"false\" class=\"elementor-section elementor-top-section elementor-element elementor-element-7d82efc1 elementor-section-boxed elementor-section-height-default elementor-section-height-default\" data-id=\"7d82efc1\" data-element_type=\"section\">\n\t\t\t\t\t\t<div class=\"elementor-container elementor-column-gap-default\">\n\t\t\t\t\t<div class=\"elementor-column elementor-col-100 elementor-top-column elementor-element elementor-element-6e6df1f9\" data-id=\"6e6df1f9\" data-element_type=\"column\">\n\t\t\t<div class=\"elementor-widget-wrap elementor-element-populated\">\n\t\t\t\t\t\t\t\t<div class=\"elementor-element elementor-element-7a23810c elementor-widget elementor-widget-text-editor\" data-id=\"7a23810c\" data-element_type=\"widget\" data-widget_type=\"text-editor.default\">\n\t\t\t\t<div class=\"elementor-widget-container\">\n\t\t\t<style>\/*! elementor - v3.7.1 - 14-08-2022 *\/\n.elementor-widget-text-editor.elementor-drop-cap-view-stacked .elementor-drop-cap{background-color:#818a91;color:#fff}.elementor-widget-text-editor.elementor-drop-cap-view-framed .elementor-drop-cap{color:#818a91;border:3px solid;background-color:transparent}.elementor-widget-text-editor:not(.elementor-drop-cap-view-default) .elementor-drop-cap{margin-top:8px}.elementor-widget-text-editor:not(.elementor-drop-cap-view-default) .elementor-drop-cap-letter{width:1em;height:1em}.elementor-widget-text-editor .elementor-drop-cap{float:left;text-align:center;line-height:1;font-size:50px}.elementor-widget-text-editor .elementor-drop-cap-letter{display:inline-block}<\/style>\t\t\t\t<p>Le d\u00e9sert de Viana est un d\u00e9sert de sable situ\u00e9 au nord-est de l'\u00eele de Boa Vista. En raison de ses caract\u00e9ristiques uniques, ce d\u00e9sert est l'une des zones prot\u00e9g\u00e9es du Cap-Vert.<\/p><p><img decoding=\"async\" class=\"alignnone size-full wp-image-3151\" src=\"http:\/\/feelcaboverde.com\/wp-content\/uploads\/2022\/11\/01.png\" alt=\"\" width=\"800\" height=\"267\" srcset=\"https:\/\/feelcaboverde.com\/wp-content\/uploads\/2022\/11\/01.png 800w, https:\/\/feelcaboverde.com\/wp-content\/uploads\/2022\/11\/01-300x100.png 300w, https:\/\/feelcaboverde.com\/wp-content\/uploads\/2022\/11\/01-768x256.png 768w\" sizes=\"(max-width: 800px) 100vw, 800px\" \/><\/p><p>Le d\u00e9sert de Viana s'\u00e9tend sur environ 5 kilom\u00e8tres, o\u00f9 le sable blanc pr\u00e9dominant est interrompu par des \u00e9clats de sable volcanique noir, cr\u00e9ant des contrastes subtils. Des palmiers clairsem\u00e9s, des buissons d'acacias et d'autres esp\u00e8ces end\u00e9miques pars\u00e8ment le paysage d\u00e9sertique de nuances de vert. Le silence, la brise l\u00e9g\u00e8re et l'horizon sablonneux offrent une v\u00e9ritable rencontre des sens avec la nature \u00e0 l'\u00e9tat pur.<\/p><p><strong>Quelle est l'origine du d\u00e9sert de Viana ?<\/strong><\/p><p>Les aliz\u00e9s transportent une grande quantit\u00e9 de sable du continent africain vers les \u00eeles. En raison de la situation g\u00e9ographique et de la g\u00e9omorphologie de Boa Vista, une grande partie de ce sable se d\u00e9pose sur l'\u00eele, cr\u00e9ant de grandes \u00e9tendues de dunes.<\/p><p><img decoding=\"async\" class=\"alignnone size-full wp-image-3152\" src=\"http:\/\/feelcaboverde.com\/wp-content\/uploads\/2022\/11\/02.jpg\" alt=\"\" width=\"2048\" height=\"1536\" srcset=\"https:\/\/feelcaboverde.com\/wp-content\/uploads\/2022\/11\/02.jpg 2048w, https:\/\/feelcaboverde.com\/wp-content\/uploads\/2022\/11\/02-300x225.jpg 300w, https:\/\/feelcaboverde.com\/wp-content\/uploads\/2022\/11\/02-1024x768.jpg 1024w, https:\/\/feelcaboverde.com\/wp-content\/uploads\/2022\/11\/02-768x576.jpg 768w, https:\/\/feelcaboverde.com\/wp-content\/uploads\/2022\/11\/02-1536x1152.jpg 1536w\" sizes=\"(max-width: 2048px) 100vw, 2048px\" \/><\/p><p>En raison de son origine et de sa forme, le d\u00e9sert de Viana est consid\u00e9r\u00e9 par beaucoup comme une extension du Sahara au Cap-Vert.<\/p><p><strong>Comment se rendre dans le d\u00e9sert de Viana ?<\/strong><\/p><p>Le d\u00e9sert de Viana est situ\u00e9 au nord-ouest de l'\u00eele, entre les villes de Sal Rei et Rabil, et \u00e0 l'ouest de la r\u00e9gion de Bofareira. Il est facilement accessible depuis tous ces endroits en pick-up, en quad, \u00e0 cheval ou m\u00eame \u00e0 pied pour les plus intr\u00e9pides.<\/p><p><strong>Que faire dans le d\u00e9sert de Viana ?<\/strong><\/p><p><strong>1. La randonn\u00e9e<\/strong><\/p><p>En raison de sa longueur mod\u00e9r\u00e9e et de la proximit\u00e9 de zones habit\u00e9es, vous pouvez faire des randonn\u00e9es de difficult\u00e9 faible \u00e0 moyenne, en fonction de votre point de d\u00e9part. Il est toujours conseill\u00e9 de se faire accompagner par un guide local exp\u00e9riment\u00e9 si l'on ne conna\u00eet pas bien la r\u00e9gion.<\/p><p><strong>2. Excursions en quad<\/strong><\/p><p>Des excursions en quad partant de Sal-Rei et passant par diff\u00e9rentes parties de l'\u00eele vous permettront de vivre une v\u00e9ritable aventure \u00e0 travers les dunes et les villages de Boa Vista.<\/p><p><img decoding=\"async\" class=\"alignnone size-full wp-image-3153\" src=\"http:\/\/feelcaboverde.com\/wp-content\/uploads\/2022\/11\/03.png\" alt=\"\" width=\"1200\" height=\"790\" srcset=\"https:\/\/feelcaboverde.com\/wp-content\/uploads\/2022\/11\/03.png 1200w, https:\/\/feelcaboverde.com\/wp-content\/uploads\/2022\/11\/03-300x198.png 300w, https:\/\/feelcaboverde.com\/wp-content\/uploads\/2022\/11\/03-1024x674.png 1024w, https:\/\/feelcaboverde.com\/wp-content\/uploads\/2022\/11\/03-768x506.png 768w\" sizes=\"(max-width: 1200px) 100vw, 1200px\" \/><\/p><p><strong>3. Excursions en pick-up dans le d\u00e9sert et les villages<\/strong><\/p><p>Avec des itin\u00e9raires partant de diff\u00e9rents h\u00f4tels et points strat\u00e9giques de Sal Rei, vous pouvez non seulement profiter d'une visite du d\u00e9sert, mais aussi avoir un aper\u00e7u de Boa Vista. Les excursions en voiture incluent le d\u00e9sert de Viana, la poterie traditionnelle de Rabil, les villages idylliques du nord de Boavista, le phare de Morro Negro, entre autres.<\/p><p><img decoding=\"async\" class=\"alignnone size-full wp-image-3155\" src=\"http:\/\/feelcaboverde.com\/wp-content\/uploads\/2022\/11\/04.jpg\" alt=\"\" width=\"2048\" height=\"1536\" srcset=\"https:\/\/feelcaboverde.com\/wp-content\/uploads\/2022\/11\/04.jpg 2048w, https:\/\/feelcaboverde.com\/wp-content\/uploads\/2022\/11\/04-300x225.jpg 300w, https:\/\/feelcaboverde.com\/wp-content\/uploads\/2022\/11\/04-1024x768.jpg 1024w, https:\/\/feelcaboverde.com\/wp-content\/uploads\/2022\/11\/04-768x576.jpg 768w, https:\/\/feelcaboverde.com\/wp-content\/uploads\/2022\/11\/04-1536x1152.jpg 1536w\" sizes=\"(max-width: 2048px) 100vw, 2048px\" \/>Image : Jo\u00e3o Galego, au nord de Boa Vista<\/p><p><strong>Conseils pour les visiteurs du d\u00e9sert de Viana<\/strong><\/p><p>Bien que cela rel\u00e8ve d\u00e9sormais du bon sens, il est toujours bon de souligner qu'il faut emporter suffisamment d'eau pour rester hydrat\u00e9, car le soleil peut \u00eatre intense. De m\u00eame, la cr\u00e8me solaire, les lunettes de soleil, un chapeau et des v\u00eatements adapt\u00e9s sont indispensables.<\/p><p>Bien que le d\u00e9sert de Viana ne soit pas tr\u00e8s \u00e9tendu, il est conseill\u00e9 de partir avec un guide local exp\u00e9riment\u00e9 si vous ne connaissez pas bien la r\u00e9gion.<\/p><p>Ne vous limitez pas au d\u00e9sert. Vous pouvez \u00e9tendre le circuit \u00e0 plusieurs autres endroits qui valent la peine d'\u00eatre visit\u00e9s, comme les villages color\u00e9s de Jo\u00e3o Galego, Fundo das Figueiras et Cabe\u00e7a dos Tarafes, le phare de Morro Negro et Rabil.<\/p><p>Pour ceux qui pr\u00e9f\u00e8rent \u00e9viter le soleil ou m\u00eame pour ceux qui recherchent quelque chose de diff\u00e9rent, vous pouvez participer \u00e0 une excursion matinale ou nocturne dans le d\u00e9sert de Viana. Lors des nuits \u00e9toil\u00e9es et\/ou de pleine lune, le ciel devient un spectacle \u00e0 part enti\u00e8re.<\/p><p>Le d\u00e9sert de Viana a \u00e9t\u00e9 \u00e9lu l'une des merveilles du Cap-Vert dans la cat\u00e9gorie \"Dunes et couloirs dunaires, couvrant les accumulations de dunes fossiles ou vivantes, localis\u00e9es ou en couloirs\".<\/p>\t\t\t\t\t\t<\/div>\n\t\t\t\t<\/div>\n\t\t\t\t\t<\/div>\n\t\t<\/div>\n\t\t\t\t\t\t\t<\/div>\n\t\t<\/section>\n\t\t\t\t\t\t\t<\/div>","protected":false},"excerpt":{"rendered":"<p>Le d\u00e9sert de Viana est un d\u00e9sert de sable situ\u00e9 au nord-est de l'\u00eele de Boa Vista. En raison de ses caract\u00e9ristiques uniques, ce d\u00e9sert est l'une des zones prot\u00e9g\u00e9es du Cap-Vert. Le d\u00e9sert de Viana s'\u00e9tend sur environ 5 kilom\u00e8tres, o\u00f9 le sable blanc pr\u00e9dominant est interrompu par des \u00e9clats de sable [...]<\/p>","protected":false},"author":1,"featured_media":0,"parent":0,"menu_order":0,"comment_status":"closed","ping_status":"closed","template":"","meta":{"footnotes":""},"categories":[21],"tags":[],"class_list":["post-3149","page","type-page","status-publish","hentry","category-7-maravilhas"],"_links":{"self":[{"href":"https:\/\/feelcaboverde.com\/fr\/wp-json\/wp\/v2\/pages\/3149","targetHints":{"allow":["GET"]}}],"collection":[{"href":"https:\/\/feelcaboverde.com\/fr\/wp-json\/wp\/v2\/pages"}],"about":[{"href":"https:\/\/feelcaboverde.com\/fr\/wp-json\/wp\/v2\/types\/page"}],"author":[{"embeddable":true,"href":"https:\/\/feelcaboverde.com\/fr\/wp-json\/wp\/v2\/users\/1"}],"replies":[{"embeddable":true,"href":"https:\/\/feelcaboverde.com\/fr\/wp-json\/wp\/v2\/comments?post=3149"}],"version-history":[{"count":7,"href":"https:\/\/feelcaboverde.com\/fr\/wp-json\/wp\/v2\/pages\/3149\/revisions"}],"predecessor-version":[{"id":4670,"href":"https:\/\/feelcaboverde.com\/fr\/wp-json\/wp\/v2\/pages\/3149\/revisions\/4670"}],"wp:attachment":[{"href":"https:\/\/feelcaboverde.com\/fr\/wp-json\/wp\/v2\/media?parent=3149"}],"wp:term":[{"taxonomy":"category","embeddable":true,"href":"https:\/\/feelcaboverde.com\/fr\/wp-json\/wp\/v2\/categories?post=3149"},{"taxonomy":"post_tag","embeddable":true,"href":"https:\/\/feelcaboverde.com\/fr\/wp-json\/wp\/v2\/tags?post=3149"}],"curies":[{"name":"wp","href":"https:\/\/api.w.org\/{rel}","templated":true}]}}