{"id":285,"date":"2021-08-17T01:04:14","date_gmt":"2021-08-17T01:04:14","guid":{"rendered":"https:\/\/feelcaboverde.com\/?page_id=285"},"modified":"2023-04-13T19:19:37","modified_gmt":"2023-04-13T19:19:37","slug":"historia-de-cabo-verde","status":"publish","type":"page","link":"https:\/\/feelcaboverde.com\/fr\/histoire-du-cap-vert\/","title":{"rendered":"Histoire du Cap-Vert"},"content":{"rendered":"<div data-elementor-type=\"wp-page\" data-elementor-id=\"285\" class=\"elementor elementor-285\">\n\t\t\t\t\t\t\t<div class=\"elementor-element elementor-element-5828926 e-container--column e-container\" data-id=\"5828926\" data-element_type=\"container\">\t\t\t\t<div class=\"elementor-element elementor-element-507114b elementor-widget elementor-widget-heading\" data-id=\"507114b\" data-element_type=\"widget\" data-widget_type=\"heading.default\">\n\t\t\t\t<div class=\"elementor-widget-container\">\n\t\t\t<style>\/*! elementor - v3.7.1 - 14-08-2022 *\/\n.elementor-heading-title{padding:0;margin:0;line-height:1}.elementor-widget-heading .elementor-heading-title[class*=elementor-size-]>a{color:inherit;font-size:inherit;line-height:inherit}.elementor-widget-heading .elementor-heading-title.elementor-size-small{font-size:15px}.elementor-widget-heading .elementor-heading-title.elementor-size-medium{font-size:19px}.elementor-widget-heading .elementor-heading-title.elementor-size-large{font-size:29px}.elementor-widget-heading .elementor-heading-title.elementor-size-xl{font-size:39px}.elementor-widget-heading .elementor-heading-title.elementor-size-xxl{font-size:59px}<\/style><h2 class=\"elementor-heading-title elementor-size-xl\">Les sites historiques du Cap-Vert <\/h2>\t\t<\/div>\n\t\t\t\t<\/div>\n\t\t\t\t<div class=\"elementor-element elementor-element-cb008b8 elementor-widget elementor-widget-text-editor\" data-id=\"cb008b8\" data-element_type=\"widget\" data-widget_type=\"text-editor.default\">\n\t\t\t\t<div class=\"elementor-widget-container\">\n\t\t\t<style>\/*! elementor - v3.7.1 - 14-08-2022 *\/\n.elementor-widget-text-editor.elementor-drop-cap-view-stacked .elementor-drop-cap{background-color:#818a91;color:#fff}.elementor-widget-text-editor.elementor-drop-cap-view-framed .elementor-drop-cap{color:#818a91;border:3px solid;background-color:transparent}.elementor-widget-text-editor:not(.elementor-drop-cap-view-default) .elementor-drop-cap{margin-top:8px}.elementor-widget-text-editor:not(.elementor-drop-cap-view-default) .elementor-drop-cap-letter{width:1em;height:1em}.elementor-widget-text-editor .elementor-drop-cap{float:left;text-align:center;line-height:1;font-size:50px}.elementor-widget-text-editor .elementor-drop-cap-letter{display:inline-block}<\/style>\t\t\t\t<h3>Le Cap-Vert, de la d\u00e9couverte \u00e0 l'ind\u00e9pendance<\/h3><ul><li><strong>1460<\/strong>Les \u00eeles du Cap-Vert ont \u00e9t\u00e9 <a href=\"https:\/\/www.governo.cv\/o-arquipelago\/historia\/\" rel=\"nofollow noopener\" target=\"_blank\">d\u00e9couvertes<\/a> par les navigateurs portugais.<\/li><li><strong>1462<\/strong>D\u00e9but de la colonisation du Cap-Vert. <a href=\"https:\/\/feelcaboverde.com\/fr\/vieille-ville\/\">Santiago<\/a> la premi\u00e8re \u00eele \u00e0 \u00eatre peupl\u00e9e.<\/li><li><strong>1869<\/strong>abolition de l'esclavage dans tous les territoires portugais, y compris le Cap-Vert.<\/li><li><strong>1956, 19 septembre<\/strong>Am\u00edlcar Cabral, cofondateur de l'Organisation mondiale de la sant\u00e9 (OMS) et de l'Organisation mondiale de la sant\u00e9 (OMS). <a href=\"https:\/\/www.tchiweka.org\/documento-textual\/0016000054\" rel=\"nofollow noopener\" target=\"_blank\">Parti de l'ind\u00e9pendance africaine<\/a> (PAI), plus tard appel\u00e9 Parti africain pour l'ind\u00e9pendance de la Guin\u00e9e et du Cap-Vert (PAIGC), luttant contre le colonialisme et entamant le chemin vers l'ind\u00e9pendance.<\/li><li><strong>1962, mars<\/strong>: d\u00e9but de <a href=\"https:\/\/paigc.gw\/historia\/\" rel=\"nofollow noopener\" target=\"_blank\">lutte arm\u00e9e en Guin\u00e9e-Bissau<\/a> contre l'occupation portugaise, les Capverdiens se joignant \u00e0 la lutte.<\/li><li><strong>1973, 20 janvier<\/strong>Le pr\u00e9sident de la Commission europ\u00e9enne : Am\u00edlcar Cabral assassin\u00e9 \u00e0 Conakry <a href=\"https:\/\/muse.jhu.edu\/article\/17219\" rel=\"nofollow noopener\" target=\"_blank\">par les membres du PAIGC<\/a> dans le cadre d'un complot pr\u00e9sum\u00e9 organis\u00e9 par les services secrets portugais.<\/li><li><strong>1974, 19 d\u00e9cembre<\/strong>un accord a \u00e9t\u00e9 sign\u00e9 entre le PAIGC et le Portugal, \u00e9tablissant une <a href=\"https:\/\/www.governo.cv\/o-arquipelago\/historia\/\" rel=\"nofollow noopener\" target=\"_blank\">gouvernement<\/a> au Cap-Vert.<\/li><li><b>1975, 30 juin<\/b><span style=\"font-weight: 400;\">Les <\/span><a href=\"https:\/\/portais.parlamento.cv\/historia-an\/1974-VIIILegislatura.php\" rel=\"nofollow noopener\" target=\"_blank\"><span style=\"font-weight: 400;\">Assembl\u00e9e nationale du peuple<\/span><\/a><span style=\"font-weight: 400;\"> (ANP), compos\u00e9 de 56 d\u00e9put\u00e9s. <\/span><\/li><\/ul><h3>\u00a0<\/h3><h3>Le Cap-Vert apr\u00e8s l'ind\u00e9pendance<\/h3><ul><li><strong>1975, 5 juillet<\/strong>Le Cap-Vert devient un \u00c9tat ind\u00e9pendant. A <a href=\"https:\/\/portais.parlamento.cv\/constituicao\/historia.php\" rel=\"nofollow noopener\" target=\"_blank\">proclamation solennelle de l'ind\u00e9pendance<\/a> du Cap-Vert a eu lieu le 5 juillet 1975.<\/li><li><strong>1975, 5 juillet<\/strong>Aristides Pereira a \u00e9t\u00e9 \u00e9lu premier pr\u00e9sident de la R\u00e9publique et Pedro Pires premier chef de gouvernement du pays, sous le r\u00e9gime du parti unique de l'\u00e9poque. Aristides Pereira a \u00e9t\u00e9 r\u00e9\u00e9lu pr\u00e9sident en 1981 et 1986.<\/li><li><strong>1977, 16 mars<\/strong>Le Cap-Vert adh\u00e8re \u00e0 la Communaut\u00e9 \u00e9conomique des \u00c9tats de l'Afrique de l'Ouest (<a href=\"https:\/\/ecowas.int\/sobre-a-cedeao\/?lang=pt-pt#:~:text=Cabo%20Verde%20aderiu%20%C3%A0%20uni%C3%A3o,ades%C3%A3o%20em%20agosto%20de%202017.\" rel=\"nofollow noopener\" target=\"_blank\">CEDEAO<\/a>).<\/li><li><strong>1980, 5 septembre<\/strong>l'approbation de <a href=\"https:\/\/portais.parlamento.cv\/constituicao\/arquivos\/CRCVConstitui%C3%A7%C3%A3o%20da%20Rep%C3%BAblica%20de%20Cabo%20Verde.pdf\" rel=\"nofollow noopener\" target=\"_blank\">premi\u00e8re Constitution de la R\u00e9publique du Cap-Vert<\/a>.\u00a0<\/li><li><p><b>1980, 14 novembre :<\/b><span style=\"font-weight: 400;\"> coup d'\u00c9tat militaire en Guin\u00e9e-Bissau, dirig\u00e9 par le Premier ministre de l'\u00e9poque, Jo\u00e3o Bernardo Vieira. Le Cap-Vert abandonne son projet d'unit\u00e9 avec la Guin\u00e9e-Bissau.<\/span><\/p><\/li><li><p><b style=\"background-color: transparent; color: var( --e-global-color-text ); font-family: var( --e-global-typography-text-font-family ), Sans-serif;\">1981<\/b><span style=\"background-color: transparent; color: var( --e-global-color-text ); font-family: var( --e-global-typography-text-font-family ), Sans-serif;\">Le PAIGC est remplac\u00e9 par le Parti africain pour l'ind\u00e9pendance du Cap-Vert (PAICV), qui devient le seul parti du pays.<\/span><\/p><\/li><li><strong>1981<\/strong>Le PAIGC est remplac\u00e9 par le Parti africain pour l'ind\u00e9pendance du Cap-Vert (PAICV), qui devient le seul parti du pays.<\/li><li><b>1990, 25 janvier<\/b><span style=\"font-weight: 400;\">Le pape Jean-Paul II a visit\u00e9 le Cap-Vert, en commen\u00e7ant par l'\u00eele de Sal et en se rendant sur les \u00eeles de Santiago et de S\u00e3o Vicente, pour la premi\u00e8re fois dans l'histoire du pays. <\/span><\/li><li><strong>1990, 28 septembre<\/strong>Cela s'est fait par la r\u00e9vision de la Constitution et l'instauration d'une transition constitutionnelle, mettant fin au r\u00e9gime du parti unique et \u00e9tablissant le principe de la s\u00e9paration et de l'interd\u00e9pendance des pouvoirs.<\/li><li><strong>1991, 13 janvier<\/strong>Les premi\u00e8res \u00e9lections libres et multipartites ont eu lieu au Cap-Vert, et le MpD de Carlos Veiga l'a emport\u00e9 avec pr\u00e8s de <a href=\"https:\/\/expressodasilhas.cv\/politica\/2021\/10\/09\/as-sete-eleicoes-presidenciais-de-cabo-verde\/76944\" rel=\"nofollow noopener\" target=\"_blank\">70% des votes<\/a>.<\/li><li><strong>1991, 17 f\u00e9vrier<\/strong>: Ant\u00f3nio Mascarenhas Monteiro, soutenu par le MpD, remporte la victoire et devient le premier pr\u00e9sident de la R\u00e9publique du Cap-Vert \u00e9lu dans le cadre d'\u00e9lections multipartites.<\/li><li><strong>1992, 4 septembre<\/strong>: <span style=\"font-weight: 400;\">La nouvelle Constitution de la R\u00e9publique est promulgu\u00e9e, avec des changements significatifs tels que le remplacement de la loi sur l'immigration et la protection des r\u00e9fugi\u00e9s par la loi sur l'immigration et la protection des r\u00e9fugi\u00e9s. <a href=\"https:\/\/feelcaboverde.com\/fr\/symboles-nationaux-du-cap-vert\/\">symboles nationaux<\/a>La nouvelle constitution \u00e9tait bas\u00e9e sur la Constitution de la R\u00e9publique, la r\u00e9duction des pouvoirs du Pr\u00e9sident de la R\u00e9publique et le principe de la s\u00e9paration et de l'interd\u00e9pendance des pouvoirs l\u00e9gislatif, ex\u00e9cutif et judiciaire. La nouvelle Constitution de la R\u00e9publique est entr\u00e9e en vigueur le 25 septembre de la m\u00eame ann\u00e9e.<\/span><\/li><li><strong>1995, 2 avril<\/strong>\u00e9ruption du volcan Fogo, qui a dur\u00e9 environ un mois et a d\u00e9truit des centaines d'habitations et de cultures.<\/li><li><strong>1996, 18 f\u00e9vrier<\/strong>Ant\u00f3nio Mascarenhas Monteiro est le seul candidat et est r\u00e9\u00e9lu Pr\u00e9sident de la R\u00e9publique lors d'un vote non comp\u00e9titif : seules les options \"Pour\" et \"Contre\" sont prises en compte. Lors des \u00e9lections l\u00e9gislatives de la m\u00eame ann\u00e9e, le Mouvement pour la d\u00e9mocratie (MPD) remporte la majorit\u00e9 des si\u00e8ges.<\/li><li><strong>1996, 17 juillet<\/strong>: le <a href=\"https:\/\/www.cplp.org\/Default.aspx?ID=3869\" rel=\"nofollow noopener\" target=\"_blank\">Communaut\u00e9 des pays de langue portugaise<\/a> (CPLP), dont le Cap-Vert est membre.<\/li><\/ul><h3>\u00a0<\/h3><h3>Le Cap-Vert dans le nouveau mill\u00e9naire<\/h3><ul><li><strong>2001, 25 f\u00e9vrier<\/strong>Pedro Pires est \u00e9lu pr\u00e9sident de la R\u00e9publique par le Parti africain pour l'ind\u00e9pendance du Cap-Vert (PAICV), ouvrant ainsi la voie au retour du parti au pouvoir.<\/li><li><strong>2006, 22 janvier<\/strong>Le PAICV, dirig\u00e9 par le Premier ministre Jos\u00e9 Maria das Neves, a remport\u00e9 les \u00e9lections l\u00e9gislatives.<\/li><li><b>2006, 12 f\u00e9vrier<\/b>Pedro Pires est r\u00e9\u00e9lu pr\u00e9sident de la R\u00e9publique face \u00e0 Carlos Veiga du MPD.<\/li><li><strong>2007, 18 d\u00e9cembre<\/strong>: o <a href=\"https:\/\/www.wto.org\/english\/thewto_e\/acc_e\/a1_capvert_e.htm\" rel=\"nofollow noopener\" target=\"_blank\">Conseil g\u00e9n\u00e9ral<\/a> de l'Organisation mondiale du commerce (OMC) approuve l'adh\u00e9sion du Cap-Vert \u00e0 l'organisation.<\/li><li><strong>2007, 21 d\u00e9cembre<\/strong>Le Cap-Vert quitte la liste des pays les moins avanc\u00e9s apr\u00e8s avoir rempli les trois crit\u00e8res pour \u00eatre \u00e9lev\u00e9 dans la cat\u00e9gorie des pays \u00e0 d\u00e9veloppement moyen : le PIB par habitant, l'indice de d\u00e9veloppement humain (IDH) et l'indice de vuln\u00e9rabilit\u00e9 \u00e9conomique (IVE).<\/li><li><strong>2008, 1er janvier<\/strong>Le Cap-Vert rejoint officiellement la liste des pays moyennement d\u00e9velopp\u00e9s, devenant ainsi le deuxi\u00e8me pays de l'histoire \u00e0 sortir de la cat\u00e9gorie des pays les moins avanc\u00e9s, apr\u00e8s le Botswana en 1994.<\/li><li><strong>2008, 23 juillet<\/strong>Le Cap-Vert est devenu le premier pays d'Europe de l'Est. <a href=\"https:\/\/www.wto.org\/english\/thewto_e\/countries_e\/cape_verde_e.htm\" rel=\"nofollow noopener\" target=\"_blank\">153e \u00c9tat<\/a> membre de l'Organisation mondiale du commerce.<\/li><li>2011, 6 f\u00e9vrier : le PAICV remporte les \u00e9lections l\u00e9gislatives et le chef du parti, Jos\u00e9 Maria Neves, devient Premier ministre du pays.<\/li><li><strong>2009<\/strong>La vieille ville, anciennement Ribeira Grande de Santiago et la premi\u00e8re du Cap-Vert, est reconnue comme un site du patrimoine mondial de l'UNESCO.<\/li><li><b>2011, 6 f\u00e9vrier<\/b><span style=\"font-weight: 400;\">Le PAICV remporte l'appel d'offres de l'Union europ\u00e9enne. <\/span><a href=\"https:\/\/pt.wikipedia.org\/wiki\/Elei%C3%A7%C3%B5es_parlamentares_de_Cabo_Verde_de_2011\" rel=\"nofollow noopener\" target=\"_blank\"><span style=\"font-weight: 400;\">\u00e9lections l\u00e9gislatives<\/span><\/a><span style=\"font-weight: 400;\"> et le chef du parti, Jos\u00e9 Maria Neves, est devenu Premier ministre du pays.<\/span><\/li><li><strong style=\"color: var( --e-global-color-text ); font-family: var( --e-global-typography-text-font-family ), Sans-serif; font-size: 1rem;\">2011, 22 ao\u00fbt<\/strong><span style=\"color: var( --e-global-color-text ); font-family: var( --e-global-typography-text-font-family ), Sans-serif; font-weight: var( --e-global-typography-text-font-weight ); font-size: 1rem;\">Jorge Carlos Fonseca, du MpD, \u00e9lu pr\u00e9sident de la R\u00e9publique<\/span><\/li><li><strong>2011, 17 d\u00e9cembre<\/strong>Ces\u00e1ria \u00c9vora, chanteuse cap-verdienne de grande renomm\u00e9e, est d\u00e9c\u00e9d\u00e9e. Deux jours de deuil ont \u00e9t\u00e9 d\u00e9cr\u00e9t\u00e9s en l'honneur de la reine de la morna cap-verdienne.<\/li><li><b>2013, 24 octobre<\/b><b>: <\/b><span style=\"font-weight: 400;\">Le Cap-Vert demande <\/span><a href=\"https:\/\/www.un.org\/en\/about-us\/member-states\/cabo-verde\" rel=\"nofollow noopener\" target=\"_blank\"><span style=\"font-weight: 400;\">Organisation des Nations unies<\/span><\/a><span style=\"font-weight: 400;\"> que son nom ne soit pas traduit en \"Cap-Vert\", en conservant le nom officiel en portugais.<\/span><\/li><li><strong>2014, 23 novembre<\/strong>Le volcan Fogo : Le volcan Fogo est entr\u00e9 en \u00e9ruption apr\u00e8s 19 ans de sommeil, causant de nombreuses destructions mat\u00e9rielles. L'activit\u00e9 volcanique s'est arr\u00eat\u00e9e le 8 f\u00e9vrier, apr\u00e8s que le volcan se soit \u00e9teint. <a href=\"https:\/\/periodicoseletronicos.ufma.br\/index.php\/rpcsoc\/article\/view\/5140\" rel=\"nofollow noopener\" target=\"_blank\">77 jours d'\u00e9ruption<\/a>avec la destruction des villes de Portela, Bangaeira et Ilh\u00e9u de Losna.<\/li><li><strong>2016, 2 octobre<\/strong>Jorge Carlos Fonseca, du MPD, r\u00e9\u00e9lu Pr\u00e9sident de la R\u00e9publique<\/li><li><strong>2016, 20 mars<\/strong>Le Mouvement pour la d\u00e9mocratie (MpD) remporte les \u00e9lections l\u00e9gislatives et son leader, Ulisses Correia e Silva, devient Premier ministre du Cap-Vert.<\/li><li><p><b>2020, 28 mars<\/b><span style=\"font-weight: 400;\">: Le pr\u00e9sident de la R\u00e9publique, Jorge Carlos Fonseca, a d\u00e9clar\u00e9 l'\u00e9tat d'urgence au Cap-Vert en raison de l'\u00e9pid\u00e9mie de coronavirus.\u00a0<\/span><\/p><\/li><li><strong>2021, 18 avril<\/strong>Le MpD, dirig\u00e9 par Ulisses Correia e Silva, remporte les \u00e9lections l\u00e9gislatives et reste Premier ministre.<\/li><li><strong>2021, 17 octobre<\/strong>Jos\u00e9 Maria Neves du PAICV est Pr\u00e9sident de la R\u00e9publique d\u00e8s le premier tour, avec 51% des voix.<\/li><\/ul><div>\u00a0<\/div><div>\u00a0<\/div>\t\t\t\t\t\t<\/div>\n\t\t\t\t<\/div>\n\t\t\t\t<div class=\"elementor-element elementor-element-e703389 elementor-widget elementor-widget-heading\" data-id=\"e703389\" data-element_type=\"widget\" data-widget_type=\"heading.default\">\n\t\t\t\t<div class=\"elementor-widget-container\">\n\t\t\t<h2 class=\"elementor-heading-title elementor-size-default\">Histoire du Cap-Vert \u00e0 travers les \u00e2ges<\/h2>\t\t<\/div>\n\t\t\t\t<\/div>\n\t\t\t\t<div class=\"elementor-element elementor-element-b02be05 elementor-widget elementor-widget-text-editor\" data-id=\"b02be05\" data-element_type=\"widget\" data-widget_type=\"text-editor.default\">\n\t\t\t\t<div class=\"elementor-widget-container\">\n\t\t\t\t\t\t\t<h3>La d\u00e9couverte du Cap-Vert<\/h3><p><span style=\"font-weight: 400;\">La d\u00e9couverte du Cap-Vert fait l'objet d'un d\u00e9bat entre les auteurs. On a longtemps cru que l'archipel avait \u00e9t\u00e9 d\u00e9couvert par le marchand g\u00e9nois Lu\u00eds Cadamosto. Cependant, des recherches men\u00e9es au XIXe si\u00e8cle ont montr\u00e9 que Cadamosto n'avait d\u00e9couvert aucune des \u00eeles de l'archipel.<\/span><\/p><p><span style=\"font-weight: 400;\">La conclusion selon laquelle Cadamosto n'a pas d\u00e9couvert le Cap-Vert d\u00e9coule des contradictions et des incoh\u00e9rences de ses r\u00e9cits. Par exemple, le G\u00e9nois rapporte que sur l'\u00eele de Santiago, il \"a trouv\u00e9 un fleuve d'eau douce - un grand fleuve dans lequel un navire de soixante-quinze tonnes pouvait entrer \u00e0 volont\u00e9 ; le long de ce fleuve, ses hommes ont trouv\u00e9 de petites lagunes de sel tr\u00e8s blanc et tr\u00e8s beau (...)\". Or, ni sur l'\u00eele de Santiago, ni sur aucune autre \u00eele du Cap-Vert, il n'existe de collection d'eau pr\u00e9sentant ces caract\u00e9ristiques.<\/span><\/p><p><span style=\"font-weight: 400;\">D'autres contradictions dans le r\u00e9cit de Cadamosto peuvent \u00eatre lues dans l'\u0153uvre <a href=\"http:\/\/www.portaldoconhecimento.gov.cv\/bitstream\/10961\/2252\/1\/Cadernos%20Coloniais%20-%20Origens%20da%20Coloniza%C3%A7%C3%A3o%20de%20Cabo%20Verde%20por%20Sim%C3%A3o%20Barros.pdf\" rel=\"nofollow noopener\" target=\"_blank\">Origine de la colonie du Cap-Vert<\/a>par Sim\u00e3o Barros.<\/span><\/p><p><span style=\"font-weight: 400;\">Le Cap-Vert a \u00e9t\u00e9 d\u00e9couvert en 1460 par le navigateur portugais Diogo Gomes et le G\u00e9nois Ant\u00f3nio da Noli, alors qu'ils \u00e9taient au service du prince Henri le Navigateur, \u00e9galement connu sous le nom de <\/span><i><span style=\"font-weight: 400;\">Prince Henri, le navigateur<\/span><\/i><span style=\"font-weight: 400;\">.<\/span><\/p><p><span style=\"font-weight: 400;\">Les \u00eeles Sotavento furent probablement les premi\u00e8res \u00eeles de l'archipel \u00e0 \u00eatre d\u00e9couvertes. Santiago, Maio et Fogo ont \u00e9t\u00e9 d\u00e9couvertes le 1er mai 1460. Boavista a \u00e9t\u00e9 d\u00e9couverte le 3 mai de la m\u00eame ann\u00e9e.\u00a0<\/span><\/p><p><span style=\"font-weight: 400;\">La date exacte de la d\u00e9couverte des autres \u00eeles n'est pas connue avec certitude, mais on pense qu'elle se situe entre mai 1460 et 1462, puisque la lettre de donation \u00e9mise par Dom Afonso V le 19 septembre 1462 au Portugal mentionne d\u00e9j\u00e0 toutes les \u00eeles.<\/span><\/p><h3>\u00a0<\/h3><h3>Le Cap-Vert et les questions de pr\u00e9-d\u00e9couverte<\/h3><p><span style=\"font-weight: 400;\">Une autre question qui fait l'objet d'un d\u00e9bat historique est celle de savoir si les \u00eeles \u00e9taient d\u00e9j\u00e0 habit\u00e9es lorsque les navigateurs les ont d\u00e9couvertes.<\/span><\/p><p><span style=\"font-weight: 400;\">Certains historiens affirment que le Cap-Vert \u00e9tait occup\u00e9 par des Berb\u00e8res mauritaniens avant l'arriv\u00e9e des Portugais. Cette th\u00e9orie est bas\u00e9e sur le fait que des dessins et des inscriptions rupestres ont \u00e9t\u00e9 trouv\u00e9s sur les \u00eeles de Santo Ant\u00e3o et de S\u00e3o Nicolau, repr\u00e9sentant des caract\u00e8res de l'\u00e9criture runique ou ph\u00e9nicienne pour certains, et berb\u00e8re pour d'autres.\u00a0<\/span><\/p><p><span style=\"font-weight: 400;\">Ceux qui soutiennent que les Portugais ont \u00e9t\u00e9 les premiers \u00e0 poser le pied au Cap-Vert affirment que la pauvret\u00e9 animale et v\u00e9g\u00e9tale de l'archipel ne permettait pas \u00e0 l'homme de survivre, ce qui n'a \u00e9t\u00e9 possible qu'apr\u00e8s l'introduction de plantes et d'animaux dans les \u00eeles.\u00a0<\/span><\/p><p><span style=\"font-weight: 400;\">De ce qui pr\u00e9c\u00e8de, on peut conclure que les \u00eeles du Cap-Vert \u00e9taient inhabit\u00e9es lorsqu'elles ont \u00e9t\u00e9 d\u00e9couvertes, mais qu'elles avaient au moins \u00e9t\u00e9 visit\u00e9es auparavant par les Berb\u00e8res mauritaniens. Cependant, ils ne s'y sont pas install\u00e9s.\u00a0<\/span><\/p><p><span style=\"font-weight: 400;\">\u00a0<\/span><\/p><h3>Le peuplement du Cap-Vert<\/h3><p><span style=\"font-weight: 400;\">Les \u00eeles du Cap-Vert n'\u00e9tant pas habit\u00e9es lors de leur d\u00e9couverte par les navigateurs portugais, il \u00e9tait n\u00e9cessaire de les coloniser. Le peuplement du Cap-Vert peut \u00eatre caract\u00e9ris\u00e9, en fonction de son rythme et de son importance, comme suit <\/span><b>cinq p\u00e9riodes distinctes<\/b><span style=\"font-weight: 400;\">.\u00a0<\/span><\/p><p><span style=\"font-weight: 400;\">\u00a0<\/span><\/p><ul><li><h4>La premi\u00e8re p\u00e9riode de peuplement du Cap-Vert<\/h4><\/li><\/ul><p><span style=\"font-weight: 400;\">Elle a dur\u00e9 de 1461, date de l'arriv\u00e9e des premiers colons, \u00e0 1495, date \u00e0 laquelle les \u00eeles ont \u00e9t\u00e9 rendues \u00e0 la couronne.\u00a0<\/span><\/p><p><span style=\"font-weight: 400;\">Apr\u00e8s la d\u00e9couverte, Dom Afonso V a fait don des \u00eeles \u00e0 l'Infant Dom Fernando, qui a rapidement entam\u00e9 le processus de colonisation. Dom Fernando envoya le G\u00e9nois Ant\u00f3nio da Noli, l'un des d\u00e9couvreurs, comme capitaine donataire \u00e0 l'\u00eele de Santiago. Il \u00e9tait accompagn\u00e9 de quelques serviteurs de Dom Fernando et de couples algarviens, qui auraient \u00e9t\u00e9 les premiers colons du Cap-Vert.\u00a0<\/span><\/p><p><span style=\"font-weight: 400;\">En raison de l'aridit\u00e9 du sol et du climat, Ant\u00f3nio da Noli a d\u00e9cid\u00e9 de faire venir des esclaves noirs du continent africain pour travailler dans l'agriculture. De Sierra Leone et de Guin\u00e9e Bissau, des couples de jalofos, de felupes, de papeles et de balantas ont \u00e9t\u00e9 amen\u00e9s, ce qui a donn\u00e9 naissance aux premiers Noirs du Cap-Vert.<\/span><\/p><p><span style=\"font-weight: 400;\">Cependant, les caract\u00e9ristiques des \u00eeles n'\u00e9taient pas tr\u00e8s attrayantes pour les colons portugais, ce qui a rendu la t\u00e2che d'Ant\u00f3nio da Noli plus difficile. Afin d'attirer les colons dans l'archipel, le roi Afonso V, en 1466, accorda \u00e0 tous ceux qui s'installaient au Cap-Vert l'exclusivit\u00e9 du commerce et de la ran\u00e7on des esclaves de Guin\u00e9e.\u00a0<\/span><\/p><p><span style=\"font-weight: 400;\">La strat\u00e9gie du roi Afonso V a port\u00e9 ses fruits. Un flot de migrants en qu\u00eate de fortune se dirige vers le Cap-Vert. Le transport de marchandises et d'esclaves noirs s'\u00e9tablit alors entre le port de Ribeira Grande et l'Afrique. C'est ainsi que la premi\u00e8re colonie stable de <\/span><a href=\"https:\/\/feelcaboverde.com\/fr\/vieille-ville\/\"><span style=\"font-weight: 400;\">Ribeira Grande<\/span><\/a><span style=\"font-weight: 400;\">.<\/span><\/p><p><span style=\"font-weight: 400;\">\u00c0 la mort de Dom Fernando, les \u00eeles passent \u00e0 son fr\u00e8re Dom Manuel. Il divise l'\u00eele de Santiago en deux capitaineries. La capitainerie nord fut confi\u00e9e \u00e0 Diogo Afonso et commen\u00e7a \u00e0 se d\u00e9velopper autour du village d'Alcatraz (Praia Baixo). La capitainerie sud, o\u00f9 se trouve Ribeira Grande, est confi\u00e9e \u00e0 Jorge Correia. La colonisation se poursuit rapidement, avec l'introduction d'animaux domestiques, de canne \u00e0 sucre, de coton et d'arbres fruitiers.<\/span><\/p><p><span style=\"font-weight: 400;\">\u00c0 la fin du XVe si\u00e8cle, le peuplement de l'\u00eele de Fogo a commenc\u00e9, avec des serviteurs de l'infant D. Fernando et des Noirs de Santiago. La population des \u00eeles commen\u00e7a \u00e0 augmenter rapidement.\u00a0<\/span><\/p><p><span style=\"font-weight: 400;\">Les \u00eeles de Maio et de Boavista n'ont pas \u00e9t\u00e9 conc\u00e9d\u00e9es aux concessionnaires pour qu'ils s'y installent pendant cette p\u00e9riode. Elles ont \u00e9t\u00e9 r\u00e9serv\u00e9es \u00e0 l'\u00e9levage d'animaux domestiques. Cette activit\u00e9 deviendra l'une des principales sources de revenus de la colonie.\u00a0<\/span><\/p><p><span style=\"font-weight: 400;\">Au cours de la premi\u00e8re p\u00e9riode, la couronne portugaise est peu intervenue dans le processus de colonisation.<\/span><\/p><p><span style=\"font-weight: 400;\">\u00a0<\/span><\/p><ul><li><h4>Deuxi\u00e8me p\u00e9riode de colonisation du Cap-Vert<\/h4><\/li><\/ul><p><span style=\"font-weight: 400;\">Elle a dur\u00e9 de 1495, date \u00e0 laquelle les \u00eeles ont \u00e9t\u00e9 rendues \u00e0 la couronne, jusqu'\u00e0 l'usurpation philippine en 1580.\u00a0\u00a0<\/span><\/p><p><span style=\"font-weight: 400;\">Au cours de la deuxi\u00e8me p\u00e9riode, lorsque les \u00eeles reviennent \u00e0 la couronne portugaise, le syst\u00e8me d'affermage des droits sur l'archipel est mis en place et de grands pouvoirs sont accord\u00e9s aux preneurs.\u00a0<\/span><\/p><p><span style=\"font-weight: 400;\">Une nouvelle phase de d\u00e9veloppement \u00e9conomique, social et d\u00e9mographique s'amorce dans les \u00eeles.  La population augmente consid\u00e9rablement. Les locataires attirent le commerce ext\u00e9rieur. Ribeira Grande devient un centre commercial important et peupl\u00e9. La prosp\u00e9rit\u00e9 et la richesse de Ribeira Grande commencent \u00e0 attirer la convoitise des \u00e9trangers, ce qui entra\u00eenera plus tard le pillage de la ville.<\/span><\/p><p><span style=\"font-weight: 400;\">En revanche, la capitainerie du nord - la colonie d'Alcatraz - a commenc\u00e9 \u00e0 d\u00e9cliner et a \u00e9t\u00e9 supprim\u00e9e en 1505. Cela a entra\u00een\u00e9 le d\u00e9veloppement rapide de la colonie portuaire de Praia de Santa Maria, l'actuelle capitale.\u00a0<\/span><\/p><p><span style=\"font-weight: 400;\">Avec l'arriv\u00e9e du XVe si\u00e8cle, la couronne commence \u00e0 se pr\u00e9occuper du peuplement des autres \u00eeles. Afin d'attirer les colons vers les \u00eeles alors inhabit\u00e9es, les monarques leur accordent les m\u00eames privil\u00e8ges qu'aux habitants de Santiago et de Fogo. En d'autres termes, ils b\u00e9n\u00e9ficiaient des m\u00eames avantages commerciaux en Guin\u00e9e.\u00a0<\/span><\/p><p><span style=\"font-weight: 400;\">L'\u00eele de S\u00e3o Nicolau a \u00e9t\u00e9 donn\u00e9e aux comtes de Portalegre, qui y ont introduit de nombreux esclaves.\u00a0<\/span><\/p><p><span style=\"font-weight: 400;\">Les \u00eeles de Maio et Boavista, importantes pour leur r\u00f4le dans l'\u00e9levage du b\u00e9tail, ont commenc\u00e9 \u00e0 avoir besoin de personnes pour s'occuper des animaux. \u00c0 cette \u00e9poque, la production de beurre et de viande sal\u00e9e (chacina) et la production de cuir se sont fortement d\u00e9velopp\u00e9es.\u00a0<\/span><\/p><p><span style=\"font-weight: 400;\">Les premiers m\u00e9tis sont apparus \u00e0 cette \u00e9poque, sous l'effet des colons et des femmes noires venues d'Afrique.<\/span><\/p><p><span style=\"font-weight: 400;\">Comme pour la p\u00e9riode pr\u00e9c\u00e9dente, le peuplement de la deuxi\u00e8me p\u00e9riode s'est limit\u00e9 aux zones c\u00f4ti\u00e8res. Il y a cependant eu une tentative de centralisation. Jusqu'alors, chaque \u00eele repr\u00e9sentait une capitainerie. \u00c0 partir de 1530, l'archipel est gouvern\u00e9 par des capitaines g\u00e9n\u00e9raux r\u00e9sidant \u00e0 Santiago.\u00a0<\/span><\/p><p><span style=\"font-weight: 400;\">\u00a0<\/span><\/p><ul><li><h4>Troisi\u00e8me p\u00e9riode de colonisation du Cap-Vert<\/h4><\/li><\/ul><p><span style=\"font-weight: 400;\">Elle a dur\u00e9 de 1580 \u00e0 la Restauration.<\/span><\/p><p><span style=\"font-weight: 400;\">La colonie a v\u00e9cu dans un \u00e9tat d'agitation constant en raison du manque de s\u00e9curit\u00e9. Ribeira Grande a subi plusieurs pillages, dont les plus importants ont \u00e9t\u00e9 ceux des Anglais en 1582 et 1595.\u00a0\u00a0<\/span><\/p><p><span style=\"font-weight: 400;\">Les attaques ont \u00e9galement eu lieu en haute mer, ce qui a fortement compromis le commerce dans les territoires de Guin\u00e9e, qui constituaient la principale attraction pour les colons. Pour prot\u00e9ger leurs biens, beaucoup retournent au Portugal. La colonisation blanche diminue consid\u00e9rablement.<\/span><\/p><p><span style=\"font-weight: 400;\">D'autre part, les attaques de pirates ont contribu\u00e9 \u00e0 la colonisation de l'int\u00e9rieur de l'\u00eele de Santiago. Les Noirs qui vivaient encore sur la c\u00f4te, sous la menace des attaques de pirates, ont fui \u00e0 l'int\u00e9rieur des terres, se cachant dans les montagnes jusqu'\u00e0 ce qu'ils puissent retourner en toute s\u00e9curit\u00e9 dans leurs anciennes maisons.<\/span><\/p><p><span style=\"font-weight: 400;\">Malgr\u00e9 les pillages des pirates, Ribeira Grande a continu\u00e9 \u00e0 se d\u00e9velopper.\u00a0<\/span><\/p><p><span style=\"font-weight: 400;\">En 1596, l'\u00eele de Santo Ant\u00e3o a \u00e9t\u00e9 donn\u00e9e au comte de Santa Cruz. La colonisation r\u00e9guli\u00e8re de Santo Ant\u00e3o a commenc\u00e9, avec l'introduction d'un grand nombre d'esclaves.\u00a0<\/span><\/p><p><span style=\"font-weight: 400;\">Dans les \u00eeles de Maio et Boavista, qui n'\u00e9taient pas consid\u00e9r\u00e9es comme des \u00eeles agricoles, des bergers et des chasseurs ont \u00e9t\u00e9 envoy\u00e9s pour travailler avec le b\u00e9tail.\u00a0<\/span><\/p><p><span style=\"font-weight: 400;\">En 1592, l'archipel du Cap-Vert devient un gouvernement g\u00e9n\u00e9ral.<\/span><\/p><p><span style=\"font-weight: 400;\">\u00a0<\/span><\/p><ul><li><h4>Quatri\u00e8me p\u00e9riode de colonisation du Cap-Vert<\/h4><\/li><\/ul><p><span style=\"font-weight: 400;\">Elle s'est d\u00e9roul\u00e9e de 1640 jusqu'\u00e0 ce que la capitale de l'archipel soit transf\u00e9r\u00e9e dans la ville de Praia en 1769.\u00a0<\/span><\/p><p><span style=\"font-weight: 400;\">Les \u00eeles connaissent une p\u00e9riode de paix. Dom Jo\u00e3o IV ordonne la construction et l'armement de forts pour pr\u00e9venir de nouvelles attaques de pirates.\u00a0<\/span><\/p><p><span style=\"font-weight: 400;\">D'autres tentatives de la Couronne pour r\u00e9cup\u00e9rer l'\u00e9migration vers les \u00eeles ont \u00e9chou\u00e9. Les colons pr\u00e9f\u00e8rent le Br\u00e9sil. En guise d'alternative, ils ont envoy\u00e9 des \"bagnards\" pour approvisionner la colonisation blanche. L'importation d'esclaves noirs se poursuit, mais avec moins d'intensit\u00e9.\u00a0<\/span><\/p><p><span style=\"font-weight: 400;\">Ribeira Grande commence \u00e0 se d\u00e9grader. De nombreux habitants ont abandonn\u00e9 la ville. Le commerce se d\u00e9place vers la ville de Praia. L'id\u00e9e de d\u00e9placer la capitale \u00e0 Praia, qui avait \u00e9merg\u00e9 \u00e0 la fin du XVIe si\u00e8cle, commence \u00e0 se concr\u00e9tiser.<\/span><\/p><p><span style=\"font-weight: 400;\">Le 6 f\u00e9vrier 1652, le roi Jo\u00e3o IV d\u00e9cr\u00e9ta une s\u00e9rie de mesures visant \u00e0 acc\u00e9l\u00e9rer le processus de changement de capitale. Il s'agit notamment de fortifier la ville, d'y faire r\u00e9sider l'\u00e9v\u00eaque et le gouverneur, de reconstruire les maisons d\u00e9labr\u00e9es, de centraliser l'exp\u00e9dition des marchandises au port de Praia, etc.\u00a0<\/span><\/p><p><span style=\"font-weight: 400;\">L'exode de Ribeira Grande accentue son d\u00e9clin. En 1712, des corsaires fran\u00e7ais sous le commandement de Jacques Cassard pillent une grande partie de ses richesses.  En 1763, une grande inondation fait de nombreuses victimes et d\u00e9truit une grande partie des habitations et des b\u00e2timents. Les navires qui y accostaient cessent de venir au port.<\/span><\/p><p><span style=\"font-weight: 400;\">Toutefois, la capitale n'a \u00e9t\u00e9 transf\u00e9r\u00e9e de Ribeira Grande \u00e0 Santiago qu'en 1770, sur d\u00e9cision du marquis de Pombal. Cette ann\u00e9e-l\u00e0, la population du Cap-Vert \u00e9tait estim\u00e9e \u00e0 80 000 habitants.<\/span><\/p><p><span style=\"font-weight: 400;\">En 1732, les villages de Ribeira da Brava, \u00e0 S\u00e3o Nicolau, et de Ribeira Grande, \u00e0 Santo Ant\u00e3o, ont \u00e9t\u00e9 \u00e9lev\u00e9s au rang de villes, avec l'\u00e9tablissement de mairies et d'autres autorit\u00e9s.\u00a0<\/span><\/p><p><span style=\"font-weight: 400;\">\u00a0<\/span><\/p><ul><li><h4>Cinqui\u00e8me p\u00e9riode de colonisation du Cap-Vert<\/h4><\/li><\/ul><p><span style=\"font-weight: 400;\">Elle s'est d\u00e9roul\u00e9e \u00e0 partir de 1769.\u00a0<\/span><\/p><p><span style=\"font-weight: 400;\">Le d\u00e9placement de la capitale a insuffl\u00e9 une nouvelle dynamique \u00e0 l'archipel. Les autres \u00eeles ont \u00e9galement \u00e9t\u00e9 prises en charge.<\/span><\/p><p><span style=\"font-weight: 400;\">En 1781, des ordres ont \u00e9t\u00e9 donn\u00e9s pour peupler les \u00eeles inhabit\u00e9es avec des habitants des autres \u00eeles. Pour tenter de peupler S\u00e3o Vicente, le gouvernement a ordonn\u00e9 en 1795 \u00e0 20 couples de Fogo de s'installer \u00e0 S\u00e3o Vicente pour commencer \u00e0 peupler l'\u00eele. Une petite colonie s'est form\u00e9e sur la c\u00f4te ouest de l'\u00eele, qui deviendra plus tard la ville de Mindelo.\u00a0<\/span><\/p><p><span style=\"font-weight: 400;\">La colonisation de Santa Luzia a commenc\u00e9 en 1801, lorsque des colons et un pr\u00eatre ont \u00e9t\u00e9 envoy\u00e9s sur l'\u00eele. Cependant, les conditions m\u00e9t\u00e9orologiques d\u00e9favorables de l'\u00eele n'\u00e9taient pas propices \u00e0 la colonisation et les colons ont fini par abandonner l'\u00eele.<\/span><\/p><p><span style=\"font-weight: 400;\">Sur l'\u00eele de Sal, le peuplement a commenc\u00e9 autour de Portinho, aujourd'hui port de Santa Maria. D'autres \u00e9tablissements ont vu le jour \u00e0 l'int\u00e9rieur de l'\u00eele, donnant naissance \u00e0 Pedra de Lume et Palmeira.<\/span><\/p><p><span style=\"font-weight: 400;\">En 1858, la ville de Praia a \u00e9t\u00e9 \u00e9lev\u00e9e au rang de ville.\u00a0<\/span><\/p><p><span style=\"font-weight: 400;\">La colonisation blanche a continu\u00e9 \u00e0 s'appuyer sur les \"bagnards\" qui \u00e9taient envoy\u00e9s dans les \u00eeles pour y purger leur peine. L'\u00e9migration noire s'est poursuivie \u00e0 un rythme plus lent et ne s'est arr\u00eat\u00e9e qu'apr\u00e8s la fin de la traite des esclaves.\u00a0<\/span><\/p><p><span style=\"font-weight: 400;\">\u00a0<\/span><\/p><h3>Le Cap-Vert sous la domination coloniale portugaise<\/h3><p><span style=\"font-weight: 400;\">L'archipel du Cap-Vert est rest\u00e9 sous la domination coloniale portugaise pendant environ 500 ans, de 1462, date du d\u00e9but de la colonisation des \u00eeles, jusqu'\u00e0 l'ind\u00e9pendance en 1975.\u00a0<\/span><\/p><p><span style=\"font-weight: 400;\">L'exploitation \u00e9conomique \u00e9tait l'un des piliers du r\u00e9gime colonial portugais au Cap-Vert. Les \u00eeles servaient de comptoir pour les esclaves africains, qui \u00e9taient transport\u00e9s vers les Am\u00e9riques pour travailler dans les plantations de canne \u00e0 sucre.\u00a0<\/span><\/p><p><span style=\"font-weight: 400;\">L'archipel a \u00e9t\u00e9 confront\u00e9 \u00e0 de nombreux d\u00e9fis sous le r\u00e9gime colonial. Parmi eux, plusieurs s\u00e9cheresses ont caus\u00e9 la mort de dizaines de milliers d'habitants. La s\u00e9cheresse de 1770, qui a d\u00e9cim\u00e9 environ 32 000 habitants, et la s\u00e9cheresse de 1831, qui a tu\u00e9 environ 30 000 habitants, sont les plus marquantes.\u00a0<\/span><\/p><p><span style=\"font-weight: 400;\">De m\u00eame, les \u00e9pid\u00e9mies n'ont pas \u00e9pargn\u00e9 la population, notamment le chol\u00e9ra en 1856, qui a d\u00e9cim\u00e9 des villages entiers \u00e0 S\u00e3o Nicolau et n'a pas \u00e9pargn\u00e9 les autres \u00eeles.\u00a0<\/span><\/p><p><span style=\"font-weight: 400;\">La seconde moiti\u00e9 du XIXe si\u00e8cle a \u00e9t\u00e9 particuli\u00e8rement difficile. Les ann\u00e9es 1840 voient le d\u00e9clin brutal de la traite transatlantique des esclaves. La fin du commerce des esclaves a fait perdre \u00e0 l'archipel son importance strat\u00e9gique pour la m\u00e9tropole.\u00a0<\/span><\/p><p><span style=\"font-weight: 400;\">Le Portugal n'a pas fourni suffisamment de fournitures et de mat\u00e9riel aux habitants du Cap-Vert. L'incapacit\u00e9 des \u00eeles \u00e0 produire suffisamment de nourriture pour leur population, associ\u00e9e au manque d'infrastructures sanitaires et d'acc\u00e8s \u00e0 des soins m\u00e9dicaux ad\u00e9quats, a contribu\u00e9 aux taux de mortalit\u00e9 \u00e9lev\u00e9s dus aux maladies infectieuses et aux s\u00e9cheresses.<\/span><\/p><p><span style=\"font-weight: 400;\">Le joug colonial et les in\u00e9galit\u00e9s sociales qui en ont r\u00e9sult\u00e9 ont donn\u00e9 naissance \u00e0 diverses <\/span><a href=\"https:\/\/www.teses.usp.br\/teses\/disponiveis\/8\/8138\/tde-04022011-093931\/publico\/2010_EduardoAdilsonCamiloPereira.pdf\" rel=\"nofollow noopener\" target=\"_blank\"><span style=\"font-weight: 400;\">r\u00e9voltes<\/span><\/a><span style=\"font-weight: 400;\">Il s'agit notamment de la r\u00e9volte des moulins \u00e0 sucre (1822), de la r\u00e9volte d'Achada Falc\u00e3o (1841) et de la r\u00e9volte de Ribeir\u00e3o Manuel (1910).<\/span><\/p><p><span style=\"font-weight: 400;\">Malgr\u00e9 les difficult\u00e9s, la population de l'archipel continue de cro\u00eetre, au point que la croissance d\u00e9mographique ne n\u00e9cessite plus l'introduction d'immigrants. Le mouvement migratoire a invers\u00e9 le flux. En d'autres termes, les Capverdiens ont commenc\u00e9 \u00e0 \u00e9migrer ailleurs \u00e0 la recherche de meilleures conditions. L'\u00e9migration des baleiniers am\u00e9ricains au XIXe si\u00e8cle est l'un des principaux mouvements migratoires de l'histoire des \u00eeles.<\/span><\/p><p><span style=\"font-weight: 400;\">La nature aventureuse des Capverdiens est encore latente dans la population aujourd'hui, en partie \u00e0 cause des limites de l'archipel.\u00a0<\/span><\/p><p><span style=\"font-weight: 400;\">\u00a0<\/span><\/p><h3>Le Cap-Vert dans la lutte pour l'ind\u00e9pendance\u00a0<\/h3><p><span style=\"font-weight: 400;\">Pendant la p\u00e9riode coloniale, les Cap-Verdiens ont \u00e9t\u00e9 confront\u00e9s \u00e0 diverses difficult\u00e9s, notamment l'asservissement d'un grand nombre de leurs citoyens et l'oppression politique et \u00e9conomique par les autorit\u00e9s portugaises. Les difficult\u00e9s d'installation, les r\u00e9voltes contre le r\u00e9gime colonial et le renforcement de l'identit\u00e9 cap-verdienne ont favoris\u00e9 l'\u00e9mergence du mouvement de lib\u00e9ration nationaliste.\u00a0<\/span><\/p><p><span style=\"font-weight: 400;\">L'ind\u00e9pendance du Cap-Vert n'a cependant pas \u00e9t\u00e9 acquise imm\u00e9diatement. Il s'agissait plut\u00f4t d'un processus graduel qui impliquait la lutte pour la lib\u00e9ration politique et l'affirmation de l'identit\u00e9 nationale.<\/span><\/p><p><span style=\"font-weight: 400;\">La cr\u00e9ation du Parti africain pour l'ind\u00e9pendance de la Guin\u00e9e et du Cap-Vert (PAIGC) en 1956 par Am\u00edlcar Cabral, fils de Cap-Verdiens vivant en Guin\u00e9e-Bissau, a constitu\u00e9 une \u00e9tape importante dans le processus d'ind\u00e9pendance du Cap-Vert. L'objectif du parti \u00e9tait d'unifier les colonies portugaises de Guin\u00e9e et du Cap-Vert et de lutter pour leur ind\u00e9pendance. Cabral soutenait que cela permettrait au Cap-Vert de lutter pour sa propre ind\u00e9pendance et emp\u00eacherait la colonie de rester sous contr\u00f4le portugais.\u00a0<\/span><\/p><p><span style=\"font-weight: 400;\">La strat\u00e9gie initiale du parti consistait \u00e0 demander le retrait pacifique des troupes portugaises de la colonie de Guin\u00e9e. Cette voie pacifique n'ayant pas abouti, le PAIGC a chang\u00e9 de tactique et a commenc\u00e9 \u00e0 recourir \u00e0 des mesures plus violentes pour obtenir l'ind\u00e9pendance. La lutte arm\u00e9e contre l'occupation portugaise a commenc\u00e9 en <\/span><a href=\"https:\/\/paigc.gw\/historia\/\" rel=\"nofollow noopener\" target=\"_blank\"><span style=\"font-weight: 400;\">Mars 1962<\/span><\/a><span style=\"font-weight: 400;\">lorsque le PAIGC a lanc\u00e9 sa premi\u00e8re campagne de gu\u00e9rilla en Guin\u00e9e-Bissau.\u00a0<\/span><\/p><p><span style=\"font-weight: 400;\">Au cours des ann\u00e9es suivantes, la lutte pour l'ind\u00e9pendance s'est intensifi\u00e9e, le PAIGC renfor\u00e7ant sa pr\u00e9sence au Cap-Vert et la mobilisation de la population en faveur des id\u00e9aux de libert\u00e9. Cependant, aucune lutte arm\u00e9e n'a jamais eu lieu au Cap-Vert. Certains sp\u00e9cialistes affirment que l'absence de conflit arm\u00e9 au Cap-Vert a contribu\u00e9 au succ\u00e8s ult\u00e9rieur du pays dans l'\u00e9tablissement d'un r\u00e9gime d\u00e9mocratique.<\/span><\/p><p><span style=\"font-weight: 400;\">Le 13 janvier 1973, Am\u00edlcar Cabral est assassin\u00e9 \u00e0 Conakry. Malgr\u00e9 sa mort, les id\u00e9aux de lutte et d'ind\u00e9pendance demeurent. L'ind\u00e9pendance de la Guin\u00e9e est d\u00e9clar\u00e9e unilat\u00e9ralement le 24 septembre 1973.\u00a0<\/span><\/p><p><span style=\"font-weight: 400;\">En 1974, la r\u00e9volution des \u0153illets au Portugal a ouvert la voie \u00e0 l'ind\u00e9pendance des \u00eeles. Les revendications du parti en faveur de l'ind\u00e9pendance et les troubles g\u00e9n\u00e9ralis\u00e9s ont contraint le gouvernement portugais, jusque-l\u00e0 r\u00e9ticent, \u00e0 n\u00e9gocier les conditions de l'ind\u00e9pendance du Cap-Vert. Le 19 d\u00e9cembre 1974, un accord est sign\u00e9 entre le PAIGC et le Portugal. <\/span><a href=\"https:\/\/www.governo.cv\/o-arquipelago\/historia\/\" rel=\"nofollow noopener\" target=\"_blank\"><span style=\"font-weight: 400;\">gouvernement <\/span><\/a><span style=\"font-weight: 400;\">au Cap-Vert.\u00a0<\/span><\/p><p><span style=\"font-weight: 400;\">Le gouvernement de transition a pr\u00e9par\u00e9 les \u00e9lections d'une assembl\u00e9e nationale populaire qui, \u00e0 la fin de l'ann\u00e9e, s'est r\u00e9unie pour la premi\u00e8re fois. <\/span><b>Le 5 juillet 1975, l'ind\u00e9pendance du Cap-Vert est officiellement proclam\u00e9e.<\/b><span style=\"font-weight: 400;\">. Aristides Pereira est \u00e9lu premier pr\u00e9sident de la R\u00e9publique et Pedro Pires premier chef de gouvernement du pays, dans le cadre du r\u00e9gime \u00e0 parti unique de l'\u00e9poque.\u00a0<\/span><\/p><p><span style=\"font-weight: 400;\">\u00a0<\/span><\/p><h3>Le Cap-Vert apr\u00e8s l'ind\u00e9pendance\u00a0<\/h3><p><span style=\"font-weight: 400;\">Apr\u00e8s l'ind\u00e9pendance, le Cap-Vert a organis\u00e9 des \u00e9lections nationales qui ont permis d'\u00e9lire une assembl\u00e9e nationale le 30 juin 1975. En raison de sa position g\u00e9ographique en tant qu'\u00c9tat insulaire au milieu de l'oc\u00e9an Atlantique, l'assembl\u00e9e nationale a d\u00e9clar\u00e9 le pays neutre pendant la guerre froide. Le Cap-Vert a entretenu de bonnes relations avec les \u00c9tats-Unis et l'Union sovi\u00e9tique tout au long de la p\u00e9riode de la guerre froide, \u00e9vitant toute pr\u00e9sence militaire \u00e9trang\u00e8re pour affirmer sa neutralit\u00e9.<\/span><\/p><p><span style=\"font-weight: 400;\">Avec le coup d'\u00c9tat en Guin\u00e9e-Bissau en 1980, le Cap-Vert a abandonn\u00e9 le projet d'unit\u00e9 avec la Guin\u00e9e-Bissau. Le PAIGC est remplac\u00e9 par le Parti africain pour l'ind\u00e9pendance du Cap-Vert (PAICV), qui devient alors le seul parti cap-verdien.\u00a0<\/span><\/p><p><span style=\"font-weight: 400;\">Les \u00e9lections l\u00e9gislatives se poursuivent et Aristides Pereira est r\u00e9\u00e9lu pr\u00e9sident de la R\u00e9publique en 1981 et 1986. Apr\u00e8s ces derni\u00e8res \u00e9lections, la pression s'est accrue en faveur d'\u00e9lections multipartites.<\/span><\/p><p><span style=\"font-weight: 400;\">En janvier 1991, les premi\u00e8res \u00e9lections parlementaires multipartites ont eu lieu au Cap-Vert. Le Mouvement pour la d\u00e9mocratie (MpD), compos\u00e9 en partie de dissidents du PAICV, remporte les \u00e9lections et obtient la majorit\u00e9 au parlement. Carlos Veiga a \u00e9t\u00e9 \u00e9lu premier ministre par le parlement et, plus tard dans l'ann\u00e9e, le candidat soutenu par le MpD, Ant\u00f3nio Mascarenhas Monteiro, a remport\u00e9 les \u00e9lections pr\u00e9sidentielles. Depuis lors, des \u00e9lections multipartites ont \u00e9t\u00e9 organis\u00e9es, avec un transfert de pouvoir pacifique.\u00a0<\/span><\/p><p><span style=\"font-weight: 400;\">En termes de politique \u00e9trang\u00e8re, le Cap-Vert a entretenu des relations amicales avec un certain nombre de pays, dont le Portugal, le Br\u00e9sil, les \u00c9tats-Unis et plusieurs pays africains. Le pays a \u00e9galement soutenu activement l'int\u00e9gration r\u00e9gionale en Afrique de l'Ouest et a travaill\u00e9 en \u00e9troite collaboration avec la Communaut\u00e9 \u00e9conomique des \u00c9tats de l'Afrique de l'Ouest (CEDEAO).<\/span><\/p><p><span style=\"font-weight: 400;\">L'ind\u00e9pendance n'a pas r\u00e9solu tous les probl\u00e8mes du Cap-Vert. Le pays est confront\u00e9 \u00e0 de nombreux d\u00e9fis, notamment une p\u00e9nurie de ressources naturelles, un climat aride et une \u00e9conomie encore d\u00e9pendante de l'aide \u00e9trang\u00e8re. Toutefois, la stabilit\u00e9 politique du pays a contribu\u00e9 \u00e0 cr\u00e9er un environnement favorable au d\u00e9veloppement \u00e9conomique.<\/span><span style=\"color: var( --e-global-color-text ); font-family: var( --e-global-typography-text-font-family ), Sans-serif; text-align: var(--text-align); font-size: 1rem;\">\u00e9conomie du pays. \u00c0 partir des ann\u00e9es 1990, le Cap-Vert a commenc\u00e9 \u00e0 conna\u00eetre une croissance \u00e9conomique r\u00e9guli\u00e8re, aliment\u00e9e par le tourisme et l'industrie des services.<\/span><\/p><p><span style=\"font-weight: 400;\">En bref, depuis son ind\u00e9pendance en 1975, le Cap-Vert a parcouru un long chemin, malgr\u00e9 les d\u00e9fis. D'un petit archipel au milieu de l'oc\u00e9an Atlantique, le pays est devenu une d\u00e9mocratie stable et un exemple de r\u00e9ussite \u00e9conomique en Afrique. Le Cap-Vert reste confront\u00e9 \u00e0 des d\u00e9fis, c'est vrai, mais sa r\u00e9ussite t\u00e9moigne du potentiel humain et de la r\u00e9silience du peuple cap-verdien.<\/span><\/p>\t\t\t\t\t\t<\/div>\n\t\t\t\t<\/div>\n\t\t<\/div>\t\t\t\t\t<\/div>","protected":false},"excerpt":{"rendered":"<p>Les \u00e9tapes du Cap-Vert Le Cap-Vert, de la d\u00e9couverte \u00e0 l'ind\u00e9pendance 1460 : les \u00eeles du Cap-Vert sont d\u00e9couvertes par des navigateurs portugais. 1462 : D\u00e9but de la colonisation du Cap-Vert, Santiago \u00e9tant la premi\u00e8re \u00eele \u00e0 \u00eatre peupl\u00e9e. 1869 : L'esclavage est aboli dans tous les territoires portugais, y compris le Cap-Vert. 1956, 19 septembre : Am\u00edlcar Cabral [...]<\/p>","protected":false},"author":1,"featured_media":0,"parent":0,"menu_order":0,"comment_status":"closed","ping_status":"closed","template":"","meta":{"footnotes":""},"categories":[],"tags":[],"class_list":["post-285","page","type-page","status-publish","hentry"],"_links":{"self":[{"href":"https:\/\/feelcaboverde.com\/fr\/wp-json\/wp\/v2\/pages\/285","targetHints":{"allow":["GET"]}}],"collection":[{"href":"https:\/\/feelcaboverde.com\/fr\/wp-json\/wp\/v2\/pages"}],"about":[{"href":"https:\/\/feelcaboverde.com\/fr\/wp-json\/wp\/v2\/types\/page"}],"author":[{"embeddable":true,"href":"https:\/\/feelcaboverde.com\/fr\/wp-json\/wp\/v2\/users\/1"}],"replies":[{"embeddable":true,"href":"https:\/\/feelcaboverde.com\/fr\/wp-json\/wp\/v2\/comments?post=285"}],"version-history":[{"count":97,"href":"https:\/\/feelcaboverde.com\/fr\/wp-json\/wp\/v2\/pages\/285\/revisions"}],"predecessor-version":[{"id":4803,"href":"https:\/\/feelcaboverde.com\/fr\/wp-json\/wp\/v2\/pages\/285\/revisions\/4803"}],"wp:attachment":[{"href":"https:\/\/feelcaboverde.com\/fr\/wp-json\/wp\/v2\/media?parent=285"}],"wp:term":[{"taxonomy":"category","embeddable":true,"href":"https:\/\/feelcaboverde.com\/fr\/wp-json\/wp\/v2\/categories?post=285"},{"taxonomy":"post_tag","embeddable":true,"href":"https:\/\/feelcaboverde.com\/fr\/wp-json\/wp\/v2\/tags?post=285"}],"curies":[{"name":"wp","href":"https:\/\/api.w.org\/{rel}","templated":true}]}}