{"id":1961,"date":"2022-09-29T11:48:42","date_gmt":"2022-09-29T11:48:42","guid":{"rendered":"https:\/\/feelcaboverde.com\/?page_id=1961"},"modified":"2023-04-02T16:37:49","modified_gmt":"2023-04-02T16:37:49","slug":"geografia-e-geologia-de-cabo-verde","status":"publish","type":"page","link":"https:\/\/feelcaboverde.com\/fr\/geographie-et-geologie-du-cap-vert\/","title":{"rendered":"G\u00e9ographie et g\u00e9ologie du Cap-Vert"},"content":{"rendered":"<div data-elementor-type=\"wp-page\" data-elementor-id=\"1961\" class=\"elementor elementor-1961\">\n\t\t\t\t\t\t\t<div class=\"elementor-element elementor-element-7a76645 e-container--column e-container\" data-id=\"7a76645\" data-element_type=\"container\">\t\t\t\t<div class=\"elementor-element elementor-element-7c477fc elementor-widget elementor-widget-heading\" data-id=\"7c477fc\" data-element_type=\"widget\" data-widget_type=\"heading.default\">\n\t\t\t\t<div class=\"elementor-widget-container\">\n\t\t\t<style>\/*! elementor - v3.7.1 - 14-08-2022 *\/\n.elementor-heading-title{padding:0;margin:0;line-height:1}.elementor-widget-heading .elementor-heading-title[class*=elementor-size-]>a{color:inherit;font-size:inherit;line-height:inherit}.elementor-widget-heading .elementor-heading-title.elementor-size-small{font-size:15px}.elementor-widget-heading .elementor-heading-title.elementor-size-medium{font-size:19px}.elementor-widget-heading .elementor-heading-title.elementor-size-large{font-size:29px}.elementor-widget-heading .elementor-heading-title.elementor-size-xl{font-size:39px}.elementor-widget-heading .elementor-heading-title.elementor-size-xxl{font-size:59px}<\/style><h2 class=\"elementor-heading-title elementor-size-default\">1 - Situation g\u00e9ographique du Cap-Vert<\/h2>\t\t<\/div>\n\t\t\t\t<\/div>\n\t\t\t\t<div class=\"elementor-element elementor-element-284c0c7 elementor-widget elementor-widget-text-editor\" data-id=\"284c0c7\" data-element_type=\"widget\" data-widget_type=\"text-editor.default\">\n\t\t\t\t<div class=\"elementor-widget-container\">\n\t\t\t<style>\/*! elementor - v3.7.1 - 14-08-2022 *\/\n.elementor-widget-text-editor.elementor-drop-cap-view-stacked .elementor-drop-cap{background-color:#818a91;color:#fff}.elementor-widget-text-editor.elementor-drop-cap-view-framed .elementor-drop-cap{color:#818a91;border:3px solid;background-color:transparent}.elementor-widget-text-editor:not(.elementor-drop-cap-view-default) .elementor-drop-cap{margin-top:8px}.elementor-widget-text-editor:not(.elementor-drop-cap-view-default) .elementor-drop-cap-letter{width:1em;height:1em}.elementor-widget-text-editor .elementor-drop-cap{float:left;text-align:center;line-height:1;font-size:50px}.elementor-widget-text-editor .elementor-drop-cap-letter{display:inline-block}<\/style>\t\t\t\t<p><span style=\"font-weight: 400;\">Le Cap-Vert est un petit \u00c9tat insulaire situ\u00e9 dans l'oc\u00e9an Atlantique Nord, \u00e0 environ 455 kilom\u00e8tres (282 miles) de la c\u00f4te ouest de l'Afrique.<\/span><\/p><p><span style=\"font-weight: 400;\">Elle se situe entre l'\u00e9quateur et le tropique du Cancer, plus pr\u00e9cis\u00e9ment entre les parall\u00e8les 14\u00ba 23\u2032 et 17\u00ba 12\u2032 de latitude nord et les m\u00e9ridiens 22\u00ba 40\u2032 et 25\u00ba 22\u2032 de l'ouest de Greenwich.\u00a0<\/span><\/p><p><span style=\"font-weight: 400;\">L'archipel du Cap-Vert est compos\u00e9 de 10 \u00eeles (dont une inhabit\u00e9e) et de 16 \u00eelots (5 majeurs et 9 mineurs). La superficie g\u00e9ographique totale du pays est d'environ 4033 km<\/span><span style=\"font-weight: 400;\">2<\/span><span style=\"font-weight: 400;\">.<\/span><\/p><figure id=\"attachment_1985\" aria-describedby=\"caption-attachment-1985\" style=\"width: 1379px\" class=\"wp-caption alignnone\"><img decoding=\"async\" class=\"wp-image-1985 size-full\" src=\"http:\/\/feelcaboverde.com\/wp-content\/uploads\/2022\/09\/01.png\" alt=\"localisation du cap-vert sur la carte\" width=\"1379\" height=\"975\" srcset=\"https:\/\/feelcaboverde.com\/wp-content\/uploads\/2022\/09\/01.png 1379w, https:\/\/feelcaboverde.com\/wp-content\/uploads\/2022\/09\/01-300x212.png 300w, https:\/\/feelcaboverde.com\/wp-content\/uploads\/2022\/09\/01-1024x724.png 1024w, https:\/\/feelcaboverde.com\/wp-content\/uploads\/2022\/09\/01-768x543.png 768w\" sizes=\"(max-width: 1379px) 100vw, 1379px\" \/><figcaption id=\"caption-attachment-1985\" class=\"wp-caption-text\">Carte et situation g\u00e9ographique du Cap-Vert<\/figcaption><\/figure>\t\t\t\t\t\t<\/div>\n\t\t\t\t<\/div>\n\t\t<\/div><div class=\"elementor-element elementor-element-d760dd7 e-container--column e-container\" data-id=\"d760dd7\" data-element_type=\"container\">\t\t\t\t<div class=\"elementor-element elementor-element-70cf0f4 elementor-widget elementor-widget-heading\" data-id=\"70cf0f4\" data-element_type=\"widget\" data-widget_type=\"heading.default\">\n\t\t\t\t<div class=\"elementor-widget-container\">\n\t\t\t<h2 class=\"elementor-heading-title elementor-size-default\">2 - La structure territoriale du Cap-Vert<\/h2>\t\t<\/div>\n\t\t\t\t<\/div>\n\t\t\t\t<div class=\"elementor-element elementor-element-6e71b19 elementor-widget elementor-widget-text-editor\" data-id=\"6e71b19\" data-element_type=\"widget\" data-widget_type=\"text-editor.default\">\n\t\t\t\t<div class=\"elementor-widget-container\">\n\t\t\t\t\t\t\t<p>Le Cap-Vert est compos\u00e9 de dix \u00eeles (Santo Ant\u00e3o, S\u00e3o Vicente, Santa Luzia, S\u00e3o Nicolau, Sal, Boa Vista, Maio, Santiago, Fogo et Brava) et de plusieurs \u00eelots.<\/p><p>Les \u00eeles sont regroup\u00e9es en deux groupes : les \u00eeles Barlavento au nord et les \u00eeles Sotavento au sud.<\/p><p>Le Cap-Vert est \u00e9galement divis\u00e9 en 22 municipalit\u00e9s, chacune ayant sa propre administration et \u00e9tant responsable de diff\u00e9rents domaines tels que l'\u00e9ducation, la sant\u00e9 et les infrastructures.<\/p><p>Praia est la capitale du pays et se trouve sur l'\u00eele de Santiago, la plus grande et la plus peupl\u00e9e de l'archipel.\u00a0<\/p><p><b>\u00a0<\/b><\/p><p><b style=\"color: var( --e-global-color-text ); font-family: var( --e-global-typography-text-font-family ), Sans-serif; font-size: 1rem;\">\u00celes du Cap-Vert\u00a0<\/b><\/p><p><span style=\"font-weight: 400;\">Les \u00eeles du Cap-Vert sont divis\u00e9es en deux groupes selon la direction du vent : les \u00eeles au vent (d'o\u00f9 vient le vent) et les \u00eeles sous le vent (le c\u00f4t\u00e9 oppos\u00e9 au vent, ou l\u00e0 o\u00f9 il est dirig\u00e9).\u00a0<\/span><\/p><p><span style=\"font-weight: 400;\">Les \u00eeles Barlavento sont situ\u00e9es plus au nord et comprennent Santo Ant\u00e3o, S\u00e3o Vicente, S\u00e3o Nicolau, Santa Luzia, Sal et Boavista. Les \u00eeles Sotavento sont situ\u00e9es au sud et comprennent les \u00eeles de Maio, Santiago, Fogo et Brava.<\/span><span style=\"font-weight: 400;\">.<\/span><\/p><p>\u00a0<\/p><h4><b>Ilh\u00e9us <\/b><b style=\"color: var( --e-global-color-text ); font-family: var( --e-global-typography-text-font-family ), Sans-serif; font-size: 1rem;\">du Cap Vert\u00a0<\/b><\/h4><p><span style=\"font-weight: 400;\">Le Cap-Vert compte \u00e9galement 16 \u00eelots compl\u00e9mentaires, dont les principaux sont Branco, Raso, Lu\u00eds Carneiro, Grande et Ilh\u00e9u de Cima. Tous les \u00eelots sont inhabit\u00e9s.<\/span><\/p><p><span style=\"font-weight: 400;\">Le tableau suivant montre la r\u00e9partition g\u00e9ographique des principaux \u00eelots du Cap-Vert.\u00a0<\/span><\/p>\t\t\t\t\t\t<\/div>\n\t\t\t\t<\/div>\n\t\t<\/div><div class=\"elementor-element elementor-element-6e66140 e-container--column e-container\" data-id=\"6e66140\" data-element_type=\"container\">\t\t\t\t<div class=\"elementor-element elementor-element-1f6246e elementor-widget elementor-widget-text-editor\" data-id=\"1f6246e\" data-element_type=\"widget\" data-widget_type=\"text-editor.default\">\n\t\t\t\t<div class=\"elementor-widget-container\">\n\t\t\t\t\t\t\t<table width=\"685\"><tbody><tr><td width=\"171\"><strong>Groupe g\u00e9ographique<\/strong><\/td><td width=\"170\"><strong>Nom<\/strong><\/td><td width=\"172\"><strong>Zone g\u00e9ographique (km)<sup>2<\/sup>)<\/strong><\/td><td width=\"172\"><strong>Localisation<\/strong><\/td><\/tr><tr><td rowspan=\"7\" width=\"171\">Au vent<\/td><td width=\"170\">L'\u00eelot des oiseaux<\/td><td width=\"172\">&#8211;<\/td><td width=\"172\">Entre S\u00e3o Vicente et Santo Ant\u00e3o<\/td><\/tr><tr><td width=\"170\">\u00celot blanc<\/td><td width=\"172\">3<\/td><td rowspan=\"2\" width=\"172\">Entre Santa Luzia et S\u00e3o Nicolau<\/td><\/tr><tr><td width=\"170\">\u00celot Raso<\/td><td width=\"172\">7<\/td><\/tr><tr><td width=\"170\">\u00celot Rabo de Junco<\/td><td width=\"172\">&#8211;<\/td><td width=\"172\">Zone c\u00f4ti\u00e8re de Sal<\/td><\/tr><tr><td width=\"170\">\u00celot Sal Rei<\/td><td width=\"172\">&#8211;<\/td><td rowspan=\"3\" width=\"172\">Zone c\u00f4ti\u00e8re de Boavista<\/td><\/tr><tr><td width=\"170\">\u00celot Curral Velho<\/td><td width=\"172\">&#8211;<\/td><\/tr><tr><td width=\"170\">\u00celot Baluarte<\/td><td width=\"172\">&#8211;<\/td><\/tr><tr><td rowspan=\"9\" width=\"171\">Sous le vent<\/td><td width=\"170\">\u00celot de Santa Maria<\/td><td width=\"172\">&#8211;<\/td><td width=\"172\">Zone c\u00f4ti\u00e8re de la ville de Praia, Santiago<\/td><\/tr><tr><td width=\"170\">\u00celot de sable<\/td><td width=\"172\">&#8211;<\/td><td rowspan=\"8\" width=\"172\">Zone c\u00f4ti\u00e8re de la Brava<\/td><\/tr><tr><td width=\"170\">Ilh\u00e9u Grande<\/td><td width=\"172\">2<\/td><\/tr><tr><td width=\"170\">\u00celot Rombo<\/td><td width=\"172\">&#8211;<\/td><\/tr><tr><td width=\"170\">Ilh\u00e9u de Baixo<\/td><td width=\"172\">&#8211;<\/td><\/tr><tr><td width=\"170\">Ilh\u00e9u de Cima<\/td><td width=\"172\">1.15<\/td><\/tr><tr><td width=\"170\">\u00celot du Roi<\/td><td width=\"172\">&#8211;<\/td><\/tr><tr><td width=\"170\">\u00celot Lu\u00eds Carneiro<\/td><td width=\"172\">0.22<\/td><\/tr><tr><td width=\"170\">\u00celot Sapado<\/td><td width=\"172\">&#8211;<\/td><\/tr><\/tbody><\/table>\t\t\t\t\t\t<\/div>\n\t\t\t\t<\/div>\n\t\t<\/div><div class=\"elementor-element elementor-element-f593f6d e-container--column e-container\" data-id=\"f593f6d\" data-element_type=\"container\">\t\t\t\t<div class=\"elementor-element elementor-element-b9c31ab elementor-widget elementor-widget-heading\" data-id=\"b9c31ab\" data-element_type=\"widget\" data-widget_type=\"heading.default\">\n\t\t\t\t<div class=\"elementor-widget-container\">\n\t\t\t<h2 class=\"elementor-heading-title elementor-size-default\">Division administrative du Cap-Vert\n<\/h2>\t\t<\/div>\n\t\t\t\t<\/div>\n\t\t\t\t<div class=\"elementor-element elementor-element-2f22ccc elementor-widget elementor-widget-text-editor\" data-id=\"2f22ccc\" data-element_type=\"widget\" data-widget_type=\"text-editor.default\">\n\t\t\t\t<div class=\"elementor-widget-container\">\n\t\t\t\t\t\t\t<p><span style=\"font-weight: 400;\">Sur le plan administratif, chaque \u00eele est divis\u00e9e en concelhos ou municipalit\u00e9s. <\/span><b>Le Cap-Vert compte au total dix \u00eeles, 22 municipalit\u00e9s, 24 villes et 32 paroisses.<\/b><span style=\"font-weight: 400;\">.\u00a0\u00a0<\/span><\/p><p><span style=\"font-weight: 400;\">Le tableau ci-dessous illustre la division du Cap-Vert en \u00eeles, municipalit\u00e9s et villes selon la mise \u00e0 jour de 2010 (B.O. no. 32 - I Series [Law no. 77\/VII\/2010]) et la population selon le recensement de 2010 (B.O. no. 32 - I Series [Law no. 77\/VII\/2010]). <\/span><a href=\"https:\/\/ine.cv\/noticias\/ine-apresenta-os-resultados-definitivos-do-v-recenseamento-geral-da-populacao-habitacao-rgph-2021\/\" rel=\"nofollow noopener\" target=\"_blank\"><span style=\"font-weight: 400;\">recensement g\u00e9n\u00e9ral du logement et de la population<\/span><\/a><span style=\"font-weight: 400;\">2021.<\/span><\/p>\t\t\t\t\t\t<\/div>\n\t\t\t\t<\/div>\n\t\t<\/div><div class=\"elementor-element elementor-element-915f8c1 e-container--column e-container\" data-id=\"915f8c1\" data-element_type=\"container\">\t\t\t\t<div class=\"elementor-element elementor-element-168f5b5 elementor-widget elementor-widget-text-editor\" data-id=\"168f5b5\" data-element_type=\"widget\" data-widget_type=\"text-editor.default\">\n\t\t\t\t<div class=\"elementor-widget-container\">\n\t\t\t\t\t\t\t<table width=\"671\"><tbody><tr><td width=\"85\"><p><strong>Groupe <\/strong><\/p><\/td><td width=\"94\"><p><strong>L'\u00eele<\/strong><\/p><\/td><td width=\"95\"><p><strong>Zone g\u00e9ographique (km)<sup>2<\/sup>)<\/strong><\/p><\/td><td width=\"85\"><p><strong>Population (recensement 2021)<\/strong><\/p><\/td><td width=\"104\"><p><strong>Comt\u00e9s<\/strong><\/p><\/td><td width=\"94\"><p><strong>Villes<\/strong><\/p><\/td><td width=\"113\"><p><strong>Paroisses par municipalit\u00e9<\/strong><\/p><\/td><\/tr><tr><td rowspan=\"11\" width=\"85\"><p>Au vent<\/p><\/td><td rowspan=\"4\" width=\"94\"><p>Santo Ant\u00e3o<\/p><\/td><td rowspan=\"4\" width=\"95\"><p>785<\/p><\/td><td rowspan=\"4\" width=\"85\"><p>36 950<\/p><\/td><td width=\"104\"><p>Paul<\/p><\/td><td width=\"94\"><p>Les colombes<\/p><\/td><td width=\"113\"><p>Saint Antoine des Colombes<\/p><\/td><\/tr><tr><td width=\"104\"><p>Porto Novo<\/p><\/td><td width=\"94\"><p>Porto Novo<\/p><\/td><td width=\"113\"><p>- Saint Jean Baptiste<\/p><p>- St Andrew's<\/p><\/td><\/tr><tr><td rowspan=\"2\" width=\"104\"><p>Ribeira Grande<\/p><\/td><td width=\"94\"><p>Ponta do Sol<\/p><\/td><td rowspan=\"2\" width=\"113\"><p>- Notre-Dame de Livramento<\/p><p>- Notre-Dame du Rosaire<\/p><p>- Saint Crucifix<\/p><p>- Saint Pierre l'Ap\u00f4tre<\/p><\/td><\/tr><tr><td width=\"94\"><p>Povoa\u00e7\u00e3o<\/p><\/td><\/tr><tr><td width=\"94\"><p>S\u00e3o Vicente<\/p><\/td><td width=\"95\"><p>227<\/p><\/td><td width=\"85\"><p>75 845<\/p><\/td><td width=\"104\"><p>S\u00e3o Vicente<\/p><\/td><td width=\"94\"><p>Mindelo<\/p><\/td><td width=\"113\"><p>Notre Dame de la Lumi\u00e8re<\/p><\/td><\/tr><tr><td width=\"94\"><p>Santa Luzia<\/p><\/td><td width=\"95\"><p>35<\/p><\/td><td width=\"85\"><p>0<\/p><\/td><td width=\"104\"><p>&#8211;<\/p><\/td><td width=\"94\"><p>&#8211;<\/p><\/td><td width=\"113\"><p>&#8211;<\/p><\/td><\/tr><tr><td rowspan=\"2\" width=\"94\"><p>S\u00e3o Nicolau<\/p><\/td><td rowspan=\"2\" width=\"95\"><p>343<\/p><\/td><td rowspan=\"2\" width=\"85\"><p>12 306<\/p><\/td><td width=\"104\"><p>Ribeira Brava<\/p><\/td><td width=\"94\"><p>Ribeira Brava<\/p><\/td><td width=\"113\"><p>- Notre-Dame de Lapa<\/p><p>- Notre-Dame du Rosaire<\/p><\/td><\/tr><tr><td width=\"104\"><p>Tarrafal de S. Nicolau<\/p><\/td><td width=\"94\"><p>Tarrafal de S. Nicolau<\/p><\/td><td width=\"113\"><p>San Francisco<\/p><\/td><\/tr><tr><td rowspan=\"2\" width=\"94\"><p>Sal<\/p><\/td><td rowspan=\"2\" width=\"95\"><p>220<\/p><\/td><td rowspan=\"2\" width=\"85\"><p>33 615<\/p><\/td><td rowspan=\"2\" width=\"104\"><p>Sal<\/p><\/td><td width=\"94\"><p>Asperges<\/p><\/td><td rowspan=\"2\" width=\"113\"><p>Notre Dame des Douleurs<\/p><\/td><\/tr><tr><td width=\"94\"><p>Santa Maria<\/p><\/td><\/tr><tr><td width=\"94\"><p>Boa Vista<\/p><\/td><td width=\"95\"><p>631<\/p><\/td><td width=\"85\"><p>12 798<\/p><\/td><td width=\"104\"><p>Boavista<\/p><\/td><td width=\"94\"><p>Le roi du sel<\/p><\/td><td width=\"113\"><p>- Santa Isabel<\/p><p>- Saint Jean Baptiste<\/p><\/td><\/tr><tr><td rowspan=\"14\" width=\"85\"><p>Sous le vent<\/p><\/td><td width=\"94\"><p>Maio<\/p><\/td><td width=\"95\"><p>275<\/p><\/td><td width=\"85\"><p>6 330<\/p><\/td><td width=\"104\"><p>Maio<\/p><\/td><td width=\"94\"><p>Port anglais<\/p><\/td><td width=\"113\"><p>Notre Dame de la Lumi\u00e8re<\/p><\/td><\/tr><tr><td rowspan=\"9\" width=\"94\"><p>Santiago<\/p><\/td><td rowspan=\"9\" width=\"95\"><p>991<\/p><\/td><td rowspan=\"9\" width=\"85\"><p>273 988<\/p><\/td><td width=\"104\"><p>Tarrafal<\/p><\/td><td width=\"94\"><p>Tarrafal<\/p><\/td><td width=\"113\"><p>St Amaro Abb\u00e9<\/p><\/td><\/tr><tr><td width=\"104\"><p>Santa Catarina<\/p><\/td><td width=\"94\"><p>Assomada<\/p><\/td><td width=\"113\"><p>Santa Catarina<\/p><\/td><\/tr><tr><td width=\"104\"><p>Santa Cruz<\/p><\/td><td width=\"94\"><p>Rocher du Merlan<\/p><\/td><td width=\"113\"><p>Santiago Maior<\/p><\/td><\/tr><tr><td width=\"104\"><p>Plage<\/p><\/td><td width=\"94\"><p>Plage<\/p><\/td><td width=\"113\"><p>Notre Dame de Gr\u00e2ce<\/p><\/td><\/tr><tr><td width=\"104\"><p>S\u00e3o Domingos<\/p><\/td><td width=\"94\"><p>V\u00e1rzea da Igreja<\/p><\/td><td width=\"113\"><p>- Notre Dame de la Lumi\u00e8re<\/p><p>- St Nicolas Tolentine<\/p><\/td><\/tr><tr><td width=\"104\"><p>S\u00e3o Miguel<\/p><\/td><td width=\"94\"><p>Calheta de S\u00e3o Miguel<\/p><\/td><td width=\"113\"><p>Saint Michel Archange<\/p><\/td><\/tr><tr><td width=\"104\"><p>Saint Sauveur du monde<\/p><\/td><td width=\"94\"><p>\u00c9glise d'Achada<\/p><\/td><td width=\"113\"><p>Saint Sauveur du monde<\/p><\/td><\/tr><tr><td width=\"104\"><p>S\u00e3o Louren\u00e7o dos \u00d3rg\u00e3os<\/p><\/td><td width=\"94\"><p>Jo\u00e3o Teves<\/p><\/td><td width=\"113\"><p>S\u00e3o Louren\u00e7o dos \u00d3rg\u00e3os<\/p><\/td><\/tr><tr><td width=\"104\"><p>Ribeira Grande de Santiago<\/p><\/td><td width=\"94\"><p>Vieille ville<\/p><\/td><td width=\"113\"><p>- Tr\u00e8s Saint Nom de J\u00e9sus<\/p><p>- Saint Jean Baptiste<\/p><\/td><\/tr><tr><td rowspan=\"3\" width=\"94\"><p>Fogo<\/p><\/td><td rowspan=\"3\" width=\"95\"><p>476<\/p><\/td><td rowspan=\"3\" width=\"85\"><p>33 754<\/p><\/td><td width=\"104\"><p>Monast\u00e8res<\/p><\/td><td width=\"94\"><p>Monast\u00e8res<\/p><\/td><td width=\"113\"><p>Notre Dame du Secours<\/p><\/td><\/tr><tr><td width=\"104\"><p>Saint Philippe<\/p><\/td><td width=\"94\"><p>Saint Philippe<\/p><\/td><td width=\"113\"><p>- S\u00e3o Louren\u00e7o<\/p><p>- Notre-Dame de la Conception<\/p><\/td><\/tr><tr><td width=\"104\"><p>Sainte Catherine de feu<\/p><\/td><td width=\"94\"><p>Sainte Catherine de feu<\/p><\/td><td width=\"113\"><p>Sainte Catherine de feu<\/p><\/td><\/tr><tr><td width=\"94\"><p>Brava<\/p><\/td><td width=\"95\"><p>63<\/p><\/td><td width=\"85\"><p>5 647<\/p><\/td><td width=\"104\"><p>Brava<\/p><\/td><td width=\"94\"><p>Nouvelle Sintra<\/p><\/td><td width=\"113\"><p>- Saint Jean Baptiste<\/p><p>- Notre-Dame du Mont<\/p><\/td><\/tr><tr><td width=\"85\"><p><strong>Total<\/strong><\/p><\/td><td width=\"94\"><p><strong>10<\/strong><strong> \u00eeles<\/strong><\/p><\/td><td width=\"95\"><p><strong>4033 kilom\u00e8tres<sup>2<\/sup><\/strong><\/p><\/td><td width=\"85\"><p><strong>491 233 habitants<\/strong><\/p><\/td><td width=\"104\"><p><strong>22 communes<\/strong><\/p><\/td><td width=\"94\"><p><strong>24 villes<\/strong><\/p><\/td><td width=\"113\"><p><strong>32 paroisses<\/strong><\/p><\/td><\/tr><\/tbody><\/table>\t\t\t\t\t\t<\/div>\n\t\t\t\t<\/div>\n\t\t<\/div><div class=\"elementor-element elementor-element-71828b0 e-container--column e-container\" data-id=\"71828b0\" data-element_type=\"container\">\t\t\t\t<div class=\"elementor-element elementor-element-1485c78 elementor-widget elementor-widget-heading\" data-id=\"1485c78\" data-element_type=\"widget\" data-widget_type=\"heading.default\">\n\t\t\t\t<div class=\"elementor-widget-container\">\n\t\t\t<h2 class=\"elementor-heading-title elementor-size-default\">G\u00e9ologie et g\u00e9omorphologie des \u00eeles du Cap-Vert<\/h2>\t\t<\/div>\n\t\t\t\t<\/div>\n\t\t\t\t<div class=\"elementor-element elementor-element-4e04625 elementor-widget elementor-widget-text-editor\" data-id=\"4e04625\" data-element_type=\"widget\" data-widget_type=\"text-editor.default\">\n\t\t\t\t<div class=\"elementor-widget-container\">\n\t\t\t\t\t\t\t<p>Les \u00eeles du Cap-Vert sont d'origine volcanique et ont \u00e9t\u00e9 form\u00e9es par l'accumulation de roches r\u00e9sultant d'\u00e9ruptions sur des plates-formes sous-marines. Ces roches sont remont\u00e9es d'une profondeur d'environ 3 000 m\u00e8tres depuis le fond marin, \u00e0 partir d'une grande \u00e9l\u00e9vation topographique appel\u00e9e la dorsale du Cap-Vert.<\/p>\n<p>L'activit\u00e9 volcanique dans l'archipel est le r\u00e9sultat d'une <em>hotspot<\/em>Il s'agit d'une r\u00e9gion du manteau terrestre o\u00f9 des colonnes de magma chaud traversent la cro\u00fbte terrestre et font \u00e9ruption au fond de la mer.<\/p><p><br><\/p>\n<p><\/p>\n<h5><strong>Ressources g\u00e9ologiques du Cap-Vert <\/strong><\/h5>\n<p>Les ressources g\u00e9ologiques du Cap-Vert comprennent principalement des roches basiques avec une pr\u00e9dominance de roches basaltiques, de roches phonotrachytiques et de produits pyroclastiques (bombes, lapilli, sables et tufs).&nbsp;<\/p>\n<p>Les roches s\u00e9dimentaires sont pr\u00e9sentes dans tout l'archipel (sables, alluvions, graviers de plage, d\u00e9p\u00f4ts d'inondation et d\u00e9p\u00f4ts de pente), avec une plus grande incidence sur l'\u00eele de Maio, o\u00f9 apparaissent des argiles, des marnes, des calcaires jurassiques et cr\u00e9tac\u00e9s. Il convient de noter que le pourcentage de roches s\u00e9dimentaires est plus \u00e9lev\u00e9 que celui des roches magmatiques sur l'\u00eele de Maio, contrairement aux autres.<\/p>\n<p>Les sols du Cap-Vert sont g\u00e9n\u00e9ralement peu profonds, pauvres en mati\u00e8re organique, peu diff\u00e9renci\u00e9s et rocheux. Leur substrat est constitu\u00e9 de roches volcaniques (basalte 80%) et de roches s\u00e9dimentaires.<\/p>\n<p>Seuls 10% des terres du territoire sont potentiellement arables\/cultivables (environ 40 000 ha). C'est l'une des principales vuln\u00e9rabilit\u00e9s du pays, puisque la majeure partie de ce qui est consomm\u00e9 est import\u00e9.<\/p><p><br><\/p>\n<p><\/p>\n<h5><strong>Topographie et relief des \u00eeles du Cap-Vert <\/strong><\/h5>\n<p>Malgr\u00e9 leur origine volcanique commune, les \u00eeles du Cap-Vert pr\u00e9sentent des diff\u00e9rences de relief et de topographie. D'un point de vue topographique, les \u00eeles peuvent \u00eatre divis\u00e9es en deux groupes :<\/p>\n<ul>\n<li>\u00celes plates : il s'agit d'un groupe d'\u00eeles au relief doux, avec seulement quelques petits sommets \u00e9pars ; ce groupe comprend les \u00eeles de Maio, Boa Vista, Sal et Santa Luzia.<\/li>\n<li>\u00celes montagneuses : caract\u00e9ris\u00e9es par un terrain escarp\u00e9 et accident\u00e9, avec souvent des falaises impressionnantes, des gorges et des pentes abruptes.<\/li>\n<\/ul>\n<p>Ce groupe comprend les \u00eeles de Santo Ant\u00e3o, S\u00e3o Nicolau, Santiago, Fogo et Brava.<\/p>\n<p>L'\u00eele de S\u00e3o Vicente occupe une position interm\u00e9diaire entre ces deux groupes, tant du point de vue de la topographie que du relief.<\/p>\n<p>\u00c0 l'exception des \u00eeles les plus plates (Santa Luzia, Sal, Boavista et Maio), le relief de l'archipel est consid\u00e9rablement accident\u00e9. Les paysages varient consid\u00e9rablement d'une \u00eele \u00e0 l'autre, allant de plages d'un kilom\u00e8tre de long (comme la plage de Santa M\u00f3nica sur l'\u00eele de Boavista) \u00e0 de vastes marais salants (sur les \u00eeles de Sal et de Maio), en passant par de magnifiques falaises (principalement sur Santo Ant\u00e3o, S\u00e3o Nicolau et Brava) et m\u00eame un volcan en activit\u00e9 sur l'\u00eele de Fogo.<\/p><p><br><\/p>\n<p><\/p>\n<h5><strong>Les points culminants du Cap-Vert <\/strong><\/h5>\n<p>Le tableau suivant r\u00e9sume les points culminants du Cap-Vert, leur localisation et leurs altitudes respectives.<\/p>\n<table width=\"602\">\n<tbody>\n<tr>\n<td width=\"201\">\n<p><strong>Les points forts du Cap-Vert<\/strong><\/p>\n<\/td>\n<td width=\"201\">\n<p><strong>L'\u00eele<\/strong><\/p>\n<\/td>\n<td width=\"201\">\n<p><strong>Altitude au-dessus du niveau de la mer (m\u00e8tres)<\/strong><\/p>\n<\/td>\n<\/tr>\n<tr>\n<td width=\"201\">\n<p>Pico do Fogo<\/p>\n<\/td>\n<td width=\"201\">\n<p>Fogo<\/p>\n<\/td>\n<td width=\"201\">\n<p>2829<\/p>\n<\/td>\n<\/tr>\n<tr>\n<td width=\"201\">\n<p>Sommet de la couronne<\/p>\n<\/td>\n<td width=\"201\">\n<p>Santo Ant\u00e3o<\/p>\n<\/td>\n<td width=\"201\">\n<p>1979<\/p>\n<\/td>\n<\/tr>\n<tr>\n<td width=\"201\">\n<p>Pico da Cruz<\/p>\n<\/td>\n<td width=\"201\">\n<p>Santo Ant\u00e3o<\/p>\n<\/td>\n<td width=\"201\">\n<p>1585<\/p>\n<\/td>\n<\/tr>\n<tr>\n<td width=\"201\">\n<p>Pic d'Ant\u00f3nia<\/p>\n<\/td>\n<td width=\"201\">\n<p>Santiago<\/p>\n<\/td>\n<td width=\"201\">\n<p>1394<\/p>\n<\/td>\n<\/tr>\n<tr>\n<td width=\"201\">\n<p>Monte Gordo<\/p>\n<\/td>\n<td width=\"201\">\n<p>S\u00e3o Nicolau<\/p>\n<\/td>\n<td width=\"201\">\n<p>1312<\/p>\n<\/td>\n<\/tr>\n<tr>\n<td width=\"201\">\n<p>Serra Malagueta<\/p>\n<\/td>\n<td width=\"201\">\n<p>Santiago<\/p>\n<\/td>\n<td width=\"201\">\n<p>1064<\/p>\n<\/td>\n<\/tr>\n<tr>\n<td width=\"201\">\n<p>Monte Fontainhas<\/p>\n<\/td>\n<td width=\"201\">\n<p>Brava<\/p>\n<\/td>\n<td width=\"201\">\n<p>976<\/p>\n<\/td>\n<\/tr>\n<tr>\n<td width=\"201\">\n<p>Monte Verde<\/p>\n<\/td>\n<td width=\"201\">\n<p>S\u00e3o Vicente<\/p>\n<\/td>\n<td width=\"201\">\n<p>750<\/p>\n<\/td>\n<\/tr>\n<tr>\n<td width=\"201\">\n<p>Monte Penoso<\/p>\n<\/td>\n<td width=\"201\">\n<p>Maio<\/p>\n<\/td>\n<td width=\"201\">\n<p>431<\/p>\n<\/td>\n<\/tr>\n<tr>\n<td width=\"201\">\n<p>Topona<\/p>\n<\/td>\n<td width=\"201\">\n<p>Santa Luzia<\/p>\n<\/td>\n<td width=\"201\">\n<p>397<\/p>\n<\/td>\n<\/tr>\n<tr>\n<td width=\"201\">\n<p>Monte Estancia<\/p>\n<\/td>\n<td width=\"201\">\n<p>Boavista<\/p>\n<\/td>\n<td width=\"201\">\n<p>387<\/p>\n<\/td>\n<\/tr>\n<tr>\n<td width=\"201\">\n<p>Monte Grande<\/p>\n<\/td>\n<td width=\"201\">\n<p>Sal<\/p>\n<\/td>\n<td width=\"201\">\n<p>252<\/p>\n<\/td>\n<\/tr>\n<\/tbody>\n<\/table>\n<p>O <strong>Le point culminant du Cap-Vert est le Pico do Fogo.<\/strong>\u00e0 une altitude de 2829 m\u00e8tres au-dessus du niveau de la mer.<\/p><p><br><\/p>\n<p><\/p>\n<h5><strong>\u00c2ge des \u00eeles du Cap-Vert<\/strong><\/h5>\n<p>Bien qu'il n'y ait pas de consensus sur l'\u00e2ge des \u00eeles, on estime que les \u00eeles de Sal, Maio et Boavista sont les plus anciennes. En raison de la forte \u00e9rosion \u00e9olienne au fil du temps, ces \u00eeles sont tr\u00e8s sablonneuses et plates.<\/p>\n<p>En revanche, les \u00eeles \u00e0 l'aspect plus \"rid\u00e9\" et rocheux sont plus r\u00e9centes, les \u00eeles de Fogo et de Brava \u00e9tant estim\u00e9es \u00eatre les plus jeunes de l'archipel.<\/p>\n<p>La figure suivante illustre l'\u00e2ge approximatif des \u00eeles du Cap-Vert.<\/p>\n<figure id=\"attachment_2000\" aria-describedby=\"caption-attachment-2000\" style=\"width: 1379px\" class=\"wp-caption alignnone\"><img decoding=\"async\" src=\"http:\/\/feelcaboverde.com\/wp-content\/uploads\/2022\/09\/02.png\" alt=\"Carte de l&#039;\u00e2ge des \u00eeles du Cap-Vert\" width=\"1379\" height=\"975\"><figcaption id=\"caption-attachment-2000\" class=\"wp-caption-text\">Carte de l'\u00e2ge des \u00eeles du Cap-Vert<\/figcaption><\/figure>\n<p><strong>&nbsp;<\/strong><\/p>\n<h5><strong>Activit\u00e9 volcanique au Cap-Vert<\/strong><\/h5>\n<p>Malgr\u00e9 l'origine volcanique et une certaine activit\u00e9 volcanique latente dans tout l'archipel, celle-ci passe le plus souvent inaper\u00e7ue. La derni\u00e8re \u00e9ruption volcanique dans le pays s'est produite en 2014, sans aucune perte humaine.<\/p>\n<p>En g\u00e9n\u00e9ral, entre les signes pr\u00e9monitoires de l'activit\u00e9 volcanique et l'explosion du magma \u00e0 la surface, des semaines ou des mois peuvent s'\u00e9couler, ce qui permet de prendre des mesures de protection.<\/p>\n<p>L'Institut national de m\u00e9t\u00e9orologie et de g\u00e9ophysique du Cap-Vert a 18 ans. <a href=\"https:\/\/www.inmg.gov.cv\/index.php\/servicos\/geofisica\" rel=\"nofollow noopener\" target=\"_blank\">stations sismom\u00e9triques<\/a> r\u00e9parties sur l'ensemble de l'archipel, qui surveillent l'activit\u00e9 volcanique des \u00eeles. L'\u00eele de Fogo dispose \u00e9galement de trois stations inclinom\u00e9triques qui permettent de suivre les d\u00e9formations du sol produites par les intrusions magmatiques, en compl\u00e9ment de la surveillance du volcan Fogo. Ces mesures visent \u00e0 s'assurer que les mesures de s\u00e9curit\u00e9 sont prises \u00e0 temps en cas d'activit\u00e9 volcanique importante.<\/p>\n<p><\/p>\n<h5><b><br><\/b><\/h5><h5><b>Conclusion<\/b><\/h5>\n<p>Le Cap-Vert pr\u00e9sente une diversit\u00e9 g\u00e9ologique remarquable, avec des paysages impressionnants allant de montagnes escarp\u00e9es \u00e0 des plages de sable blanc et des eaux cristallines. Cette diversit\u00e9 offre de grandes possibilit\u00e9s d'aventure dans toutes les \u00eeles.<\/p>\n<p>Si vous souhaitez en savoir plus sur le sujet ou si vous avez besoin d'aide pour d\u00e9couvrir ce que le Cap-Vert a de mieux \u00e0 offrir, n'h\u00e9sitez pas \u00e0 nous contacter.<\/p>\n<p><\/p>\t\t\t\t\t\t<\/div>\n\t\t\t\t<\/div>\n\t\t<\/div>\t\t\t\t\t<\/div>","protected":false},"excerpt":{"rendered":"<p>1 - Situation g\u00e9ographique du Cap-Vert Le Cap-Vert est un petit \u00c9tat insulaire situ\u00e9 dans l'Atlantique Nord, \u00e0 environ 455 kilom\u00e8tres (282 milles) de la c\u00f4te ouest de l'Afrique. Il se situe entre l'\u00e9quateur et le tropique du Cancer, plus pr\u00e9cis\u00e9ment entre les parall\u00e8les 14\u00ba 23\u2032 et 17\u00ba 12\u2032 de latitude nord et les m\u00e9ridiens 22\u00ba 40\u2032 [...]<\/p>","protected":false},"author":1,"featured_media":0,"parent":0,"menu_order":0,"comment_status":"closed","ping_status":"closed","template":"","meta":{"footnotes":""},"categories":[],"tags":[],"class_list":["post-1961","page","type-page","status-publish","hentry"],"_links":{"self":[{"href":"https:\/\/feelcaboverde.com\/fr\/wp-json\/wp\/v2\/pages\/1961","targetHints":{"allow":["GET"]}}],"collection":[{"href":"https:\/\/feelcaboverde.com\/fr\/wp-json\/wp\/v2\/pages"}],"about":[{"href":"https:\/\/feelcaboverde.com\/fr\/wp-json\/wp\/v2\/types\/page"}],"author":[{"embeddable":true,"href":"https:\/\/feelcaboverde.com\/fr\/wp-json\/wp\/v2\/users\/1"}],"replies":[{"embeddable":true,"href":"https:\/\/feelcaboverde.com\/fr\/wp-json\/wp\/v2\/comments?post=1961"}],"version-history":[{"count":70,"href":"https:\/\/feelcaboverde.com\/fr\/wp-json\/wp\/v2\/pages\/1961\/revisions"}],"predecessor-version":[{"id":4327,"href":"https:\/\/feelcaboverde.com\/fr\/wp-json\/wp\/v2\/pages\/1961\/revisions\/4327"}],"wp:attachment":[{"href":"https:\/\/feelcaboverde.com\/fr\/wp-json\/wp\/v2\/media?parent=1961"}],"wp:term":[{"taxonomy":"category","embeddable":true,"href":"https:\/\/feelcaboverde.com\/fr\/wp-json\/wp\/v2\/categories?post=1961"},{"taxonomy":"post_tag","embeddable":true,"href":"https:\/\/feelcaboverde.com\/fr\/wp-json\/wp\/v2\/tags?post=1961"}],"curies":[{"name":"wp","href":"https:\/\/api.w.org\/{rel}","templated":true}]}}