{"id":1154,"date":"2022-05-27T14:19:19","date_gmt":"2022-05-27T14:19:19","guid":{"rendered":"https:\/\/feelcaboverde.com\/?page_id=1154"},"modified":"2025-03-01T22:36:22","modified_gmt":"2025-03-01T22:36:22","slug":"vistos-passaportes","status":"publish","type":"page","link":"https:\/\/feelcaboverde.com\/fr\/visas-et-passeports\/","title":{"rendered":"Visas et passeports"},"content":{"rendered":"<div data-elementor-type=\"wp-page\" data-elementor-id=\"1154\" class=\"elementor elementor-1154\">\n\t\t\t\t\t\t\t\t\t<section data-particle_enable=\"false\" data-particle-mobile-disabled=\"false\" class=\"elementor-section elementor-top-section elementor-element elementor-element-43b54aea elementor-section-boxed elementor-section-height-default elementor-section-height-default\" data-id=\"43b54aea\" data-element_type=\"section\">\n\t\t\t\t\t\t<div class=\"elementor-container elementor-column-gap-default\">\n\t\t\t\t\t<div class=\"elementor-column elementor-col-100 elementor-top-column elementor-element elementor-element-6e42e8a5\" data-id=\"6e42e8a5\" data-element_type=\"column\">\n\t\t\t<div class=\"elementor-widget-wrap elementor-element-populated\">\n\t\t\t\t\t\t\t\t<div class=\"elementor-element elementor-element-56626ddb elementor-widget elementor-widget-text-editor\" data-id=\"56626ddb\" data-element_type=\"widget\" data-widget_type=\"text-editor.default\">\n\t\t\t\t<div class=\"elementor-widget-container\">\n\t\t\t<style>\/*! elementor - v3.7.1 - 14-08-2022 *\/\n.elementor-widget-text-editor.elementor-drop-cap-view-stacked .elementor-drop-cap{background-color:#818a91;color:#fff}.elementor-widget-text-editor.elementor-drop-cap-view-framed .elementor-drop-cap{color:#818a91;border:3px solid;background-color:transparent}.elementor-widget-text-editor:not(.elementor-drop-cap-view-default) .elementor-drop-cap{margin-top:8px}.elementor-widget-text-editor:not(.elementor-drop-cap-view-default) .elementor-drop-cap-letter{width:1em;height:1em}.elementor-widget-text-editor .elementor-drop-cap{float:left;text-align:center;line-height:1;font-size:50px}.elementor-widget-text-editor .elementor-drop-cap-letter{display:inline-block}<\/style>\t\t\t\t<h3><b>Visa pour le Cap-Vert : un guide complet et actualis\u00e9 pour les voyageurs<\/b><\/h3><p><span style=\"font-weight: 400;\">Vous pr\u00e9voyez un voyage \u00e0 <a href=\"https:\/\/feelcaboverde.com\/fr\/cap-vert\/\">Cap Vert<\/a>? D\u00e9couvrez les conditions d'entr\u00e9e au Cap-Vert, notamment la n\u00e9cessit\u00e9 d'un visa cap-verdien, d'un passeport, d'un enregistrement pr\u00e9alable obligatoire et d'une carte d'identit\u00e9 cap-verdienne. <a href=\"https:\/\/feelcaboverde.com\/fr\/taxes-et-frais-pour-visiteurs\/\">imp\u00f4ts<\/a>. Dans ce guide mis \u00e0 jour, vous trouverez tout ce dont vous avez besoin pour \u00e9viter les accidents et profiter de votre voyage en toute s\u00e9r\u00e9nit\u00e9.<\/span><\/p><p><span style=\"font-weight: 400;\">\u00a0<\/span><\/p><h4><b><span style=\"background-color: transparent; color: var( --e-global-color-text ); font-family: var( --e-global-typography-text-font-family ), Sans-serif; text-align: var(--text-align);\">1.\u00a0<\/span><span style=\"background-color: transparent; color: var( --e-global-color-text ); font-family: var( --e-global-typography-text-font-family ), Sans-serif; text-align: var(--text-align);\">Validit\u00e9 du passeport<\/span><\/b><\/h4><p><span style=\"font-weight: 400;\">Pour vous rendre au Cap-Vert, votre passeport doit \u00eatre valable au moins 6 mois apr\u00e8s la date d'entr\u00e9e dans le pays. Assurez-vous que votre passeport r\u00e9pond \u00e0 cette exigence avant de voyager.<\/span><\/p><p><span style=\"font-weight: 400;\">\u00a0<\/span><\/p><h4><b><span style=\"background-color: transparent; color: var( --e-global-color-text ); font-family: var( --e-global-typography-text-font-family ), Sans-serif; text-align: var(--text-align);\">2.\u00a0<\/span><span style=\"background-color: transparent; color: var( --e-global-color-text ); font-family: var( --e-global-typography-text-font-family ), Sans-serif; text-align: var(--text-align);\">Types de visa pour le Cap-Vert<\/span><\/b><\/h4><p><span style=\"font-weight: 400;\">Le Cap-Vert propose diff\u00e9rents types de visas, en fonction du motif du voyage et de la dur\u00e9e du s\u00e9jour :<\/span><\/p><ul><li style=\"font-weight: 400;\" aria-level=\"1\"><b>Visa touristique pour le Cap-Vert :<\/b><span style=\"font-weight: 400;\"> Accord\u00e9 pour les voyages touristiques et les croisi\u00e8res. Valable pour 90 jours, avec possibilit\u00e9 de prolongation pour 90 jours suppl\u00e9mentaires.<\/span><\/li><\/ul><ul><li style=\"font-weight: 400;\" aria-level=\"1\"><b>Visa de transit :<\/b><span style=\"font-weight: 400;\"> Accord\u00e9 aux passagers en transit pour une dur\u00e9e de 4 jours, prolongeable une fois.<\/span><\/li><\/ul><ul><li style=\"font-weight: 400;\" aria-level=\"1\"><b>Visa officiel, diplomatique ou de courtoisie : <\/b><span style=\"font-weight: 400;\">Valable pour 90 jours, il vous permet de rester dans le pays jusqu'\u00e0 30 jours et peut \u00eatre valable pour des entr\u00e9es multiples.<\/span><\/li><\/ul><ul><li style=\"font-weight: 400;\" aria-level=\"1\"><b>Visa temporaire : <\/b><span style=\"font-weight: 400;\">Pour les voyages de courte dur\u00e9e, tels que les voyages d'affaires, les voyages culturels, les traitements m\u00e9dicaux ou les visites familiales. Le visa peut \u00eatre ordinaire ou \u00e0 entr\u00e9es multiples, d'une dur\u00e9e maximale de 180 jours.<\/span><\/li><\/ul><ul><li style=\"font-weight: 400;\" aria-level=\"1\"><b>Visa de s\u00e9jour : <\/b><span style=\"font-weight: 400;\">Accord\u00e9 aux \u00e9trangers qui souhaitent vivre au Cap-Vert. Il peut \u00eatre demand\u00e9 par les personnes souhaitant travailler, \u00e9tudier ou retrouver leur famille. Ce visa est valable 6 mois et peut \u00eatre renouvel\u00e9.<\/span><\/li><\/ul><p><span style=\"font-weight: 400;\">Demandes de <\/span><b>visa de s\u00e9jour<\/b><span style=\"font-weight: 400;\"> doivent \u00eatre effectu\u00e9es directement au Cap-Vert, bien qu'elles puissent \u00eatre initi\u00e9es dans les ambassades ou les postes consulaires, qui les transmettent ensuite \u00e0 la Direction des \u00e9trangers et des fronti\u00e8res (DEF) pour analyse et d\u00e9cision.<\/span><\/p><p><span style=\"font-weight: 400;\">\u00a0<\/span><\/p><h4><b><span style=\"background-color: transparent; color: var( --e-global-color-text ); font-family: var( --e-global-typography-text-font-family ), Sans-serif; text-align: var(--text-align);\">3.\u00a0<\/span><span style=\"background-color: transparent; color: var( --e-global-color-text ); font-family: var( --e-global-typography-text-font-family ), Sans-serif; text-align: var(--text-align);\">Exemption de visa pour le Cap-Vert<\/span><\/b><\/h4><p><span style=\"font-weight: 400;\">Les ressortissants des pays qui n'ont pas besoin de visa pour entrer au Cap-Vert sont les suivants :<\/span><\/p><ul><li style=\"font-weight: 400;\" aria-level=\"1\"><b>Union europ\u00e9enne<\/b><span style=\"font-weight: 400;\">Les citoyens de l'Union europ\u00e9enne ont le droit de s'exprimer sur les questions relatives \u00e0 l'environnement. <a href=\"https:\/\/european-union.europa.eu\/index_en\" rel=\"nofollow noopener\" target=\"_blank\">Union europ\u00e9enne<\/a>y compris le Royaume-Uni (apr\u00e8s le Brexit), sont <\/span><b>l'exemption de visa pour entrer dans le pays pour des s\u00e9jours allant jusqu'\u00e0 30 jours<\/b><span style=\"font-weight: 400;\">.<\/span><\/li><\/ul><ul><li style=\"font-weight: 400;\" aria-level=\"1\"><b>Les citoyens de la CEDEAO :<\/b><span style=\"font-weight: 400;\"> Les citoyens des pays membres de la Communaut\u00e9 \u00e9conomique des \u00c9tats de l'Afrique de l'Ouest (<a href=\"https:\/\/ecowas.int\/sobre-a-cedeao\/?lang=pt-pt\" rel=\"nofollow noopener\" target=\"_blank\">CEDEAO<\/a>) sont exempt\u00e9s de visa pour une dur\u00e9e maximale de 90 jours. Pour rester plus de 90 jours au Cap-Vert, vous devez demander une prolongation de visa ou un visa ou permis de s\u00e9jour.<\/span><\/li><\/ul><ul><li style=\"font-weight: 400;\" aria-level=\"1\"><b>Accords bilat\u00e9raux :<\/b><span style=\"font-weight: 400;\"> Certains <a href=\"https:\/\/portalconsular.mnec.gov.cv\/documents\/20126\/0\/paisesisentosvistos.pdf\/88183686-6688-1679-87b4-26b04f18110e\" rel=\"nofollow noopener\" target=\"_blank\">pays<\/a> ayant conclu des accords sp\u00e9cifiques avec le Cap-Vert sont \u00e9galement exempt\u00e9s de l'obligation de visa.\u00a0<\/span><\/li><\/ul><p><span style=\"font-weight: 400;\">Vous voulez v\u00e9rifier si votre pays figure sur la liste des pays exempt\u00e9s de visa ? Consultez le site <\/span><a href=\"https:\/\/portalconsular.mnec.gov.cv\/documents\/20126\/0\/paisesisentosvistos.pdf\/88183686-6688-1679-87b4-26b04f18110e\" rel=\"nofollow noopener\" target=\"_blank\"><span style=\"font-weight: 400;\">Portail consulaire du Cap-Vert<\/span><\/a><span style=\"font-weight: 400;\">.<\/span><\/p><p><b>Autres <\/b><a href=\"https:\/\/portalconsular.mnec.gov.cv\/perguntas-frequentes\" rel=\"nofollow noopener\" target=\"_blank\"><b>Exemptions de visa<\/b><\/a><b> au Cap-Vert :<\/b><\/p><ul><li style=\"font-weight: 400;\" aria-level=\"1\"><span style=\"font-weight: 400;\">Les personnes n\u00e9es au Cap-Vert et leurs conjoints et descendants, sur pr\u00e9sentation de documents (acte de naissance, passeport, acte de mariage ou autre document) prouvant leur lien avec le Cap-Vert (par exemple, \u00eatre n\u00e9, s'\u00eatre mari\u00e9 ou \u00eatre l'enfant d'un p\u00e8re ou d'une m\u00e8re n\u00e9 au Cap-Vert).<\/span><\/li><li style=\"font-weight: 400;\" aria-level=\"1\"><span style=\"font-weight: 400;\">Les \u00e9trangers titulaires d'un permis de s\u00e9jour en cours de validit\u00e9.<\/span><\/li><li style=\"font-weight: 400;\" aria-level=\"1\"><span style=\"font-weight: 400;\">Consuls honoraires et agents consulaires du Cap-Vert de nationalit\u00e9 \u00e9trang\u00e8re.<\/span><\/li><li style=\"font-weight: 400;\" aria-level=\"1\"><span style=\"font-weight: 400;\">Les \u00e9trangers titulaires d'une carte d'identit\u00e9 de fonctionnaire ou d'agent d'une mission \u00e9trang\u00e8re ou d'une organisation internationale, d\u00e9livr\u00e9e par le service gouvernemental charg\u00e9 des relations ext\u00e9rieures au Cap-Vert.<\/span><\/li><li style=\"font-weight: 400;\" aria-level=\"1\"><span style=\"font-weight: 400;\">\u00c9trangers titulaires d'un titre de voyage pour r\u00e9fugi\u00e9s<\/span><\/li><\/ul><div><b style=\"color: inherit; font-family: inherit; font-size: 1.5rem; text-align: var(--text-align);\">\u00a0<\/b><\/div><div><b style=\"color: inherit; font-family: inherit; font-size: 1.5rem; text-align: var(--text-align);\">4.\u00a0<span style=\"background-color: transparent; color: var( --e-global-color-text ); font-family: var( --e-global-typography-text-font-family ), Sans-serif; text-align: var(--text-align);\">Formulaire de pr\u00e9-enregistrement obligatoire pour l'entr\u00e9e au Cap-Vert<\/span><\/b><\/div><p><span style=\"font-weight: 400;\">Tous les voyageurs, y compris les titulaires de passeports diplomatiques ou de service, doivent remplir le formulaire de pr\u00e9-enregistrement au moins 5 jours avant la date d'entr\u00e9e au Cap-Vert sur la plate-forme. <\/span><span style=\"font-weight: 400;\"><a href=\"https:\/\/registration.cv.zetes.com\/\" rel=\"nofollow noopener\" target=\"_blank\">EASE<\/a><\/span><span style=\"font-weight: 400;\">. Le pr\u00e9-enregistrement comprend des informations relatives au passeport, \u00e0 la date d'entr\u00e9e, \u00e0 l'identit\u00e9 et \u00e0 l'adresse du demandeur. <a href=\"https:\/\/feelcaboverde.com\/fr\/vols-pour-le-cap-vert\/\">num\u00e9ro de vol<\/a>la date de d\u00e9part et le lieu d'h\u00e9bergement.\u00a0<\/span><\/p><p><span style=\"font-weight: 400;\">L'objectif de cette proc\u00e9dure est d'effectuer un contr\u00f4le de s\u00e9curit\u00e9 pr\u00e9alable des voyageurs par les autorit\u00e9s nationales.<\/span><\/p><p><span style=\"font-weight: 400;\">Si le voyageur ne s'est pas pr\u00e9enregistr\u00e9, il peut le faire \u00e0 son arriv\u00e9e. \u00c0 ce moment-l\u00e0, il paiera \u00e9galement le <a href=\"https:\/\/portalconsular.mnec.gov.cv\/perguntas-frequentes\" rel=\"nofollow noopener\" target=\"_blank\">taxe de s\u00e9curit\u00e9 a\u00e9roportuaire<\/a> (TSA).<\/span><\/p><p><span style=\"font-weight: 400;\">Tous les passagers doivent payer la <a href=\"https:\/\/feelcaboverde.com\/fr\/taxes-et-frais-pour-visiteurs\/\">Taxe de s\u00e9curit\u00e9 a\u00e9roportuaire<\/a>. La redevance pour les vols internationaux est de 3 400 ECV (environ 31 euros ou 35 dollars). Toutefois, certaines cat\u00e9gories sont exempt\u00e9es, notamment<\/span><\/p><ul><li style=\"font-weight: 400;\" aria-level=\"1\"><span style=\"font-weight: 400;\">Les citoyens du Cap-Vert, leurs conjoints et leurs descendants (sur pr\u00e9sentation d'une pi\u00e8ce justificative) ;<\/span><\/li><li style=\"font-weight: 400;\" aria-level=\"1\"><span style=\"font-weight: 400;\">Enfants de moins de 2 ans ;<\/span><\/li><li style=\"font-weight: 400;\" aria-level=\"1\"><span style=\"font-weight: 400;\">Passagers en mission officielle \u00e0 bord d'un avion gouvernemental ;<\/span><\/li><li style=\"font-weight: 400;\" aria-level=\"1\"><span style=\"font-weight: 400;\">Passagers en transit dans les a\u00e9roports nationaux ;<\/span><\/li><li style=\"font-weight: 400;\" aria-level=\"1\"><span style=\"font-weight: 400;\">Les passagers des vols retournant \u00e0 l'a\u00e9roport pour des raisons techniques ou de force majeure.<\/span><\/li><\/ul><div>\u00a0<\/div><h4><b>5.\u00a0<span style=\"background-color: transparent; color: var( --e-global-color-text ); font-family: var( --e-global-typography-text-font-family ), Sans-serif; text-align: var(--text-align);\">\u00a0Visa \u00e0 l'arriv\u00e9e au Cap-Vert<\/span><\/b><\/h4><p><span style=\"font-weight: 400;\">Les ressortissants de certains pays peuvent obtenir un visa \u00e0 l'arriv\u00e9e dans les a\u00e9roports internationaux de Sal, Boa Vista, S\u00e3o Vicente et Santiago.\u00a0\u00a0<\/span><\/p><p><b>Des questions sur les visas \u00e0 l'arriv\u00e9e au Cap-Vert ?<\/b><span style=\"font-weight: 400;\"> Prenez contact avec <\/span><b>Ambassade ou consulat le plus proche<\/b><span style=\"font-weight: 400;\"> pour obtenir des informations actualis\u00e9es.<\/span><\/p><p><b style=\"background-color: transparent; color: var( --e-global-color-text ); font-family: var( --e-global-typography-text-font-family ), Sans-serif; text-align: var(--text-align);\">\u00a0<\/b><\/p><h4><b><span style=\"background-color: transparent; color: var( --e-global-color-text ); font-family: var( --e-global-typography-text-font-family ), Sans-serif; text-align: var(--text-align);\">6.\u00a0<\/span><span style=\"background-color: transparent; color: var( --e-global-color-text ); font-family: var( --e-global-typography-text-font-family ), Sans-serif; text-align: var(--text-align);\">R\u00e8gles douani\u00e8res<\/span><\/b><\/h4><p><span style=\"font-weight: 400;\">Les <a href=\"https:\/\/feelcaboverde.com\/fr\/douanes-et-reglements-cap-vert\/\">R\u00e8gles douani\u00e8res du Cap-Vert<\/a> r\u00e9glementer l'entr\u00e9e des marchandises dans le pays. Pour plus d'informations sur ce que vous pouvez apporter, consultez la page officielle des r\u00e8gles douani\u00e8res du Cap-Vert.<\/span><\/p><ul><li aria-level=\"1\"><b>\u00a0Exigences en mati\u00e8re de vaccination<\/b><\/li><\/ul><p><span style=\"font-weight: 400;\">Les ressortissants des pays touch\u00e9s par la fi\u00e8vre jaune doivent pr\u00e9senter une preuve de vaccination. Pour les autres pays, il n'y a pas d'obligation de vaccination.<\/span><\/p><p><b>Note (avis de non-responsabilit\u00e9) :<\/b><span style=\"font-weight: 400;\"> Les informations pr\u00e9sent\u00e9es ici sont susceptibles d'\u00eatre modifi\u00e9es au fur et \u00e0 mesure que les autorit\u00e9s cap-verdiennes mettent \u00e0 jour les r\u00e8gles. Pour obtenir des informations actualis\u00e9es ou des \u00e9claircissements, les voyageurs sont invit\u00e9s \u00e0 contacter l'ambassade ou le consulat du Cap-Vert le plus proche ou \u00e0 consulter le portail consulaire du Cap-Vert.<\/span><\/p><h4><b>Conclusion<\/b><\/h4><p><span style=\"font-weight: 400;\">La planification de votre voyage dans l'archipel de Morabeza n\u00e9cessite <\/span><b>attention aux conditions d'entr\u00e9e, y compris le passeport, le visa pour le Cap-Vert, le pr\u00e9-enregistrement et les droits d'inscription<\/b><span style=\"font-weight: 400;\">. Veillez \u00e0 v\u00e9rifier les exigences en mati\u00e8re de visa en fonction de votre nationalit\u00e9 et \u00e0 remplir toutes les conditions avant de voyager. Pr\u00e9-enregistrement sur la plateforme <\/span><a href=\"https:\/\/registration.cv.zetes.com\/\" rel=\"nofollow noopener\" target=\"_blank\"><span style=\"font-weight: 400;\">EASE <\/span><\/a><span style=\"font-weight: 400;\">est obligatoire pour tous les visiteurs et doit \u00eatre effectu\u00e9e au moins 5 jours \u00e0 l'avance.<\/span><\/p><p><span style=\"font-weight: 400;\">En suivant ce guide et en vous pr\u00e9parant \u00e0 l'avance, vous pourrez profiter au maximum des merveilles que le Cap-Vert a \u00e0 offrir, de ses <\/span><a href=\"https:\/\/feelcaboverde.com\/fr\/plage-de-santa-maria-ile-du-sal\/\"><b>plages paradisiaques<\/b><\/a><span style=\"font-weight: 400;\"> e <\/span><a href=\"https:\/\/feelcaboverde.com\/fr\/volcan-de-fogo-ile-du-fogo\/\"><b>paysages volcaniques<\/b><\/a><span style=\"font-weight: 400;\"> jusqu'\u00e0 ce que son <\/span><a href=\"https:\/\/feelcaboverde.com\/fr\/art-et-culture\/\"><b>une culture riche et vivante<\/b><\/a><span style=\"font-weight: 400;\">.<\/span><\/p>\t\t\t\t\t\t<\/div>\n\t\t\t\t<\/div>\n\t\t\t\t\t<\/div>\n\t\t<\/div>\n\t\t\t\t\t\t\t<\/div>\n\t\t<\/section>\n\t\t\t\t\t\t\t<\/div>","protected":false},"excerpt":{"rendered":"<p>Visa pour le Cap-Vert : un guide complet et actualis\u00e9 pour les voyageurs Vous pr\u00e9voyez un voyage au Cap-Vert ? D\u00e9couvrez les conditions d'entr\u00e9e au Cap-Vert, notamment la n\u00e9cessit\u00e9 d'un visa pour le Cap-Vert, le passeport, l'enregistrement pr\u00e9alable obligatoire et les frais. Dans ce guide actualis\u00e9, vous trouverez tout ce dont vous avez besoin pour \u00e9viter les incidents et profiter de votre [...]<\/p>","protected":false},"author":1,"featured_media":0,"parent":0,"menu_order":0,"comment_status":"closed","ping_status":"closed","template":"","meta":{"footnotes":""},"categories":[],"tags":[],"class_list":["post-1154","page","type-page","status-publish","hentry"],"_links":{"self":[{"href":"https:\/\/feelcaboverde.com\/fr\/wp-json\/wp\/v2\/pages\/1154","targetHints":{"allow":["GET"]}}],"collection":[{"href":"https:\/\/feelcaboverde.com\/fr\/wp-json\/wp\/v2\/pages"}],"about":[{"href":"https:\/\/feelcaboverde.com\/fr\/wp-json\/wp\/v2\/types\/page"}],"author":[{"embeddable":true,"href":"https:\/\/feelcaboverde.com\/fr\/wp-json\/wp\/v2\/users\/1"}],"replies":[{"embeddable":true,"href":"https:\/\/feelcaboverde.com\/fr\/wp-json\/wp\/v2\/comments?post=1154"}],"version-history":[{"count":35,"href":"https:\/\/feelcaboverde.com\/fr\/wp-json\/wp\/v2\/pages\/1154\/revisions"}],"predecessor-version":[{"id":5420,"href":"https:\/\/feelcaboverde.com\/fr\/wp-json\/wp\/v2\/pages\/1154\/revisions\/5420"}],"wp:attachment":[{"href":"https:\/\/feelcaboverde.com\/fr\/wp-json\/wp\/v2\/media?parent=1154"}],"wp:term":[{"taxonomy":"category","embeddable":true,"href":"https:\/\/feelcaboverde.com\/fr\/wp-json\/wp\/v2\/categories?post=1154"},{"taxonomy":"post_tag","embeddable":true,"href":"https:\/\/feelcaboverde.com\/fr\/wp-json\/wp\/v2\/tags?post=1154"}],"curies":[{"name":"wp","href":"https:\/\/api.w.org\/{rel}","templated":true}]}}