{"id":1078,"date":"2022-05-27T13:56:11","date_gmt":"2022-05-27T13:56:11","guid":{"rendered":"https:\/\/feelcaboverde.com\/?page_id=1078"},"modified":"2024-10-06T23:16:04","modified_gmt":"2024-10-06T23:16:04","slug":"mosquitos-malaria","status":"publish","type":"page","link":"https:\/\/feelcaboverde.com\/fr\/moustiques-maladie-du-cap-vert\/","title":{"rendered":"Moustiques et paludisme"},"content":{"rendered":"<div data-elementor-type=\"wp-page\" data-elementor-id=\"1078\" class=\"elementor elementor-1078\">\n\t\t\t\t\t\t\t\t\t<section data-particle_enable=\"false\" data-particle-mobile-disabled=\"false\" class=\"elementor-section elementor-top-section elementor-element elementor-element-43b54aea elementor-section-boxed elementor-section-height-default elementor-section-height-default\" data-id=\"43b54aea\" data-element_type=\"section\">\n\t\t\t\t\t\t<div class=\"elementor-container elementor-column-gap-default\">\n\t\t\t\t\t<div class=\"elementor-column elementor-col-100 elementor-top-column elementor-element elementor-element-6e42e8a5\" data-id=\"6e42e8a5\" data-element_type=\"column\">\n\t\t\t<div class=\"elementor-widget-wrap elementor-element-populated\">\n\t\t\t\t\t\t\t\t<div class=\"elementor-element elementor-element-56626ddb elementor-widget elementor-widget-text-editor\" data-id=\"56626ddb\" data-element_type=\"widget\" data-widget_type=\"text-editor.default\">\n\t\t\t\t<div class=\"elementor-widget-container\">\n\t\t\t<style>\/*! elementor - v3.7.1 - 14-08-2022 *\/\n.elementor-widget-text-editor.elementor-drop-cap-view-stacked .elementor-drop-cap{background-color:#818a91;color:#fff}.elementor-widget-text-editor.elementor-drop-cap-view-framed .elementor-drop-cap{color:#818a91;border:3px solid;background-color:transparent}.elementor-widget-text-editor:not(.elementor-drop-cap-view-default) .elementor-drop-cap{margin-top:8px}.elementor-widget-text-editor:not(.elementor-drop-cap-view-default) .elementor-drop-cap-letter{width:1em;height:1em}.elementor-widget-text-editor .elementor-drop-cap{float:left;text-align:center;line-height:1;font-size:50px}.elementor-widget-text-editor .elementor-drop-cap-letter{display:inline-block}<\/style>\t\t\t\t<h2>Les moustiques au Cap-Vert<\/h2><p><span style=\"font-weight: 400;\">En raison de son climat subtropical, le Cap-Vert abrite des moustiques. La concentration tend \u00e0 \u00eatre plus importante de juillet \u00e0 d\u00e9cembre.<\/span><\/p><p><span style=\"font-weight: 400;\">Aucun m\u00e9dicament prophylactique ou vaccin contre les maladies transmises par les moustiques n'est requis pour entrer au Cap-Vert, compte tenu de la situation sanitaire et \u00e9pid\u00e9miologique locale. Toutefois, les voyageurs doivent v\u00e9rifier si les autorit\u00e9s sanitaires de leur pays d'origine recommandent ou exigent des mesures sanitaires sp\u00e9cifiques.<\/span><\/p><p><span style=\"font-weight: 400;\">En g\u00e9n\u00e9ral, l'utilisation de r\u00e9pulsifs contre les insectes est recommand\u00e9e.<\/span><\/p><p><span style=\"font-weight: 400;\">\u00a0<\/span><\/p><h3>Le paludisme au Cap-Vert<\/h3><p><span style=\"font-weight: 400;\">Le paludisme est une maladie infectieuse aigu\u00eb et f\u00e9brile caus\u00e9e par le protozoaire Plasmodium et transmise par la piq\u00fbre de moustiques anoph\u00e8les femelles. Les moustiques anoph\u00e8les piquent g\u00e9n\u00e9ralement la nuit (du cr\u00e9puscule \u00e0 l'aube).<\/span><\/p><p><span style=\"font-weight: 400;\">Ces derni\u00e8res ann\u00e9es, la transmission du paludisme au Cap-Vert a \u00e9t\u00e9 faible et irr\u00e9guli\u00e8re. \u00c0 l'exception de la flamb\u00e9e de 2017, la plupart ou la totalit\u00e9 des cas sont import\u00e9s. <\/span><b>Depuis 2019, tous les cas de paludisme diagnostiqu\u00e9s au Cap-Vert ont \u00e9t\u00e9 import\u00e9s.<\/b><span style=\"font-weight: 400;\"> (personnes infect\u00e9es venant d'autres pays).<\/span><\/p><p><span style=\"font-weight: 400;\">Tableau : Paludisme au Cap-Vert (cas import\u00e9s et autochtones\/locaux), 2012 \u00e0 2019<\/span><\/p><table><tbody><tr><td><p><b>Ann\u00e9e<\/b><\/p><\/td><td><p><b>Population<\/b><\/p><\/td><td><p><b>Cas (import\u00e9s et locaux)<\/b><\/p><\/td><td><p><b>Incidence (pour 100 000)<\/b><\/p><\/td><td><p><b>D\u00e9c\u00e8s<\/b><\/p><\/td><td><p><b>Taux de mortalit\u00e9 (pour 100 000)<\/b><\/p><\/td><td><p><b>Taux de l\u00e9talit\u00e9 (%)<\/b><\/p><\/td><\/tr><tr><td><p><b>2012<\/b><\/p><\/td><td><p><span style=\"font-weight: 400;\">505.983<\/span><\/p><\/td><td><p><span style=\"font-weight: 400;\">36<\/span><\/p><\/td><td><p><span style=\"font-weight: 400;\">7,1<\/span><\/p><\/td><td><p><span style=\"font-weight: 400;\">1<\/span><\/p><\/td><td><p><span style=\"font-weight: 400;\">0,2<\/span><\/p><\/td><td><p><span style=\"font-weight: 400;\">2,8<\/span><\/p><\/td><\/tr><tr><td><p><b>2013<\/b><\/p><\/td><td><p><span style=\"font-weight: 400;\">512.173<\/span><\/p><\/td><td><p><span style=\"font-weight: 400;\">46<\/span><\/p><\/td><td><p><span style=\"font-weight: 400;\">9,0<\/span><\/p><\/td><td><p><span style=\"font-weight: 400;\">0<\/span><\/p><\/td><td><p><span style=\"font-weight: 400;\">0,0<\/span><\/p><\/td><td><p><span style=\"font-weight: 400;\">0,0<\/span><\/p><\/td><\/tr><tr><td><p><b>2014<\/b><\/p><\/td><td><p><span style=\"font-weight: 400;\">518.467<\/span><\/p><\/td><td><p><span style=\"font-weight: 400;\">46<\/span><\/p><\/td><td><p><span style=\"font-weight: 400;\">8,9<\/span><\/p><\/td><td><p><span style=\"font-weight: 400;\">1<\/span><\/p><\/td><td><p><span style=\"font-weight: 400;\">0,2<\/span><\/p><\/td><td><p><span style=\"font-weight: 400;\">2,2<\/span><\/p><\/td><\/tr><tr><td><p><b>2015<\/b><\/p><\/td><td><p><span style=\"font-weight: 400;\">524.833<\/span><\/p><\/td><td><p><span style=\"font-weight: 400;\">27<\/span><\/p><\/td><td><p><span style=\"font-weight: 400;\">5,1<\/span><\/p><\/td><td><p><span style=\"font-weight: 400;\">0<\/span><\/p><\/td><td><p><span style=\"font-weight: 400;\">0,0<\/span><\/p><\/td><td><p><span style=\"font-weight: 400;\">0,0<\/span><\/p><\/td><\/tr><tr><td><p><b>2016<\/b><\/p><\/td><td><p><span style=\"font-weight: 400;\">531.239<\/span><\/p><\/td><td><p><span style=\"font-weight: 400;\">75<\/span><\/p><\/td><td><p><span style=\"font-weight: 400;\">14,1<\/span><\/p><\/td><td><p><span style=\"font-weight: 400;\">2<\/span><\/p><\/td><td><p><span style=\"font-weight: 400;\">0,4<\/span><\/p><\/td><td><p><span style=\"font-weight: 400;\">2,7<\/span><\/p><\/td><\/tr><tr><td><p><b>2017<\/b><\/p><\/td><td><p><span style=\"font-weight: 400;\">537.661<\/span><\/p><\/td><td><p><span style=\"font-weight: 400;\">446<\/span><\/p><\/td><td><p><span style=\"font-weight: 400;\">83,0<\/span><\/p><\/td><td><p><span style=\"font-weight: 400;\">2<\/span><\/p><\/td><td><p><span style=\"font-weight: 400;\">0,4<\/span><\/p><\/td><td><p><span style=\"font-weight: 400;\">0,4<\/span><\/p><\/td><\/tr><tr><td><p><b>2018<\/b><\/p><\/td><td><p><span style=\"font-weight: 400;\">544.081<\/span><\/p><\/td><td><p><span style=\"font-weight: 400;\">21<\/span><\/p><\/td><td><p><span style=\"font-weight: 400;\">3,7<\/span><\/p><\/td><td><p><span style=\"font-weight: 400;\">0<\/span><\/p><\/td><td><p><span style=\"font-weight: 400;\">0,0<\/span><\/p><\/td><td><p><span style=\"font-weight: 400;\">0,0<\/span><\/p><\/td><\/tr><tr><td><p><b>2019<\/b><\/p><\/td><td><p><span style=\"font-weight: 400;\">550.483<\/span><\/p><\/td><td><p><span style=\"font-weight: 400;\">39<\/span><\/p><\/td><td><p><span style=\"font-weight: 400;\">7,1<\/span><\/p><\/td><td><p><span style=\"font-weight: 400;\">0<\/span><\/p><\/td><td><p><span style=\"font-weight: 400;\">0,0<\/span><\/p><\/td><td><p><span style=\"font-weight: 400;\">0,0<\/span><\/p><\/td><\/tr><\/tbody><\/table><p><span style=\"font-weight: 400;\">Source : <\/span><a href=\"https:\/\/www.minsaude.gov.cv\/index.php\/documentosite\/-1\" rel=\"nofollow noopener\" target=\"_blank\"><span style=\"font-weight: 400;\">Rapport statistique<\/span><\/a><span style=\"font-weight: 400;\"> du minist\u00e8re de la sant\u00e9 du Cap-Vert (2019)<\/span><\/p><p><span style=\"font-weight: 400;\">Dans le but d'\u00e9liminer le paludisme, le Cap-Vert a investi massivement dans de nombreuses recherches et actions pr\u00e9ventives, telles que des campagnes annuelles de pulv\u00e9risation \u00e0 l'int\u00e9rieur des habitations, le contr\u00f4le r\u00e9gulier des larves de vecteurs, la lutte contre le paludisme aux points d'entr\u00e9e (a\u00e9roports et ports), l'assainissement de l'environnement et la sensibilisation de la population.\u00a0<\/span><\/p><p><b>En janvier 2024, le <a href=\"https:\/\/www.who.int\/news\/item\/12-01-2024-who-certifies-cabo-verde-as-malaria-free--marking-a-historic-milestone-in-the-fight-against-malaria\" rel=\"nofollow noopener\" target=\"_blank\">L'Organisation mondiale de la sant\u00e9 a certifi\u00e9 que le Cap-Vert \u00e9tait un pays exempt de paludisme.<\/a><\/b>.<\/p><p><span style=\"font-weight: 400;\">Cependant, en raison de sa situation g\u00e9ographique et de ses liens avec d'autres pays, le Cap-Vert reste sensible \u00e0 la r\u00e9introduction de la maladie, c'est pourquoi les mesures de protection individuelle contre les moustiques doivent \u00eatre maintenues.<\/span><\/p><p><span style=\"font-weight: 400;\">\u00a0<\/span><\/p><h3><span style=\"color: inherit; font-family: inherit; font-size: 1.75rem; text-align: var(--text-align);\">La dengue au Cap-Vert<\/span><\/h3><p>La dengue est une maladie virale transmise par des moustiques, notamment Aedes aegypti. Au Cap-Vert, le risque de dengue a augment\u00e9 depuis le d\u00e9but de l'ann\u00e9e. <a href=\"https:\/\/www.governo.cv\/ministerio-da-saude-confirma-2-casos-confirmados-de-dengue-no-pais\/\" rel=\"nofollow noopener\" target=\"_blank\">novembre 2023<\/a>Des foyers sont apparus sur certaines \u00eeles, principalement Santiago, Fogo et Brava. Ce sc\u00e9nario inqui\u00e8te \u00e0 la fois les autorit\u00e9s locales et les voyageurs.<\/p><p>\u00a0<\/p><h4>Situation actuelle de la dengue au Cap-Vert<\/h4><p>En novembre 2023, le Cap-Vert a signal\u00e9 des cas de la maladie dans le pays apr\u00e8s plusieurs ann\u00e9es sans cas autochtones.\u00a0<\/p><p>Par la suite, le gouvernement du Cap-Vert a d\u00e9clar\u00e9, par l'interm\u00e9diaire de la <a href=\"https:\/\/www.governo.cv\/dengue-governo-decide-avancar-com-a-declaracao-de-situacao-de-contingencia\/\" rel=\"nofollow noopener\" target=\"_blank\">R\u00e9solution 58\/2024, une situation d'urgence \u00e0 l'\u00e9chelle nationale<\/a>. Cette d\u00e9cision a \u00e9t\u00e9 prise le 2 octobre 2024, avec une validit\u00e9 initiale jusqu'en d\u00e9cembre 2024, par le Conseil des ministres, en r\u00e9ponse \u00e0 l'aggravation du risque potentiel d'une augmentation des cas de dengue, exacerb\u00e9e par les pluies.<\/p><p>Les autorit\u00e9s sanitaires suivent la situation de pr\u00e8s et mettent en garde la population contre les risques de la maladie. La dengue peut provoquer des sympt\u00f4mes tels qu'une forte fi\u00e8vre et des courbatures. Dans la plupart des cas, la maladie est b\u00e9nigne, mais il est important de consulter un m\u00e9decin si les sympt\u00f4mes s'aggravent en raison du risque de dengue h\u00e9morragique.<\/p><p>\u00a0<\/p><h4>Efforts pour contenir l'\u00e9pid\u00e9mie de dengue au Cap-Vert<\/h4><p>Les organismes de sant\u00e9 publique ont mis en \u0153uvre diverses mesures pour endiguer la propagation de la dengue. Il s'agit notamment des mesures suivantes<\/p><ol><li><p><strong>Campagnes de sensibilisation<\/strong>La population est inform\u00e9e des sympt\u00f4mes de la dengue et des moyens de pr\u00e9vention, tels que l'\u00e9limination des sites de reproduction des moustiques comme les eaux stagnantes.<\/p><\/li><li><p><strong>Actions de lutte contre les vecteurs<\/strong>Des campagnes de pulv\u00e9risation sont men\u00e9es dans les zones touch\u00e9es afin de r\u00e9duire la population de moustiques. Elles comprennent des inspections r\u00e9guli\u00e8res des habitations et des espaces publics afin d'identifier et d'\u00e9liminer les g\u00eetes larvaires.<\/p><\/li><li><p><strong>Renforcer le syst\u00e8me de sant\u00e9<\/strong>Le gouvernement mobilise des ressources pour s'assurer que les services de sant\u00e9 sont pr\u00eats \u00e0 faire face aux cas de dengue, en mettant l'accent sur un diagnostic rapide et un traitement appropri\u00e9.<\/p><\/li><\/ol><h4>\u00a0<\/h4><h4>Mesures de pr\u00e9vention de la dengue<\/h4><p>Si vous envisagez de vous rendre au Cap-Vert, il est important de prendre quelques pr\u00e9cautions :<\/p><ul><li><p><strong>Utiliser des r\u00e9pulsifs<\/strong>Appliquez un r\u00e9pulsif sur les parties expos\u00e9es de la peau, en particulier \u00e0 l'aube et au cr\u00e9puscule, lorsque les moustiques sont les plus actifs.<\/p><\/li><li><p><strong>V\u00eatements adapt\u00e9s<\/strong>Les maladies infectieuses : Privil\u00e9giez les v\u00eatements \u00e0 manches longues et les pantalons, en particulier dans les r\u00e9gions o\u00f9 des \u00e9pid\u00e9mies ont \u00e9t\u00e9 signal\u00e9es.<\/p><\/li><li><p><strong>\u00c9viter l'eau stagnante<\/strong>M\u00e9fiez-vous des endroits o\u00f9 l'eau s'accumule, tels que les pots de fleurs, les pneus et les conteneurs. Informez les autorit\u00e9s si vous trouvez des zones d'eau stagnante qui pourraient \u00eatre des lieux de reproduction.<\/p><\/li><\/ul><h3>\u00a0<\/h3><h3>Questions fr\u00e9quemment pos\u00e9es<\/h3><ul><li aria-level=\"1\"><b>Quel est le risque de contracter le paludisme au Cap-Vert ?<\/b><\/li><\/ul><p><span style=\"font-weight: 400;\">D'apr\u00e8s des statistiques r\u00e9centes, le risque de contracter le paludisme au Cap-Vert est tr\u00e8s faible.\u00a0<\/span><\/p><p><span style=\"font-weight: 400;\">Malgr\u00e9 l'absence r\u00e9cente de cas, en raison de la pr\u00e9sence du moustique vecteur sur certaines \u00eeles et de la mobilit\u00e9 des personnes avec les pays voisins, des mesures pr\u00e9ventives telles que l'utilisation de r\u00e9pulsifs sont recommand\u00e9es, en particulier la nuit (p\u00e9riode de piq\u00fbre du moustique anoph\u00e8le).<\/span><\/p><ul><li aria-level=\"1\"><b>Quelles sont les \u00eeles du Cap-Vert o\u00f9 s\u00e9vit le paludisme ?<\/b><\/li><\/ul><p><span style=\"font-weight: 400;\">Depuis 2018, aucun cas local de paludisme n'a \u00e9t\u00e9 recens\u00e9 sur les \u00eeles du Cap-Vert. Bien que le moustique vecteur existe dans le pays, il ne peut transmettre le paludisme que s'il pique d'abord une personne infect\u00e9e par le parasite responsable de la maladie.\u00a0<\/span><\/p><p><span style=\"font-weight: 400;\">Le moustique vecteur Anopheles Gambiae est pr\u00e9sent sur 7 des 9 \u00eeles habit\u00e9es, \u00e0 l'exception de Sal et Brava. Ces derni\u00e8res ann\u00e9es, la transmission locale s'est limit\u00e9e \u00e0 Santiago (Praia, 2018) et \u00e0 Boavista (Jo\u00e3o Galego, 2015).\u00a0<\/span><\/p><ul><li aria-level=\"1\"><b>Dois-je prendre des m\u00e9dicaments prophylactiques ou me faire vacciner contre le paludisme avant de me rendre au Cap-Vert ?<\/b><\/li><\/ul><p><span style=\"font-weight: 400;\">En raison de la faible incidence de la maladie dans le pays, le Cap-Vert n'a pas besoin d'une autorisation de mise sur le march\u00e9. <a href=\"https:\/\/feelcaboverde.com\/fr\/services-de-sante-au-cap-vert\/\">m\u00e9dicament prophylactique<\/a> ou un vaccin contre le paludisme pour entrer sur le territoire. Toutefois, les voyageurs doivent v\u00e9rifier si leur pays d'origine recommande ou exige des mesures sanitaires sp\u00e9cifiques.\u00a0<\/span><span style=\"color: var( --e-global-color-text ); font-family: var( --e-global-typography-text-font-family ), Sans-serif; text-align: var(--text-align); font-size: 1rem;\">Il est conseill\u00e9 de suivre des mesures contre les piq\u00fbres de moustiques, telles que l'utilisation de r\u00e9pulsifs.\u00a0<\/span><\/p><ul><li><strong style=\"color: var( --e-global-color-text ); font-family: var( --e-global-typography-text-font-family ), Sans-serif; text-align: var(--text-align); font-size: 1rem;\">Quelles sont les \u00eeles du Cap-Vert les plus touch\u00e9es par la dengue en 2024 ?<\/strong><\/li><\/ul><p>Les foyers ont \u00e9t\u00e9 les plus visibles \u00e0 Santiago, Fogo et Brava, mais la situation pourrait changer, il est donc conseill\u00e9 de v\u00e9rifier les mises \u00e0 jour.<\/p><ul><li><strong>Comment puis-je me prot\u00e9ger de la dengue lors de mon voyage au Cap-Vert ?<\/strong><\/li><\/ul><p>Utilisez un r\u00e9pulsif, portez des v\u00eatements \u00e0 manches longues et \u00e9vitez les eaux stagnantes pour minimiser le risque de piq\u00fbres de moustiques.<\/p><ul><li><strong style=\"color: var( --e-global-color-text ); font-family: var( --e-global-typography-text-font-family ), Sans-serif; text-align: var(--text-align); font-size: 1rem;\">Que dois-je faire si je pr\u00e9sente des sympt\u00f4mes de dengue au Cap-Vert ?<\/strong><\/li><\/ul><p>Si vous pr\u00e9sentez des sympt\u00f4mes de dengue, consultez imm\u00e9diatement un m\u00e9decin afin de recevoir les conseils et le traitement appropri\u00e9s.<\/p><ul><li><b>O\u00f9 puis-je trouver des informations actualis\u00e9es sur la dengue au Cap-Vert ?<\/b><\/li><\/ul><p>Pour des informations actualis\u00e9es sur<b>\u00a0<\/b><span style=\"color: var( --e-global-color-text ); font-family: var( --e-global-typography-text-font-family ), Sans-serif; font-weight: var( --e-global-typography-text-font-weight ); text-align: var(--text-align); font-size: 1rem;\">\u00a0La dengue au Cap-Vert \u00e0 travers<\/span><span style=\"color: var( --e-global-color-text ); font-family: var( --e-global-typography-text-font-family ), Sans-serif; font-weight: var( --e-global-typography-text-font-weight ); text-align: var(--text-align); font-size: 1rem;\">\u00a0<\/span><a style=\"font-family: var( --e-global-typography-text-font-family ), Sans-serif; font-weight: var( --e-global-typography-text-font-weight ); text-align: var(--text-align); font-size: 1rem; background-color: #ffffff;\" href=\"https:\/\/www.facebook.com\/ministeriosaude\" rel=\"nofollow noopener\" target=\"_blank\">Site officiel du minist\u00e8re de la sant\u00e9<\/a>\u00a0sur facebook, sur <a href=\"https:\/\/insp.gov.cv\/boletim-da-dengue\/\" rel=\"nofollow noopener\" target=\"_blank\">Site web de l'Institut national de sant\u00e9 publique<\/a> Cap-Vert.\u00a0<\/p><p>\u00a0<\/p><p><b>Sources d'information<\/b><span style=\"font-weight: 400;\">:<\/span><\/p><ol><li><span style=\"font-weight: 400;\"> DePina, A. J., Andrade, A. J. B., Dia, A. K., Moreira, A., Faye, O., &amp; Seck, I. (2018). R\u00e9alisation de la pr\u00e9-\u00e9limination du paludisme au Cap-Vert selon les donn\u00e9es collect\u00e9es de 2010 \u00e0 2016. <\/span><a href=\"https:\/\/malariajournal.biomedcentral.com\/articles\/10.1186\/s12936-018-2376-4\" rel=\"nofollow noopener\" target=\"_blank\"><span style=\"font-weight: 400;\">Journal du paludisme<\/span><\/a><span style=\"font-weight: 400;\">, 17(1), 1-12.<\/span><\/li><\/ol><ol start=\"3\"><li><span style=\"font-weight: 400;\"> Minist\u00e8re de la sant\u00e9 et de la s\u00e9curit\u00e9 sociale. Rapport technique Examen apr\u00e8s action de la r\u00e9ponse \u00e0 l'\u00e9pid\u00e9mie de paludisme, octobre 2018.<\/span><\/li><\/ol><ol start=\"4\"><li><span style=\"font-weight: 400;\"> Towards the Elimination of Malaria in Cape Verde | OMS | Bureau r\u00e9gional pour l'Afrique, disponible \u00e0 l'adresse suivante <\/span><a href=\"https:\/\/www.afro.who.int\/pt\/news\/rumo-eliminacao-do-paludismo-em-cabo-verde\" rel=\"nofollow noopener\" target=\"_blank\"><span style=\"font-weight: 400;\">www.afro.who.int\u00a0<\/span><\/a><\/li><li><span style=\"background-color: transparent; color: var( --e-global-color-text ); font-family: var( --e-global-typography-text-font-family ), Sans-serif; font-weight: var( --e-global-typography-text-font-weight ); text-align: var(--text-align);\">Bulletin officiel n\u00b0 92, s\u00e9rie I, 2 octobre 2024 : R\u00e9solution n\u00b0 85\/2024 du Conseil des ministres ; disponible \u00e0 l'adresse suivante\u00a0<\/span><a style=\"font-family: var( --e-global-typography-text-font-family ), Sans-serif; font-weight: var( --e-global-typography-text-font-weight ); text-align: var(--text-align);\" href=\"https:\/\/kiosk.incv.cv\/1.1.92.5991\/\" rel=\"nofollow noopener\" target=\"_blank\">https:\/\/kiosk.incv.cv\/1.1.92.5991\/\u00a0<\/a><\/li><\/ol>\t\t\t\t\t\t<\/div>\n\t\t\t\t<\/div>\n\t\t\t\t\t<\/div>\n\t\t<\/div>\n\t\t\t\t\t\t\t<\/div>\n\t\t<\/section>\n\t\t\t\t\t\t\t<\/div>","protected":false},"excerpt":{"rendered":"<p>Les moustiques au Cap-Vert En raison de son climat subtropical, il y a des moustiques au Cap-Vert. La concentration de moustiques est la plus importante de juillet \u00e0 d\u00e9cembre. Aucun m\u00e9dicament prophylactique ou vaccin contre les maladies transmises par les moustiques n'est requis pour entrer au Cap-Vert, compte tenu de la situation sanitaire et \u00e9pid\u00e9miologique locale. Cependant, [...]<\/p>","protected":false},"author":1,"featured_media":0,"parent":0,"menu_order":0,"comment_status":"closed","ping_status":"closed","template":"","meta":{"footnotes":""},"categories":[],"tags":[],"class_list":["post-1078","page","type-page","status-publish","hentry"],"_links":{"self":[{"href":"https:\/\/feelcaboverde.com\/fr\/wp-json\/wp\/v2\/pages\/1078","targetHints":{"allow":["GET"]}}],"collection":[{"href":"https:\/\/feelcaboverde.com\/fr\/wp-json\/wp\/v2\/pages"}],"about":[{"href":"https:\/\/feelcaboverde.com\/fr\/wp-json\/wp\/v2\/types\/page"}],"author":[{"embeddable":true,"href":"https:\/\/feelcaboverde.com\/fr\/wp-json\/wp\/v2\/users\/1"}],"replies":[{"embeddable":true,"href":"https:\/\/feelcaboverde.com\/fr\/wp-json\/wp\/v2\/comments?post=1078"}],"version-history":[{"count":49,"href":"https:\/\/feelcaboverde.com\/fr\/wp-json\/wp\/v2\/pages\/1078\/revisions"}],"predecessor-version":[{"id":5024,"href":"https:\/\/feelcaboverde.com\/fr\/wp-json\/wp\/v2\/pages\/1078\/revisions\/5024"}],"wp:attachment":[{"href":"https:\/\/feelcaboverde.com\/fr\/wp-json\/wp\/v2\/media?parent=1078"}],"wp:term":[{"taxonomy":"category","embeddable":true,"href":"https:\/\/feelcaboverde.com\/fr\/wp-json\/wp\/v2\/categories?post=1078"},{"taxonomy":"post_tag","embeddable":true,"href":"https:\/\/feelcaboverde.com\/fr\/wp-json\/wp\/v2\/tags?post=1078"}],"curies":[{"name":"wp","href":"https:\/\/api.w.org\/{rel}","templated":true}]}}