{"id":1013,"date":"2022-05-27T13:39:47","date_gmt":"2022-05-27T13:39:47","guid":{"rendered":"https:\/\/feelcaboverde.com\/?page_id=1013"},"modified":"2023-04-02T13:52:30","modified_gmt":"2023-04-02T13:52:30","slug":"fumar-cigarros","status":"publish","type":"page","link":"https:\/\/feelcaboverde.com\/fr\/fumer-au-cap-vert\/","title":{"rendered":"Fumer des cigarettes"},"content":{"rendered":"<div data-elementor-type=\"wp-page\" data-elementor-id=\"1013\" class=\"elementor elementor-1013\">\n\t\t\t\t\t\t\t\t\t<section data-particle_enable=\"false\" data-particle-mobile-disabled=\"false\" class=\"elementor-section elementor-top-section elementor-element elementor-element-43b54aea elementor-section-boxed elementor-section-height-default elementor-section-height-default\" data-id=\"43b54aea\" data-element_type=\"section\">\n\t\t\t\t\t\t<div class=\"elementor-container elementor-column-gap-default\">\n\t\t\t\t\t<div class=\"elementor-column elementor-col-100 elementor-top-column elementor-element elementor-element-6e42e8a5\" data-id=\"6e42e8a5\" data-element_type=\"column\">\n\t\t\t<div class=\"elementor-widget-wrap elementor-element-populated\">\n\t\t\t\t\t\t\t\t<div class=\"elementor-element elementor-element-56626ddb elementor-widget elementor-widget-text-editor\" data-id=\"56626ddb\" data-element_type=\"widget\" data-widget_type=\"text-editor.default\">\n\t\t\t\t<div class=\"elementor-widget-container\">\n\t\t\t<style>\/*! elementor - v3.7.1 - 14-08-2022 *\/\n.elementor-widget-text-editor.elementor-drop-cap-view-stacked .elementor-drop-cap{background-color:#818a91;color:#fff}.elementor-widget-text-editor.elementor-drop-cap-view-framed .elementor-drop-cap{color:#818a91;border:3px solid;background-color:transparent}.elementor-widget-text-editor:not(.elementor-drop-cap-view-default) .elementor-drop-cap{margin-top:8px}.elementor-widget-text-editor:not(.elementor-drop-cap-view-default) .elementor-drop-cap-letter{width:1em;height:1em}.elementor-widget-text-editor .elementor-drop-cap{float:left;text-align:center;line-height:1;font-size:50px}.elementor-widget-text-editor .elementor-drop-cap-letter{display:inline-block}<\/style>\t\t\t\t<h3>Fumer au Cap-Vert<\/h3><p><span style=\"color: var( --e-global-color-text ); font-family: var( --e-global-typography-text-font-family ), Sans-serif; font-weight: var( --e-global-typography-text-font-weight ); text-align: var(--text-align); font-size: 1rem;\">Le tabagisme au Cap-Vert reste un probl\u00e8me majeur de sant\u00e9 publique, le tabac \u00e9tant la deuxi\u00e8me drogue l\u00e9gale la plus consomm\u00e9e dans le pays, apr\u00e8s l'alcool. Le tabagisme est \u00e9galement l'un des principaux facteurs de risque des maladies chroniques non transmissibles au Cap-Vert. Ces faits ont contribu\u00e9 \u00e0 la r\u00e9cente mise \u00e0 jour des lois sur le tabac au Cap-Vert.\u00a0<\/span><\/p><h3>\u00a0<\/h3><h3>R\u00e8gles relatives \u00e0 l'usage du tabac au Cap-Vert (<a href=\"https:\/\/www.ccad.cv\/site\/index.php\/publicacao\/category\/5-bo-drogas\" rel=\"nofollow noopener\" target=\"_blank\">Loi n\u00b0 8\/X\/2022<\/a>)<\/h3><p>La consommation de tabac au Cap-Vert est l\u00e9gale. Toutefois, certaines r\u00e8gles doivent \u00eatre respect\u00e9es, notamment en ce qui concerne les lieux o\u00f9 il est interdit de fumer.<\/p><p style=\"padding-left: 40px;\"><span style=\"background-color: transparent; color: var( --e-global-color-text ); font-family: var( --e-global-typography-text-font-family ), Sans-serif; font-weight: var( --e-global-typography-text-font-weight ); text-align: var(--text-align);\"><strong>1.<\/strong> \u00c9 <\/span><b style=\"background-color: transparent; color: var( --e-global-color-text ); font-family: var( --e-global-typography-text-font-family ), Sans-serif; text-align: var(--text-align);\">l'utilisation de produits et d'appareils \u00e0 base de tabac est interdite\u00a0<span style=\"color: var( --e-global-color-text ); font-family: var( --e-global-typography-text-font-family ), Sans-serif; text-align: var(--text-align); font-size: 1rem;\">les appareils \u00e9lectroniques dans tous les espaces ferm\u00e9s ou semi-ferm\u00e9s\u00a0<\/span>et dans les transports publics<\/b><span style=\"background-color: transparent; color: var( --e-global-color-text ); font-family: var( --e-global-typography-text-font-family ), Sans-serif; font-weight: var( --e-global-typography-text-font-weight ); text-align: var(--text-align);\">en particulier :<\/span><\/p><p style=\"padding-left: 40px;\">a) Dans les lieux o\u00f9 sont install\u00e9s les organes de souverainet\u00e9, <span style=\"color: var( --e-global-color-text ); font-family: var( --e-global-typography-text-font-family ), Sans-serif; font-weight: var( --e-global-typography-text-font-weight ); text-align: var(--text-align); font-size: 1rem;\">les services et organisations de l'administration publique\u00a0<\/span><span style=\"color: var( --e-global-color-text ); font-family: var( --e-global-typography-text-font-family ), Sans-serif; font-weight: var( --e-global-typography-text-font-weight ); text-align: var(--text-align); font-size: 1rem;\">et les personnes morales de droit public ;<\/span><\/p><p style=\"padding-left: 40px;\">b) dans les \u00e9tablissements o\u00f9\u00a0<span style=\"color: var( --e-global-color-text ); font-family: var( --e-global-typography-text-font-family ), Sans-serif; font-weight: var( --e-global-typography-text-font-weight ); text-align: var(--text-align); font-size: 1rem;\">les soins de sant\u00e9, en particulier les h\u00f4pitaux,\u00a0<\/span><span style=\"color: var( --e-global-color-text ); font-family: var( --e-global-typography-text-font-family ), Sans-serif; font-weight: var( --e-global-typography-text-font-weight ); text-align: var(--text-align); font-size: 1rem;\">r\u00e9gions sanitaires, cliniques, centres, postes\u00a0<\/span>et les centres de sant\u00e9, les cabinets m\u00e9dicaux, <span style=\"color: var( --e-global-color-text ); font-family: var( --e-global-typography-text-font-family ), Sans-serif; font-weight: var( --e-global-typography-text-font-weight ); text-align: var(--text-align); font-size: 1rem;\">les laboratoires cliniques, les pharmacies et autres ;<\/span><\/p><p style=\"padding-left: 40px;\">c) dans les lieux destin\u00e9s aux enfants de moins de dix-huit ans, <span style=\"color: var( --e-global-color-text ); font-family: var( --e-global-typography-text-font-family ), Sans-serif; font-weight: var( --e-global-typography-text-font-weight ); text-align: var(--text-align); font-size: 1rem;\">\u00e0 savoir les cr\u00e8ches et les jardins d'enfants, les foyers\u00a0<\/span><span style=\"color: var( --e-global-color-text ); font-family: var( --e-global-typography-text-font-family ), Sans-serif; font-weight: var( --e-global-typography-text-font-weight ); text-align: var(--text-align); font-size: 1rem;\">les centres pour enfants et pour jeunes, <\/span><span style=\"color: var( --e-global-color-text ); font-family: var( --e-global-typography-text-font-family ), Sans-serif; font-weight: var( --e-global-typography-text-font-weight ); text-align: var(--text-align); font-size: 1rem;\">les centres de loisirs, les colonies et les camps\u00a0<\/span><span style=\"color: var( --e-global-color-text ); font-family: var( --e-global-typography-text-font-family ), Sans-serif; font-weight: var( --e-global-typography-text-font-weight ); text-align: var(--text-align); font-size: 1rem;\">les vacances et autres ;<\/span><\/p><p style=\"padding-left: 40px;\">d) Dans les foyers et autres institutions h\u00e9bergeant des personnes <span style=\"color: var( --e-global-color-text ); font-family: var( --e-global-typography-text-font-family ), Sans-serif; font-weight: var( --e-global-typography-text-font-weight ); text-align: var(--text-align); font-size: 1rem;\">les personnes \u00e2g\u00e9es, les personnes handicap\u00e9es ou les personnes frapp\u00e9es d'incapacit\u00e9 ;<\/span><\/p><p style=\"padding-left: 40px;\">e) dans les \u00e9tablissements d'enseignement, ind\u00e9pendamment <span style=\"color: var( --e-global-color-text ); font-family: var( --e-global-typography-text-font-family ), Sans-serif; font-weight: var( --e-global-typography-text-font-weight ); text-align: var(--text-align); font-size: 1rem;\">l'\u00e2ge des \u00e9l\u00e8ves et leur niveau d'\u00e9ducation,\u00a0<\/span><span style=\"color: var( --e-global-color-text ); font-family: var( --e-global-typography-text-font-family ), Sans-serif; font-weight: var( --e-global-typography-text-font-weight ); text-align: var(--text-align); font-size: 1rem;\">et les centres de formation professionnelle ;<\/span><\/p><p style=\"padding-left: 40px;\">f) dans les mus\u00e9es, les centres culturels et les archives\u00a0<span style=\"color: var( --e-global-color-text ); font-family: var( --e-global-typography-text-font-family ), Sans-serif; font-weight: var( --e-global-typography-text-font-weight ); text-align: var(--text-align); font-size: 1rem;\">et dans les biblioth\u00e8ques, les salles de conf\u00e9rence et les\u00a0<\/span><span style=\"color: var( --e-global-color-text ); font-family: var( --e-global-typography-text-font-family ), Sans-serif; font-weight: var( --e-global-typography-text-font-weight ); text-align: var(--text-align); font-size: 1rem;\">des lectures, des rencontres et des expositions ;<\/span><\/p><p style=\"padding-left: 40px;\">g) dans les cin\u00e9mas, les th\u00e9\u00e2tres, les salles de concert et les lieux de spectacle\u00a0<span style=\"color: var( --e-global-color-text ); font-family: var( --e-global-typography-text-font-family ), Sans-serif; font-weight: var( --e-global-typography-text-font-weight ); text-align: var(--text-align); font-size: 1rem;\">et dans d'autres lieux destin\u00e9s \u00e0 la diffusion des arts\u00a0<\/span><span style=\"color: var( --e-global-color-text ); font-family: var( --e-global-typography-text-font-family ), Sans-serif; font-weight: var( --e-global-typography-text-font-weight ); text-align: var(--text-align); font-size: 1rem;\">et le spectacle ;<\/span><\/p><p style=\"padding-left: 40px;\">h) dans les \u00e9tablissements de divertissement nocturne, <span style=\"color: var( --e-global-color-text ); font-family: var( --e-global-typography-text-font-family ), Sans-serif; font-weight: var( --e-global-typography-text-font-weight ); text-align: var(--text-align); font-size: 1rem;\">comme les bo\u00eetes de nuit, les discoth\u00e8ques et autres ;<\/span><\/p><p style=\"padding-left: 40px;\">i) Dans les centres de loisirs, les casinos, les salles de bingo, les salons, etc.\u00a0<span style=\"color: var( --e-global-color-text ); font-family: var( --e-global-typography-text-font-family ), Sans-serif; font-weight: var( --e-global-typography-text-font-weight ); text-align: var(--text-align); font-size: 1rem;\">les centres de jeux et autres types de locaux destin\u00e9s \u00e0\u00a0<\/span><span style=\"color: var( --e-global-color-text ); font-family: var( --e-global-typography-text-font-family ), Sans-serif; font-weight: var( --e-global-typography-text-font-weight ); text-align: var(--text-align); font-size: 1rem;\">les spectacles non artistiques ;<\/span><\/p><p style=\"padding-left: 40px;\">j) dans les domaines des installations sportives et des stades, <span style=\"color: var( --e-global-color-text ); font-family: var( --e-global-typography-text-font-family ), Sans-serif; font-weight: var( --e-global-typography-text-font-weight ); text-align: var(--text-align); font-size: 1rem;\">les salles de sport et autres ;<\/span><\/p><p style=\"padding-left: 40px;\">k) dans les foires et expositions, \u00e0 condition que <span style=\"color: var( --e-global-color-text ); font-family: var( --e-global-typography-text-font-family ), Sans-serif; font-weight: var( --e-global-typography-text-font-weight ); text-align: var(--text-align); font-size: 1rem;\">ferm\u00e9 ou semi-ferm\u00e9 ;<\/span><\/p><p style=\"padding-left: 40px;\">l) dans les \u00e9tablissements commerciaux vendant au public, <span style=\"color: var( --e-global-color-text ); font-family: var( --e-global-typography-text-font-family ), Sans-serif; font-weight: var( --e-global-typography-text-font-weight ); text-align: var(--text-align); font-size: 1rem;\">les \u00e9tablissements ferm\u00e9s ou semi-ferm\u00e9s<\/span><\/p><p style=\"padding-left: 40px;\">o\u00f9 sont exploit\u00e9s des appareils de divertissement et des jeux\u00a0<span style=\"color: var( --e-global-color-text ); font-family: var( --e-global-typography-text-font-family ), Sans-serif; font-weight: var( --e-global-typography-text-font-weight ); text-align: var(--text-align); font-size: 1rem;\">des jeux vid\u00e9o, des billards et des caf\u00e9s Internet ;<\/span><\/p><p style=\"padding-left: 40px;\">m) Dans les parties communes des h\u00f4tels, des centres d'h\u00e9bergement et des centres de sant\u00e9.\u00a0<span style=\"color: var( --e-global-color-text ); font-family: var( --e-global-typography-text-font-family ), Sans-serif; font-weight: var( --e-global-typography-text-font-weight ); text-align: var(--text-align); font-size: 1rem;\">d'autres stations touristiques o\u00f9\u00a0<\/span><span style=\"color: var( --e-global-color-text ); font-family: var( --e-global-typography-text-font-family ), Sans-serif; font-weight: var( --e-global-typography-text-font-weight ); text-align: var(--text-align); font-size: 1rem;\">les services d'h\u00e9bergement ;<\/span><\/p><p style=\"padding-left: 40px;\">n) dans les restaurants, bars et autres \u00e9tablissements\u00a0<span style=\"color: var( --e-global-color-text ); font-family: var( --e-global-typography-text-font-family ), Sans-serif; font-weight: var( --e-global-typography-text-font-weight ); text-align: var(--text-align); font-size: 1rem;\">les \u00e9tablissements de restauration ou de d\u00e9bit de boissons, qu'ils soient ferm\u00e9s ou\u00a0<\/span><span style=\"color: var( --e-global-color-text ); font-family: var( --e-global-typography-text-font-family ), Sans-serif; font-weight: var( --e-global-typography-text-font-weight ); text-align: var(--text-align); font-size: 1rem;\">semi-ferm\u00e9es, y compris celles qui comportent des pi\u00e8ces\u00a0<\/span><span style=\"color: var( --e-global-color-text ); font-family: var( --e-global-typography-text-font-family ), Sans-serif; font-weight: var( --e-global-typography-text-font-weight ); text-align: var(--text-align); font-size: 1rem;\">ou des espaces de danse ;<\/span><\/p><p style=\"padding-left: 40px;\">o) dans les cantines, r\u00e9fectoires et bars des organisations <span style=\"color: var( --e-global-color-text ); font-family: var( --e-global-typography-text-font-family ), Sans-serif; font-weight: var( --e-global-typography-text-font-weight ); text-align: var(--text-align); font-size: 1rem;\">les organisations publiques et priv\u00e9es exclusivement impliqu\u00e9es dans\u00a0<\/span><span style=\"color: var( --e-global-color-text ); font-family: var( --e-global-typography-text-font-family ), Sans-serif; font-weight: var( --e-global-typography-text-font-weight ); text-align: var(--text-align); font-size: 1rem;\">leur personnel ;<\/span><\/p><p style=\"padding-left: 40px;\">p) Dans les aires de service et les stations-service\u00a0<span style=\"color: var( --e-global-color-text ); font-family: var( --e-global-typography-text-font-family ), Sans-serif; font-weight: var( --e-global-typography-text-font-weight ); text-align: var(--text-align); font-size: 1rem;\">carburant ;<\/span><\/p><p style=\"padding-left: 40px;\">q) Dans les a\u00e9roports et les gares maritimes ;<\/p><p style=\"padding-left: 40px;\">r) Dans les abris et les terminaux couverts pour les v\u00e9hicules de transport public. <span style=\"color: var( --e-global-color-text ); font-family: var( --e-global-typography-text-font-family ), Sans-serif; font-weight: var( --e-global-typography-text-font-weight ); text-align: var(--text-align); font-size: 1rem;\">les transports publics de passagers et les parcs\u00a0<\/span><span style=\"color: var( --e-global-color-text ); font-family: var( --e-global-typography-text-font-family ), Sans-serif; font-weight: var( --e-global-typography-text-font-weight ); text-align: var(--text-align); font-size: 1rem;\">des parkings couverts ;<\/span><\/p><p style=\"padding-left: 40px;\">s) Dans les ascenseurs et les locaux similaires ainsi que dans les espaces communs\u00a0<span style=\"color: var( --e-global-color-text ); font-family: var( --e-global-typography-text-font-family ), Sans-serif; font-weight: var( --e-global-typography-text-font-weight ); text-align: var(--text-align); font-size: 1rem;\">des copropri\u00e9t\u00e9s ;<\/span><\/p><p style=\"padding-left: 40px;\">t) dans les enceintes des r\u00e9seaux de surveillance automatique\u00a0<span style=\"color: var( --e-global-color-text ); font-family: var( --e-global-typography-text-font-family ), Sans-serif; font-weight: var( --e-global-typography-text-font-weight ); text-align: var(--text-align); font-size: 1rem;\">d'argent ;<\/span><\/p><p style=\"padding-left: 40px;\"><strong>\u00a0<\/strong><strong style=\"color: var( --e-global-color-text ); font-family: var( --e-global-typography-text-font-family ), Sans-serif; text-align: var(--text-align); font-size: 1rem;\">2.<\/strong><span style=\"color: var( --e-global-color-text ); font-family: var( --e-global-typography-text-font-family ), Sans-serif; font-weight: var( --e-global-typography-text-font-weight ); text-align: var(--text-align); font-size: 1rem;\"> \u00c0 l'exception des points a), b), c), e), j), p), r), s), t), u) et v), des espaces r\u00e9serv\u00e9s aux fumeurs peuvent \u00eatre cr\u00e9\u00e9s et d\u00fbment signal\u00e9s.<\/span><\/p><p style=\"padding-left: 40px;\"><strong>3.<\/strong> L'acc\u00e8s aux espaces mentionn\u00e9s dans le paragraphe pr\u00e9c\u00e9dent est r\u00e9serv\u00e9 aux personnes \u00e2g\u00e9es de plus de 18 ans.\u00a0<span style=\"color: var( --e-global-color-text ); font-family: var( --e-global-typography-text-font-family ), Sans-serif; font-weight: var( --e-global-typography-text-font-weight ); text-align: var(--text-align); font-size: 1rem;\">(&#8230;)<\/span><\/p><p style=\"padding-left: 40px;\"><strong>5.<\/strong> Il est interdit de fumer \u00e0 moins de (3m) trois m\u00e8tres des espaces publics et priv\u00e9s ferm\u00e9s, ainsi que sur le p\u00e9rim\u00e8tre des espaces publics et priv\u00e9s semi-ferm\u00e9s.<\/p><p style=\"padding-left: 40px;\"><strong>6.<\/strong> Il est interdit de fumer \u00e0 l'int\u00e9rieur des v\u00e9hicules priv\u00e9s lorsqu'ils transportent des enfants de moins de dix-huit ans.\u00a0<span style=\"color: var( --e-global-color-text ); font-family: var( --e-global-typography-text-font-family ), Sans-serif; font-weight: var( --e-global-typography-text-font-weight ); text-align: var(--text-align); font-size: 1rem;\">(&#8230;)<\/span><\/p><p style=\"padding-left: 40px;\"><strong>8.<\/strong> O <b>Les dispositions des paragraphes pr\u00e9c\u00e9dents s'appliquent \u00e0 l'utilisation de dispositifs \u00e9lectroniques<\/b>L'utilisation de nicotine, avec ou sans nicotine, l'utilisation de pipes \u00e0 eau ou de narguil\u00e9s, de produits \u00e0 base de plantes, ainsi que l'utilisation de nouveaux produits du tabac sans fum\u00e9e qui produisent des a\u00e9rosols, des vapeurs, des gaz ou des particules inhalables.<\/p><p style=\"padding-left: 40px;\"><strong>9.<\/strong> \u00c9 <b>Interdiction de fumer dans les parcs naturels<\/b>.<\/p><p>La <b>La sanction pour violation de l'interdiction de fumer dans les lieux d\u00e9sign\u00e9s au Cap-Vert est de 3 000 escudos.<\/b>\u00a0(environ 30 euros) <b>\u00e0 5 000 escudos <\/b>(environ 50 euros).<\/p><h3>\u00a0<\/h3><h3>Cigarettes \u00e9lectroniques\u00a0<\/h3><div><p>En ce qui concerne les cigarettes \u00e9lectroniques au Cap-Vert, la nouvelle loi sur le tabac (chapitre II, article 3, paragraphe 11) stipule ce qui suit :<\/p><p style=\"padding-left: 40px;\"><span style=\"background-color: transparent; color: var( --e-global-color-text ); font-family: var( --e-global-typography-text-font-family ), Sans-serif; font-weight: var( --e-global-typography-text-font-weight ); text-align: var(--text-align);\"><strong>11.<\/strong> Il est interdit de fabriquer, importer, vendre ou\u00a0<\/span><span style=\"background-color: transparent; font-size: 1rem; color: var( --e-global-color-text ); font-family: var( --e-global-typography-text-font-family ), Sans-serif; font-weight: var( --e-global-typography-text-font-weight ); text-align: var(--text-align);\">la publicit\u00e9 et la fourniture d'appareils \u00e9lectroniques\u00a0<\/span><span style=\"background-color: transparent; font-size: 1rem; color: var( --e-global-color-text ); font-family: var( --e-global-typography-text-font-family ), Sans-serif; font-weight: var( --e-global-typography-text-font-weight ); text-align: var(--text-align);\">dans tout le pays.<\/span><\/p><\/div><h3>\u00a0<\/h3><h3>Statistiques sur le tabagisme au Cap-Vert<\/h3><p><span style=\"color: var( --e-global-color-text ); font-family: var( --e-global-typography-text-font-family ), Sans-serif; font-weight: var( --e-global-typography-text-font-weight ); text-align: var(--text-align); font-size: 1rem;\">Statistiques r\u00e9centes sur le tabagisme dans le pays (<\/span><a style=\"font-family: var( --e-global-typography-text-font-family ), Sans-serif; font-weight: var( --e-global-typography-text-font-weight ); text-align: var(--text-align); background-color: #ffffff; font-size: 1rem;\" href=\"https:\/\/observatoriotabaco.cv\/dados-de-tabagismo\/\" rel=\"nofollow noopener\" target=\"_blank\">II Enqu\u00eate nationale sur les facteurs de risque des maladies non transmissibles<\/a><span style=\"color: var( --e-global-color-text ); font-family: var( --e-global-typography-text-font-family ), Sans-serif; font-weight: var( --e-global-typography-text-font-weight ); text-align: var(--text-align); font-size: 1rem;\"> - IDNT II) r\u00e9v\u00e8lent que :<\/span><\/p><ul><li><span style=\"color: var( --e-global-color-text ); font-family: var( --e-global-typography-text-font-family ), Sans-serif; font-weight: var( --e-global-typography-text-font-weight ); text-align: var(--text-align); font-size: 1rem;\">Au Cap-Vert, la pr\u00e9valence du tabagisme chez les adultes qui consomment actuellement du tabac est de 12,5%. Cette pr\u00e9valence est plus \u00e9lev\u00e9e chez les hommes (18,3%) que chez les femmes (6,5%). <\/span><\/li><li><span style=\"color: var( --e-global-color-text ); font-family: var( --e-global-typography-text-font-family ), Sans-serif; font-weight: var( --e-global-typography-text-font-weight ); text-align: var(--text-align); font-size: 1rem;\">Le groupe d'\u00e2ge o\u00f9 la pr\u00e9valence du tabagisme est la plus \u00e9lev\u00e9e est celui des 60 \u00e0 69 ans, tant chez les hommes (22,8%) que chez les femmes (20,3%).<\/span><\/li><li>La pr\u00e9valence du tabagisme chez les consommateurs actuels augmente avec l'\u00e2ge \u00e0 partir de 30 ans,<br \/>dans les groupes d'hommes et de femmes.<\/li><li>Au niveau national, la pr\u00e9valence du tabagisme chez les usagers quotidiens est de 7,1%.  Chez les hommes, cette pr\u00e9valence est plus \u00e9lev\u00e9e (10,3%) que chez les femmes (3,8%).<\/li><li>La pr\u00e9valence du tabagisme chez les utilisateurs quotidiens semble clairement augmenter avec l'\u00e2ge dans les deux sexes, avec un pic dans la tranche d'\u00e2ge 60-69 ans chez les hommes (19,9%) et les femmes (16,7%).<\/li><li>Au Cap-Vert, 4,9% de la population adulte fume quotidiennement, 8,4% chez les hommes et 1,3% chez les femmes (graphique 2.2-4). Dans le groupe d'\u00e2ge des 60 \u00e0 69 ans, la pr\u00e9valence des fumeurs quotidiens est plus \u00e9lev\u00e9e, environ 7,3%, cette pr\u00e9valence \u00e9tant de 12,3% chez les hommes et de 3,6% chez les femmes.<\/li><li>La pr\u00e9valence des fumeurs actuels qui ne fument pas quotidiennement est de 4,7%, plus \u00e9lev\u00e9e chez les hommes (7,3%) que chez les femmes (1,9%).<\/li><li>L'\u00e2ge moyen auquel les fumeurs quotidiens commencent \u00e0 fumer est de 18,9 ans. Chez les hommes, l'\u00e2ge moyen est de 19 ans et chez les femmes de 18,4 ans.\u00a0<\/li><li>La dur\u00e9e moyenne du tabagisme chez les fumeurs actuels est de 21,6 ans, 20,6 ans pour les hommes et 28,1 ans pour les femmes.<\/li><li>La dur\u00e9e moyenne du tabagisme semble augmenter avec l'\u00e2ge, avec 7,7 ans chez les fumeurs \u00e2g\u00e9s de 18 \u00e0 29 ans et 46,5 ans chez ceux \u00e2g\u00e9s de 60 \u00e0 69 ans.<\/li><li>Au Cap-Vert, le pourcentage de la population expos\u00e9e \u00e0 la fum\u00e9e \u00e0 domicile au cours des 30 derniers jours est de 13,8%.<\/li><\/ul><p><span style=\"color: var( --e-global-color-text ); font-family: var( --e-global-typography-text-font-family ), Sans-serif; font-weight: var( --e-global-typography-text-font-weight ); text-align: var(--text-align); font-size: 1rem;\">\u00a0<\/span><\/p><h3>Conclusion<\/h3><p>En r\u00e9sum\u00e9, la l\u00e9gislation cap-verdienne sur le tabac interdit de fumer dans les lieux publics ferm\u00e9s, sur les lieux de travail et dans les transports publics. En outre, il est interdit de vendre et de fournir du tabac aux mineurs, ainsi que de faire de la publicit\u00e9 pour le tabac. Les touristes et les visiteurs doivent respecter ces lois, contribuant ainsi \u00e0 la promotion de la sant\u00e9 publique dans le pays.<\/p><p>\u00a0<\/p><p><strong>R\u00e9f\u00e9rences :\u00a0<\/strong><\/p><ul><li><a href=\"http:\/\/www.fogo.cv\/index.php\/cultura\/282-as-festas-do-primeiro-de-maio-nho-s-filipe\" rel=\"nofollow noopener\" target=\"_blank\">Loi n\u00b0 8\/X\/2022<\/a>qui d\u00e9finit le r\u00e9gime g\u00e9n\u00e9ral de pr\u00e9vention et de lutte contre le tabagisme au Cap-Vert.\u00a0<\/li><li><a href=\"https:\/\/observatoriotabaco.cv\/dados-de-tabagismo\/\" rel=\"nofollow noopener\" target=\"_blank\">II Enqu\u00eate nationale sur les facteurs de risque des maladies non transmissibles<\/a> - IDNT II, 2020.\u00a0<\/li><\/ul>\t\t\t\t\t\t<\/div>\n\t\t\t\t<\/div>\n\t\t\t\t\t<\/div>\n\t\t<\/div>\n\t\t\t\t\t\t\t<\/div>\n\t\t<\/section>\n\t\t\t\t\t\t\t<\/div>","protected":false},"excerpt":{"rendered":"<p>Le tabagisme au Cap-Vert Le tabagisme au Cap-Vert reste un probl\u00e8me majeur de sant\u00e9 publique, le tabac \u00e9tant la deuxi\u00e8me drogue l\u00e9gale la plus consomm\u00e9e dans le pays, apr\u00e8s l'alcool. Le tabagisme est \u00e9galement l'un des principaux facteurs de risque des maladies chroniques non transmissibles au Cap-Vert. Ces faits ont contribu\u00e9 [...]<\/p>","protected":false},"author":1,"featured_media":0,"parent":0,"menu_order":0,"comment_status":"closed","ping_status":"closed","template":"","meta":{"footnotes":""},"categories":[],"tags":[],"class_list":["post-1013","page","type-page","status-publish","hentry"],"_links":{"self":[{"href":"https:\/\/feelcaboverde.com\/fr\/wp-json\/wp\/v2\/pages\/1013","targetHints":{"allow":["GET"]}}],"collection":[{"href":"https:\/\/feelcaboverde.com\/fr\/wp-json\/wp\/v2\/pages"}],"about":[{"href":"https:\/\/feelcaboverde.com\/fr\/wp-json\/wp\/v2\/types\/page"}],"author":[{"embeddable":true,"href":"https:\/\/feelcaboverde.com\/fr\/wp-json\/wp\/v2\/users\/1"}],"replies":[{"embeddable":true,"href":"https:\/\/feelcaboverde.com\/fr\/wp-json\/wp\/v2\/comments?post=1013"}],"version-history":[{"count":28,"href":"https:\/\/feelcaboverde.com\/fr\/wp-json\/wp\/v2\/pages\/1013\/revisions"}],"predecessor-version":[{"id":4286,"href":"https:\/\/feelcaboverde.com\/fr\/wp-json\/wp\/v2\/pages\/1013\/revisions\/4286"}],"wp:attachment":[{"href":"https:\/\/feelcaboverde.com\/fr\/wp-json\/wp\/v2\/media?parent=1013"}],"wp:term":[{"taxonomy":"category","embeddable":true,"href":"https:\/\/feelcaboverde.com\/fr\/wp-json\/wp\/v2\/categories?post=1013"},{"taxonomy":"post_tag","embeddable":true,"href":"https:\/\/feelcaboverde.com\/fr\/wp-json\/wp\/v2\/tags?post=1013"}],"curies":[{"name":"wp","href":"https:\/\/api.w.org\/{rel}","templated":true}]}}