{"id":1005,"date":"2022-05-27T13:38:10","date_gmt":"2022-05-27T13:38:10","guid":{"rendered":"https:\/\/feelcaboverde.com\/?page_id=1005"},"modified":"2025-12-23T02:22:40","modified_gmt":"2025-12-23T02:22:40","slug":"feriados-publicos","status":"publish","type":"page","link":"https:\/\/feelcaboverde.com\/fr\/jours-feries-cap-vert\/","title":{"rendered":"Jours f\u00e9ri\u00e9s"},"content":{"rendered":"<div data-elementor-type=\"wp-page\" data-elementor-id=\"1005\" class=\"elementor elementor-1005\">\n\t\t\t\t\t\t\t\t\t<section data-particle_enable=\"false\" data-particle-mobile-disabled=\"false\" class=\"elementor-section elementor-top-section elementor-element elementor-element-43b54aea elementor-section-boxed elementor-section-height-default elementor-section-height-default\" data-id=\"43b54aea\" data-element_type=\"section\">\n\t\t\t\t\t\t<div class=\"elementor-container elementor-column-gap-default\">\n\t\t\t\t\t<div class=\"elementor-column elementor-col-100 elementor-top-column elementor-element elementor-element-6e42e8a5\" data-id=\"6e42e8a5\" data-element_type=\"column\">\n\t\t\t<div class=\"elementor-widget-wrap elementor-element-populated\">\n\t\t\t\t\t\t\t\t<div class=\"elementor-element elementor-element-56626ddb elementor-widget elementor-widget-text-editor\" data-id=\"56626ddb\" data-element_type=\"widget\" data-widget_type=\"text-editor.default\">\n\t\t\t\t<div class=\"elementor-widget-container\">\n\t\t\t<style>\/*! elementor - v3.7.1 - 14-08-2022 *\/\n.elementor-widget-text-editor.elementor-drop-cap-view-stacked .elementor-drop-cap{background-color:#818a91;color:#fff}.elementor-widget-text-editor.elementor-drop-cap-view-framed .elementor-drop-cap{color:#818a91;border:3px solid;background-color:transparent}.elementor-widget-text-editor:not(.elementor-drop-cap-view-default) .elementor-drop-cap{margin-top:8px}.elementor-widget-text-editor:not(.elementor-drop-cap-view-default) .elementor-drop-cap-letter{width:1em;height:1em}.elementor-widget-text-editor .elementor-drop-cap{float:left;text-align:center;line-height:1;font-size:50px}.elementor-widget-text-editor .elementor-drop-cap-letter{display:inline-block}<\/style>\t\t\t\t<h2><span style=\"font-size: 2rem;\">Jours f\u00e9ri\u00e9s nationaux au Cap-Vert (2026)<\/span><\/h2><div><p><span style=\"font-size: 1rem;\">Le Cap-Vert est une destination touristique tr\u00e8s pris\u00e9e des touristes du monde entier. Si vous pr\u00e9voyez de visiter le pays en 2026, il est important de conna\u00eetre les jours f\u00e9ri\u00e9s locaux lors de la pr\u00e9paration de votre voyage.<\/span><span style=\"font-size: 1rem;\">\u00a0<\/span>Voici la liste des jours f\u00e9ri\u00e9s au Cap-Vert pour 2026 :<\/p><ul style=\"font-size: 16px; background-color: #ffffff;\"><li style=\"font-size: 16px;\">01 janvier : Nouvel An<\/li><li style=\"font-size: 16px;\">13 janvier : Journ\u00e9e de la d\u00e9mocratie et de la libert\u00e9<\/li><li style=\"font-size: 16px;\">20 janvier : Journ\u00e9e des h\u00e9ros nationaux<\/li><li style=\"font-size: 16px;\">17 f\u00e9vrier : mardi gras (jour f\u00e9ri\u00e9 r\u00e9gional)\u00a0<\/li><li style=\"font-size: 16px;\">18 f\u00e9vrier : Mercredi des Cendres (jour f\u00e9ri\u00e9 mobile)<\/li><li style=\"font-size: 16px;\">3 avril : Vendredi saint (jour f\u00e9ri\u00e9 mobile)<\/li><li style=\"font-size: 16px;\">05 avril : dimanche de P\u00e2ques (jour f\u00e9ri\u00e9 mobile)<\/li><li style=\"font-size: 16px;\">01 mai : Journ\u00e9e des travailleurs<\/li><li style=\"font-size: 16px;\">01 juin : Journ\u00e9e mondiale de l'enfance<\/li><li style=\"font-size: 16px;\">05 juillet :\u00a0<a href=\"https:\/\/www.governo.cv\/o-arquipelago\/historia\/\" rel=\"nofollow noopener\" target=\"_blank\">Jour de l'ind\u00e9pendance<\/a>\u00a0du Cap Vert<\/li><li style=\"font-size: 16px;\">15 ao\u00fbt : Journ\u00e9e nationale de la patronne \/ Assomption de Notre-Dame<\/li><li style=\"font-size: 16px;\">01 novembre : Toussaint<\/li><li style=\"font-size: 16px;\">25 d\u00e9cembre : No\u00ebl<\/li><\/ul><\/div><h3>\u00a0<\/h3><h3>Dates comm\u00e9moratives et f\u00eates municipales au Cap-Vert<\/h3><div><p>En dehors des jours f\u00e9ri\u00e9s nationaux,\u00a0<b>Le Cap-Vert c\u00e9l\u00e8bre \u00e9galement les dates de ses municipalit\u00e9s<\/b>. Il s'agit de dates comm\u00e9moratives locales, qui sont proclam\u00e9es jours f\u00e9ri\u00e9s par les autorit\u00e9s locales.\u00a0<\/p><p><span style=\"color: var( --e-global-color-text ); font-family: var( --e-global-typography-text-font-family ), Sans-serif; font-weight: var( --e-global-typography-text-font-weight ); text-align: var(--text-align); font-size: 1rem;\">\u00a0<\/span><span style=\"color: var( --e-global-color-text ); font-family: var( --e-global-typography-text-font-family ), Sans-serif; font-weight: var( --e-global-typography-text-font-weight ); text-align: var(--text-align); font-size: 1rem;\">Les<\/span><b style=\"color: var( --e-global-color-text ); font-family: var( --e-global-typography-text-font-family ), Sans-serif; text-align: var(--text-align); font-size: 1rem;\"> dates comm\u00e9moratives municipales ou r\u00e9gionales par \u00eele du Cap-Vert<\/b><span style=\"color: var( --e-global-color-text ); font-family: var( --e-global-typography-text-font-family ), Sans-serif; font-weight: var( --e-global-typography-text-font-weight ); text-align: var(--text-align); font-size: 1rem;\"> les \u00e9l\u00e9ments suivants :<\/span><\/p><\/div><p><strong>Vacances dans les communes de <a href=\"https:\/\/feelcaboverde.com\/fr\/saint-antao-2\/\">Santo Ant\u00e3o<\/a><\/strong><\/p><ul><li><span lang=\"PT\">17 janvier : Journ\u00e9e de l'\u00eele de Santo Ant\u00e3o (en m\u00e9moire de la d\u00e9couverte de l'\u00eele le 17\/01\/1462)<\/span><\/li><li><span lang=\"PT\">7 mai : Journ\u00e9e de la municipalit\u00e9 de Ribeira Grande<\/span><\/li><li><span lang=\"PT\">13 juin : F\u00eate de la municipalit\u00e9 de Pa\u00fal (et du saint patron Saint Antoine)<\/span><\/li><li><span lang=\"PT\">2 septembre : Journ\u00e9e municipale de Porto Novo<\/span><\/li><\/ul><p><strong><span lang=\"PT\">\u00a0<\/span><\/strong><\/p><p><span style=\"font-weight: bolder; color: var( --e-global-color-text ); font-family: var( --e-global-typography-text-font-family ), Sans-serif; text-align: var(--text-align); font-size: 1rem;\">Jours f\u00e9ri\u00e9s\u00a0<\/span><strong><span lang=\"PT\">\u00cele de <a href=\"https:\/\/feelcaboverde.com\/fr\/sao-vicente\/\">S\u00e3o Vicente<\/a><\/span><\/strong><\/p><ul><li><span lang=\"PT\">22 janvier : Journ\u00e9e de la commune de Saint-Vincent\u00a0<\/span>(et le saint patron St Vincent)<\/li><\/ul><p><strong><span lang=\"PT\">\u00a0<\/span><\/strong><\/p><p><span style=\"font-weight: bolder; color: var( --e-global-color-text ); font-family: var( --e-global-typography-text-font-family ), Sans-serif; text-align: var(--text-align); font-size: 1rem;\">F\u00eates municipales<\/span><span style=\"font-weight: bold; color: var( --e-global-color-text ); font-family: var( --e-global-typography-text-font-family ), Sans-serif; text-align: var(--text-align); font-size: 1rem;\">\u00a0de\u00a0<\/span><strong><span lang=\"PT\">\u00cele de <a href=\"https:\/\/feelcaboverde.com\/fr\/sao-nicolau\/\">S\u00e3o Nicolau<\/a><\/span><\/strong><\/p><ul><li><span lang=\"PT\">2 ao\u00fbt : journ\u00e9e de la municipalit\u00e9 de Tarrafal de S\u00e3o Nicolau<\/span><\/li><li><span lang=\"PT\">6 d\u00e9cembre : jour de la municipalit\u00e9 de Ribeira Brava (et du saint patron S\u00e3o Nicolau)<\/span><\/li><\/ul><p><strong><span lang=\"PT\">\u00a0<\/span><\/strong><\/p><p><span style=\"font-weight: bold; color: var( --e-global-color-text ); font-family: var( --e-global-typography-text-font-family ), Sans-serif; text-align: var(--text-align); font-size: 1rem;\">Jours f\u00e9ri\u00e9s\u00a0<\/span><strong><span lang=\"PT\">\u00cele de <a href=\"https:\/\/feelcaboverde.com\/fr\/sel\/\">Sal<\/a><\/span><\/strong><\/p><ul><li><span lang=\"PT\">15 septembre : Journ\u00e9e de la municipalit\u00e9 (et patronne Notre-Dame des Douleurs)<\/span><\/li><\/ul><p><strong><span lang=\"PT\">\u00a0<\/span><\/strong><\/p><p><span style=\"font-weight: bold; color: var( --e-global-color-text ); font-family: var( --e-global-typography-text-font-family ), Sans-serif; text-align: var(--text-align); font-size: 1rem;\">Jours f\u00e9ri\u00e9s\u00a0<\/span><strong style=\"color: var( --e-global-color-text ); font-family: var( --e-global-typography-text-font-family ), Sans-serif; text-align: var(--text-align); font-size: 1rem;\"><span lang=\"PT\">\u00cele de <a href=\"https:\/\/feelcaboverde.com\/fr\/boavista\/\">Boavista<\/a><\/span><\/strong><\/p><ul><li><span lang=\"PT\">4 juillet : f\u00eate communale (et patronne Sainte Isabel)<\/span><\/li><\/ul><p><strong><span lang=\"PT\">\u00a0<\/span><\/strong><\/p><p><span style=\"font-weight: bold; color: var( --e-global-color-text ); font-family: var( --e-global-typography-text-font-family ), Sans-serif; text-align: var(--text-align); font-size: 1rem;\">Jours f\u00e9ri\u00e9s\u00a0<\/span><strong><span lang=\"PT\">\u00cele de <a href=\"https:\/\/feelcaboverde.com\/fr\/mai\/\">Maio<\/a><\/span><\/strong><\/p><ul><li><span lang=\"PT\">8 septembre : 1er mai<\/span><\/li><\/ul><p><strong><span lang=\"PT\">\u00a0<\/span><\/strong><\/p><p><span style=\"font-weight: bolder; color: var( --e-global-color-text ); font-family: var( --e-global-typography-text-font-family ), Sans-serif; text-align: var(--text-align); font-size: 1rem;\">Vacances dans les communes de\u00a0<\/span><strong><span lang=\"PT\">\u00cele de <a href=\"https:\/\/feelcaboverde.com\/fr\/santiago\/\">Santiago<\/a><\/span><\/strong><\/p><ul><li><span lang=\"PT\">15 janvier : jour de la municipalit\u00e9 de Tarrafal de Santiago (et du saint patron Santo Amaro)<\/span><\/li><li><span lang=\"PT\">31 janvier : jour de la municipalit\u00e9 de Ribeira Grande de Santiago<\/span><\/li><li><span lang=\"PT\">13 mars : Journ\u00e9e municipale de S\u00e3o Domingos<\/span><\/li><li><span lang=\"PT\">9 mai : Journ\u00e9e de la municipalit\u00e9 de S\u00e3o Louren\u00e7o dos \u00d3rg\u00e3os<\/span><\/li><li><span lang=\"PT\">19 mai : Journ\u00e9e municipale de Praia<\/span><\/li><li><span lang=\"PT\">19 juillet : Journ\u00e9e de la municipalit\u00e9 de San Salvador del Mundo<\/span><\/li><li><span lang=\"PT\">25 juillet : Journ\u00e9e de la ville de Santa Cruz<\/span><\/li><li><span lang=\"PT\">29 septembre : Journ\u00e9e de la municipalit\u00e9 de S\u00e3o Miguel<\/span><\/li><li><span lang=\"PT\">25 novembre : Journ\u00e9e de la municipalit\u00e9 de Santa Catarina de Santiago<\/span><\/li><\/ul><p><strong><span lang=\"PT\">\u00a0<\/span><\/strong><\/p><p><span style=\"font-weight: bolder; color: var( --e-global-color-text ); font-family: var( --e-global-typography-text-font-family ), Sans-serif; text-align: var(--text-align); font-size: 1rem;\">F\u00eates municipales\u00a0<\/span><strong><span lang=\"PT\">\u00cele de <a href=\"https:\/\/feelcaboverde.com\/fr\/incendie\/\">Fogo<\/a><\/span><\/strong><\/p><ul><li><span lang=\"PT\">1er mai : jour de la municipalit\u00e9 de S\u00e3o Filipe (et du saint patron S\u00e3o Filipe)<\/span><\/li><li><span lang=\"PT\">15 ao\u00fbt : journ\u00e9e de la municipalit\u00e9 de Mosteiros<\/span><\/li><li><span lang=\"PT\">25 novembre : jour de la municipalit\u00e9 de Santa Catarina del Fuego (et de la sainte patronne Santa Catarina)<\/span><\/li><\/ul><p><strong><span lang=\"PT\">\u00a0<\/span><\/strong><\/p><p><strong><span lang=\"PT\">Vacances sur l'\u00eele <a href=\"https:\/\/feelcaboverde.com\/fr\/brava\/\">Brava<\/a><\/span><\/strong><\/p><ul><li><span lang=\"PT\">24 juin : jour de la municipalit\u00e9 de Brava (et patron de Saint Jean Baptiste)<\/span><\/li><\/ul><h3>\u00a0<\/h3><div><h2 style=\"font-family: Helvetica, sans-serif; color: #7a7a7a;\">Jours f\u00e9ri\u00e9s nationaux au Cap-Vert (2027)<\/h2><p>D\u00e9couvrez ci-dessous les jours f\u00e9ri\u00e9s au Cap-Vert en 2027 :<\/p><ul style=\"font-size: 16px; background-color: #ffffff;\"><li style=\"font-size: 16px;\">01 janvier : Nouvel An<\/li><li style=\"font-size: 16px;\">13 janvier : Journ\u00e9e de la d\u00e9mocratie et de la libert\u00e9<\/li><li style=\"font-size: 16px;\">20 janvier : Journ\u00e9e des h\u00e9ros nationaux<\/li><li style=\"font-size: 16px;\">09 f\u00e9vrier : mardi gras (jour f\u00e9ri\u00e9 r\u00e9gional)\u00a0<\/li><li style=\"font-size: 16px;\">10 f\u00e9vrier : Mercredi des Cendres (jour f\u00e9ri\u00e9 mobile)<\/li><li style=\"font-size: 16px;\">26 mars : Vendredi saint (jour f\u00e9ri\u00e9 mobile)<\/li><li style=\"font-size: 16px;\">28 mars : dimanche de P\u00e2ques (jour f\u00e9ri\u00e9 mobile)<\/li><li style=\"font-size: 16px;\">01 mai : Journ\u00e9e des travailleurs<\/li><li style=\"font-size: 16px;\">01 juin : Journ\u00e9e mondiale de l'enfance<\/li><li style=\"font-size: 16px;\">05 juillet :\u00a0<a href=\"https:\/\/www.governo.cv\/o-arquipelago\/historia\/\" rel=\"nofollow noopener\" target=\"_blank\">Jour de l'ind\u00e9pendance<\/a>\u00a0du Cap Vert<\/li><li style=\"font-size: 16px;\">15 ao\u00fbt : Journ\u00e9e nationale de la patronne \/ Assomption de Notre-Dame<\/li><li style=\"font-size: 16px;\">01 novembre : Toussaint<\/li><li style=\"font-size: 16px;\">25 d\u00e9cembre : No\u00ebl<\/li><\/ul><\/div><h3>\u00a0<\/h3><h3>Conclusion<\/h3><p>N'oubliez pas que pendant les jours f\u00e9ri\u00e9s, de nombreuses entreprises et de nombreux magasins peuvent \u00eatre ferm\u00e9s ou avoir des heures d'ouverture r\u00e9duites. Cela peut avoir une incidence sur vos projets de voyage, alors planifiez \u00e0 l'avance et v\u00e9rifiez les heures d'ouverture des attractions touristiques que vous souhaitez visiter.<\/p><p>En outre, les services publics sont ferm\u00e9s les jours f\u00e9ri\u00e9s (\u00e0 l'exception des services essentiels - sant\u00e9, s\u00e9curit\u00e9 publique, etc.)<\/p><p>Les bars et les restaurants sont g\u00e9n\u00e9ralement ouverts les jours f\u00e9ri\u00e9s, mais ils ne le sont pas tous \u00e0 No\u00ebl et au jour de l'An.<\/p><p>D'autre part, les jours f\u00e9ri\u00e9s sont souvent accompagn\u00e9s de manifestations et de c\u00e9l\u00e9brations locales. C'est une excellente occasion de d\u00e9couvrir la culture capverdienne et de rencontrer les habitants. Tirez le meilleur parti de votre voyage au Cap-Vert et profitez des jours f\u00e9ri\u00e9s de 2026 !<\/p>\t\t\t\t\t\t<\/div>\n\t\t\t\t<\/div>\n\t\t\t\t\t<\/div>\n\t\t<\/div>\n\t\t\t\t\t\t\t<\/div>\n\t\t<\/section>\n\t\t\t\t\t\t\t<\/div>","protected":false},"excerpt":{"rendered":"<p>Feriados P\u00fablicos Nacionais de Cabo Verde (2026) Cabo Verde \u00e9 um destino tur\u00edstico popular para pessoas de todo o mundo. Se voc\u00ea planeja visitar o pa\u00eds em 2026, \u00e9 importante estar ciente dos feriados p\u00fablicos locais para planear sua viagem.\u00a0Aqui est\u00e1 uma lista dos feriados p\u00fablicos em Cabo Verde para 2026: 01 de janeiro: Ano [&hellip;]<\/p>","protected":false},"author":1,"featured_media":0,"parent":0,"menu_order":0,"comment_status":"closed","ping_status":"closed","template":"","meta":{"footnotes":""},"categories":[],"tags":[],"class_list":["post-1005","page","type-page","status-publish","hentry"],"_links":{"self":[{"href":"https:\/\/feelcaboverde.com\/fr\/wp-json\/wp\/v2\/pages\/1005","targetHints":{"allow":["GET"]}}],"collection":[{"href":"https:\/\/feelcaboverde.com\/fr\/wp-json\/wp\/v2\/pages"}],"about":[{"href":"https:\/\/feelcaboverde.com\/fr\/wp-json\/wp\/v2\/types\/page"}],"author":[{"embeddable":true,"href":"https:\/\/feelcaboverde.com\/fr\/wp-json\/wp\/v2\/users\/1"}],"replies":[{"embeddable":true,"href":"https:\/\/feelcaboverde.com\/fr\/wp-json\/wp\/v2\/comments?post=1005"}],"version-history":[{"count":121,"href":"https:\/\/feelcaboverde.com\/fr\/wp-json\/wp\/v2\/pages\/1005\/revisions"}],"predecessor-version":[{"id":5640,"href":"https:\/\/feelcaboverde.com\/fr\/wp-json\/wp\/v2\/pages\/1005\/revisions\/5640"}],"wp:attachment":[{"href":"https:\/\/feelcaboverde.com\/fr\/wp-json\/wp\/v2\/media?parent=1005"}],"wp:term":[{"taxonomy":"category","embeddable":true,"href":"https:\/\/feelcaboverde.com\/fr\/wp-json\/wp\/v2\/categories?post=1005"},{"taxonomy":"post_tag","embeddable":true,"href":"https:\/\/feelcaboverde.com\/fr\/wp-json\/wp\/v2\/tags?post=1005"}],"curies":[{"name":"wp","href":"https:\/\/api.w.org\/{rel}","templated":true}]}}