{"id":3770,"date":"2023-01-20T10:13:41","date_gmt":"2023-01-20T10:13:41","guid":{"rendered":"https:\/\/feelcaboverde.com\/?page_id=3770"},"modified":"2023-03-16T23:17:59","modified_gmt":"2023-03-16T23:17:59","slug":"cidade-velha","status":"publish","type":"page","link":"https:\/\/feelcaboverde.com\/es\/casco-antiguo\/","title":{"rendered":"Ciudad Vieja: Explore la joya hist\u00f3rica de Cabo Verde"},"content":{"rendered":"<div data-elementor-type=\"wp-page\" data-elementor-id=\"3770\" class=\"elementor elementor-3770\">\n\t\t\t\t\t\t\t\t\t<section data-particle_enable=\"false\" data-particle-mobile-disabled=\"false\" class=\"elementor-section elementor-top-section elementor-element elementor-element-247a35de elementor-section-content-middle elementor-reverse-mobile elementor-section-boxed elementor-section-height-default elementor-section-height-default\" data-id=\"247a35de\" data-element_type=\"section\" data-settings=\"{&quot;background_background&quot;:&quot;classic&quot;}\">\n\t\t\t\t\t\t<div class=\"elementor-container elementor-column-gap-no\">\n\t\t\t\t\t<div class=\"elementor-column elementor-col-50 elementor-top-column elementor-element elementor-element-1c80e8b0\" data-id=\"1c80e8b0\" data-element_type=\"column\">\n\t\t\t<div class=\"elementor-widget-wrap elementor-element-populated\">\n\t\t\t\t\t\t\t\t<div class=\"elementor-element elementor-element-41e88ec2 elementor-widget elementor-widget-heading\" data-id=\"41e88ec2\" data-element_type=\"widget\" data-widget_type=\"heading.default\">\n\t\t\t\t<div class=\"elementor-widget-container\">\n\t\t\t<style>\/*! elementor - v3.7.1 - 14-08-2022 *\/\n.elementor-heading-title{padding:0;margin:0;line-height:1}.elementor-widget-heading .elementor-heading-title[class*=elementor-size-]>a{color:inherit;font-size:inherit;line-height:inherit}.elementor-widget-heading .elementor-heading-title.elementor-size-small{font-size:15px}.elementor-widget-heading .elementor-heading-title.elementor-size-medium{font-size:19px}.elementor-widget-heading .elementor-heading-title.elementor-size-large{font-size:29px}.elementor-widget-heading .elementor-heading-title.elementor-size-xl{font-size:39px}.elementor-widget-heading .elementor-heading-title.elementor-size-xxl{font-size:59px}<\/style><h3 class=\"elementor-heading-title elementor-size-medium\">Cuna de Cabo Verde<\/h3>\t\t<\/div>\n\t\t\t\t<\/div>\n\t\t\t\t<div class=\"elementor-element elementor-element-6ff8751d elementor-widget elementor-widget-text-editor\" data-id=\"6ff8751d\" data-element_type=\"widget\" data-widget_type=\"text-editor.default\">\n\t\t\t\t<div class=\"elementor-widget-container\">\n\t\t\t<style>\/*! elementor - v3.7.1 - 14-08-2022 *\/\n.elementor-widget-text-editor.elementor-drop-cap-view-stacked .elementor-drop-cap{background-color:#818a91;color:#fff}.elementor-widget-text-editor.elementor-drop-cap-view-framed .elementor-drop-cap{color:#818a91;border:3px solid;background-color:transparent}.elementor-widget-text-editor:not(.elementor-drop-cap-view-default) .elementor-drop-cap{margin-top:8px}.elementor-widget-text-editor:not(.elementor-drop-cap-view-default) .elementor-drop-cap-letter{width:1em;height:1em}.elementor-widget-text-editor .elementor-drop-cap{float:left;text-align:center;line-height:1;font-size:50px}.elementor-widget-text-editor .elementor-drop-cap-letter{display:inline-block}<\/style>\t\t\t\t<p><span style=\"font-weight: 400;\">Cidade Velha, tambi\u00e9n conocida como Ribeira Grande de Santiago, es una peque\u00f1a ciudad situada en la isla de Santiago, en Cabo Verde, a unos 15 kil\u00f3metros de la capital, Praia.<\/span><\/p><p><span style=\"font-weight: 400;\">\u00a0Se considera el asentamiento m\u00e1s antiguo del pa\u00eds, ya que fue fundado en 1462 por exploradores portugueses. De hecho, Cidade Velha fue el primer asentamiento europeo en los tr\u00f3picos.<\/span><\/p>\t\t\t\t\t\t<\/div>\n\t\t\t\t<\/div>\n\t\t\t\t\t<\/div>\n\t\t<\/div>\n\t\t\t\t<div class=\"elementor-column elementor-col-50 elementor-top-column elementor-element elementor-element-39e50ee8\" data-id=\"39e50ee8\" data-element_type=\"column\">\n\t\t\t<div class=\"elementor-widget-wrap elementor-element-populated\">\n\t\t\t\t\t\t\t\t<div class=\"elementor-element elementor-element-7eb7d33b elementor-widget elementor-widget-image\" data-id=\"7eb7d33b\" data-element_type=\"widget\" data-widget_type=\"image.default\">\n\t\t\t\t<div class=\"elementor-widget-container\">\n\t\t\t<style>\/*! elementor - v3.7.1 - 14-08-2022 *\/\n.elementor-widget-image{text-align:center}.elementor-widget-image a{display:inline-block}.elementor-widget-image a img[src$=\".svg\"]{width:48px}.elementor-widget-image img{vertical-align:middle;display:inline-block}<\/style>\t\t\t\t\t\t\t\t\t<figure class=\"wp-caption\">\n\t\t\t\t\t\t\t\t\t\t<img decoding=\"async\" width=\"2560\" height=\"1707\" src=\"https:\/\/feelcaboverde.com\/wp-content\/uploads\/2022\/09\/1.-Cidade-Velha-Ribeira-Grande-Santiago-scaled.jpg\" class=\"attachment-full size-full\" alt=\"\" srcset=\"https:\/\/feelcaboverde.com\/wp-content\/uploads\/2022\/09\/1.-Cidade-Velha-Ribeira-Grande-Santiago-scaled.jpg 2560w, https:\/\/feelcaboverde.com\/wp-content\/uploads\/2022\/09\/1.-Cidade-Velha-Ribeira-Grande-Santiago-300x200.jpg 300w, https:\/\/feelcaboverde.com\/wp-content\/uploads\/2022\/09\/1.-Cidade-Velha-Ribeira-Grande-Santiago-1024x683.jpg 1024w, https:\/\/feelcaboverde.com\/wp-content\/uploads\/2022\/09\/1.-Cidade-Velha-Ribeira-Grande-Santiago-768x512.jpg 768w, https:\/\/feelcaboverde.com\/wp-content\/uploads\/2022\/09\/1.-Cidade-Velha-Ribeira-Grande-Santiago-1536x1024.jpg 1536w, https:\/\/feelcaboverde.com\/wp-content\/uploads\/2022\/09\/1.-Cidade-Velha-Ribeira-Grande-Santiago-2048x1365.jpg 2048w\" sizes=\"(max-width: 2560px) 100vw, 2560px\" \/>\t\t\t\t\t\t\t\t\t\t\t<figcaption class=\"widget-image-caption wp-caption-text\">Calle Banana, casco antiguo<\/figcaption>\n\t\t\t\t\t\t\t\t\t\t<\/figure>\n\t\t\t\t\t\t\t\t\t<\/div>\n\t\t\t\t<\/div>\n\t\t\t\t\t<\/div>\n\t\t<\/div>\n\t\t\t\t\t\t\t<\/div>\n\t\t<\/section>\n\t\t\t\t<section data-particle_enable=\"false\" data-particle-mobile-disabled=\"false\" class=\"elementor-section elementor-top-section elementor-element elementor-element-ed0b5b2 elementor-section-content-middle elementor-reverse-mobile elementor-section-boxed elementor-section-height-default elementor-section-height-default\" data-id=\"ed0b5b2\" data-element_type=\"section\">\n\t\t\t\t\t\t<div class=\"elementor-container elementor-column-gap-no\">\n\t\t\t\t\t<div class=\"elementor-column elementor-col-50 elementor-top-column elementor-element elementor-element-5df5368\" data-id=\"5df5368\" data-element_type=\"column\">\n\t\t\t<div class=\"elementor-widget-wrap elementor-element-populated\">\n\t\t\t\t\t\t\t\t<div class=\"elementor-element elementor-element-f81906a elementor-widget elementor-widget-image\" data-id=\"f81906a\" data-element_type=\"widget\" data-widget_type=\"image.default\">\n\t\t\t\t<div class=\"elementor-widget-container\">\n\t\t\t\t\t\t\t\t\t\t\t\t<figure class=\"wp-caption\">\n\t\t\t\t\t\t\t\t\t\t<img decoding=\"async\" width=\"800\" height=\"933\" src=\"https:\/\/feelcaboverde.com\/wp-content\/uploads\/2023\/01\/HUGO6831-1-878x1024.jpg\" class=\"attachment-large size-large\" alt=\"\" srcset=\"https:\/\/feelcaboverde.com\/wp-content\/uploads\/2023\/01\/HUGO6831-1-878x1024.jpg 878w, https:\/\/feelcaboverde.com\/wp-content\/uploads\/2023\/01\/HUGO6831-1-257x300.jpg 257w, https:\/\/feelcaboverde.com\/wp-content\/uploads\/2023\/01\/HUGO6831-1-768x896.jpg 768w, https:\/\/feelcaboverde.com\/wp-content\/uploads\/2023\/01\/HUGO6831-1-10x12.jpg 10w, https:\/\/feelcaboverde.com\/wp-content\/uploads\/2023\/01\/HUGO6831-1.jpg 1271w\" sizes=\"(max-width: 800px) 100vw, 800px\" \/>\t\t\t\t\t\t\t\t\t\t\t<figcaption class=\"widget-image-caption wp-caption-text\">Puesta de sol en Pelourinho, casco antiguo<\/figcaption>\n\t\t\t\t\t\t\t\t\t\t<\/figure>\n\t\t\t\t\t\t\t\t\t<\/div>\n\t\t\t\t<\/div>\n\t\t\t\t\t<\/div>\n\t\t<\/div>\n\t\t\t\t<div class=\"elementor-column elementor-col-50 elementor-top-column elementor-element elementor-element-7cda6c0\" data-id=\"7cda6c0\" data-element_type=\"column\">\n\t\t\t<div class=\"elementor-widget-wrap elementor-element-populated\">\n\t\t\t\t\t\t\t\t<div class=\"elementor-element elementor-element-9f0d235 elementor-widget elementor-widget-heading\" data-id=\"9f0d235\" data-element_type=\"widget\" data-widget_type=\"heading.default\">\n\t\t\t\t<div class=\"elementor-widget-container\">\n\t\t\t<h3 class=\"elementor-heading-title elementor-size-medium\">El primer borrador de la Historia <\/h3>\t\t<\/div>\n\t\t\t\t<\/div>\n\t\t\t\t<div class=\"elementor-element elementor-element-71ad364 elementor-widget elementor-widget-text-editor\" data-id=\"71ad364\" data-element_type=\"widget\" data-widget_type=\"text-editor.default\">\n\t\t\t\t<div class=\"elementor-widget-container\">\n\t\t\t\t\t\t\t<p><span style=\"font-weight: 400;\">La historia de la ciudad est\u00e1 estrechamente ligada a la esclavitud transatl\u00e1ntica, ya que en su d\u00eda fue un importante puerto de exportaci\u00f3n de esclavos africanos.<\/span><\/p><p><span style=\"font-weight: 400;\">El Pelourinho, un gran pilar de piedra construido en la plaza principal de la ciudad, es un s\u00edmbolo de la brutal historia de la esclavitud transatl\u00e1ntica y de su papel en el desarrollo de Cidade Velha. Se utilizaba para leer p\u00fablicamente las actas del Ayuntamiento, como lugar de comercio de esclavos y productos de la tierra y, sobre todo, para reprimir las ofensas de los esclavos rebeldes.<\/span><\/p><p><span style=\"font-weight: 400;\">El inicio de la colonizaci\u00f3n en Cidade Velha tambi\u00e9n fue posible gracias a la disponibilidad de tierra f\u00e9rtil y agua. A medida que la comunidad se desarrollaba y crec\u00eda, se construyeron diversas estructuras con fines militares, religiosos y civiles, concentradas en un \u00e1rea urbana compacta que hasta hoy conserva gran parte de su estructura original.<\/span><\/p>\t\t\t\t\t\t<\/div>\n\t\t\t\t<\/div>\n\t\t\t\t\t<\/div>\n\t\t<\/div>\n\t\t\t\t\t\t\t<\/div>\n\t\t<\/section>\n\t\t\t\t<section data-particle_enable=\"false\" data-particle-mobile-disabled=\"false\" class=\"elementor-section elementor-top-section elementor-element elementor-element-8ed9401 elementor-section-content-middle elementor-reverse-mobile elementor-section-boxed elementor-section-height-default elementor-section-height-default\" data-id=\"8ed9401\" data-element_type=\"section\">\n\t\t\t\t\t\t<div class=\"elementor-container elementor-column-gap-no\">\n\t\t\t\t\t<div class=\"elementor-column elementor-col-50 elementor-top-column elementor-element elementor-element-6b8afd3\" data-id=\"6b8afd3\" data-element_type=\"column\">\n\t\t\t<div class=\"elementor-widget-wrap elementor-element-populated\">\n\t\t\t\t\t\t\t\t<div class=\"elementor-element elementor-element-debaec7 elementor-widget elementor-widget-heading\" data-id=\"debaec7\" data-element_type=\"widget\" data-widget_type=\"heading.default\">\n\t\t\t\t<div class=\"elementor-widget-container\">\n\t\t\t<h3 class=\"elementor-heading-title elementor-size-medium\">Marcas del patrimonio colonial<\/h3>\t\t<\/div>\n\t\t\t\t<\/div>\n\t\t\t\t<div class=\"elementor-element elementor-element-3992a51 elementor-widget elementor-widget-text-editor\" data-id=\"3992a51\" data-element_type=\"widget\" data-widget_type=\"text-editor.default\">\n\t\t\t\t<div class=\"elementor-widget-container\">\n\t\t\t\t\t\t\t<p><span style=\"font-weight: 400;\">Muchos de los edificios de la ciudad, incluido el Fuerte de S\u00e3o Filipe, se construyeron con mano de obra forzada.<\/span><\/p><p><span style=\"font-weight: 400;\">\u00a0El fuerte se construy\u00f3 para proteger el puerto de los ataques piratas y es uno de los monumentos m\u00e1s notables de la ciudad. Se construy\u00f3 estrat\u00e9gicamente en uno de los puntos m\u00e1s altos del casco antiguo, con vistas a la ciudad y al oc\u00e9ano Atl\u00e1ntico.\u00a0<\/span><\/p><p><span style=\"font-weight: 400;\">Su privilegiada ubicaci\u00f3n ofrece impresionantes vistas de 360\u00ba de los alrededores e incre\u00edbles puestas de sol.<\/span><\/p>\t\t\t\t\t\t<\/div>\n\t\t\t\t<\/div>\n\t\t\t\t\t<\/div>\n\t\t<\/div>\n\t\t\t\t<div class=\"elementor-column elementor-col-50 elementor-top-column elementor-element elementor-element-db231e7\" data-id=\"db231e7\" data-element_type=\"column\">\n\t\t\t<div class=\"elementor-widget-wrap elementor-element-populated\">\n\t\t\t\t\t\t\t\t<div class=\"elementor-element elementor-element-941e21c elementor-widget elementor-widget-image\" data-id=\"941e21c\" data-element_type=\"widget\" data-widget_type=\"image.default\">\n\t\t\t\t<div class=\"elementor-widget-container\">\n\t\t\t\t\t\t\t\t\t\t\t\t<figure class=\"wp-caption\">\n\t\t\t\t\t\t\t\t\t\t<img decoding=\"async\" width=\"2560\" height=\"1440\" src=\"https:\/\/feelcaboverde.com\/wp-content\/uploads\/2023\/01\/DJI_0081-scaled.jpg\" class=\"attachment-full size-full\" alt=\"\" srcset=\"https:\/\/feelcaboverde.com\/wp-content\/uploads\/2023\/01\/DJI_0081-scaled.jpg 2560w, https:\/\/feelcaboverde.com\/wp-content\/uploads\/2023\/01\/DJI_0081-300x169.jpg 300w, https:\/\/feelcaboverde.com\/wp-content\/uploads\/2023\/01\/DJI_0081-1024x576.jpg 1024w, https:\/\/feelcaboverde.com\/wp-content\/uploads\/2023\/01\/DJI_0081-768x432.jpg 768w, https:\/\/feelcaboverde.com\/wp-content\/uploads\/2023\/01\/DJI_0081-1536x864.jpg 1536w, https:\/\/feelcaboverde.com\/wp-content\/uploads\/2023\/01\/DJI_0081-2048x1152.jpg 2048w, https:\/\/feelcaboverde.com\/wp-content\/uploads\/2023\/01\/DJI_0081-18x10.jpg 18w\" sizes=\"(max-width: 2560px) 100vw, 2560px\" \/>\t\t\t\t\t\t\t\t\t\t\t<figcaption class=\"widget-image-caption wp-caption-text\">Fuerte de San Felipe, casco antiguo<\/figcaption>\n\t\t\t\t\t\t\t\t\t\t<\/figure>\n\t\t\t\t\t\t\t\t\t<\/div>\n\t\t\t\t<\/div>\n\t\t\t\t\t<\/div>\n\t\t<\/div>\n\t\t\t\t\t\t\t<\/div>\n\t\t<\/section>\n\t\t\t\t<section data-particle_enable=\"false\" data-particle-mobile-disabled=\"false\" class=\"elementor-section elementor-top-section elementor-element elementor-element-d6a0529 elementor-section-content-middle elementor-reverse-mobile elementor-section-boxed elementor-section-height-default elementor-section-height-default\" data-id=\"d6a0529\" data-element_type=\"section\">\n\t\t\t\t\t\t<div class=\"elementor-container elementor-column-gap-no\">\n\t\t\t\t\t<div class=\"elementor-column elementor-col-50 elementor-top-column elementor-element elementor-element-82fd480\" data-id=\"82fd480\" data-element_type=\"column\">\n\t\t\t<div class=\"elementor-widget-wrap elementor-element-populated\">\n\t\t\t\t\t\t\t\t<div class=\"elementor-element elementor-element-1669cc7 elementor-widget elementor-widget-image\" data-id=\"1669cc7\" data-element_type=\"widget\" data-widget_type=\"image.default\">\n\t\t\t\t<div class=\"elementor-widget-container\">\n\t\t\t\t\t\t\t\t\t\t\t\t<figure class=\"wp-caption\">\n\t\t\t\t\t\t\t\t\t\t<img decoding=\"async\" width=\"800\" height=\"598\" src=\"https:\/\/feelcaboverde.com\/wp-content\/uploads\/2023\/01\/IMG_0405-copy-1024x765.jpg\" class=\"attachment-large size-large\" alt=\"\" srcset=\"https:\/\/feelcaboverde.com\/wp-content\/uploads\/2023\/01\/IMG_0405-copy-1024x765.jpg 1024w, https:\/\/feelcaboverde.com\/wp-content\/uploads\/2023\/01\/IMG_0405-copy-300x224.jpg 300w, https:\/\/feelcaboverde.com\/wp-content\/uploads\/2023\/01\/IMG_0405-copy-768x574.jpg 768w, https:\/\/feelcaboverde.com\/wp-content\/uploads\/2023\/01\/IMG_0405-copy-1536x1147.jpg 1536w, https:\/\/feelcaboverde.com\/wp-content\/uploads\/2023\/01\/IMG_0405-copy-2048x1529.jpg 2048w, https:\/\/feelcaboverde.com\/wp-content\/uploads\/2023\/01\/IMG_0405-copy-16x12.jpg 16w\" sizes=\"(max-width: 800px) 100vw, 800px\" \/>\t\t\t\t\t\t\t\t\t\t\t<figcaption class=\"widget-image-caption wp-caption-text\">Iglesia de Nuestra Se\u00f1ora del Rosario, Casco Antiguo<\/figcaption>\n\t\t\t\t\t\t\t\t\t\t<\/figure>\n\t\t\t\t\t\t\t\t\t<\/div>\n\t\t\t\t<\/div>\n\t\t\t\t\t<\/div>\n\t\t<\/div>\n\t\t\t\t<div class=\"elementor-column elementor-col-50 elementor-top-column elementor-element elementor-element-a75d348\" data-id=\"a75d348\" data-element_type=\"column\">\n\t\t\t<div class=\"elementor-widget-wrap elementor-element-populated\">\n\t\t\t\t\t\t\t\t<div class=\"elementor-element elementor-element-3a1f6bf elementor-widget elementor-widget-heading\" data-id=\"3a1f6bf\" data-element_type=\"widget\" data-widget_type=\"heading.default\">\n\t\t\t\t<div class=\"elementor-widget-container\">\n\t\t\t<h3 class=\"elementor-heading-title elementor-size-medium\">Edificios atemporales<\/h3>\t\t<\/div>\n\t\t\t\t<\/div>\n\t\t\t\t<div class=\"elementor-element elementor-element-895d3a2 elementor-widget elementor-widget-text-editor\" data-id=\"895d3a2\" data-element_type=\"widget\" data-widget_type=\"text-editor.default\">\n\t\t\t\t<div class=\"elementor-widget-container\">\n\t\t\t\t\t\t\t<p><span style=\"font-weight: 400;\">Cidade Velha tambi\u00e9n alberga varias iglesias que reflejan el patrimonio de la ciudad. La m\u00e1s famosa de ellas es la Iglesia de Nuestra Se\u00f1ora del Rosario, una hermosa estructura que data de principios del siglo XV (construida alrededor de 1495).<\/span><\/p><p>\u00a0<\/p>\t\t\t\t\t\t<\/div>\n\t\t\t\t<\/div>\n\t\t\t\t\t<\/div>\n\t\t<\/div>\n\t\t\t\t\t\t\t<\/div>\n\t\t<\/section>\n\t\t\t\t<section data-particle_enable=\"false\" data-particle-mobile-disabled=\"false\" class=\"elementor-section elementor-top-section elementor-element elementor-element-440beab elementor-section-content-middle elementor-reverse-mobile elementor-section-boxed elementor-section-height-default elementor-section-height-default\" data-id=\"440beab\" data-element_type=\"section\">\n\t\t\t\t\t\t<div class=\"elementor-container elementor-column-gap-no\">\n\t\t\t\t\t<div class=\"elementor-column elementor-col-50 elementor-top-column elementor-element elementor-element-b6d072b\" data-id=\"b6d072b\" data-element_type=\"column\">\n\t\t\t<div class=\"elementor-widget-wrap elementor-element-populated\">\n\t\t\t\t\t\t\t\t<div class=\"elementor-element elementor-element-3e09019 elementor-widget elementor-widget-heading\" data-id=\"3e09019\" data-element_type=\"widget\" data-widget_type=\"heading.default\">\n\t\t\t\t<div class=\"elementor-widget-container\">\n\t\t\t<h3 class=\"elementor-heading-title elementor-size-medium\">Patrimonio mundial de la UNESCO<\/h3>\t\t<\/div>\n\t\t\t\t<\/div>\n\t\t\t\t<div class=\"elementor-element elementor-element-617921d elementor-widget elementor-widget-text-editor\" data-id=\"617921d\" data-element_type=\"widget\" data-widget_type=\"text-editor.default\">\n\t\t\t\t<div class=\"elementor-widget-container\">\n\t\t\t\t\t\t\t<p><span style=\"font-weight: 400;\">Desde 2009, Cidade Velha ha sido <\/span><a href=\"https:\/\/whc.unesco.org\/en\/statesparties\/cv\" rel=\"nofollow noopener\" target=\"_blank\"><span style=\"font-weight: 400;\">Patrimonio mundial de la UNESCO<\/span><\/a><span style=\"font-weight: 400;\">como reconocimiento a su importancia hist\u00f3rica y cultural.<\/span><\/p>\t\t\t\t\t\t<\/div>\n\t\t\t\t<\/div>\n\t\t\t\t\t<\/div>\n\t\t<\/div>\n\t\t\t\t<div class=\"elementor-column elementor-col-50 elementor-top-column elementor-element elementor-element-c335a73\" data-id=\"c335a73\" data-element_type=\"column\">\n\t\t\t<div class=\"elementor-widget-wrap elementor-element-populated\">\n\t\t\t\t\t\t\t\t<div class=\"elementor-element elementor-element-1058e1e elementor-widget elementor-widget-image\" data-id=\"1058e1e\" data-element_type=\"widget\" data-widget_type=\"image.default\">\n\t\t\t\t<div class=\"elementor-widget-container\">\n\t\t\t\t\t\t\t\t\t\t\t\t<figure class=\"wp-caption\">\n\t\t\t\t\t\t\t\t\t\t<img decoding=\"async\" width=\"2560\" height=\"1743\" src=\"https:\/\/feelcaboverde.com\/wp-content\/uploads\/2023\/01\/IMG_0441-1-scaled.jpg\" class=\"attachment-full size-full\" alt=\"\" srcset=\"https:\/\/feelcaboverde.com\/wp-content\/uploads\/2023\/01\/IMG_0441-1-scaled.jpg 2560w, https:\/\/feelcaboverde.com\/wp-content\/uploads\/2023\/01\/IMG_0441-1-300x204.jpg 300w, https:\/\/feelcaboverde.com\/wp-content\/uploads\/2023\/01\/IMG_0441-1-1024x697.jpg 1024w, https:\/\/feelcaboverde.com\/wp-content\/uploads\/2023\/01\/IMG_0441-1-768x523.jpg 768w, https:\/\/feelcaboverde.com\/wp-content\/uploads\/2023\/01\/IMG_0441-1-1536x1046.jpg 1536w, https:\/\/feelcaboverde.com\/wp-content\/uploads\/2023\/01\/IMG_0441-1-2048x1394.jpg 2048w, https:\/\/feelcaboverde.com\/wp-content\/uploads\/2023\/01\/IMG_0441-1-18x12.jpg 18w\" sizes=\"(max-width: 2560px) 100vw, 2560px\" \/>\t\t\t\t\t\t\t\t\t\t\t<figcaption class=\"widget-image-caption wp-caption-text\">Ruinas de la Catedral de Ribeira Grande de Santiago<\/figcaption>\n\t\t\t\t\t\t\t\t\t\t<\/figure>\n\t\t\t\t\t\t\t\t\t<\/div>\n\t\t\t\t<\/div>\n\t\t\t\t\t<\/div>\n\t\t<\/div>\n\t\t\t\t\t\t\t<\/div>\n\t\t<\/section>\n\t\t<div class=\"elementor-element elementor-element-6de1518 e-container--column e-container\" data-id=\"6de1518\" data-element_type=\"container\">\t\t\t\t<div class=\"elementor-element elementor-element-d66b8df elementor-widget elementor-widget-text-editor\" data-id=\"d66b8df\" data-element_type=\"widget\" data-widget_type=\"text-editor.default\">\n\t\t\t\t<div class=\"elementor-widget-container\">\n\t\t\t\t\t\t\t<p><span style=\"font-weight: 400;\">Cidade Velha es el lugar ideal para relajarse y absorber la esencia de Cabo Verde. <strong>Es un destino obligado para cualquiera que desee experimentar una excelente mezcla de historia, cultura y bellos paisajes.<\/strong><\/span><\/p><p>\u00bfQuiere saber m\u00e1s sobre el Casco Antiguo o hacer un recorrido hist\u00f3rico por esta id\u00edlica ciudad? P\u00f3ngase en contacto con nosotros.<\/p>\t\t\t\t\t\t<\/div>\n\t\t\t\t<\/div>\n\t\t<\/div>\t\t\t\t\t<\/div>","protected":false},"excerpt":{"rendered":"<p>Cuna de la caboverdianidad Cidade Velha, tambi\u00e9n conocida como Ribeira Grande de Santiago, es una peque\u00f1a ciudad situada en la isla de Santiago, en Cabo Verde, a unos 15 kil\u00f3metros de la capital, Praia. Se considera el asentamiento m\u00e1s antiguo del pa\u00eds, ya que fue fundado en 1462 por exploradores portugueses. De hecho, Cidade Velha fue la primera [...]<\/p>","protected":false},"author":1,"featured_media":0,"parent":0,"menu_order":0,"comment_status":"closed","ping_status":"closed","template":"","meta":{"footnotes":""},"categories":[],"tags":[],"class_list":["post-3770","page","type-page","status-publish","hentry"],"_links":{"self":[{"href":"https:\/\/feelcaboverde.com\/es\/wp-json\/wp\/v2\/pages\/3770","targetHints":{"allow":["GET"]}}],"collection":[{"href":"https:\/\/feelcaboverde.com\/es\/wp-json\/wp\/v2\/pages"}],"about":[{"href":"https:\/\/feelcaboverde.com\/es\/wp-json\/wp\/v2\/types\/page"}],"author":[{"embeddable":true,"href":"https:\/\/feelcaboverde.com\/es\/wp-json\/wp\/v2\/users\/1"}],"replies":[{"embeddable":true,"href":"https:\/\/feelcaboverde.com\/es\/wp-json\/wp\/v2\/comments?post=3770"}],"version-history":[{"count":32,"href":"https:\/\/feelcaboverde.com\/es\/wp-json\/wp\/v2\/pages\/3770\/revisions"}],"predecessor-version":[{"id":4056,"href":"https:\/\/feelcaboverde.com\/es\/wp-json\/wp\/v2\/pages\/3770\/revisions\/4056"}],"wp:attachment":[{"href":"https:\/\/feelcaboverde.com\/es\/wp-json\/wp\/v2\/media?parent=3770"}],"wp:term":[{"taxonomy":"category","embeddable":true,"href":"https:\/\/feelcaboverde.com\/es\/wp-json\/wp\/v2\/categories?post=3770"},{"taxonomy":"post_tag","embeddable":true,"href":"https:\/\/feelcaboverde.com\/es\/wp-json\/wp\/v2\/tags?post=3770"}],"curies":[{"name":"wp","href":"https:\/\/api.w.org\/{rel}","templated":true}]}}