{"id":3149,"date":"2022-11-30T09:45:51","date_gmt":"2022-11-30T09:45:51","guid":{"rendered":"https:\/\/feelcaboverde.com\/?page_id=3149"},"modified":"2023-03-16T23:53:59","modified_gmt":"2023-03-16T23:53:59","slug":"deserto-de-viana-ilha-da-boavista","status":"publish","type":"page","link":"https:\/\/feelcaboverde.com\/es\/desierto-de-viana-isla-de-boavista\/","title":{"rendered":"Desierto de Viana - Isla de Boavista"},"content":{"rendered":"<div data-elementor-type=\"wp-page\" data-elementor-id=\"3149\" class=\"elementor elementor-3149\">\n\t\t\t\t\t\t\t\t\t<section data-particle_enable=\"false\" data-particle-mobile-disabled=\"false\" class=\"elementor-section elementor-top-section elementor-element elementor-element-7d82efc1 elementor-section-boxed elementor-section-height-default elementor-section-height-default\" data-id=\"7d82efc1\" data-element_type=\"section\">\n\t\t\t\t\t\t<div class=\"elementor-container elementor-column-gap-default\">\n\t\t\t\t\t<div class=\"elementor-column elementor-col-100 elementor-top-column elementor-element elementor-element-6e6df1f9\" data-id=\"6e6df1f9\" data-element_type=\"column\">\n\t\t\t<div class=\"elementor-widget-wrap elementor-element-populated\">\n\t\t\t\t\t\t\t\t<div class=\"elementor-element elementor-element-7a23810c elementor-widget elementor-widget-text-editor\" data-id=\"7a23810c\" data-element_type=\"widget\" data-widget_type=\"text-editor.default\">\n\t\t\t\t<div class=\"elementor-widget-container\">\n\t\t\t<style>\/*! elementor - v3.7.1 - 14-08-2022 *\/\n.elementor-widget-text-editor.elementor-drop-cap-view-stacked .elementor-drop-cap{background-color:#818a91;color:#fff}.elementor-widget-text-editor.elementor-drop-cap-view-framed .elementor-drop-cap{color:#818a91;border:3px solid;background-color:transparent}.elementor-widget-text-editor:not(.elementor-drop-cap-view-default) .elementor-drop-cap{margin-top:8px}.elementor-widget-text-editor:not(.elementor-drop-cap-view-default) .elementor-drop-cap-letter{width:1em;height:1em}.elementor-widget-text-editor .elementor-drop-cap{float:left;text-align:center;line-height:1;font-size:50px}.elementor-widget-text-editor .elementor-drop-cap-letter{display:inline-block}<\/style>\t\t\t\t<p>El desierto de Viana es un desierto de arena situado en el noreste de la isla de Boa Vista. Por sus caracter\u00edsticas \u00fanicas, este desierto es una de las zonas protegidas de Cabo Verde.<\/p><p><img decoding=\"async\" class=\"alignnone size-full wp-image-3151\" src=\"http:\/\/feelcaboverde.com\/wp-content\/uploads\/2022\/11\/01.png\" alt=\"\" width=\"800\" height=\"267\" srcset=\"https:\/\/feelcaboverde.com\/wp-content\/uploads\/2022\/11\/01.png 800w, https:\/\/feelcaboverde.com\/wp-content\/uploads\/2022\/11\/01-300x100.png 300w, https:\/\/feelcaboverde.com\/wp-content\/uploads\/2022\/11\/01-768x256.png 768w\" sizes=\"(max-width: 800px) 100vw, 800px\" \/><\/p><p>El desierto de Viana se extiende a lo largo de unos 5 kil\u00f3metros, donde la arena predominantemente blanca se ve interrumpida por salpicaduras de arena volc\u00e1nica negra, creando sutiles contrastes. Escasas palmeras, acacias y otras especies end\u00e9micas salpican de verde el paisaje des\u00e9rtico. El silencio, la suave brisa y el horizonte arenoso ofrecen un verdadero encuentro de los sentidos con la naturaleza en estado puro.<\/p><p><strong>\u00bfC\u00f3mo se origin\u00f3 el desierto de Viana?<\/strong><\/p><p>Los vientos alisios transportan una gran cantidad de arena desde el continente africano hacia las islas. Debido a la situaci\u00f3n geogr\u00e1fica y la geomorfolog\u00eda de Boa Vista, gran parte de esta arena se deposita en esta isla, creando grandes extensiones de dunas.<\/p><p><img decoding=\"async\" class=\"alignnone size-full wp-image-3152\" src=\"http:\/\/feelcaboverde.com\/wp-content\/uploads\/2022\/11\/02.jpg\" alt=\"\" width=\"2048\" height=\"1536\" srcset=\"https:\/\/feelcaboverde.com\/wp-content\/uploads\/2022\/11\/02.jpg 2048w, https:\/\/feelcaboverde.com\/wp-content\/uploads\/2022\/11\/02-300x225.jpg 300w, https:\/\/feelcaboverde.com\/wp-content\/uploads\/2022\/11\/02-1024x768.jpg 1024w, https:\/\/feelcaboverde.com\/wp-content\/uploads\/2022\/11\/02-768x576.jpg 768w, https:\/\/feelcaboverde.com\/wp-content\/uploads\/2022\/11\/02-1536x1152.jpg 1536w\" sizes=\"(max-width: 2048px) 100vw, 2048px\" \/><\/p><p>Por su origen y forma, el desierto de Viana es visto por muchos como una prolongaci\u00f3n del S\u00e1hara en Cabo Verde.<\/p><p><strong>\u00bfC\u00f3mo llegar al desierto de Viana?<\/strong><\/p><p>El desierto de Viana se encuentra en el noroeste de la isla, entre las localidades de Sal Rei y Rabil, y al oeste de la zona de la Bofareira. Es f\u00e1cilmente accesible desde cualquiera de estas localidades en camioneta, quad, caballo o incluso a pie para los m\u00e1s intr\u00e9pidos.<\/p><p><strong>\u00bfQu\u00e9 hacer en el desierto de Viana?<\/strong><\/p><p><strong>1. Senderismo<\/strong><\/p><p>Por su longitud moderada y su proximidad a zonas habitadas, se pueden hacer excursiones de dificultad baja o media, seg\u00fan el punto de partida. Siempre es aconsejable ir con un gu\u00eda local experimentado si no se conoce bien la zona.<\/p><p><strong>2. Excursiones en quad<\/strong><\/p><p>Con excursiones en quad que parten de Sal-Rei y pasan por varias partes de la isla, podr\u00e1 disfrutar de una aut\u00e9ntica aventura por las dunas y los pueblos de Boa Vista.<\/p><p><img decoding=\"async\" class=\"alignnone size-full wp-image-3153\" src=\"http:\/\/feelcaboverde.com\/wp-content\/uploads\/2022\/11\/03.png\" alt=\"\" width=\"1200\" height=\"790\" srcset=\"https:\/\/feelcaboverde.com\/wp-content\/uploads\/2022\/11\/03.png 1200w, https:\/\/feelcaboverde.com\/wp-content\/uploads\/2022\/11\/03-300x198.png 300w, https:\/\/feelcaboverde.com\/wp-content\/uploads\/2022\/11\/03-1024x674.png 1024w, https:\/\/feelcaboverde.com\/wp-content\/uploads\/2022\/11\/03-768x506.png 768w\" sizes=\"(max-width: 1200px) 100vw, 1200px\" \/><\/p><p><strong>3. Excursiones de recogida por el desierto y los pueblos<\/strong><\/p><p>Con rutas que parten de diferentes hoteles y puntos estrat\u00e9gicos de Sal Rei, no s\u00f3lo podr\u00e1 disfrutar de un recorrido por el desierto, sino tambi\u00e9n conocer Boa Vista. Las excursiones en coche incluyen el desierto de Viana, la alfarer\u00eda tradicional de Rabil, los id\u00edlicos pueblos del norte de Boavista, el faro de Morro Negro, entre otros.<\/p><p><img decoding=\"async\" class=\"alignnone size-full wp-image-3155\" src=\"http:\/\/feelcaboverde.com\/wp-content\/uploads\/2022\/11\/04.jpg\" alt=\"\" width=\"2048\" height=\"1536\" srcset=\"https:\/\/feelcaboverde.com\/wp-content\/uploads\/2022\/11\/04.jpg 2048w, https:\/\/feelcaboverde.com\/wp-content\/uploads\/2022\/11\/04-300x225.jpg 300w, https:\/\/feelcaboverde.com\/wp-content\/uploads\/2022\/11\/04-1024x768.jpg 1024w, https:\/\/feelcaboverde.com\/wp-content\/uploads\/2022\/11\/04-768x576.jpg 768w, https:\/\/feelcaboverde.com\/wp-content\/uploads\/2022\/11\/04-1536x1152.jpg 1536w\" sizes=\"(max-width: 2048px) 100vw, 2048px\" \/>Imagen: Jo\u00e3o Galego, al norte de Boa Vista<\/p><p><strong>Consejos para los visitantes del desierto de Viana<\/strong><\/p><p>Aunque esto ya es de sentido com\u00fan, siempre es bueno insistir en que hay que llevar agua suficiente para mantenerse hidratado, ya que el sol puede ser intenso. Del mismo modo, es esencial llevar crema solar, gafas de sol, sombrero y ropa adecuada.<\/p><p>Aunque el desierto de Viana no es muy extenso, es aconsejable ir con un gu\u00eda local experimentado si no se conoce bien la zona.<\/p><p>No se limite al desierto. Puede ampliar el recorrido a varios otros lugares que merecen una visita, como las coloridas aldeas de Jo\u00e3o Galego, Fundo das Figueiras y Cabe\u00e7a dos Tarafes, el faro de Morro Negro y Rabil.<\/p><p>Para los que prefieren evitar el sol o incluso para los que buscan algo diferente, puede participar en una excursi\u00f3n matinal o nocturna al desierto de Viana. En las noches estrelladas y\/o de luna llena, el cielo se convierte en un espect\u00e1culo en s\u00ed mismo.<\/p><p>El Desierto de Viana fue votado como una de las maravillas de Cabo Verde en la categor\u00eda \"Dunas y corredores dunares, que abarcan acumulaciones de dunas fosilizadas o vivas, localizadas o en corredores\".<\/p>\t\t\t\t\t\t<\/div>\n\t\t\t\t<\/div>\n\t\t\t\t\t<\/div>\n\t\t<\/div>\n\t\t\t\t\t\t\t<\/div>\n\t\t<\/section>\n\t\t\t\t\t\t\t<\/div>","protected":false},"excerpt":{"rendered":"<p>El desierto de Viana es un desierto de arena situado en el noreste de la isla de Boa Vista. Debido a sus caracter\u00edsticas \u00fanicas, este desierto es una de las zonas protegidas de Cabo Verde. El Desierto de Viana se extiende a lo largo de unos 5 kil\u00f3metros, donde la arena predominantemente blanca se ve interrumpida por salpicaduras de arena [...]<\/p>","protected":false},"author":1,"featured_media":0,"parent":0,"menu_order":0,"comment_status":"closed","ping_status":"closed","template":"","meta":{"footnotes":""},"categories":[21],"tags":[],"class_list":["post-3149","page","type-page","status-publish","hentry","category-7-maravilhas"],"_links":{"self":[{"href":"https:\/\/feelcaboverde.com\/es\/wp-json\/wp\/v2\/pages\/3149","targetHints":{"allow":["GET"]}}],"collection":[{"href":"https:\/\/feelcaboverde.com\/es\/wp-json\/wp\/v2\/pages"}],"about":[{"href":"https:\/\/feelcaboverde.com\/es\/wp-json\/wp\/v2\/types\/page"}],"author":[{"embeddable":true,"href":"https:\/\/feelcaboverde.com\/es\/wp-json\/wp\/v2\/users\/1"}],"replies":[{"embeddable":true,"href":"https:\/\/feelcaboverde.com\/es\/wp-json\/wp\/v2\/comments?post=3149"}],"version-history":[{"count":7,"href":"https:\/\/feelcaboverde.com\/es\/wp-json\/wp\/v2\/pages\/3149\/revisions"}],"predecessor-version":[{"id":4670,"href":"https:\/\/feelcaboverde.com\/es\/wp-json\/wp\/v2\/pages\/3149\/revisions\/4670"}],"wp:attachment":[{"href":"https:\/\/feelcaboverde.com\/es\/wp-json\/wp\/v2\/media?parent=3149"}],"wp:term":[{"taxonomy":"category","embeddable":true,"href":"https:\/\/feelcaboverde.com\/es\/wp-json\/wp\/v2\/categories?post=3149"},{"taxonomy":"post_tag","embeddable":true,"href":"https:\/\/feelcaboverde.com\/es\/wp-json\/wp\/v2\/tags?post=3149"}],"curies":[{"name":"wp","href":"https:\/\/api.w.org\/{rel}","templated":true}]}}