{"id":285,"date":"2021-08-17T01:04:14","date_gmt":"2021-08-17T01:04:14","guid":{"rendered":"https:\/\/feelcaboverde.com\/?page_id=285"},"modified":"2023-04-13T19:19:37","modified_gmt":"2023-04-13T19:19:37","slug":"historia-de-cabo-verde","status":"publish","type":"page","link":"https:\/\/feelcaboverde.com\/es\/historia-de-cabo-verde\/","title":{"rendered":"Historia de Cabo Verde"},"content":{"rendered":"<div data-elementor-type=\"wp-page\" data-elementor-id=\"285\" class=\"elementor elementor-285\">\n\t\t\t\t\t\t\t<div class=\"elementor-element elementor-element-5828926 e-container--column e-container\" data-id=\"5828926\" data-element_type=\"container\">\t\t\t\t<div class=\"elementor-element elementor-element-507114b elementor-widget elementor-widget-heading\" data-id=\"507114b\" data-element_type=\"widget\" data-widget_type=\"heading.default\">\n\t\t\t\t<div class=\"elementor-widget-container\">\n\t\t\t<style>\/*! elementor - v3.7.1 - 14-08-2022 *\/\n.elementor-heading-title{padding:0;margin:0;line-height:1}.elementor-widget-heading .elementor-heading-title[class*=elementor-size-]>a{color:inherit;font-size:inherit;line-height:inherit}.elementor-widget-heading .elementor-heading-title.elementor-size-small{font-size:15px}.elementor-widget-heading .elementor-heading-title.elementor-size-medium{font-size:19px}.elementor-widget-heading .elementor-heading-title.elementor-size-large{font-size:29px}.elementor-widget-heading .elementor-heading-title.elementor-size-xl{font-size:39px}.elementor-widget-heading .elementor-heading-title.elementor-size-xxl{font-size:59px}<\/style><h2 class=\"elementor-heading-title elementor-size-xl\">Hitos hist\u00f3ricos de Cabo Verde <\/h2>\t\t<\/div>\n\t\t\t\t<\/div>\n\t\t\t\t<div class=\"elementor-element elementor-element-cb008b8 elementor-widget elementor-widget-text-editor\" data-id=\"cb008b8\" data-element_type=\"widget\" data-widget_type=\"text-editor.default\">\n\t\t\t\t<div class=\"elementor-widget-container\">\n\t\t\t<style>\/*! elementor - v3.7.1 - 14-08-2022 *\/\n.elementor-widget-text-editor.elementor-drop-cap-view-stacked .elementor-drop-cap{background-color:#818a91;color:#fff}.elementor-widget-text-editor.elementor-drop-cap-view-framed .elementor-drop-cap{color:#818a91;border:3px solid;background-color:transparent}.elementor-widget-text-editor:not(.elementor-drop-cap-view-default) .elementor-drop-cap{margin-top:8px}.elementor-widget-text-editor:not(.elementor-drop-cap-view-default) .elementor-drop-cap-letter{width:1em;height:1em}.elementor-widget-text-editor .elementor-drop-cap{float:left;text-align:center;line-height:1;font-size:50px}.elementor-widget-text-editor .elementor-drop-cap-letter{display:inline-block}<\/style>\t\t\t\t<h3>Cabo Verde, del descubrimiento a la independencia<\/h3><ul><li><strong>1460<\/strong>Las islas de Cabo Verde fueron <a href=\"https:\/\/www.governo.cv\/o-arquipelago\/historia\/\" rel=\"nofollow noopener\" target=\"_blank\">descubrimientos<\/a> por navegantes portugueses.<\/li><li><strong>1462<\/strong>Comienza la colonizaci\u00f3n de Cabo Verde. <a href=\"https:\/\/feelcaboverde.com\/es\/casco-antiguo\/\">Santiago<\/a> la primera isla en poblarse.<\/li><li><strong>1869<\/strong>abolici\u00f3n de la esclavitud en todos los territorios portugueses, incluido Cabo Verde.<\/li><li><strong>1956, 19 de septiembre<\/strong>Am\u00edlcar Cabral fue cofundador del <a href=\"https:\/\/www.tchiweka.org\/documento-textual\/0016000054\" rel=\"nofollow noopener\" target=\"_blank\">Partido Africano de la Independencia<\/a> (PAI), m\u00e1s tarde llamado Partido Africano para la Independencia de Guinea y Cabo Verde (PAIGC), luchando contra el colonialismo e iniciando el camino hacia la independencia.<\/li><li><strong>1962, marzo<\/strong>Inicio de <a href=\"https:\/\/paigc.gw\/historia\/\" rel=\"nofollow noopener\" target=\"_blank\">lucha armada en Guinea Bissau<\/a> contra la ocupaci\u00f3n portuguesa, a la que se unieron los caboverdianos.<\/li><li><strong>1973, 20 de enero<\/strong>: Am\u00edlcar Cabral asesinado en Conakry <a href=\"https:\/\/muse.jhu.edu\/article\/17219\" rel=\"nofollow noopener\" target=\"_blank\">por miembros del PAIGC<\/a> en una supuesta conspiraci\u00f3n organizada por los servicios secretos portugueses.<\/li><li><strong>1974, 19 de diciembre<\/strong>se firm\u00f3 un acuerdo entre el PAIGC y Portugal, por el que se establec\u00eda un <a href=\"https:\/\/www.governo.cv\/o-arquipelago\/historia\/\" rel=\"nofollow noopener\" target=\"_blank\">gobierno<\/a> transici\u00f3n en Cabo Verde.<\/li><li><b>1975, 30 de junio<\/b><span style=\"font-weight: 400;\">En <\/span><a href=\"https:\/\/portais.parlamento.cv\/historia-an\/1974-VIIILegislatura.php\" rel=\"nofollow noopener\" target=\"_blank\"><span style=\"font-weight: 400;\">Asamblea Popular Nacional<\/span><\/a><span style=\"font-weight: 400;\"> (ANP), compuesto por 56 diputados. <\/span><\/li><\/ul><h3>\u00a0<\/h3><h3>Cabo Verde tras la independencia<\/h3><ul><li><strong>1975, 5 de julio<\/strong>Cabo Verde se convierte en Estado independiente. A <a href=\"https:\/\/portais.parlamento.cv\/constituicao\/historia.php\" rel=\"nofollow noopener\" target=\"_blank\">proclamaci\u00f3n solemne de independencia<\/a> de Cabo Verde tuvo lugar el 5 de julio de 1975.<\/li><li><strong>1975, 5 de julio<\/strong>Aristides Pereira fue elegido primer Presidente de la Rep\u00fablica y Pedro Pires primer Jefe de Gobierno del pa\u00eds, bajo el entonces r\u00e9gimen de partido \u00fanico. Aristides Pereira fue reelegido presidente en 1981 y 1986.<\/li><li><strong>1977, 16 de marzo<\/strong>Cabo Verde ingresa en la Comunidad Econ\u00f3mica de los Estados de \u00c1frica Occidental (<a href=\"https:\/\/ecowas.int\/sobre-a-cedeao\/?lang=pt-pt#:~:text=Cabo%20Verde%20aderiu%20%C3%A0%20uni%C3%A3o,ades%C3%A3o%20em%20agosto%20de%202017.\" rel=\"nofollow noopener\" target=\"_blank\">CEDEAO<\/a>).<\/li><li><strong>1980, 5 de septiembre<\/strong>aprobaci\u00f3n de <a href=\"https:\/\/portais.parlamento.cv\/constituicao\/arquivos\/CRCVConstitui%C3%A7%C3%A3o%20da%20Rep%C3%BAblica%20de%20Cabo%20Verde.pdf\" rel=\"nofollow noopener\" target=\"_blank\">Primera Constituci\u00f3n de la Rep\u00fablica de Cabo Verde<\/a>.\u00a0<\/li><li><p><b>1980, 14 de noviembre:<\/b><span style=\"font-weight: 400;\"> Golpe militar en Guinea-Bissau, dirigido por el entonces primer ministro Jo\u00e3o Bernardo Vieira. Cabo Verde abandona sus planes de unidad con Guinea-Bissau.<\/span><\/p><\/li><li><p><b style=\"background-color: transparent; color: var( --e-global-color-text ); font-family: var( --e-global-typography-text-font-family ), Sans-serif;\">1981<\/b><span style=\"background-color: transparent; color: var( --e-global-color-text ); font-family: var( --e-global-typography-text-font-family ), Sans-serif;\">El PAIGC es sustituido por el Partido Africano para la Independencia de Cabo Verde (PAICV), que se convierte en el \u00fanico partido del pa\u00eds.<\/span><\/p><\/li><li><strong>1981<\/strong>El PAIGC es sustituido por el Partido Africano para la Independencia de Cabo Verde (PAICV), que se convierte en el \u00fanico partido del pa\u00eds.<\/li><li><b>1990, 25 de enero<\/b><span style=\"font-weight: 400;\">El Papa Juan Pablo II visit\u00f3 Cabo Verde, empezando en la isla de Sal y viajando a las islas de Santiago y S\u00e3o Vicente, por primera vez en la historia del pa\u00eds. <\/span><\/li><li><strong>1990, 28 de septiembre<\/strong>Esto se consigui\u00f3 revisando la Constituci\u00f3n y estableciendo una transici\u00f3n constitucional, poniendo fin al r\u00e9gimen de partido \u00fanico y estableciendo el principio de separaci\u00f3n e interdependencia de poderes.<\/li><li><strong>1991, 13 de enero<\/strong>Se han celebrado las primeras elecciones multipartidistas libres en Cabo Verde, y el MpD liderado por Carlos Veiga ha ganado con cerca del <a href=\"https:\/\/expressodasilhas.cv\/politica\/2021\/10\/09\/as-sete-eleicoes-presidenciais-de-cabo-verde\/76944\" rel=\"nofollow noopener\" target=\"_blank\">70% de los votos<\/a>.<\/li><li><strong>1991, 17 de febrero<\/strong>Ant\u00f3nio Mascarenhas Monteiro, apoyado por el MpD, gana y se convierte en el primer Presidente de la Rep\u00fablica de Cabo Verde elegido en elecciones multipartidistas.<\/li><li><strong>1992, 4 de septiembre<\/strong>: <span style=\"font-weight: 400;\">Se promulga la nueva Constituci\u00f3n de la Rep\u00fablica, con cambios significativos como la sustituci\u00f3n del <a href=\"https:\/\/feelcaboverde.com\/es\/simbolos-nacionales-de-cabo-verde\/\">s\u00edmbolos nacionales<\/a>La nueva Constituci\u00f3n se basaba en el principio de separaci\u00f3n e interdependencia de los poderes legislativo, ejecutivo y judicial, la reducci\u00f3n de los poderes del Presidente de la Rep\u00fablica y el principio de separaci\u00f3n e interdependencia de los poderes legislativo, ejecutivo y judicial. La nueva Constituci\u00f3n de la Rep\u00fablica entr\u00f3 en vigor el 25 de septiembre del mismo a\u00f1o.<\/span><\/li><li><strong>1995, 2 de abril<\/strong>erupci\u00f3n del volc\u00e1n Fogo, que dur\u00f3 cerca de un mes y destruy\u00f3 cientos de viviendas y cultivos.<\/li><li><strong>1996, 18 de febrero<\/strong>Ant\u00f3nio Mascarenhas Monteiro es el \u00fanico candidato y es reelegido Presidente de la Rep\u00fablica en una votaci\u00f3n no competitiva: s\u00f3lo las opciones \"A favor\" y \"En contra\". En las elecciones parlamentarias del mismo a\u00f1o, el Movimiento para la Democracia (MPD) obtiene la mayor\u00eda de los esca\u00f1os.<\/li><li><strong>1996, 17 de julio<\/strong>: el <a href=\"https:\/\/www.cplp.org\/Default.aspx?ID=3869\" rel=\"nofollow noopener\" target=\"_blank\">Comunidad de Pa\u00edses de Lengua Portuguesa<\/a> (CPLP), de la que Cabo Verde es miembro.<\/li><\/ul><h3>\u00a0<\/h3><h3>Cabo Verde en el nuevo milenio<\/h3><ul><li><strong>2001, 25 de febrero<\/strong>: Pedro Pires es elegido Presidente de la Rep\u00fablica por el Partido Africano para la Independencia de Cabo Verde (PAICV), allanando el camino para el regreso del partido al poder.<\/li><li><strong>2006, 22 de enero<\/strong>El PAICV, dirigido por el Primer Ministro Jos\u00e9 Maria das Neves, gan\u00f3 las elecciones legislativas.<\/li><li><b>2006, 12 de febrero<\/b>Pedro Pires es reelegido Presidente de la Rep\u00fablica frente a Carlos Veiga, del MPD.<\/li><li><strong>2007,18 de diciembre<\/strong>: o <a href=\"https:\/\/www.wto.org\/english\/thewto_e\/acc_e\/a1_capvert_e.htm\" rel=\"nofollow noopener\" target=\"_blank\">Consejo General<\/a> de la Organizaci\u00f3n Mundial del Comercio (OMC) aprueba la adhesi\u00f3n de Cabo Verde a la organizaci\u00f3n.<\/li><li><strong>2007, 21 de diciembre<\/strong>Cabo Verde sale de la lista de Pa\u00edses Menos Adelantados tras cumplir los tres criterios de elevaci\u00f3n a la categor\u00eda de Pa\u00eds de Desarrollo Medio: PIB per c\u00e1pita; \u00edndice de desarrollo humano (IDH) e \u00edndice de vulnerabilidad econ\u00f3mica (IVE).<\/li><li><strong>2008, 1 de enero<\/strong>Cabo Verde se une oficialmente a la lista de pa\u00edses medianamente desarrollados, convirti\u00e9ndose en el segundo pa\u00eds de la historia que abandona la categor\u00eda de pa\u00eds menos desarrollado, despu\u00e9s de Botsuana en 1994.<\/li><li><strong>2008, 23 de julio<\/strong>: Cabo Verde se ha convertido en el <a href=\"https:\/\/www.wto.org\/english\/thewto_e\/countries_e\/cape_verde_e.htm\" rel=\"nofollow noopener\" target=\"_blank\">Estado 153<\/a> miembro de la Organizaci\u00f3n Mundial del Comercio.<\/li><li>2011, 6 de febrero: El PAICV gana las elecciones parlamentarias y el l\u00edder del partido, Jos\u00e9 Maria Neves, se convierte en Primer Ministro del pa\u00eds.<\/li><li><strong>2009<\/strong>la Ciudad Vieja, antigua Ribeira Grande de Santiago y primera de Cabo Verde, est\u00e1 reconocida como Patrimonio de la Humanidad por la UNESCO.<\/li><li><b>2011, 6 de febrero<\/b><span style=\"font-weight: 400;\">: PAICV gana el <\/span><a href=\"https:\/\/pt.wikipedia.org\/wiki\/Elei%C3%A7%C3%B5es_parlamentares_de_Cabo_Verde_de_2011\" rel=\"nofollow noopener\" target=\"_blank\"><span style=\"font-weight: 400;\">elecciones parlamentarias<\/span><\/a><span style=\"font-weight: 400;\"> y el l\u00edder del partido, Jos\u00e9 Maria Neves, se convirti\u00f3 en Primer Ministro del pa\u00eds.<\/span><\/li><li><strong style=\"color: var( --e-global-color-text ); font-family: var( --e-global-typography-text-font-family ), Sans-serif; font-size: 1rem;\">2011, 22 de agosto<\/strong><span style=\"color: var( --e-global-color-text ); font-family: var( --e-global-typography-text-font-family ), Sans-serif; font-weight: var( --e-global-typography-text-font-weight ); font-size: 1rem;\">: Jorge Carlos Fonseca, del MpD, elegido Presidente de la Rep\u00fablica<\/span><\/li><li><strong>2011, 17 de diciembre<\/strong>Fallece Ces\u00e1ria \u00c9vora, cantante caboverdiana de gran renombre. Se han declarado dos d\u00edas de luto en honor de la reina de la morna caboverdiana.<\/li><li><b>2013, 24 de octubre<\/b><b>: <\/b><span style=\"font-weight: 400;\">Cabo Verde pregunta <\/span><a href=\"https:\/\/www.un.org\/en\/about-us\/member-states\/cabo-verde\" rel=\"nofollow noopener\" target=\"_blank\"><span style=\"font-weight: 400;\">Organizaci\u00f3n de las Naciones Unidas<\/span><\/a><span style=\"font-weight: 400;\"> que su nombre no se traduzca por \"Cabo Verde\", manteniendo el nombre oficial en portugu\u00e9s.<\/span><\/li><li><strong>2014, 23 de noviembre<\/strong>El volc\u00e1n Fogo entr\u00f3 en erupci\u00f3n tras 19 a\u00f1os de inactividad, causando una gran destrucci\u00f3n material. La actividad volc\u00e1nica ces\u00f3 el 8 de febrero, tras la ocurrencia de <a href=\"https:\/\/periodicoseletronicos.ufma.br\/index.php\/rpcsoc\/article\/view\/5140\" rel=\"nofollow noopener\" target=\"_blank\">77 d\u00edas de erupci\u00f3n<\/a>con la destrucci\u00f3n de las ciudades de Portela, Bangaeira e Ilh\u00e9u de Losna.<\/li><li><strong>2016, 2 de octubre<\/strong>: Jorge Carlos Fonseca, del MPD, reelegido Presidente de la Rep\u00fablica<\/li><li><strong>2016, 20 de marzo<\/strong>El Movimiento para la Democracia (MpD) gana las elecciones parlamentarias, y su l\u00edder, Ulisses Correia e Silva, se convierte en Primer Ministro de Cabo Verde.<\/li><li><p><b>2020, 28 de marzo<\/b><span style=\"font-weight: 400;\">: El Presidente de la Rep\u00fablica, Jorge Carlos Fonseca, declar\u00f3 el estado de emergencia en Cabo Verde debido a la epidemia de coronavirus.\u00a0<\/span><\/p><\/li><li><strong>2021, 18 de abril<\/strong>El MpD, liderado por Ulisses Correia e Silva, gana las elecciones parlamentarias y se mantiene como Primer Ministro.<\/li><li><strong>2021, 17 de octubre<\/strong>Jos\u00e9 Maria Neves, del PAICV, es Presidente de la Rep\u00fablica en la primera vuelta, con 51% de los votos.<\/li><\/ul><div>\u00a0<\/div><div>\u00a0<\/div>\t\t\t\t\t\t<\/div>\n\t\t\t\t<\/div>\n\t\t\t\t<div class=\"elementor-element elementor-element-e703389 elementor-widget elementor-widget-heading\" data-id=\"e703389\" data-element_type=\"widget\" data-widget_type=\"heading.default\">\n\t\t\t\t<div class=\"elementor-widget-container\">\n\t\t\t<h2 class=\"elementor-heading-title elementor-size-default\">Historia de Cabo Verde a trav\u00e9s de los tiempos<\/h2>\t\t<\/div>\n\t\t\t\t<\/div>\n\t\t\t\t<div class=\"elementor-element elementor-element-b02be05 elementor-widget elementor-widget-text-editor\" data-id=\"b02be05\" data-element_type=\"widget\" data-widget_type=\"text-editor.default\">\n\t\t\t\t<div class=\"elementor-widget-container\">\n\t\t\t\t\t\t\t<h3>El descubrimiento de Cabo Verde<\/h3><p><span style=\"font-weight: 400;\">El descubrimiento de Cabo Verde es objeto de debate entre los autores. Durante mucho tiempo se crey\u00f3 que el archipi\u00e9lago hab\u00eda sido descubierto por el mercader genov\u00e9s Lu\u00eds Cadamosto. Sin embargo, las investigaciones realizadas en el siglo XIX demostraron que Cadamosto no descubri\u00f3 ninguna de las islas del archipi\u00e9lago.<\/span><\/p><p><span style=\"font-weight: 400;\">La conclusi\u00f3n de que Cadamosto no descubri\u00f3 Cabo Verde se desprende de las contradicciones e incoherencias de sus relatos. Por ejemplo, el genov\u00e9s inform\u00f3 de que en la isla de Santiago \"encontr\u00f3 un r\u00edo de agua dulce - un gran r\u00edo en el que pod\u00eda entrar a voluntad un barco de setenta y cinco toneladas; a lo largo de este r\u00edo sus hombres encontraron peque\u00f1as lagunas de sal muy blanca y hermosa (...)\". Sin embargo, ni en la isla de Santiago ni en ninguna otra isla de Cabo Verde existe un conjunto de aguas con estas caracter\u00edsticas.<\/span><\/p><p><span style=\"font-weight: 400;\">Otras contradicciones de la narraci\u00f3n de Cadamosto pueden leerse en la obra <a href=\"http:\/\/www.portaldoconhecimento.gov.cv\/bitstream\/10961\/2252\/1\/Cadernos%20Coloniais%20-%20Origens%20da%20Coloniza%C3%A7%C3%A3o%20de%20Cabo%20Verde%20por%20Sim%C3%A3o%20Barros.pdf\" rel=\"nofollow noopener\" target=\"_blank\">Or\u00edgenes de la colonia de Cabo Verde<\/a>por Sim\u00e3o Barros.<\/span><\/p><p><span style=\"font-weight: 400;\">Cabo Verde fue descubierto en 1460 por el navegante portugu\u00e9s Diogo Gomes y el genov\u00e9s Ant\u00f3nio da Noli, mientras estaban al servicio del pr\u00edncipe Enrique el Navegante, tambi\u00e9n conocido como <\/span><i><span style=\"font-weight: 400;\">El pr\u00edncipe Enrique, navegante<\/span><\/i><span style=\"font-weight: 400;\">.<\/span><\/p><p><span style=\"font-weight: 400;\">Las islas de Sotavento fueron probablemente las primeras del archipi\u00e9lago en ser descubiertas. Santiago, Maio y Fogo fueron descubiertas el 1 de mayo de 1460. Boavista fue descubierta el 3 de mayo del mismo a\u00f1o.\u00a0<\/span><\/p><p><span style=\"font-weight: 400;\">No se conoce con certeza la fecha exacta del descubrimiento de las dem\u00e1s islas, pero se cree que fue entre mayo de 1460 y 1462, ya que la carta de donaci\u00f3n emitida por Dom Afonso V el 19 de septiembre de 1462 en Portugal ya menciona todas las islas.<\/span><\/p><h3>\u00a0<\/h3><h3>Cabo Verde y las cuestiones previas al descubrimiento<\/h3><p><span style=\"font-weight: 400;\">Otra cuesti\u00f3n de debate hist\u00f3rico es si las islas ya estaban habitadas cuando las descubrieron los navegantes.<\/span><\/p><p><span style=\"font-weight: 400;\">Algunos historiadores sostienen que Cabo Verde estuvo ocupado por bereberes mauritanos antes de la llegada de los portugueses. Esta teor\u00eda se basa en el hecho de que en las islas de Santo Ant\u00e3o y S\u00e3o Nicolau se han encontrado dibujos e inscripciones rupestres que representan caracteres de escritura r\u00fanica o fenicia, para unos, y bereber, para otros.\u00a0<\/span><\/p><p><span style=\"font-weight: 400;\">Quienes sostienen que los portugueses fueron los primeros en pisar Cabo Verde argumentan que la pobreza animal y vegetal del archipi\u00e9lago no permitir\u00eda la supervivencia del hombre, que s\u00f3lo fue posible tras la introducci\u00f3n de plantas y animales en las islas.\u00a0<\/span><\/p><p><span style=\"font-weight: 400;\">De lo anterior se deduce que las islas de Cabo Verde estaban deshabitadas cuando fueron descubiertas, pero al menos hab\u00edan sido visitadas antes por los bereberes mauritanos. Sin embargo, no se asentaron all\u00ed.\u00a0<\/span><\/p><p><span style=\"font-weight: 400;\">\u00a0<\/span><\/p><h3>La colonizaci\u00f3n de Cabo Verde<\/h3><p><span style=\"font-weight: 400;\">Como las islas de Cabo Verde no estaban habitadas cuando las descubrieron los navegantes portugueses, fue necesario poblarlas. El poblamiento de Cabo Verde puede caracterizarse, seg\u00fan su ritmo e importancia, de la siguiente manera <\/span><b>cinco periodos distintos<\/b><span style=\"font-weight: 400;\">.\u00a0<\/span><\/p><p><span style=\"font-weight: 400;\">\u00a0<\/span><\/p><ul><li><h4>Primer periodo de asentamiento de Cabo Verde<\/h4><\/li><\/ul><p><span style=\"font-weight: 400;\">Dur\u00f3 desde 1461, cuando llegaron los primeros colonos, hasta 1495, cuando las islas fueron devueltas a la corona.\u00a0<\/span><\/p><p><span style=\"font-weight: 400;\">Tras el descubrimiento, D. Afonso V don\u00f3 las islas al Infante D. Fernando, que pronto inici\u00f3 el proceso de colonizaci\u00f3n. Dom Fernando envi\u00f3 al genov\u00e9s Ant\u00f3nio da Noli, uno de los descubridores, como capit\u00e1n-donatario a la isla de Santiago. Llevaba en su compa\u00f1\u00eda a algunos criados de Dom Fernando y a algunas parejas de algarvianos, que habr\u00edan sido los primeros colonos de Cabo Verde.\u00a0<\/span><\/p><p><span style=\"font-weight: 400;\">Debido a la aridez del suelo y del clima, Ant\u00f3nio da Noli decidi\u00f3 traer negros esclavizados del continente africano para trabajar en la agricultura. De Sierra Leona y Guinea Bissau se trajeron parejas de jalofos, felupes, papeles y balantas, que dieron origen a los primeros negros caboverdianos.<\/span><\/p><p><span style=\"font-weight: 400;\">Sin embargo, las caracter\u00edsticas de las islas no eran muy atractivas para los colonos portugueses, lo que dificult\u00f3 la tarea de Ant\u00f3nio da Noli. Para atraer colonos al archipi\u00e9lago, el rey Afonso V, en 1466, concedi\u00f3 a todos los que se establecieran en Cabo Verde la exclusividad del comercio y el rescate de esclavos procedentes de Guinea.\u00a0<\/span><\/p><p><span style=\"font-weight: 400;\">La estrategia del rey Afonso V surti\u00f3 efecto. Una corriente de emigrantes en busca de fortuna se dirigi\u00f3 a Cabo Verde. Como resultado, se estableci\u00f3 el transporte de mercanc\u00edas y esclavos negros entre el puerto de Ribeira Grande y \u00c1frica. As\u00ed se produjo el primer asentamiento estable en <\/span><a href=\"https:\/\/feelcaboverde.com\/es\/casco-antiguo\/\"><span style=\"font-weight: 400;\">Ribeira Grande<\/span><\/a><span style=\"font-weight: 400;\">.<\/span><\/p><p><span style=\"font-weight: 400;\">A la muerte de D. Fernando, las islas pasaron a su hermano D. Manuel. \u00c9ste dividi\u00f3 la isla de Santiago en dos capitan\u00edas. La capitan\u00eda norte fue otorgada a Diogo Afonso y comenz\u00f3 a desarrollarse en torno al asentamiento de Alcatraz (Praia Baixo). La del sur, donde se encuentra Ribeira Grande, fue otorgada a Jorge Correia. La colonizaci\u00f3n continu\u00f3 a buen ritmo, con la introducci\u00f3n de animales dom\u00e9sticos, ca\u00f1a de az\u00facar, algod\u00f3n y \u00e1rboles frutales.<\/span><\/p><p><span style=\"font-weight: 400;\">A finales del siglo XV comenz\u00f3 el poblamiento de la isla de Fogo, con criados del Infante D. Fernando y negros de Santiago. La poblaci\u00f3n de las islas empez\u00f3 a aumentar r\u00e1pidamente.\u00a0<\/span><\/p><p><span style=\"font-weight: 400;\">Las islas de Maio y Boavista no se concedieron a los concesionarios para su asentamiento durante este periodo. Se destinaron a la cr\u00eda de animales dom\u00e9sticos. Esta actividad se convertir\u00eda en una de las mayores fuentes de ingresos de la colonia.\u00a0<\/span><\/p><p><span style=\"font-weight: 400;\">En el primer periodo, la corona portuguesa intervino poco en el proceso de colonizaci\u00f3n.<\/span><\/p><p><span style=\"font-weight: 400;\">\u00a0<\/span><\/p><ul><li><h4>Segundo periodo de colonizaci\u00f3n de Cabo Verde<\/h4><\/li><\/ul><p><span style=\"font-weight: 400;\">Dur\u00f3 desde 1495, cuando las islas fueron devueltas a la corona, hasta la usurpaci\u00f3n filipina en 1580.\u00a0\u00a0<\/span><\/p><p><span style=\"font-weight: 400;\">En el segundo periodo, al volver las islas a la corona portuguesa, se inici\u00f3 el sistema de arrendamiento de los derechos sobre el archipi\u00e9lago, concedi\u00e9ndose grandes poderes a los arrendatarios.\u00a0<\/span><\/p><p><span style=\"font-weight: 400;\">Se inicia una nueva fase de desarrollo econ\u00f3mico, social y demogr\u00e1fico en las islas.  Se produjo un aumento considerable de la poblaci\u00f3n. Los inquilinos atrajeron el comercio exterior. Ribeira Grande se convirti\u00f3 en un importante y populoso centro comercial. La prosperidad y la riqueza de Ribeira Grande comenzaron a atraer la codicia de los extranjeros, lo que m\u00e1s tarde se traducir\u00eda en el saqueo de la ciudad.<\/span><\/p><p><span style=\"font-weight: 400;\">Por otro lado, la capitan\u00eda norte -el asentamiento de Alcatraz- comenz\u00f3 a decaer y fue suprimida en 1505. Esto dio lugar al r\u00e1pido desarrollo del asentamiento portuario de Praia de Santa Maria, la actual capital.\u00a0<\/span><\/p><p><span style=\"font-weight: 400;\">Con la llegada del siglo XV, la corona empez\u00f3 a preocuparse por el poblamiento de las dem\u00e1s islas. Para atraer colonos a las islas entonces deshabitadas, los monarcas concedieron los mismos privilegios que a los habitantes de Santiago y Fogo. En otras palabras, disfrutaban de los mismos beneficios comerciales en Guinea.\u00a0<\/span><\/p><p><span style=\"font-weight: 400;\">La isla de S\u00e3o Nicolau fue donada a los condes de Portalegre, que introdujeron all\u00ed muchos esclavos.\u00a0<\/span><\/p><p><span style=\"font-weight: 400;\">Las islas de Maio y Boavista, importantes por su papel en la cr\u00eda de ganado, empezaron a necesitar personas que cuidaran de los animales. En esa \u00e9poca se desarrollaron mucho la producci\u00f3n de mantequilla y carne salada (chacina) y la producci\u00f3n de cuero.\u00a0<\/span><\/p><p><span style=\"font-weight: 400;\">Los primeros mestizos aparecieron durante este periodo, como resultado de los colonos y las mujeres negras tra\u00eddas de \u00c1frica.<\/span><\/p><p><span style=\"font-weight: 400;\">Al igual que en el periodo anterior, el asentamiento durante el segundo periodo se limit\u00f3 a las zonas costeras. No obstante, hubo un intento de centralizaci\u00f3n. Hasta entonces, cada isla representaba una capitan\u00eda. A partir de 1530, el archipi\u00e9lago fue gobernado por capitanes generales residentes en Santiago.\u00a0<\/span><\/p><p><span style=\"font-weight: 400;\">\u00a0<\/span><\/p><ul><li><h4>Tercer periodo de colonizaci\u00f3n de Cabo Verde<\/h4><\/li><\/ul><p><span style=\"font-weight: 400;\">Dur\u00f3 desde 1580 hasta la Restauraci\u00f3n.<\/span><\/p><p><span style=\"font-weight: 400;\">La colonia viv\u00eda en un constante estado de agitaci\u00f3n debido a la falta de seguridad. Ribeira Grande sufri\u00f3 varios saqueos, siendo los m\u00e1s importantes los de los ingleses en 1582 y 1595.\u00a0\u00a0<\/span><\/p><p><span style=\"font-weight: 400;\">Los ataques tambi\u00e9n se produjeron en alta mar, lo que puso en grave peligro el comercio en los territorios de Guinea, que eran el principal atractivo para los colonos. Para proteger sus posesiones, muchos regresaron a Portugal. La colonizaci\u00f3n blanca disminuy\u00f3 considerablemente.<\/span><\/p><p><span style=\"font-weight: 400;\">Por otra parte, los ataques piratas contribuyeron al poblamiento del interior de la isla de Santiago. Los negros que a\u00fan viv\u00edan en la costa, bajo la amenaza de los ataques piratas, huyeron hacia el interior, escondi\u00e9ndose en las monta\u00f1as hasta que fue seguro regresar a sus antiguos hogares.<\/span><\/p><p><span style=\"font-weight: 400;\">A pesar del saqueo pirata, Ribeira Grande sigui\u00f3 creciendo.\u00a0<\/span><\/p><p><span style=\"font-weight: 400;\">En 1596, la isla de Santo Ant\u00e3o fue donada al conde de Santa Cruz. Comenz\u00f3 el poblamiento regular de Santo Ant\u00e3o, con la introducci\u00f3n de un gran n\u00famero de esclavos.\u00a0<\/span><\/p><p><span style=\"font-weight: 400;\">A las islas de Maio y Boavista, que no se consideraban agr\u00edcolas, se enviaban pastores y cazadores para trabajar con el ganado.\u00a0<\/span><\/p><p><span style=\"font-weight: 400;\">En 1592, el archipi\u00e9lago de Cabo Verde se convirti\u00f3 en un gobierno general.<\/span><\/p><p><span style=\"font-weight: 400;\">\u00a0<\/span><\/p><ul><li><h4>Cuarto periodo de colonizaci\u00f3n de Cabo Verde<\/h4><\/li><\/ul><p><span style=\"font-weight: 400;\">Tuvo lugar desde 1640 hasta que la capital del archipi\u00e9lago se traslad\u00f3 a la ciudad de Praia en 1769.\u00a0<\/span><\/p><p><span style=\"font-weight: 400;\">Las islas viven un per\u00edodo de paz. Dom Jo\u00e3o IV ordena construir fuertes y armarlos para evitar nuevos ataques piratas.\u00a0<\/span><\/p><p><span style=\"font-weight: 400;\">Otros intentos de la corona por recuperar la emigraci\u00f3n a las islas fracasaron. Los colonos prefirieron Brasil. Como alternativa, enviaron \"convictos\" para abastecer a la colonizaci\u00f3n blanca. La importaci\u00f3n de esclavos negros continu\u00f3, pero con menor intensidad.\u00a0<\/span><\/p><p><span style=\"font-weight: 400;\">Ribeira Grande empez\u00f3 a decaer. Muchos habitantes hab\u00edan abandonado la ciudad. El comercio se traslad\u00f3 a la ciudad de Praia. La idea de trasladar la capital a Praia, que hab\u00eda surgido a finales del siglo XVI, comenz\u00f3 a materializarse.<\/span><\/p><p><span style=\"font-weight: 400;\">El 6 de febrero de 1652, el rey Jo\u00e3o IV decret\u00f3 una serie de medidas para acelerar el proceso de cambio de capitalidad. Entre ellas: fortificar la ciudad; hacer vivir en ella al obispo y al gobernador; reconstruir las casas deterioradas; centralizar el despacho de cargas en el puerto de Praia, etc.\u00a0<\/span><\/p><p><span style=\"font-weight: 400;\">El \u00e9xodo de Ribeira Grande acentu\u00f3 su decadencia. En 1712, corsarios franceses al mando de Jacques Cassard saquearon gran parte de sus riquezas.  En 1763, una gran inundaci\u00f3n mat\u00f3 a muchas personas y destruy\u00f3 gran parte de las viviendas y edificios. Los barcos que sol\u00edan atracar all\u00ed dejaron de acudir al puerto.<\/span><\/p><p><span style=\"font-weight: 400;\">Sin embargo, la capital no se traslad\u00f3 de Ribeira Grande a Santiago hasta 1770, despu\u00e9s de que el marqu\u00e9s de Pombal decretara el traslado. Ese a\u00f1o, la poblaci\u00f3n de Cabo Verde se estimaba en 80.000 habitantes.<\/span><\/p><p><span style=\"font-weight: 400;\">En 1732, las aldeas de Ribeira da Brava, en S\u00e3o Nicolau, y Ribeira Grande, en Santo Ant\u00e3o, fueron elevadas a la categor\u00eda de ciudades, con el establecimiento de ayuntamientos y otras autoridades.\u00a0<\/span><\/p><p><span style=\"font-weight: 400;\">\u00a0<\/span><\/p><ul><li><h4>Quinto periodo de colonizaci\u00f3n de Cabo Verde<\/h4><\/li><\/ul><p><span style=\"font-weight: 400;\">Tuvo lugar a partir de 1769.\u00a0<\/span><\/p><p><span style=\"font-weight: 400;\">El traslado de la capital infundi\u00f3 una nueva din\u00e1mica al archipi\u00e9lago. Tambi\u00e9n se ocuparon de las dem\u00e1s islas.<\/span><\/p><p><span style=\"font-weight: 400;\">En 1781 se orden\u00f3 poblar las islas deshabitadas con habitantes de las dem\u00e1s islas. En un intento de poblar S\u00e3o Vicente, en 1795 el gobierno orden\u00f3 a 20 parejas de Fogo que se trasladaran a S\u00e3o Vicente para empezar a poblar la isla. Se form\u00f3 un peque\u00f1o asentamiento en la costa oeste de la isla, que m\u00e1s tarde se convertir\u00eda en la ciudad de Mindelo.\u00a0<\/span><\/p><p><span style=\"font-weight: 400;\">El asentamiento de Santa Luzia comenz\u00f3 en 1801, cuando se enviaron colonos y un sacerdote a la isla. Sin embargo, las adversas condiciones clim\u00e1ticas de la isla no favorec\u00edan el asentamiento y los colonos acabaron abandon\u00e1ndola.<\/span><\/p><p><span style=\"font-weight: 400;\">En la isla de Sal, los asentamientos comenzaron en torno a Portinho, actual puerto de Santa Mar\u00eda. Otros asentamientos surgieron en el interior de la isla, dando lugar a Pedra de Lume y Palmeira.<\/span><\/p><p><span style=\"font-weight: 400;\">En 1858, Praia fue elevada a la categor\u00eda de ciudad.\u00a0<\/span><\/p><p><span style=\"font-weight: 400;\">La colonizaci\u00f3n blanca sigui\u00f3 bas\u00e1ndose en \"convictos\" que eran enviados a las islas para cumplir condena. La emigraci\u00f3n negra continu\u00f3 a un ritmo m\u00e1s lento, y s\u00f3lo se detuvo tras el fin de la trata de esclavos.\u00a0<\/span><\/p><p><span style=\"font-weight: 400;\">\u00a0<\/span><\/p><h3>Cabo Verde bajo el dominio colonial portugu\u00e9s<\/h3><p><span style=\"font-weight: 400;\">El archipi\u00e9lago de Cabo Verde permaneci\u00f3 bajo dominio colonial portugu\u00e9s durante unos 500 a\u00f1os, desde 1462, cuando comenz\u00f3 el asentamiento de las islas, hasta su independencia en 1975.\u00a0<\/span><\/p><p><span style=\"font-weight: 400;\">La explotaci\u00f3n econ\u00f3mica fue uno de los pilares del dominio colonial portugu\u00e9s en Cabo Verde. Las islas se utilizaban como punto de comercio de esclavos africanos, que eran transportados a Am\u00e9rica para trabajar en las plantaciones de ca\u00f1a de az\u00facar.\u00a0<\/span><\/p><p><span style=\"font-weight: 400;\">El archipi\u00e9lago se enfrent\u00f3 a muchos problemas bajo el dominio colonial. Entre ellos, varias sequ\u00edas, que causaron la muerte de decenas de miles de habitantes. Destacan la sequ\u00eda de 1770, que acab\u00f3 con unos 32.000 habitantes, y la sequ\u00eda de 1831, que mat\u00f3 a unos 30.000 habitantes.\u00a0<\/span><\/p><p><span style=\"font-weight: 400;\">Asimismo, las epidemias no perdonaron a la poblaci\u00f3n, incluido el c\u00f3lera en 1856, que diezm\u00f3 pueblos enteros en S\u00e3o Nicolau y no perdon\u00f3 a otras islas.\u00a0<\/span><\/p><p><span style=\"font-weight: 400;\">La segunda mitad del siglo XIX fue especialmente dif\u00edcil. En la d\u00e9cada de 1840 se produjo el brusco declive del comercio transatl\u00e1ntico de esclavos. El fin del comercio de esclavos hizo que el archipi\u00e9lago perdiera su importancia estrat\u00e9gica para la metr\u00f3poli.\u00a0<\/span><\/p><p><span style=\"font-weight: 400;\">Portugal no proporcion\u00f3 suficientes suministros y materiales a los habitantes de Cabo Verde. La incapacidad de las islas para producir alimentos suficientes para su poblaci\u00f3n, unida a la falta de infraestructuras sanitarias y de acceso a una atenci\u00f3n m\u00e9dica adecuada, contribuy\u00f3 a las elevadas tasas de mortalidad por enfermedades infecciosas y sequ\u00edas.<\/span><\/p><p><span style=\"font-weight: 400;\">El yugo colonial y las desigualdades sociales resultantes dieron lugar a diversas <\/span><a href=\"https:\/\/www.teses.usp.br\/teses\/disponiveis\/8\/8138\/tde-04022011-093931\/publico\/2010_EduardoAdilsonCamiloPereira.pdf\" rel=\"nofollow noopener\" target=\"_blank\"><span style=\"font-weight: 400;\">revueltas<\/span><\/a><span style=\"font-weight: 400;\">Entre ellas destacan la Revuelta de los Ingenios (1822), la Revuelta de Achada Falc\u00e3o (1841) y la Revuelta de Ribeir\u00e3o Manuel (1910).<\/span><\/p><p><span style=\"font-weight: 400;\">A pesar de las dificultades, la poblaci\u00f3n del archipi\u00e9lago sigui\u00f3 creciendo, hasta el punto de que el crecimiento demogr\u00e1fico ya no requer\u00eda la introducci\u00f3n de inmigrantes. El movimiento migratorio invirti\u00f3 la corriente. En otras palabras, los caboverdianos empezaron a emigrar a otros lugares en busca de mejores condiciones. La emigraci\u00f3n en balleneros estadounidenses en el siglo XIX es uno de los principales movimientos migratorios de la historia de las islas.<\/span><\/p><p><span style=\"font-weight: 400;\">El car\u00e1cter aventurero de los caboverdianos sigue latente en la poblaci\u00f3n actual, en parte debido a las limitaciones del archipi\u00e9lago.\u00a0<\/span><\/p><p><span style=\"font-weight: 400;\">\u00a0<\/span><\/p><h3>Cabo Verde en la lucha por la independencia\u00a0<\/h3><p><span style=\"font-weight: 400;\">Durante el periodo colonial, los caboverdianos se enfrentaron a diversas dificultades, como la esclavitud de muchos de sus ciudadanos y la opresi\u00f3n pol\u00edtica y econ\u00f3mica de las autoridades portuguesas. Las dificultades de asentamiento, las revueltas contra el dominio colonial y el fortalecimiento de una identidad caboverdiana alimentaron la aparici\u00f3n del movimiento nacionalista de liberaci\u00f3n.\u00a0<\/span><\/p><p><span style=\"font-weight: 400;\">Sin embargo, la independencia de Cabo Verde no llegar\u00eda inmediatamente. Fue m\u00e1s bien un proceso gradual que implic\u00f3 la lucha por la liberaci\u00f3n pol\u00edtica y la afirmaci\u00f3n de la identidad nacional.<\/span><\/p><p><span style=\"font-weight: 400;\">Un hito importante en el proceso de independencia de Cabo Verde fue la creaci\u00f3n del Partido Africano para la Independencia de Guinea y Cabo Verde (PAIGC) en 1956 por Am\u00edlcar Cabral, hijo de caboverdianos residentes en Guinea Bissau. El objetivo del partido era unificar las colonias portuguesas de Guinea y Cabo Verde y luchar por su independencia. Cabral argumentaba que esto permitir\u00eda a Cabo Verde luchar por su propia independencia y evitar que la colonia siguiera bajo control portugu\u00e9s.\u00a0<\/span><\/p><p><span style=\"font-weight: 400;\">La estrategia inicial del partido consist\u00eda en pedir la retirada pac\u00edfica de las tropas portuguesas de la colonia de Guinea. Como esta v\u00eda pac\u00edfica no tuvo \u00e9xito, el PAIGC cambi\u00f3 de t\u00e1ctica y empez\u00f3 a utilizar medidas m\u00e1s violentas para lograr la independencia. La lucha armada contra la ocupaci\u00f3n portuguesa comenz\u00f3 en <\/span><a href=\"https:\/\/paigc.gw\/historia\/\" rel=\"nofollow noopener\" target=\"_blank\"><span style=\"font-weight: 400;\">Marzo de 1962<\/span><\/a><span style=\"font-weight: 400;\">cuando el PAIGC lanz\u00f3 su primera campa\u00f1a guerrillera en Guinea-Bissau.\u00a0<\/span><\/p><p><span style=\"font-weight: 400;\">En los a\u00f1os siguientes, la lucha por la independencia se intensific\u00f3, con el PAIGC aumentando su presencia en Cabo Verde y movilizando a la poblaci\u00f3n con vistas a los ideales de libertad. Sin embargo, en ning\u00fan momento hubo lucha armada en Cabo Verde. Algunos estudiosos sostienen que la ausencia de conflictos armados en Cabo Verde contribuy\u00f3 al \u00e9xito posterior del pa\u00eds en el establecimiento de un r\u00e9gimen democr\u00e1tico.<\/span><\/p><p><span style=\"font-weight: 400;\">El 13 de enero de 1973, Am\u00edlcar Cabral fue asesinado en Conakry. A pesar de su muerte, los ideales de lucha e independencia permanecieron. La independencia de Guinea se declar\u00f3 unilateralmente el 24 de septiembre de 1973.\u00a0<\/span><\/p><p><span style=\"font-weight: 400;\">En 1974, la Revoluci\u00f3n de los Claveles en Portugal allan\u00f3 el camino hacia la independencia de las islas. Las demandas de independencia del partido y los disturbios generalizados obligaron al gobierno portugu\u00e9s, hasta entonces reacio, a negociar los t\u00e9rminos de la independencia de Cabo Verde. El 19 de diciembre de 1974 se firm\u00f3 un acuerdo entre el PAIGC y Portugal. <\/span><a href=\"https:\/\/www.governo.cv\/o-arquipelago\/historia\/\" rel=\"nofollow noopener\" target=\"_blank\"><span style=\"font-weight: 400;\">gobierno <\/span><\/a><span style=\"font-weight: 400;\">transici\u00f3n en Cabo Verde.\u00a0<\/span><\/p><p><span style=\"font-weight: 400;\">El Gobierno de transici\u00f3n prepar\u00f3 las elecciones para una Asamblea Nacional Popular que en <\/span><b>El 5 de julio de 1975 se proclama oficialmente la independencia de Cabo Verde<\/b><span style=\"font-weight: 400;\">. Aristides Pereira es elegido primer Presidente de la Rep\u00fablica y Pedro Pires primer Jefe de Gobierno del pa\u00eds, en el entonces r\u00e9gimen de partido \u00fanico.\u00a0<\/span><\/p><p><span style=\"font-weight: 400;\">\u00a0<\/span><\/p><h3>Cabo Verde tras la independencia\u00a0<\/h3><p><span style=\"font-weight: 400;\">Tras la independencia, Cabo Verde celebr\u00f3 elecciones nacionales en las que se eligi\u00f3 una asamblea nacional el 30 de junio de 1975. Debido a su situaci\u00f3n geogr\u00e1fica como Estado insular en medio del oc\u00e9ano Atl\u00e1ntico, la asamblea nacional declar\u00f3 al pa\u00eds neutral en la Guerra Fr\u00eda. Cabo Verde mantuvo buenas relaciones tanto con Estados Unidos como con la Uni\u00f3n Sovi\u00e9tica durante todo el periodo de la Guerra Fr\u00eda, evitando cualquier presencia militar extranjera como afirmaci\u00f3n de su neutralidad.<\/span><\/p><p><span style=\"font-weight: 400;\">Con el golpe de Estado de Guinea Bissau en 1980, Cabo Verde abandon\u00f3 los planes de unidad con Guinea Bissau. El PAIGC fue sustituido por el Partido Africano para la Independencia de Cabo Verde (PAICV), que se convirti\u00f3 entonces en el \u00fanico partido caboverdiano.\u00a0<\/span><\/p><p><span style=\"font-weight: 400;\">Las elecciones parlamentarias continuaron y Ar\u00edstides Pereira fue reelegido Presidente de la Rep\u00fablica en 1981 y 1986. Tras estas \u00faltimas elecciones, creci\u00f3 la presi\u00f3n a favor de las elecciones multipartidistas.<\/span><\/p><p><span style=\"font-weight: 400;\">En enero de 1991 se celebraron en Cabo Verde las primeras elecciones parlamentarias multipartidistas. El Movimiento para la Democracia (MpD), formado en parte por disidentes del PAICV, gan\u00f3 las elecciones y obtuvo la mayor\u00eda en el Parlamento. Carlos Veiga fue elegido Primer Ministro por el Parlamento y, ese mismo a\u00f1o, el candidato apoyado por el MpD, Ant\u00f3nio Mascarenhas Monteiro, gan\u00f3 las elecciones presidenciales. Desde entonces se han celebrado elecciones multipartidistas, con un traspaso de poder pac\u00edfico.\u00a0<\/span><\/p><p><span style=\"font-weight: 400;\">En pol\u00edtica exterior, Cabo Verde ha mantenido relaciones amistosas con varios pa\u00edses, entre ellos Portugal, Brasil, Estados Unidos y varios pa\u00edses africanos. El pa\u00eds tambi\u00e9n ha sido un activo defensor de la integraci\u00f3n regional en \u00c1frica Occidental y ha colaborado estrechamente con la Comunidad Econ\u00f3mica de los Estados de \u00c1frica Occidental (CEDEAO).<\/span><\/p><p><span style=\"font-weight: 400;\">La independencia no fue la soluci\u00f3n a todos los problemas de Cabo Verde. El pa\u00eds se enfrenta a muchos retos, como la escasez de recursos naturales, un clima \u00e1rido y una econom\u00eda que sigue dependiendo de la ayuda exterior. Sin embargo, la estabilidad pol\u00edtica del pa\u00eds ha contribuido a crear un entorno favorable al desarrollo econ\u00f3mico.<\/span><span style=\"color: var( --e-global-color-text ); font-family: var( --e-global-typography-text-font-family ), Sans-serif; text-align: var(--text-align); font-size: 1rem;\">\u00eda de Cabo Verde. A partir de los a\u00f1os noventa, Cabo Verde empez\u00f3 a experimentar un crecimiento econ\u00f3mico constante, impulsado por el turismo y el sector servicios.<\/span><\/p><p><span style=\"font-weight: 400;\">En resumen, desde su independencia en 1975, Cabo Verde ha recorrido un largo camino, a pesar de los retos. De ser un peque\u00f1o archipi\u00e9lago en medio del oc\u00e9ano Atl\u00e1ntico, el pa\u00eds se ha convertido en una democracia estable y un ejemplo de \u00e9xito econ\u00f3mico en \u00c1frica. Cabo Verde sigue afrontando retos, es cierto, pero su historia de \u00e9xito es un testimonio del potencial humano y la resistencia del pueblo caboverdiano.<\/span><\/p>\t\t\t\t\t\t<\/div>\n\t\t\t\t<\/div>\n\t\t<\/div>\t\t\t\t\t<\/div>","protected":false},"excerpt":{"rendered":"<p>Hitos hist\u00f3ricos de Cabo Verde Cabo Verde del descubrimiento a la independencia 1460: las islas de Cabo Verde son descubiertas por navegantes portugueses. 1462: comienza la colonizaci\u00f3n de Cabo Verde, siendo Santiago la primera isla poblada. 1869: abolici\u00f3n de la esclavitud en todos los territorios portugueses, incluido Cabo Verde. 1956, 19 de septiembre: Am\u00edlcar Cabral [...]<\/p>","protected":false},"author":1,"featured_media":0,"parent":0,"menu_order":0,"comment_status":"closed","ping_status":"closed","template":"","meta":{"footnotes":""},"categories":[],"tags":[],"class_list":["post-285","page","type-page","status-publish","hentry"],"_links":{"self":[{"href":"https:\/\/feelcaboverde.com\/es\/wp-json\/wp\/v2\/pages\/285","targetHints":{"allow":["GET"]}}],"collection":[{"href":"https:\/\/feelcaboverde.com\/es\/wp-json\/wp\/v2\/pages"}],"about":[{"href":"https:\/\/feelcaboverde.com\/es\/wp-json\/wp\/v2\/types\/page"}],"author":[{"embeddable":true,"href":"https:\/\/feelcaboverde.com\/es\/wp-json\/wp\/v2\/users\/1"}],"replies":[{"embeddable":true,"href":"https:\/\/feelcaboverde.com\/es\/wp-json\/wp\/v2\/comments?post=285"}],"version-history":[{"count":97,"href":"https:\/\/feelcaboverde.com\/es\/wp-json\/wp\/v2\/pages\/285\/revisions"}],"predecessor-version":[{"id":4803,"href":"https:\/\/feelcaboverde.com\/es\/wp-json\/wp\/v2\/pages\/285\/revisions\/4803"}],"wp:attachment":[{"href":"https:\/\/feelcaboverde.com\/es\/wp-json\/wp\/v2\/media?parent=285"}],"wp:term":[{"taxonomy":"category","embeddable":true,"href":"https:\/\/feelcaboverde.com\/es\/wp-json\/wp\/v2\/categories?post=285"},{"taxonomy":"post_tag","embeddable":true,"href":"https:\/\/feelcaboverde.com\/es\/wp-json\/wp\/v2\/tags?post=285"}],"curies":[{"name":"wp","href":"https:\/\/api.w.org\/{rel}","templated":true}]}}