{"id":1961,"date":"2022-09-29T11:48:42","date_gmt":"2022-09-29T11:48:42","guid":{"rendered":"https:\/\/feelcaboverde.com\/?page_id=1961"},"modified":"2023-04-02T16:37:49","modified_gmt":"2023-04-02T16:37:49","slug":"geografia-e-geologia-de-cabo-verde","status":"publish","type":"page","link":"https:\/\/feelcaboverde.com\/es\/geografia-y-geologia-de-cabo-verde\/","title":{"rendered":"Geograf\u00eda y geolog\u00eda de Cabo Verde"},"content":{"rendered":"<div data-elementor-type=\"wp-page\" data-elementor-id=\"1961\" class=\"elementor elementor-1961\">\n\t\t\t\t\t\t\t<div class=\"elementor-element elementor-element-7a76645 e-container--column e-container\" data-id=\"7a76645\" data-element_type=\"container\">\t\t\t\t<div class=\"elementor-element elementor-element-7c477fc elementor-widget elementor-widget-heading\" data-id=\"7c477fc\" data-element_type=\"widget\" data-widget_type=\"heading.default\">\n\t\t\t\t<div class=\"elementor-widget-container\">\n\t\t\t<style>\/*! elementor - v3.7.1 - 14-08-2022 *\/\n.elementor-heading-title{padding:0;margin:0;line-height:1}.elementor-widget-heading .elementor-heading-title[class*=elementor-size-]>a{color:inherit;font-size:inherit;line-height:inherit}.elementor-widget-heading .elementor-heading-title.elementor-size-small{font-size:15px}.elementor-widget-heading .elementor-heading-title.elementor-size-medium{font-size:19px}.elementor-widget-heading .elementor-heading-title.elementor-size-large{font-size:29px}.elementor-widget-heading .elementor-heading-title.elementor-size-xl{font-size:39px}.elementor-widget-heading .elementor-heading-title.elementor-size-xxl{font-size:59px}<\/style><h2 class=\"elementor-heading-title elementor-size-default\">1 - Situaci\u00f3n geogr\u00e1fica de Cabo Verde<\/h2>\t\t<\/div>\n\t\t\t\t<\/div>\n\t\t\t\t<div class=\"elementor-element elementor-element-284c0c7 elementor-widget elementor-widget-text-editor\" data-id=\"284c0c7\" data-element_type=\"widget\" data-widget_type=\"text-editor.default\">\n\t\t\t\t<div class=\"elementor-widget-container\">\n\t\t\t<style>\/*! elementor - v3.7.1 - 14-08-2022 *\/\n.elementor-widget-text-editor.elementor-drop-cap-view-stacked .elementor-drop-cap{background-color:#818a91;color:#fff}.elementor-widget-text-editor.elementor-drop-cap-view-framed .elementor-drop-cap{color:#818a91;border:3px solid;background-color:transparent}.elementor-widget-text-editor:not(.elementor-drop-cap-view-default) .elementor-drop-cap{margin-top:8px}.elementor-widget-text-editor:not(.elementor-drop-cap-view-default) .elementor-drop-cap-letter{width:1em;height:1em}.elementor-widget-text-editor .elementor-drop-cap{float:left;text-align:center;line-height:1;font-size:50px}.elementor-widget-text-editor .elementor-drop-cap-letter{display:inline-block}<\/style>\t\t\t\t<p><span style=\"font-weight: 400;\">Cabo Verde es un peque\u00f1o Estado insular situado en el Atl\u00e1ntico Norte, a unos 455 kil\u00f3metros (282 millas) de la costa occidental de \u00c1frica.<\/span><\/p><p><span style=\"font-weight: 400;\">Se encuentra entre el Ecuador y el Tr\u00f3pico de C\u00e1ncer, m\u00e1s concretamente entre los paralelos 14\u00ba 23\u2032 y 17\u00ba 12\u2032 de latitud norte y los meridianos 22\u00ba 40\u2032 y 25\u00ba 22\u2032 al oeste de Greenwich.\u00a0<\/span><\/p><p><span style=\"font-weight: 400;\">El archipi\u00e9lago de Cabo Verde est\u00e1 formado por 10 islas (una de ellas deshabitada) y 16 islotes (5 mayores y 9 menores). La superficie geogr\u00e1fica total del pa\u00eds es de aproximadamente 4.033 km.<\/span><span style=\"font-weight: 400;\">2<\/span><span style=\"font-weight: 400;\">.<\/span><\/p><figure id=\"attachment_1985\" aria-describedby=\"caption-attachment-1985\" style=\"width: 1379px\" class=\"wp-caption alignnone\"><img decoding=\"async\" class=\"wp-image-1985 size-full\" src=\"http:\/\/feelcaboverde.com\/wp-content\/uploads\/2022\/09\/01.png\" alt=\"ubicaci\u00f3n de cabo verde en el mapa\" width=\"1379\" height=\"975\" srcset=\"https:\/\/feelcaboverde.com\/wp-content\/uploads\/2022\/09\/01.png 1379w, https:\/\/feelcaboverde.com\/wp-content\/uploads\/2022\/09\/01-300x212.png 300w, https:\/\/feelcaboverde.com\/wp-content\/uploads\/2022\/09\/01-1024x724.png 1024w, https:\/\/feelcaboverde.com\/wp-content\/uploads\/2022\/09\/01-768x543.png 768w\" sizes=\"(max-width: 1379px) 100vw, 1379px\" \/><figcaption id=\"caption-attachment-1985\" class=\"wp-caption-text\">Mapa y situaci\u00f3n geogr\u00e1fica de Cabo Verde<\/figcaption><\/figure>\t\t\t\t\t\t<\/div>\n\t\t\t\t<\/div>\n\t\t<\/div><div class=\"elementor-element elementor-element-d760dd7 e-container--column e-container\" data-id=\"d760dd7\" data-element_type=\"container\">\t\t\t\t<div class=\"elementor-element elementor-element-70cf0f4 elementor-widget elementor-widget-heading\" data-id=\"70cf0f4\" data-element_type=\"widget\" data-widget_type=\"heading.default\">\n\t\t\t\t<div class=\"elementor-widget-container\">\n\t\t\t<h2 class=\"elementor-heading-title elementor-size-default\">2 - Estructura territorial de Cabo Verde<\/h2>\t\t<\/div>\n\t\t\t\t<\/div>\n\t\t\t\t<div class=\"elementor-element elementor-element-6e71b19 elementor-widget elementor-widget-text-editor\" data-id=\"6e71b19\" data-element_type=\"widget\" data-widget_type=\"text-editor.default\">\n\t\t\t\t<div class=\"elementor-widget-container\">\n\t\t\t\t\t\t\t<p>Cabo Verde est\u00e1 formado por diez islas (Santo Ant\u00e3o, S\u00e3o Vicente, Santa Luzia, S\u00e3o Nicolau, Sal, Boa Vista, Maio, Santiago, Fogo y Brava) y varios islotes.<\/p><p>Las islas se agrupan en dos conjuntos: las islas del Barlovento, al norte, y las islas del Sotavento, al sur.<\/p><p>Cabo Verde tambi\u00e9n est\u00e1 dividido en 22 municipios, cada uno con su propia administraci\u00f3n y responsable de diferentes \u00e1reas, como educaci\u00f3n, sanidad e infraestructuras.<\/p><p>Praia es la capital del pa\u00eds y est\u00e1 situada en la isla de Santiago, la mayor y m\u00e1s poblada del archipi\u00e9lago.\u00a0<\/p><p><b>\u00a0<\/b><\/p><p><b style=\"color: var( --e-global-color-text ); font-family: var( --e-global-typography-text-font-family ), Sans-serif; font-size: 1rem;\">Cabo Verde\u00a0<\/b><\/p><p><span style=\"font-weight: 400;\">Las islas de Cabo Verde se dividen en dos grupos seg\u00fan la direcci\u00f3n del viento: las islas de Barlovento (de donde sopla el viento) y las de Sotavento (el lado opuesto al viento, o hacia donde se dirige).\u00a0<\/span><\/p><p><span style=\"font-weight: 400;\">Las islas de Barlavento est\u00e1n situadas m\u00e1s al norte e incluyen Santo Ant\u00e3o, S\u00e3o Vicente, S\u00e3o Nicolau, Santa Luzia, Sal y Boavista. Las islas de Sotavento est\u00e1n situadas al sur e incluyen las islas de Maio, Santiago, Fogo y Brava.<\/span><span style=\"font-weight: 400;\">.<\/span><\/p><p>\u00a0<\/p><h4><b>Ilh\u00e9us <\/b><b style=\"color: var( --e-global-color-text ); font-family: var( --e-global-typography-text-font-family ), Sans-serif; font-size: 1rem;\">de Cabo Verde\u00a0<\/b><\/h4><p><span style=\"font-weight: 400;\">Cabo Verde cuenta tambi\u00e9n con 16 islotes complementarios, siendo los principales Branco, Raso, Lu\u00eds Carneiro, Grande e Ilh\u00e9u de Cima. Todos los islotes est\u00e1n deshabitados.<\/span><\/p><p><span style=\"font-weight: 400;\">La siguiente tabla muestra la distribuci\u00f3n geogr\u00e1fica de los principales islotes de Cabo Verde.\u00a0<\/span><\/p>\t\t\t\t\t\t<\/div>\n\t\t\t\t<\/div>\n\t\t<\/div><div class=\"elementor-element elementor-element-6e66140 e-container--column e-container\" data-id=\"6e66140\" data-element_type=\"container\">\t\t\t\t<div class=\"elementor-element elementor-element-1f6246e elementor-widget elementor-widget-text-editor\" data-id=\"1f6246e\" data-element_type=\"widget\" data-widget_type=\"text-editor.default\">\n\t\t\t\t<div class=\"elementor-widget-container\">\n\t\t\t\t\t\t\t<table width=\"685\"><tbody><tr><td width=\"171\"><strong>Grupo geogr\u00e1fico<\/strong><\/td><td width=\"170\"><strong>Nombre<\/strong><\/td><td width=\"172\"><strong>Superficie geogr\u00e1fica (km)<sup>2<\/sup>)<\/strong><\/td><td width=\"172\"><strong>Ubicaci\u00f3n<\/strong><\/td><\/tr><tr><td rowspan=\"7\" width=\"171\">Barlovento<\/td><td width=\"170\">Islote de las Aves<\/td><td width=\"172\">&#8211;<\/td><td width=\"172\">Entre S\u00e3o Vicente y Santo Ant\u00e3o<\/td><\/tr><tr><td width=\"170\">Islote Blanco<\/td><td width=\"172\">3<\/td><td rowspan=\"2\" width=\"172\">Entre Santa Luzia y S\u00e3o Nicolau<\/td><\/tr><tr><td width=\"170\">Islote Raso<\/td><td width=\"172\">7<\/td><\/tr><tr><td width=\"170\">Islote Rabo de Junco<\/td><td width=\"172\">&#8211;<\/td><td width=\"172\">Zona costera de Sal<\/td><\/tr><tr><td width=\"170\">Islote Sal Rei<\/td><td width=\"172\">&#8211;<\/td><td rowspan=\"3\" width=\"172\">Zona costera de Boavista<\/td><\/tr><tr><td width=\"170\">Islote de Curral Velho<\/td><td width=\"172\">&#8211;<\/td><\/tr><tr><td width=\"170\">Islote Baluarte<\/td><td width=\"172\">&#8211;<\/td><\/tr><tr><td rowspan=\"9\" width=\"171\">Sotavento<\/td><td width=\"170\">Islote de Santa Mar\u00eda<\/td><td width=\"172\">&#8211;<\/td><td width=\"172\">Zona costera de la ciudad de Praia, Santiago<\/td><\/tr><tr><td width=\"170\">Islote de arena<\/td><td width=\"172\">&#8211;<\/td><td rowspan=\"8\" width=\"172\">Zona costera de Brava<\/td><\/tr><tr><td width=\"170\">Ilh\u00e9u Grande<\/td><td width=\"172\">2<\/td><\/tr><tr><td width=\"170\">Islote de Rombo<\/td><td width=\"172\">&#8211;<\/td><\/tr><tr><td width=\"170\">Ilh\u00e9u de Baixo<\/td><td width=\"172\">&#8211;<\/td><\/tr><tr><td width=\"170\">Ilh\u00e9u de Cima<\/td><td width=\"172\">1.15<\/td><\/tr><tr><td width=\"170\">Islote del Rey<\/td><td width=\"172\">&#8211;<\/td><\/tr><tr><td width=\"170\">Islote Lu\u00eds Carneiro<\/td><td width=\"172\">0.22<\/td><\/tr><tr><td width=\"170\">Islote Sapado<\/td><td width=\"172\">&#8211;<\/td><\/tr><\/tbody><\/table>\t\t\t\t\t\t<\/div>\n\t\t\t\t<\/div>\n\t\t<\/div><div class=\"elementor-element elementor-element-f593f6d e-container--column e-container\" data-id=\"f593f6d\" data-element_type=\"container\">\t\t\t\t<div class=\"elementor-element elementor-element-b9c31ab elementor-widget elementor-widget-heading\" data-id=\"b9c31ab\" data-element_type=\"widget\" data-widget_type=\"heading.default\">\n\t\t\t\t<div class=\"elementor-widget-container\">\n\t\t\t<h2 class=\"elementor-heading-title elementor-size-default\">Divisi\u00f3n administrativa de Cabo Verde\n<\/h2>\t\t<\/div>\n\t\t\t\t<\/div>\n\t\t\t\t<div class=\"elementor-element elementor-element-2f22ccc elementor-widget elementor-widget-text-editor\" data-id=\"2f22ccc\" data-element_type=\"widget\" data-widget_type=\"text-editor.default\">\n\t\t\t\t<div class=\"elementor-widget-container\">\n\t\t\t\t\t\t\t<p><span style=\"font-weight: 400;\">En cuanto a la divisi\u00f3n administrativa, cada isla se divide en concelhos o municipios. <\/span><b>Cabo Verde tiene un total de diez islas, 22 municipios, 24 ciudades y 32 parroquias.<\/b><span style=\"font-weight: 400;\">.\u00a0\u00a0<\/span><\/p><p><span style=\"font-weight: 400;\">La siguiente tabla ilustra la divisi\u00f3n de Cabo Verde por islas, municipios y ciudades seg\u00fan la actualizaci\u00f3n de 2010 (B.O n\u00ba 32 - Serie I [Ley n\u00ba 77\/VII\/2010]) y la poblaci\u00f3n seg\u00fan el <\/span><a href=\"https:\/\/ine.cv\/noticias\/ine-apresenta-os-resultados-definitivos-do-v-recenseamento-geral-da-populacao-habitacao-rgph-2021\/\" rel=\"nofollow noopener\" target=\"_blank\"><span style=\"font-weight: 400;\">censo general de vivienda y poblaci\u00f3n<\/span><\/a><span style=\"font-weight: 400;\">2021.<\/span><\/p>\t\t\t\t\t\t<\/div>\n\t\t\t\t<\/div>\n\t\t<\/div><div class=\"elementor-element elementor-element-915f8c1 e-container--column e-container\" data-id=\"915f8c1\" data-element_type=\"container\">\t\t\t\t<div class=\"elementor-element elementor-element-168f5b5 elementor-widget elementor-widget-text-editor\" data-id=\"168f5b5\" data-element_type=\"widget\" data-widget_type=\"text-editor.default\">\n\t\t\t\t<div class=\"elementor-widget-container\">\n\t\t\t\t\t\t\t<table width=\"671\"><tbody><tr><td width=\"85\"><p><strong>Grupo <\/strong><\/p><\/td><td width=\"94\"><p><strong>Isla<\/strong><\/p><\/td><td width=\"95\"><p><strong>Superficie geogr\u00e1fica (km)<sup>2<\/sup>)<\/strong><\/p><\/td><td width=\"85\"><p><strong>Poblaci\u00f3n (Censo 2021)<\/strong><\/p><\/td><td width=\"104\"><p><strong>Condados<\/strong><\/p><\/td><td width=\"94\"><p><strong>Ciudades<\/strong><\/p><\/td><td width=\"113\"><p><strong>Parroquias por municipio<\/strong><\/p><\/td><\/tr><tr><td rowspan=\"11\" width=\"85\"><p>Barlovento<\/p><\/td><td rowspan=\"4\" width=\"94\"><p>Santo Ant\u00e3o<\/p><\/td><td rowspan=\"4\" width=\"95\"><p>785<\/p><\/td><td rowspan=\"4\" width=\"85\"><p>36 950<\/p><\/td><td width=\"104\"><p>Paul<\/p><\/td><td width=\"94\"><p>Las palomas<\/p><\/td><td width=\"113\"><p>San Antonio de las Palomas<\/p><\/td><\/tr><tr><td width=\"104\"><p>Porto Novo<\/p><\/td><td width=\"94\"><p>Porto Novo<\/p><\/td><td width=\"113\"><p>- San Juan Bautista<\/p><p>- San Andr\u00e9s<\/p><\/td><\/tr><tr><td rowspan=\"2\" width=\"104\"><p>Ribeira Grande<\/p><\/td><td width=\"94\"><p>Ponta do Sol<\/p><\/td><td rowspan=\"2\" width=\"113\"><p>- Nuestra Se\u00f1ora de Livramento<\/p><p>- Nuestra Se\u00f1ora del Rosario<\/p><p>- Santo Crucifijo<\/p><p>- San Pedro Ap\u00f3stol<\/p><\/td><\/tr><tr><td width=\"94\"><p>Povoa\u00e7\u00e3o<\/p><\/td><\/tr><tr><td width=\"94\"><p>S\u00e3o Vicente<\/p><\/td><td width=\"95\"><p>227<\/p><\/td><td width=\"85\"><p>75 845<\/p><\/td><td width=\"104\"><p>S\u00e3o Vicente<\/p><\/td><td width=\"94\"><p>Mindelo<\/p><\/td><td width=\"113\"><p>Nuestra Se\u00f1ora de la Luz<\/p><\/td><\/tr><tr><td width=\"94\"><p>Santa Luzia<\/p><\/td><td width=\"95\"><p>35<\/p><\/td><td width=\"85\"><p>0<\/p><\/td><td width=\"104\"><p>&#8211;<\/p><\/td><td width=\"94\"><p>&#8211;<\/p><\/td><td width=\"113\"><p>&#8211;<\/p><\/td><\/tr><tr><td rowspan=\"2\" width=\"94\"><p>S\u00e3o Nicolau<\/p><\/td><td rowspan=\"2\" width=\"95\"><p>343<\/p><\/td><td rowspan=\"2\" width=\"85\"><p>12 306<\/p><\/td><td width=\"104\"><p>Ribeira Brava<\/p><\/td><td width=\"94\"><p>Ribeira Brava<\/p><\/td><td width=\"113\"><p>- Nuestra Se\u00f1ora de Lapa<\/p><p>- Nuestra Se\u00f1ora del Rosario<\/p><\/td><\/tr><tr><td width=\"104\"><p>Tarrafal de S. Nicolau<\/p><\/td><td width=\"94\"><p>Tarrafal de S. Nicolau<\/p><\/td><td width=\"113\"><p>San Francisco<\/p><\/td><\/tr><tr><td rowspan=\"2\" width=\"94\"><p>Sal<\/p><\/td><td rowspan=\"2\" width=\"95\"><p>220<\/p><\/td><td rowspan=\"2\" width=\"85\"><p>33 615<\/p><\/td><td rowspan=\"2\" width=\"104\"><p>Sal<\/p><\/td><td width=\"94\"><p>Esp\u00e1rragos<\/p><\/td><td rowspan=\"2\" width=\"113\"><p>Nuestra Se\u00f1ora de los Dolores<\/p><\/td><\/tr><tr><td width=\"94\"><p>Santa Mar\u00eda<\/p><\/td><\/tr><tr><td width=\"94\"><p>Boa Vista<\/p><\/td><td width=\"95\"><p>631<\/p><\/td><td width=\"85\"><p>12 798<\/p><\/td><td width=\"104\"><p>Boavista<\/p><\/td><td width=\"94\"><p>Rey Sal<\/p><\/td><td width=\"113\"><p>- Santa Isabel<\/p><p>- San Juan Bautista<\/p><\/td><\/tr><tr><td rowspan=\"14\" width=\"85\"><p>Sotavento<\/p><\/td><td width=\"94\"><p>Maio<\/p><\/td><td width=\"95\"><p>275<\/p><\/td><td width=\"85\"><p>6 330<\/p><\/td><td width=\"104\"><p>Maio<\/p><\/td><td width=\"94\"><p>Puerto Ingl\u00e9s<\/p><\/td><td width=\"113\"><p>Nuestra Se\u00f1ora de la Luz<\/p><\/td><\/tr><tr><td rowspan=\"9\" width=\"94\"><p>Santiago<\/p><\/td><td rowspan=\"9\" width=\"95\"><p>991<\/p><\/td><td rowspan=\"9\" width=\"85\"><p>273 988<\/p><\/td><td width=\"104\"><p>Tarrafal<\/p><\/td><td width=\"94\"><p>Tarrafal<\/p><\/td><td width=\"113\"><p>San Amaro Abad<\/p><\/td><\/tr><tr><td width=\"104\"><p>Santa Catarina<\/p><\/td><td width=\"94\"><p>Assomada<\/p><\/td><td width=\"113\"><p>Santa Catarina<\/p><\/td><\/tr><tr><td width=\"104\"><p>Santa Cruz<\/p><\/td><td width=\"94\"><p>Roca Whiting<\/p><\/td><td width=\"113\"><p>Santiago Maior<\/p><\/td><\/tr><tr><td width=\"104\"><p>Playa<\/p><\/td><td width=\"94\"><p>Playa<\/p><\/td><td width=\"113\"><p>Nuestra Se\u00f1ora de Gracia<\/p><\/td><\/tr><tr><td width=\"104\"><p>S\u00e3o Domingos<\/p><\/td><td width=\"94\"><p>V\u00e1rzea da Igreja<\/p><\/td><td width=\"113\"><p>- Nuestra Se\u00f1ora de la Luz<\/p><p>- San Nicol\u00e1s Tolentino<\/p><\/td><\/tr><tr><td width=\"104\"><p>S\u00e3o Miguel<\/p><\/td><td width=\"94\"><p>Calheta de S\u00e3o Miguel<\/p><\/td><td width=\"113\"><p>San Miguel Arc\u00e1ngel<\/p><\/td><\/tr><tr><td width=\"104\"><p>San Salvador del Mundo<\/p><\/td><td width=\"94\"><p>Iglesia de Achada<\/p><\/td><td width=\"113\"><p>San Salvador del Mundo<\/p><\/td><\/tr><tr><td width=\"104\"><p>S\u00e3o Louren\u00e7o dos \u00d3rg\u00e3os<\/p><\/td><td width=\"94\"><p>Jo\u00e3o Teves<\/p><\/td><td width=\"113\"><p>S\u00e3o Louren\u00e7o dos \u00d3rg\u00e3os<\/p><\/td><\/tr><tr><td width=\"104\"><p>Ribeira Grande de Santiago<\/p><\/td><td width=\"94\"><p>Casco antiguo<\/p><\/td><td width=\"113\"><p>- Sant\u00edsimo Nombre de Jes\u00fas<\/p><p>- San Juan Bautista<\/p><\/td><\/tr><tr><td rowspan=\"3\" width=\"94\"><p>Fogo<\/p><\/td><td rowspan=\"3\" width=\"95\"><p>476<\/p><\/td><td rowspan=\"3\" width=\"85\"><p>33 754<\/p><\/td><td width=\"104\"><p>Monasterios<\/p><\/td><td width=\"94\"><p>Monasterios<\/p><\/td><td width=\"113\"><p>Nuestra Se\u00f1ora del Socorro<\/p><\/td><\/tr><tr><td width=\"104\"><p>San Felipe<\/p><\/td><td width=\"94\"><p>San Felipe<\/p><\/td><td width=\"113\"><p>- S\u00e3o Louren\u00e7o<\/p><p>- Nuestra Se\u00f1ora de la Concepci\u00f3n<\/p><\/td><\/tr><tr><td width=\"104\"><p>Santa Catalina de Fuego<\/p><\/td><td width=\"94\"><p>Santa Catalina de Fuego<\/p><\/td><td width=\"113\"><p>Santa Catalina de Fuego<\/p><\/td><\/tr><tr><td width=\"94\"><p>Brava<\/p><\/td><td width=\"95\"><p>63<\/p><\/td><td width=\"85\"><p>5 647<\/p><\/td><td width=\"104\"><p>Brava<\/p><\/td><td width=\"94\"><p>Nuevo Sintra<\/p><\/td><td width=\"113\"><p>- San Juan Bautista<\/p><p>- Nuestra Se\u00f1ora del Monte<\/p><\/td><\/tr><tr><td width=\"85\"><p><strong>Total<\/strong><\/p><\/td><td width=\"94\"><p><strong>10<\/strong><strong> islas<\/strong><\/p><\/td><td width=\"95\"><p><strong>4033 km<sup>2<\/sup><\/strong><\/p><\/td><td width=\"85\"><p><strong>491.233 habitantes<\/strong><\/p><\/td><td width=\"104\"><p><strong>22 municipios<\/strong><\/p><\/td><td width=\"94\"><p><strong>24 ciudades<\/strong><\/p><\/td><td width=\"113\"><p><strong>32 parroquias<\/strong><\/p><\/td><\/tr><\/tbody><\/table>\t\t\t\t\t\t<\/div>\n\t\t\t\t<\/div>\n\t\t<\/div><div class=\"elementor-element elementor-element-71828b0 e-container--column e-container\" data-id=\"71828b0\" data-element_type=\"container\">\t\t\t\t<div class=\"elementor-element elementor-element-1485c78 elementor-widget elementor-widget-heading\" data-id=\"1485c78\" data-element_type=\"widget\" data-widget_type=\"heading.default\">\n\t\t\t\t<div class=\"elementor-widget-container\">\n\t\t\t<h2 class=\"elementor-heading-title elementor-size-default\">Geolog\u00eda y geomorfolog\u00eda de Cabo Verde<\/h2>\t\t<\/div>\n\t\t\t\t<\/div>\n\t\t\t\t<div class=\"elementor-element elementor-element-4e04625 elementor-widget elementor-widget-text-editor\" data-id=\"4e04625\" data-element_type=\"widget\" data-widget_type=\"text-editor.default\">\n\t\t\t\t<div class=\"elementor-widget-container\">\n\t\t\t\t\t\t\t<p>Las islas de Cabo Verde son de origen volc\u00e1nico, ya que se formaron por la acumulaci\u00f3n de rocas resultantes de erupciones en plataformas submarinas. Estas rocas se elevaron desde una profundidad aproximada de 3.000 metros desde el fondo marino, a partir de una gran elevaci\u00f3n topogr\u00e1fica denominada dorsal de Cabo Verde.<\/p>\n<p>La actividad volc\u00e1nica en el archipi\u00e9lago es el resultado de una <em>punto de acceso<\/em>Se trata de una regi\u00f3n del manto terrestre donde columnas de magma caliente ascienden a trav\u00e9s de la corteza terrestre y entran en erupci\u00f3n en el fondo del mar.<\/p><p><br><\/p>\n<p><\/p>\n<h5><strong>Recursos geol\u00f3gicos de Cabo Verde <\/strong><\/h5>\n<p>Los recursos geol\u00f3gicos de Cabo Verde incluyen principalmente rocas b\u00e1sicas con predominio de rocas bas\u00e1lticas, rocas fonotr\u00e1quicas y productos pirocl\u00e1sticos (bombas, lapilli, arenas y tobas).&nbsp;<\/p>\n<p>Las rocas sedimentarias se encuentran en todo el archipi\u00e9lago (arenas, aluviones, gravas de playa, dep\u00f3sitos de inundaci\u00f3n y dep\u00f3sitos de talud), con mayor incidencia en la isla de Maio, donde aparecen arcillas, margas y calizas jur\u00e1sicas y cret\u00e1cicas. Cabe se\u00f1alar que el porcentaje de rocas sedimentarias es superior al de rocas magm\u00e1ticas en la isla de Maio, a diferencia de las dem\u00e1s.<\/p>\n<p>Los suelos de Cabo Verde suelen ser poco profundos, pobres en materia org\u00e1nica, poco diferenciados y rocosos. Su sustrato es roca volc\u00e1nica (basalto 80%) y roca sedimentaria.<\/p>\n<p>S\u00f3lo 10% de la tierra del territorio es potencialmente arable\/cultivable (unas 40.000 ha). Esta es una de las principales vulnerabilidades del pa\u00eds, ya que la mayor parte de lo que se consume es importado.<\/p><p><br><\/p>\n<p><\/p>\n<h5><strong>Topograf\u00eda y relieve de las islas de Cabo Verde <\/strong><\/h5>\n<p>A pesar de su origen volc\u00e1nico com\u00fan, las islas de Cabo Verde var\u00edan en cuanto a relieve y topograf\u00eda. En t\u00e9rminos topogr\u00e1ficos, las islas pueden dividirse en dos grupos:<\/p>\n<ul>\n<li>Islas llanas: formadas por un grupo de islas de relieve suave, con s\u00f3lo algunos picos bajos dispersos; a este grupo pertenecen las islas de Maio, Boa Vista, Sal y Santa Luzia.<\/li>\n<li>Islas monta\u00f1osas: se caracterizan por un terreno abrupto y escarpado, a menudo con impresionantes acantilados, barrancos y fuertes pendientes.<\/li>\n<\/ul>\n<p>Este grupo incluye las islas de Santo Ant\u00e3o, S\u00e3o Nicolau, Santiago, Fogo y Brava.<\/p>\n<p>La isla de S\u00e3o Vicente ocupa una posici\u00f3n intermedia entre estos dos grupos, tanto por su topograf\u00eda como por su relieve.<\/p>\n<p>A excepci\u00f3n de las islas m\u00e1s llanas (Santa Luzia, Sal, Boavista y Maio), el relieve del archipi\u00e9lago es considerablemente accidentado. Los paisajes var\u00edan mucho entre las islas, desde playas kilom\u00e9tricas (como la playa de Santa M\u00f3nica, en la isla de Boavista) a extensas salinas (en las islas de Sal y Maio), impresionantes acantilados (principalmente en Santo Ant\u00e3o, S\u00e3o Nicolau y Brava) e incluso un volc\u00e1n activo en la isla de Fogo.<\/p><p><br><\/p>\n<p><\/p>\n<h5><strong>Los puntos m\u00e1s altos de Cabo Verde <\/strong><\/h5>\n<p>La siguiente tabla resume los puntos m\u00e1s altos de Cabo Verde, su ubicaci\u00f3n y altitudes respectivas.<\/p>\n<table width=\"602\">\n<tbody>\n<tr>\n<td width=\"201\">\n<p><strong>Lo m\u00e1s destacado de Cabo Verde<\/strong><\/p>\n<\/td>\n<td width=\"201\">\n<p><strong>Isla<\/strong><\/p>\n<\/td>\n<td width=\"201\">\n<p><strong>Altitud sobre el nivel del mar (metros)<\/strong><\/p>\n<\/td>\n<\/tr>\n<tr>\n<td width=\"201\">\n<p>Pico do Fogo<\/p>\n<\/td>\n<td width=\"201\">\n<p>Fogo<\/p>\n<\/td>\n<td width=\"201\">\n<p>2829<\/p>\n<\/td>\n<\/tr>\n<tr>\n<td width=\"201\">\n<p>Corona superior<\/p>\n<\/td>\n<td width=\"201\">\n<p>Santo Ant\u00e3o<\/p>\n<\/td>\n<td width=\"201\">\n<p>1979<\/p>\n<\/td>\n<\/tr>\n<tr>\n<td width=\"201\">\n<p>Pico da Cruz<\/p>\n<\/td>\n<td width=\"201\">\n<p>Santo Ant\u00e3o<\/p>\n<\/td>\n<td width=\"201\">\n<p>1585<\/p>\n<\/td>\n<\/tr>\n<tr>\n<td width=\"201\">\n<p>Pico d'Ant\u00f3nia<\/p>\n<\/td>\n<td width=\"201\">\n<p>Santiago<\/p>\n<\/td>\n<td width=\"201\">\n<p>1394<\/p>\n<\/td>\n<\/tr>\n<tr>\n<td width=\"201\">\n<p>Monte Gordo<\/p>\n<\/td>\n<td width=\"201\">\n<p>S\u00e3o Nicolau<\/p>\n<\/td>\n<td width=\"201\">\n<p>1312<\/p>\n<\/td>\n<\/tr>\n<tr>\n<td width=\"201\">\n<p>Sierra Malagueta<\/p>\n<\/td>\n<td width=\"201\">\n<p>Santiago<\/p>\n<\/td>\n<td width=\"201\">\n<p>1064<\/p>\n<\/td>\n<\/tr>\n<tr>\n<td width=\"201\">\n<p>Monte Fontainhas<\/p>\n<\/td>\n<td width=\"201\">\n<p>Brava<\/p>\n<\/td>\n<td width=\"201\">\n<p>976<\/p>\n<\/td>\n<\/tr>\n<tr>\n<td width=\"201\">\n<p>Monte Verde<\/p>\n<\/td>\n<td width=\"201\">\n<p>S\u00e3o Vicente<\/p>\n<\/td>\n<td width=\"201\">\n<p>750<\/p>\n<\/td>\n<\/tr>\n<tr>\n<td width=\"201\">\n<p>Monte Penoso<\/p>\n<\/td>\n<td width=\"201\">\n<p>Maio<\/p>\n<\/td>\n<td width=\"201\">\n<p>431<\/p>\n<\/td>\n<\/tr>\n<tr>\n<td width=\"201\">\n<p>Topona<\/p>\n<\/td>\n<td width=\"201\">\n<p>Santa Luzia<\/p>\n<\/td>\n<td width=\"201\">\n<p>397<\/p>\n<\/td>\n<\/tr>\n<tr>\n<td width=\"201\">\n<p>Monte Estancia<\/p>\n<\/td>\n<td width=\"201\">\n<p>Boavista<\/p>\n<\/td>\n<td width=\"201\">\n<p>387<\/p>\n<\/td>\n<\/tr>\n<tr>\n<td width=\"201\">\n<p>Monte Grande<\/p>\n<\/td>\n<td width=\"201\">\n<p>Sal<\/p>\n<\/td>\n<td width=\"201\">\n<p>252<\/p>\n<\/td>\n<\/tr>\n<\/tbody>\n<\/table>\n<p>O <strong>El punto m\u00e1s alto de Cabo Verde es el Pico do Fogo<\/strong>a una altitud de 2.829 metros sobre el nivel del mar.<\/p><p><br><\/p>\n<p><\/p>\n<h5><strong>Edad de las islas de Cabo Verde<\/strong><\/h5>\n<p>Aunque hay poco consenso sobre la edad de las islas, se estima que las de Sal, Maio y Boavista son las m\u00e1s antiguas. Como consecuencia de la fuerte erosi\u00f3n e\u00f3lica sufrida a lo largo del tiempo, estas islas son muy arenosas y llanas.<\/p>\n<p>En cambio, las islas de aspecto m\u00e1s \"arrugado\" y rocoso son m\u00e1s recientes, estim\u00e1ndose que las islas de Fogo y Brava son las m\u00e1s j\u00f3venes del archipi\u00e9lago.<\/p>\n<p>La siguiente figura ilustra la edad aproximada de las islas de Cabo Verde.<\/p>\n<figure id=\"attachment_2000\" aria-describedby=\"caption-attachment-2000\" style=\"width: 1379px\" class=\"wp-caption alignnone\"><img decoding=\"async\" src=\"http:\/\/feelcaboverde.com\/wp-content\/uploads\/2022\/09\/02.png\" alt=\"Mapa de edades de las islas de Cabo Verde\" width=\"1379\" height=\"975\"><figcaption id=\"caption-attachment-2000\" class=\"wp-caption-text\">Mapa de edades de las islas de Cabo Verde<\/figcaption><\/figure>\n<p><strong>&nbsp;<\/strong><\/p>\n<h5><strong>Actividad volc\u00e1nica en Cabo Verde<\/strong><\/h5>\n<p>A pesar del origen volc\u00e1nico y de cierta actividad volc\u00e1nica latente en todo el archipi\u00e9lago, esta es en su mayor parte imperceptible. La \u00faltima erupci\u00f3n volc\u00e1nica en el pa\u00eds se produjo en 2014, sin p\u00e9rdidas humanas.<\/p>\n<p>Por lo general, entre los signos premonitorios de la actividad volc\u00e1nica y la explosi\u00f3n del magma en la superficie pueden transcurrir semanas o meses, lo que permite adoptar medidas de protecci\u00f3n.<\/p>\n<p>El Instituto Nacional de Meteorolog\u00eda y Geof\u00edsica de Cabo Verde tiene 18 <a href=\"https:\/\/www.inmg.gov.cv\/index.php\/servicos\/geofisica\" rel=\"nofollow noopener\" target=\"_blank\">estaciones sismom\u00e9tricas<\/a> distribuidas por todo el archipi\u00e9lago que vigilan cualquier actividad volc\u00e1nica en las islas. La isla de Fogo cuenta tambi\u00e9n con tres estaciones inclinom\u00e9tricas que permiten vigilar la deformaci\u00f3n del terreno producida por intrusiones magm\u00e1ticas, como forma complementaria de vigilancia del volc\u00e1n de Fogo. Estas medidas tienen por objeto garantizar la adopci\u00f3n a tiempo de medidas de seguridad en caso de actividad volc\u00e1nica importante.<\/p>\n<p><\/p>\n<h5><b><br><\/b><\/h5><h5><b>Conclusi\u00f3n<\/b><\/h5>\n<p>Cabo Verde posee una notable diversidad geol\u00f3gica, con impresionantes paisajes que van desde escarpadas monta\u00f1as a playas de arena blanca y aguas cristalinas. Esta diversidad ofrece grandes opciones de aventura por todas las islas.<\/p>\n<p>Si est\u00e1 interesado en saber m\u00e1s sobre el tema o desea ayuda para explorar lo mejor que Cabo Verde puede ofrecerle, p\u00f3ngase en contacto con nosotros.<\/p>\n<p><\/p>\t\t\t\t\t\t<\/div>\n\t\t\t\t<\/div>\n\t\t<\/div>\t\t\t\t\t<\/div>","protected":false},"excerpt":{"rendered":"<p>1 - Situaci\u00f3n geogr\u00e1fica de Cabo Verde Cabo Verde es un peque\u00f1o Estado insular situado en el Atl\u00e1ntico Norte, a unos 455 kil\u00f3metros de la costa occidental de \u00c1frica. Se encuentra entre el Ecuador y el Tr\u00f3pico de C\u00e1ncer, m\u00e1s concretamente entre los paralelos 14\u00ba 23\u2032 y 17\u00ba 12\u2032 de latitud norte y los meridianos 22\u00ba 40\u2032 [...]<\/p>","protected":false},"author":1,"featured_media":0,"parent":0,"menu_order":0,"comment_status":"closed","ping_status":"closed","template":"","meta":{"footnotes":""},"categories":[],"tags":[],"class_list":["post-1961","page","type-page","status-publish","hentry"],"_links":{"self":[{"href":"https:\/\/feelcaboverde.com\/es\/wp-json\/wp\/v2\/pages\/1961","targetHints":{"allow":["GET"]}}],"collection":[{"href":"https:\/\/feelcaboverde.com\/es\/wp-json\/wp\/v2\/pages"}],"about":[{"href":"https:\/\/feelcaboverde.com\/es\/wp-json\/wp\/v2\/types\/page"}],"author":[{"embeddable":true,"href":"https:\/\/feelcaboverde.com\/es\/wp-json\/wp\/v2\/users\/1"}],"replies":[{"embeddable":true,"href":"https:\/\/feelcaboverde.com\/es\/wp-json\/wp\/v2\/comments?post=1961"}],"version-history":[{"count":70,"href":"https:\/\/feelcaboverde.com\/es\/wp-json\/wp\/v2\/pages\/1961\/revisions"}],"predecessor-version":[{"id":4327,"href":"https:\/\/feelcaboverde.com\/es\/wp-json\/wp\/v2\/pages\/1961\/revisions\/4327"}],"wp:attachment":[{"href":"https:\/\/feelcaboverde.com\/es\/wp-json\/wp\/v2\/media?parent=1961"}],"wp:term":[{"taxonomy":"category","embeddable":true,"href":"https:\/\/feelcaboverde.com\/es\/wp-json\/wp\/v2\/categories?post=1961"},{"taxonomy":"post_tag","embeddable":true,"href":"https:\/\/feelcaboverde.com\/es\/wp-json\/wp\/v2\/tags?post=1961"}],"curies":[{"name":"wp","href":"https:\/\/api.w.org\/{rel}","templated":true}]}}