{"id":1078,"date":"2022-05-27T13:56:11","date_gmt":"2022-05-27T13:56:11","guid":{"rendered":"https:\/\/feelcaboverde.com\/?page_id=1078"},"modified":"2024-10-06T23:16:04","modified_gmt":"2024-10-06T23:16:04","slug":"mosquitos-malaria","status":"publish","type":"page","link":"https:\/\/feelcaboverde.com\/es\/mosquitos-malaria-cabo-verde\/","title":{"rendered":"Mosquitos y paludismo"},"content":{"rendered":"<div data-elementor-type=\"wp-page\" data-elementor-id=\"1078\" class=\"elementor elementor-1078\">\n\t\t\t\t\t\t\t\t\t<section data-particle_enable=\"false\" data-particle-mobile-disabled=\"false\" class=\"elementor-section elementor-top-section elementor-element elementor-element-43b54aea elementor-section-boxed elementor-section-height-default elementor-section-height-default\" data-id=\"43b54aea\" data-element_type=\"section\">\n\t\t\t\t\t\t<div class=\"elementor-container elementor-column-gap-default\">\n\t\t\t\t\t<div class=\"elementor-column elementor-col-100 elementor-top-column elementor-element elementor-element-6e42e8a5\" data-id=\"6e42e8a5\" data-element_type=\"column\">\n\t\t\t<div class=\"elementor-widget-wrap elementor-element-populated\">\n\t\t\t\t\t\t\t\t<div class=\"elementor-element elementor-element-56626ddb elementor-widget elementor-widget-text-editor\" data-id=\"56626ddb\" data-element_type=\"widget\" data-widget_type=\"text-editor.default\">\n\t\t\t\t<div class=\"elementor-widget-container\">\n\t\t\t<style>\/*! elementor - v3.7.1 - 14-08-2022 *\/\n.elementor-widget-text-editor.elementor-drop-cap-view-stacked .elementor-drop-cap{background-color:#818a91;color:#fff}.elementor-widget-text-editor.elementor-drop-cap-view-framed .elementor-drop-cap{color:#818a91;border:3px solid;background-color:transparent}.elementor-widget-text-editor:not(.elementor-drop-cap-view-default) .elementor-drop-cap{margin-top:8px}.elementor-widget-text-editor:not(.elementor-drop-cap-view-default) .elementor-drop-cap-letter{width:1em;height:1em}.elementor-widget-text-editor .elementor-drop-cap{float:left;text-align:center;line-height:1;font-size:50px}.elementor-widget-text-editor .elementor-drop-cap-letter{display:inline-block}<\/style>\t\t\t\t<h2>Mosquitos en Cabo Verde<\/h2><p><span style=\"font-weight: 400;\">Debido a su clima subtropical, en Cabo Verde hay mosquitos. La concentraci\u00f3n suele ser m\u00e1s notable de julio a diciembre.<\/span><\/p><p><span style=\"font-weight: 400;\">No se exige medicaci\u00f3n profil\u00e1ctica ni vacuna contra las enfermedades transmitidas por mosquitos para entrar en Cabo Verde, teniendo en cuenta la situaci\u00f3n sanitaria y epidemiol\u00f3gica local. No obstante, los viajeros deben comprobar si las autoridades sanitarias de su pa\u00eds de origen recomiendan o exigen alguna medida sanitaria espec\u00edfica.<\/span><\/p><p><span style=\"font-weight: 400;\">En general, se recomienda el uso de repelentes de insectos.<\/span><\/p><p><span style=\"font-weight: 400;\">\u00a0<\/span><\/p><h3>Paludismo en Cabo Verde<\/h3><p><span style=\"font-weight: 400;\">El paludismo es una enfermedad infecciosa febril aguda causada por el protozoo Plasmodium y transmitida por la picadura de mosquitos hembra del g\u00e9nero Anopheles. Los mosquitos Anopheles suelen picar de noche (del atardecer al amanecer).<\/span><\/p><p><span style=\"font-weight: 400;\">La transmisi\u00f3n de la malaria en Cabo Verde en los \u00faltimos a\u00f1os ha sido baja e irregular. A excepci\u00f3n del brote de 2017, la mayor\u00eda o la totalidad de los casos son importados. <\/span><b>Desde 2019, todos los casos de malaria diagnosticados en Cabo Verde han sido importados<\/b><span style=\"font-weight: 400;\"> (personas infectadas procedentes de otros pa\u00edses).<\/span><\/p><p><span style=\"font-weight: 400;\">Tabla: Paludismo en Cabo Verde (casos importados y aut\u00f3ctonos\/locales), 2012 a 2019<\/span><\/p><table><tbody><tr><td><p><b>A\u00f1o<\/b><\/p><\/td><td><p><b>Poblaci\u00f3n<\/b><\/p><\/td><td><p><b>Cajas (importadas y locales)<\/b><\/p><\/td><td><p><b>Incidencia (por 100.000)<\/b><\/p><\/td><td><p><b>Fallecimientos<\/b><\/p><\/td><td><p><b>Tasa de mortalidad (por 100.000)<\/b><\/p><\/td><td><p><b>Tasa de letalidad (%)<\/b><\/p><\/td><\/tr><tr><td><p><b>2012<\/b><\/p><\/td><td><p><span style=\"font-weight: 400;\">505.983<\/span><\/p><\/td><td><p><span style=\"font-weight: 400;\">36<\/span><\/p><\/td><td><p><span style=\"font-weight: 400;\">7,1<\/span><\/p><\/td><td><p><span style=\"font-weight: 400;\">1<\/span><\/p><\/td><td><p><span style=\"font-weight: 400;\">0,2<\/span><\/p><\/td><td><p><span style=\"font-weight: 400;\">2,8<\/span><\/p><\/td><\/tr><tr><td><p><b>2013<\/b><\/p><\/td><td><p><span style=\"font-weight: 400;\">512.173<\/span><\/p><\/td><td><p><span style=\"font-weight: 400;\">46<\/span><\/p><\/td><td><p><span style=\"font-weight: 400;\">9,0<\/span><\/p><\/td><td><p><span style=\"font-weight: 400;\">0<\/span><\/p><\/td><td><p><span style=\"font-weight: 400;\">0,0<\/span><\/p><\/td><td><p><span style=\"font-weight: 400;\">0,0<\/span><\/p><\/td><\/tr><tr><td><p><b>2014<\/b><\/p><\/td><td><p><span style=\"font-weight: 400;\">518.467<\/span><\/p><\/td><td><p><span style=\"font-weight: 400;\">46<\/span><\/p><\/td><td><p><span style=\"font-weight: 400;\">8,9<\/span><\/p><\/td><td><p><span style=\"font-weight: 400;\">1<\/span><\/p><\/td><td><p><span style=\"font-weight: 400;\">0,2<\/span><\/p><\/td><td><p><span style=\"font-weight: 400;\">2,2<\/span><\/p><\/td><\/tr><tr><td><p><b>2015<\/b><\/p><\/td><td><p><span style=\"font-weight: 400;\">524.833<\/span><\/p><\/td><td><p><span style=\"font-weight: 400;\">27<\/span><\/p><\/td><td><p><span style=\"font-weight: 400;\">5,1<\/span><\/p><\/td><td><p><span style=\"font-weight: 400;\">0<\/span><\/p><\/td><td><p><span style=\"font-weight: 400;\">0,0<\/span><\/p><\/td><td><p><span style=\"font-weight: 400;\">0,0<\/span><\/p><\/td><\/tr><tr><td><p><b>2016<\/b><\/p><\/td><td><p><span style=\"font-weight: 400;\">531.239<\/span><\/p><\/td><td><p><span style=\"font-weight: 400;\">75<\/span><\/p><\/td><td><p><span style=\"font-weight: 400;\">14,1<\/span><\/p><\/td><td><p><span style=\"font-weight: 400;\">2<\/span><\/p><\/td><td><p><span style=\"font-weight: 400;\">0,4<\/span><\/p><\/td><td><p><span style=\"font-weight: 400;\">2,7<\/span><\/p><\/td><\/tr><tr><td><p><b>2017<\/b><\/p><\/td><td><p><span style=\"font-weight: 400;\">537.661<\/span><\/p><\/td><td><p><span style=\"font-weight: 400;\">446<\/span><\/p><\/td><td><p><span style=\"font-weight: 400;\">83,0<\/span><\/p><\/td><td><p><span style=\"font-weight: 400;\">2<\/span><\/p><\/td><td><p><span style=\"font-weight: 400;\">0,4<\/span><\/p><\/td><td><p><span style=\"font-weight: 400;\">0,4<\/span><\/p><\/td><\/tr><tr><td><p><b>2018<\/b><\/p><\/td><td><p><span style=\"font-weight: 400;\">544.081<\/span><\/p><\/td><td><p><span style=\"font-weight: 400;\">21<\/span><\/p><\/td><td><p><span style=\"font-weight: 400;\">3,7<\/span><\/p><\/td><td><p><span style=\"font-weight: 400;\">0<\/span><\/p><\/td><td><p><span style=\"font-weight: 400;\">0,0<\/span><\/p><\/td><td><p><span style=\"font-weight: 400;\">0,0<\/span><\/p><\/td><\/tr><tr><td><p><b>2019<\/b><\/p><\/td><td><p><span style=\"font-weight: 400;\">550.483<\/span><\/p><\/td><td><p><span style=\"font-weight: 400;\">39<\/span><\/p><\/td><td><p><span style=\"font-weight: 400;\">7,1<\/span><\/p><\/td><td><p><span style=\"font-weight: 400;\">0<\/span><\/p><\/td><td><p><span style=\"font-weight: 400;\">0,0<\/span><\/p><\/td><td><p><span style=\"font-weight: 400;\">0,0<\/span><\/p><\/td><\/tr><\/tbody><\/table><p><span style=\"font-weight: 400;\">Fuente: <\/span><a href=\"https:\/\/www.minsaude.gov.cv\/index.php\/documentosite\/-1\" rel=\"nofollow noopener\" target=\"_blank\"><span style=\"font-weight: 400;\">Informe estad\u00edstico<\/span><\/a><span style=\"font-weight: 400;\"> del Ministerio de Sanidad de Cabo Verde (2019)<\/span><\/p><p><span style=\"font-weight: 400;\">Con el objetivo de eliminar el paludismo, Cabo Verde ha realizado grandes inversiones en numerosas acciones de investigaci\u00f3n y prevenci\u00f3n, como campa\u00f1as anuales de fumigaci\u00f3n de interiores, control peri\u00f3dico de las larvas del vector, control del paludismo en los puntos de entrada (aeropuertos y puertos), saneamiento ambiental y sensibilizaci\u00f3n de la poblaci\u00f3n.\u00a0<\/span><\/p><p><b>En enero de 2024, el <a href=\"https:\/\/www.who.int\/news\/item\/12-01-2024-who-certifies-cabo-verde-as-malaria-free--marking-a-historic-milestone-in-the-fight-against-malaria\" rel=\"nofollow noopener\" target=\"_blank\">La Organizaci\u00f3n Mundial de la Salud certifica a Cabo Verde como pa\u00eds libre de malaria<\/a><\/b>.<\/p><p><span style=\"font-weight: 400;\">Sin embargo, debido a su situaci\u00f3n geogr\u00e1fica y a sus v\u00ednculos con otros pa\u00edses, Cabo Verde sigue siendo susceptible de reintroducci\u00f3n de la enfermedad, por lo que deben mantenerse las medidas de protecci\u00f3n individual contra los mosquitos.<\/span><\/p><p><span style=\"font-weight: 400;\">\u00a0<\/span><\/p><h3><span style=\"color: inherit; font-family: inherit; font-size: 1.75rem; text-align: var(--text-align);\">Dengue en Cabo Verde<\/span><\/h3><p>El dengue es una enfermedad v\u00edrica transmitida por mosquitos, especialmente el Aedes aegypti. En Cabo Verde, el riesgo de dengue ha aumentado desde <a href=\"https:\/\/www.governo.cv\/ministerio-da-saude-confirma-2-casos-confirmados-de-dengue-no-pais\/\" rel=\"nofollow noopener\" target=\"_blank\">Noviembre de 2023<\/a>Se han producido brotes en algunas islas, principalmente Santiago, Fogo y Brava. Este panorama preocupa tanto a las autoridades locales como a los viajeros.<\/p><p>\u00a0<\/p><h4>Situaci\u00f3n actual del dengue en Cabo Verde<\/h4><p>En noviembre de 2023, Cabo Verde notific\u00f3 casos de la enfermedad en el pa\u00eds tras varios a\u00f1os sin casos aut\u00f3ctonos.\u00a0<\/p><p>Posteriormente, el Gobierno de Cabo Verde declar\u00f3, a trav\u00e9s de la <a href=\"https:\/\/www.governo.cv\/dengue-governo-decide-avancar-com-a-declaracao-de-situacao-de-contingencia\/\" rel=\"nofollow noopener\" target=\"_blank\">Resoluci\u00f3n 58\/2024, una situaci\u00f3n de contingencia en todo el pa\u00eds<\/a>. Esta decisi\u00f3n fue adoptada el 2 de octubre de 2024, con validez inicial hasta diciembre de 2024, por el Consejo de Ministros, como respuesta al agravamiento del riesgo potencial de aumento de los casos de dengue, agravado por las lluvias.<\/p><p>Las autoridades sanitarias han seguido de cerca la situaci\u00f3n y han advertido a la poblaci\u00f3n de los riesgos de la enfermedad. El dengue puede causar s\u00edntomas como fiebre alta y dolores corporales. En la mayor\u00eda de los casos, la enfermedad es leve, pero es importante buscar atenci\u00f3n m\u00e9dica si los s\u00edntomas empeoran debido al riesgo de dengue hemorr\u00e1gico.<\/p><p>\u00a0<\/p><h4>Esfuerzos para contener el brote de dengue en Cabo Verde<\/h4><p>Las organizaciones de salud p\u00fablica han puesto en marcha diversas medidas para contener la propagaci\u00f3n del dengue. Entre ellas figuran:<\/p><ol><li><p><strong>Campa\u00f1as de sensibilizaci\u00f3n<\/strong>Se est\u00e1 informando a la poblaci\u00f3n sobre los s\u00edntomas del dengue y las formas de prevenirlo, como eliminar los criaderos de mosquitos, como el agua estancada.<\/p><\/li><li><p><strong>Acciones de control de vectores<\/strong>Se est\u00e1n llevando a cabo campa\u00f1as de fumigaci\u00f3n en las zonas afectadas para reducir la poblaci\u00f3n de mosquitos. Esto incluye inspecciones peri\u00f3dicas de viviendas y espacios p\u00fablicos para identificar y eliminar los criaderos.<\/p><\/li><li><p><strong>Reforzar el sistema sanitario<\/strong>El gobierno est\u00e1 movilizando recursos para garantizar que los servicios sanitarios est\u00e9n preparados para hacer frente a los casos de dengue, haciendo hincapi\u00e9 en el diagn\u00f3stico r\u00e1pido y el tratamiento adecuado.<\/p><\/li><\/ol><h4>\u00a0<\/h4><h4>Medidas de prevenci\u00f3n del dengue<\/h4><p>Si piensa viajar a Cabo Verde, es importante que tome algunas precauciones:<\/p><ul><li><p><strong>Utilizar repelentes<\/strong>Aplique repelente en las zonas expuestas de la piel, sobre todo al amanecer y al atardecer, cuando los mosquitos est\u00e1n m\u00e1s activos.<\/p><\/li><li><p><strong>Ropa adecuada<\/strong>Opte por ropa de manga larga y pantalones, sobre todo en las zonas donde se han registrado brotes.<\/p><\/li><li><p><strong>Evitar el agua estancada<\/strong>Tenga cuidado con los lugares que acumulan agua, como macetas, neum\u00e1ticos y contenedores. Informa a las autoridades si encuentras zonas con agua estancada que puedan ser criaderos.<\/p><\/li><\/ul><h3>\u00a0<\/h3><h3>Preguntas m\u00e1s frecuentes<\/h3><ul><li aria-level=\"1\"><b>\u00bfCu\u00e1l es el riesgo de contraer la malaria en Cabo Verde?<\/b><\/li><\/ul><p><span style=\"font-weight: 400;\">Seg\u00fan estad\u00edsticas recientes, el riesgo de contraer malaria en Cabo Verde es muy bajo.\u00a0<\/span><\/p><p><span style=\"font-weight: 400;\">A pesar de la reciente ausencia de casos, debido a la presencia del mosquito vector en algunas islas y a la movilidad de las personas con los pa\u00edses vecinos, se recomiendan medidas preventivas como el uso de repelentes, especialmente por la noche (\u00e9poca de picadura del mosquito Anopheles).<\/span><\/p><ul><li aria-level=\"1\"><b>\u00bfQu\u00e9 islas de Cabo Verde tienen paludismo?<\/b><\/li><\/ul><p><span style=\"font-weight: 400;\">Desde 2018, no se han registrado casos locales de malaria en ninguna de las islas de Cabo Verde. Aunque el mosquito vector existe en el pa\u00eds, solo puede transmitir la malaria si pica primero a alguien infectado con el par\u00e1sito que causa la enfermedad.\u00a0<\/span><\/p><p><span style=\"font-weight: 400;\">El mosquito vector Anopheles Gambiae est\u00e1 presente en 7 de las 9 islas habitadas, a excepci\u00f3n de Sal y Brava. En los \u00faltimos a\u00f1os, la transmisi\u00f3n local se ha limitado a Santiago (Praia, 2018) y Boavista (Jo\u00e3o Galego, 2015).\u00a0<\/span><\/p><ul><li aria-level=\"1\"><b>\u00bfNecesito tomar medicaci\u00f3n profil\u00e1ctica o vacunarme contra el paludismo antes de viajar a Cabo Verde?<\/b><\/li><\/ul><p><span style=\"font-weight: 400;\">Debido a la baja incidencia de la enfermedad en el pa\u00eds, Cabo Verde no requiere <a href=\"https:\/\/feelcaboverde.com\/es\/servicios-de-salud-en-cabo-verde\/\">medicaci\u00f3n profil\u00e1ctica<\/a> o vacuna antipal\u00fadica para entrar en el territorio. No obstante, los viajeros deben comprobar si su pa\u00eds de origen recomienda o exige alguna medida sanitaria espec\u00edfica.\u00a0<\/span><span style=\"color: var( --e-global-color-text ); font-family: var( --e-global-typography-text-font-family ), Sans-serif; text-align: var(--text-align); font-size: 1rem;\">Es aconsejable seguir medidas contra las picaduras de mosquitos, como el uso de repelentes.\u00a0<\/span><\/p><ul><li><strong style=\"color: var( --e-global-color-text ); font-family: var( --e-global-typography-text-font-family ), Sans-serif; text-align: var(--text-align); font-size: 1rem;\">\u00bfQu\u00e9 islas de Cabo Verde estar\u00e1n m\u00e1s afectadas por el dengue en 2024?<\/strong><\/li><\/ul><p>Los brotes han sido m\u00e1s notables en Santiago, Fogo y Brava, pero la situaci\u00f3n podr\u00eda cambiar, por lo que es aconsejable comprobar las actualizaciones.<\/p><ul><li><strong>\u00bfC\u00f3mo puedo protegerme del dengue cuando viaje a Cabo Verde?<\/strong><\/li><\/ul><p>Utilice repelente, ropa de manga larga y evite el agua estancada para minimizar el riesgo de picaduras de mosquito.<\/p><ul><li><strong style=\"color: var( --e-global-color-text ); font-family: var( --e-global-typography-text-font-family ), Sans-serif; text-align: var(--text-align); font-size: 1rem;\">\u00bfQu\u00e9 debo hacer si tengo s\u00edntomas de dengue en Cabo Verde?<\/strong><\/li><\/ul><p>Si experimenta s\u00edntomas de dengue, acuda inmediatamente al m\u00e9dico para recibir asesoramiento y tratamiento adecuados.<\/p><ul><li><b>\u00bfD\u00f3nde puedo encontrar informaci\u00f3n actualizada sobre el dengue en Cabo Verde?<\/b><\/li><\/ul><p>Para obtener informaci\u00f3n actualizada sobre<b>\u00a0<\/b><span style=\"color: var( --e-global-color-text ); font-family: var( --e-global-typography-text-font-family ), Sans-serif; font-weight: var( --e-global-typography-text-font-weight ); text-align: var(--text-align); font-size: 1rem;\">\u00a0Dengue en Cabo Verde a trav\u00e9s de<\/span><span style=\"color: var( --e-global-color-text ); font-family: var( --e-global-typography-text-font-family ), Sans-serif; font-weight: var( --e-global-typography-text-font-weight ); text-align: var(--text-align); font-size: 1rem;\">\u00a0<\/span><a style=\"font-family: var( --e-global-typography-text-font-family ), Sans-serif; font-weight: var( --e-global-typography-text-font-weight ); text-align: var(--text-align); font-size: 1rem; background-color: #ffffff;\" href=\"https:\/\/www.facebook.com\/ministeriosaude\" rel=\"nofollow noopener\" target=\"_blank\">Sitio web oficial del Ministerio de Sanidad<\/a>\u00a0en facebook, en <a href=\"https:\/\/insp.gov.cv\/boletim-da-dengue\/\" rel=\"nofollow noopener\" target=\"_blank\">Sitio web del Instituto Nacional de Salud P\u00fablica<\/a> Cabo Verde.\u00a0<\/p><p>\u00a0<\/p><p><b>Fuentes<\/b><span style=\"font-weight: 400;\">:<\/span><\/p><ol><li><span style=\"font-weight: 400;\"> DePina, A. J., Andrade, A. J. B., Dia, A. K., Moreira, A., Faye, O., &amp; Seck, I. (2018). Logro de la preeliminaci\u00f3n de la malaria en Cabo Verde seg\u00fan los datos recogidos de 2010 a 2016. <\/span><a href=\"https:\/\/malariajournal.biomedcentral.com\/articles\/10.1186\/s12936-018-2376-4\" rel=\"nofollow noopener\" target=\"_blank\"><span style=\"font-weight: 400;\">Revista de la malaria<\/span><\/a><span style=\"font-weight: 400;\">, 17(1), 1-12.<\/span><\/li><\/ol><ol start=\"3\"><li><span style=\"font-weight: 400;\"> Ministerio de sanidad y seguridad social. Informe t\u00e9cnico Revisi\u00f3n posterior a la acci\u00f3n de la respuesta a la epidemia de malaria, octubre de 2018.<\/span><\/li><\/ol><ol start=\"4\"><li><span style=\"font-weight: 400;\"> Hacia la eliminaci\u00f3n de la malaria en Cabo Verde | OMS | Oficina Regional para \u00c1frica, disponible en <\/span><a href=\"https:\/\/www.afro.who.int\/pt\/news\/rumo-eliminacao-do-paludismo-em-cabo-verde\" rel=\"nofollow noopener\" target=\"_blank\"><span style=\"font-weight: 400;\">www.afro.who.int\u00a0<\/span><\/a><\/li><li><span style=\"background-color: transparent; color: var( --e-global-color-text ); font-family: var( --e-global-typography-text-font-family ), Sans-serif; font-weight: var( --e-global-typography-text-font-weight ); text-align: var(--text-align);\">Bolet\u00edn Oficial n\u00ba 92, Serie I, 2 de octubre de 2024: Resoluci\u00f3n n\u00ba 85\/2024 del Consejo de Ministros; disponible en\u00a0<\/span><a style=\"font-family: var( --e-global-typography-text-font-family ), Sans-serif; font-weight: var( --e-global-typography-text-font-weight ); text-align: var(--text-align);\" href=\"https:\/\/kiosk.incv.cv\/1.1.92.5991\/\" rel=\"nofollow noopener\" target=\"_blank\">https:\/\/kiosk.incv.cv\/1.1.92.5991\/\u00a0<\/a><\/li><\/ol>\t\t\t\t\t\t<\/div>\n\t\t\t\t<\/div>\n\t\t\t\t\t<\/div>\n\t\t<\/div>\n\t\t\t\t\t\t\t<\/div>\n\t\t<\/section>\n\t\t\t\t\t\t\t<\/div>","protected":false},"excerpt":{"rendered":"<p>Mosquitos en Cabo Verde Debido a su clima subtropical, en Cabo Verde hay mosquitos. La concentraci\u00f3n suele ser m\u00e1s notable de julio a diciembre. No se requiere medicaci\u00f3n profil\u00e1ctica ni vacunaci\u00f3n contra las enfermedades transmitidas por mosquitos para entrar en Cabo Verde, dada la situaci\u00f3n sanitaria y epidemiol\u00f3gica local. Sin embargo, [...]<\/p>","protected":false},"author":1,"featured_media":0,"parent":0,"menu_order":0,"comment_status":"closed","ping_status":"closed","template":"","meta":{"footnotes":""},"categories":[],"tags":[],"class_list":["post-1078","page","type-page","status-publish","hentry"],"_links":{"self":[{"href":"https:\/\/feelcaboverde.com\/es\/wp-json\/wp\/v2\/pages\/1078","targetHints":{"allow":["GET"]}}],"collection":[{"href":"https:\/\/feelcaboverde.com\/es\/wp-json\/wp\/v2\/pages"}],"about":[{"href":"https:\/\/feelcaboverde.com\/es\/wp-json\/wp\/v2\/types\/page"}],"author":[{"embeddable":true,"href":"https:\/\/feelcaboverde.com\/es\/wp-json\/wp\/v2\/users\/1"}],"replies":[{"embeddable":true,"href":"https:\/\/feelcaboverde.com\/es\/wp-json\/wp\/v2\/comments?post=1078"}],"version-history":[{"count":49,"href":"https:\/\/feelcaboverde.com\/es\/wp-json\/wp\/v2\/pages\/1078\/revisions"}],"predecessor-version":[{"id":5024,"href":"https:\/\/feelcaboverde.com\/es\/wp-json\/wp\/v2\/pages\/1078\/revisions\/5024"}],"wp:attachment":[{"href":"https:\/\/feelcaboverde.com\/es\/wp-json\/wp\/v2\/media?parent=1078"}],"wp:term":[{"taxonomy":"category","embeddable":true,"href":"https:\/\/feelcaboverde.com\/es\/wp-json\/wp\/v2\/categories?post=1078"},{"taxonomy":"post_tag","embeddable":true,"href":"https:\/\/feelcaboverde.com\/es\/wp-json\/wp\/v2\/tags?post=1078"}],"curies":[{"name":"wp","href":"https:\/\/api.w.org\/{rel}","templated":true}]}}