{"id":1013,"date":"2022-05-27T13:39:47","date_gmt":"2022-05-27T13:39:47","guid":{"rendered":"https:\/\/feelcaboverde.com\/?page_id=1013"},"modified":"2023-04-02T13:52:30","modified_gmt":"2023-04-02T13:52:30","slug":"fumar-cigarros","status":"publish","type":"page","link":"https:\/\/feelcaboverde.com\/es\/fumar-en-cabo-verde\/","title":{"rendered":"Fumar cigarrillos"},"content":{"rendered":"<div data-elementor-type=\"wp-page\" data-elementor-id=\"1013\" class=\"elementor elementor-1013\">\n\t\t\t\t\t\t\t\t\t<section data-particle_enable=\"false\" data-particle-mobile-disabled=\"false\" class=\"elementor-section elementor-top-section elementor-element elementor-element-43b54aea elementor-section-boxed elementor-section-height-default elementor-section-height-default\" data-id=\"43b54aea\" data-element_type=\"section\">\n\t\t\t\t\t\t<div class=\"elementor-container elementor-column-gap-default\">\n\t\t\t\t\t<div class=\"elementor-column elementor-col-100 elementor-top-column elementor-element elementor-element-6e42e8a5\" data-id=\"6e42e8a5\" data-element_type=\"column\">\n\t\t\t<div class=\"elementor-widget-wrap elementor-element-populated\">\n\t\t\t\t\t\t\t\t<div class=\"elementor-element elementor-element-56626ddb elementor-widget elementor-widget-text-editor\" data-id=\"56626ddb\" data-element_type=\"widget\" data-widget_type=\"text-editor.default\">\n\t\t\t\t<div class=\"elementor-widget-container\">\n\t\t\t<style>\/*! elementor - v3.7.1 - 14-08-2022 *\/\n.elementor-widget-text-editor.elementor-drop-cap-view-stacked .elementor-drop-cap{background-color:#818a91;color:#fff}.elementor-widget-text-editor.elementor-drop-cap-view-framed .elementor-drop-cap{color:#818a91;border:3px solid;background-color:transparent}.elementor-widget-text-editor:not(.elementor-drop-cap-view-default) .elementor-drop-cap{margin-top:8px}.elementor-widget-text-editor:not(.elementor-drop-cap-view-default) .elementor-drop-cap-letter{width:1em;height:1em}.elementor-widget-text-editor .elementor-drop-cap{float:left;text-align:center;line-height:1;font-size:50px}.elementor-widget-text-editor .elementor-drop-cap-letter{display:inline-block}<\/style>\t\t\t\t<h3>Fumar en Cabo Verde<\/h3><p><span style=\"color: var( --e-global-color-text ); font-family: var( --e-global-typography-text-font-family ), Sans-serif; font-weight: var( --e-global-typography-text-font-weight ); text-align: var(--text-align); font-size: 1rem;\">El tabaquismo en Cabo Verde sigue siendo un importante problema de salud p\u00fablica, ya que el tabaco es la segunda droga legal m\u00e1s consumida en el pa\u00eds, por detr\u00e1s del alcohol. El tabaquismo es tambi\u00e9n uno de los principales factores de riesgo de las enfermedades cr\u00f3nicas no transmisibles en Cabo Verde. Estos hechos han contribuido a la reciente actualizaci\u00f3n de las leyes sobre el tabaco en Cabo Verde.\u00a0<\/span><\/p><h3>\u00a0<\/h3><h3>Normas sobre el consumo de tabaco en Cabo Verde (<a href=\"https:\/\/www.ccad.cv\/site\/index.php\/publicacao\/category\/5-bo-drogas\" rel=\"nofollow noopener\" target=\"_blank\">Ley n\u00ba 8\/X\/2022<\/a>)<\/h3><p>El consumo de tabaco en Cabo Verde es legal. Sin embargo, hay que respetar ciertas normas, sobre todo en lo que respecta a los lugares donde est\u00e1 prohibido fumar.<\/p><p style=\"padding-left: 40px;\"><span style=\"background-color: transparent; color: var( --e-global-color-text ); font-family: var( --e-global-typography-text-font-family ), Sans-serif; font-weight: var( --e-global-typography-text-font-weight ); text-align: var(--text-align);\"><strong>1.<\/strong> \u00c9 <\/span><b style=\"background-color: transparent; color: var( --e-global-color-text ); font-family: var( --e-global-typography-text-font-family ), Sans-serif; text-align: var(--text-align);\">prohibido el uso de productos y dispositivos del tabaco\u00a0<span style=\"color: var( --e-global-color-text ); font-family: var( --e-global-typography-text-font-family ), Sans-serif; text-align: var(--text-align); font-size: 1rem;\">dispositivos electr\u00f3nicos en todos los espacios cerrados o semicerrados\u00a0<\/span>y en el transporte p\u00fablico<\/b><span style=\"background-color: transparent; color: var( --e-global-color-text ); font-family: var( --e-global-typography-text-font-family ), Sans-serif; font-weight: var( --e-global-typography-text-font-weight ); text-align: var(--text-align);\">en particular:<\/span><\/p><p style=\"padding-left: 40px;\">a) En los lugares donde se instalan los \u00f3rganos de soberan\u00eda, <span style=\"color: var( --e-global-color-text ); font-family: var( --e-global-typography-text-font-family ), Sans-serif; font-weight: var( --e-global-typography-text-font-weight ); text-align: var(--text-align); font-size: 1rem;\">servicios y organismos de la administraci\u00f3n p\u00fablica\u00a0<\/span><span style=\"color: var( --e-global-color-text ); font-family: var( --e-global-typography-text-font-family ), Sans-serif; font-weight: var( --e-global-typography-text-font-weight ); text-align: var(--text-align); font-size: 1rem;\">y las personas jur\u00eddicas p\u00fablicas;<\/span><\/p><p style=\"padding-left: 40px;\">b) En los establecimientos en los que\u00a0<span style=\"color: var( --e-global-color-text ); font-family: var( --e-global-typography-text-font-family ), Sans-serif; font-weight: var( --e-global-typography-text-font-weight ); text-align: var(--text-align); font-size: 1rem;\">la sanidad, en particular los hospitales,\u00a0<\/span><span style=\"color: var( --e-global-color-text ); font-family: var( --e-global-typography-text-font-family ), Sans-serif; font-weight: var( --e-global-typography-text-font-weight ); text-align: var(--text-align); font-size: 1rem;\">regiones sanitarias, cl\u00ednicas, centros, puestos\u00a0<\/span>y centros de salud, consultas m\u00e9dicas, <span style=\"color: var( --e-global-color-text ); font-family: var( --e-global-typography-text-font-family ), Sans-serif; font-weight: var( --e-global-typography-text-font-weight ); text-align: var(--text-align); font-size: 1rem;\">laboratorios cl\u00ednicos, farmacias y similares;<\/span><\/p><p style=\"padding-left: 40px;\">c) En lugares destinados a menores de dieciocho a\u00f1os, <span style=\"color: var( --e-global-color-text ); font-family: var( --e-global-typography-text-font-family ), Sans-serif; font-weight: var( --e-global-typography-text-font-weight ); text-align: var(--text-align); font-size: 1rem;\">a saber, guarder\u00edas y jardines de infancia, hogares\u00a0<\/span><span style=\"color: var( --e-global-color-text ); font-family: var( --e-global-typography-text-font-family ), Sans-serif; font-weight: var( --e-global-typography-text-font-weight ); text-align: var(--text-align); font-size: 1rem;\">centros infantiles y juveniles, <\/span><span style=\"color: var( --e-global-color-text ); font-family: var( --e-global-typography-text-font-family ), Sans-serif; font-weight: var( --e-global-typography-text-font-weight ); text-align: var(--text-align); font-size: 1rem;\">centros de ocio, colonias y campamentos\u00a0<\/span><span style=\"color: var( --e-global-color-text ); font-family: var( --e-global-typography-text-font-family ), Sans-serif; font-weight: var( --e-global-typography-text-font-weight ); text-align: var(--text-align); font-size: 1rem;\">vacaciones y similares;<\/span><\/p><p style=\"padding-left: 40px;\">d) En hogares y otras instituciones que albergan a personas <span style=\"color: var( --e-global-color-text ); font-family: var( --e-global-typography-text-font-family ), Sans-serif; font-weight: var( --e-global-typography-text-font-weight ); text-align: var(--text-align); font-size: 1rem;\">ancianos, discapacitados o incapacitados;<\/span><\/p><p style=\"padding-left: 40px;\">e) En los centros de ense\u00f1anza, independientemente de <span style=\"color: var( --e-global-color-text ); font-family: var( --e-global-typography-text-font-family ), Sans-serif; font-weight: var( --e-global-typography-text-font-weight ); text-align: var(--text-align); font-size: 1rem;\">la edad de los alumnos y su nivel de estudios,\u00a0<\/span><span style=\"color: var( --e-global-color-text ); font-family: var( --e-global-typography-text-font-family ), Sans-serif; font-weight: var( --e-global-typography-text-font-weight ); text-align: var(--text-align); font-size: 1rem;\">y centros de formaci\u00f3n profesional;<\/span><\/p><p style=\"padding-left: 40px;\">f) En museos, centros culturales, archivos\u00a0<span style=\"color: var( --e-global-color-text ); font-family: var( --e-global-typography-text-font-family ), Sans-serif; font-weight: var( --e-global-typography-text-font-weight ); text-align: var(--text-align); font-size: 1rem;\">y en bibliotecas, salas de conferencias y\u00a0<\/span><span style=\"color: var( --e-global-color-text ); font-family: var( --e-global-typography-text-font-family ), Sans-serif; font-weight: var( --e-global-typography-text-font-weight ); text-align: var(--text-align); font-size: 1rem;\">lectura, encuentros y exposiciones;<\/span><\/p><p style=\"padding-left: 40px;\">g) En cines, teatros, salas de conciertos y locales de espect\u00e1culos\u00a0<span style=\"color: var( --e-global-color-text ); font-family: var( --e-global-typography-text-font-family ), Sans-serif; font-weight: var( --e-global-typography-text-font-weight ); text-align: var(--text-align); font-size: 1rem;\">y en otros lugares destinados a la difusi\u00f3n de las artes\u00a0<\/span><span style=\"color: var( --e-global-color-text ); font-family: var( --e-global-typography-text-font-family ), Sans-serif; font-weight: var( --e-global-typography-text-font-weight ); text-align: var(--text-align); font-size: 1rem;\">y el espect\u00e1culo;<\/span><\/p><p style=\"padding-left: 40px;\">h) En establecimientos de ocio nocturno, <span style=\"color: var( --e-global-color-text ); font-family: var( --e-global-typography-text-font-family ), Sans-serif; font-weight: var( --e-global-typography-text-font-weight ); text-align: var(--text-align); font-size: 1rem;\">como clubes nocturnos, discotecas y similares;<\/span><\/p><p style=\"padding-left: 40px;\">i) En centros de atracciones, casinos, salas de bingo, salones, etc.\u00a0<span style=\"color: var( --e-global-color-text ); font-family: var( --e-global-typography-text-font-family ), Sans-serif; font-weight: var( --e-global-typography-text-font-weight ); text-align: var(--text-align); font-size: 1rem;\">centros de juego y otros tipos de locales destinados a\u00a0<\/span><span style=\"color: var( --e-global-color-text ); font-family: var( --e-global-typography-text-font-family ), Sans-serif; font-weight: var( --e-global-typography-text-font-weight ); text-align: var(--text-align); font-size: 1rem;\">espect\u00e1culos no art\u00edsticos;<\/span><\/p><p style=\"padding-left: 40px;\">j) En las zonas de instalaciones deportivas, estadios, <span style=\"color: var( --e-global-color-text ); font-family: var( --e-global-typography-text-font-family ), Sans-serif; font-weight: var( --e-global-typography-text-font-weight ); text-align: var(--text-align); font-size: 1rem;\">gimnasios y similares;<\/span><\/p><p style=\"padding-left: 40px;\">k) En ferias y exposiciones, siempre que <span style=\"color: var( --e-global-color-text ); font-family: var( --e-global-typography-text-font-family ), Sans-serif; font-weight: var( --e-global-typography-text-font-weight ); text-align: var(--text-align); font-size: 1rem;\">cerrado o semicerrado;<\/span><\/p><p style=\"padding-left: 40px;\">l) En establecimientos comerciales de venta al p\u00fablico, <span style=\"color: var( --e-global-color-text ); font-family: var( --e-global-typography-text-font-family ), Sans-serif; font-weight: var( --e-global-typography-text-font-weight ); text-align: var(--text-align); font-size: 1rem;\">establecimientos cerrados o semicerrados<\/span><\/p><p style=\"padding-left: 40px;\">donde funcionen m\u00e1quinas recreativas y de azar\u00a0<span style=\"color: var( --e-global-color-text ); font-family: var( --e-global-typography-text-font-family ), Sans-serif; font-weight: var( --e-global-typography-text-font-weight ); text-align: var(--text-align); font-size: 1rem;\">videojuegos, billares y cibercaf\u00e9s;<\/span><\/p><p style=\"padding-left: 40px;\">m) En las zonas comunes de hoteles, centros residenciales y\u00a0<span style=\"color: var( --e-global-color-text ); font-family: var( --e-global-typography-text-font-family ), Sans-serif; font-weight: var( --e-global-typography-text-font-weight ); text-align: var(--text-align); font-size: 1rem;\">otros desarrollos tur\u00edsticos en los que\u00a0<\/span><span style=\"color: var( --e-global-color-text ); font-family: var( --e-global-typography-text-font-family ), Sans-serif; font-weight: var( --e-global-typography-text-font-weight ); text-align: var(--text-align); font-size: 1rem;\">servicios de alojamiento;<\/span><\/p><p style=\"padding-left: 40px;\">n) En restaurantes, bares y otros establecimientos\u00a0<span style=\"color: var( --e-global-color-text ); font-family: var( --e-global-typography-text-font-family ), Sans-serif; font-weight: var( --e-global-typography-text-font-weight ); text-align: var(--text-align); font-size: 1rem;\">establecimientos de restauraci\u00f3n o de bebidas, cerrados o\u00a0<\/span><span style=\"color: var( --e-global-color-text ); font-family: var( --e-global-typography-text-font-family ), Sans-serif; font-weight: var( --e-global-typography-text-font-weight ); text-align: var(--text-align); font-size: 1rem;\">semicerrados, incluidos los que tienen habitaciones\u00a0<\/span><span style=\"color: var( --e-global-color-text ); font-family: var( --e-global-typography-text-font-family ), Sans-serif; font-weight: var( --e-global-typography-text-font-weight ); text-align: var(--text-align); font-size: 1rem;\">o espacios de danza;<\/span><\/p><p style=\"padding-left: 40px;\">o) En los comedores, refectorios y bares de las organizaciones <span style=\"color: var( --e-global-color-text ); font-family: var( --e-global-typography-text-font-family ), Sans-serif; font-weight: var( --e-global-typography-text-font-weight ); text-align: var(--text-align); font-size: 1rem;\">organizaciones p\u00fablicas y privadas dedicadas exclusivamente a\u00a0<\/span><span style=\"color: var( --e-global-color-text ); font-family: var( --e-global-typography-text-font-family ), Sans-serif; font-weight: var( --e-global-typography-text-font-weight ); text-align: var(--text-align); font-size: 1rem;\">su personal;<\/span><\/p><p style=\"padding-left: 40px;\">p) En \u00e1reas de servicio y gasolineras\u00a0<span style=\"color: var( --e-global-color-text ); font-family: var( --e-global-typography-text-font-family ), Sans-serif; font-weight: var( --e-global-typography-text-font-weight ); text-align: var(--text-align); font-size: 1rem;\">combustible;<\/span><\/p><p style=\"padding-left: 40px;\">q) En aeropuertos y estaciones mar\u00edtimas;<\/p><p style=\"padding-left: 40px;\">r) En marquesinas y terminales cubiertas para veh\u00edculos de transporte p\u00fablico. <span style=\"color: var( --e-global-color-text ); font-family: var( --e-global-typography-text-font-family ), Sans-serif; font-weight: var( --e-global-typography-text-font-weight ); text-align: var(--text-align); font-size: 1rem;\">transporte p\u00fablico de pasajeros y en parques\u00a0<\/span><span style=\"color: var( --e-global-color-text ); font-family: var( --e-global-typography-text-font-family ), Sans-serif; font-weight: var( --e-global-typography-text-font-weight ); text-align: var(--text-align); font-size: 1rem;\">aparcamientos cubiertos;<\/span><\/p><p style=\"padding-left: 40px;\">s) En ascensores y similares y espacios comunes\u00a0<span style=\"color: var( --e-global-color-text ); font-family: var( --e-global-typography-text-font-family ), Sans-serif; font-weight: var( --e-global-typography-text-font-weight ); text-align: var(--text-align); font-size: 1rem;\">de condominios;<\/span><\/p><p style=\"padding-left: 40px;\">t) En los recintos de las redes autom\u00e1ticas de topograf\u00eda\u00a0<span style=\"color: var( --e-global-color-text ); font-family: var( --e-global-typography-text-font-family ), Sans-serif; font-weight: var( --e-global-typography-text-font-weight ); text-align: var(--text-align); font-size: 1rem;\">de dinero;<\/span><\/p><p style=\"padding-left: 40px;\"><strong>\u00a0<\/strong><strong style=\"color: var( --e-global-color-text ); font-family: var( --e-global-typography-text-font-family ), Sans-serif; text-align: var(--text-align); font-size: 1rem;\">2.<\/strong><span style=\"color: var( --e-global-color-text ); font-family: var( --e-global-typography-text-font-family ), Sans-serif; font-weight: var( --e-global-typography-text-font-weight ); text-align: var(--text-align); font-size: 1rem;\"> Con excepci\u00f3n de las letras a), b), c), e), j), p), r), s), t), u) y v), se podr\u00e1n crear espacios reservados para fumadores debidamente se\u00f1alizados.<\/span><\/p><p style=\"padding-left: 40px;\"><strong>3.<\/strong> El acceso a los espacios mencionados en el p\u00e1rrafo anterior es para mayores de 18 a\u00f1os.\u00a0<span style=\"color: var( --e-global-color-text ); font-family: var( --e-global-typography-text-font-family ), Sans-serif; font-weight: var( --e-global-typography-text-font-weight ); text-align: var(--text-align); font-size: 1rem;\">(&#8230;)<\/span><\/p><p style=\"padding-left: 40px;\"><strong>5.<\/strong> Est\u00e1 prohibido fumar a (3m) tres metros de los espacios p\u00fablicos y privados cerrados, as\u00ed como en el per\u00edmetro de los espacios p\u00fablicos y privados semicerrados.<\/p><p style=\"padding-left: 40px;\"><strong>6.<\/strong> Est\u00e1 prohibido fumar en el interior de los veh\u00edculos privados cuando transporten a menores de dieciocho a\u00f1os.\u00a0<span style=\"color: var( --e-global-color-text ); font-family: var( --e-global-typography-text-font-family ), Sans-serif; font-weight: var( --e-global-typography-text-font-weight ); text-align: var(--text-align); font-size: 1rem;\">(&#8230;)<\/span><\/p><p style=\"padding-left: 40px;\"><strong>8.<\/strong> O <b>Lo dispuesto en los apartados anteriores se aplicar\u00e1 a la utilizaci\u00f3n de dispositivos electr\u00f3nicos<\/b>El consumo de nicotina, con o sin nicotina, el uso de pipas de agua o narguiles, los productos a base de hierbas para fumar, as\u00ed como el uso de nuevos productos de tabaco sin combusti\u00f3n que producen aerosoles, vapores, gases o part\u00edculas inhalables.<\/p><p style=\"padding-left: 40px;\"><strong>9.<\/strong> \u00c9 <b>No fumar en los Parques Naturales<\/b>.<\/p><p>La <b>La sanci\u00f3n por infringir la prohibici\u00f3n de fumar en lugares designados en Cabo Verde es de 3.000 escudos.<\/b>\u00a0(aproximadamente 30 euros) <b>a 5.000 escudos <\/b>(aproximadamente 50 euros).<\/p><h3>\u00a0<\/h3><h3>Cigarrillos electr\u00f3nicos\u00a0<\/h3><div><p>En cuanto a los cigarrillos electr\u00f3nicos en Cabo Verde, la nueva ley del tabaco (en el cap\u00edtulo II, art\u00edculo 3, apartado 11) establece lo siguiente:<\/p><p style=\"padding-left: 40px;\"><span style=\"background-color: transparent; color: var( --e-global-color-text ); font-family: var( --e-global-typography-text-font-family ), Sans-serif; font-weight: var( --e-global-typography-text-font-weight ); text-align: var(--text-align);\"><strong>11.<\/strong> Queda prohibido fabricar, importar, vender o\u00a0<\/span><span style=\"background-color: transparent; font-size: 1rem; color: var( --e-global-color-text ); font-family: var( --e-global-typography-text-font-family ), Sans-serif; font-weight: var( --e-global-typography-text-font-weight ); text-align: var(--text-align);\">publicidad y suministro de aparatos electr\u00f3nicos\u00a0<\/span><span style=\"background-color: transparent; font-size: 1rem; color: var( --e-global-color-text ); font-family: var( --e-global-typography-text-font-family ), Sans-serif; font-weight: var( --e-global-typography-text-font-weight ); text-align: var(--text-align);\">en todo el pa\u00eds.<\/span><\/p><\/div><h3>\u00a0<\/h3><h3>Estad\u00edsticas sobre el tabaquismo en Cabo Verde<\/h3><p><span style=\"color: var( --e-global-color-text ); font-family: var( --e-global-typography-text-font-family ), Sans-serif; font-weight: var( --e-global-typography-text-font-weight ); text-align: var(--text-align); font-size: 1rem;\">Estad\u00edsticas recientes sobre el tabaquismo en el pa\u00eds (<\/span><a style=\"font-family: var( --e-global-typography-text-font-family ), Sans-serif; font-weight: var( --e-global-typography-text-font-weight ); text-align: var(--text-align); background-color: #ffffff; font-size: 1rem;\" href=\"https:\/\/observatoriotabaco.cv\/dados-de-tabagismo\/\" rel=\"nofollow noopener\" target=\"_blank\">II Encuesta Nacional sobre Factores de Riesgo de Enfermedades No Transmisibles<\/a><span style=\"color: var( --e-global-color-text ); font-family: var( --e-global-typography-text-font-family ), Sans-serif; font-weight: var( --e-global-typography-text-font-weight ); text-align: var(--text-align); font-size: 1rem;\"> - IDNT II) revelan que:<\/span><\/p><ul><li><span style=\"color: var( --e-global-color-text ); font-family: var( --e-global-typography-text-font-family ), Sans-serif; font-weight: var( --e-global-typography-text-font-weight ); text-align: var(--text-align); font-size: 1rem;\">En Cabo Verde, la prevalencia del consumo de tabaco entre los consumidores adultos actuales es de 12,5%. Esta prevalencia es mayor en los hombres (18,3%) que en las mujeres (6,5%). <\/span><\/li><li><span style=\"color: var( --e-global-color-text ); font-family: var( --e-global-typography-text-font-family ), Sans-serif; font-weight: var( --e-global-typography-text-font-weight ); text-align: var(--text-align); font-size: 1rem;\">El grupo de edad con mayor prevalencia de consumo de tabaco es el de 60 a 69 a\u00f1os, tanto en hombres (22,8%) como en mujeres (20,3%).<\/span><\/li><li>La prevalencia del consumo de tabaco entre los consumidores actuales aumenta con la edad a partir de los 30 a\u00f1os,<br \/>tanto en el grupo de hombres como en el de mujeres.<\/li><li>A nivel nacional, la prevalencia del consumo de tabaco entre los consumidores diarios es de 7,1%.  En los hombres, esta prevalencia es mayor (10,3%) que en las mujeres (3,8%).<\/li><li>La prevalencia del tabaquismo entre los consumidores diarios parece aumentar claramente con la edad en ambos sexos, alcanzando un m\u00e1ximo en el grupo de edad de 60-69 a\u00f1os tanto entre los hombres (19,9%) como entre las mujeres (16,7%).<\/li><li>En Cabo Verde, 4,9% de la poblaci\u00f3n adulta fuma diariamente, 8,4% en hombres y 1,3% en mujeres (Gr\u00e1fico 2.2-4). En el grupo de edad de 60 a 69 a\u00f1os hay una mayor prevalencia de fumadores diarios, aproximadamente 7,3%, siendo esta prevalencia de 12,3% en hombres y 3,6% en mujeres.<\/li><li>La prevalencia de fumadores actuales que no fuman a diario es de 4,7%, que es mayor en los hombres (7,3%) que en las mujeres (1,9%).<\/li><li>La edad media de los fumadores diarios es de 18,9 a\u00f1os. En los hombres la edad media es de 19,0 a\u00f1os y en las mujeres de 18,4 a\u00f1os.\u00a0<\/li><li>La duraci\u00f3n media del tabaquismo entre los fumadores actuales es de 21,6 a\u00f1os, 20,6 para los hombres y 28,1 para las mujeres.<\/li><li>La duraci\u00f3n media del tabaquismo parece aumentar con la edad, con 7,7 a\u00f1os entre los fumadores de 18 a 29 a\u00f1os y 46,5 a\u00f1os entre los de 60 a 69 a\u00f1os.<\/li><li>En Cabo Verde, el porcentaje de poblaci\u00f3n expuesta al humo del tabaco en el hogar en los \u00faltimos 30 d\u00edas es del 13,8%.<\/li><\/ul><p><span style=\"color: var( --e-global-color-text ); font-family: var( --e-global-typography-text-font-family ), Sans-serif; font-weight: var( --e-global-typography-text-font-weight ); text-align: var(--text-align); font-size: 1rem;\">\u00a0<\/span><\/p><h3>Conclusi\u00f3n<\/h3><p>En resumen, las leyes sobre el tabaco de Cabo Verde proh\u00edben fumar en lugares p\u00fablicos cerrados, lugares de trabajo y transportes p\u00fablicos. Adem\u00e1s, est\u00e1 prohibida la venta y el suministro de tabaco a menores, as\u00ed como la publicidad del tabaco. Los turistas y visitantes deben respetar estas leyes, contribuyendo as\u00ed a la promoci\u00f3n de la salud p\u00fablica en el pa\u00eds.<\/p><p>\u00a0<\/p><p><strong>Referencias:\u00a0<\/strong><\/p><ul><li><a href=\"http:\/\/www.fogo.cv\/index.php\/cultura\/282-as-festas-do-primeiro-de-maio-nho-s-filipe\" rel=\"nofollow noopener\" target=\"_blank\">Ley n\u00ba 8\/X\/2022<\/a>que define el r\u00e9gimen general de prevenci\u00f3n y control del tabaquismo en Cabo Verde.\u00a0<\/li><li><a href=\"https:\/\/observatoriotabaco.cv\/dados-de-tabagismo\/\" rel=\"nofollow noopener\" target=\"_blank\">II Encuesta Nacional sobre Factores de Riesgo de Enfermedades No Transmisibles<\/a> - IDNT II, 2020.\u00a0<\/li><\/ul>\t\t\t\t\t\t<\/div>\n\t\t\t\t<\/div>\n\t\t\t\t\t<\/div>\n\t\t<\/div>\n\t\t\t\t\t\t\t<\/div>\n\t\t<\/section>\n\t\t\t\t\t\t\t<\/div>","protected":false},"excerpt":{"rendered":"<p>Fumar en Cabo Verde Fumar en Cabo Verde sigue siendo un importante problema de salud p\u00fablica, ya que el tabaco es la segunda droga legal m\u00e1s consumida en el pa\u00eds, por detr\u00e1s del alcohol. El tabaquismo es tambi\u00e9n uno de los principales factores de riesgo de las enfermedades cr\u00f3nicas no transmisibles en Cabo Verde. Estos hechos han contribuido [...]<\/p>","protected":false},"author":1,"featured_media":0,"parent":0,"menu_order":0,"comment_status":"closed","ping_status":"closed","template":"","meta":{"footnotes":""},"categories":[],"tags":[],"class_list":["post-1013","page","type-page","status-publish","hentry"],"_links":{"self":[{"href":"https:\/\/feelcaboverde.com\/es\/wp-json\/wp\/v2\/pages\/1013","targetHints":{"allow":["GET"]}}],"collection":[{"href":"https:\/\/feelcaboverde.com\/es\/wp-json\/wp\/v2\/pages"}],"about":[{"href":"https:\/\/feelcaboverde.com\/es\/wp-json\/wp\/v2\/types\/page"}],"author":[{"embeddable":true,"href":"https:\/\/feelcaboverde.com\/es\/wp-json\/wp\/v2\/users\/1"}],"replies":[{"embeddable":true,"href":"https:\/\/feelcaboverde.com\/es\/wp-json\/wp\/v2\/comments?post=1013"}],"version-history":[{"count":28,"href":"https:\/\/feelcaboverde.com\/es\/wp-json\/wp\/v2\/pages\/1013\/revisions"}],"predecessor-version":[{"id":4286,"href":"https:\/\/feelcaboverde.com\/es\/wp-json\/wp\/v2\/pages\/1013\/revisions\/4286"}],"wp:attachment":[{"href":"https:\/\/feelcaboverde.com\/es\/wp-json\/wp\/v2\/media?parent=1013"}],"wp:term":[{"taxonomy":"category","embeddable":true,"href":"https:\/\/feelcaboverde.com\/es\/wp-json\/wp\/v2\/categories?post=1013"},{"taxonomy":"post_tag","embeddable":true,"href":"https:\/\/feelcaboverde.com\/es\/wp-json\/wp\/v2\/tags?post=1013"}],"curies":[{"name":"wp","href":"https:\/\/api.w.org\/{rel}","templated":true}]}}