{"id":1005,"date":"2022-05-27T13:38:10","date_gmt":"2022-05-27T13:38:10","guid":{"rendered":"https:\/\/feelcaboverde.com\/?page_id=1005"},"modified":"2025-12-23T02:22:40","modified_gmt":"2025-12-23T02:22:40","slug":"feriados-publicos","status":"publish","type":"page","link":"https:\/\/feelcaboverde.com\/es\/feriados-publicos-cabo-verde\/","title":{"rendered":"D\u00edas festivos"},"content":{"rendered":"<div data-elementor-type=\"wp-page\" data-elementor-id=\"1005\" class=\"elementor elementor-1005\">\n\t\t\t\t\t\t\t\t\t<section data-particle_enable=\"false\" data-particle-mobile-disabled=\"false\" class=\"elementor-section elementor-top-section elementor-element elementor-element-43b54aea elementor-section-boxed elementor-section-height-default elementor-section-height-default\" data-id=\"43b54aea\" data-element_type=\"section\">\n\t\t\t\t\t\t<div class=\"elementor-container elementor-column-gap-default\">\n\t\t\t\t\t<div class=\"elementor-column elementor-col-100 elementor-top-column elementor-element elementor-element-6e42e8a5\" data-id=\"6e42e8a5\" data-element_type=\"column\">\n\t\t\t<div class=\"elementor-widget-wrap elementor-element-populated\">\n\t\t\t\t\t\t\t\t<div class=\"elementor-element elementor-element-56626ddb elementor-widget elementor-widget-text-editor\" data-id=\"56626ddb\" data-element_type=\"widget\" data-widget_type=\"text-editor.default\">\n\t\t\t\t<div class=\"elementor-widget-container\">\n\t\t\t<style>\/*! elementor - v3.7.1 - 14-08-2022 *\/\n.elementor-widget-text-editor.elementor-drop-cap-view-stacked .elementor-drop-cap{background-color:#818a91;color:#fff}.elementor-widget-text-editor.elementor-drop-cap-view-framed .elementor-drop-cap{color:#818a91;border:3px solid;background-color:transparent}.elementor-widget-text-editor:not(.elementor-drop-cap-view-default) .elementor-drop-cap{margin-top:8px}.elementor-widget-text-editor:not(.elementor-drop-cap-view-default) .elementor-drop-cap-letter{width:1em;height:1em}.elementor-widget-text-editor .elementor-drop-cap{float:left;text-align:center;line-height:1;font-size:50px}.elementor-widget-text-editor .elementor-drop-cap-letter{display:inline-block}<\/style>\t\t\t\t<h2><span style=\"font-size: 2rem;\">Fiestas nacionales de Cabo Verde (2026)<\/span><\/h2><div><p><span style=\"font-size: 1rem;\">Cabo Verde es un popular destino tur\u00edstico para personas de todo el mundo. Si tiene previsto visitar el pa\u00eds en 2026, es importante que conozca los d\u00edas festivos locales a la hora de planificar su viaje.<\/span><span style=\"font-size: 1rem;\">\u00a0<\/span>Esta es la lista de los d\u00edas festivos en Cabo Verde para 2026:<\/p><ul style=\"font-size: 16px; background-color: #ffffff;\"><li style=\"font-size: 16px;\">01 de enero: A\u00f1o Nuevo<\/li><li style=\"font-size: 16px;\">13 de enero: D\u00eda de la Democracia y la Libertad<\/li><li style=\"font-size: 16px;\">20 de enero: D\u00eda de los H\u00e9roes Nacionales<\/li><li style=\"font-size: 16px;\">17 de febrero: Martes de Carnaval (fiesta regional)\u00a0<\/li><li style=\"font-size: 16px;\">18 de febrero: Mi\u00e9rcoles de Ceniza (fiesta movible)<\/li><li style=\"font-size: 16px;\">3 de abril: Viernes Santo (fiesta movible)<\/li><li style=\"font-size: 16px;\">05 de abril: Domingo de Pascua (festivo movible)<\/li><li style=\"font-size: 16px;\">01 de mayo: D\u00eda de los Trabajadores<\/li><li style=\"font-size: 16px;\">01 de junio: D\u00eda Mundial de la Infancia<\/li><li style=\"font-size: 16px;\">05 de julio:\u00a0<a href=\"https:\/\/www.governo.cv\/o-arquipelago\/historia\/\" rel=\"nofollow noopener\" target=\"_blank\">D\u00eda de la Independencia<\/a>\u00a0de Cabo Verde<\/li><li style=\"font-size: 16px;\">15 de agosto: Fiesta Nacional de la Patrona \/ Asunci\u00f3n de Nuestra Se\u00f1ora<\/li><li style=\"font-size: 16px;\">01 de noviembre: D\u00eda de Todos los Santos<\/li><li style=\"font-size: 16px;\">25 de diciembre: Navidad<\/li><\/ul><\/div><h3>\u00a0<\/h3><h3>Fechas conmemorativas y fiestas municipales en Cabo Verde<\/h3><div><p>Aparte de las fiestas nacionales,\u00a0<b>Cabo Verde tambi\u00e9n celebra las fechas de sus municipios<\/b>. Se trata de fechas conmemorativas locales, que se proclaman d\u00edas festivos seg\u00fan las autoridades locales.\u00a0<\/p><p><span style=\"color: var( --e-global-color-text ); font-family: var( --e-global-typography-text-font-family ), Sans-serif; font-weight: var( --e-global-typography-text-font-weight ); text-align: var(--text-align); font-size: 1rem;\">\u00a0<\/span><span style=\"color: var( --e-global-color-text ); font-family: var( --e-global-typography-text-font-family ), Sans-serif; font-weight: var( --e-global-typography-text-font-weight ); text-align: var(--text-align); font-size: 1rem;\">En<\/span><b style=\"color: var( --e-global-color-text ); font-family: var( --e-global-typography-text-font-family ), Sans-serif; text-align: var(--text-align); font-size: 1rem;\"> fechas conmemorativas municipales o regionales por isla de Cabo Verde<\/b><span style=\"color: var( --e-global-color-text ); font-family: var( --e-global-typography-text-font-family ), Sans-serif; font-weight: var( --e-global-typography-text-font-weight ); text-align: var(--text-align); font-size: 1rem;\"> lo siguiente:<\/span><\/p><\/div><p><strong>Vacaciones en los municipios de <a href=\"https:\/\/feelcaboverde.com\/es\/san-antao\/\">Santo Ant\u00e3o<\/a><\/strong><\/p><ul><li><span lang=\"PT\">17 de enero: D\u00eda de la Isla de Santo Ant\u00e3o (en recuerdo del descubrimiento de la isla el 17\/01\/1462)<\/span><\/li><li><span lang=\"PT\">7 de mayo: D\u00eda del Municipio de Ribeira Grande<\/span><\/li><li><span lang=\"PT\">13 de junio: D\u00eda del municipio de Pa\u00fal (y patr\u00f3n San Antonio)<\/span><\/li><li><span lang=\"PT\">2 de septiembre: D\u00eda Municipal de Porto Novo<\/span><\/li><\/ul><p><strong><span lang=\"PT\">\u00a0<\/span><\/strong><\/p><p><span style=\"font-weight: bolder; color: var( --e-global-color-text ); font-family: var( --e-global-typography-text-font-family ), Sans-serif; text-align: var(--text-align); font-size: 1rem;\">D\u00edas festivos\u00a0<\/span><strong><span lang=\"PT\">Isla de <a href=\"https:\/\/feelcaboverde.com\/es\/sao-vicente\/\">S\u00e3o Vicente<\/a><\/span><\/strong><\/p><ul><li><span lang=\"PT\">22 de enero: D\u00eda Municipal de San Vicente\u00a0<\/span>(y patr\u00f3n San Vicente)<\/li><\/ul><p><strong><span lang=\"PT\">\u00a0<\/span><\/strong><\/p><p><span style=\"font-weight: bolder; color: var( --e-global-color-text ); font-family: var( --e-global-typography-text-font-family ), Sans-serif; text-align: var(--text-align); font-size: 1rem;\">Fiestas municipales<\/span><span style=\"font-weight: bold; color: var( --e-global-color-text ); font-family: var( --e-global-typography-text-font-family ), Sans-serif; text-align: var(--text-align); font-size: 1rem;\">\u00a0de\u00a0<\/span><strong><span lang=\"PT\">Isla de <a href=\"https:\/\/feelcaboverde.com\/es\/sao-nicolau\/\">S\u00e3o Nicolau<\/a><\/span><\/strong><\/p><ul><li><span lang=\"PT\">2 de agosto: d\u00eda del municipio de Tarrafal de S\u00e3o Nicolau<\/span><\/li><li><span lang=\"PT\">6 de diciembre: d\u00eda del municipio de Ribeira Brava (y patr\u00f3n S\u00e3o Nicolau)<\/span><\/li><\/ul><p><strong><span lang=\"PT\">\u00a0<\/span><\/strong><\/p><p><span style=\"font-weight: bold; color: var( --e-global-color-text ); font-family: var( --e-global-typography-text-font-family ), Sans-serif; text-align: var(--text-align); font-size: 1rem;\">D\u00edas festivos\u00a0<\/span><strong><span lang=\"PT\">Isla de <a href=\"https:\/\/feelcaboverde.com\/es\/sal\/\">Sal<\/a><\/span><\/strong><\/p><ul><li><span lang=\"PT\">15 de septiembre: D\u00eda Municipal (y patrona Nuestra Se\u00f1ora de los Dolores)<\/span><\/li><\/ul><p><strong><span lang=\"PT\">\u00a0<\/span><\/strong><\/p><p><span style=\"font-weight: bold; color: var( --e-global-color-text ); font-family: var( --e-global-typography-text-font-family ), Sans-serif; text-align: var(--text-align); font-size: 1rem;\">D\u00edas festivos\u00a0<\/span><strong style=\"color: var( --e-global-color-text ); font-family: var( --e-global-typography-text-font-family ), Sans-serif; text-align: var(--text-align); font-size: 1rem;\"><span lang=\"PT\">Isla de <a href=\"https:\/\/feelcaboverde.com\/es\/boavista\/\">Boavista<\/a><\/span><\/strong><\/p><ul><li><span lang=\"PT\">4 de julio: D\u00eda Municipal (y patrona Santa Isabel)<\/span><\/li><\/ul><p><strong><span lang=\"PT\">\u00a0<\/span><\/strong><\/p><p><span style=\"font-weight: bold; color: var( --e-global-color-text ); font-family: var( --e-global-typography-text-font-family ), Sans-serif; text-align: var(--text-align); font-size: 1rem;\">D\u00edas festivos\u00a0<\/span><strong><span lang=\"PT\">Isla de <a href=\"https:\/\/feelcaboverde.com\/es\/mayo\/\">Maio<\/a><\/span><\/strong><\/p><ul><li><span lang=\"PT\">8 de septiembre: Primero de Mayo<\/span><\/li><\/ul><p><strong><span lang=\"PT\">\u00a0<\/span><\/strong><\/p><p><span style=\"font-weight: bolder; color: var( --e-global-color-text ); font-family: var( --e-global-typography-text-font-family ), Sans-serif; text-align: var(--text-align); font-size: 1rem;\">D\u00edas festivos en los municipios de\u00a0<\/span><strong><span lang=\"PT\">Isla de <a href=\"https:\/\/feelcaboverde.com\/es\/santiago\/\">Santiago<\/a><\/span><\/strong><\/p><ul><li><span lang=\"PT\">15 de enero: d\u00eda del municipio de Tarrafal de Santiago (y patr\u00f3n Santo Amaro)<\/span><\/li><li><span lang=\"PT\">31 de enero: d\u00eda del municipio de Ribeira Grande de Santiago<\/span><\/li><li><span lang=\"PT\">13 de marzo: D\u00eda Municipal de S\u00e3o Domingos<\/span><\/li><li><span lang=\"PT\">9 de mayo: D\u00eda del municipio de S\u00e3o Louren\u00e7o dos \u00d3rg\u00e3os<\/span><\/li><li><span lang=\"PT\">19 de mayo: D\u00eda Municipal de Praia<\/span><\/li><li><span lang=\"PT\">19 de julio: D\u00eda del municipio de San Salvador del Mundo<\/span><\/li><li><span lang=\"PT\">25 de julio: D\u00eda de la Ciudad de Santa Cruz<\/span><\/li><li><span lang=\"PT\">29 de septiembre: D\u00eda del municipio de S\u00e3o Miguel<\/span><\/li><li><span lang=\"PT\">25 de noviembre: D\u00eda del municipio de Santa Catarina de Santiago<\/span><\/li><\/ul><p><strong><span lang=\"PT\">\u00a0<\/span><\/strong><\/p><p><span style=\"font-weight: bolder; color: var( --e-global-color-text ); font-family: var( --e-global-typography-text-font-family ), Sans-serif; text-align: var(--text-align); font-size: 1rem;\">Fiestas municipales\u00a0<\/span><strong><span lang=\"PT\">Isla de <a href=\"https:\/\/feelcaboverde.com\/es\/fuego\/\">Fogo<\/a><\/span><\/strong><\/p><ul><li><span lang=\"PT\">1 de mayo: d\u00eda del municipio de S\u00e3o Filipe (y patr\u00f3n S\u00e3o Filipe)<\/span><\/li><li><span lang=\"PT\">15 de agosto: d\u00eda del municipio de Mosteiros<\/span><\/li><li><span lang=\"PT\">25 de noviembre: d\u00eda del municipio de Santa Catarina del Fuego (y de la patrona Santa Catarina)<\/span><\/li><\/ul><p><strong><span lang=\"PT\">\u00a0<\/span><\/strong><\/p><p><strong><span lang=\"PT\">Vacaciones en la isla <a href=\"https:\/\/feelcaboverde.com\/es\/brava\/\">Brava<\/a><\/span><\/strong><\/p><ul><li><span lang=\"PT\">24 de junio: d\u00eda del municipio de Brava (y patr\u00f3n San Juan Bautista)<\/span><\/li><\/ul><h3>\u00a0<\/h3><div><h2 style=\"font-family: Helvetica, sans-serif; color: #7a7a7a;\">Fiestas nacionales de Cabo Verde (2027)<\/h2><p>Consulte a continuaci\u00f3n los d\u00edas festivos nacionales en Cabo Verde para 2027:<\/p><ul style=\"font-size: 16px; background-color: #ffffff;\"><li style=\"font-size: 16px;\">01 de enero: A\u00f1o Nuevo<\/li><li style=\"font-size: 16px;\">13 de enero: D\u00eda de la Democracia y la Libertad<\/li><li style=\"font-size: 16px;\">20 de enero: D\u00eda de los H\u00e9roes Nacionales<\/li><li style=\"font-size: 16px;\">09 de febrero: Martes de Carnaval (festivo regional)\u00a0<\/li><li style=\"font-size: 16px;\">10 de febrero: Mi\u00e9rcoles de Ceniza (fiesta movible)<\/li><li style=\"font-size: 16px;\">26 de marzo: Viernes Santo (fiesta movible)<\/li><li style=\"font-size: 16px;\">28 de marzo: Domingo de Pascua (festivo movible)<\/li><li style=\"font-size: 16px;\">01 de mayo: D\u00eda de los Trabajadores<\/li><li style=\"font-size: 16px;\">01 de junio: D\u00eda Mundial de la Infancia<\/li><li style=\"font-size: 16px;\">05 de julio:\u00a0<a href=\"https:\/\/www.governo.cv\/o-arquipelago\/historia\/\" rel=\"nofollow noopener\" target=\"_blank\">D\u00eda de la Independencia<\/a>\u00a0de Cabo Verde<\/li><li style=\"font-size: 16px;\">15 de agosto: Fiesta Nacional de la Patrona \/ Asunci\u00f3n de Nuestra Se\u00f1ora<\/li><li style=\"font-size: 16px;\">01 de noviembre: D\u00eda de Todos los Santos<\/li><li style=\"font-size: 16px;\">25 de diciembre: Navidad<\/li><\/ul><\/div><h3>\u00a0<\/h3><h3>Conclusi\u00f3n<\/h3><p>Tenga en cuenta que, durante los d\u00edas festivos, muchas empresas y tiendas pueden estar cerradas o tener un horario reducido. Esto puede afectar a sus planes de viaje, as\u00ed que planifique con antelaci\u00f3n y compruebe los horarios de apertura de las atracciones tur\u00edsticas que desee visitar.<\/p><p>Adem\u00e1s, los servicios p\u00fablicos cierran los d\u00edas festivos (excepto los servicios esenciales: sanidad, seguridad p\u00fablica, etc.).<\/p><p>Los bares y restaurantes suelen abrir los d\u00edas festivos, pero no todos abren en Navidad y A\u00f1o Nuevo.<\/p><p>Por otra parte, los d\u00edas festivos suelen ir acompa\u00f1ados de eventos y celebraciones locales. Esta puede ser una gran oportunidad para conocer la cultura caboverdiana y relacionarse con los lugare\u00f1os. Aproveche su viaje a Cabo Verde y disfrute de los d\u00edas festivos de 2026.<\/p>\t\t\t\t\t\t<\/div>\n\t\t\t\t<\/div>\n\t\t\t\t\t<\/div>\n\t\t<\/div>\n\t\t\t\t\t\t\t<\/div>\n\t\t<\/section>\n\t\t\t\t\t\t\t<\/div>","protected":false},"excerpt":{"rendered":"<p>Feriados P\u00fablicos Nacionais de Cabo Verde (2026) Cabo Verde \u00e9 um destino tur\u00edstico popular para pessoas de todo o mundo. Se voc\u00ea planeja visitar o pa\u00eds em 2026, \u00e9 importante estar ciente dos feriados p\u00fablicos locais para planear sua viagem.\u00a0Aqui est\u00e1 uma lista dos feriados p\u00fablicos em Cabo Verde para 2026: 01 de janeiro: Ano [&hellip;]<\/p>","protected":false},"author":1,"featured_media":0,"parent":0,"menu_order":0,"comment_status":"closed","ping_status":"closed","template":"","meta":{"footnotes":""},"categories":[],"tags":[],"class_list":["post-1005","page","type-page","status-publish","hentry"],"_links":{"self":[{"href":"https:\/\/feelcaboverde.com\/es\/wp-json\/wp\/v2\/pages\/1005","targetHints":{"allow":["GET"]}}],"collection":[{"href":"https:\/\/feelcaboverde.com\/es\/wp-json\/wp\/v2\/pages"}],"about":[{"href":"https:\/\/feelcaboverde.com\/es\/wp-json\/wp\/v2\/types\/page"}],"author":[{"embeddable":true,"href":"https:\/\/feelcaboverde.com\/es\/wp-json\/wp\/v2\/users\/1"}],"replies":[{"embeddable":true,"href":"https:\/\/feelcaboverde.com\/es\/wp-json\/wp\/v2\/comments?post=1005"}],"version-history":[{"count":121,"href":"https:\/\/feelcaboverde.com\/es\/wp-json\/wp\/v2\/pages\/1005\/revisions"}],"predecessor-version":[{"id":5640,"href":"https:\/\/feelcaboverde.com\/es\/wp-json\/wp\/v2\/pages\/1005\/revisions\/5640"}],"wp:attachment":[{"href":"https:\/\/feelcaboverde.com\/es\/wp-json\/wp\/v2\/media?parent=1005"}],"wp:term":[{"taxonomy":"category","embeddable":true,"href":"https:\/\/feelcaboverde.com\/es\/wp-json\/wp\/v2\/categories?post=1005"},{"taxonomy":"post_tag","embeddable":true,"href":"https:\/\/feelcaboverde.com\/es\/wp-json\/wp\/v2\/tags?post=1005"}],"curies":[{"name":"wp","href":"https:\/\/api.w.org\/{rel}","templated":true}]}}