{"id":973,"date":"2022-05-27T13:31:12","date_gmt":"2022-05-27T13:31:12","guid":{"rendered":"https:\/\/feelcaboverde.com\/?page_id=973"},"modified":"2023-04-01T23:46:20","modified_gmt":"2023-04-01T23:46:20","slug":"covid-19-cabo-verde","status":"publish","type":"page","link":"https:\/\/feelcaboverde.com\/de\/covid-19-kap-verde\/","title":{"rendered":"COVID-19"},"content":{"rendered":"<div data-elementor-type=\"wp-page\" data-elementor-id=\"973\" class=\"elementor elementor-973\">\n\t\t\t\t\t\t\t\t\t<section data-particle_enable=\"false\" data-particle-mobile-disabled=\"false\" class=\"elementor-section elementor-top-section elementor-element elementor-element-43b54aea elementor-section-boxed elementor-section-height-default elementor-section-height-default\" data-id=\"43b54aea\" data-element_type=\"section\">\n\t\t\t\t\t\t<div class=\"elementor-container elementor-column-gap-default\">\n\t\t\t\t\t<div class=\"elementor-column elementor-col-100 elementor-top-column elementor-element elementor-element-6e42e8a5\" data-id=\"6e42e8a5\" data-element_type=\"column\">\n\t\t\t<div class=\"elementor-widget-wrap elementor-element-populated\">\n\t\t\t\t\t\t\t\t<div class=\"elementor-element elementor-element-56626ddb elementor-widget elementor-widget-text-editor\" data-id=\"56626ddb\" data-element_type=\"widget\" data-widget_type=\"text-editor.default\">\n\t\t\t\t<div class=\"elementor-widget-container\">\n\t\t\t<style>\/*! elementor - v3.7.1 - 14-08-2022 *\/\n.elementor-widget-text-editor.elementor-drop-cap-view-stacked .elementor-drop-cap{background-color:#818a91;color:#fff}.elementor-widget-text-editor.elementor-drop-cap-view-framed .elementor-drop-cap{color:#818a91;border:3px solid;background-color:transparent}.elementor-widget-text-editor:not(.elementor-drop-cap-view-default) .elementor-drop-cap{margin-top:8px}.elementor-widget-text-editor:not(.elementor-drop-cap-view-default) .elementor-drop-cap-letter{width:1em;height:1em}.elementor-widget-text-editor .elementor-drop-cap{float:left;text-align:center;line-height:1;font-size:50px}.elementor-widget-text-editor .elementor-drop-cap-letter{display:inline-block}<\/style>\t\t\t\t<h3>Covid-19 auf Kap Verde<\/h3>\n<p>Obwohl Kap Verde von den verschiedenen COVID-19-Wellen stark betroffen war, hat das Land die Pandemie gut bew\u00e4ltigt. Kap Verde hat seine Testkapazit\u00e4ten erheblich erweitert und stark in Massenimpfungen investiert, so dass die \u00fcberwiegende Mehrheit der in Frage kommenden Bev\u00f6lkerung geimpft werden konnte. Die Sterblichkeitsrate der Krankheit in dem Land (etwa 0,9%) ist eine der niedrigsten in der afrikanischen Region.<\/p>\n<p>In diesem <a href=\"https:\/\/www.publichealthinafrica.org\/jphia\/article\/view\/2127\" rel=\"nofollow noopener\" target=\"_blank\">von Experten begutachteter Artikel<\/a>Wir haben die wichtigsten Ma\u00dfnahmen zusammengefasst, die Kap Verde zu Beginn der Pandemie ergriffen hat und die dazu beigetragen haben, die Pandemie wirksam zu bek\u00e4mpfen.&nbsp;<\/p>\n<h3>Covid-19 und Anforderungen f\u00fcr Reisen zwischen Inseln und ins Ausland f\u00fcr Kap Verde<\/h3>\n<p>Derzeit (2023), <b>Kap Verde verlangt keinen Covid-19-Test oder eine Impfbescheinigung, weder f\u00fcr Reisen zwischen den Inseln noch f\u00fcr die Einreise ins Land.<\/b> Die Aktualisierung ist in der <a href=\"https:\/\/covid19.cv\/wp-content\/uploads\/2022\/09\/bo_14-09-2022_89.pdf\" rel=\"nofollow noopener\" target=\"_blank\">Offizielles Bulletin <\/a>vom 14. September 2022, lautete:<\/p>\n<p>1. Bei Reisen zwischen den Inseln und bei internationalen Reisen nach Kap Verde m\u00fcssen Passagiere und Besatzungsmitglieder, die auf dem Luft- oder Seeweg reisen, nicht mehr zwingend eine g\u00fcltige COVID-Bescheinigung oder ein negatives Testergebnis vorweisen.<\/p>\n<p>2. Bei internationalen Reisen mit Ursprung in Kap Verde richtet sich die Anforderung von COVID-Bescheinigungen oder -Tests nach den Richtlinien der Gesundheitsbeh\u00f6rden der Ziell\u00e4nder.<\/p>\n<p>Ausf\u00fchrlichere Informationen \u00fcber den Stand von COVID-19 in Kap Verde und die aktualisierten Reisebedingungen finden Sie in der <a href=\"https:\/\/covid19.cv\/\" rel=\"nofollow noopener\" target=\"_blank\">COVID-19-Website<\/a> in dem Land, oder kontaktieren Sie uns.<\/p>\n<p><\/p>\t\t\t\t\t\t<\/div>\n\t\t\t\t<\/div>\n\t\t\t\t\t<\/div>\n\t\t<\/div>\n\t\t\t\t\t\t\t<\/div>\n\t\t<\/section>\n\t\t\t\t\t\t\t<\/div>","protected":false},"excerpt":{"rendered":"<p>Apesar de Cabo Verde ter sido severamente afetado por diferentes ondas de COVID-19, o pa\u00eds tem gerido bem a pandemia. Ampliou significativamente a capacidade de testagem e apostou fortemente na vacina\u00e7\u00e3o em massa, tendo imunizado a grande maioria da popula\u00e7\u00e3o eleg\u00edvel. A taxa de letalidade pela doen\u00e7a no pa\u00eds (aproximadamente 0,9%) \u00e9 das menores na [&hellip;]<\/p>","protected":false},"author":1,"featured_media":0,"parent":0,"menu_order":0,"comment_status":"closed","ping_status":"closed","template":"","meta":{"footnotes":""},"categories":[],"tags":[],"class_list":["post-973","page","type-page","status-publish","hentry"],"_links":{"self":[{"href":"https:\/\/feelcaboverde.com\/de\/wp-json\/wp\/v2\/pages\/973","targetHints":{"allow":["GET"]}}],"collection":[{"href":"https:\/\/feelcaboverde.com\/de\/wp-json\/wp\/v2\/pages"}],"about":[{"href":"https:\/\/feelcaboverde.com\/de\/wp-json\/wp\/v2\/types\/page"}],"author":[{"embeddable":true,"href":"https:\/\/feelcaboverde.com\/de\/wp-json\/wp\/v2\/users\/1"}],"replies":[{"embeddable":true,"href":"https:\/\/feelcaboverde.com\/de\/wp-json\/wp\/v2\/comments?post=973"}],"version-history":[{"count":18,"href":"https:\/\/feelcaboverde.com\/de\/wp-json\/wp\/v2\/pages\/973\/revisions"}],"predecessor-version":[{"id":4103,"href":"https:\/\/feelcaboverde.com\/de\/wp-json\/wp\/v2\/pages\/973\/revisions\/4103"}],"wp:attachment":[{"href":"https:\/\/feelcaboverde.com\/de\/wp-json\/wp\/v2\/media?parent=973"}],"wp:term":[{"taxonomy":"category","embeddable":true,"href":"https:\/\/feelcaboverde.com\/de\/wp-json\/wp\/v2\/categories?post=973"},{"taxonomy":"post_tag","embeddable":true,"href":"https:\/\/feelcaboverde.com\/de\/wp-json\/wp\/v2\/tags?post=973"}],"curies":[{"name":"wp","href":"https:\/\/api.w.org\/{rel}","templated":true}]}}