{"id":285,"date":"2021-08-17T01:04:14","date_gmt":"2021-08-17T01:04:14","guid":{"rendered":"https:\/\/feelcaboverde.com\/?page_id=285"},"modified":"2023-04-13T19:19:37","modified_gmt":"2023-04-13T19:19:37","slug":"historia-de-cabo-verde","status":"publish","type":"page","link":"https:\/\/feelcaboverde.com\/de\/geschichte-von-kap-verde\/","title":{"rendered":"Geschichte von Kap Verde"},"content":{"rendered":"<div data-elementor-type=\"wp-page\" data-elementor-id=\"285\" class=\"elementor elementor-285\">\n\t\t\t\t\t\t\t<div class=\"elementor-element elementor-element-5828926 e-container--column e-container\" data-id=\"5828926\" data-element_type=\"container\">\t\t\t\t<div class=\"elementor-element elementor-element-507114b elementor-widget elementor-widget-heading\" data-id=\"507114b\" data-element_type=\"widget\" data-widget_type=\"heading.default\">\n\t\t\t\t<div class=\"elementor-widget-container\">\n\t\t\t<style>\/*! elementor - v3.7.1 - 14-08-2022 *\/\n.elementor-heading-title{padding:0;margin:0;line-height:1}.elementor-widget-heading .elementor-heading-title[class*=elementor-size-]>a{color:inherit;font-size:inherit;line-height:inherit}.elementor-widget-heading .elementor-heading-title.elementor-size-small{font-size:15px}.elementor-widget-heading .elementor-heading-title.elementor-size-medium{font-size:19px}.elementor-widget-heading .elementor-heading-title.elementor-size-large{font-size:29px}.elementor-widget-heading .elementor-heading-title.elementor-size-xl{font-size:39px}.elementor-widget-heading .elementor-heading-title.elementor-size-xxl{font-size:59px}<\/style><h2 class=\"elementor-heading-title elementor-size-xl\">Die historischen Wahrzeichen von Kap Verde <\/h2>\t\t<\/div>\n\t\t\t\t<\/div>\n\t\t\t\t<div class=\"elementor-element elementor-element-cb008b8 elementor-widget elementor-widget-text-editor\" data-id=\"cb008b8\" data-element_type=\"widget\" data-widget_type=\"text-editor.default\">\n\t\t\t\t<div class=\"elementor-widget-container\">\n\t\t\t<style>\/*! elementor - v3.7.1 - 14-08-2022 *\/\n.elementor-widget-text-editor.elementor-drop-cap-view-stacked .elementor-drop-cap{background-color:#818a91;color:#fff}.elementor-widget-text-editor.elementor-drop-cap-view-framed .elementor-drop-cap{color:#818a91;border:3px solid;background-color:transparent}.elementor-widget-text-editor:not(.elementor-drop-cap-view-default) .elementor-drop-cap{margin-top:8px}.elementor-widget-text-editor:not(.elementor-drop-cap-view-default) .elementor-drop-cap-letter{width:1em;height:1em}.elementor-widget-text-editor .elementor-drop-cap{float:left;text-align:center;line-height:1;font-size:50px}.elementor-widget-text-editor .elementor-drop-cap-letter{display:inline-block}<\/style>\t\t\t\t<h3>Kap Verde von der Entdeckung bis zur Unabh\u00e4ngigkeit<\/h3><ul><li><strong>1460<\/strong>die Inseln der Kapverden waren <a href=\"https:\/\/www.governo.cv\/o-arquipelago\/historia\/\" rel=\"nofollow noopener\" target=\"_blank\">Entdeckungen<\/a> von portugiesischen Seefahrern.<\/li><li><strong>1462<\/strong>Die Besiedlung der Kapverden begann. <a href=\"https:\/\/feelcaboverde.com\/de\/alte-stadt\/\">Santiago<\/a> die erste Insel, die besiedelt wurde.<\/li><li><strong>1869<\/strong>Abschaffung der Sklaverei in allen portugiesischen Territorien, einschlie\u00dflich Kap Verde.<\/li><li><strong>1956, 19. September<\/strong>Am\u00edlcar Cabral ist Mitbegr\u00fcnder der <a href=\"https:\/\/www.tchiweka.org\/documento-textual\/0016000054\" rel=\"nofollow noopener\" target=\"_blank\">Afrikanische Unabh\u00e4ngigkeitspartei<\/a> (PAI), sp\u00e4ter Afrikanische Partei f\u00fcr die Unabh\u00e4ngigkeit von Guinea und Kap Verde (PAIGC), die gegen den Kolonialismus k\u00e4mpfte und den Weg zur Unabh\u00e4ngigkeit einschlug.<\/li><li><strong>1962, M\u00e4rz<\/strong>: Beginn der <a href=\"https:\/\/paigc.gw\/historia\/\" rel=\"nofollow noopener\" target=\"_blank\">bewaffneter Kampf in Guinea-Bissau<\/a> gegen die portugiesische Besatzung, wobei sich die Kapverdianer dem Kampf anschlossen.<\/li><li><strong>1973, 20. Januar<\/strong>Am\u00edlcar Cabral in Conakry ermordet <a href=\"https:\/\/muse.jhu.edu\/article\/17219\" rel=\"nofollow noopener\" target=\"_blank\">von Mitgliedern der PAIGC<\/a> im Rahmen einer angeblichen Verschw\u00f6rung des portugiesischen Geheimdienstes.<\/li><li><strong>1974, 19. Dezember<\/strong>wurde ein Abkommen zwischen der PAIGC und Portugal unterzeichnet, das die Einrichtung eines <a href=\"https:\/\/www.governo.cv\/o-arquipelago\/historia\/\" rel=\"nofollow noopener\" target=\"_blank\">Regierung<\/a> des \u00dcbergangs in Kap Verde.<\/li><li><b>1975, 30. Juni<\/b><span style=\"font-weight: 400;\">Die <\/span><a href=\"https:\/\/portais.parlamento.cv\/historia-an\/1974-VIIILegislatura.php\" rel=\"nofollow noopener\" target=\"_blank\"><span style=\"font-weight: 400;\">Nationale Volksversammlung<\/span><\/a><span style=\"font-weight: 400;\"> (ANP), die aus 56 Abgeordneten besteht. <\/span><\/li><\/ul><h3>\u00a0<\/h3><h3>Kap Verde nach der Unabh\u00e4ngigkeit<\/h3><ul><li><strong>1975, 5. Juli<\/strong>Kap Verde wird ein unabh\u00e4ngiger Staat. A <a href=\"https:\/\/portais.parlamento.cv\/constituicao\/historia.php\" rel=\"nofollow noopener\" target=\"_blank\">feierliche Proklamation der Unabh\u00e4ngigkeit<\/a> von Kap Verde fand am 5. Juli 1975 statt.<\/li><li><strong>1975, 5. Juli<\/strong>Aristides Pereira wurde zum ersten Pr\u00e4sidenten der Republik gew\u00e4hlt und Pedro Pires zum ersten Regierungschef des Landes unter dem damaligen Einparteiensystem. Aristides Pereira wurde 1981 und 1986 als Pr\u00e4sident wiedergew\u00e4hlt.<\/li><li><strong>1977, 16. M\u00e4rz<\/strong>Kap Verde tritt der Wirtschaftsgemeinschaft der westafrikanischen Staaten (<a href=\"https:\/\/ecowas.int\/sobre-a-cedeao\/?lang=pt-pt#:~:text=Cabo%20Verde%20aderiu%20%C3%A0%20uni%C3%A3o,ades%C3%A3o%20em%20agosto%20de%202017.\" rel=\"nofollow noopener\" target=\"_blank\">ECOWAS<\/a>).<\/li><li><strong>1980, 5. September<\/strong>Genehmigung von <a href=\"https:\/\/portais.parlamento.cv\/constituicao\/arquivos\/CRCVConstitui%C3%A7%C3%A3o%20da%20Rep%C3%BAblica%20de%20Cabo%20Verde.pdf\" rel=\"nofollow noopener\" target=\"_blank\">erste Verfassung der Republik Kap Verde<\/a>.\u00a0<\/li><li><p><b>1980, 14. November:<\/b><span style=\"font-weight: 400;\"> Milit\u00e4rputsch in Guinea-Bissau, angef\u00fchrt vom damaligen Premierminister Jo\u00e3o Bernardo Vieira. Kap Verde gibt die Pl\u00e4ne zur Einheit mit Guinea-Bissau auf.<\/span><\/p><\/li><li><p><b style=\"background-color: transparent; color: var( --e-global-color-text ); font-family: var( --e-global-typography-text-font-family ), Sans-serif;\">1981<\/b><span style=\"background-color: transparent; color: var( --e-global-color-text ); font-family: var( --e-global-typography-text-font-family ), Sans-serif;\">Die PAIGC wird durch die Afrikanische Partei f\u00fcr die Unabh\u00e4ngigkeit von Kap Verde (PAICV) ersetzt, die zur einzigen Partei im Land wird.<\/span><\/p><\/li><li><strong>1981<\/strong>Die PAIGC wird durch die Afrikanische Partei f\u00fcr die Unabh\u00e4ngigkeit von Kap Verde (PAICV) ersetzt, die zur einzigen Partei im Land wird.<\/li><li><b>1990, 25. Januar<\/b><span style=\"font-weight: 400;\">Zum ersten Mal in der Geschichte des Landes besuchte Papst Johannes Paul II. die Kapverden, beginnend auf der Insel Sal und weiter zu den Inseln Santiago und S\u00e3o Vicente. <\/span><\/li><li><strong>1990, 28. September<\/strong>Erreicht wurde dies durch die \u00dcberarbeitung der Verfassung und die Einf\u00fchrung eines verfassungsm\u00e4\u00dfigen \u00dcbergangs, die Beendigung des Einparteiensystems und die Einf\u00fchrung des Grundsatzes der Gewaltenteilung und der gegenseitigen Abh\u00e4ngigkeit der Gewalten.<\/li><li><strong>1991, 13. Januar<\/strong>Die ersten freien Mehrparteienwahlen wurden in Kap Verde abgehalten, und die von Carlos Veiga gef\u00fchrte MpD gewann mit etwa <a href=\"https:\/\/expressodasilhas.cv\/politica\/2021\/10\/09\/as-sete-eleicoes-presidenciais-de-cabo-verde\/76944\" rel=\"nofollow noopener\" target=\"_blank\">70% der Stimmen<\/a>.<\/li><li><strong>1991, 17. Februar<\/strong>Ant\u00f3nio Mascarenhas Monteiro, unterst\u00fctzt von der MpD, gewinnt und wird der erste Pr\u00e4sident der Republik Kap Verde, der in Mehrparteienwahlen gew\u00e4hlt wurde.<\/li><li><strong>1992, 4. September<\/strong>: <span style=\"font-weight: 400;\">Die neue Verfassung der Republik wird verk\u00fcndet, mit bedeutenden \u00c4nderungen wie der Ersetzung der <a href=\"https:\/\/feelcaboverde.com\/de\/nationale-symbole-von-kap-verde\/\">nationale Symbole<\/a>Die neue Verfassung basierte auf dem Grundsatz der Trennung und Verflechtung von Legislative, Exekutive und Judikative, der Beschneidung der Befugnisse des Pr\u00e4sidenten der Republik und dem Grundsatz der Trennung und Verflechtung von Legislative, Exekutive und Judikative. Die neue Verfassung der Republik trat am 25. September desselben Jahres in Kraft.<\/span><\/li><li><strong>1995, 2. April<\/strong>Ausbruch des Vulkans Fogo, der etwa einen Monat dauerte und Hunderte von H\u00e4usern und Ernten zerst\u00f6rte.<\/li><li><strong>1996, 18. Februar<\/strong>Ant\u00f3nio Mascarenhas Monteiro ist der einzige Kandidat und wird in einer nicht kompetitiven Abstimmung zum Pr\u00e4sidenten der Republik wiedergew\u00e4hlt: nur die Optionen \"Daf\u00fcr\" und \"Dagegen\". Bei den Parlamentswahlen desselben Jahres gewinnt die Bewegung f\u00fcr Demokratie (MPD) die Mehrheit der Sitze.<\/li><li><strong>1996, 17. Juli<\/strong>: die <a href=\"https:\/\/www.cplp.org\/Default.aspx?ID=3869\" rel=\"nofollow noopener\" target=\"_blank\">Gemeinschaft der portugiesischsprachigen L\u00e4nder<\/a> (CPLP), der auch Kap Verde angeh\u00f6rt.<\/li><\/ul><h3>\u00a0<\/h3><h3>Kap Verde im neuen Jahrtausend<\/h3><ul><li><strong>2001, 25. Februar<\/strong>Pedro Pires wird von der Afrikanischen Partei f\u00fcr die Unabh\u00e4ngigkeit von Kap Verde (PAICV) zum Pr\u00e4sidenten der Republik gew\u00e4hlt und ebnet damit den Weg f\u00fcr die R\u00fcckkehr der Partei an die Macht.<\/li><li><strong>2006, 22. Januar<\/strong>Die PAICV, angef\u00fchrt von Ministerpr\u00e4sident Jos\u00e9 Maria das Neves, gewann die Parlamentswahlen.<\/li><li><b>2006, 12. Februar<\/b>Pedro Pires wird in einem Rennen gegen Carlos Veiga von der MPD als Pr\u00e4sident der Republik wiedergew\u00e4hlt.<\/li><li><strong>2007,18. Dezember<\/strong>: o <a href=\"https:\/\/www.wto.org\/english\/thewto_e\/acc_e\/a1_capvert_e.htm\" rel=\"nofollow noopener\" target=\"_blank\">Allgemeiner Rat<\/a> der Welthandelsorganisation (WTO) billigt den Beitritt Kap Verdes zu dieser Organisation.<\/li><li><strong>2007, 21. Dezember<\/strong>Kap Verde verl\u00e4sst die Liste der am wenigsten entwickelten L\u00e4nder, nachdem es die drei Kriterien f\u00fcr die Einstufung in die Kategorie der L\u00e4nder mit mittlerem Entwicklungsstand erf\u00fcllt hat: Pro-Kopf-BIP, Index der menschlichen Entwicklung (HDI) und Index der wirtschaftlichen Anf\u00e4lligkeit (EVI).<\/li><li><strong>2008, 1. Januar<\/strong>Kap Verde wird offiziell in die Liste der mittelm\u00e4\u00dfig entwickelten L\u00e4nder aufgenommen und ist damit nach Botsuana im Jahr 1994 erst das zweite Land in der Geschichte, das die Kategorie der am wenigsten entwickelten L\u00e4nder verl\u00e4sst.<\/li><li><strong>2008, 23. Juli<\/strong>Kap Verde hat sich zu dem <a href=\"https:\/\/www.wto.org\/english\/thewto_e\/countries_e\/cape_verde_e.htm\" rel=\"nofollow noopener\" target=\"_blank\">153. Staat<\/a> Mitglied der Welthandelsorganisation.<\/li><li>2011, 6. Februar: Die PAICV gewinnt die Parlamentswahlen und der Parteivorsitzende Jos\u00e9 Maria Neves wird Premierminister des Landes.<\/li><li><strong>2009<\/strong>Die Altstadt, ehemals Ribeira Grande de Santiago und die erste auf den Kapverden, wurde von der UNESCO als Weltkulturerbe anerkannt.<\/li><li><b>2011, 6. Februar<\/b><span style=\"font-weight: 400;\">: PAICV gewinnt den <\/span><a href=\"https:\/\/pt.wikipedia.org\/wiki\/Elei%C3%A7%C3%B5es_parlamentares_de_Cabo_Verde_de_2011\" rel=\"nofollow noopener\" target=\"_blank\"><span style=\"font-weight: 400;\">Parlamentswahlen<\/span><\/a><span style=\"font-weight: 400;\"> und der Parteivorsitzende Jos\u00e9 Maria Neves wurde Premierminister des Landes.<\/span><\/li><li><strong style=\"color: var( --e-global-color-text ); font-family: var( --e-global-typography-text-font-family ), Sans-serif; font-size: 1rem;\">2011, 22. August<\/strong><span style=\"color: var( --e-global-color-text ); font-family: var( --e-global-typography-text-font-family ), Sans-serif; font-weight: var( --e-global-typography-text-font-weight ); font-size: 1rem;\">MpD: Jorge Carlos Fonseca von der MpD zum Pr\u00e4sidenten der Republik gew\u00e4hlt<\/span><\/li><li><strong>2011, 17. Dezember<\/strong>Ces\u00e1ria \u00c9vora, die ber\u00fchmte kapverdische S\u00e4ngerin, stirbt. Zu Ehren der K\u00f6nigin der kapverdischen Morna sind zwei Trauertage ausgerufen worden.<\/li><li><b>2013, 24. Oktober<\/b><b>: <\/b><span style=\"font-weight: 400;\">Kap Verde fragt <\/span><a href=\"https:\/\/www.un.org\/en\/about-us\/member-states\/cabo-verde\" rel=\"nofollow noopener\" target=\"_blank\"><span style=\"font-weight: 400;\">Organisation der Vereinten Nationen<\/span><\/a><span style=\"font-weight: 400;\"> dass sein Name nicht mit \"Kap Verde\" \u00fcbersetzt wird, sondern der offizielle Name auf Portugiesisch bleibt.<\/span><\/li><li><strong>2014, 23. November<\/strong>Der Vulkan Fogo brach nach 19 Jahren Ruhezeit aus und verursachte gro\u00dfe materielle Zerst\u00f6rungen. Die vulkanische Aktivit\u00e4t endete am 8. Februar, nachdem <a href=\"https:\/\/periodicoseletronicos.ufma.br\/index.php\/rpcsoc\/article\/view\/5140\" rel=\"nofollow noopener\" target=\"_blank\">77 Tage der Eruption<\/a>mit der Zerst\u00f6rung der St\u00e4dte Portela, Bangaeira und Ilh\u00e9u de Losna.<\/li><li><strong>2016, 2. Oktober<\/strong>MPD: Jorge Carlos Fonseca als Pr\u00e4sident der Republik wiedergew\u00e4hlt<\/li><li><strong>2016, 20. M\u00e4rz<\/strong>Die Bewegung f\u00fcr Demokratie (MpD) gewinnt die Parlamentswahlen, ihr Vorsitzender Ulisses Correia e Silva wird Premierminister von Kap Verde.<\/li><li><p><b>2020, 28. M\u00e4rz<\/b><span style=\"font-weight: 400;\">Pr\u00e4sident der Republik Jorge Carlos Fonseca hat wegen der Coronavirus-Epidemie auf den Kapverden den Ausnahmezustand ausgerufen.\u00a0<\/span><\/p><\/li><li><strong>2021, 18. April<\/strong>Die MpD unter der F\u00fchrung von Ulisses Correia e Silva gewinnt die Parlamentswahlen und bleibt Premierminister.<\/li><li><strong>2021, 17. Oktober<\/strong>Jos\u00e9 Maria Neves von der PAICV ist mit 51% der Stimmen im ersten Wahlgang zum Pr\u00e4sidenten der Republik gew\u00e4hlt worden.<\/li><\/ul><div>\u00a0<\/div><div>\u00a0<\/div>\t\t\t\t\t\t<\/div>\n\t\t\t\t<\/div>\n\t\t\t\t<div class=\"elementor-element elementor-element-e703389 elementor-widget elementor-widget-heading\" data-id=\"e703389\" data-element_type=\"widget\" data-widget_type=\"heading.default\">\n\t\t\t\t<div class=\"elementor-widget-container\">\n\t\t\t<h2 class=\"elementor-heading-title elementor-size-default\">Die Geschichte der Kapverden im Wandel der Zeit<\/h2>\t\t<\/div>\n\t\t\t\t<\/div>\n\t\t\t\t<div class=\"elementor-element elementor-element-b02be05 elementor-widget elementor-widget-text-editor\" data-id=\"b02be05\" data-element_type=\"widget\" data-widget_type=\"text-editor.default\">\n\t\t\t\t<div class=\"elementor-widget-container\">\n\t\t\t\t\t\t\t<h3>Die Entdeckung der Kapverden<\/h3><p><span style=\"font-weight: 400;\">Die Entdeckung der Kapverden ist unter den Autoren umstritten. Lange Zeit glaubte man, der Archipel sei von dem genuesischen Kaufmann Lu\u00eds Cadamosto entdeckt worden. Nachforschungen im 19. Jahrhundert ergaben jedoch, dass Cadamosto keine der Inseln des Archipels entdeckte.<\/span><\/p><p><span style=\"font-weight: 400;\">Die Schlussfolgerung, dass Cadamosto die Kapverden nicht entdeckt hat, ergibt sich aus den Widerspr\u00fcchen und Ungereimtheiten in seinen Berichten. So berichtet der Genueser, dass er auf der Insel Santiago \"einen Fluss mit S\u00fc\u00dfwasser fand - einen gro\u00dfen Fluss, in den ein Schiff von f\u00fcnfundsiebzig Tonnen nach Belieben einfahren konnte; entlang dieses Flusses fanden seine M\u00e4nner kleine Lagunen mit sehr wei\u00dfem und sch\u00f6nem Salz (...)\". Weder auf der Insel Santiago noch auf irgendeiner anderen Insel der Kapverden gibt es jedoch eine Wasseransammlung mit diesen Eigenschaften.<\/span><\/p><p><span style=\"font-weight: 400;\">Weitere Widerspr\u00fcche in Cadamostos Erz\u00e4hlung sind in dem Werk zu lesen <a href=\"http:\/\/www.portaldoconhecimento.gov.cv\/bitstream\/10961\/2252\/1\/Cadernos%20Coloniais%20-%20Origens%20da%20Coloniza%C3%A7%C3%A3o%20de%20Cabo%20Verde%20por%20Sim%C3%A3o%20Barros.pdf\" rel=\"nofollow noopener\" target=\"_blank\">Die Urspr\u00fcnge der Kolonie Kap Verde<\/a>von Sim\u00e3o Barros.<\/span><\/p><p><span style=\"font-weight: 400;\">Die Kapverden wurden 1460 von dem portugiesischen Seefahrer Diogo Gomes und dem Genuesen Ant\u00f3nio da Noli entdeckt, als sie in den Diensten des Prinzen Heinrich des Seefahrers standen, auch bekannt als <\/span><i><span style=\"font-weight: 400;\">Prinz Heinrich, der Seefahrer<\/span><\/i><span style=\"font-weight: 400;\">.<\/span><\/p><p><span style=\"font-weight: 400;\">Die Sotavento-Inseln waren wahrscheinlich die ersten Inseln des Archipels, die entdeckt wurden. Santiago, Maio und Fogo wurden am 1. Mai 1460 entdeckt. Boavista wurde am 3. Mai desselben Jahres entdeckt.\u00a0<\/span><\/p><p><span style=\"font-weight: 400;\">Das genaue Datum der Entdeckung der anderen Inseln ist nicht genau bekannt, aber man nimmt an, dass sie zwischen Mai 1460 und 1462 stattfand, da im Schenkungsschreiben von Dom Afonso V. vom 19. September 1462 in Portugal bereits alle Inseln erw\u00e4hnt werden.<\/span><\/p><h3>\u00a0<\/h3><h3>Kap Verde und Fragen der Voruntersuchung<\/h3><p><span style=\"font-weight: 400;\">Eine weitere historisch umstrittene Frage ist, ob die Inseln bereits bewohnt waren, als die Seefahrer sie entdeckten.<\/span><\/p><p><span style=\"font-weight: 400;\">Einige Historiker behaupten, dass die Kapverden vor der Ankunft der Portugiesen von mauretanischen Berbern bewohnt waren. Diese Theorie st\u00fctzt sich auf die Tatsache, dass auf den Inseln Santo Ant\u00e3o und S\u00e3o Nicolau Zeichnungen und Felsinschriften gefunden wurden, die zum Teil Zeichen aus der Runen- oder ph\u00f6nizischen Schrift und zum Teil aus dem Berberischen darstellen.\u00a0<\/span><\/p><p><span style=\"font-weight: 400;\">Diejenigen, die behaupten, dass die Portugiesen die ersten waren, die Kap Verde betreten haben, argumentieren, dass die Tier- und Pflanzenarmut des Archipels es dem Menschen nicht erlaubt h\u00e4tte zu \u00fcberleben, was erst nach der Einf\u00fchrung von Pflanzen und Tieren auf den Inseln m\u00f6glich wurde.\u00a0<\/span><\/p><p><span style=\"font-weight: 400;\">Daraus l\u00e4sst sich schlie\u00dfen, dass die Kapverdischen Inseln bei ihrer Entdeckung unbewohnt waren, aber zumindest von den mauretanischen Berbern besucht worden waren. Sie lie\u00dfen sich jedoch nicht dort nieder.\u00a0<\/span><\/p><p><span style=\"font-weight: 400;\">\u00a0<\/span><\/p><h3>Die Besiedlung der Kapverden<\/h3><p><span style=\"font-weight: 400;\">Da die Inseln der Kapverden zum Zeitpunkt ihrer Entdeckung durch die portugiesischen Seefahrer unbewohnt waren, mussten sie besiedelt werden. Die Besiedlung von Kap Verde l\u00e4sst sich je nach Tempo und Bedeutung wie folgt charakterisieren <\/span><b>f\u00fcnf verschiedene Perioden<\/b><span style=\"font-weight: 400;\">.\u00a0<\/span><\/p><p><span style=\"font-weight: 400;\">\u00a0<\/span><\/p><ul><li><h4>Die erste Besiedlungsperiode von Kap Verde<\/h4><\/li><\/ul><p><span style=\"font-weight: 400;\">Sie dauerte von 1461, als die ersten Siedler kamen, bis 1495, als die Inseln an die Krone zur\u00fcckgegeben wurden.\u00a0<\/span><\/p><p><span style=\"font-weight: 400;\">Nach der Entdeckung schenkte Dom Afonso V. die Inseln dem Infanten Dom Fernando, der bald darauf mit der Kolonisierung begann. Dom Fernando schickte den Genuesen Ant\u00f3nio da Noli, einen der Entdecker, als Kapit\u00e4n auf die Insel Santiago. In seiner Begleitung befanden sich einige Diener Dom Fernandos und einige algarvianische Ehepaare, die die ersten Siedler der Kapverden gewesen sein d\u00fcrften.\u00a0<\/span><\/p><p><span style=\"font-weight: 400;\">Aufgrund der Trockenheit des Bodens und des Klimas beschloss Ant\u00f3nio da Noli, versklavte Schwarze vom afrikanischen Kontinent zu holen, um in der Landwirtschaft zu arbeiten. Aus Sierra Leone und Guinea Bissau wurden Paare von Jalofos, Felupes, Papeles und Balantas gebracht, aus denen die ersten schwarzen Kapverdianer hervorgingen.<\/span><\/p><p><span style=\"font-weight: 400;\">Die Eigenschaften der Inseln waren jedoch f\u00fcr portugiesische Siedler nicht sehr attraktiv, was die Aufgabe von Ant\u00f3nio da Noli erschwerte. Um Siedler auf den Archipel zu locken, gew\u00e4hrte K\u00f6nig Afonso V. 1466 allen, die sich auf den Kapverden niederlie\u00dfen, das ausschlie\u00dfliche Recht, mit Sklaven aus Guinea zu handeln und L\u00f6segeld zu verlangen.\u00a0<\/span><\/p><p><span style=\"font-weight: 400;\">Die Strategie von K\u00f6nig Afonso V. zeigte Wirkung. Ein Strom von Migranten, die ihr Gl\u00fcck suchten, str\u00f6mte nach Kap Verde. Infolgedessen wurde der Transport von Waren und schwarzen Sklaven zwischen dem Hafen von Ribeira Grande und Afrika eingerichtet. Auf diese Weise entstand die erste stabile Siedlung in <\/span><a href=\"https:\/\/feelcaboverde.com\/de\/alte-stadt\/\"><span style=\"font-weight: 400;\">Ribeira Grande<\/span><\/a><span style=\"font-weight: 400;\">.<\/span><\/p><p><span style=\"font-weight: 400;\">Als Dom Fernando starb, gingen die Inseln auf seinen Bruder Dom Manuel \u00fcber. Er teilte die Insel Santiago in zwei Kapit\u00e4nsbereiche auf. Das n\u00f6rdliche Kapit\u00e4nsamt wurde Diogo Afonso \u00fcbertragen und begann sich um die Siedlung Alcatraz (Praia Baixo) herum zu entwickeln. Der s\u00fcdliche Teil, in dem sich Ribeira Grande befindet, wurde Jorge Correia \u00fcbertragen. Die Kolonisierung ging mit der Einf\u00fchrung von Haustieren, Zuckerrohr, Baumwolle und Obstb\u00e4umen z\u00fcgig voran.<\/span><\/p><p><span style=\"font-weight: 400;\">Ende des 15. Jahrhunderts begann die Besiedlung der Insel Fogo durch Bedienstete des Infanten D. Fernando und Schwarze aus Santiago. Die Bev\u00f6lkerung der Inseln begann schnell zu wachsen.\u00a0<\/span><\/p><p><span style=\"font-weight: 400;\">Die Inseln Maio und Boavista wurden in dieser Zeit nicht zur Besiedlung an die Beg\u00fcnstigten vergeben. Stattdessen waren sie f\u00fcr die Haustierhaltung vorgesehen. Diese T\u00e4tigkeit sollte sich zu einer der wichtigsten Einnahmequellen der Kolonie entwickeln.\u00a0<\/span><\/p><p><span style=\"font-weight: 400;\">In der ersten Periode griff die portugiesische Krone nur wenig in den Kolonisierungsprozess ein.<\/span><\/p><p><span style=\"font-weight: 400;\">\u00a0<\/span><\/p><ul><li><h4>Zweite Periode der Besiedlung von Kap Verde<\/h4><\/li><\/ul><p><span style=\"font-weight: 400;\">Sie dauerte von 1495, als die Inseln an die Krone zur\u00fcckgegeben wurden, bis zur Usurpation der Philippinen im Jahr 1580.\u00a0\u00a0<\/span><\/p><p><span style=\"font-weight: 400;\">In der zweiten Periode, als die Inseln an die portugiesische Krone zur\u00fcckgegeben wurden, begann das System der Verpachtung der Rechte am Archipel, wobei den P\u00e4chtern gro\u00dfe Befugnisse einger\u00e4umt wurden.\u00a0<\/span><\/p><p><span style=\"font-weight: 400;\">Auf den Inseln begann eine neue Phase der wirtschaftlichen, sozialen und bev\u00f6lkerungspolitischen Entwicklung.  Die Bev\u00f6lkerungszahl stieg betr\u00e4chtlich an. Die P\u00e4chter zogen den Au\u00dfenhandel an. Ribeira Grande wurde zu einem wichtigen und bev\u00f6lkerungsreichen Handelszentrum. Der Wohlstand und der Reichtum von Ribeira Grande zogen die Gier der Fremden an, was sp\u00e4ter zur Pl\u00fcnderung der Stadt f\u00fchrte.<\/span><\/p><p><span style=\"font-weight: 400;\">Das n\u00f6rdliche Kapit\u00e4nsamt - die Siedlung Alcatraz - begann dagegen zu verfallen und wurde 1505 unterdr\u00fcckt. Dies f\u00fchrte zu einer raschen Entwicklung der Hafensiedlung Praia de Santa Maria, der heutigen Hauptstadt.\u00a0<\/span><\/p><p><span style=\"font-weight: 400;\">Zu Beginn des 15. Jahrhunderts begann die Krone, sich um die Besiedlung der anderen Inseln zu k\u00fcmmern. Um Siedler auf die damals unbewohnten Inseln zu locken, gew\u00e4hrten die Monarchen ihnen die gleichen Privilegien wie den Bewohnern von Santiago und Fogo. Mit anderen Worten, sie genossen in Guinea die gleichen wirtschaftlichen Vorteile.\u00a0<\/span><\/p><p><span style=\"font-weight: 400;\">Die Insel S\u00e3o Nicolau wurde den Grafen von Portalegre geschenkt, die viele Sklaven dorthin brachten.\u00a0<\/span><\/p><p><span style=\"font-weight: 400;\">Auf den Inseln Maio und Boavista, die f\u00fcr die Viehzucht von Bedeutung waren, wurden Menschen f\u00fcr die Betreuung der Tiere ben\u00f6tigt. Zu dieser Zeit entwickelte sich die Produktion von Butter und P\u00f6kelfleisch (chacina) sowie die Lederherstellung stark.\u00a0<\/span><\/p><p><span style=\"font-weight: 400;\">In dieser Zeit traten die ersten Mestizen auf, die von den Siedlern und den aus Afrika mitgebrachten schwarzen Frauen abstammten.<\/span><\/p><p><span style=\"font-weight: 400;\">Wie in der vorangegangenen Periode beschr\u00e4nkte sich die Besiedlung auch in der zweiten Periode auf die K\u00fcstenregionen. Es wurde jedoch ein Versuch der Zentralisierung unternommen. Bis dahin war jede Insel ein eigenes Kapit\u00e4nsamt. Ab 1530 wurde der Archipel von Generalkapit\u00e4nen regiert, die in Santiago residierten.\u00a0<\/span><\/p><p><span style=\"font-weight: 400;\">\u00a0<\/span><\/p><ul><li><h4>Dritte Periode der Besiedlung von Kap Verde<\/h4><\/li><\/ul><p><span style=\"font-weight: 400;\">Sie dauerte von 1580 bis zur Restauration.<\/span><\/p><p><span style=\"font-weight: 400;\">Die Kolonie lebte aufgrund der mangelnden Sicherheit in st\u00e4ndiger Unruhe. Ribeira Grande wurde mehrfach gepl\u00fcndert, vor allem von den Engl\u00e4ndern in den Jahren 1582 und 1595.\u00a0\u00a0<\/span><\/p><p><span style=\"font-weight: 400;\">Die Angriffe fanden auch auf hoher See statt, was den Handel in den Gebieten Guineas, die die Hauptattraktion f\u00fcr die Kolonisten waren, stark gef\u00e4hrdete. Um ihre Besitzt\u00fcmer zu sch\u00fctzen, kehrten viele nach Portugal zur\u00fcck. Die wei\u00dfe Kolonisation ging erheblich zur\u00fcck.<\/span><\/p><p><span style=\"font-weight: 400;\">Andererseits trugen die Piratenangriffe zur Besiedlung des Inneren der Insel Santiago bei. Die Schwarzen, die noch an der K\u00fcste lebten, fl\u00fcchteten unter der Bedrohung durch Piratenangriffe ins Landesinnere und versteckten sich in den Bergen, bis es sicher war, in ihre alten H\u00e4user zur\u00fcckzukehren.<\/span><\/p><p><span style=\"font-weight: 400;\">Trotz der Pl\u00fcnderungen durch die Piraten wuchs Ribeira Grande weiter.\u00a0<\/span><\/p><p><span style=\"font-weight: 400;\">Im Jahr 1596 wurde die Insel Santo Ant\u00e3o dem Grafen von Santa Cruz geschenkt. Die regul\u00e4re Besiedlung von Santo Ant\u00e3o begann mit der Einf\u00fchrung einer gro\u00dfen Anzahl von Sklaven.\u00a0<\/span><\/p><p><span style=\"font-weight: 400;\">Auf die Inseln Maio und Boavista, die nicht als landwirtschaftliche Inseln galten, wurden Hirten und J\u00e4ger geschickt, um das Vieh zu h\u00fcten.\u00a0<\/span><\/p><p><span style=\"font-weight: 400;\">Im Jahr 1592 wurde die Inselgruppe der Kapverden zu einem Generalstaat.<\/span><\/p><p><span style=\"font-weight: 400;\">\u00a0<\/span><\/p><ul><li><h4>Vierte Periode der Besiedlung von Kap Verde<\/h4><\/li><\/ul><p><span style=\"font-weight: 400;\">Sie dauerte von 1640 bis zur Verlegung der Hauptstadt des Archipels in die Stadt Praia im Jahr 1769.\u00a0<\/span><\/p><p><span style=\"font-weight: 400;\">Auf den Inseln herrscht eine Zeit des Friedens. Dom Jo\u00e3o IV. befiehlt den Bau und die Bewaffnung von Festungen, um weitere Piratenangriffe zu verhindern.\u00a0<\/span><\/p><p><span style=\"font-weight: 400;\">Weitere Versuche der Krone, die Auswanderung auf die Inseln zur\u00fcckzuerobern, scheiterten. Die Siedler zogen Brasilien vor. Als Alternative schickten sie \"Str\u00e4flinge\", um die wei\u00dfe Kolonisation zu unterst\u00fctzen. Die Einfuhr schwarzer Sklaven wurde fortgesetzt, allerdings mit geringerer Intensit\u00e4t.\u00a0<\/span><\/p><p><span style=\"font-weight: 400;\">Ribeira Grande begann zu verfallen. Viele Einwohner hatten die Stadt verlassen. Der Handel verlagerte sich in die Stadt Praia. Die Ende des 16. Jahrhunderts aufgekommene Idee, die Hauptstadt nach Praia zu verlegen, begann sich zu verwirklichen.<\/span><\/p><p><span style=\"font-weight: 400;\">Am 6. Februar 1652 ordnete K\u00f6nig Jo\u00e3o IV. eine Reihe von Ma\u00dfnahmen an, um den Prozess der Verlegung der Hauptstadt zu beschleunigen. Dazu geh\u00f6rten: die Befestigung der Stadt, die Ansiedlung des Bischofs und des Gouverneurs, der Wiederaufbau der verfallenen H\u00e4user, die Zentralisierung des G\u00fcterumschlags im Hafen von Praia usw.\u00a0<\/span><\/p><p><span style=\"font-weight: 400;\">Die Abwanderung aus Ribeira Grande versch\u00e4rfte den Niedergang der Stadt. Im Jahr 1712 pl\u00fcnderten franz\u00f6sische Freibeuter unter dem Kommando von Jacques Cassard einen Gro\u00dfteil des Reichtums der Stadt.  Im Jahr 1763 kamen bei einer gro\u00dfen \u00dcberschwemmung viele Menschen ums Leben und ein Gro\u00dfteil der H\u00e4user und Geb\u00e4ude wurde zerst\u00f6rt. Die Schiffe, die fr\u00fcher dort anlegten, kamen nicht mehr in den Hafen.<\/span><\/p><p><span style=\"font-weight: 400;\">Die Hauptstadt wurde jedoch erst 1770 von Ribeira Grande nach Santiago verlegt, nachdem der Marquis von Pombal den Umzug angeordnet hatte. In diesem Jahr wurde die Bev\u00f6lkerung von Kap Verde auf 80.000 gesch\u00e4tzt.<\/span><\/p><p><span style=\"font-weight: 400;\">Im Jahr 1732 wurden die D\u00f6rfer Ribeira da Brava in S\u00e3o Nicolau und Ribeira Grande in Santo Ant\u00e3o in den Rang von St\u00e4dten erhoben und erhielten Rath\u00e4user und andere Beh\u00f6rden.\u00a0<\/span><\/p><p><span style=\"font-weight: 400;\">\u00a0<\/span><\/p><ul><li><h4>F\u00fcnfte Periode der Besiedlung von Kap Verde<\/h4><\/li><\/ul><p><span style=\"font-weight: 400;\">Sie fand ab 1769 statt.\u00a0<\/span><\/p><p><span style=\"font-weight: 400;\">Der Umzug der Hauptstadt brachte eine neue Dynamik in den Archipel. Auch um die anderen Inseln wurde sich gek\u00fcmmert.<\/span><\/p><p><span style=\"font-weight: 400;\">Im Jahr 1781 wurde angeordnet, die unbewohnten Inseln mit Bewohnern der anderen Inseln zu besiedeln. In einem Versuch, S\u00e3o Vicente zu besiedeln, beauftragte die Regierung 1795 20 Ehepaare von Fogo, nach S\u00e3o Vicente zu ziehen, um mit der Besiedlung der Insel zu beginnen. Es entstand eine kleine Siedlung an der Westk\u00fcste der Insel, aus der sp\u00e4ter die Stadt Mindelo hervorging.\u00a0<\/span><\/p><p><span style=\"font-weight: 400;\">Die Besiedlung von Santa Luzia begann im Jahr 1801, als Siedler und ein Priester auf die Insel geschickt wurden. Die widrigen Wetterbedingungen auf der Insel waren jedoch f\u00fcr die Besiedlung nicht f\u00f6rderlich, und die Siedler gaben die Insel schlie\u00dflich auf.<\/span><\/p><p><span style=\"font-weight: 400;\">Auf der Insel Sal begann die Besiedlung um Portinho, dem heutigen Hafen von Santa Maria. Weitere Siedlungen entstanden im Inneren der Insel, wo Pedra de Lume und Palmeira entstanden.<\/span><\/p><p><span style=\"font-weight: 400;\">1858 wurde die Stadt Praia zur Stadt erhoben.\u00a0<\/span><\/p><p><span style=\"font-weight: 400;\">Die wei\u00dfe Kolonisierung basierte weiterhin auf \"Str\u00e4flingen\", die zur Verb\u00fc\u00dfung ihrer Strafe auf die Inseln geschickt wurden. Die schwarze Auswanderung ging langsamer voran und kam erst nach dem Ende des Sklavenhandels zum Stillstand.\u00a0<\/span><\/p><p><span style=\"font-weight: 400;\">\u00a0<\/span><\/p><h3>Kap Verde unter portugiesischer Kolonialherrschaft<\/h3><p><span style=\"font-weight: 400;\">Der Archipel der Kapverden stand rund 500 Jahre lang unter portugiesischer Kolonialherrschaft, von 1462, als die Besiedlung der Inseln begann, bis zur Unabh\u00e4ngigkeit im Jahr 1975.\u00a0<\/span><\/p><p><span style=\"font-weight: 400;\">Die wirtschaftliche Ausbeutung war eine der S\u00e4ulen der portugiesischen Kolonialherrschaft auf den Kapverden. Die Inseln wurden als Handelsposten f\u00fcr afrikanische Sklaven genutzt, die nach Amerika transportiert wurden, um auf den Zuckerrohrplantagen zu arbeiten.\u00a0<\/span><\/p><p><span style=\"font-weight: 400;\">Unter der Kolonialherrschaft hatte der Archipel mit vielen Herausforderungen zu k\u00e4mpfen. Dazu geh\u00f6rten mehrere D\u00fcrreperioden, die Zehntausende von Einwohnern in den Tod rissen. Hervorzuheben sind die D\u00fcrre von 1770, die rund 32 000 Einwohner ausl\u00f6schte, und die D\u00fcrre von 1831, bei der rund 30 000 Einwohner starben.\u00a0<\/span><\/p><p><span style=\"font-weight: 400;\">Auch Epidemien verschonten die Bev\u00f6lkerung nicht, darunter die Cholera im Jahr 1856, die ganze D\u00f6rfer auf S\u00e3o Nicolau dezimierte und auch andere Inseln nicht verschonte.\u00a0<\/span><\/p><p><span style=\"font-weight: 400;\">Die zweite H\u00e4lfte des 19. Jahrhunderts war eine besondere Herausforderung. In den 1840er Jahren kam es zu einem starken R\u00fcckgang des transatlantischen Sklavenhandels. Das Ende des Sklavenhandels bedeutete, dass der Archipel seine strategische Bedeutung f\u00fcr die Metropole verlor.\u00a0<\/span><\/p><p><span style=\"font-weight: 400;\">Portugal vers\u00e4umte es, die Einwohner von Kap Verde ausreichend mit G\u00fctern und Materialien zu versorgen. Die Tatsache, dass die Inseln nicht in der Lage waren, gen\u00fcgend Nahrungsmittel f\u00fcr ihre Bev\u00f6lkerung zu produzieren, sowie das Fehlen einer sanit\u00e4ren Infrastruktur und einer angemessenen medizinischen Versorgung trugen zu der hohen Sterblichkeitsrate aufgrund von Infektionskrankheiten und D\u00fcrreperioden bei.<\/span><\/p><p><span style=\"font-weight: 400;\">Das koloniale Joch und die daraus resultierenden sozialen Ungleichheiten gaben Anlass zu verschiedenen <\/span><a href=\"https:\/\/www.teses.usp.br\/teses\/disponiveis\/8\/8138\/tde-04022011-093931\/publico\/2010_EduardoAdilsonCamiloPereira.pdf\" rel=\"nofollow noopener\" target=\"_blank\"><span style=\"font-weight: 400;\">revoltiert<\/span><\/a><span style=\"font-weight: 400;\">Dazu geh\u00f6ren der Aufstand der Zuckerm\u00fchlen (1822), der Aufstand von Achada Falc\u00e3o (1841) und der Aufstand von Ribeir\u00e3o Manuel (1910).<\/span><\/p><p><span style=\"font-weight: 400;\">Trotz dieser Schwierigkeiten wuchs die Bev\u00f6lkerung des Archipels weiter an, so dass das demografische Wachstum keine Zuwanderung mehr erforderte. Die Migrationsbewegung kehrte den Strom um. Mit anderen Worten: Die Kapverdianer begannen, auf der Suche nach besseren Bedingungen in andere L\u00e4nder auszuwandern. Die Auswanderung amerikanischer Walf\u00e4nger im 19. Jahrhundert ist eine der wichtigsten Migrationsbewegungen in der Geschichte der Inseln.<\/span><\/p><p><span style=\"font-weight: 400;\">Die abenteuerlustige Natur der Kapverdianer ist auch heute noch latent in der Bev\u00f6lkerung vorhanden, was teilweise auf die Begrenztheit des Archipels zur\u00fcckzuf\u00fchren ist.\u00a0<\/span><\/p><p><span style=\"font-weight: 400;\">\u00a0<\/span><\/p><h3>Kap Verde im Kampf um die Unabh\u00e4ngigkeit\u00a0<\/h3><p><span style=\"font-weight: 400;\">W\u00e4hrend der Kolonialzeit sahen sich die Kapverdianer mit verschiedenen Schwierigkeiten konfrontiert, darunter die Versklavung vieler ihrer B\u00fcrger und die politische und wirtschaftliche Unterdr\u00fcckung durch die portugiesischen Beh\u00f6rden. Die Schwierigkeiten bei der Ansiedlung, die Aufst\u00e4nde gegen die Kolonialherrschaft und die St\u00e4rkung der kapverdischen Identit\u00e4t f\u00f6rderten das Entstehen der nationalistischen Befreiungsbewegung.\u00a0<\/span><\/p><p><span style=\"font-weight: 400;\">Die Unabh\u00e4ngigkeit von Kap Verde sollte jedoch nicht sofort kommen. Es handelte sich vielmehr um einen schrittweisen Prozess, der den Kampf um die politische Befreiung und die Bekr\u00e4ftigung der nationalen Identit\u00e4t beinhaltete.<\/span><\/p><p><span style=\"font-weight: 400;\">Ein wichtiger Meilenstein im Unabh\u00e4ngigkeitsprozess von Kap Verde war die Gr\u00fcndung der Afrikanischen Partei f\u00fcr die Unabh\u00e4ngigkeit von Guinea und Kap Verde (PAIGC) im Jahr 1956 durch Am\u00edlcar Cabral, den Sohn von in Guinea-Bissau lebenden Kapverdiern. Ziel der Partei war es, die portugiesischen Kolonien Guinea und Kap Verde zu vereinen und f\u00fcr ihre Unabh\u00e4ngigkeit zu k\u00e4mpfen. Cabral vertrat die Ansicht, dass dies es Kap Verde erm\u00f6glichen w\u00fcrde, f\u00fcr seine eigene Unabh\u00e4ngigkeit zu k\u00e4mpfen und zu verhindern, dass die Kolonie unter portugiesischer Kontrolle blieb.\u00a0<\/span><\/p><p><span style=\"font-weight: 400;\">Die urspr\u00fcngliche Strategie der Partei bestand darin, den friedlichen Abzug der portugiesischen Truppen aus der Kolonie Guinea zu fordern. Da dieser friedliche Weg erfolglos blieb, \u00e4nderte die PAIGC ihre Taktik und begann, gewaltsamere Ma\u00dfnahmen zur Erlangung der Unabh\u00e4ngigkeit zu ergreifen. Der bewaffnete Kampf gegen die portugiesische Besatzung begann in <\/span><a href=\"https:\/\/paigc.gw\/historia\/\" rel=\"nofollow noopener\" target=\"_blank\"><span style=\"font-weight: 400;\">M\u00e4rz 1962<\/span><\/a><span style=\"font-weight: 400;\">als die PAIGC ihre erste Guerillakampagne in Guinea-Bissau startete.\u00a0<\/span><\/p><p><span style=\"font-weight: 400;\">In den folgenden Jahren intensivierte sich der Kampf f\u00fcr die Unabh\u00e4ngigkeit, wobei die PAIGC ihre Pr\u00e4senz auf Kap Verde verst\u00e4rkte und die Bev\u00f6lkerung f\u00fcr die Ideale der Freiheit mobilisierte. Zu keinem Zeitpunkt kam es jedoch zu bewaffneten K\u00e4mpfen in Kap Verde. Einige Wissenschaftler sind der Ansicht, dass die Abwesenheit bewaffneter Konflikte in Kap Verde zum sp\u00e4teren Erfolg des Landes bei der Errichtung eines demokratischen Regimes beigetragen hat.<\/span><\/p><p><span style=\"font-weight: 400;\">Am 13. Januar 1973 wurde Am\u00edlcar Cabral in Conakry ermordet. Trotz seines Todes blieben die Ideale des Kampfes und der Unabh\u00e4ngigkeit bestehen. Die Unabh\u00e4ngigkeit Guineas wurde am 24. September 1973 einseitig erkl\u00e4rt.\u00a0<\/span><\/p><p><span style=\"font-weight: 400;\">Im Jahr 1974 ebnete die Nelkenrevolution in Portugal den Weg f\u00fcr die Unabh\u00e4ngigkeit der Inseln. Die Forderungen der Partei nach Unabh\u00e4ngigkeit und die weit verbreiteten Unruhen zwangen die bis dahin z\u00f6gerliche portugiesische Regierung, \u00fcber die Bedingungen der Unabh\u00e4ngigkeit Kap Verdes zu verhandeln. Am 19. Dezember 1974 wurde ein Abkommen zwischen der PAIGC und Portugal unterzeichnet. <\/span><a href=\"https:\/\/www.governo.cv\/o-arquipelago\/historia\/\" rel=\"nofollow noopener\" target=\"_blank\"><span style=\"font-weight: 400;\">Regierung <\/span><\/a><span style=\"font-weight: 400;\">des \u00dcbergangs in Kap Verde.\u00a0<\/span><\/p><p><span style=\"font-weight: 400;\">Die \u00dcbergangsregierung bereitete die Wahlen zu einer Volksnationalversammlung vor, die in <\/span><b>Am 5. Juli 1975 wurde offiziell die Unabh\u00e4ngigkeit Kap Verdes verk\u00fcndet.<\/b><span style=\"font-weight: 400;\">. Aristides Pereira wird zum ersten Pr\u00e4sidenten der Republik und Pedro Pires zum ersten Regierungschef des Landes im damaligen Einparteiensystem gew\u00e4hlt.\u00a0<\/span><\/p><p><span style=\"font-weight: 400;\">\u00a0<\/span><\/p><h3>Kap Verde nach der Unabh\u00e4ngigkeit\u00a0<\/h3><p><span style=\"font-weight: 400;\">Nach der Unabh\u00e4ngigkeit fanden auf Kap Verde Parlamentswahlen statt, bei denen am 30. Juni 1975 eine Nationalversammlung gew\u00e4hlt wurde. Aufgrund seiner geografischen Lage als Inselstaat inmitten des Atlantiks erkl\u00e4rte die Nationalversammlung das Land im Kalten Krieg f\u00fcr neutral. W\u00e4hrend des gesamten Kalten Krieges unterhielt Kap Verde gute Beziehungen sowohl zu den USA als auch zur Sowjetunion und vermied zur Bekr\u00e4ftigung seiner Neutralit\u00e4t jegliche ausl\u00e4ndische Milit\u00e4rpr\u00e4senz.<\/span><\/p><p><span style=\"font-weight: 400;\">Nach dem Staatsstreich in Guinea-Bissau im Jahr 1980 gab Kap Verde seine Pl\u00e4ne zur Einheit mit Guinea-Bissau auf. An die Stelle der PAIGC trat die Afrikanische Partei f\u00fcr die Unabh\u00e4ngigkeit von Kap Verde (PAICV), die nun die einzige kapverdische Partei war.\u00a0<\/span><\/p><p><span style=\"font-weight: 400;\">Die Parlamentswahlen wurden fortgesetzt, und Aristides Pereira wurde 1981 und 1986 erneut zum Pr\u00e4sidenten der Republik gew\u00e4hlt. Nach diesen letzten Wahlen wuchs der Druck zugunsten von Mehrparteienwahlen.<\/span><\/p><p><span style=\"font-weight: 400;\">Im Januar 1991 fanden die ersten partei\u00fcbergreifenden Parlamentswahlen in Kap Verde statt. Die Bewegung f\u00fcr Demokratie (MpD), die sich zum Teil aus PAICV-Dissidenten zusammensetzte, gewann die Wahlen und erhielt eine Mehrheit im Parlament. Carlos Veiga wurde vom Parlament zum Premierminister gew\u00e4hlt, und sp\u00e4ter im Jahr gewann der von der MpD unterst\u00fctzte Kandidat Ant\u00f3nio Mascarenhas Monteiro die Pr\u00e4sidentschaftswahlen. Seitdem wurden Mehrparteienwahlen abgehalten, bei denen es zu einem friedlichen Machtwechsel kam.\u00a0<\/span><\/p><p><span style=\"font-weight: 400;\">Au\u00dfenpolitisch unterh\u00e4lt Kap Verde freundschaftliche Beziehungen zu einer Reihe von L\u00e4ndern, darunter Portugal, Brasilien, die Vereinigten Staaten und mehrere afrikanische L\u00e4nder. Das Land war auch ein aktiver Verfechter der regionalen Integration in Westafrika und hat eng mit der Wirtschaftsgemeinschaft Westafrikanischer Staaten (ECOWAS) zusammengearbeitet.<\/span><\/p><p><span style=\"font-weight: 400;\">Die Unabh\u00e4ngigkeit war nicht die L\u00f6sung f\u00fcr alle Probleme von Kap Verde. Das Land steht vor vielen Herausforderungen, darunter ein Mangel an nat\u00fcrlichen Ressourcen, ein trockenes Klima und eine Wirtschaft, die noch immer von ausl\u00e4ndischer Hilfe abh\u00e4ngig ist. Die politische Stabilit\u00e4t des Landes hat jedoch dazu beigetragen, ein g\u00fcnstiges Umfeld f\u00fcr die wirtschaftliche Entwicklung zu schaffen.<\/span><span style=\"color: var( --e-global-color-text ); font-family: var( --e-global-typography-text-font-family ), Sans-serif; text-align: var(--text-align); font-size: 1rem;\">s Wirtschaft. Seit den 1990er Jahren verzeichnete Kap Verde ein stetiges Wirtschaftswachstum, das durch den Tourismus und den Dienstleistungssektor angekurbelt wurde.<\/span><\/p><p><span style=\"font-weight: 400;\">Kurz gesagt, seit seiner Unabh\u00e4ngigkeit im Jahr 1975 hat Kap Verde trotz aller Herausforderungen einen langen Weg zur\u00fcckgelegt. Von einer kleinen Inselgruppe mitten im Atlantischen Ozean hat sich das Land zu einer stabilen Demokratie und einem Beispiel f\u00fcr wirtschaftlichen Erfolg in Afrika entwickelt. Kap Verde steht zwar weiterhin vor Herausforderungen, aber seine Erfolgsgeschichte ist ein Beweis f\u00fcr das menschliche Potenzial und die Widerstandsf\u00e4higkeit der kapverdischen Bev\u00f6lkerung.<\/span><\/p>\t\t\t\t\t\t<\/div>\n\t\t\t\t<\/div>\n\t\t<\/div>\t\t\t\t\t<\/div>","protected":false},"excerpt":{"rendered":"<p>Die Meilensteine Kap Verdes von der Entdeckung bis zur Unabh\u00e4ngigkeit 1460: Die Kapverdischen Inseln werden von portugiesischen Seefahrern entdeckt. 1462: Die Besiedlung der Kapverden beginnt, wobei Santiago die erste Insel ist, die besiedelt wird. 1869: Die Sklaverei wird in allen portugiesischen Gebieten abgeschafft, auch auf den Kapverden. 1956, 19. September: Am\u00edlcar Cabral [...]<\/p>","protected":false},"author":1,"featured_media":0,"parent":0,"menu_order":0,"comment_status":"closed","ping_status":"closed","template":"","meta":{"footnotes":""},"categories":[],"tags":[],"class_list":["post-285","page","type-page","status-publish","hentry"],"_links":{"self":[{"href":"https:\/\/feelcaboverde.com\/de\/wp-json\/wp\/v2\/pages\/285","targetHints":{"allow":["GET"]}}],"collection":[{"href":"https:\/\/feelcaboverde.com\/de\/wp-json\/wp\/v2\/pages"}],"about":[{"href":"https:\/\/feelcaboverde.com\/de\/wp-json\/wp\/v2\/types\/page"}],"author":[{"embeddable":true,"href":"https:\/\/feelcaboverde.com\/de\/wp-json\/wp\/v2\/users\/1"}],"replies":[{"embeddable":true,"href":"https:\/\/feelcaboverde.com\/de\/wp-json\/wp\/v2\/comments?post=285"}],"version-history":[{"count":97,"href":"https:\/\/feelcaboverde.com\/de\/wp-json\/wp\/v2\/pages\/285\/revisions"}],"predecessor-version":[{"id":4803,"href":"https:\/\/feelcaboverde.com\/de\/wp-json\/wp\/v2\/pages\/285\/revisions\/4803"}],"wp:attachment":[{"href":"https:\/\/feelcaboverde.com\/de\/wp-json\/wp\/v2\/media?parent=285"}],"wp:term":[{"taxonomy":"category","embeddable":true,"href":"https:\/\/feelcaboverde.com\/de\/wp-json\/wp\/v2\/categories?post=285"},{"taxonomy":"post_tag","embeddable":true,"href":"https:\/\/feelcaboverde.com\/de\/wp-json\/wp\/v2\/tags?post=285"}],"curies":[{"name":"wp","href":"https:\/\/api.w.org\/{rel}","templated":true}]}}