{"id":1961,"date":"2022-09-29T11:48:42","date_gmt":"2022-09-29T11:48:42","guid":{"rendered":"https:\/\/feelcaboverde.com\/?page_id=1961"},"modified":"2023-04-02T16:37:49","modified_gmt":"2023-04-02T16:37:49","slug":"geografia-e-geologia-de-cabo-verde","status":"publish","type":"page","link":"https:\/\/feelcaboverde.com\/de\/geografie-und-geologie-von-kap-verde\/","title":{"rendered":"Geographie und Geologie von Kap Verde"},"content":{"rendered":"<div data-elementor-type=\"wp-page\" data-elementor-id=\"1961\" class=\"elementor elementor-1961\">\n\t\t\t\t\t\t\t<div class=\"elementor-element elementor-element-7a76645 e-container--column e-container\" data-id=\"7a76645\" data-element_type=\"container\">\t\t\t\t<div class=\"elementor-element elementor-element-7c477fc elementor-widget elementor-widget-heading\" data-id=\"7c477fc\" data-element_type=\"widget\" data-widget_type=\"heading.default\">\n\t\t\t\t<div class=\"elementor-widget-container\">\n\t\t\t<style>\/*! elementor - v3.7.1 - 14-08-2022 *\/\n.elementor-heading-title{padding:0;margin:0;line-height:1}.elementor-widget-heading .elementor-heading-title[class*=elementor-size-]>a{color:inherit;font-size:inherit;line-height:inherit}.elementor-widget-heading .elementor-heading-title.elementor-size-small{font-size:15px}.elementor-widget-heading .elementor-heading-title.elementor-size-medium{font-size:19px}.elementor-widget-heading .elementor-heading-title.elementor-size-large{font-size:29px}.elementor-widget-heading .elementor-heading-title.elementor-size-xl{font-size:39px}.elementor-widget-heading .elementor-heading-title.elementor-size-xxl{font-size:59px}<\/style><h2 class=\"elementor-heading-title elementor-size-default\">1 - Geografische Lage von Kap Verde<\/h2>\t\t<\/div>\n\t\t\t\t<\/div>\n\t\t\t\t<div class=\"elementor-element elementor-element-284c0c7 elementor-widget elementor-widget-text-editor\" data-id=\"284c0c7\" data-element_type=\"widget\" data-widget_type=\"text-editor.default\">\n\t\t\t\t<div class=\"elementor-widget-container\">\n\t\t\t<style>\/*! elementor - v3.7.1 - 14-08-2022 *\/\n.elementor-widget-text-editor.elementor-drop-cap-view-stacked .elementor-drop-cap{background-color:#818a91;color:#fff}.elementor-widget-text-editor.elementor-drop-cap-view-framed .elementor-drop-cap{color:#818a91;border:3px solid;background-color:transparent}.elementor-widget-text-editor:not(.elementor-drop-cap-view-default) .elementor-drop-cap{margin-top:8px}.elementor-widget-text-editor:not(.elementor-drop-cap-view-default) .elementor-drop-cap-letter{width:1em;height:1em}.elementor-widget-text-editor .elementor-drop-cap{float:left;text-align:center;line-height:1;font-size:50px}.elementor-widget-text-editor .elementor-drop-cap-letter{display:inline-block}<\/style>\t\t\t\t<p><span style=\"font-weight: 400;\">Kap Verde ist ein kleiner Inselstaat im Nordatlantik, etwa 455 Kilometer (282 Meilen) vor der Westk\u00fcste Afrikas gelegen.<\/span><\/p><p><span style=\"font-weight: 400;\">Es liegt zwischen dem \u00c4quator und dem Wendekreis des Krebses, genauer gesagt zwischen den Breitengraden 14\u00ba 23\u2032 und 17\u00ba 12\u2032 n\u00f6rdlicher Breite und den L\u00e4ngengraden 22\u00ba 40\u2032 und 25\u00ba 22\u2032 westlich von Greenwich.\u00a0<\/span><\/p><p><span style=\"font-weight: 400;\">Der Archipel von Kap Verde besteht aus 10 Inseln (von denen eine unbewohnt ist) und 16 Inselchen (5 gr\u00f6\u00dfere und 9 kleinere). Die geografische Gesamtfl\u00e4che des Landes betr\u00e4gt etwa 4033 km<\/span><span style=\"font-weight: 400;\">2<\/span><span style=\"font-weight: 400;\">.<\/span><\/p><figure id=\"attachment_1985\" aria-describedby=\"caption-attachment-1985\" style=\"width: 1379px\" class=\"wp-caption alignnone\"><img decoding=\"async\" class=\"wp-image-1985 size-full\" src=\"http:\/\/feelcaboverde.com\/wp-content\/uploads\/2022\/09\/01.png\" alt=\"cape verde Standort auf der Karte\" width=\"1379\" height=\"975\" srcset=\"https:\/\/feelcaboverde.com\/wp-content\/uploads\/2022\/09\/01.png 1379w, https:\/\/feelcaboverde.com\/wp-content\/uploads\/2022\/09\/01-300x212.png 300w, https:\/\/feelcaboverde.com\/wp-content\/uploads\/2022\/09\/01-1024x724.png 1024w, https:\/\/feelcaboverde.com\/wp-content\/uploads\/2022\/09\/01-768x543.png 768w\" sizes=\"(max-width: 1379px) 100vw, 1379px\" \/><figcaption id=\"caption-attachment-1985\" class=\"wp-caption-text\">Karte und geografische Lage von Kap Verde<\/figcaption><\/figure>\t\t\t\t\t\t<\/div>\n\t\t\t\t<\/div>\n\t\t<\/div><div class=\"elementor-element elementor-element-d760dd7 e-container--column e-container\" data-id=\"d760dd7\" data-element_type=\"container\">\t\t\t\t<div class=\"elementor-element elementor-element-70cf0f4 elementor-widget elementor-widget-heading\" data-id=\"70cf0f4\" data-element_type=\"widget\" data-widget_type=\"heading.default\">\n\t\t\t\t<div class=\"elementor-widget-container\">\n\t\t\t<h2 class=\"elementor-heading-title elementor-size-default\">2 - Die territoriale Struktur von Kap Verde<\/h2>\t\t<\/div>\n\t\t\t\t<\/div>\n\t\t\t\t<div class=\"elementor-element elementor-element-6e71b19 elementor-widget elementor-widget-text-editor\" data-id=\"6e71b19\" data-element_type=\"widget\" data-widget_type=\"text-editor.default\">\n\t\t\t\t<div class=\"elementor-widget-container\">\n\t\t\t\t\t\t\t<p>Die Kapverden bestehen aus zehn Inseln (Santo Ant\u00e3o, S\u00e3o Vicente, Santa Luzia, S\u00e3o Nicolau, Sal, Boa Vista, Maio, Santiago, Fogo und Brava) und mehreren Inselchen.<\/p><p>Die Inseln gliedern sich in zwei Gruppen: die Barlavento-Inseln im Norden und die Sotavento-Inseln im S\u00fcden.<\/p><p>Kap Verde ist au\u00dferdem in 22 Gemeinden unterteilt, die jeweils \u00fcber eine eigene Verwaltung verf\u00fcgen und f\u00fcr verschiedene Bereiche wie Bildung, Gesundheit und Infrastruktur zust\u00e4ndig sind.<\/p><p>Praia ist die Hauptstadt des Landes und liegt auf der Insel Santiago, der gr\u00f6\u00dften und bev\u00f6lkerungsreichsten Insel des Archipels.\u00a0<\/p><p><b>\u00a0<\/b><\/p><p><b style=\"color: var( --e-global-color-text ); font-family: var( --e-global-typography-text-font-family ), Sans-serif; font-size: 1rem;\">Kapverdische Inseln\u00a0<\/b><\/p><p><span style=\"font-weight: 400;\">Die Inseln der Kapverden werden je nach Windrichtung in zwei Gruppen eingeteilt: die Inseln unter dem Winde (woher der Wind weht) und die Inseln unter dem Winde (die dem Wind entgegengesetzte Seite oder die, auf die er gerichtet ist).\u00a0<\/span><\/p><p><span style=\"font-weight: 400;\">Die Barlavento-Inseln befinden sich weiter n\u00f6rdlich und umfassen Santo Ant\u00e3o, S\u00e3o Vicente, S\u00e3o Nicolau, Santa Luzia, Sal und Boavista. Die Sotavento-Inseln liegen im S\u00fcden und umfassen die Inseln Maio, Santiago, Fogo und Brava<\/span><span style=\"font-weight: 400;\">.<\/span><\/p><p>\u00a0<\/p><h4><b>Ilh\u00e9us <\/b><b style=\"color: var( --e-global-color-text ); font-family: var( --e-global-typography-text-font-family ), Sans-serif; font-size: 1rem;\">von Kap Verde\u00a0<\/b><\/h4><p><span style=\"font-weight: 400;\">Kap Verde hat au\u00dferdem 16 weitere Inseln, die wichtigsten sind Branco, Raso, Lu\u00eds Carneiro, Grande und Ilh\u00e9u de Cima. Alle Inselchen sind unbewohnt.<\/span><\/p><p><span style=\"font-weight: 400;\">Die folgende Tabelle zeigt die geografische Verteilung der wichtigsten Inseln der Kapverden.\u00a0<\/span><\/p>\t\t\t\t\t\t<\/div>\n\t\t\t\t<\/div>\n\t\t<\/div><div class=\"elementor-element elementor-element-6e66140 e-container--column e-container\" data-id=\"6e66140\" data-element_type=\"container\">\t\t\t\t<div class=\"elementor-element elementor-element-1f6246e elementor-widget elementor-widget-text-editor\" data-id=\"1f6246e\" data-element_type=\"widget\" data-widget_type=\"text-editor.default\">\n\t\t\t\t<div class=\"elementor-widget-container\">\n\t\t\t\t\t\t\t<table width=\"685\"><tbody><tr><td width=\"171\"><strong>Geografische Gruppe<\/strong><\/td><td width=\"170\"><strong>Name<\/strong><\/td><td width=\"172\"><strong>Geografisches Gebiet (km)<sup>2<\/sup>)<\/strong><\/td><td width=\"172\"><strong>Standort<\/strong><\/td><\/tr><tr><td rowspan=\"7\" width=\"171\">Windw\u00e4rts<\/td><td width=\"170\">Vogelinsel<\/td><td width=\"172\">&#8211;<\/td><td width=\"172\">Zwischen S\u00e3o Vicente und Santo Ant\u00e3o<\/td><\/tr><tr><td width=\"170\">Wei\u00dfes Inselchen<\/td><td width=\"172\">3<\/td><td rowspan=\"2\" width=\"172\">Zwischen Santa Luzia und S\u00e3o Nicolau<\/td><\/tr><tr><td width=\"170\">Inselchen Raso<\/td><td width=\"172\">7<\/td><\/tr><tr><td width=\"170\">Inselchen Rabo de Junco<\/td><td width=\"172\">&#8211;<\/td><td width=\"172\">K\u00fcstengebiet von Sal<\/td><\/tr><tr><td width=\"170\">Sal Rei Inselchen<\/td><td width=\"172\">&#8211;<\/td><td rowspan=\"3\" width=\"172\">K\u00fcstengebiet von Boavista<\/td><\/tr><tr><td width=\"170\">Curral Velho Inselchen<\/td><td width=\"172\">&#8211;<\/td><\/tr><tr><td width=\"170\">Baluarte Inselchen<\/td><td width=\"172\">&#8211;<\/td><\/tr><tr><td rowspan=\"9\" width=\"171\">Leeward<\/td><td width=\"170\">Insel Santa Maria<\/td><td width=\"172\">&#8211;<\/td><td width=\"172\">K\u00fcstengebiet der Stadt Praia, Santiago<\/td><\/tr><tr><td width=\"170\">Sand Inselchen<\/td><td width=\"172\">&#8211;<\/td><td rowspan=\"8\" width=\"172\">K\u00fcstengebiet der Brava<\/td><\/tr><tr><td width=\"170\">Ilh\u00e9u Grande<\/td><td width=\"172\">2<\/td><\/tr><tr><td width=\"170\">Inselchen Rombo<\/td><td width=\"172\">&#8211;<\/td><\/tr><tr><td width=\"170\">Ilh\u00e9u de Baixo<\/td><td width=\"172\">&#8211;<\/td><\/tr><tr><td width=\"170\">Ilh\u00e9u de Cima<\/td><td width=\"172\">1.15<\/td><\/tr><tr><td width=\"170\">King's Islet<\/td><td width=\"172\">&#8211;<\/td><\/tr><tr><td width=\"170\">Lu\u00eds Carneiro Inselchen<\/td><td width=\"172\">0.22<\/td><\/tr><tr><td width=\"170\">Sapado-Inselchen<\/td><td width=\"172\">&#8211;<\/td><\/tr><\/tbody><\/table>\t\t\t\t\t\t<\/div>\n\t\t\t\t<\/div>\n\t\t<\/div><div class=\"elementor-element elementor-element-f593f6d e-container--column e-container\" data-id=\"f593f6d\" data-element_type=\"container\">\t\t\t\t<div class=\"elementor-element elementor-element-b9c31ab elementor-widget elementor-widget-heading\" data-id=\"b9c31ab\" data-element_type=\"widget\" data-widget_type=\"heading.default\">\n\t\t\t\t<div class=\"elementor-widget-container\">\n\t\t\t<h2 class=\"elementor-heading-title elementor-size-default\">Verwaltungsabteilung von Kap Verde\n<\/h2>\t\t<\/div>\n\t\t\t\t<\/div>\n\t\t\t\t<div class=\"elementor-element elementor-element-2f22ccc elementor-widget elementor-widget-text-editor\" data-id=\"2f22ccc\" data-element_type=\"widget\" data-widget_type=\"text-editor.default\">\n\t\t\t\t<div class=\"elementor-widget-container\">\n\t\t\t\t\t\t\t<p><span style=\"font-weight: 400;\">Jede Insel ist verwaltungstechnisch in concelhos oder Gemeinden unterteilt. <\/span><b>Kap Verde besteht aus insgesamt zehn Inseln, 22 Gemeinden, 24 St\u00e4dten und 32 Kirchengemeinden<\/b><span style=\"font-weight: 400;\">.\u00a0\u00a0<\/span><\/p><p><span style=\"font-weight: 400;\">Die folgende Tabelle veranschaulicht die Aufteilung von Kap Verde nach Inseln, Gemeinden und St\u00e4dten gem\u00e4\u00df der Aktualisierung 2010 (B.O Nr. 32 - Serie I [Gesetz Nr. 77\/VII\/2010]) und die Bev\u00f6lkerung gem\u00e4\u00df der <\/span><a href=\"https:\/\/ine.cv\/noticias\/ine-apresenta-os-resultados-definitivos-do-v-recenseamento-geral-da-populacao-habitacao-rgph-2021\/\" rel=\"nofollow noopener\" target=\"_blank\"><span style=\"font-weight: 400;\">Allgemeine Wohnungs- und Volksz\u00e4hlung<\/span><\/a><span style=\"font-weight: 400;\">2021.<\/span><\/p>\t\t\t\t\t\t<\/div>\n\t\t\t\t<\/div>\n\t\t<\/div><div class=\"elementor-element elementor-element-915f8c1 e-container--column e-container\" data-id=\"915f8c1\" data-element_type=\"container\">\t\t\t\t<div class=\"elementor-element elementor-element-168f5b5 elementor-widget elementor-widget-text-editor\" data-id=\"168f5b5\" data-element_type=\"widget\" data-widget_type=\"text-editor.default\">\n\t\t\t\t<div class=\"elementor-widget-container\">\n\t\t\t\t\t\t\t<table width=\"671\"><tbody><tr><td width=\"85\"><p><strong>Gruppe <\/strong><\/p><\/td><td width=\"94\"><p><strong>Insel<\/strong><\/p><\/td><td width=\"95\"><p><strong>Geografisches Gebiet (km)<sup>2<\/sup>)<\/strong><\/p><\/td><td width=\"85\"><p><strong>Bev\u00f6lkerung (Volksz\u00e4hlung 2021)<\/strong><\/p><\/td><td width=\"104\"><p><strong>Landkreise<\/strong><\/p><\/td><td width=\"94\"><p><strong>St\u00e4dte<\/strong><\/p><\/td><td width=\"113\"><p><strong>Pfarreien nach Gemeinde<\/strong><\/p><\/td><\/tr><tr><td rowspan=\"11\" width=\"85\"><p>Windw\u00e4rts<\/p><\/td><td rowspan=\"4\" width=\"94\"><p>Santo Ant\u00e3o<\/p><\/td><td rowspan=\"4\" width=\"95\"><p>785<\/p><\/td><td rowspan=\"4\" width=\"85\"><p>36 950<\/p><\/td><td width=\"104\"><p>Paul<\/p><\/td><td width=\"94\"><p>Die Tauben<\/p><\/td><td width=\"113\"><p>Der heilige Antonius der Tauben<\/p><\/td><\/tr><tr><td width=\"104\"><p>Porto Novo<\/p><\/td><td width=\"94\"><p>Porto Novo<\/p><\/td><td width=\"113\"><p>- Der heilige Johannes der T\u00e4ufer<\/p><p>- St. Andreaskirche<\/p><\/td><\/tr><tr><td rowspan=\"2\" width=\"104\"><p>Ribeira Grande<\/p><\/td><td width=\"94\"><p>Ponta do Sol<\/p><\/td><td rowspan=\"2\" width=\"113\"><p>- Unsere Liebe Frau von Livramento<\/p><p>- Unsere Liebe Frau vom Rosenkranz<\/p><p>- Heiliges Kruzifix<\/p><p>- Der heilige Apostel Petrus<\/p><\/td><\/tr><tr><td width=\"94\"><p>Povoa\u00e7\u00e3o<\/p><\/td><\/tr><tr><td width=\"94\"><p>S\u00e3o Vicente<\/p><\/td><td width=\"95\"><p>227<\/p><\/td><td width=\"85\"><p>75 845<\/p><\/td><td width=\"104\"><p>S\u00e3o Vicente<\/p><\/td><td width=\"94\"><p>Mindelo<\/p><\/td><td width=\"113\"><p>Unsere Liebe Frau des Lichts<\/p><\/td><\/tr><tr><td width=\"94\"><p>Santa Luzia<\/p><\/td><td width=\"95\"><p>35<\/p><\/td><td width=\"85\"><p>0<\/p><\/td><td width=\"104\"><p>&#8211;<\/p><\/td><td width=\"94\"><p>&#8211;<\/p><\/td><td width=\"113\"><p>&#8211;<\/p><\/td><\/tr><tr><td rowspan=\"2\" width=\"94\"><p>S\u00e3o Nicolau<\/p><\/td><td rowspan=\"2\" width=\"95\"><p>343<\/p><\/td><td rowspan=\"2\" width=\"85\"><p>12 306<\/p><\/td><td width=\"104\"><p>Ribeira Brava<\/p><\/td><td width=\"94\"><p>Ribeira Brava<\/p><\/td><td width=\"113\"><p>- Unsere Liebe Frau von Lapa<\/p><p>- Unsere Liebe Frau vom Rosenkranz<\/p><\/td><\/tr><tr><td width=\"104\"><p>Tarrafal de S. Nicolau<\/p><\/td><td width=\"94\"><p>Tarrafal de S. Nicolau<\/p><\/td><td width=\"113\"><p>San Francisco<\/p><\/td><\/tr><tr><td rowspan=\"2\" width=\"94\"><p>Sal<\/p><\/td><td rowspan=\"2\" width=\"95\"><p>220<\/p><\/td><td rowspan=\"2\" width=\"85\"><p>33 615<\/p><\/td><td rowspan=\"2\" width=\"104\"><p>Sal<\/p><\/td><td width=\"94\"><p>Spargel<\/p><\/td><td rowspan=\"2\" width=\"113\"><p>Unsere Liebe Frau von den Schmerzen<\/p><\/td><\/tr><tr><td width=\"94\"><p>Santa Maria<\/p><\/td><\/tr><tr><td width=\"94\"><p>Boa Vista<\/p><\/td><td width=\"95\"><p>631<\/p><\/td><td width=\"85\"><p>12 798<\/p><\/td><td width=\"104\"><p>Boavista<\/p><\/td><td width=\"94\"><p>K\u00f6nig Salz<\/p><\/td><td width=\"113\"><p>- Santa Isabel<\/p><p>- Der heilige Johannes der T\u00e4ufer<\/p><\/td><\/tr><tr><td rowspan=\"14\" width=\"85\"><p>Leeward<\/p><\/td><td width=\"94\"><p>Maio<\/p><\/td><td width=\"95\"><p>275<\/p><\/td><td width=\"85\"><p>6 330<\/p><\/td><td width=\"104\"><p>Maio<\/p><\/td><td width=\"94\"><p>Englischer Hafen<\/p><\/td><td width=\"113\"><p>Unsere Liebe Frau des Lichts<\/p><\/td><\/tr><tr><td rowspan=\"9\" width=\"94\"><p>Santiago<\/p><\/td><td rowspan=\"9\" width=\"95\"><p>991<\/p><\/td><td rowspan=\"9\" width=\"85\"><p>273 988<\/p><\/td><td width=\"104\"><p>Tarrafal<\/p><\/td><td width=\"94\"><p>Tarrafal<\/p><\/td><td width=\"113\"><p>Abt von St. Amaro<\/p><\/td><\/tr><tr><td width=\"104\"><p>Santa Catarina<\/p><\/td><td width=\"94\"><p>Assomada<\/p><\/td><td width=\"113\"><p>Santa Catarina<\/p><\/td><\/tr><tr><td width=\"104\"><p>Santa Cruz<\/p><\/td><td width=\"94\"><p>Whiting Rock<\/p><\/td><td width=\"113\"><p>Santiago Maior<\/p><\/td><\/tr><tr><td width=\"104\"><p>Strand<\/p><\/td><td width=\"94\"><p>Strand<\/p><\/td><td width=\"113\"><p>Unsere Liebe Frau der Gnade<\/p><\/td><\/tr><tr><td width=\"104\"><p>S\u00e3o Domingos<\/p><\/td><td width=\"94\"><p>V\u00e1rzea da Igreja<\/p><\/td><td width=\"113\"><p>- Unsere Liebe Frau des Lichts<\/p><p>- St. Nikolaus Tolentine<\/p><\/td><\/tr><tr><td width=\"104\"><p>S\u00e3o Miguel<\/p><\/td><td width=\"94\"><p>Calheta de S\u00e3o Miguel<\/p><\/td><td width=\"113\"><p>St. Michael der Erzengel<\/p><\/td><\/tr><tr><td width=\"104\"><p>Heiliger Retter der Welt<\/p><\/td><td width=\"94\"><p>Achada Kirche<\/p><\/td><td width=\"113\"><p>Heiliger Retter der Welt<\/p><\/td><\/tr><tr><td width=\"104\"><p>S\u00e3o Louren\u00e7o dos \u00d3rg\u00e3os<\/p><\/td><td width=\"94\"><p>Jo\u00e3o Teves<\/p><\/td><td width=\"113\"><p>S\u00e3o Louren\u00e7o dos \u00d3rg\u00e3os<\/p><\/td><\/tr><tr><td width=\"104\"><p>Ribeira Grande de Santiago<\/p><\/td><td width=\"94\"><p>Alte Stadt<\/p><\/td><td width=\"113\"><p>- Heiligster Name von Jesus<\/p><p>- Der heilige Johannes der T\u00e4ufer<\/p><\/td><\/tr><tr><td rowspan=\"3\" width=\"94\"><p>Fogo<\/p><\/td><td rowspan=\"3\" width=\"95\"><p>476<\/p><\/td><td rowspan=\"3\" width=\"85\"><p>33 754<\/p><\/td><td width=\"104\"><p>Kl\u00f6ster<\/p><\/td><td width=\"94\"><p>Kl\u00f6ster<\/p><\/td><td width=\"113\"><p>Unsere Liebe Frau von der Hilfe<\/p><\/td><\/tr><tr><td width=\"104\"><p>Der Heilige Philippus<\/p><\/td><td width=\"94\"><p>Der Heilige Philippus<\/p><\/td><td width=\"113\"><p>- S\u00e3o Louren\u00e7o<\/p><p>- Unsere Liebe Frau von der Empf\u00e4ngnis<\/p><\/td><\/tr><tr><td width=\"104\"><p>Die heilige Katharina des Feuers<\/p><\/td><td width=\"94\"><p>Die heilige Katharina des Feuers<\/p><\/td><td width=\"113\"><p>Die heilige Katharina des Feuers<\/p><\/td><\/tr><tr><td width=\"94\"><p>Brava<\/p><\/td><td width=\"95\"><p>63<\/p><\/td><td width=\"85\"><p>5 647<\/p><\/td><td width=\"104\"><p>Brava<\/p><\/td><td width=\"94\"><p>Neues Sintra<\/p><\/td><td width=\"113\"><p>- Der heilige Johannes der T\u00e4ufer<\/p><p>- Unsere Liebe Frau vom Berge<\/p><\/td><\/tr><tr><td width=\"85\"><p><strong>Insgesamt<\/strong><\/p><\/td><td width=\"94\"><p><strong>10<\/strong><strong> Inseln<\/strong><\/p><\/td><td width=\"95\"><p><strong>4033 km<sup>2<\/sup><\/strong><\/p><\/td><td width=\"85\"><p><strong>491.233 Einwohner<\/strong><\/p><\/td><td width=\"104\"><p><strong>22 Gemeinden<\/strong><\/p><\/td><td width=\"94\"><p><strong>24 St\u00e4dte<\/strong><\/p><\/td><td width=\"113\"><p><strong>32 Kirchengemeinden<\/strong><\/p><\/td><\/tr><\/tbody><\/table>\t\t\t\t\t\t<\/div>\n\t\t\t\t<\/div>\n\t\t<\/div><div class=\"elementor-element elementor-element-71828b0 e-container--column e-container\" data-id=\"71828b0\" data-element_type=\"container\">\t\t\t\t<div class=\"elementor-element elementor-element-1485c78 elementor-widget elementor-widget-heading\" data-id=\"1485c78\" data-element_type=\"widget\" data-widget_type=\"heading.default\">\n\t\t\t\t<div class=\"elementor-widget-container\">\n\t\t\t<h2 class=\"elementor-heading-title elementor-size-default\">Geologie und Geomorphologie der Kapverdischen Inseln<\/h2>\t\t<\/div>\n\t\t\t\t<\/div>\n\t\t\t\t<div class=\"elementor-element elementor-element-4e04625 elementor-widget elementor-widget-text-editor\" data-id=\"4e04625\" data-element_type=\"widget\" data-widget_type=\"text-editor.default\">\n\t\t\t\t<div class=\"elementor-widget-container\">\n\t\t\t\t\t\t\t<p>Die Kapverdischen Inseln sind vulkanischen Ursprungs und entstanden durch die Anh\u00e4ufung von Gesteinen, die bei Eruptionen auf unterseeischen Plattformen entstanden sind. Diese Felsen stiegen aus einer Tiefe von etwa 3000 Metern aus dem Meeresboden auf, und zwar aus einer gro\u00dfen topografischen Erhebung, dem Kapverdischen R\u00fccken.<\/p>\n<p>Die vulkanische Aktivit\u00e4t auf dem Archipel ist das Ergebnis einer <em>Hotspot<\/em>Dies ist eine Region des Erdmantels, in der S\u00e4ulen aus hei\u00dfem Magma durch die Erdkruste aufsteigen und am Meeresboden ausbrechen.<\/p><p><br><\/p>\n<p><\/p>\n<h5><strong>Die geologischen Ressourcen von Kap Verde <\/strong><\/h5>\n<p>Zu den geologischen Ressourcen Kap Verdes geh\u00f6ren haupts\u00e4chlich basische Gesteine, vor allem basaltische Gesteine, phonotrachytische Gesteine und pyroklastische Produkte (Bomben, Lapilli, Sande und Tuffe).&nbsp;<\/p>\n<p>Sedimentgesteine sind im gesamten Archipel zu finden (Sand, Schwemmland, Strandkies, \u00dcberschwemmungsablagerungen und Ablagerungen an den H\u00e4ngen), wobei sie auf der Insel Maio, wo Tone, Mergel, Jura- und Kreidekalksteine vorkommen, st\u00e4rker vertreten sind. Auf der Insel Maio ist der Anteil der Sedimentgesteine h\u00f6her als der der magmatischen Gesteine, im Gegensatz zu den anderen Inseln.<\/p>\n<p>Die B\u00f6den der Kapverden sind im Allgemeinen flach, arm an organischen Stoffen, wenig differenziert und felsig. Ihr Substrat besteht aus vulkanischem Gestein (80%-Basalt) und Sedimentgestein.<\/p>\n<p>Nur 10% der Landesfl\u00e4che sind potenziell ackerbaulich nutzbar (rund 40.000 ha). Dies ist eine der gr\u00f6\u00dften Schwachstellen des Landes, da das meiste, was konsumiert wird, importiert wird.<\/p><p><br><\/p>\n<p><\/p>\n<h5><strong>Topographie und Relief der Kapverdischen Inseln <\/strong><\/h5>\n<p>Trotz ihres gemeinsamen vulkanischen Ursprungs unterscheiden sich die Inseln der Kapverden in Bezug auf Relief und Topografie. Topografisch lassen sich die Inseln in zwei Gruppen einteilen:<\/p>\n<ul>\n<li>Flache Inseln: eine Inselgruppe mit sanftem Relief und nur wenigen, verstreuten, niedrigen Erhebungen; zu dieser Gruppe geh\u00f6ren die Inseln Maio, Boa Vista, Sal und Santa Luzia.<\/li>\n<li>Gebirgsinseln: Sie zeichnen sich durch steiles, zerkl\u00fcftetes Gel\u00e4nde aus, oft mit beeindruckenden Klippen, Schluchten und steilen H\u00e4ngen.<\/li>\n<\/ul>\n<p>Zu dieser Gruppe geh\u00f6ren die Inseln Santo Ant\u00e3o, S\u00e3o Nicolau, Santiago, Fogo und Brava.<\/p>\n<p>Die Insel S\u00e3o Vicente nimmt eine Zwischenstellung zwischen diesen beiden Gruppen ein, sowohl in Bezug auf die Topographie als auch auf das Relief.<\/p>\n<p>Mit Ausnahme der flacheren Inseln (Santa Luzia, Sal, Boavista und Maio) ist das Relief des Archipels sehr zerkl\u00fcftet. Die Landschaften sind von Insel zu Insel sehr unterschiedlich und reichen von kilometerlangen Str\u00e4nden (wie dem Strand Santa M\u00f3nica auf der Insel Boavista) \u00fcber ausgedehnte Salinen (auf den Inseln Sal und Maio) bis hin zu atemberaubenden Steilk\u00fcsten (vor allem auf Santo Ant\u00e3o, S\u00e3o Nicolau und Brava) und sogar einem aktiven Vulkan auf der Insel Fogo.<\/p><p><br><\/p>\n<p><\/p>\n<h5><strong>Die h\u00f6chsten Punkte der Kapverden <\/strong><\/h5>\n<p>Die folgende Tabelle gibt einen \u00dcberblick \u00fcber die h\u00f6chsten Punkte der Kapverden, ihre Lage und ihre jeweilige H\u00f6he.<\/p>\n<table width=\"602\">\n<tbody>\n<tr>\n<td width=\"201\">\n<p><strong>H\u00f6hepunkte von Kap Verde<\/strong><\/p>\n<\/td>\n<td width=\"201\">\n<p><strong>Insel<\/strong><\/p>\n<\/td>\n<td width=\"201\">\n<p><strong>H\u00f6he \u00fcber dem Meeresspiegel (Meter)<\/strong><\/p>\n<\/td>\n<\/tr>\n<tr>\n<td width=\"201\">\n<p>Pico do Fogo<\/p>\n<\/td>\n<td width=\"201\">\n<p>Fogo<\/p>\n<\/td>\n<td width=\"201\">\n<p>2829<\/p>\n<\/td>\n<\/tr>\n<tr>\n<td width=\"201\">\n<p>Krone oben<\/p>\n<\/td>\n<td width=\"201\">\n<p>Santo Ant\u00e3o<\/p>\n<\/td>\n<td width=\"201\">\n<p>1979<\/p>\n<\/td>\n<\/tr>\n<tr>\n<td width=\"201\">\n<p>Pico da Cruz<\/p>\n<\/td>\n<td width=\"201\">\n<p>Santo Ant\u00e3o<\/p>\n<\/td>\n<td width=\"201\">\n<p>1585<\/p>\n<\/td>\n<\/tr>\n<tr>\n<td width=\"201\">\n<p>Pico d'Ant\u00f3nia<\/p>\n<\/td>\n<td width=\"201\">\n<p>Santiago<\/p>\n<\/td>\n<td width=\"201\">\n<p>1394<\/p>\n<\/td>\n<\/tr>\n<tr>\n<td width=\"201\">\n<p>Monte Gordo<\/p>\n<\/td>\n<td width=\"201\">\n<p>S\u00e3o Nicolau<\/p>\n<\/td>\n<td width=\"201\">\n<p>1312<\/p>\n<\/td>\n<\/tr>\n<tr>\n<td width=\"201\">\n<p>Serra Malagueta<\/p>\n<\/td>\n<td width=\"201\">\n<p>Santiago<\/p>\n<\/td>\n<td width=\"201\">\n<p>1064<\/p>\n<\/td>\n<\/tr>\n<tr>\n<td width=\"201\">\n<p>Monte Fontainhas<\/p>\n<\/td>\n<td width=\"201\">\n<p>Brava<\/p>\n<\/td>\n<td width=\"201\">\n<p>976<\/p>\n<\/td>\n<\/tr>\n<tr>\n<td width=\"201\">\n<p>Monte Verde<\/p>\n<\/td>\n<td width=\"201\">\n<p>S\u00e3o Vicente<\/p>\n<\/td>\n<td width=\"201\">\n<p>750<\/p>\n<\/td>\n<\/tr>\n<tr>\n<td width=\"201\">\n<p>Monte Penoso<\/p>\n<\/td>\n<td width=\"201\">\n<p>Maio<\/p>\n<\/td>\n<td width=\"201\">\n<p>431<\/p>\n<\/td>\n<\/tr>\n<tr>\n<td width=\"201\">\n<p>Topona<\/p>\n<\/td>\n<td width=\"201\">\n<p>Santa Luzia<\/p>\n<\/td>\n<td width=\"201\">\n<p>397<\/p>\n<\/td>\n<\/tr>\n<tr>\n<td width=\"201\">\n<p>Monte Estancia<\/p>\n<\/td>\n<td width=\"201\">\n<p>Boavista<\/p>\n<\/td>\n<td width=\"201\">\n<p>387<\/p>\n<\/td>\n<\/tr>\n<tr>\n<td width=\"201\">\n<p>Monte Grande<\/p>\n<\/td>\n<td width=\"201\">\n<p>Sal<\/p>\n<\/td>\n<td width=\"201\">\n<p>252<\/p>\n<\/td>\n<\/tr>\n<\/tbody>\n<\/table>\n<p>O <strong>Der h\u00f6chste Punkt der Kapverden ist der Pico do Fogo<\/strong>auf einer H\u00f6he von 2829 Metern \u00fcber dem Meeresspiegel.<\/p><p><br><\/p>\n<p><\/p>\n<h5><strong>Alter der Kapverdischen Inseln<\/strong><\/h5>\n<p>\u00dcber das Alter der Inseln herrscht zwar wenig Einigkeit, doch sch\u00e4tzt man, dass die Inseln Sal, Maio und Boavista die \u00e4ltesten sind. Infolge der starken Winderosion im Laufe der Zeit sind diese Inseln sehr sandig und flach.<\/p>\n<p>Die Inseln mit ihrem faltigen\" und felsigen Aussehen sind dagegen j\u00fcnger, wobei die Inseln Fogo und Brava als die j\u00fcngsten des Archipels gelten.<\/p>\n<p>Die folgende Abbildung veranschaulicht das ungef\u00e4hre Alter der Kapverdischen Inseln.<\/p>\n<figure id=\"attachment_2000\" aria-describedby=\"caption-attachment-2000\" style=\"width: 1379px\" class=\"wp-caption alignnone\"><img decoding=\"async\" src=\"http:\/\/feelcaboverde.com\/wp-content\/uploads\/2022\/09\/02.png\" alt=\"Kapverdische Inseln Alterskarte\" width=\"1379\" height=\"975\"><figcaption id=\"caption-attachment-2000\" class=\"wp-caption-text\">Alterskarte der Kapverdischen Inseln<\/figcaption><\/figure>\n<p><strong>&nbsp;<\/strong><\/p>\n<h5><strong>Vulkanische Aktivit\u00e4t auf den Kapverden<\/strong><\/h5>\n<p>Trotz des vulkanischen Ursprungs und einer gewissen latenten vulkanischen Aktivit\u00e4t im gesamten Archipel ist diese meist unbemerkt. Der letzte Vulkanausbruch im Land ereignete sich 2014, ohne dass Menschen zu Schaden kamen.<\/p>\n<p>Im Allgemeinen k\u00f6nnen zwischen den ersten Anzeichen vulkanischer Aktivit\u00e4t und der Explosion von Magma an der Oberfl\u00e4che Wochen bis Monate vergehen, so dass Schutzma\u00dfnahmen ergriffen werden k\u00f6nnen.<\/p>\n<p>Das Nationale Institut f\u00fcr Meteorologie und Geophysik der Kapverden hat 18 <a href=\"https:\/\/www.inmg.gov.cv\/index.php\/servicos\/geofisica\" rel=\"nofollow noopener\" target=\"_blank\">seismometrische Stationen<\/a> die \u00fcber den gesamten Archipel verteilt sind und jegliche vulkanische Aktivit\u00e4t auf den Inseln \u00fcberwachen. Auf der Insel Fogo gibt es au\u00dferdem drei Neigungsmessstationen, die es erm\u00f6glichen, die durch magmatische Intrusionen hervorgerufenen Bodenverformungen zu \u00fcberwachen, um den Vulkan Fogo zus\u00e4tzlich zu \u00fcberwachen. Mit diesen Ma\u00dfnahmen soll sichergestellt werden, dass im Falle erheblicher vulkanischer Aktivit\u00e4ten rechtzeitig Sicherheitsma\u00dfnahmen ergriffen werden.<\/p>\n<p><\/p>\n<h5><b><br><\/b><\/h5><h5><b>Fazit<\/b><\/h5>\n<p>Die Kapverden weisen eine bemerkenswerte geologische Vielfalt auf, mit beeindruckenden Landschaften, die von steilen Bergen bis zu wei\u00dfen Sandstr\u00e4nden und kristallklarem Wasser reichen. Diese Vielfalt bietet \u00fcberall auf den Inseln gro\u00dfartige M\u00f6glichkeiten f\u00fcr Abenteuer.<\/p>\n<p>Wenn Sie mehr \u00fcber dieses Thema erfahren m\u00f6chten oder Hilfe bei der Erkundung der Kapverden ben\u00f6tigen, nehmen Sie bitte Kontakt mit uns auf.<\/p>\n<p><\/p>\t\t\t\t\t\t<\/div>\n\t\t\t\t<\/div>\n\t\t<\/div>\t\t\t\t\t<\/div>","protected":false},"excerpt":{"rendered":"<p>1 - Geografische Lage von Kap Verde Kap Verde ist ein kleiner Inselstaat im Nordatlantik, etwa 455 Kilometer (282 Meilen) vor der Westk\u00fcste Afrikas. Er liegt zwischen dem \u00c4quator und dem Wendekreis des Krebses, genauer gesagt zwischen den Breitengraden 14\u00ba 23\u2032 und 17\u00ba 12\u2032 n\u00f6rdlicher Breite und den L\u00e4ngengraden 22\u00ba 40\u2032 [...]<\/p>","protected":false},"author":1,"featured_media":0,"parent":0,"menu_order":0,"comment_status":"closed","ping_status":"closed","template":"","meta":{"footnotes":""},"categories":[],"tags":[],"class_list":["post-1961","page","type-page","status-publish","hentry"],"_links":{"self":[{"href":"https:\/\/feelcaboverde.com\/de\/wp-json\/wp\/v2\/pages\/1961","targetHints":{"allow":["GET"]}}],"collection":[{"href":"https:\/\/feelcaboverde.com\/de\/wp-json\/wp\/v2\/pages"}],"about":[{"href":"https:\/\/feelcaboverde.com\/de\/wp-json\/wp\/v2\/types\/page"}],"author":[{"embeddable":true,"href":"https:\/\/feelcaboverde.com\/de\/wp-json\/wp\/v2\/users\/1"}],"replies":[{"embeddable":true,"href":"https:\/\/feelcaboverde.com\/de\/wp-json\/wp\/v2\/comments?post=1961"}],"version-history":[{"count":70,"href":"https:\/\/feelcaboverde.com\/de\/wp-json\/wp\/v2\/pages\/1961\/revisions"}],"predecessor-version":[{"id":4327,"href":"https:\/\/feelcaboverde.com\/de\/wp-json\/wp\/v2\/pages\/1961\/revisions\/4327"}],"wp:attachment":[{"href":"https:\/\/feelcaboverde.com\/de\/wp-json\/wp\/v2\/media?parent=1961"}],"wp:term":[{"taxonomy":"category","embeddable":true,"href":"https:\/\/feelcaboverde.com\/de\/wp-json\/wp\/v2\/categories?post=1961"},{"taxonomy":"post_tag","embeddable":true,"href":"https:\/\/feelcaboverde.com\/de\/wp-json\/wp\/v2\/tags?post=1961"}],"curies":[{"name":"wp","href":"https:\/\/api.w.org\/{rel}","templated":true}]}}