{"id":1078,"date":"2022-05-27T13:56:11","date_gmt":"2022-05-27T13:56:11","guid":{"rendered":"https:\/\/feelcaboverde.com\/?page_id=1078"},"modified":"2024-10-06T23:16:04","modified_gmt":"2024-10-06T23:16:04","slug":"mosquitos-malaria","status":"publish","type":"page","link":"https:\/\/feelcaboverde.com\/de\/mucken-malaria-kap-verde\/","title":{"rendered":"Stechm\u00fccken und Malaria"},"content":{"rendered":"<div data-elementor-type=\"wp-page\" data-elementor-id=\"1078\" class=\"elementor elementor-1078\">\n\t\t\t\t\t\t\t\t\t<section data-particle_enable=\"false\" data-particle-mobile-disabled=\"false\" class=\"elementor-section elementor-top-section elementor-element elementor-element-43b54aea elementor-section-boxed elementor-section-height-default elementor-section-height-default\" data-id=\"43b54aea\" data-element_type=\"section\">\n\t\t\t\t\t\t<div class=\"elementor-container elementor-column-gap-default\">\n\t\t\t\t\t<div class=\"elementor-column elementor-col-100 elementor-top-column elementor-element elementor-element-6e42e8a5\" data-id=\"6e42e8a5\" data-element_type=\"column\">\n\t\t\t<div class=\"elementor-widget-wrap elementor-element-populated\">\n\t\t\t\t\t\t\t\t<div class=\"elementor-element elementor-element-56626ddb elementor-widget elementor-widget-text-editor\" data-id=\"56626ddb\" data-element_type=\"widget\" data-widget_type=\"text-editor.default\">\n\t\t\t\t<div class=\"elementor-widget-container\">\n\t\t\t<style>\/*! elementor - v3.7.1 - 14-08-2022 *\/\n.elementor-widget-text-editor.elementor-drop-cap-view-stacked .elementor-drop-cap{background-color:#818a91;color:#fff}.elementor-widget-text-editor.elementor-drop-cap-view-framed .elementor-drop-cap{color:#818a91;border:3px solid;background-color:transparent}.elementor-widget-text-editor:not(.elementor-drop-cap-view-default) .elementor-drop-cap{margin-top:8px}.elementor-widget-text-editor:not(.elementor-drop-cap-view-default) .elementor-drop-cap-letter{width:1em;height:1em}.elementor-widget-text-editor .elementor-drop-cap{float:left;text-align:center;line-height:1;font-size:50px}.elementor-widget-text-editor .elementor-drop-cap-letter{display:inline-block}<\/style>\t\t\t\t<h2>Stechm\u00fccken auf Kap Verde<\/h2><p><span style=\"font-weight: 400;\">Aufgrund des subtropischen Klimas gibt es auf den Kapverden Stechm\u00fccken. Die Konzentration ist in der Regel von Juli bis Dezember am st\u00e4rksten.<\/span><\/p><p><span style=\"font-weight: 400;\">Unter Ber\u00fccksichtigung der \u00f6rtlichen Gesundheits- und Seuchenlage sind f\u00fcr die Einreise nach Kap Verde keine prophylaktischen Medikamente oder Impfstoffe gegen durch M\u00fccken \u00fcbertragene Krankheiten erforderlich. Reisende sollten jedoch pr\u00fcfen, ob die Gesundheitsbeh\u00f6rden in ihrem Herkunftsland besondere Gesundheitsma\u00dfnahmen empfehlen oder vorschreiben.<\/span><\/p><p><span style=\"font-weight: 400;\">Im Allgemeinen wird die Verwendung von Insektenschutzmitteln empfohlen.<\/span><\/p><p><span style=\"font-weight: 400;\">\u00a0<\/span><\/p><h3>Malaria auf den Kapverden<\/h3><p><span style=\"font-weight: 400;\">Malaria ist eine akute fieberhafte Infektionskrankheit, die durch den Protozoen Plasmodium verursacht und durch den Stich der weiblichen Anopheles-M\u00fccke \u00fcbertragen wird. Anopheles-M\u00fccken stechen in der Regel nachts (von der Abendd\u00e4mmerung bis zur Morgend\u00e4mmerung).<\/span><\/p><p><span style=\"font-weight: 400;\">Die Malaria\u00fcbertragung auf Kap Verde war in den letzten Jahren gering und unregelm\u00e4\u00dfig. Mit Ausnahme des Ausbruchs 2017 sind die meisten oder alle F\u00e4lle importiert. <\/span><b>Seit 2019 wurden alle in Kap Verde diagnostizierten Malariaf\u00e4lle importiert<\/b><span style=\"font-weight: 400;\"> (Menschen, die aus anderen L\u00e4ndern infiziert sind).<\/span><\/p><p><span style=\"font-weight: 400;\">Tabelle: Malaria in Kap Verde (importierte und autochthone\/lokale F\u00e4lle), 2012 bis 2019<\/span><\/p><table><tbody><tr><td><p><b>Jahr<\/b><\/p><\/td><td><p><b>Bev\u00f6lkerung<\/b><\/p><\/td><td><p><b>F\u00e4lle (importiert und lokal)<\/b><\/p><\/td><td><p><b>Inzidenz (pro 100.000)<\/b><\/p><\/td><td><p><b>Todesf\u00e4lle<\/b><\/p><\/td><td><p><b>Sterblichkeitsrate (pro 100.000)<\/b><\/p><\/td><td><p><b>Letalit\u00e4tsrate (%)<\/b><\/p><\/td><\/tr><tr><td><p><b>2012<\/b><\/p><\/td><td><p><span style=\"font-weight: 400;\">505.983<\/span><\/p><\/td><td><p><span style=\"font-weight: 400;\">36<\/span><\/p><\/td><td><p><span style=\"font-weight: 400;\">7,1<\/span><\/p><\/td><td><p><span style=\"font-weight: 400;\">1<\/span><\/p><\/td><td><p><span style=\"font-weight: 400;\">0,2<\/span><\/p><\/td><td><p><span style=\"font-weight: 400;\">2,8<\/span><\/p><\/td><\/tr><tr><td><p><b>2013<\/b><\/p><\/td><td><p><span style=\"font-weight: 400;\">512.173<\/span><\/p><\/td><td><p><span style=\"font-weight: 400;\">46<\/span><\/p><\/td><td><p><span style=\"font-weight: 400;\">9,0<\/span><\/p><\/td><td><p><span style=\"font-weight: 400;\">0<\/span><\/p><\/td><td><p><span style=\"font-weight: 400;\">0,0<\/span><\/p><\/td><td><p><span style=\"font-weight: 400;\">0,0<\/span><\/p><\/td><\/tr><tr><td><p><b>2014<\/b><\/p><\/td><td><p><span style=\"font-weight: 400;\">518.467<\/span><\/p><\/td><td><p><span style=\"font-weight: 400;\">46<\/span><\/p><\/td><td><p><span style=\"font-weight: 400;\">8,9<\/span><\/p><\/td><td><p><span style=\"font-weight: 400;\">1<\/span><\/p><\/td><td><p><span style=\"font-weight: 400;\">0,2<\/span><\/p><\/td><td><p><span style=\"font-weight: 400;\">2,2<\/span><\/p><\/td><\/tr><tr><td><p><b>2015<\/b><\/p><\/td><td><p><span style=\"font-weight: 400;\">524.833<\/span><\/p><\/td><td><p><span style=\"font-weight: 400;\">27<\/span><\/p><\/td><td><p><span style=\"font-weight: 400;\">5,1<\/span><\/p><\/td><td><p><span style=\"font-weight: 400;\">0<\/span><\/p><\/td><td><p><span style=\"font-weight: 400;\">0,0<\/span><\/p><\/td><td><p><span style=\"font-weight: 400;\">0,0<\/span><\/p><\/td><\/tr><tr><td><p><b>2016<\/b><\/p><\/td><td><p><span style=\"font-weight: 400;\">531.239<\/span><\/p><\/td><td><p><span style=\"font-weight: 400;\">75<\/span><\/p><\/td><td><p><span style=\"font-weight: 400;\">14,1<\/span><\/p><\/td><td><p><span style=\"font-weight: 400;\">2<\/span><\/p><\/td><td><p><span style=\"font-weight: 400;\">0,4<\/span><\/p><\/td><td><p><span style=\"font-weight: 400;\">2,7<\/span><\/p><\/td><\/tr><tr><td><p><b>2017<\/b><\/p><\/td><td><p><span style=\"font-weight: 400;\">537.661<\/span><\/p><\/td><td><p><span style=\"font-weight: 400;\">446<\/span><\/p><\/td><td><p><span style=\"font-weight: 400;\">83,0<\/span><\/p><\/td><td><p><span style=\"font-weight: 400;\">2<\/span><\/p><\/td><td><p><span style=\"font-weight: 400;\">0,4<\/span><\/p><\/td><td><p><span style=\"font-weight: 400;\">0,4<\/span><\/p><\/td><\/tr><tr><td><p><b>2018<\/b><\/p><\/td><td><p><span style=\"font-weight: 400;\">544.081<\/span><\/p><\/td><td><p><span style=\"font-weight: 400;\">21<\/span><\/p><\/td><td><p><span style=\"font-weight: 400;\">3,7<\/span><\/p><\/td><td><p><span style=\"font-weight: 400;\">0<\/span><\/p><\/td><td><p><span style=\"font-weight: 400;\">0,0<\/span><\/p><\/td><td><p><span style=\"font-weight: 400;\">0,0<\/span><\/p><\/td><\/tr><tr><td><p><b>2019<\/b><\/p><\/td><td><p><span style=\"font-weight: 400;\">550.483<\/span><\/p><\/td><td><p><span style=\"font-weight: 400;\">39<\/span><\/p><\/td><td><p><span style=\"font-weight: 400;\">7,1<\/span><\/p><\/td><td><p><span style=\"font-weight: 400;\">0<\/span><\/p><\/td><td><p><span style=\"font-weight: 400;\">0,0<\/span><\/p><\/td><td><p><span style=\"font-weight: 400;\">0,0<\/span><\/p><\/td><\/tr><\/tbody><\/table><p><span style=\"font-weight: 400;\">Quelle: <\/span><a href=\"https:\/\/www.minsaude.gov.cv\/index.php\/documentosite\/-1\" rel=\"nofollow noopener\" target=\"_blank\"><span style=\"font-weight: 400;\">Statistischer Bericht<\/span><\/a><span style=\"font-weight: 400;\"> vom Ministerium f\u00fcr Gesundheit von Kap Verde (2019)<\/span><\/p><p><span style=\"font-weight: 400;\">Mit dem Ziel, die Malaria zu eliminieren, hat Kap Verde viel in zahlreiche Forschungs- und Pr\u00e4ventivma\u00dfnahmen investiert, wie z. B. j\u00e4hrliche Spr\u00fchkampagnen in Innenr\u00e4umen, regelm\u00e4\u00dfige Kontrolle der Vektorenlarven, Malariakontrolle an Einreisepunkten (Flugh\u00e4fen und H\u00e4fen), Umwelthygiene und Sensibilisierung der Bev\u00f6lkerung.\u00a0<\/span><\/p><p><b>Im Januar 2024 wird die <a href=\"https:\/\/www.who.int\/news\/item\/12-01-2024-who-certifies-cabo-verde-as-malaria-free--marking-a-historic-milestone-in-the-fight-against-malaria\" rel=\"nofollow noopener\" target=\"_blank\">Die Weltgesundheitsorganisation hat Kap Verde als malariafreies Land zertifiziert<\/a><\/b>.<\/p><p><span style=\"font-weight: 400;\">Aufgrund seiner geografischen Lage und seiner Verbindungen zu anderen L\u00e4ndern bleibt Kap Verde jedoch anf\u00e4llig f\u00fcr die Wiedereinschleppung der Krankheit, weshalb individuelle Schutzma\u00dfnahmen gegen Stechm\u00fccken beibehalten werden m\u00fcssen.<\/span><\/p><p><span style=\"font-weight: 400;\">\u00a0<\/span><\/p><h3><span style=\"color: inherit; font-family: inherit; font-size: 1.75rem; text-align: var(--text-align);\">Dengue-Fieber auf den Kapverden<\/span><\/h3><p>Dengue-Fieber ist eine Viruserkrankung, die durch Stechm\u00fccken, insbesondere Aedes aegypti, \u00fcbertragen wird. Auf den Kapverden ist das Risiko des Dengue-Fiebers gestiegen, seit <a href=\"https:\/\/www.governo.cv\/ministerio-da-saude-confirma-2-casos-confirmados-de-dengue-no-pais\/\" rel=\"nofollow noopener\" target=\"_blank\">November 2023<\/a>Auf einigen Inseln, vor allem auf Santiago, Fogo und Brava, hat es Ausbr\u00fcche gegeben. Dieses Szenario beunruhigt sowohl die lokalen Beh\u00f6rden als auch die Reisenden.<\/p><p>\u00a0<\/p><h4>Aktuelle Dengue-Situation in Kap Verde<\/h4><p>Im November 2023 meldeten die Kapverden F\u00e4lle der Krankheit im Land, nachdem mehrere Jahre lang keine autochthonen F\u00e4lle aufgetreten waren.\u00a0<\/p><p>In der Folge erkl\u00e4rte die Regierung von Kap Verde \u00fcber die <a href=\"https:\/\/www.governo.cv\/dengue-governo-decide-avancar-com-a-declaracao-de-situacao-de-contingencia\/\" rel=\"nofollow noopener\" target=\"_blank\">Resolution 58\/2024, eine landesweite Notfallsituation<\/a>. Dieser Beschluss wurde am 2. Oktober 2024 mit einer anf\u00e4nglichen Geltungsdauer bis Dezember 2024 vom Ministerrat gefasst, um auf das zunehmende Risiko eines Anstiegs der Dengue-F\u00e4lle zu reagieren, das durch die Regenf\u00e4lle noch versch\u00e4rft wurde.<\/p><p>Die Gesundheitsbeh\u00f6rden beobachten die Situation genau und warnen die Bev\u00f6lkerung vor den Gefahren der Krankheit. Dengue-Fieber kann Symptome wie hohes Fieber und K\u00f6rperschmerzen hervorrufen. In den meisten F\u00e4llen verl\u00e4uft die Krankheit mild, aber es ist wichtig, einen Arzt aufzusuchen, wenn sich die Symptome verschlimmern, denn es besteht die Gefahr eines h\u00e4morrhagischen Dengue-Fiebers.<\/p><p>\u00a0<\/p><h4>Bem\u00fchungen zur Eind\u00e4mmung des Dengue-Ausbruchs auf den Kapverden<\/h4><p>Die Organisationen des \u00f6ffentlichen Gesundheitswesens haben verschiedene Ma\u00dfnahmen ergriffen, um die Ausbreitung des Dengue-Fiebers einzud\u00e4mmen. Dazu geh\u00f6ren:<\/p><ol><li><p><strong>Sensibilisierungskampagnen<\/strong>Die Bev\u00f6lkerung wird \u00fcber die Symptome des Dengue-Fiebers und M\u00f6glichkeiten der Vorbeugung informiert, z. B. durch die Beseitigung von M\u00fcckenbrutst\u00e4tten wie stehendes Wasser.<\/p><\/li><li><p><strong>Ma\u00dfnahmen zur Vektorkontrolle<\/strong>In den betroffenen Gebieten werden Spr\u00fchkampagnen durchgef\u00fchrt, um die M\u00fcckenpopulation zu reduzieren. Dazu geh\u00f6ren regelm\u00e4\u00dfige Inspektionen von H\u00e4usern und \u00f6ffentlichen Pl\u00e4tzen, um Brutst\u00e4tten zu identifizieren und zu beseitigen.<\/p><\/li><li><p><strong>St\u00e4rkung des Gesundheitssystems<\/strong>Die Regierung mobilisiert Ressourcen, um sicherzustellen, dass die Gesundheitsdienste auf den Umgang mit Dengue-F\u00e4llen vorbereitet sind, wobei der Schwerpunkt auf einer schnellen Diagnose und einer angemessenen Behandlung liegt.<\/p><\/li><\/ol><h4>\u00a0<\/h4><h4>Ma\u00dfnahmen zur Dengue-Pr\u00e4vention<\/h4><p>Wenn Sie eine Reise nach Kap Verde planen, sollten Sie einige Vorsichtsma\u00dfnahmen treffen:<\/p><ul><li><p><strong>Repellentien verwenden<\/strong>Tragen Sie ein Repellent auf exponierte Hautstellen auf, besonders in der Morgen- und Abendd\u00e4mmerung, wenn die M\u00fccken am aktivsten sind.<\/p><\/li><li><p><strong>Geeignete Kleidung<\/strong>Tragen Sie lang\u00e4rmelige Kleidung und Hosen, insbesondere in Gebieten, in denen Ausbr\u00fcche gemeldet wurden.<\/p><\/li><li><p><strong>Vermeiden Sie stehendes Wasser<\/strong>Achten Sie auf Orte, an denen sich Wasser ansammelt, wie Blument\u00f6pfe, Reifen und Container. Informieren Sie die Beh\u00f6rden, wenn Sie Bereiche mit stehendem Wasser finden, die Brutst\u00e4tten sein k\u00f6nnten.<\/p><\/li><\/ul><h3>\u00a0<\/h3><h3>H\u00e4ufig gestellte Fragen<\/h3><ul><li aria-level=\"1\"><b>Wie hoch ist das Risiko, in Kap Verde an Malaria zu erkranken?<\/b><\/li><\/ul><p><span style=\"font-weight: 400;\">Aktuellen Statistiken zufolge ist das Risiko, an Malaria zu erkranken, auf Kap Verde sehr gering.\u00a0<\/span><\/p><p><span style=\"font-weight: 400;\">Obwohl in letzter Zeit keine F\u00e4lle aufgetreten sind, werden aufgrund der Anwesenheit des M\u00fcckenvektors auf einigen Inseln und der Mobilit\u00e4t der Menschen mit den Nachbarl\u00e4ndern Pr\u00e4ventivma\u00dfnahmen wie die Verwendung von Repellentien empfohlen, insbesondere nachts (Stechzeit der Anopheles-M\u00fccke).<\/span><\/p><ul><li aria-level=\"1\"><b>Auf welchen Kapverdischen Inseln gibt es Malaria?<\/b><\/li><\/ul><p><span style=\"font-weight: 400;\">Seit 2018 gab es auf keiner der kapverdischen Inseln mehr einen lokalen Malariafall. Obwohl der M\u00fcckenvektor im Land existiert, kann er Malaria nur \u00fcbertragen, wenn er zuerst jemanden sticht, der mit dem Parasiten, der die Krankheit verursacht, infiziert ist.\u00a0<\/span><\/p><p><span style=\"font-weight: 400;\">Der M\u00fcckenvektor Anopheles Gambiae kommt auf 7 der 9 bewohnten Inseln vor, mit Ausnahme von Sal und Brava. In den letzten Jahren hat sich die lokale \u00dcbertragung auf Santiago (Praia, 2018) und Boavista (Jo\u00e3o Galego, 2015) beschr\u00e4nkt.\u00a0<\/span><\/p><ul><li aria-level=\"1\"><b>Muss ich vor der Reise nach Kap Verde prophylaktische Medikamente einnehmen oder mich gegen Malaria impfen lassen?<\/b><\/li><\/ul><p><span style=\"font-weight: 400;\">Aufgrund des geringen Auftretens der Krankheit in Kap Verde ist es nicht erforderlich, dass <a href=\"https:\/\/feelcaboverde.com\/de\/gesundheitsdienste-in-kap-verde\/\">prophylaktische Medikamente<\/a> oder Malaria-Impfung f\u00fcr die Einreise in das Hoheitsgebiet. Reisende sollten jedoch pr\u00fcfen, ob ihr Herkunftsland besondere Gesundheitsma\u00dfnahmen empfiehlt oder vorschreibt.\u00a0<\/span><span style=\"color: var( --e-global-color-text ); font-family: var( --e-global-typography-text-font-family ), Sans-serif; text-align: var(--text-align); font-size: 1rem;\">Es ist ratsam, Ma\u00dfnahmen gegen M\u00fcckenstiche zu ergreifen, z. B. die Verwendung von Repellentien.\u00a0<\/span><\/p><ul><li><strong style=\"color: var( --e-global-color-text ); font-family: var( --e-global-typography-text-font-family ), Sans-serif; text-align: var(--text-align); font-size: 1rem;\">Welche kapverdischen Inseln sind im Jahr 2024 am st\u00e4rksten vom Dengue-Fieber betroffen?<\/strong><\/li><\/ul><p>Die Ausbr\u00fcche sind vor allem in Santiago, Fogo und Brava zu beobachten, aber die Situation kann sich \u00e4ndern, so dass es ratsam ist, sich auf dem Laufenden zu halten.<\/p><ul><li><strong>Wie kann ich mich bei einer Reise nach Kap Verde vor Dengue-Fieber sch\u00fctzen?<\/strong><\/li><\/ul><p>Verwenden Sie Insektenschutzmittel, tragen Sie lang\u00e4rmelige Kleidung und vermeiden Sie stehendes Wasser, um das Risiko von M\u00fcckenstichen zu minimieren.<\/p><ul><li><strong style=\"color: var( --e-global-color-text ); font-family: var( --e-global-typography-text-font-family ), Sans-serif; text-align: var(--text-align); font-size: 1rem;\">Was sollte ich tun, wenn ich in Kap Verde Symptome von Dengue-Fieber zeige?<\/strong><\/li><\/ul><p>Wenn Sie Symptome des Dengue-Fiebers bemerken, suchen Sie sofort einen Arzt auf, um eine angemessene Beratung und Behandlung zu erhalten.<\/p><ul><li><b>Wo finde ich aktuelle Informationen \u00fcber Dengue-Fieber in Kap Verde?<\/b><\/li><\/ul><p>F\u00fcr aktuelle Informationen \u00fcber<b>\u00a0<\/b><span style=\"color: var( --e-global-color-text ); font-family: var( --e-global-typography-text-font-family ), Sans-serif; font-weight: var( --e-global-typography-text-font-weight ); text-align: var(--text-align); font-size: 1rem;\">\u00a0Dengue-Fieber auf den Kapverden durch<\/span><span style=\"color: var( --e-global-color-text ); font-family: var( --e-global-typography-text-font-family ), Sans-serif; font-weight: var( --e-global-typography-text-font-weight ); text-align: var(--text-align); font-size: 1rem;\">\u00a0<\/span><a style=\"font-family: var( --e-global-typography-text-font-family ), Sans-serif; font-weight: var( --e-global-typography-text-font-weight ); text-align: var(--text-align); font-size: 1rem; background-color: #ffffff;\" href=\"https:\/\/www.facebook.com\/ministeriosaude\" rel=\"nofollow noopener\" target=\"_blank\">offizielle Website des Gesundheitsministeriums<\/a>\u00a0auf Facebook, auf <a href=\"https:\/\/insp.gov.cv\/boletim-da-dengue\/\" rel=\"nofollow noopener\" target=\"_blank\">Website des Nationalen Instituts f\u00fcr \u00f6ffentliche Gesundheit<\/a> Kap Verde.\u00a0<\/p><p>\u00a0<\/p><p><b>Quellen<\/b><span style=\"font-weight: 400;\">:<\/span><\/p><ol><li><span style=\"font-weight: 400;\"> DePina, A. J., Andrade, A. J. B., Dia, A. K., Moreira, A., Faye, O., &amp; Seck, I. (2018). Erreichung der Malaria-Pr\u00e4-Eliminierung in Kap Verde gem\u00e4\u00df den von 2010 bis 2016 erhobenen Daten. <\/span><a href=\"https:\/\/malariajournal.biomedcentral.com\/articles\/10.1186\/s12936-018-2376-4\" rel=\"nofollow noopener\" target=\"_blank\"><span style=\"font-weight: 400;\">Malaria-Journal<\/span><\/a><span style=\"font-weight: 400;\">, 17(1), 1-12.<\/span><\/li><\/ol><ol start=\"3\"><li><span style=\"font-weight: 400;\"> Ministerium f\u00fcr Gesundheit und soziale Sicherheit. Technical Report After Action Review of the response to the malaria epidemic, Oktober 2018<\/span><\/li><\/ol><ol start=\"4\"><li><span style=\"font-weight: 400;\"> Towards the Elimination of Malaria in Cape Verde | WHO | Regionalb\u00fcro f\u00fcr Afrika, erh\u00e4ltlich bei <\/span><a href=\"https:\/\/www.afro.who.int\/pt\/news\/rumo-eliminacao-do-paludismo-em-cabo-verde\" rel=\"nofollow noopener\" target=\"_blank\"><span style=\"font-weight: 400;\">www.afro.who.int\u00a0<\/span><\/a><\/li><li><span style=\"background-color: transparent; color: var( --e-global-color-text ); font-family: var( --e-global-typography-text-font-family ), Sans-serif; font-weight: var( --e-global-typography-text-font-weight ); text-align: var(--text-align);\">Amtsblatt Nr. 92, Reihe I, 2. Oktober 2024: Entschlie\u00dfung Nr. 85\/2024 des Ministerrats; erh\u00e4ltlich bei\u00a0<\/span><a style=\"font-family: var( --e-global-typography-text-font-family ), Sans-serif; font-weight: var( --e-global-typography-text-font-weight ); text-align: var(--text-align);\" href=\"https:\/\/kiosk.incv.cv\/1.1.92.5991\/\" rel=\"nofollow noopener\" target=\"_blank\">https:\/\/kiosk.incv.cv\/1.1.92.5991\/\u00a0<\/a><\/li><\/ol>\t\t\t\t\t\t<\/div>\n\t\t\t\t<\/div>\n\t\t\t\t\t<\/div>\n\t\t<\/div>\n\t\t\t\t\t\t\t<\/div>\n\t\t<\/section>\n\t\t\t\t\t\t\t<\/div>","protected":false},"excerpt":{"rendered":"<p>Stechm\u00fccken auf den Kapverden Aufgrund des subtropischen Klimas gibt es auf den Kapverden Stechm\u00fccken. Die M\u00fcckenkonzentration ist in der Regel von Juli bis Dezember am st\u00e4rksten ausgepr\u00e4gt. F\u00fcr die Einreise nach Kap Verde sind aufgrund der dortigen gesundheitlichen und epidemiologischen Situation keine prophylaktischen Medikamente oder Impfungen gegen durch M\u00fccken \u00fcbertragene Krankheiten erforderlich. Allerdings, [...]<\/p>","protected":false},"author":1,"featured_media":0,"parent":0,"menu_order":0,"comment_status":"closed","ping_status":"closed","template":"","meta":{"footnotes":""},"categories":[],"tags":[],"class_list":["post-1078","page","type-page","status-publish","hentry"],"_links":{"self":[{"href":"https:\/\/feelcaboverde.com\/de\/wp-json\/wp\/v2\/pages\/1078","targetHints":{"allow":["GET"]}}],"collection":[{"href":"https:\/\/feelcaboverde.com\/de\/wp-json\/wp\/v2\/pages"}],"about":[{"href":"https:\/\/feelcaboverde.com\/de\/wp-json\/wp\/v2\/types\/page"}],"author":[{"embeddable":true,"href":"https:\/\/feelcaboverde.com\/de\/wp-json\/wp\/v2\/users\/1"}],"replies":[{"embeddable":true,"href":"https:\/\/feelcaboverde.com\/de\/wp-json\/wp\/v2\/comments?post=1078"}],"version-history":[{"count":49,"href":"https:\/\/feelcaboverde.com\/de\/wp-json\/wp\/v2\/pages\/1078\/revisions"}],"predecessor-version":[{"id":5024,"href":"https:\/\/feelcaboverde.com\/de\/wp-json\/wp\/v2\/pages\/1078\/revisions\/5024"}],"wp:attachment":[{"href":"https:\/\/feelcaboverde.com\/de\/wp-json\/wp\/v2\/media?parent=1078"}],"wp:term":[{"taxonomy":"category","embeddable":true,"href":"https:\/\/feelcaboverde.com\/de\/wp-json\/wp\/v2\/categories?post=1078"},{"taxonomy":"post_tag","embeddable":true,"href":"https:\/\/feelcaboverde.com\/de\/wp-json\/wp\/v2\/tags?post=1078"}],"curies":[{"name":"wp","href":"https:\/\/api.w.org\/{rel}","templated":true}]}}