{"id":1013,"date":"2022-05-27T13:39:47","date_gmt":"2022-05-27T13:39:47","guid":{"rendered":"https:\/\/feelcaboverde.com\/?page_id=1013"},"modified":"2023-04-02T13:52:30","modified_gmt":"2023-04-02T13:52:30","slug":"fumar-cigarros","status":"publish","type":"page","link":"https:\/\/feelcaboverde.com\/de\/rauchen-in-kap-verde\/","title":{"rendered":"Rauchen von Zigaretten"},"content":{"rendered":"<div data-elementor-type=\"wp-page\" data-elementor-id=\"1013\" class=\"elementor elementor-1013\">\n\t\t\t\t\t\t\t\t\t<section data-particle_enable=\"false\" data-particle-mobile-disabled=\"false\" class=\"elementor-section elementor-top-section elementor-element elementor-element-43b54aea elementor-section-boxed elementor-section-height-default elementor-section-height-default\" data-id=\"43b54aea\" data-element_type=\"section\">\n\t\t\t\t\t\t<div class=\"elementor-container elementor-column-gap-default\">\n\t\t\t\t\t<div class=\"elementor-column elementor-col-100 elementor-top-column elementor-element elementor-element-6e42e8a5\" data-id=\"6e42e8a5\" data-element_type=\"column\">\n\t\t\t<div class=\"elementor-widget-wrap elementor-element-populated\">\n\t\t\t\t\t\t\t\t<div class=\"elementor-element elementor-element-56626ddb elementor-widget elementor-widget-text-editor\" data-id=\"56626ddb\" data-element_type=\"widget\" data-widget_type=\"text-editor.default\">\n\t\t\t\t<div class=\"elementor-widget-container\">\n\t\t\t<style>\/*! elementor - v3.7.1 - 14-08-2022 *\/\n.elementor-widget-text-editor.elementor-drop-cap-view-stacked .elementor-drop-cap{background-color:#818a91;color:#fff}.elementor-widget-text-editor.elementor-drop-cap-view-framed .elementor-drop-cap{color:#818a91;border:3px solid;background-color:transparent}.elementor-widget-text-editor:not(.elementor-drop-cap-view-default) .elementor-drop-cap{margin-top:8px}.elementor-widget-text-editor:not(.elementor-drop-cap-view-default) .elementor-drop-cap-letter{width:1em;height:1em}.elementor-widget-text-editor .elementor-drop-cap{float:left;text-align:center;line-height:1;font-size:50px}.elementor-widget-text-editor .elementor-drop-cap-letter{display:inline-block}<\/style>\t\t\t\t<h3>Rauchen auf Kap Verde<\/h3><p><span style=\"color: var( --e-global-color-text ); font-family: var( --e-global-typography-text-font-family ), Sans-serif; font-weight: var( --e-global-typography-text-font-weight ); text-align: var(--text-align); font-size: 1rem;\">Rauchen ist in Kap Verde nach wie vor ein gro\u00dfes Problem f\u00fcr die \u00f6ffentliche Gesundheit, da Tabak nach Alkohol die am zweith\u00e4ufigsten konsumierte legale Droge des Landes ist. Rauchen ist au\u00dferdem einer der Hauptrisikofaktoren f\u00fcr chronische, nicht \u00fcbertragbare Krankheiten in Kap Verde. Diese Tatsachen haben dazu beigetragen, dass die kapverdischen Tabakgesetze k\u00fcrzlich aktualisiert wurden.\u00a0<\/span><\/p><h3>\u00a0<\/h3><h3>Regeln f\u00fcr den Tabakkonsum in Kap Verde (<a href=\"https:\/\/www.ccad.cv\/site\/index.php\/publicacao\/category\/5-bo-drogas\" rel=\"nofollow noopener\" target=\"_blank\">Gesetz Nr. 8\/X\/2022<\/a>)<\/h3><p>Der Tabakkonsum ist in Kap Verde legal. Allerdings m\u00fcssen bestimmte Regeln beachtet werden, insbesondere hinsichtlich der Orte, an denen das Rauchen verboten ist.<\/p><p style=\"padding-left: 40px;\"><span style=\"background-color: transparent; color: var( --e-global-color-text ); font-family: var( --e-global-typography-text-font-family ), Sans-serif; font-weight: var( --e-global-typography-text-font-weight ); text-align: var(--text-align);\"><strong>1.<\/strong> \u00c9 <\/span><b style=\"background-color: transparent; color: var( --e-global-color-text ); font-family: var( --e-global-typography-text-font-family ), Sans-serif; text-align: var(--text-align);\">die Verwendung von Tabakerzeugnissen und -ger\u00e4ten verboten\u00a0<span style=\"color: var( --e-global-color-text ); font-family: var( --e-global-typography-text-font-family ), Sans-serif; text-align: var(--text-align); font-size: 1rem;\">elektronische Ger\u00e4te in allen geschlossenen oder halbgeschlossenen R\u00e4umen\u00a0<\/span>und in \u00f6ffentlichen Verkehrsmitteln<\/b><span style=\"background-color: transparent; color: var( --e-global-color-text ); font-family: var( --e-global-typography-text-font-family ), Sans-serif; font-weight: var( --e-global-typography-text-font-weight ); text-align: var(--text-align);\">im Besonderen:<\/span><\/p><p style=\"padding-left: 40px;\">a) An Orten, an denen hoheitliche Stellen installiert sind, <span style=\"color: var( --e-global-color-text ); font-family: var( --e-global-typography-text-font-family ), Sans-serif; font-weight: var( --e-global-typography-text-font-weight ); text-align: var(--text-align); font-size: 1rem;\">Dienstleistungen und Organisationen der \u00f6ffentlichen Verwaltung\u00a0<\/span><span style=\"color: var( --e-global-color-text ); font-family: var( --e-global-typography-text-font-family ), Sans-serif; font-weight: var( --e-global-typography-text-font-weight ); text-align: var(--text-align); font-size: 1rem;\">und juristische Personen des \u00f6ffentlichen Rechts;<\/span><\/p><p style=\"padding-left: 40px;\">b) In Betrieben, in denen\u00a0<span style=\"color: var( --e-global-color-text ); font-family: var( --e-global-typography-text-font-family ), Sans-serif; font-weight: var( --e-global-typography-text-font-weight ); text-align: var(--text-align); font-size: 1rem;\">Gesundheitswesen, insbesondere Krankenh\u00e4user,\u00a0<\/span><span style=\"color: var( --e-global-color-text ); font-family: var( --e-global-typography-text-font-family ), Sans-serif; font-weight: var( --e-global-typography-text-font-weight ); text-align: var(--text-align); font-size: 1rem;\">Gesundheitsregionen, Kliniken, Zentren, Stellen\u00a0<\/span>und Gesundheitszentren, Arztpraxen, <span style=\"color: var( --e-global-color-text ); font-family: var( --e-global-typography-text-font-family ), Sans-serif; font-weight: var( --e-global-typography-text-font-weight ); text-align: var(--text-align); font-size: 1rem;\">klinische Labors, Apotheken und dergleichen;<\/span><\/p><p style=\"padding-left: 40px;\">c) an Orten, die f\u00fcr Kinder unter achtzehn Jahren bestimmt sind, <span style=\"color: var( --e-global-color-text ); font-family: var( --e-global-typography-text-font-family ), Sans-serif; font-weight: var( --e-global-typography-text-font-weight ); text-align: var(--text-align); font-size: 1rem;\">n\u00e4mlich Kinderkrippen und Kinderg\u00e4rten, Heime\u00a0<\/span><span style=\"color: var( --e-global-color-text ); font-family: var( --e-global-typography-text-font-family ), Sans-serif; font-weight: var( --e-global-typography-text-font-weight ); text-align: var(--text-align); font-size: 1rem;\">Kinder- und Jugendzentren, <\/span><span style=\"color: var( --e-global-color-text ); font-family: var( --e-global-typography-text-font-family ), Sans-serif; font-weight: var( --e-global-typography-text-font-weight ); text-align: var(--text-align); font-size: 1rem;\">Freizeitzentren, Kolonien und Lager\u00a0<\/span><span style=\"color: var( --e-global-color-text ); font-family: var( --e-global-typography-text-font-family ), Sans-serif; font-weight: var( --e-global-typography-text-font-weight ); text-align: var(--text-align); font-size: 1rem;\">Ferien und dergleichen;<\/span><\/p><p style=\"padding-left: 40px;\">d) In Heimen und anderen Einrichtungen, in denen Menschen untergebracht sind <span style=\"color: var( --e-global-color-text ); font-family: var( --e-global-typography-text-font-family ), Sans-serif; font-weight: var( --e-global-typography-text-font-weight ); text-align: var(--text-align); font-size: 1rem;\">\u00e4ltere, behinderte oder erwerbsunf\u00e4hige Personen;<\/span><\/p><p style=\"padding-left: 40px;\">e) In Bildungseinrichtungen, unabh\u00e4ngig von <span style=\"color: var( --e-global-color-text ); font-family: var( --e-global-typography-text-font-family ), Sans-serif; font-weight: var( --e-global-typography-text-font-weight ); text-align: var(--text-align); font-size: 1rem;\">das Alter der Sch\u00fcler und ihr Bildungsniveau,\u00a0<\/span><span style=\"color: var( --e-global-color-text ); font-family: var( --e-global-typography-text-font-family ), Sans-serif; font-weight: var( --e-global-typography-text-font-weight ); text-align: var(--text-align); font-size: 1rem;\">und Berufsbildungszentren;<\/span><\/p><p style=\"padding-left: 40px;\">f) In Museen, Kulturzentren, Archiven\u00a0<span style=\"color: var( --e-global-color-text ); font-family: var( --e-global-typography-text-font-family ), Sans-serif; font-weight: var( --e-global-typography-text-font-weight ); text-align: var(--text-align); font-size: 1rem;\">und in Bibliotheken, Konferenzr\u00e4umen und\u00a0<\/span><span style=\"color: var( --e-global-color-text ); font-family: var( --e-global-typography-text-font-family ), Sans-serif; font-weight: var( --e-global-typography-text-font-weight ); text-align: var(--text-align); font-size: 1rem;\">Lesungen, Treffen und Ausstellungen;<\/span><\/p><p style=\"padding-left: 40px;\">g) In Kinos, Theatern, Konzerts\u00e4len und Veranstaltungsorten\u00a0<span style=\"color: var( --e-global-color-text ); font-family: var( --e-global-typography-text-font-family ), Sans-serif; font-weight: var( --e-global-typography-text-font-weight ); text-align: var(--text-align); font-size: 1rem;\">und an anderen Orten, die f\u00fcr die Verbreitung der K\u00fcnste bestimmt sind\u00a0<\/span><span style=\"color: var( --e-global-color-text ); font-family: var( --e-global-typography-text-font-family ), Sans-serif; font-weight: var( --e-global-typography-text-font-weight ); text-align: var(--text-align); font-size: 1rem;\">und die Show;<\/span><\/p><p style=\"padding-left: 40px;\">h) In n\u00e4chtlichen Unterhaltungsbetrieben, <span style=\"color: var( --e-global-color-text ); font-family: var( --e-global-typography-text-font-family ), Sans-serif; font-weight: var( --e-global-typography-text-font-weight ); text-align: var(--text-align); font-size: 1rem;\">wie Nachtclubs, Diskotheken und dergleichen;<\/span><\/p><p style=\"padding-left: 40px;\">i) In Vergn\u00fcgungszentren, Kasinos, Bingohallen, Lounges usw.\u00a0<span style=\"color: var( --e-global-color-text ); font-family: var( --e-global-typography-text-font-family ), Sans-serif; font-weight: var( --e-global-typography-text-font-weight ); text-align: var(--text-align); font-size: 1rem;\">Spielhallen und andere Arten von R\u00e4umlichkeiten, die f\u00fcr\u00a0<\/span><span style=\"color: var( --e-global-color-text ); font-family: var( --e-global-typography-text-font-family ), Sans-serif; font-weight: var( --e-global-typography-text-font-weight ); text-align: var(--text-align); font-size: 1rem;\">nicht-k\u00fcnstlerische Veranstaltungen;<\/span><\/p><p style=\"padding-left: 40px;\">j) Im Bereich der Sportanlagen, Stadien, <span style=\"color: var( --e-global-color-text ); font-family: var( --e-global-typography-text-font-family ), Sans-serif; font-weight: var( --e-global-typography-text-font-weight ); text-align: var(--text-align); font-size: 1rem;\">Fitnessstudios und dergleichen;<\/span><\/p><p style=\"padding-left: 40px;\">k) Auf Messen und Ausstellungen, sofern <span style=\"color: var( --e-global-color-text ); font-family: var( --e-global-typography-text-font-family ), Sans-serif; font-weight: var( --e-global-typography-text-font-weight ); text-align: var(--text-align); font-size: 1rem;\">geschlossen oder halbgeschlossen;<\/span><\/p><p style=\"padding-left: 40px;\">l) In gewerblichen Einrichtungen, die an die \u00d6ffentlichkeit verkaufen, <span style=\"color: var( --e-global-color-text ); font-family: var( --e-global-typography-text-font-family ), Sans-serif; font-weight: var( --e-global-typography-text-font-weight ); text-align: var(--text-align); font-size: 1rem;\">geschlossene oder halbgeschlossene Betriebe<\/span><\/p><p style=\"padding-left: 40px;\">wo Spielautomaten und Spiele betrieben werden\u00a0<span style=\"color: var( --e-global-color-text ); font-family: var( --e-global-typography-text-font-family ), Sans-serif; font-weight: var( --e-global-typography-text-font-weight ); text-align: var(--text-align); font-size: 1rem;\">Videospiele, Billard und Internetcaf\u00e9s;<\/span><\/p><p style=\"padding-left: 40px;\">m) In den Gemeinschaftsr\u00e4umen von Hotels, Wohnheimen und\u00a0<span style=\"color: var( --e-global-color-text ); font-family: var( --e-global-typography-text-font-family ), Sans-serif; font-weight: var( --e-global-typography-text-font-weight ); text-align: var(--text-align); font-size: 1rem;\">andere Urlaubsorte, in denen\u00a0<\/span><span style=\"color: var( --e-global-color-text ); font-family: var( --e-global-typography-text-font-family ), Sans-serif; font-weight: var( --e-global-typography-text-font-weight ); text-align: var(--text-align); font-size: 1rem;\">Unterkunftsdienste;<\/span><\/p><p style=\"padding-left: 40px;\">n) In Restaurants, Bars und anderen Einrichtungen\u00a0<span style=\"color: var( --e-global-color-text ); font-family: var( --e-global-typography-text-font-family ), Sans-serif; font-weight: var( --e-global-typography-text-font-weight ); text-align: var(--text-align); font-size: 1rem;\">Gastst\u00e4tten und Schankwirtschaften, geschlossen oder\u00a0<\/span><span style=\"color: var( --e-global-color-text ); font-family: var( --e-global-typography-text-font-family ), Sans-serif; font-weight: var( --e-global-typography-text-font-weight ); text-align: var(--text-align); font-size: 1rem;\">halbgeschlossen, einschlie\u00dflich solcher mit R\u00e4umen\u00a0<\/span><span style=\"color: var( --e-global-color-text ); font-family: var( --e-global-typography-text-font-family ), Sans-serif; font-weight: var( --e-global-typography-text-font-weight ); text-align: var(--text-align); font-size: 1rem;\">oder Tanzr\u00e4ume;<\/span><\/p><p style=\"padding-left: 40px;\">o) In den Kantinen, Mensen und Bars der Organisationen <span style=\"color: var( --e-global-color-text ); font-family: var( --e-global-typography-text-font-family ), Sans-serif; font-weight: var( --e-global-typography-text-font-weight ); text-align: var(--text-align); font-size: 1rem;\">\u00f6ffentliche und private Organisationen, die sich ausschlie\u00dflich mit\u00a0<\/span><span style=\"color: var( --e-global-color-text ); font-family: var( --e-global-typography-text-font-family ), Sans-serif; font-weight: var( --e-global-typography-text-font-weight ); text-align: var(--text-align); font-size: 1rem;\">ihr Personal;<\/span><\/p><p style=\"padding-left: 40px;\">p) In Rastst\u00e4tten und Tankstellen\u00a0<span style=\"color: var( --e-global-color-text ); font-family: var( --e-global-typography-text-font-family ), Sans-serif; font-weight: var( --e-global-typography-text-font-weight ); text-align: var(--text-align); font-size: 1rem;\">Kraftstoff;<\/span><\/p><p style=\"padding-left: 40px;\">q) Auf Flugh\u00e4fen und Seebahnh\u00f6fen;<\/p><p style=\"padding-left: 40px;\">r) In Unterst\u00e4nden und \u00fcberdachten Terminals f\u00fcr \u00f6ffentliche Verkehrsmittel. <span style=\"color: var( --e-global-color-text ); font-family: var( --e-global-typography-text-font-family ), Sans-serif; font-weight: var( --e-global-typography-text-font-weight ); text-align: var(--text-align); font-size: 1rem;\">im \u00f6ffentlichen Personenverkehr und in Parks\u00a0<\/span><span style=\"color: var( --e-global-color-text ); font-family: var( --e-global-typography-text-font-family ), Sans-serif; font-weight: var( --e-global-typography-text-font-weight ); text-align: var(--text-align); font-size: 1rem;\">\u00fcberdachte Parkpl\u00e4tze;<\/span><\/p><p style=\"padding-left: 40px;\">s) In Aufz\u00fcgen und \u00e4hnlichen und gemeinsamen R\u00e4umen\u00a0<span style=\"color: var( --e-global-color-text ); font-family: var( --e-global-typography-text-font-family ), Sans-serif; font-weight: var( --e-global-typography-text-font-weight ); text-align: var(--text-align); font-size: 1rem;\">von Eigentumswohnungen;<\/span><\/p><p style=\"padding-left: 40px;\">t) In den Geh\u00e4usen von automatischen Vermessungsnetzen\u00a0<span style=\"color: var( --e-global-color-text ); font-family: var( --e-global-typography-text-font-family ), Sans-serif; font-weight: var( --e-global-typography-text-font-weight ); text-align: var(--text-align); font-size: 1rem;\">von Geld;<\/span><\/p><p style=\"padding-left: 40px;\"><strong>\u00a0<\/strong><strong style=\"color: var( --e-global-color-text ); font-family: var( --e-global-typography-text-font-family ), Sans-serif; text-align: var(--text-align); font-size: 1rem;\">2.<\/strong><span style=\"color: var( --e-global-color-text ); font-family: var( --e-global-typography-text-font-family ), Sans-serif; font-weight: var( --e-global-typography-text-font-weight ); text-align: var(--text-align); font-size: 1rem;\"> Mit Ausnahme der Buchstaben a), b), c), e), j), p), r), s), t), u) und v) k\u00f6nnen f\u00fcr Raucher reservierte Pl\u00e4tze eingerichtet und ordnungsgem\u00e4\u00df ausgeschildert werden.<\/span><\/p><p style=\"padding-left: 40px;\"><strong>3.<\/strong> Der Zugang zu den im vorstehenden Absatz genannten R\u00e4umen ist f\u00fcr Personen \u00fcber 18 Jahren vorgesehen.\u00a0<span style=\"color: var( --e-global-color-text ); font-family: var( --e-global-typography-text-font-family ), Sans-serif; font-weight: var( --e-global-typography-text-font-weight ); text-align: var(--text-align); font-size: 1rem;\">(&#8230;)<\/span><\/p><p style=\"padding-left: 40px;\"><strong>5.<\/strong> Das Rauchen ist in einem Umkreis von (3m) drei Metern um geschlossene \u00f6ffentliche und private R\u00e4ume sowie im Umkreis von halbgeschlossenen \u00f6ffentlichen und privaten R\u00e4umen verboten.<\/p><p style=\"padding-left: 40px;\"><strong>6.<\/strong> In Privatfahrzeugen ist das Rauchen verboten, wenn darin Kinder unter achtzehn Jahren bef\u00f6rdert werden.\u00a0<span style=\"color: var( --e-global-color-text ); font-family: var( --e-global-typography-text-font-family ), Sans-serif; font-weight: var( --e-global-typography-text-font-weight ); text-align: var(--text-align); font-size: 1rem;\">(&#8230;)<\/span><\/p><p style=\"padding-left: 40px;\"><strong>8.<\/strong> O <b>Die Bestimmungen der vorstehenden Abs\u00e4tze gelten f\u00fcr die Verwendung von elektronischen Ger\u00e4ten<\/b>Der Konsum von Nikotin, mit oder ohne Nikotin, die Verwendung von Wasserpfeifen oder Wasserpfeifen, pflanzliche Raucherzeugnisse sowie die Verwendung von neuen rauchlosen Tabakerzeugnissen, die Aerosole, D\u00e4mpfe, Gase oder inhalierbare Partikel erzeugen.<\/p><p style=\"padding-left: 40px;\"><strong>9.<\/strong> \u00c9 <b>Rauchverbot in Naturparks<\/b>.<\/p><p>Die <b>Die Strafe f\u00fcr einen Versto\u00df gegen das Rauchverbot an ausgewiesenen Orten in Kap Verde betr\u00e4gt 3.000 Escudos.<\/b>\u00a0(etwa 30 Euro) <b>bis 5.000 Escudos <\/b>(etwa 50 Euro).<\/p><h3>\u00a0<\/h3><h3>Elektronische Zigaretten\u00a0<\/h3><div><p>Was elektronische Zigaretten in Kap Verde betrifft, so besagt das neue Tabakgesetz (Kapitel II, Artikel 3, Absatz 11) Folgendes<\/p><p style=\"padding-left: 40px;\"><span style=\"background-color: transparent; color: var( --e-global-color-text ); font-family: var( --e-global-typography-text-font-family ), Sans-serif; font-weight: var( --e-global-typography-text-font-weight ); text-align: var(--text-align);\"><strong>11.<\/strong> Verboten ist die Herstellung, die Einfuhr, der Verkauf oder\u00a0<\/span><span style=\"background-color: transparent; font-size: 1rem; color: var( --e-global-color-text ); font-family: var( --e-global-typography-text-font-family ), Sans-serif; font-weight: var( --e-global-typography-text-font-weight ); text-align: var(--text-align);\">Werbung und Lieferung von elektronischen Ger\u00e4ten\u00a0<\/span><span style=\"background-color: transparent; font-size: 1rem; color: var( --e-global-color-text ); font-family: var( --e-global-typography-text-font-family ), Sans-serif; font-weight: var( --e-global-typography-text-font-weight ); text-align: var(--text-align);\">im ganzen Land.<\/span><\/p><\/div><h3>\u00a0<\/h3><h3>Raucherstatistik in Kap Verde<\/h3><p><span style=\"color: var( --e-global-color-text ); font-family: var( --e-global-typography-text-font-family ), Sans-serif; font-weight: var( --e-global-typography-text-font-weight ); text-align: var(--text-align); font-size: 1rem;\">J\u00fcngste Statistiken \u00fcber das Rauchen im Land (<\/span><a style=\"font-family: var( --e-global-typography-text-font-family ), Sans-serif; font-weight: var( --e-global-typography-text-font-weight ); text-align: var(--text-align); background-color: #ffffff; font-size: 1rem;\" href=\"https:\/\/observatoriotabaco.cv\/dados-de-tabagismo\/\" rel=\"nofollow noopener\" target=\"_blank\">II Nationale Erhebung \u00fcber Risikofaktoren f\u00fcr nicht \u00fcbertragbare Krankheiten<\/a><span style=\"color: var( --e-global-color-text ); font-family: var( --e-global-typography-text-font-family ), Sans-serif; font-weight: var( --e-global-typography-text-font-weight ); text-align: var(--text-align); font-size: 1rem;\"> - IDNT II) zeigen dies auf:<\/span><\/p><ul><li><span style=\"color: var( --e-global-color-text ); font-family: var( --e-global-typography-text-font-family ), Sans-serif; font-weight: var( --e-global-typography-text-font-weight ); text-align: var(--text-align); font-size: 1rem;\">In Kap Verde betr\u00e4gt die Pr\u00e4valenz des Tabakkonsums unter den derzeitigen erwachsenen Tabakkonsumenten 12,5%. Diese Pr\u00e4valenz ist bei M\u00e4nnern (18,3%) h\u00f6her als bei Frauen (6,5%). <\/span><\/li><li><span style=\"color: var( --e-global-color-text ); font-family: var( --e-global-typography-text-font-family ), Sans-serif; font-weight: var( --e-global-typography-text-font-weight ); text-align: var(--text-align); font-size: 1rem;\">Die Altersgruppe mit der h\u00f6chsten Pr\u00e4valenz des Tabakkonsums ist 60 bis 69 Jahre alt, sowohl bei M\u00e4nnern (22,8%) als auch bei Frauen (20,3%).<\/span><\/li><li>Die Pr\u00e4valenz des Tabakkonsums unter den aktuellen Konsumenten nimmt mit dem Alter ab 30 Jahren zu,<br \/>sowohl in der Gruppe der M\u00e4nner als auch in der Gruppe der Frauen.<\/li><li>Auf nationaler Ebene liegt die Pr\u00e4valenz des Tabakkonsums bei den t\u00e4glich Konsumierenden bei 7,1%.  Bei M\u00e4nnern ist diese Pr\u00e4valenz h\u00f6her (10,3%) als bei Frauen (3,8%).<\/li><li>Die Pr\u00e4valenz des Rauchens unter den t\u00e4glichen Konsumenten scheint bei beiden Geschlechtern eindeutig mit dem Alter zuzunehmen und erreicht in der Altersgruppe 60-69 Jahre sowohl bei M\u00e4nnern (19,9%) als auch bei Frauen (16,7%) ihren H\u00f6hepunkt.<\/li><li>In Kap Verde rauchen 4,9% der erwachsenen Bev\u00f6lkerung t\u00e4glich, 8,4% bei M\u00e4nnern und 1,3% bei Frauen (Schaubild 2.2-4). In der Altersgruppe der 60- bis 69-J\u00e4hrigen ist die Pr\u00e4valenz des t\u00e4glichen Rauchens mit etwa 7,3% h\u00f6her, wobei diese Pr\u00e4valenz 12,3% bei M\u00e4nnern und 3,6% bei Frauen betr\u00e4gt.<\/li><li>Die Pr\u00e4valenz der derzeitigen Raucher, die nicht t\u00e4glich rauchen, liegt bei 4,7% und ist bei M\u00e4nnern (7,3%) h\u00f6her als bei Frauen (1,9%).<\/li><li>Das Durchschnittsalter der t\u00e4glichen Raucher liegt bei 18,9 Jahren. Bei M\u00e4nnern liegt das Durchschnittsalter bei 19,0 Jahren und bei Frauen bei 18,4 Jahren.\u00a0<\/li><li>Die durchschnittliche Dauer des Rauchens unter den derzeitigen Rauchern betr\u00e4gt 21,6 Jahre, 20,6 Jahre bei M\u00e4nnern und 28,1 Jahre bei Frauen.<\/li><li>Die durchschnittliche Dauer des Rauchens scheint mit dem Alter zuzunehmen: 7,7 Jahre bei Rauchern im Alter von 18 bis 29 Jahren und 46,5 Jahre bei Rauchern im Alter von 60 bis 69 Jahren.<\/li><li>In Kap Verde betr\u00e4gt der Anteil der Bev\u00f6lkerung, der in den letzten 30 Tagen zu Hause Rauch ausgesetzt war, 13,8%.<\/li><\/ul><p><span style=\"color: var( --e-global-color-text ); font-family: var( --e-global-typography-text-font-family ), Sans-serif; font-weight: var( --e-global-typography-text-font-weight ); text-align: var(--text-align); font-size: 1rem;\">\u00a0<\/span><\/p><h3>Fazit<\/h3><p>Zusammenfassend l\u00e4sst sich sagen, dass die kapverdischen Tabakgesetze das Rauchen in geschlossenen \u00f6ffentlichen R\u00e4umen, am Arbeitsplatz und in \u00f6ffentlichen Verkehrsmitteln verbieten. Dar\u00fcber hinaus ist der Verkauf und die Abgabe von Tabak an Minderj\u00e4hrige sowie die Werbung f\u00fcr Tabak verboten. Touristen und Besucher m\u00fcssen sich an diese Gesetze halten und tragen so zur F\u00f6rderung der \u00f6ffentlichen Gesundheit im Land bei.<\/p><p>\u00a0<\/p><p><strong>Referenzen:\u00a0<\/strong><\/p><ul><li><a href=\"http:\/\/www.fogo.cv\/index.php\/cultura\/282-as-festas-do-primeiro-de-maio-nho-s-filipe\" rel=\"nofollow noopener\" target=\"_blank\">Gesetz Nr. 8\/X\/2022<\/a>die die allgemeine Regelung zur Pr\u00e4vention und Bek\u00e4mpfung des Rauchens in Kap Verde festlegt.\u00a0<\/li><li><a href=\"https:\/\/observatoriotabaco.cv\/dados-de-tabagismo\/\" rel=\"nofollow noopener\" target=\"_blank\">II Nationale Erhebung \u00fcber Risikofaktoren f\u00fcr nicht \u00fcbertragbare Krankheiten<\/a> - IDNT II, 2020.\u00a0<\/li><\/ul>\t\t\t\t\t\t<\/div>\n\t\t\t\t<\/div>\n\t\t\t\t\t<\/div>\n\t\t<\/div>\n\t\t\t\t\t\t\t<\/div>\n\t\t<\/section>\n\t\t\t\t\t\t\t<\/div>","protected":false},"excerpt":{"rendered":"<p>Rauchen auf Kap Verde Das Rauchen auf Kap Verde ist nach wie vor ein gro\u00dfes Problem f\u00fcr die \u00f6ffentliche Gesundheit, denn Tabak ist nach Alkohol die am zweith\u00e4ufigsten konsumierte legale Droge des Landes. Rauchen ist au\u00dferdem einer der Hauptrisikofaktoren f\u00fcr chronische, nicht \u00fcbertragbare Krankheiten in Kap Verde. Diese Tatsachen haben dazu beigetragen, [...]<\/p>","protected":false},"author":1,"featured_media":0,"parent":0,"menu_order":0,"comment_status":"closed","ping_status":"closed","template":"","meta":{"footnotes":""},"categories":[],"tags":[],"class_list":["post-1013","page","type-page","status-publish","hentry"],"_links":{"self":[{"href":"https:\/\/feelcaboverde.com\/de\/wp-json\/wp\/v2\/pages\/1013","targetHints":{"allow":["GET"]}}],"collection":[{"href":"https:\/\/feelcaboverde.com\/de\/wp-json\/wp\/v2\/pages"}],"about":[{"href":"https:\/\/feelcaboverde.com\/de\/wp-json\/wp\/v2\/types\/page"}],"author":[{"embeddable":true,"href":"https:\/\/feelcaboverde.com\/de\/wp-json\/wp\/v2\/users\/1"}],"replies":[{"embeddable":true,"href":"https:\/\/feelcaboverde.com\/de\/wp-json\/wp\/v2\/comments?post=1013"}],"version-history":[{"count":28,"href":"https:\/\/feelcaboverde.com\/de\/wp-json\/wp\/v2\/pages\/1013\/revisions"}],"predecessor-version":[{"id":4286,"href":"https:\/\/feelcaboverde.com\/de\/wp-json\/wp\/v2\/pages\/1013\/revisions\/4286"}],"wp:attachment":[{"href":"https:\/\/feelcaboverde.com\/de\/wp-json\/wp\/v2\/media?parent=1013"}],"wp:term":[{"taxonomy":"category","embeddable":true,"href":"https:\/\/feelcaboverde.com\/de\/wp-json\/wp\/v2\/categories?post=1013"},{"taxonomy":"post_tag","embeddable":true,"href":"https:\/\/feelcaboverde.com\/de\/wp-json\/wp\/v2\/tags?post=1013"}],"curies":[{"name":"wp","href":"https:\/\/api.w.org\/{rel}","templated":true}]}}