{"id":1005,"date":"2022-05-27T13:38:10","date_gmt":"2022-05-27T13:38:10","guid":{"rendered":"https:\/\/feelcaboverde.com\/?page_id=1005"},"modified":"2025-12-23T02:22:40","modified_gmt":"2025-12-23T02:22:40","slug":"feriados-publicos","status":"publish","type":"page","link":"https:\/\/feelcaboverde.com\/de\/feiertage-kap-verde\/","title":{"rendered":"Feiertage"},"content":{"rendered":"<div data-elementor-type=\"wp-page\" data-elementor-id=\"1005\" class=\"elementor elementor-1005\">\n\t\t\t\t\t\t\t\t\t<section data-particle_enable=\"false\" data-particle-mobile-disabled=\"false\" class=\"elementor-section elementor-top-section elementor-element elementor-element-43b54aea elementor-section-boxed elementor-section-height-default elementor-section-height-default\" data-id=\"43b54aea\" data-element_type=\"section\">\n\t\t\t\t\t\t<div class=\"elementor-container elementor-column-gap-default\">\n\t\t\t\t\t<div class=\"elementor-column elementor-col-100 elementor-top-column elementor-element elementor-element-6e42e8a5\" data-id=\"6e42e8a5\" data-element_type=\"column\">\n\t\t\t<div class=\"elementor-widget-wrap elementor-element-populated\">\n\t\t\t\t\t\t\t\t<div class=\"elementor-element elementor-element-56626ddb elementor-widget elementor-widget-text-editor\" data-id=\"56626ddb\" data-element_type=\"widget\" data-widget_type=\"text-editor.default\">\n\t\t\t\t<div class=\"elementor-widget-container\">\n\t\t\t<style>\/*! elementor - v3.7.1 - 14-08-2022 *\/\n.elementor-widget-text-editor.elementor-drop-cap-view-stacked .elementor-drop-cap{background-color:#818a91;color:#fff}.elementor-widget-text-editor.elementor-drop-cap-view-framed .elementor-drop-cap{color:#818a91;border:3px solid;background-color:transparent}.elementor-widget-text-editor:not(.elementor-drop-cap-view-default) .elementor-drop-cap{margin-top:8px}.elementor-widget-text-editor:not(.elementor-drop-cap-view-default) .elementor-drop-cap-letter{width:1em;height:1em}.elementor-widget-text-editor .elementor-drop-cap{float:left;text-align:center;line-height:1;font-size:50px}.elementor-widget-text-editor .elementor-drop-cap-letter{display:inline-block}<\/style>\t\t\t\t<h2><span style=\"font-size: 2rem;\">Nationale Feiertage von Kap Verde (2026)<\/span><\/h2><div><p><span style=\"font-size: 1rem;\">Die Kapverden sind ein beliebtes Reiseziel f\u00fcr Menschen aus der ganzen Welt. Wenn Sie planen, das Land im Jahr 2026 zu besuchen, sollten Sie bei der Planung Ihrer Reise die \u00f6rtlichen Feiertage beachten.<\/span><span style=\"font-size: 1rem;\">\u00a0<\/span>Hier finden Sie eine Liste der Feiertage in Kap Verde im Jahr 2026:<\/p><ul style=\"font-size: 16px; background-color: #ffffff;\"><li style=\"font-size: 16px;\">01. Januar: Neujahr<\/li><li style=\"font-size: 16px;\">13. Januar: Tag der Demokratie und Freiheit<\/li><li style=\"font-size: 16px;\">20. Januar: Tag der Nationalhelden<\/li><li style=\"font-size: 16px;\">17. Februar: Faschingsdienstag (regionaler Feiertag)\u00a0<\/li><li style=\"font-size: 16px;\">18. Februar: Aschermittwoch (beweglicher Feiertag)<\/li><li style=\"font-size: 16px;\">3. April: Karfreitag (beweglicher Feiertag)<\/li><li style=\"font-size: 16px;\">05. April: Ostersonntag (beweglicher Feiertag)<\/li><li style=\"font-size: 16px;\">01. Mai: Tag der Arbeiterklasse<\/li><li style=\"font-size: 16px;\">01. Juni: Weltkindertag<\/li><li style=\"font-size: 16px;\">05. Juli:\u00a0<a href=\"https:\/\/www.governo.cv\/o-arquipelago\/historia\/\" rel=\"nofollow noopener\" target=\"_blank\">Unabh\u00e4ngigkeitstag<\/a>\u00a0von Kap Verde<\/li><li style=\"font-size: 16px;\">15. August: Tag der Nationalen Patronin \/ Mari\u00e4 Himmelfahrt<\/li><li style=\"font-size: 16px;\">01. November: Allerheiligen<\/li><li style=\"font-size: 16px;\">25. Dezember: Weihnachten<\/li><\/ul><\/div><h3>\u00a0<\/h3><h3>Gedenktage und kommunale Feiertage in Kap Verde<\/h3><div><p>Abgesehen von nationalen Feiertagen,\u00a0<b>Kap Verde feiert auch die Daten seiner Gemeinden<\/b>. Dabei handelt es sich um lokale Gedenktage, die von den \u00f6rtlichen Beh\u00f6rden als Feiertage ausgerufen werden.\u00a0<\/p><p><span style=\"color: var( --e-global-color-text ); font-family: var( --e-global-typography-text-font-family ), Sans-serif; font-weight: var( --e-global-typography-text-font-weight ); text-align: var(--text-align); font-size: 1rem;\">\u00a0<\/span><span style=\"color: var( --e-global-color-text ); font-family: var( --e-global-typography-text-font-family ), Sans-serif; font-weight: var( --e-global-typography-text-font-weight ); text-align: var(--text-align); font-size: 1rem;\">Die<\/span><b style=\"color: var( --e-global-color-text ); font-family: var( --e-global-typography-text-font-family ), Sans-serif; text-align: var(--text-align); font-size: 1rem;\"> kommunale oder regionale Gedenktage je Insel der Kapverden<\/b><span style=\"color: var( --e-global-color-text ); font-family: var( --e-global-typography-text-font-family ), Sans-serif; font-weight: var( --e-global-typography-text-font-weight ); text-align: var(--text-align); font-size: 1rem;\"> die folgenden:<\/span><\/p><\/div><p><strong>Feiertage in den Gemeinden von <a href=\"https:\/\/feelcaboverde.com\/de\/heilige-antao\/\">Santo Ant\u00e3o<\/a><\/strong><\/p><ul><li><span lang=\"PT\">17. Januar: Tag der Insel Santo Ant\u00e3o (in Erinnerung an die Entdeckung der Insel am 17.01.1462)<\/span><\/li><li><span lang=\"PT\">7. Mai: Tag der Stadtverwaltung von Ribeira Grande<\/span><\/li><li><span lang=\"PT\">13. Juni: Tag der Gemeinde Pa\u00fal (und Schutzpatron des Heiligen Antonius)<\/span><\/li><li><span lang=\"PT\">2. September: Gemeindetag von Porto Novo<\/span><\/li><\/ul><p><strong><span lang=\"PT\">\u00a0<\/span><\/strong><\/p><p><span style=\"font-weight: bolder; color: var( --e-global-color-text ); font-family: var( --e-global-typography-text-font-family ), Sans-serif; text-align: var(--text-align); font-size: 1rem;\">Feiertage\u00a0<\/span><strong><span lang=\"PT\">Insel der <a href=\"https:\/\/feelcaboverde.com\/de\/sao-vicente\/\">S\u00e3o Vicente<\/a><\/span><\/strong><\/p><ul><li><span lang=\"PT\">22. Januar: Gemeindetag des Heiligen Vinzenz\u00a0<\/span>(und Schutzheiliger St. Vincent)<\/li><\/ul><p><strong><span lang=\"PT\">\u00a0<\/span><\/strong><\/p><p><span style=\"font-weight: bolder; color: var( --e-global-color-text ); font-family: var( --e-global-typography-text-font-family ), Sans-serif; text-align: var(--text-align); font-size: 1rem;\">Kommunale Feiertage<\/span><span style=\"font-weight: bold; color: var( --e-global-color-text ); font-family: var( --e-global-typography-text-font-family ), Sans-serif; text-align: var(--text-align); font-size: 1rem;\">\u00a0von\u00a0<\/span><strong><span lang=\"PT\">Insel der <a href=\"https:\/\/feelcaboverde.com\/de\/sao-nicolau\/\">S\u00e3o Nicolau<\/a><\/span><\/strong><\/p><ul><li><span lang=\"PT\">2. August: Tag der Gemeinde Tarrafal de S\u00e3o Nicolau<\/span><\/li><li><span lang=\"PT\">6. Dezember: Tag der Gemeinde Ribeira Brava (und Schutzheiliger S\u00e3o Nicolau)<\/span><\/li><\/ul><p><strong><span lang=\"PT\">\u00a0<\/span><\/strong><\/p><p><span style=\"font-weight: bold; color: var( --e-global-color-text ); font-family: var( --e-global-typography-text-font-family ), Sans-serif; text-align: var(--text-align); font-size: 1rem;\">Feiertage\u00a0<\/span><strong><span lang=\"PT\">Insel der <a href=\"https:\/\/feelcaboverde.com\/de\/salz\/\">Sal<\/a><\/span><\/strong><\/p><ul><li><span lang=\"PT\">15. September: Gemeindetag (und Schutzpatronin Our Lady of Sorrows)<\/span><\/li><\/ul><p><strong><span lang=\"PT\">\u00a0<\/span><\/strong><\/p><p><span style=\"font-weight: bold; color: var( --e-global-color-text ); font-family: var( --e-global-typography-text-font-family ), Sans-serif; text-align: var(--text-align); font-size: 1rem;\">Feiertage\u00a0<\/span><strong style=\"color: var( --e-global-color-text ); font-family: var( --e-global-typography-text-font-family ), Sans-serif; text-align: var(--text-align); font-size: 1rem;\"><span lang=\"PT\">Insel der <a href=\"https:\/\/feelcaboverde.com\/de\/boavista\/\">Boavista<\/a><\/span><\/strong><\/p><ul><li><span lang=\"PT\">4. Juli: Gemeindetag (und Schutzpatronin der Heiligen Isabel)<\/span><\/li><\/ul><p><strong><span lang=\"PT\">\u00a0<\/span><\/strong><\/p><p><span style=\"font-weight: bold; color: var( --e-global-color-text ); font-family: var( --e-global-typography-text-font-family ), Sans-serif; text-align: var(--text-align); font-size: 1rem;\">Feiertage\u00a0<\/span><strong><span lang=\"PT\">Insel der <a href=\"https:\/\/feelcaboverde.com\/de\/mai\/\">Maio<\/a><\/span><\/strong><\/p><ul><li><span lang=\"PT\">8. September: Maifeiertag<\/span><\/li><\/ul><p><strong><span lang=\"PT\">\u00a0<\/span><\/strong><\/p><p><span style=\"font-weight: bolder; color: var( --e-global-color-text ); font-family: var( --e-global-typography-text-font-family ), Sans-serif; text-align: var(--text-align); font-size: 1rem;\">Feiertage in den Gemeinden von\u00a0<\/span><strong><span lang=\"PT\">Insel der <a href=\"https:\/\/feelcaboverde.com\/de\/santiago\/\">Santiago<\/a><\/span><\/strong><\/p><ul><li><span lang=\"PT\">15. Januar: Tag der Gemeinde Tarrafal de Santiago (und des Schutzpatrons Santo Amaro)<\/span><\/li><li><span lang=\"PT\">31. Januar: Tag der Gemeinde Ribeira Grande de Santiago<\/span><\/li><li><span lang=\"PT\">13. M\u00e4rz: Gemeindetag von S\u00e3o Domingos<\/span><\/li><li><span lang=\"PT\">9. Mai: Tag der Gemeinde S\u00e3o Louren\u00e7o dos \u00d3rg\u00e3os<\/span><\/li><li><span lang=\"PT\">19. Mai: Gemeindetag in Praia<\/span><\/li><li><span lang=\"PT\">19. Juli: Tag der Gemeinde von San Salvador del Mundo<\/span><\/li><li><span lang=\"PT\">25. Juli: Tag der Stadt Santa Cruz<\/span><\/li><li><span lang=\"PT\">29. September: Tag der Gemeinde S\u00e3o Miguel<\/span><\/li><li><span lang=\"PT\">25. November: Tag der Gemeinde Santa Catarina de Santiago<\/span><\/li><\/ul><p><strong><span lang=\"PT\">\u00a0<\/span><\/strong><\/p><p><span style=\"font-weight: bolder; color: var( --e-global-color-text ); font-family: var( --e-global-typography-text-font-family ), Sans-serif; text-align: var(--text-align); font-size: 1rem;\">Kommunale Feiertage\u00a0<\/span><strong><span lang=\"PT\">Insel der <a href=\"https:\/\/feelcaboverde.com\/de\/feuer\/\">Fogo<\/a><\/span><\/strong><\/p><ul><li><span lang=\"PT\">1. Mai: Tag der Gemeinde S\u00e3o Filipe (und des Schutzheiligen S\u00e3o Filipe)<\/span><\/li><li><span lang=\"PT\">15. August: Tag der Gemeinde Mosteiros<\/span><\/li><li><span lang=\"PT\">25. November: Tag der Gemeinde Santa Catarina del Fuego (und der Schutzpatronin Santa Catarina)<\/span><\/li><\/ul><p><strong><span lang=\"PT\">\u00a0<\/span><\/strong><\/p><p><strong><span lang=\"PT\">Inselurlaub <a href=\"https:\/\/feelcaboverde.com\/de\/brava\/\">Brava<\/a><\/span><\/strong><\/p><ul><li><span lang=\"PT\">24. Juni: Tag der Gemeinde Brava (und Schutzpatron St. Johannes der T\u00e4ufer)<\/span><\/li><\/ul><h3>\u00a0<\/h3><div><h2 style=\"font-family: Helvetica, sans-serif; color: #7a7a7a;\">Nationale Feiertage von Kap Verde (2027)<\/h2><p>Nachstehend finden Sie die nationalen Feiertage in Kap Verde f\u00fcr 2027:<\/p><ul style=\"font-size: 16px; background-color: #ffffff;\"><li style=\"font-size: 16px;\">01. Januar: Neujahr<\/li><li style=\"font-size: 16px;\">13. Januar: Tag der Demokratie und Freiheit<\/li><li style=\"font-size: 16px;\">20. Januar: Tag der Nationalhelden<\/li><li style=\"font-size: 16px;\">09. Februar: Faschingsdienstag (regionaler Feiertag)\u00a0<\/li><li style=\"font-size: 16px;\">10. Februar: Aschermittwoch (beweglicher Feiertag)<\/li><li style=\"font-size: 16px;\">26. M\u00e4rz: Karfreitag (beweglicher Feiertag)<\/li><li style=\"font-size: 16px;\">28. M\u00e4rz: Ostersonntag (beweglicher Feiertag)<\/li><li style=\"font-size: 16px;\">01. Mai: Tag der Arbeiterklasse<\/li><li style=\"font-size: 16px;\">01. Juni: Weltkindertag<\/li><li style=\"font-size: 16px;\">05. Juli:\u00a0<a href=\"https:\/\/www.governo.cv\/o-arquipelago\/historia\/\" rel=\"nofollow noopener\" target=\"_blank\">Unabh\u00e4ngigkeitstag<\/a>\u00a0von Kap Verde<\/li><li style=\"font-size: 16px;\">15. August: Tag der Nationalen Patronin \/ Mari\u00e4 Himmelfahrt<\/li><li style=\"font-size: 16px;\">01. November: Allerheiligen<\/li><li style=\"font-size: 16px;\">25. Dezember: Weihnachten<\/li><\/ul><\/div><h3>\u00a0<\/h3><h3>Fazit<\/h3><p>Denken Sie daran, dass an Feiertagen viele Unternehmen und Gesch\u00e4fte geschlossen sind oder eingeschr\u00e4nkte \u00d6ffnungszeiten haben. Dies kann Ihre Reisepl\u00e4ne beeintr\u00e4chtigen. Planen Sie daher im Voraus und informieren Sie sich \u00fcber die \u00d6ffnungszeiten der Touristenattraktionen, die Sie besuchen m\u00f6chten.<\/p><p>Dar\u00fcber hinaus sind die \u00f6ffentlichen Dienste an Feiertagen geschlossen (mit Ausnahme der wesentlichen Dienste - Gesundheit, \u00f6ffentliche Sicherheit usw.).<\/p><p>Bars und Restaurants sind in der Regel an Feiertagen ge\u00f6ffnet, aber nicht alle sind an Weihnachten und Neujahr ge\u00f6ffnet.<\/p><p>Andererseits werden die Feiertage oft von lokalen Veranstaltungen und Festen begleitet. Dies kann eine gute Gelegenheit sein, die kapverdische Kultur zu erleben und mit den Einheimischen in Kontakt zu kommen. Machen Sie das Beste aus Ihrer Reise nach Kap Verde und genie\u00dfen Sie die Feiertage des Jahres 2026!<\/p>\t\t\t\t\t\t<\/div>\n\t\t\t\t<\/div>\n\t\t\t\t\t<\/div>\n\t\t<\/div>\n\t\t\t\t\t\t\t<\/div>\n\t\t<\/section>\n\t\t\t\t\t\t\t<\/div>","protected":false},"excerpt":{"rendered":"<p>Feriados P\u00fablicos Nacionais de Cabo Verde (2026) Cabo Verde \u00e9 um destino tur\u00edstico popular para pessoas de todo o mundo. Se voc\u00ea planeja visitar o pa\u00eds em 2026, \u00e9 importante estar ciente dos feriados p\u00fablicos locais para planear sua viagem.\u00a0Aqui est\u00e1 uma lista dos feriados p\u00fablicos em Cabo Verde para 2026: 01 de janeiro: Ano [&hellip;]<\/p>","protected":false},"author":1,"featured_media":0,"parent":0,"menu_order":0,"comment_status":"closed","ping_status":"closed","template":"","meta":{"footnotes":""},"categories":[],"tags":[],"class_list":["post-1005","page","type-page","status-publish","hentry"],"_links":{"self":[{"href":"https:\/\/feelcaboverde.com\/de\/wp-json\/wp\/v2\/pages\/1005","targetHints":{"allow":["GET"]}}],"collection":[{"href":"https:\/\/feelcaboverde.com\/de\/wp-json\/wp\/v2\/pages"}],"about":[{"href":"https:\/\/feelcaboverde.com\/de\/wp-json\/wp\/v2\/types\/page"}],"author":[{"embeddable":true,"href":"https:\/\/feelcaboverde.com\/de\/wp-json\/wp\/v2\/users\/1"}],"replies":[{"embeddable":true,"href":"https:\/\/feelcaboverde.com\/de\/wp-json\/wp\/v2\/comments?post=1005"}],"version-history":[{"count":121,"href":"https:\/\/feelcaboverde.com\/de\/wp-json\/wp\/v2\/pages\/1005\/revisions"}],"predecessor-version":[{"id":5640,"href":"https:\/\/feelcaboverde.com\/de\/wp-json\/wp\/v2\/pages\/1005\/revisions\/5640"}],"wp:attachment":[{"href":"https:\/\/feelcaboverde.com\/de\/wp-json\/wp\/v2\/media?parent=1005"}],"wp:term":[{"taxonomy":"category","embeddable":true,"href":"https:\/\/feelcaboverde.com\/de\/wp-json\/wp\/v2\/categories?post=1005"},{"taxonomy":"post_tag","embeddable":true,"href":"https:\/\/feelcaboverde.com\/de\/wp-json\/wp\/v2\/tags?post=1005"}],"curies":[{"name":"wp","href":"https:\/\/api.w.org\/{rel}","templated":true}]}}